{"id":1219,"date":"2016-03-14T16:42:55","date_gmt":"2016-03-14T20:42:55","guid":{"rendered":"http:\/\/www.carl-abrc.ca\/fr\/?page_id=1219"},"modified":"2026-03-19T15:38:29","modified_gmt":"2026-03-19T19:38:29","slug":"ateliers-et-formation","status":"publish","type":"page","link":"https:\/\/www.carl-abrc.ca\/fr\/accroitre-la-capacite\/ateliers-et-formation\/","title":{"rendered":"Ateliers et formation"},"content":{"rendered":"\t\t<div data-elementor-type=\"wp-page\" data-elementor-id=\"1219\" class=\"elementor elementor-1219 elementor-1217\">\n\t\t\t\t<div class=\"elementor-element elementor-element-e3ea9c7 e-flex e-con-boxed e-con e-parent\" data-id=\"e3ea9c7\" data-element_type=\"container\" data-e-type=\"container\">\n\t\t\t\t\t<div class=\"e-con-inner\">\n\t\t<div class=\"elementor-element elementor-element-d7f0760 e-con-full elementor-hidden-tablet elementor-hidden-mobile e-flex elementor-invisible e-con e-child\" data-id=\"d7f0760\" data-element_type=\"container\" data-e-type=\"container\" data-settings=\"{&quot;animation&quot;:&quot;slideInLeft&quot;}\">\n\t\t\t\t<div class=\"elementor-element elementor-element-a4523ee elementor-widget-mobile__width-initial elementor-hidden-mobile elementor-widget elementor-widget-towngov_department_list\" data-id=\"a4523ee\" data-element_type=\"widget\" data-e-type=\"widget\" data-settings=\"{&quot;general_box_padding&quot;:{&quot;unit&quot;:&quot;px&quot;,&quot;top&quot;:&quot;0&quot;,&quot;right&quot;:&quot;0&quot;,&quot;bottom&quot;:&quot;0&quot;,&quot;left&quot;:&quot;0&quot;,&quot;isLinked&quot;:false},&quot;general_box_space&quot;:{&quot;unit&quot;:&quot;px&quot;,&quot;top&quot;:&quot;0&quot;,&quot;right&quot;:&quot;0&quot;,&quot;bottom&quot;:&quot;0&quot;,&quot;left&quot;:&quot;0&quot;,&quot;isLinked&quot;:true},&quot;general_box_space_tablet_extra&quot;:{&quot;unit&quot;:&quot;px&quot;,&quot;top&quot;:&quot;&quot;,&quot;right&quot;:&quot;&quot;,&quot;bottom&quot;:&quot;&quot;,&quot;left&quot;:&quot;&quot;,&quot;isLinked&quot;:true},&quot;general_box_space_tablet&quot;:{&quot;unit&quot;:&quot;px&quot;,&quot;top&quot;:&quot;&quot;,&quot;right&quot;:&quot;&quot;,&quot;bottom&quot;:&quot;&quot;,&quot;left&quot;:&quot;&quot;,&quot;isLinked&quot;:true},&quot;general_box_space_mobile&quot;:{&quot;unit&quot;:&quot;px&quot;,&quot;top&quot;:&quot;&quot;,&quot;right&quot;:&quot;&quot;,&quot;bottom&quot;:&quot;&quot;,&quot;left&quot;:&quot;&quot;,&quot;isLinked&quot;:true},&quot;general_box_padding_tablet_extra&quot;:{&quot;unit&quot;:&quot;px&quot;,&quot;top&quot;:&quot;&quot;,&quot;right&quot;:&quot;&quot;,&quot;bottom&quot;:&quot;&quot;,&quot;left&quot;:&quot;&quot;,&quot;isLinked&quot;:true},&quot;general_box_padding_tablet&quot;:{&quot;unit&quot;:&quot;px&quot;,&quot;top&quot;:&quot;&quot;,&quot;right&quot;:&quot;&quot;,&quot;bottom&quot;:&quot;&quot;,&quot;left&quot;:&quot;&quot;,&quot;isLinked&quot;:true},&quot;general_box_padding_mobile&quot;:{&quot;unit&quot;:&quot;px&quot;,&quot;top&quot;:&quot;&quot;,&quot;right&quot;:&quot;&quot;,&quot;bottom&quot;:&quot;&quot;,&quot;left&quot;:&quot;&quot;,&quot;isLinked&quot;:true},&quot;icon_box_space&quot;:{&quot;unit&quot;:&quot;px&quot;,&quot;top&quot;:&quot;&quot;,&quot;right&quot;:&quot;&quot;,&quot;bottom&quot;:&quot;&quot;,&quot;left&quot;:&quot;&quot;,&quot;isLinked&quot;:true},&quot;icon_box_space_tablet_extra&quot;:{&quot;unit&quot;:&quot;px&quot;,&quot;top&quot;:&quot;&quot;,&quot;right&quot;:&quot;&quot;,&quot;bottom&quot;:&quot;&quot;,&quot;left&quot;:&quot;&quot;,&quot;isLinked&quot;:true},&quot;icon_box_space_tablet&quot;:{&quot;unit&quot;:&quot;px&quot;,&quot;top&quot;:&quot;&quot;,&quot;right&quot;:&quot;&quot;,&quot;bottom&quot;:&quot;&quot;,&quot;left&quot;:&quot;&quot;,&quot;isLinked&quot;:true},&quot;icon_box_space_mobile&quot;:{&quot;unit&quot;:&quot;px&quot;,&quot;top&quot;:&quot;&quot;,&quot;right&quot;:&quot;&quot;,&quot;bottom&quot;:&quot;&quot;,&quot;left&quot;:&quot;&quot;,&quot;isLinked&quot;:true},&quot;icon_box_padding&quot;:{&quot;unit&quot;:&quot;px&quot;,&quot;top&quot;:&quot;&quot;,&quot;right&quot;:&quot;&quot;,&quot;bottom&quot;:&quot;&quot;,&quot;left&quot;:&quot;&quot;,&quot;isLinked&quot;:true},&quot;icon_box_padding_tablet_extra&quot;:{&quot;unit&quot;:&quot;px&quot;,&quot;top&quot;:&quot;&quot;,&quot;right&quot;:&quot;&quot;,&quot;bottom&quot;:&quot;&quot;,&quot;left&quot;:&quot;&quot;,&quot;isLinked&quot;:true},&quot;icon_box_padding_tablet&quot;:{&quot;unit&quot;:&quot;px&quot;,&quot;top&quot;:&quot;&quot;,&quot;right&quot;:&quot;&quot;,&quot;bottom&quot;:&quot;&quot;,&quot;left&quot;:&quot;&quot;,&quot;isLinked&quot;:true},&quot;icon_box_padding_mobile&quot;:{&quot;unit&quot;:&quot;px&quot;,&quot;top&quot;:&quot;&quot;,&quot;right&quot;:&quot;&quot;,&quot;bottom&quot;:&quot;&quot;,&quot;left&quot;:&quot;&quot;,&quot;isLinked&quot;:true},&quot;btn_padding&quot;:{&quot;unit&quot;:&quot;px&quot;,&quot;top&quot;:&quot;&quot;,&quot;right&quot;:&quot;&quot;,&quot;bottom&quot;:&quot;&quot;,&quot;left&quot;:&quot;&quot;,&quot;isLinked&quot;:true},&quot;btn_padding_tablet_extra&quot;:{&quot;unit&quot;:&quot;px&quot;,&quot;top&quot;:&quot;&quot;,&quot;right&quot;:&quot;&quot;,&quot;bottom&quot;:&quot;&quot;,&quot;left&quot;:&quot;&quot;,&quot;isLinked&quot;:true},&quot;btn_padding_tablet&quot;:{&quot;unit&quot;:&quot;px&quot;,&quot;top&quot;:&quot;&quot;,&quot;right&quot;:&quot;&quot;,&quot;bottom&quot;:&quot;&quot;,&quot;left&quot;:&quot;&quot;,&quot;isLinked&quot;:true},&quot;btn_padding_mobile&quot;:{&quot;unit&quot;:&quot;px&quot;,&quot;top&quot;:&quot;&quot;,&quot;right&quot;:&quot;&quot;,&quot;bottom&quot;:&quot;&quot;,&quot;left&quot;:&quot;&quot;,&quot;isLinked&quot;:true}}\" data-widget_type=\"towngov_department_list.default\">\n\t\t\t\t<div class=\"elementor-widget-container\">\n\t\t\t\t\t    \t\r\n                <div class=\"service-card te-general-box\">\r\n                        \r\n            <ul class=\"list-unstyled\">\r\n                                \t<li>\r\n                    \t<a class=\"te-title\" href=\"https:\/\/www.carl-abrc.ca\/fr\/accroitre-la-capacite\/ateliers-et-formation\/atelier-des-bibliotheques-canadiennes-sur-levaluation\/\" >\r\n                            Atelier d\u2019\u00e9valuation des biblioth\u00e8ques canadiennes                                                            <i class=\"fa-solid fa-chevron-right\"><\/i>\r\n                                                    <\/a>\r\n                    <\/li>\r\n                                \t<li>\r\n                    \t<a class=\"te-title\" href=\"https:\/\/www.carl-abrc.ca\/fr\/accroitre-la-capacite\/ateliers-et-formation\/institut-de-recherche-des-bibliothecaires\/\" >\r\n                            Institut de recherche des biblioth\u00e9caires                                                            <i class=\"fa-solid fa-chevron-right\"><\/i>\r\n                                                    <\/a>\r\n                    <\/li>\r\n                                \t<li>\r\n                    \t<a class=\"te-title\" href=\"https:\/\/www.carl-abrc.ca\/fr\/accroitre-la-capacite\/ateliers-et-formation\/institut-de-leadership-des-bibliotheques-academiques\/\" >\r\n                            Institut de leadership des biblioth\u00e8ques acad\u00e9miques                                                            <i class=\"fa-solid fa-chevron-right\"><\/i>\r\n                                                    <\/a>\r\n                    <\/li>\r\n                                \t<li>\r\n                    \t<a class=\"te-title\" href=\"https:\/\/www.carl-abrc.ca\/fr\/accroitre-la-capacite\/ateliers-et-formation\/institut-de-synthese-des-connaissances-canada\/\" >\r\n                            Institut de synth\u00e8se des connaissances Canada                                                            <i class=\"fa-solid fa-chevron-right\"><\/i>\r\n                                                    <\/a>\r\n                    <\/li>\r\n                                \t<li>\r\n                    \t<a class=\"te-title\" href=\"https:\/\/www.carl-abrc.ca\/fr\/accroitre-la-capacite\/ateliers-et-formation\/fleurir\/\" >\r\n                            Programme de leadership FLEURIR                                                            <i class=\"fa-solid fa-chevron-right\"><\/i>\r\n                                                    <\/a>\r\n                    <\/li>\r\n                            <\/ul>\r\n                    <\/div>\r\n    \t\t\t\t<\/div>\n\t\t\t\t<\/div>\n\t\t<div class=\"elementor-element elementor-element-81d0f4d e-con-full e-flex e-con e-child\" data-id=\"81d0f4d\" data-element_type=\"container\" data-e-type=\"container\" data-settings=\"{&quot;background_background&quot;:&quot;classic&quot;}\">\n\t\t\t\t<div class=\"elementor-element elementor-element-53d1744 elementor-widget elementor-widget-heading\" data-id=\"53d1744\" data-element_type=\"widget\" data-e-type=\"widget\" data-widget_type=\"heading.default\">\n\t\t\t\t<div class=\"elementor-widget-container\">\n\t\t\t\t\t<h2 class=\"elementor-heading-title elementor-size-default\">Ateliers \u00e0 venir<\/h2>\t\t\t\t<\/div>\n\t\t\t\t<\/div>\n\t\t\t\t<div class=\"elementor-element elementor-element-8f339f3 elementor-widget elementor-widget-tecs_widget\" data-id=\"8f339f3\" data-element_type=\"widget\" data-e-type=\"widget\" data-widget_type=\"tecs_widget.default\">\n\t\t\t\t<div class=\"elementor-widget-container\">\n\t\t\t\t\t<ul class=\"ecs-event-list\"><li class=\"ecs-event ateliers-instituts_ecs_category irb_ecs_category\"><h4 class=\"entry-title summary\"><a href=\"https:\/\/www.carl-abrc.ca\/fr\/evenement\/2026-institut-de-recherche-des-bibliothecaires\/\" rel=\"bookmark\">2026 Institut de recherche des biblioth\u00e9caires<\/a><\/h4><span class=\"duration time\"><span class=\"tribe-event-date-start\">22 juin<\/span> - <span class=\"tribe-event-date-end\">25 juin<\/span><\/span><\/li><\/ul><script type=\"application\/ld+json\">\r\n[{\"@context\":\"http:\/\/schema.org\",\"@type\":\"Event\",\"name\":\"2026 Institut de recherche des biblioth\\u00e9caires\",\"description\":\"&lt;p&gt;Date : 22-25 juin 2026 Emplacement: Universit\\u00e9 du Nouveau-Brunswick Appel \\u00e0 candidatures L\\\\'Institut de recherche des biblioth\\u00e9caires (IRB) offre aux biblioth\\u00e9caires universitaires au Canada la possibilit\\u00e9 de s\\\\'immerger dans des [&hellip;]&lt;\/p&gt;\\\\n\",\"image\":\"https:\/\/www.carl-abrc.ca\/wp-content\/uploads\/2025\/07\/LRI2024-scaled.jpg\",\"url\":\"https:\/\/www.carl-abrc.ca\/fr\/evenement\/2026-institut-de-recherche-des-bibliothecaires\/\",\"eventAttendanceMode\":\"https:\/\/schema.org\/OfflineEventAttendanceMode\",\"eventStatus\":\"https:\/\/schema.org\/EventScheduled\",\"startDate\":\"2026-06-22T00:00:00-04:00\",\"endDate\":\"2026-06-25T23:59:59-04:00\",\"location\":{\"@type\":\"Place\",\"name\":\"University of New Brunswick\",\"description\":\"\",\"url\":\"\",\"address\":{\"@type\":\"PostalAddress\",\"streetAddress\":\"3 Bailey Drive\",\"addressLocality\":\"Fredericton\",\"addressRegion\":\"New Brunswick\",\"postalCode\":\"E3B 5A3\",\"addressCountry\":\"Canada\"},\"telephone\":\"\",\"sameAs\":\"\"},\"organizer\":{\"@type\":\"Person\",\"name\":\"Association des biblioth\\u00e8ques de recherche du Canada\",\"description\":\"\",\"url\":\"\",\"telephone\":\"613.895.0780\",\"email\":\"\",\"sameAs\":\"\"},\"performer\":\"Organization\"}]\r\n<\/script><!--\n Event listing powered by The Events Calendar Shortcode\n https:\/\/eventcalendarnewsletter.com\/the-events-calendar-shortcode\/ \n-->\t\t\t\t<\/div>\n\t\t\t\t<\/div>\n\t\t\t\t<div class=\"elementor-element elementor-element-f53bac9 elementor-widget elementor-widget-wp-widget-yt_popular_posts\" data-id=\"f53bac9\" data-element_type=\"widget\" data-e-type=\"widget\" data-widget_type=\"wp-widget-yt_popular_posts.default\">\n\t\t\t\t<div class=\"elementor-widget-container\">\n\t\t\t\t\t\r\n\r\r\n\r\r\n\r\r\n<div class=\"sidebar-widget-recent-post\">\r\r\n    <h5>Actualit\u00e9s &#8211; Ateliers et Instituts<\/h5>\r\n    \r\n    <div class=\"sidebar-recent-post\">\r\r\n        <div class=\"sidebar-recent-post-img\">\r\r\n            <img decoding=\"async\" width=\"69\" height=\"69\" src=\"https:\/\/www.carl-abrc.ca\/wp-content\/uploads\/2025\/07\/LRI2024-69x69.jpg\" class=\"attachment-towngov_69x69 size-towngov_69x69 wp-post-image\" alt=\"\" srcset=\"https:\/\/www.carl-abrc.ca\/wp-content\/uploads\/2025\/07\/LRI2024-69x69.jpg 69w, https:\/\/www.carl-abrc.ca\/wp-content\/uploads\/2025\/07\/LRI2024-150x150.jpg 150w, https:\/\/www.carl-abrc.ca\/wp-content\/uploads\/2025\/07\/LRI2024-91x91.jpg 91w, https:\/\/www.carl-abrc.ca\/wp-content\/uploads\/2025\/07\/LRI2024-250x250.jpg 250w, https:\/\/www.carl-abrc.ca\/wp-content\/uploads\/2025\/07\/LRI2024-190x190.jpg 190w\" sizes=\"(max-width: 69px) 100vw, 69px\" \/>\r\n        <\/div><!-- sidebar-recent-post-img -->\r\r\n        <div class=\"sidebar-recent-post-content\">\r\r\n            <div class=\"sidebar-meta\">\r\r\n                <div class=\"sidebar-meta-item\">\r\r\n                    <div class=\"sidebar-meta-icon\">\r\r\n                        <span class=\"author\">\r\r\n                            par<a href=\"https:\/\/www.carl-abrc.ca\/fr\/author\/taleen-aktorosian\/\">Taleen Aktorosian<\/a>\r\r\n                        <\/span><!-- author -->\r\r\n                    <\/div><!-- sidebar-meta-icon -->\r\r\n                <\/div><!-- sidebar-meta-item -->\r\r\n                <div class=\"sidebar-post-title\">\r\r\n                    <h5><a href=\"https:\/\/www.carl-abrc.ca\/fr\/nouvelles\/appel-de-candidatures-pour-participant%c2%b7es-a-linstitut-de-recherche-des-bibliothecaires-2026-de-labrc\/\">Appel de candidatures pour participant\u00b7es \u00e0 l\u2019Institut de recherche des biblioth\u00e9caires 2026 de l\u2019ABRC<\/a><\/h5>\r\r\n                <\/div><!-- sidebar-post-title -->\r\r\n            <\/div><!-- sidebar-meta -->\r\r\n        <\/div><!-- sidebar-recent-post-content -->\r\r\n    <\/div><!-- sidebar-recent-post -->\r\r\n    \r\n    <div class=\"sidebar-recent-post\">\r\r\n        <div class=\"sidebar-recent-post-img\">\r\r\n            <img decoding=\"async\" width=\"69\" height=\"69\" src=\"https:\/\/www.carl-abrc.ca\/wp-content\/uploads\/2024\/09\/NewsFeaturedImage-1-69x69.jpg\" class=\"attachment-towngov_69x69 size-towngov_69x69 wp-post-image\" alt=\"C.A.R.L. Logo\" srcset=\"https:\/\/www.carl-abrc.ca\/wp-content\/uploads\/2024\/09\/NewsFeaturedImage-1-69x69.jpg 69w, https:\/\/www.carl-abrc.ca\/wp-content\/uploads\/2024\/09\/NewsFeaturedImage-1-150x150.jpg 150w, https:\/\/www.carl-abrc.ca\/wp-content\/uploads\/2024\/09\/NewsFeaturedImage-1-91x91.jpg 91w, https:\/\/www.carl-abrc.ca\/wp-content\/uploads\/2024\/09\/NewsFeaturedImage-1-250x250.jpg 250w, https:\/\/www.carl-abrc.ca\/wp-content\/uploads\/2024\/09\/NewsFeaturedImage-1-190x190.jpg 190w\" sizes=\"(max-width: 69px) 100vw, 69px\" \/>\r\n        <\/div><!-- sidebar-recent-post-img -->\r\r\n        <div class=\"sidebar-recent-post-content\">\r\r\n            <div class=\"sidebar-meta\">\r\r\n                <div class=\"sidebar-meta-item\">\r\r\n                    <div class=\"sidebar-meta-icon\">\r\r\n                        <span class=\"author\">\r\r\n                            par<a href=\"https:\/\/www.carl-abrc.ca\/fr\/author\/julie\/\">Julie Morin<\/a>\r\r\n                        <\/span><!-- author -->\r\r\n                    <\/div><!-- sidebar-meta-icon -->\r\r\n                <\/div><!-- sidebar-meta-item -->\r\r\n                <div class=\"sidebar-post-title\">\r\r\n                    <h5><a href=\"https:\/\/www.carl-abrc.ca\/fr\/nouvelles\/appel-aux-participants-fleurir-programme-de-leadership-pour-les-bibliothecaires-universitaires-racises\/\">Appel aux participants &#8211; FLEURIR : Programme de leadership pour les biblioth\u00e9caires universitaires racis\u00e9s<\/a><\/h5>\r\r\n                <\/div><!-- sidebar-post-title -->\r\r\n            <\/div><!-- sidebar-meta -->\r\r\n        <\/div><!-- sidebar-recent-post-content -->\r\r\n    <\/div><!-- sidebar-recent-post -->\r\r\n    \r\n<\/div>\r\r\n\r\r\n\t\t\t\t<\/div>\n\t\t\t\t<\/div>\n\t\t\t\t<\/div>\n\t\t\t\t<\/div>\n\t\t<div class=\"elementor-element elementor-element-ace2b93 e-con-full e-flex elementor-invisible e-con e-child\" data-id=\"ace2b93\" data-element_type=\"container\" data-e-type=\"container\" data-settings=\"{&quot;animation&quot;:&quot;slideInRight&quot;,&quot;animation_tablet&quot;:&quot;none&quot;}\">\n\t\t\t\t<div class=\"elementor-element elementor-element-4209c6ca elementor-widget elementor-widget-text-editor\" data-id=\"4209c6ca\" data-element_type=\"widget\" data-e-type=\"widget\" data-widget_type=\"text-editor.default\">\n\t\t\t\t<div class=\"elementor-widget-container\">\n\t\t\t\t\t\t\t\t\t<p>L&rsquo;ABRC propose une gamme d&rsquo;ateliers de perfectionnement professionnel con\u00e7us pour renforcer les comp\u00e9tences, favoriser la collaboration et soutenir les professionnels des biblioth\u00e8ques universitaires \u00e0 travers le Canada. Ces ateliers couvrent des domaines cl\u00e9s tels que l&rsquo;\u00e9valuation des biblioth\u00e8ques, le d\u00e9veloppement du leadership, le soutien \u00e0 la recherche et la synth\u00e8se des connaissances. Ils offrent une formation pratique, du mentorat et des occasions de r\u00e9seautage.<\/p>\t\t\t\t\t\t\t\t<\/div>\n\t\t\t\t<\/div>\n\t\t\t\t<div class=\"elementor-element elementor-element-ece6343 elementor-widget elementor-widget-heading\" data-id=\"ece6343\" data-element_type=\"widget\" data-e-type=\"widget\" data-widget_type=\"heading.default\">\n\t\t\t\t<div class=\"elementor-widget-container\">\n\t\t\t\t\t<h2 class=\"elementor-heading-title elementor-size-default\">Atelier des biblioth\u00e8ques canadiennes sur l'\u00e9valuation<\/h2>\t\t\t\t<\/div>\n\t\t\t\t<\/div>\n\t\t\t\t<div class=\"elementor-element elementor-element-f43b683 elementor-widget elementor-widget-text-editor\" data-id=\"f43b683\" data-element_type=\"widget\" data-e-type=\"widget\" data-widget_type=\"text-editor.default\">\n\t\t\t\t<div class=\"elementor-widget-container\">\n\t\t\t\t\t\t\t\t\t<p>L&rsquo;atelier des biblioth\u00e8ques canadiennes sur l&rsquo;\u00e9valuation (ABCE) est une initiative de l&rsquo;ABRC visant \u00e0 aider les biblioth\u00e8ques \u00e0 mettre en place des pratiques d&rsquo;\u00e9valuation ax\u00e9es sur les r\u00e9sultats. Gr\u00e2ce \u00e0 des ateliers pratiques, au partage des connaissances et \u00e0 des discussions sur les nouvelles tendances, l&rsquo;ABCE aide les professionnels des biblioth\u00e8ques \u00e0 aller au-del\u00e0 des indicateurs traditionnels d&rsquo;intrants et d&rsquo;extrants afin de mieux d\u00e9montrer l&rsquo;impact des biblioth\u00e8ques sur la recherche, l&rsquo;enseignement et l&rsquo;apprentissage.<\/p><p style=\"text-align: right;\"><strong><a href=\"https:\/\/www.carl-abrc.ca\/fr\/accroitre-la-capacite\/ateliers-et-formation\/atelier-des-bibliotheques-canadiennes-sur-levaluation\/\">-&gt; En savoir plus sur l&rsquo;atelier des biblioth\u00e8ques canadiennes sur l&rsquo;\u00e9valuation<\/a><\/strong><\/p>\t\t\t\t\t\t\t\t<\/div>\n\t\t\t\t<\/div>\n\t\t\t\t<div class=\"elementor-element elementor-element-441eda1 elementor-widget elementor-widget-heading\" data-id=\"441eda1\" data-element_type=\"widget\" data-e-type=\"widget\" data-widget_type=\"heading.default\">\n\t\t\t\t<div class=\"elementor-widget-container\">\n\t\t\t\t\t<h2 class=\"elementor-heading-title elementor-size-default\">Institut de recherche des biblioth\u00e9caires<\/h2>\t\t\t\t<\/div>\n\t\t\t\t<\/div>\n\t\t\t\t<div class=\"elementor-element elementor-element-5e2e63c elementor-widget elementor-widget-text-editor\" data-id=\"5e2e63c\" data-element_type=\"widget\" data-e-type=\"widget\" data-widget_type=\"text-editor.default\">\n\t\t\t\t<div class=\"elementor-widget-container\">\n\t\t\t\t\t\t\t\t\t<p>L&rsquo;Institut de recherche des biblioth\u00e9caires (IRB) est une initiative de l\u2019ABRC visant \u00e0 soutenir les biblioth\u00e9caires universitaires au Canada dans leurs efforts pour faire progresser leurs recherches et leurs publications savantes. Dirig\u00e9 par des biblioth\u00e9caires-chercheurs exp\u00e9riment\u00e9s qui agissent \u00e0 titre de mentors, l&rsquo;IRB favorise un environnement collaboratif o\u00f9 les participants peuvent prendre part \u00e0 des discussions enrichissantes, recevoir des conseils et \u00e9tablir des liens avec d\u2019autres biblioth\u00e9caires chercheurs \u00e0 travers le Canada.<\/p><p style=\"text-align: right;\"><strong><a href=\"https:\/\/www.carl-abrc.ca\/fr\/accroitre-la-capacite\/ateliers-et-formation\/institut-de-recherche-des-bibliothecaires\/\">-&gt; En savoir plus sur l&rsquo;Institut de recherche des biblioth\u00e9caires<\/a><\/strong><\/p>\t\t\t\t\t\t\t\t<\/div>\n\t\t\t\t<\/div>\n\t\t\t\t<div class=\"elementor-element elementor-element-b6d3f4c elementor-widget elementor-widget-heading\" data-id=\"b6d3f4c\" data-element_type=\"widget\" data-e-type=\"widget\" data-widget_type=\"heading.default\">\n\t\t\t\t<div class=\"elementor-widget-container\">\n\t\t\t\t\t<h2 class=\"elementor-heading-title elementor-size-default\">Institut de leadership des biblioth\u00e8ques acad\u00e9miques<\/h2>\t\t\t\t<\/div>\n\t\t\t\t<\/div>\n\t\t\t\t<div class=\"elementor-element elementor-element-373a43a elementor-widget elementor-widget-text-editor\" data-id=\"373a43a\" data-element_type=\"widget\" data-e-type=\"widget\" data-widget_type=\"text-editor.default\">\n\t\t\t\t<div class=\"elementor-widget-container\">\n\t\t\t\t\t\t\t\t\t<p>L&rsquo;Institut de leadership des biblioth\u00e8ques acad\u00e9miques (ALLI) est un programme de l&rsquo;ABRC con\u00e7u pour aider les hauts dirigeants des biblioth\u00e8ques universitaires \u00e0 acqu\u00e9rir des comp\u00e9tences essentielles en mati\u00e8re de leadership, de planification strat\u00e9gique et de r\u00e9seautage professionnel. Gr\u00e2ce \u00e0 une combinaison de lectures pr\u00e9paratoires, d&rsquo;\u00e9tudes de cas et d&rsquo;exercices pratiques, l&rsquo;ALLI donne aux participants les outils n\u00e9cessaires pour g\u00e9rer le changement, renforcer leurs \u00e9quipes et guider les biblioth\u00e8ques universitaires canadiennes vers l&rsquo;avenir.<\/p><p style=\"text-align: right;\"><strong><a href=\"https:\/\/www.carl-abrc.ca\/fr\/accroitre-la-capacite\/ateliers-et-formation\/institut-de-leadership-des-bibliotheques-academiques\/\">-&gt; En savoir plus sur l&rsquo;Institut de leadership des biblioth\u00e8ques acad\u00e9miques<\/a><\/strong><\/p>\t\t\t\t\t\t\t\t<\/div>\n\t\t\t\t<\/div>\n\t\t\t\t<div class=\"elementor-element elementor-element-cc3a8a2 elementor-widget elementor-widget-heading\" data-id=\"cc3a8a2\" data-element_type=\"widget\" data-e-type=\"widget\" data-widget_type=\"heading.default\">\n\t\t\t\t<div class=\"elementor-widget-container\">\n\t\t\t\t\t<h2 class=\"elementor-heading-title elementor-size-default\">Institut de synth\u00e8se des connaissances Canada<\/h2>\t\t\t\t<\/div>\n\t\t\t\t<\/div>\n\t\t\t\t<div class=\"elementor-element elementor-element-ab8c2e3 elementor-widget elementor-widget-text-editor\" data-id=\"ab8c2e3\" data-element_type=\"widget\" data-e-type=\"widget\" data-widget_type=\"text-editor.default\">\n\t\t\t\t<div class=\"elementor-widget-container\">\n\t\t\t\t\t\t\t\t\t<p>L&rsquo;Institut de synth\u00e8se des connaissances Canada (ISC) est une initiative de l&rsquo;ABRC et des biblioth\u00e8ques de l&rsquo;Universit\u00e9 de Victoria qui offre une formation au personnel des biblioth\u00e8ques qui soutient la synth\u00e8se des connaissances en dehors du domaine des sciences de la sant\u00e9. Couvrant les m\u00e9thodologies de r\u00e9vision syst\u00e9matique, les strat\u00e9gies de recherche, les outils de s\u00e9lection et les meilleures pratiques, cet institut virtuel permet aux participants d&rsquo;acqu\u00e9rir les comp\u00e9tences essentielles pour soutenir la synth\u00e8se des connaissances.<\/p><p style=\"text-align: right;\"><strong><a href=\"https:\/\/www.carl-abrc.ca\/fr\/accroitre-la-capacite\/ateliers-et-formation\/institut-de-synthese-des-connaissances-canada\/\">-&gt; En savoir plus sur l&rsquo;Institut de synth\u00e8se des connaissances Canada<\/a><\/strong><\/p>\t\t\t\t\t\t\t\t<\/div>\n\t\t\t\t<\/div>\n\t\t\t\t<div class=\"elementor-element elementor-element-a95645e elementor-widget elementor-widget-heading\" data-id=\"a95645e\" data-element_type=\"widget\" data-e-type=\"widget\" data-widget_type=\"heading.default\">\n\t\t\t\t<div class=\"elementor-widget-container\">\n\t\t\t\t\t<h2 class=\"elementor-heading-title elementor-size-default\">Programme de leadership FLEURIR<\/h2>\t\t\t\t<\/div>\n\t\t\t\t<\/div>\n\t\t\t\t<div class=\"elementor-element elementor-element-c7c5ecc elementor-widget elementor-widget-text-editor\" data-id=\"c7c5ecc\" data-element_type=\"widget\" data-e-type=\"widget\" data-widget_type=\"text-editor.default\">\n\t\t\t\t<div class=\"elementor-widget-container\">\n\t\t\t\t\t\t\t\t\t<p>FLEURIR est un programme de leadership et de mentorat mis au point par l&rsquo;Association des biblioth\u00e8ques de recherche du Canada afin d&rsquo;accompagner les biblioth\u00e9caires universitaires racis\u00e9s en milieu de carri\u00e8re au Canada qui recherchent des parcours constructifs et enrichissants vers des postes de direction. Ce programme offre un espace d\u00e9di\u00e9 aux participant\u00b7e\u00b7s issu\u00b7e\u00b7s de communaut\u00e9s racis\u00e9es pour explorer le leadership dans les biblioth\u00e8ques universitaires, renforcer leurs comp\u00e9tences essentielles en mati\u00e8re de leadership et cr\u00e9er des r\u00e9seaux nationaux de soutien.<\/p><p style=\"text-align: right;\"><strong><a href=\"https:\/\/www.carl-abrc.ca\/fr\/accroitre-la-capacite\/ateliers-et-formation\/fleurir\/\">-&gt; En savoir plus sur le programme de leadership FLEURIR<\/a><\/strong><\/p>\t\t\t\t\t\t\t\t<\/div>\n\t\t\t\t<\/div>\n\t\t\t\t<\/div>\n\t\t\t\t\t<\/div>\n\t\t\t\t<\/div>\n\t\t\t\t<\/div>\n\t\t","protected":false},"excerpt":{"rendered":"<p>Atelier d\u2019\u00e9valuation des biblioth\u00e8ques canadiennes Institut de recherche des biblioth\u00e9caires Institut de leadership des biblioth\u00e8ques acad\u00e9miques Institut de synth\u00e8se des connaissances Canada Programme de leadership FLEURIR Ateliers \u00e0 venir Institut [&hellip;]<\/p>\n","protected":false},"author":11,"featured_media":0,"parent":1190,"menu_order":0,"comment_status":"closed","ping_status":"closed","template":"","meta":{"_acf_changed":false,"_EventAllDay":false,"_EventTimezone":"","_EventStartDate":"","_EventEndDate":"","_EventStartDateUTC":"","_EventEndDateUTC":"","_EventShowMap":false,"_EventShowMapLink":false,"_EventURL":"","_EventCost":"","_EventCostDescription":"","_EventCurrencySymbol":"","_EventCurrencyCode":"","_EventCurrencyPosition":"","_EventDateTimeSeparator":"","_EventTimeRangeSeparator":"","_EventOrganizerID":[],"_EventVenueID":[],"_OrganizerEmail":"","_OrganizerPhone":"","_OrganizerWebsite":"","_VenueAddress":"","_VenueCity":"","_VenueCountry":"","_VenueProvince":"","_VenueState":"","_VenueZip":"","_VenuePhone":"","_VenueURL":"","_VenueStateProvince":"","_VenueLat":"","_VenueLng":"","_VenueShowMap":false,"_VenueShowMapLink":false,"footnotes":""},"class_list":["post-1219","page","type-page","status-publish","hentry"],"acf":[],"yoast_head":"<!-- This site is optimized with the Yoast SEO plugin v27.5 - https:\/\/yoast.com\/product\/yoast-seo-wordpress\/ -->\n<title>Ateliers et formation - Association des biblioth\u00e8ques de recherche du Canada<\/title>\n<meta name=\"robots\" content=\"index, follow, max-snippet:-1, max-image-preview:large, max-video-preview:-1\" \/>\n<link rel=\"canonical\" href=\"https:\/\/www.carl-abrc.ca\/fr\/accroitre-la-capacite\/ateliers-et-formation\/\" \/>\n<meta property=\"og:locale\" content=\"fr_FR\" \/>\n<meta property=\"og:type\" content=\"article\" \/>\n<meta property=\"og:title\" content=\"Ateliers et formation - Association des biblioth\u00e8ques de recherche du Canada\" \/>\n<meta property=\"og:description\" content=\"Atelier d\u2019\u00e9valuation des biblioth\u00e8ques canadiennes Institut de recherche des biblioth\u00e9caires Institut de leadership des biblioth\u00e8ques acad\u00e9miques Institut de synth\u00e8se des connaissances Canada Programme de leadership FLEURIR Ateliers \u00e0 venir Institut [&hellip;]\" \/>\n<meta property=\"og:url\" content=\"https:\/\/www.carl-abrc.ca\/fr\/accroitre-la-capacite\/ateliers-et-formation\/\" \/>\n<meta property=\"og:site_name\" content=\"Association des biblioth\u00e8ques de recherche du Canada\" \/>\n<meta property=\"article:modified_time\" content=\"2026-03-19T19:38:29+00:00\" \/>\n<meta name=\"twitter:label1\" content=\"Dur\u00e9e de lecture estim\u00e9e\" \/>\n\t<meta name=\"twitter:data1\" content=\"4 minutes\" \/>\n<script type=\"application\/ld+json\" class=\"yoast-schema-graph\">{\"@context\":\"https:\\\/\\\/schema.org\",\"@graph\":[{\"@type\":\"WebPage\",\"@id\":\"https:\\\/\\\/www.carl-abrc.ca\\\/fr\\\/accroitre-la-capacite\\\/ateliers-et-formation\\\/\",\"url\":\"https:\\\/\\\/www.carl-abrc.ca\\\/fr\\\/accroitre-la-capacite\\\/ateliers-et-formation\\\/\",\"name\":\"Ateliers et formation - Association des biblioth\u00e8ques de recherche du Canada\",\"isPartOf\":{\"@id\":\"https:\\\/\\\/www.carl-abrc.ca\\\/fr\\\/#website\"},\"datePublished\":\"2016-03-14T20:42:55+00:00\",\"dateModified\":\"2026-03-19T19:38:29+00:00\",\"breadcrumb\":{\"@id\":\"https:\\\/\\\/www.carl-abrc.ca\\\/fr\\\/accroitre-la-capacite\\\/ateliers-et-formation\\\/#breadcrumb\"},\"inLanguage\":\"fr-FR\",\"potentialAction\":[{\"@type\":\"ReadAction\",\"target\":[\"https:\\\/\\\/www.carl-abrc.ca\\\/fr\\\/accroitre-la-capacite\\\/ateliers-et-formation\\\/\"]}]},{\"@type\":\"BreadcrumbList\",\"@id\":\"https:\\\/\\\/www.carl-abrc.ca\\\/fr\\\/accroitre-la-capacite\\\/ateliers-et-formation\\\/#breadcrumb\",\"itemListElement\":[{\"@type\":\"ListItem\",\"position\":1,\"name\":\"Accueil\",\"item\":\"https:\\\/\\\/www.carl-abrc.ca\\\/fr\\\/home-3\\\/\"},{\"@type\":\"ListItem\",\"position\":2,\"name\":\"Accro\u00eetre la capacit\u00e9\",\"item\":\"https:\\\/\\\/www.carl-abrc.ca\\\/fr\\\/accroitre-la-capacite\\\/\"},{\"@type\":\"ListItem\",\"position\":3,\"name\":\"Ateliers et formation\"}]},{\"@type\":\"WebSite\",\"@id\":\"https:\\\/\\\/www.carl-abrc.ca\\\/fr\\\/#website\",\"url\":\"https:\\\/\\\/www.carl-abrc.ca\\\/fr\\\/\",\"name\":\"Association des biblioth\u00e8ques de recherche du Canada\",\"description\":\"ABRC\",\"publisher\":{\"@id\":\"https:\\\/\\\/www.carl-abrc.ca\\\/fr\\\/#organization\"},\"potentialAction\":[{\"@type\":\"SearchAction\",\"target\":{\"@type\":\"EntryPoint\",\"urlTemplate\":\"https:\\\/\\\/www.carl-abrc.ca\\\/fr\\\/?s={search_term_string}\"},\"query-input\":{\"@type\":\"PropertyValueSpecification\",\"valueRequired\":true,\"valueName\":\"search_term_string\"}}],\"inLanguage\":\"fr-FR\"},{\"@type\":\"Organization\",\"@id\":\"https:\\\/\\\/www.carl-abrc.ca\\\/fr\\\/#organization\",\"name\":\"Association des biblioth\u00e8ques de recherche du Canada\",\"url\":\"https:\\\/\\\/www.carl-abrc.ca\\\/fr\\\/\",\"logo\":{\"@type\":\"ImageObject\",\"inLanguage\":\"fr-FR\",\"@id\":\"https:\\\/\\\/www.carl-abrc.ca\\\/fr\\\/#\\\/schema\\\/logo\\\/image\\\/\",\"url\":\"https:\\\/\\\/www.carl-abrc.ca\\\/wp-content\\\/uploads\\\/2024\\\/07\\\/cropped-Stacked_Colour_L.png\",\"contentUrl\":\"https:\\\/\\\/www.carl-abrc.ca\\\/wp-content\\\/uploads\\\/2024\\\/07\\\/cropped-Stacked_Colour_L.png\",\"width\":641,\"height\":250,\"caption\":\"Association des biblioth\u00e8ques de recherche du Canada\"},\"image\":{\"@id\":\"https:\\\/\\\/www.carl-abrc.ca\\\/fr\\\/#\\\/schema\\\/logo\\\/image\\\/\"},\"sameAs\":[\"https:\\\/\\\/x.com\\\/carlabrc\"]}]}<\/script>\n<!-- \/ Yoast SEO plugin. -->","yoast_head_json":{"title":"Ateliers et formation - Association des biblioth\u00e8ques de recherche du Canada","robots":{"index":"index","follow":"follow","max-snippet":"max-snippet:-1","max-image-preview":"max-image-preview:large","max-video-preview":"max-video-preview:-1"},"canonical":"https:\/\/www.carl-abrc.ca\/fr\/accroitre-la-capacite\/ateliers-et-formation\/","og_locale":"fr_FR","og_type":"article","og_title":"Ateliers et formation - Association des biblioth\u00e8ques de recherche du Canada","og_description":"Atelier d\u2019\u00e9valuation des biblioth\u00e8ques canadiennes Institut de recherche des biblioth\u00e9caires Institut de leadership des biblioth\u00e8ques acad\u00e9miques Institut de synth\u00e8se des connaissances Canada Programme de leadership FLEURIR Ateliers \u00e0 venir Institut [&hellip;]","og_url":"https:\/\/www.carl-abrc.ca\/fr\/accroitre-la-capacite\/ateliers-et-formation\/","og_site_name":"Association des biblioth\u00e8ques de recherche du Canada","article_modified_time":"2026-03-19T19:38:29+00:00","twitter_misc":{"Dur\u00e9e de lecture estim\u00e9e":"4 minutes"},"schema":{"@context":"https:\/\/schema.org","@graph":[{"@type":"WebPage","@id":"https:\/\/www.carl-abrc.ca\/fr\/accroitre-la-capacite\/ateliers-et-formation\/","url":"https:\/\/www.carl-abrc.ca\/fr\/accroitre-la-capacite\/ateliers-et-formation\/","name":"Ateliers et formation - Association des biblioth\u00e8ques de recherche du Canada","isPartOf":{"@id":"https:\/\/www.carl-abrc.ca\/fr\/#website"},"datePublished":"2016-03-14T20:42:55+00:00","dateModified":"2026-03-19T19:38:29+00:00","breadcrumb":{"@id":"https:\/\/www.carl-abrc.ca\/fr\/accroitre-la-capacite\/ateliers-et-formation\/#breadcrumb"},"inLanguage":"fr-FR","potentialAction":[{"@type":"ReadAction","target":["https:\/\/www.carl-abrc.ca\/fr\/accroitre-la-capacite\/ateliers-et-formation\/"]}]},{"@type":"BreadcrumbList","@id":"https:\/\/www.carl-abrc.ca\/fr\/accroitre-la-capacite\/ateliers-et-formation\/#breadcrumb","itemListElement":[{"@type":"ListItem","position":1,"name":"Accueil","item":"https:\/\/www.carl-abrc.ca\/fr\/home-3\/"},{"@type":"ListItem","position":2,"name":"Accro\u00eetre la capacit\u00e9","item":"https:\/\/www.carl-abrc.ca\/fr\/accroitre-la-capacite\/"},{"@type":"ListItem","position":3,"name":"Ateliers et formation"}]},{"@type":"WebSite","@id":"https:\/\/www.carl-abrc.ca\/fr\/#website","url":"https:\/\/www.carl-abrc.ca\/fr\/","name":"Association des biblioth\u00e8ques de recherche du Canada","description":"ABRC","publisher":{"@id":"https:\/\/www.carl-abrc.ca\/fr\/#organization"},"potentialAction":[{"@type":"SearchAction","target":{"@type":"EntryPoint","urlTemplate":"https:\/\/www.carl-abrc.ca\/fr\/?s={search_term_string}"},"query-input":{"@type":"PropertyValueSpecification","valueRequired":true,"valueName":"search_term_string"}}],"inLanguage":"fr-FR"},{"@type":"Organization","@id":"https:\/\/www.carl-abrc.ca\/fr\/#organization","name":"Association des biblioth\u00e8ques de recherche du Canada","url":"https:\/\/www.carl-abrc.ca\/fr\/","logo":{"@type":"ImageObject","inLanguage":"fr-FR","@id":"https:\/\/www.carl-abrc.ca\/fr\/#\/schema\/logo\/image\/","url":"https:\/\/www.carl-abrc.ca\/wp-content\/uploads\/2024\/07\/cropped-Stacked_Colour_L.png","contentUrl":"https:\/\/www.carl-abrc.ca\/wp-content\/uploads\/2024\/07\/cropped-Stacked_Colour_L.png","width":641,"height":250,"caption":"Association des biblioth\u00e8ques de recherche du Canada"},"image":{"@id":"https:\/\/www.carl-abrc.ca\/fr\/#\/schema\/logo\/image\/"},"sameAs":["https:\/\/x.com\/carlabrc"]}]}},"_links":{"self":[{"href":"https:\/\/www.carl-abrc.ca\/fr\/wp-json\/wp\/v2\/pages\/1219","targetHints":{"allow":["GET"]}}],"collection":[{"href":"https:\/\/www.carl-abrc.ca\/fr\/wp-json\/wp\/v2\/pages"}],"about":[{"href":"https:\/\/www.carl-abrc.ca\/fr\/wp-json\/wp\/v2\/types\/page"}],"author":[{"embeddable":true,"href":"https:\/\/www.carl-abrc.ca\/fr\/wp-json\/wp\/v2\/users\/11"}],"replies":[{"embeddable":true,"href":"https:\/\/www.carl-abrc.ca\/fr\/wp-json\/wp\/v2\/comments?post=1219"}],"version-history":[{"count":3,"href":"https:\/\/www.carl-abrc.ca\/fr\/wp-json\/wp\/v2\/pages\/1219\/revisions"}],"predecessor-version":[{"id":40588,"href":"https:\/\/www.carl-abrc.ca\/fr\/wp-json\/wp\/v2\/pages\/1219\/revisions\/40588"}],"up":[{"embeddable":true,"href":"https:\/\/www.carl-abrc.ca\/fr\/wp-json\/wp\/v2\/pages\/1190"}],"wp:attachment":[{"href":"https:\/\/www.carl-abrc.ca\/fr\/wp-json\/wp\/v2\/media?parent=1219"}],"curies":[{"name":"wp","href":"https:\/\/api.w.org\/{rel}","templated":true}]}}