{"id":1540,"date":"2016-03-16T20:41:07","date_gmt":"2016-03-17T00:41:07","guid":{"rendered":"http:\/\/www.carl-abrc.ca\/fr\/?page_id=1540"},"modified":"2025-07-17T15:47:54","modified_gmt":"2025-07-17T19:47:54","slug":"prix-de-labrc","status":"publish","type":"page","link":"https:\/\/www.carl-abrc.ca\/fr\/a-propos-de-labrc\/prix-de-labrc\/","title":{"rendered":"Prix de l\u2019ABRC"},"content":{"rendered":"\t\t<div data-elementor-type=\"wp-page\" data-elementor-id=\"1540\" class=\"elementor elementor-1540 elementor-1538\">\n\t\t\t\t<div class=\"elementor-element elementor-element-1d865a1 e-flex e-con-boxed e-con e-parent\" data-id=\"1d865a1\" data-element_type=\"container\" data-e-type=\"container\">\n\t\t\t\t\t<div class=\"e-con-inner\">\n\t\t<div class=\"elementor-element elementor-element-f7f6ac7 e-con-full e-flex e-con e-child\" data-id=\"f7f6ac7\" data-element_type=\"container\" data-e-type=\"container\">\n\t\t\t\t<div class=\"elementor-element elementor-element-4c834993 elementor-widget elementor-widget-text-editor\" data-id=\"4c834993\" data-element_type=\"widget\" data-e-type=\"widget\" data-widget_type=\"text-editor.default\">\n\t\t\t\t<div class=\"elementor-widget-container\">\n\t\t\t\t\t\t\t\t\t<p>L&rsquo;ABRC est fi\u00e8re de rendre hommage aux personnes qui ont apport\u00e9 une contribution extraordinaire \u00e0 l&rsquo;avancement des biblioth\u00e8ques de recherche canadiennes. Par l&rsquo;entremise de deux prix prestigieux, l&rsquo;ABRC reconna\u00eet les personnes qui ont fait preuve d&rsquo;un leadership, d&rsquo;une innovation et d&rsquo;un service exemplaires dans le domaine de la biblioth\u00e9conomie de recherche. Ces prix r\u00e9compensent les r\u00e9alisations nationales et internationales, ainsi que les contributions importantes aux niveaux local et r\u00e9gional.<\/p>\t\t\t\t\t\t\t\t<\/div>\n\t\t\t\t<\/div>\n\t\t\t\t<div class=\"elementor-element elementor-element-ef16961 elementor-widget elementor-widget-towngov_department_grid\" data-id=\"ef16961\" data-element_type=\"widget\" data-e-type=\"widget\" data-widget_type=\"towngov_department_grid.default\">\n\t\t\t\t<div class=\"elementor-widget-container\">\n\t\t\t\t\t\t\r\n        \r\n    <div class=\"row row-gutter-30\">\r\n                        <div class=\"col-lg-6 col-xl-6\">\r\n            <div class=\"department-two-card\">\r\n                <div class=\"department-two-imgbox\">\r\n                    <div class=\"department-two-img\">\r\n                        <div class=\"img-fluid\"><img fetchpriority=\"high\" decoding=\"async\" width=\"623\" height=\"251\" src=\"https:\/\/www.carl-abrc.ca\/wp-content\/uploads\/2025\/08\/Awards-Featured-Image-623x251.jpg\" class=\"attachment-towngov_376x251 size-towngov_376x251 wp-post-image\" alt=\"\" \/><\/div>\r\n                        <a href=\"https:\/\/www.carl-abrc.ca\/fr\/department\/prix-pour-services-eminents\/\"><\/a>\r\n                    <\/div><!-- department-two-img -->\r\n                    <div class=\"department-two-img-icon\">\r\n                        <a href=\"https:\/\/www.carl-abrc.ca\/fr\/department\/prix-pour-services-eminents\/\"><i class=\"icon flaticon-medal\"><\/i><\/a>\r\n                    <\/div><!-- department-two-img-icon -->\r\n                <\/div><!-- department-two-imgbox -->\r\n                <div class=\"department-two-content tg-content-box\">\r\n                    <h4 class=\"tg-service-title\"><a href=\"https:\/\/www.carl-abrc.ca\/fr\/department\/prix-pour-services-eminents\/\">Prix pour services \u00e9minents<\/a><\/h4>\r\n                    <p class=\"tg-service-text\">Ce prix est d\u00e9cern\u00e9 chaque ann\u00e9e \u00e0 un Canadien qui a contribu\u00e9 de mani\u00e8re significative \u00e0 la biblioth\u00e9conomie de recherche aux niveaux national et international. Les nominations sont accept\u00e9es tout au long de l'ann\u00e9e. Le prix, d'une valeur de 2 500 dollars, est g\u00e9n\u00e9reusement sponsoris\u00e9 par ProQuest LLC, part of Clarivate.<\/p>\r\n                    <div class=\"department-two-button tg-service-btn\">\r\n                        <a href=\"https:\/\/www.carl-abrc.ca\/fr\/department\/prix-pour-services-eminents\/\">\r\n                        \t                                                                                    <span>\r\n                                                                    En savoir plus \u2192                                 \r\n                            <\/span>\t\r\n                        <\/a>\r\n                    <\/div><!-- department-two-button -->\r\n                <\/div><!-- department-two-content -->\r\n            <\/div><!--department-two-card-->\r\n        <\/div><!-- col-12 col-lg-4 -->\r\n                        <div class=\"col-lg-6 col-xl-6\">\r\n            <div class=\"department-two-card\">\r\n                <div class=\"department-two-imgbox\">\r\n                    <div class=\"department-two-img\">\r\n                        <div class=\"img-fluid\"><img fetchpriority=\"high\" decoding=\"async\" width=\"623\" height=\"251\" src=\"https:\/\/www.carl-abrc.ca\/wp-content\/uploads\/2025\/08\/Awards-Featured-Image-623x251.jpg\" class=\"attachment-towngov_376x251 size-towngov_376x251 wp-post-image\" alt=\"\" \/><\/div>\r\n                        <a href=\"https:\/\/www.carl-abrc.ca\/fr\/department\/prix-de-merite\/\"><\/a>\r\n                    <\/div><!-- department-two-img -->\r\n                    <div class=\"department-two-img-icon\">\r\n                        <a href=\"https:\/\/www.carl-abrc.ca\/fr\/department\/prix-de-merite\/\"><i class=\"icon flaticon-medal\"><\/i><\/a>\r\n                    <\/div><!-- department-two-img-icon -->\r\n                <\/div><!-- department-two-imgbox -->\r\n                <div class=\"department-two-content tg-content-box\">\r\n                    <h4 class=\"tg-service-title\"><a href=\"https:\/\/www.carl-abrc.ca\/fr\/department\/prix-de-merite\/\">Prix de m\u00e9rite<\/a><\/h4>\r\n                    <p class=\"tg-service-text\">Ce prix est d\u00e9cern\u00e9 \u00e0 une personne qui a eu un impact notable au niveau local, r\u00e9gional ou national dans le domaine des biblioth\u00e8ques de recherche. Les candidatures doivent \u00eatre accompagn\u00e9es d'une lettre de soutien et sont accept\u00e9es \u00e0 tout moment. Le prix peut \u00eatre remis lors de n'importe quelle r\u00e9union de l'ABRC.<\/p>\r\n                    <div class=\"department-two-button tg-service-btn\">\r\n                        <a href=\"https:\/\/www.carl-abrc.ca\/fr\/department\/prix-de-merite\/\">\r\n                        \t                                                                                    <span>\r\n                                                                    En savoir plus \u2192                                 \r\n                            <\/span>\t\r\n                        <\/a>\r\n                    <\/div><!-- department-two-button -->\r\n                <\/div><!-- department-two-content -->\r\n            <\/div><!--department-two-card-->\r\n        <\/div><!-- col-12 col-lg-4 -->\r\n              \r\n    <\/div><!-- row -->\r\n           \r\n\t\t\t\t\t\t\t<\/div>\n\t\t\t\t<\/div>\n\t\t\t\t<\/div>\n\t\t\t\t\t<\/div>\n\t\t\t\t<\/div>\n\t\t\t\t<\/div>\n\t\t","protected":false},"excerpt":{"rendered":"<p>L&rsquo;ABRC est fi\u00e8re de rendre hommage aux personnes qui ont apport\u00e9 une contribution extraordinaire \u00e0 l&rsquo;avancement des biblioth\u00e8ques de recherche canadiennes. Par l&rsquo;entremise de deux prix prestigieux, l&rsquo;ABRC reconna\u00eet les [&hellip;]<\/p>\n","protected":false},"author":11,"featured_media":0,"parent":118,"menu_order":0,"comment_status":"closed","ping_status":"closed","template":"","meta":{"_acf_changed":false,"_EventAllDay":false,"_EventTimezone":"","_EventStartDate":"","_EventEndDate":"","_EventStartDateUTC":"","_EventEndDateUTC":"","_EventShowMap":false,"_EventShowMapLink":false,"_EventURL":"","_EventCost":"","_EventCostDescription":"","_EventCurrencySymbol":"","_EventCurrencyCode":"","_EventCurrencyPosition":"","_EventDateTimeSeparator":"","_EventTimeRangeSeparator":"","_EventOrganizerID":[],"_EventVenueID":[],"_OrganizerEmail":"","_OrganizerPhone":"","_OrganizerWebsite":"","_VenueAddress":"","_VenueCity":"","_VenueCountry":"","_VenueProvince":"","_VenueState":"","_VenueZip":"","_VenuePhone":"","_VenueURL":"","_VenueStateProvince":"","_VenueLat":"","_VenueLng":"","_VenueShowMap":false,"_VenueShowMapLink":false,"footnotes":""},"class_list":["post-1540","page","type-page","status-publish","hentry"],"acf":[],"yoast_head":"<!-- This site is optimized with the Yoast SEO plugin v27.5 - https:\/\/yoast.com\/product\/yoast-seo-wordpress\/ -->\n<title>Prix de l\u2019ABRC - Association des biblioth\u00e8ques de recherche du Canada<\/title>\n<meta name=\"robots\" content=\"index, follow, max-snippet:-1, max-image-preview:large, max-video-preview:-1\" \/>\n<link rel=\"canonical\" href=\"https:\/\/www.carl-abrc.ca\/fr\/a-propos-de-labrc\/prix-de-labrc\/\" \/>\n<meta property=\"og:locale\" content=\"fr_FR\" \/>\n<meta property=\"og:type\" content=\"article\" \/>\n<meta property=\"og:title\" content=\"Prix de l\u2019ABRC - Association des biblioth\u00e8ques de recherche du Canada\" \/>\n<meta property=\"og:description\" content=\"L&rsquo;ABRC est fi\u00e8re de rendre hommage aux personnes qui ont apport\u00e9 une contribution extraordinaire \u00e0 l&rsquo;avancement des biblioth\u00e8ques de recherche canadiennes. Par l&rsquo;entremise de deux prix prestigieux, l&rsquo;ABRC reconna\u00eet les [&hellip;]\" \/>\n<meta property=\"og:url\" content=\"https:\/\/www.carl-abrc.ca\/fr\/a-propos-de-labrc\/prix-de-labrc\/\" \/>\n<meta property=\"og:site_name\" content=\"Association des biblioth\u00e8ques de recherche du Canada\" \/>\n<meta property=\"article:modified_time\" content=\"2025-07-17T19:47:54+00:00\" \/>\n<meta property=\"og:image\" content=\"https:\/\/www.carl-abrc.ca\/wp-content\/uploads\/2024\/10\/Award-web-graphic-623x251.jpg\" \/>\n<meta name=\"twitter:label1\" content=\"Dur\u00e9e de lecture estim\u00e9e\" \/>\n\t<meta name=\"twitter:data1\" content=\"1 minute\" \/>\n<script type=\"application\/ld+json\" class=\"yoast-schema-graph\">{\"@context\":\"https:\\\/\\\/schema.org\",\"@graph\":[{\"@type\":\"WebPage\",\"@id\":\"https:\\\/\\\/www.carl-abrc.ca\\\/fr\\\/a-propos-de-labrc\\\/prix-de-labrc\\\/\",\"url\":\"https:\\\/\\\/www.carl-abrc.ca\\\/fr\\\/a-propos-de-labrc\\\/prix-de-labrc\\\/\",\"name\":\"Prix de l\u2019ABRC - Association des biblioth\u00e8ques de recherche du Canada\",\"isPartOf\":{\"@id\":\"https:\\\/\\\/www.carl-abrc.ca\\\/fr\\\/#website\"},\"primaryImageOfPage\":{\"@id\":\"https:\\\/\\\/www.carl-abrc.ca\\\/fr\\\/a-propos-de-labrc\\\/prix-de-labrc\\\/#primaryimage\"},\"image\":{\"@id\":\"https:\\\/\\\/www.carl-abrc.ca\\\/fr\\\/a-propos-de-labrc\\\/prix-de-labrc\\\/#primaryimage\"},\"thumbnailUrl\":\"https:\\\/\\\/www.carl-abrc.ca\\\/wp-content\\\/uploads\\\/2024\\\/10\\\/Award-web-graphic-623x251.jpg\",\"datePublished\":\"2016-03-17T00:41:07+00:00\",\"dateModified\":\"2025-07-17T19:47:54+00:00\",\"breadcrumb\":{\"@id\":\"https:\\\/\\\/www.carl-abrc.ca\\\/fr\\\/a-propos-de-labrc\\\/prix-de-labrc\\\/#breadcrumb\"},\"inLanguage\":\"fr-FR\",\"potentialAction\":[{\"@type\":\"ReadAction\",\"target\":[\"https:\\\/\\\/www.carl-abrc.ca\\\/fr\\\/a-propos-de-labrc\\\/prix-de-labrc\\\/\"]}]},{\"@type\":\"ImageObject\",\"inLanguage\":\"fr-FR\",\"@id\":\"https:\\\/\\\/www.carl-abrc.ca\\\/fr\\\/a-propos-de-labrc\\\/prix-de-labrc\\\/#primaryimage\",\"url\":\"https:\\\/\\\/www.carl-abrc.ca\\\/wp-content\\\/uploads\\\/2024\\\/10\\\/Award-web-graphic-623x251.jpg\",\"contentUrl\":\"https:\\\/\\\/www.carl-abrc.ca\\\/wp-content\\\/uploads\\\/2024\\\/10\\\/Award-web-graphic-623x251.jpg\"},{\"@type\":\"BreadcrumbList\",\"@id\":\"https:\\\/\\\/www.carl-abrc.ca\\\/fr\\\/a-propos-de-labrc\\\/prix-de-labrc\\\/#breadcrumb\",\"itemListElement\":[{\"@type\":\"ListItem\",\"position\":1,\"name\":\"Accueil\",\"item\":\"https:\\\/\\\/www.carl-abrc.ca\\\/fr\\\/home-3\\\/\"},{\"@type\":\"ListItem\",\"position\":2,\"name\":\"\u00c0 propos de l\u2019ABRC\",\"item\":\"https:\\\/\\\/www.carl-abrc.ca\\\/fr\\\/a-propos-de-labrc\\\/\"},{\"@type\":\"ListItem\",\"position\":3,\"name\":\"Prix de l\u2019ABRC\"}]},{\"@type\":\"WebSite\",\"@id\":\"https:\\\/\\\/www.carl-abrc.ca\\\/fr\\\/#website\",\"url\":\"https:\\\/\\\/www.carl-abrc.ca\\\/fr\\\/\",\"name\":\"Association des biblioth\u00e8ques de recherche du Canada\",\"description\":\"ABRC\",\"publisher\":{\"@id\":\"https:\\\/\\\/www.carl-abrc.ca\\\/fr\\\/#organization\"},\"potentialAction\":[{\"@type\":\"SearchAction\",\"target\":{\"@type\":\"EntryPoint\",\"urlTemplate\":\"https:\\\/\\\/www.carl-abrc.ca\\\/fr\\\/?s={search_term_string}\"},\"query-input\":{\"@type\":\"PropertyValueSpecification\",\"valueRequired\":true,\"valueName\":\"search_term_string\"}}],\"inLanguage\":\"fr-FR\"},{\"@type\":\"Organization\",\"@id\":\"https:\\\/\\\/www.carl-abrc.ca\\\/fr\\\/#organization\",\"name\":\"Association des biblioth\u00e8ques de recherche du Canada\",\"url\":\"https:\\\/\\\/www.carl-abrc.ca\\\/fr\\\/\",\"logo\":{\"@type\":\"ImageObject\",\"inLanguage\":\"fr-FR\",\"@id\":\"https:\\\/\\\/www.carl-abrc.ca\\\/fr\\\/#\\\/schema\\\/logo\\\/image\\\/\",\"url\":\"https:\\\/\\\/www.carl-abrc.ca\\\/wp-content\\\/uploads\\\/2024\\\/07\\\/cropped-Stacked_Colour_L.png\",\"contentUrl\":\"https:\\\/\\\/www.carl-abrc.ca\\\/wp-content\\\/uploads\\\/2024\\\/07\\\/cropped-Stacked_Colour_L.png\",\"width\":641,\"height\":250,\"caption\":\"Association des biblioth\u00e8ques de recherche du Canada\"},\"image\":{\"@id\":\"https:\\\/\\\/www.carl-abrc.ca\\\/fr\\\/#\\\/schema\\\/logo\\\/image\\\/\"},\"sameAs\":[\"https:\\\/\\\/x.com\\\/carlabrc\"]}]}<\/script>\n<!-- \/ Yoast SEO plugin. -->","yoast_head_json":{"title":"Prix de l\u2019ABRC - Association des biblioth\u00e8ques de recherche du Canada","robots":{"index":"index","follow":"follow","max-snippet":"max-snippet:-1","max-image-preview":"max-image-preview:large","max-video-preview":"max-video-preview:-1"},"canonical":"https:\/\/www.carl-abrc.ca\/fr\/a-propos-de-labrc\/prix-de-labrc\/","og_locale":"fr_FR","og_type":"article","og_title":"Prix de l\u2019ABRC - Association des biblioth\u00e8ques de recherche du Canada","og_description":"L&rsquo;ABRC est fi\u00e8re de rendre hommage aux personnes qui ont apport\u00e9 une contribution extraordinaire \u00e0 l&rsquo;avancement des biblioth\u00e8ques de recherche canadiennes. Par l&rsquo;entremise de deux prix prestigieux, l&rsquo;ABRC reconna\u00eet les [&hellip;]","og_url":"https:\/\/www.carl-abrc.ca\/fr\/a-propos-de-labrc\/prix-de-labrc\/","og_site_name":"Association des biblioth\u00e8ques de recherche du Canada","article_modified_time":"2025-07-17T19:47:54+00:00","og_image":[{"url":"https:\/\/www.carl-abrc.ca\/wp-content\/uploads\/2024\/10\/Award-web-graphic-623x251.jpg","type":"","width":"","height":""}],"twitter_misc":{"Dur\u00e9e de lecture estim\u00e9e":"1 minute"},"schema":{"@context":"https:\/\/schema.org","@graph":[{"@type":"WebPage","@id":"https:\/\/www.carl-abrc.ca\/fr\/a-propos-de-labrc\/prix-de-labrc\/","url":"https:\/\/www.carl-abrc.ca\/fr\/a-propos-de-labrc\/prix-de-labrc\/","name":"Prix de l\u2019ABRC - Association des biblioth\u00e8ques de recherche du Canada","isPartOf":{"@id":"https:\/\/www.carl-abrc.ca\/fr\/#website"},"primaryImageOfPage":{"@id":"https:\/\/www.carl-abrc.ca\/fr\/a-propos-de-labrc\/prix-de-labrc\/#primaryimage"},"image":{"@id":"https:\/\/www.carl-abrc.ca\/fr\/a-propos-de-labrc\/prix-de-labrc\/#primaryimage"},"thumbnailUrl":"https:\/\/www.carl-abrc.ca\/wp-content\/uploads\/2024\/10\/Award-web-graphic-623x251.jpg","datePublished":"2016-03-17T00:41:07+00:00","dateModified":"2025-07-17T19:47:54+00:00","breadcrumb":{"@id":"https:\/\/www.carl-abrc.ca\/fr\/a-propos-de-labrc\/prix-de-labrc\/#breadcrumb"},"inLanguage":"fr-FR","potentialAction":[{"@type":"ReadAction","target":["https:\/\/www.carl-abrc.ca\/fr\/a-propos-de-labrc\/prix-de-labrc\/"]}]},{"@type":"ImageObject","inLanguage":"fr-FR","@id":"https:\/\/www.carl-abrc.ca\/fr\/a-propos-de-labrc\/prix-de-labrc\/#primaryimage","url":"https:\/\/www.carl-abrc.ca\/wp-content\/uploads\/2024\/10\/Award-web-graphic-623x251.jpg","contentUrl":"https:\/\/www.carl-abrc.ca\/wp-content\/uploads\/2024\/10\/Award-web-graphic-623x251.jpg"},{"@type":"BreadcrumbList","@id":"https:\/\/www.carl-abrc.ca\/fr\/a-propos-de-labrc\/prix-de-labrc\/#breadcrumb","itemListElement":[{"@type":"ListItem","position":1,"name":"Accueil","item":"https:\/\/www.carl-abrc.ca\/fr\/home-3\/"},{"@type":"ListItem","position":2,"name":"\u00c0 propos de l\u2019ABRC","item":"https:\/\/www.carl-abrc.ca\/fr\/a-propos-de-labrc\/"},{"@type":"ListItem","position":3,"name":"Prix de l\u2019ABRC"}]},{"@type":"WebSite","@id":"https:\/\/www.carl-abrc.ca\/fr\/#website","url":"https:\/\/www.carl-abrc.ca\/fr\/","name":"Association des biblioth\u00e8ques de recherche du Canada","description":"ABRC","publisher":{"@id":"https:\/\/www.carl-abrc.ca\/fr\/#organization"},"potentialAction":[{"@type":"SearchAction","target":{"@type":"EntryPoint","urlTemplate":"https:\/\/www.carl-abrc.ca\/fr\/?s={search_term_string}"},"query-input":{"@type":"PropertyValueSpecification","valueRequired":true,"valueName":"search_term_string"}}],"inLanguage":"fr-FR"},{"@type":"Organization","@id":"https:\/\/www.carl-abrc.ca\/fr\/#organization","name":"Association des biblioth\u00e8ques de recherche du Canada","url":"https:\/\/www.carl-abrc.ca\/fr\/","logo":{"@type":"ImageObject","inLanguage":"fr-FR","@id":"https:\/\/www.carl-abrc.ca\/fr\/#\/schema\/logo\/image\/","url":"https:\/\/www.carl-abrc.ca\/wp-content\/uploads\/2024\/07\/cropped-Stacked_Colour_L.png","contentUrl":"https:\/\/www.carl-abrc.ca\/wp-content\/uploads\/2024\/07\/cropped-Stacked_Colour_L.png","width":641,"height":250,"caption":"Association des biblioth\u00e8ques de recherche du Canada"},"image":{"@id":"https:\/\/www.carl-abrc.ca\/fr\/#\/schema\/logo\/image\/"},"sameAs":["https:\/\/x.com\/carlabrc"]}]}},"_links":{"self":[{"href":"https:\/\/www.carl-abrc.ca\/fr\/wp-json\/wp\/v2\/pages\/1540","targetHints":{"allow":["GET"]}}],"collection":[{"href":"https:\/\/www.carl-abrc.ca\/fr\/wp-json\/wp\/v2\/pages"}],"about":[{"href":"https:\/\/www.carl-abrc.ca\/fr\/wp-json\/wp\/v2\/types\/page"}],"author":[{"embeddable":true,"href":"https:\/\/www.carl-abrc.ca\/fr\/wp-json\/wp\/v2\/users\/11"}],"replies":[{"embeddable":true,"href":"https:\/\/www.carl-abrc.ca\/fr\/wp-json\/wp\/v2\/comments?post=1540"}],"version-history":[{"count":0,"href":"https:\/\/www.carl-abrc.ca\/fr\/wp-json\/wp\/v2\/pages\/1540\/revisions"}],"up":[{"embeddable":true,"href":"https:\/\/www.carl-abrc.ca\/fr\/wp-json\/wp\/v2\/pages\/118"}],"wp:attachment":[{"href":"https:\/\/www.carl-abrc.ca\/fr\/wp-json\/wp\/v2\/media?parent=1540"}],"curies":[{"name":"wp","href":"https:\/\/api.w.org\/{rel}","templated":true}]}}