{"id":29761,"date":"2022-04-01T10:08:52","date_gmt":"2022-04-01T14:08:52","guid":{"rendered":"https:\/\/www.carl-abrc.ca\/?page_id=29761"},"modified":"2025-10-15T13:49:07","modified_gmt":"2025-10-15T17:49:07","slug":"institut-de-leadership-des-bibliotheques-academiques","status":"publish","type":"page","link":"https:\/\/www.carl-abrc.ca\/fr\/accroitre-la-capacite\/ateliers-et-formation\/institut-de-leadership-des-bibliotheques-academiques\/","title":{"rendered":"Institut de leadership des biblioth\u00e8ques acad\u00e9miques"},"content":{"rendered":"\t\t<div data-elementor-type=\"wp-page\" data-elementor-id=\"29761\" class=\"elementor elementor-29761 elementor-29758\">\n\t\t\t\t<div class=\"elementor-element elementor-element-41db280 e-con-full e-flex e-con e-parent\" data-id=\"41db280\" data-element_type=\"container\" data-e-type=\"container\">\n\t\t<div class=\"elementor-element elementor-element-2d97f31 e-con-full e-flex e-con e-child\" data-id=\"2d97f31\" data-element_type=\"container\" data-e-type=\"container\">\n\t\t\t\t<div class=\"elementor-element elementor-element-61275797 elementor-widget elementor-widget-text-editor\" data-id=\"61275797\" data-element_type=\"widget\" data-e-type=\"widget\" data-widget_type=\"text-editor.default\">\n\t\t\t\t<div class=\"elementor-widget-container\">\n\t\t\t\t\t\t\t\t\t<article id=\"post-29761\" class=\"post-29761 page type-page status-publish hentry\"><header class=\"entry-header\"><\/header><div class=\"entry-content\"><p>L\u2019 Institut de leadership des biblioth\u00e8ques acad\u00e9miques de l\u2019ABRC a \u00e9t\u00e9 sp\u00e9cialement con\u00e7u pour les hautes directions de biblioth\u00e8ques acad\u00e9miques, afin de favoriser leur croissance afin qu\u2019ils soient bien plac\u00e9s pour diriger les biblioth\u00e8ques acad\u00e9miques du Canada vers l\u2019avenir.<\/p><p>Ce programme riche et engageant am\u00e9liorera les capacit\u00e9s de leadership essentielles, enseignera de nouvelles comp\u00e9tences pr\u00e9cieuses et aidera \u00e0 cr\u00e9er des r\u00e9seaux solides \u00e0 travers le pays. Le programme aidera les participants \u00e0 renforcer leurs forces de leadership, \u00e0 d\u00e9velopper et \u00e0 entretenir leurs \u00e9quipes, \u00e0 mettre en \u0153uvre efficacement des plans strat\u00e9giques et \u00e0 guider leurs biblioth\u00e8ques \u00e0 travers le changement.<\/p><p>Pour maximiser l\u2019apprentissage, des pr\u00e9-lectures en ligne seront fournies. Cela permet d\u2019utiliser la majorit\u00e9 du temps en classe pour la pratique et l\u2019application des concepts pr\u00e9sent\u00e9s. Ceci sera accompli par le biais d\u2019exercices d\u2019application, d\u2019analyse d\u2019\u00e9tudes de cas, de r\u00e9flexion, de s\u00e9ances en petits groupes et de discussion collaborative.<\/p><\/div><\/article>\t\t\t\t\t\t\t\t<\/div>\n\t\t\t\t<\/div>\n\t\t\t\t<div class=\"elementor-element elementor-element-33ce924 elementor-widget elementor-widget-image\" data-id=\"33ce924\" data-element_type=\"widget\" data-e-type=\"widget\" data-widget_type=\"image.default\">\n\t\t\t\t<div class=\"elementor-widget-container\">\n\t\t\t\t\t\t\t\t\t\t\t\t<figure class=\"wp-caption\">\n\t\t\t\t\t\t\t\t\t\t<img fetchpriority=\"high\" decoding=\"async\" width=\"2560\" height=\"1920\" src=\"https:\/\/www.carl-abrc.ca\/wp-content\/uploads\/2025\/02\/IMG_6246-scaled-e1739559649716.jpg\" class=\"attachment-full size-full wp-image-36552\" alt=\"\" \/>\t\t\t\t\t\t\t\t\t\t\t<figcaption class=\"widget-image-caption wp-caption-text\">Institut de leadership des biblioth\u00e8ques acad\u00e9miques 2024<\/figcaption>\n\t\t\t\t\t\t\t\t\t\t<\/figure>\n\t\t\t\t\t\t\t\t\t<\/div>\n\t\t\t\t<\/div>\n\t\t\t\t<\/div>\n\t\t<div class=\"elementor-element elementor-element-21bcf49 e-con-full e-flex e-con e-child\" data-id=\"21bcf49\" data-element_type=\"container\" data-e-type=\"container\">\n\t\t\t\t<div class=\"elementor-element elementor-element-c579261 elementor-widget elementor-widget-heading\" data-id=\"c579261\" data-element_type=\"widget\" data-e-type=\"widget\" data-widget_type=\"heading.default\">\n\t\t\t\t<div class=\"elementor-widget-container\">\n\t\t\t\t\t<h2 class=\"elementor-heading-title elementor-size-default\">Instituts<\/h2>\t\t\t\t<\/div>\n\t\t\t\t<\/div>\n\t\t\t\t<div class=\"elementor-element elementor-element-c0ef428 elementor-widget elementor-widget-tecs_widget\" data-id=\"c0ef428\" data-element_type=\"widget\" data-e-type=\"widget\" data-widget_type=\"tecs_widget.default\">\n\t\t\t\t<div class=\"elementor-widget-container\">\n\t\t\t\t\t<div class=\"ecs-no-events\">Aucun \u00e9v\u00e9nement \u00e0 venir.<\/div>\t\t\t\t<\/div>\n\t\t\t\t<\/div>\n\t\t\t\t<div class=\"elementor-element elementor-element-c1b8b94 elementor-widget elementor-widget-heading\" data-id=\"c1b8b94\" data-element_type=\"widget\" data-e-type=\"widget\" data-widget_type=\"heading.default\">\n\t\t\t\t<div class=\"elementor-widget-container\">\n\t\t\t\t\t<h2 class=\"elementor-heading-title elementor-size-default\">Instituts pass\u00e9s<\/h2>\t\t\t\t<\/div>\n\t\t\t\t<\/div>\n\t\t\t\t<div class=\"elementor-element elementor-element-cb9c532 elementor-widget elementor-widget-tecs_widget\" data-id=\"cb9c532\" data-element_type=\"widget\" data-e-type=\"widget\" data-widget_type=\"tecs_widget.default\">\n\t\t\t\t<div class=\"elementor-widget-container\">\n\t\t\t\t\t<ul class=\"ecs-event-list\"><li class=\"ecs-event alli-fr_ecs_category ateliers-instituts_ecs_category\"><h4 class=\"entry-title summary\"><a href=\"https:\/\/www.carl-abrc.ca\/fr\/evenement\/2024-institut-de-leadership-des-bibliotheques-academiques\/\" rel=\"bookmark\">2024: Institut de leadership des biblioth\u00e8ques acad\u00e9miques<\/a><\/h4><span class=\"duration time\"><span class=\"tribe-event-date-start\">10 juin 2024<\/span> - <span class=\"tribe-event-date-end\">16 juin 2024<\/span><\/span><\/li><li class=\"ecs-event alli-fr_ecs_category ateliers-instituts_ecs_category\"><h4 class=\"entry-title summary\"><a href=\"https:\/\/www.carl-abrc.ca\/fr\/evenement\/2022-institut-de-leadership-des-bibliotheques-academiques\/\" rel=\"bookmark\">2022 Institut de leadership des biblioth\u00e8ques acad\u00e9miques<\/a><\/h4><span class=\"duration time\"><span class=\"tribe-event-date-start\">6 juin 2022<\/span> - <span class=\"tribe-event-date-end\">12 juin 2022<\/span><\/span><\/li><\/ul><script type=\"application\/ld+json\">\r\n[{\"@context\":\"http:\/\/schema.org\",\"@type\":\"Event\",\"name\":\"2024: Institut de leadership des biblioth\\u00e8ques acad\\u00e9miques\",\"description\":\"&lt;p&gt;Date:\\u00a010 - 16 juillet Apr\\u00e8s un institut inaugural r\\u00e9ussi en 2022, l\\\\'Association des biblioth\\u00e8ques de recherche du Canada (ABRC) est heureuse d\\\\'annoncer qu\\\\'elle offrira l\\\\'Institut de leadership des biblioth\\u00e8ques acad\\u00e9miques [&hellip;]&lt;\/p&gt;\\\\n\",\"image\":\"https:\/\/www.carl-abrc.ca\/wp-content\/uploads\/2024\/09\/NewsFeaturedImage-1.jpg\",\"url\":\"https:\/\/www.carl-abrc.ca\/fr\/evenement\/2024-institut-de-leadership-des-bibliotheques-academiques\/\",\"eventAttendanceMode\":\"https:\/\/schema.org\/OfflineEventAttendanceMode\",\"eventStatus\":\"https:\/\/schema.org\/EventScheduled\",\"startDate\":\"2024-06-10T00:00:00-04:00\",\"endDate\":\"2024-06-16T23:59:59-04:00\",\"location\":{\"@type\":\"Place\",\"name\":\"Memorial University of Newfoundland\",\"description\":\"\",\"url\":\"\",\"address\":{\"@type\":\"PostalAddress\",\"streetAddress\":\"230 Elizabeth Avenue\",\"addressLocality\":\"St. John&#039;s\",\"addressRegion\":\"Newfoundland\",\"postalCode\":\"A1C 5S7\"},\"telephone\":\"709-864-8000\",\"sameAs\":\"\"},\"organizer\":{\"@type\":\"Person\",\"name\":\"Association des biblioth\\u00e8ques de recherche du Canada\",\"description\":\"\",\"url\":\"\",\"telephone\":\"613.895.0780\",\"email\":\"\",\"sameAs\":\"\"},\"performer\":\"Organization\"},{\"@context\":\"http:\/\/schema.org\",\"@type\":\"Event\",\"name\":\"2022 Institut de leadership des biblioth\\u00e8ques acad\\u00e9miques\",\"description\":\"&lt;p&gt;L\\u2019Association des biblioth\\u00e8ques de recherche du Canada (ABRC) accepte maintenant les candidatures pour participer \\u00e0 l\\u2019Institut de leadership des biblioth\\u00e9caires universitaires de l\\u2019ABRC (ILBU). Ces participants suivront un programme de [&hellip;]&lt;\/p&gt;\\\\n\",\"image\":\"https:\/\/www.carl-abrc.ca\/wp-content\/uploads\/2024\/09\/NewsFeaturedImage-1.jpg\",\"url\":\"https:\/\/www.carl-abrc.ca\/fr\/evenement\/2022-institut-de-leadership-des-bibliotheques-academiques\/\",\"eventAttendanceMode\":\"https:\/\/schema.org\/OfflineEventAttendanceMode\",\"eventStatus\":\"https:\/\/schema.org\/EventScheduled\",\"startDate\":\"2022-06-06T00:00:00-04:00\",\"endDate\":\"2022-06-12T23:59:59-04:00\",\"location\":{\"@type\":\"Place\",\"name\":\"Memorial University of Newfoundland\",\"description\":\"\",\"url\":\"\",\"address\":{\"@type\":\"PostalAddress\",\"streetAddress\":\"230 Elizabeth Avenue\",\"addressLocality\":\"St. John&#039;s\",\"addressRegion\":\"Newfoundland\",\"postalCode\":\"A1C 5S7\"},\"telephone\":\"709-864-8000\",\"sameAs\":\"\"},\"organizer\":{\"@type\":\"Person\",\"name\":\"Association des biblioth\\u00e8ques de recherche du Canada\",\"description\":\"\",\"url\":\"\",\"telephone\":\"613.895.0780\",\"email\":\"\",\"sameAs\":\"\"},\"performer\":\"Organization\"}]\r\n<\/script><!--\n Event listing powered by The Events Calendar Shortcode\n https:\/\/eventcalendarnewsletter.com\/the-events-calendar-shortcode\/ \n-->\t\t\t\t<\/div>\n\t\t\t\t<\/div>\n\t\t\t\t<\/div>\n\t\t\t\t<\/div>\n\t\t\t\t<\/div>\n\t\t","protected":false},"excerpt":{"rendered":"<p>L\u2019 Institut de leadership des biblioth\u00e8ques acad\u00e9miques de l\u2019ABRC a \u00e9t\u00e9 sp\u00e9cialement con\u00e7u pour les hautes directions de biblioth\u00e8ques acad\u00e9miques, afin de favoriser leur croissance afin qu\u2019ils soient bien plac\u00e9s [&hellip;]<\/p>\n","protected":false},"author":63,"featured_media":0,"parent":1219,"menu_order":0,"comment_status":"closed","ping_status":"closed","template":"","meta":{"_acf_changed":false,"_EventAllDay":false,"_EventTimezone":"","_EventStartDate":"","_EventEndDate":"","_EventStartDateUTC":"","_EventEndDateUTC":"","_EventShowMap":false,"_EventShowMapLink":false,"_EventURL":"","_EventCost":"","_EventCostDescription":"","_EventCurrencySymbol":"","_EventCurrencyCode":"","_EventCurrencyPosition":"","_EventDateTimeSeparator":"","_EventTimeRangeSeparator":"","_EventOrganizerID":[],"_EventVenueID":[],"_OrganizerEmail":"","_OrganizerPhone":"","_OrganizerWebsite":"","_VenueAddress":"","_VenueCity":"","_VenueCountry":"","_VenueProvince":"","_VenueState":"","_VenueZip":"","_VenuePhone":"","_VenueURL":"","_VenueStateProvince":"","_VenueLat":"","_VenueLng":"","_VenueShowMap":false,"_VenueShowMapLink":false,"footnotes":""},"class_list":["post-29761","page","type-page","status-publish","hentry","cat_alli-fr","cat_ateliers-instituts"],"acf":[],"yoast_head":"<!-- This site is optimized with the Yoast SEO plugin v27.5 - https:\/\/yoast.com\/product\/yoast-seo-wordpress\/ -->\n<title>Institut de leadership des biblioth\u00e8ques acad\u00e9miques - Association des biblioth\u00e8ques de recherche du Canada<\/title>\n<meta name=\"robots\" content=\"index, follow, max-snippet:-1, max-image-preview:large, max-video-preview:-1\" \/>\n<link rel=\"canonical\" href=\"https:\/\/www.carl-abrc.ca\/fr\/accroitre-la-capacite\/ateliers-et-formation\/institut-de-leadership-des-bibliotheques-academiques\/\" \/>\n<meta property=\"og:locale\" content=\"fr_FR\" \/>\n<meta property=\"og:type\" content=\"article\" \/>\n<meta property=\"og:title\" content=\"Institut de leadership des biblioth\u00e8ques acad\u00e9miques - Association des biblioth\u00e8ques de recherche du Canada\" \/>\n<meta property=\"og:description\" content=\"L\u2019 Institut de leadership des biblioth\u00e8ques acad\u00e9miques de l\u2019ABRC a \u00e9t\u00e9 sp\u00e9cialement con\u00e7u pour les hautes directions de biblioth\u00e8ques acad\u00e9miques, afin de favoriser leur croissance afin qu\u2019ils soient bien plac\u00e9s [&hellip;]\" \/>\n<meta property=\"og:url\" content=\"https:\/\/www.carl-abrc.ca\/fr\/accroitre-la-capacite\/ateliers-et-formation\/institut-de-leadership-des-bibliotheques-academiques\/\" \/>\n<meta property=\"og:site_name\" content=\"Association des biblioth\u00e8ques de recherche du Canada\" \/>\n<meta property=\"article:modified_time\" content=\"2025-10-15T17:49:07+00:00\" \/>\n<meta property=\"og:image\" content=\"https:\/\/www.carl-abrc.ca\/wp-content\/uploads\/2025\/02\/IMG_6246-scaled-e1739559649716.jpg\" \/>\n<meta name=\"twitter:label1\" content=\"Dur\u00e9e de lecture estim\u00e9e\" \/>\n\t<meta name=\"twitter:data1\" content=\"2 minutes\" \/>\n<script type=\"application\/ld+json\" class=\"yoast-schema-graph\">{\"@context\":\"https:\\\/\\\/schema.org\",\"@graph\":[{\"@type\":\"WebPage\",\"@id\":\"https:\\\/\\\/www.carl-abrc.ca\\\/fr\\\/accroitre-la-capacite\\\/ateliers-et-formation\\\/institut-de-leadership-des-bibliotheques-academiques\\\/\",\"url\":\"https:\\\/\\\/www.carl-abrc.ca\\\/fr\\\/accroitre-la-capacite\\\/ateliers-et-formation\\\/institut-de-leadership-des-bibliotheques-academiques\\\/\",\"name\":\"Institut de leadership des biblioth\u00e8ques acad\u00e9miques - Association des biblioth\u00e8ques de recherche du Canada\",\"isPartOf\":{\"@id\":\"https:\\\/\\\/www.carl-abrc.ca\\\/fr\\\/#website\"},\"primaryImageOfPage\":{\"@id\":\"https:\\\/\\\/www.carl-abrc.ca\\\/fr\\\/accroitre-la-capacite\\\/ateliers-et-formation\\\/institut-de-leadership-des-bibliotheques-academiques\\\/#primaryimage\"},\"image\":{\"@id\":\"https:\\\/\\\/www.carl-abrc.ca\\\/fr\\\/accroitre-la-capacite\\\/ateliers-et-formation\\\/institut-de-leadership-des-bibliotheques-academiques\\\/#primaryimage\"},\"thumbnailUrl\":\"https:\\\/\\\/www.carl-abrc.ca\\\/wp-content\\\/uploads\\\/2025\\\/02\\\/IMG_6246-scaled-e1739559649716.jpg\",\"datePublished\":\"2022-04-01T14:08:52+00:00\",\"dateModified\":\"2025-10-15T17:49:07+00:00\",\"breadcrumb\":{\"@id\":\"https:\\\/\\\/www.carl-abrc.ca\\\/fr\\\/accroitre-la-capacite\\\/ateliers-et-formation\\\/institut-de-leadership-des-bibliotheques-academiques\\\/#breadcrumb\"},\"inLanguage\":\"fr-FR\",\"potentialAction\":[{\"@type\":\"ReadAction\",\"target\":[\"https:\\\/\\\/www.carl-abrc.ca\\\/fr\\\/accroitre-la-capacite\\\/ateliers-et-formation\\\/institut-de-leadership-des-bibliotheques-academiques\\\/\"]}]},{\"@type\":\"ImageObject\",\"inLanguage\":\"fr-FR\",\"@id\":\"https:\\\/\\\/www.carl-abrc.ca\\\/fr\\\/accroitre-la-capacite\\\/ateliers-et-formation\\\/institut-de-leadership-des-bibliotheques-academiques\\\/#primaryimage\",\"url\":\"https:\\\/\\\/www.carl-abrc.ca\\\/wp-content\\\/uploads\\\/2025\\\/02\\\/IMG_6246-scaled-e1739559649716.jpg\",\"contentUrl\":\"https:\\\/\\\/www.carl-abrc.ca\\\/wp-content\\\/uploads\\\/2025\\\/02\\\/IMG_6246-scaled-e1739559649716.jpg\"},{\"@type\":\"BreadcrumbList\",\"@id\":\"https:\\\/\\\/www.carl-abrc.ca\\\/fr\\\/accroitre-la-capacite\\\/ateliers-et-formation\\\/institut-de-leadership-des-bibliotheques-academiques\\\/#breadcrumb\",\"itemListElement\":[{\"@type\":\"ListItem\",\"position\":1,\"name\":\"Accueil\",\"item\":\"https:\\\/\\\/www.carl-abrc.ca\\\/fr\\\/home-3\\\/\"},{\"@type\":\"ListItem\",\"position\":2,\"name\":\"Accro\u00eetre la capacit\u00e9\",\"item\":\"https:\\\/\\\/www.carl-abrc.ca\\\/fr\\\/accroitre-la-capacite\\\/\"},{\"@type\":\"ListItem\",\"position\":3,\"name\":\"Ateliers et formation\",\"item\":\"https:\\\/\\\/www.carl-abrc.ca\\\/fr\\\/accroitre-la-capacite\\\/ateliers-et-formation\\\/\"},{\"@type\":\"ListItem\",\"position\":4,\"name\":\"Institut de leadership des biblioth\u00e8ques acad\u00e9miques\"}]},{\"@type\":\"WebSite\",\"@id\":\"https:\\\/\\\/www.carl-abrc.ca\\\/fr\\\/#website\",\"url\":\"https:\\\/\\\/www.carl-abrc.ca\\\/fr\\\/\",\"name\":\"Association des biblioth\u00e8ques de recherche du Canada\",\"description\":\"ABRC\",\"publisher\":{\"@id\":\"https:\\\/\\\/www.carl-abrc.ca\\\/fr\\\/#organization\"},\"potentialAction\":[{\"@type\":\"SearchAction\",\"target\":{\"@type\":\"EntryPoint\",\"urlTemplate\":\"https:\\\/\\\/www.carl-abrc.ca\\\/fr\\\/?s={search_term_string}\"},\"query-input\":{\"@type\":\"PropertyValueSpecification\",\"valueRequired\":true,\"valueName\":\"search_term_string\"}}],\"inLanguage\":\"fr-FR\"},{\"@type\":\"Organization\",\"@id\":\"https:\\\/\\\/www.carl-abrc.ca\\\/fr\\\/#organization\",\"name\":\"Association des biblioth\u00e8ques de recherche du Canada\",\"url\":\"https:\\\/\\\/www.carl-abrc.ca\\\/fr\\\/\",\"logo\":{\"@type\":\"ImageObject\",\"inLanguage\":\"fr-FR\",\"@id\":\"https:\\\/\\\/www.carl-abrc.ca\\\/fr\\\/#\\\/schema\\\/logo\\\/image\\\/\",\"url\":\"https:\\\/\\\/www.carl-abrc.ca\\\/wp-content\\\/uploads\\\/2024\\\/07\\\/cropped-Stacked_Colour_L.png\",\"contentUrl\":\"https:\\\/\\\/www.carl-abrc.ca\\\/wp-content\\\/uploads\\\/2024\\\/07\\\/cropped-Stacked_Colour_L.png\",\"width\":641,\"height\":250,\"caption\":\"Association des biblioth\u00e8ques de recherche du Canada\"},\"image\":{\"@id\":\"https:\\\/\\\/www.carl-abrc.ca\\\/fr\\\/#\\\/schema\\\/logo\\\/image\\\/\"},\"sameAs\":[\"https:\\\/\\\/x.com\\\/carlabrc\"]}]}<\/script>\n<!-- \/ Yoast SEO plugin. -->","yoast_head_json":{"title":"Institut de leadership des biblioth\u00e8ques acad\u00e9miques - Association des biblioth\u00e8ques de recherche du Canada","robots":{"index":"index","follow":"follow","max-snippet":"max-snippet:-1","max-image-preview":"max-image-preview:large","max-video-preview":"max-video-preview:-1"},"canonical":"https:\/\/www.carl-abrc.ca\/fr\/accroitre-la-capacite\/ateliers-et-formation\/institut-de-leadership-des-bibliotheques-academiques\/","og_locale":"fr_FR","og_type":"article","og_title":"Institut de leadership des biblioth\u00e8ques acad\u00e9miques - Association des biblioth\u00e8ques de recherche du Canada","og_description":"L\u2019 Institut de leadership des biblioth\u00e8ques acad\u00e9miques de l\u2019ABRC a \u00e9t\u00e9 sp\u00e9cialement con\u00e7u pour les hautes directions de biblioth\u00e8ques acad\u00e9miques, afin de favoriser leur croissance afin qu\u2019ils soient bien plac\u00e9s [&hellip;]","og_url":"https:\/\/www.carl-abrc.ca\/fr\/accroitre-la-capacite\/ateliers-et-formation\/institut-de-leadership-des-bibliotheques-academiques\/","og_site_name":"Association des biblioth\u00e8ques de recherche du Canada","article_modified_time":"2025-10-15T17:49:07+00:00","og_image":[{"url":"https:\/\/www.carl-abrc.ca\/wp-content\/uploads\/2025\/02\/IMG_6246-scaled-e1739559649716.jpg","type":"","width":"","height":""}],"twitter_misc":{"Dur\u00e9e de lecture estim\u00e9e":"2 minutes"},"schema":{"@context":"https:\/\/schema.org","@graph":[{"@type":"WebPage","@id":"https:\/\/www.carl-abrc.ca\/fr\/accroitre-la-capacite\/ateliers-et-formation\/institut-de-leadership-des-bibliotheques-academiques\/","url":"https:\/\/www.carl-abrc.ca\/fr\/accroitre-la-capacite\/ateliers-et-formation\/institut-de-leadership-des-bibliotheques-academiques\/","name":"Institut de leadership des biblioth\u00e8ques acad\u00e9miques - Association des biblioth\u00e8ques de recherche du Canada","isPartOf":{"@id":"https:\/\/www.carl-abrc.ca\/fr\/#website"},"primaryImageOfPage":{"@id":"https:\/\/www.carl-abrc.ca\/fr\/accroitre-la-capacite\/ateliers-et-formation\/institut-de-leadership-des-bibliotheques-academiques\/#primaryimage"},"image":{"@id":"https:\/\/www.carl-abrc.ca\/fr\/accroitre-la-capacite\/ateliers-et-formation\/institut-de-leadership-des-bibliotheques-academiques\/#primaryimage"},"thumbnailUrl":"https:\/\/www.carl-abrc.ca\/wp-content\/uploads\/2025\/02\/IMG_6246-scaled-e1739559649716.jpg","datePublished":"2022-04-01T14:08:52+00:00","dateModified":"2025-10-15T17:49:07+00:00","breadcrumb":{"@id":"https:\/\/www.carl-abrc.ca\/fr\/accroitre-la-capacite\/ateliers-et-formation\/institut-de-leadership-des-bibliotheques-academiques\/#breadcrumb"},"inLanguage":"fr-FR","potentialAction":[{"@type":"ReadAction","target":["https:\/\/www.carl-abrc.ca\/fr\/accroitre-la-capacite\/ateliers-et-formation\/institut-de-leadership-des-bibliotheques-academiques\/"]}]},{"@type":"ImageObject","inLanguage":"fr-FR","@id":"https:\/\/www.carl-abrc.ca\/fr\/accroitre-la-capacite\/ateliers-et-formation\/institut-de-leadership-des-bibliotheques-academiques\/#primaryimage","url":"https:\/\/www.carl-abrc.ca\/wp-content\/uploads\/2025\/02\/IMG_6246-scaled-e1739559649716.jpg","contentUrl":"https:\/\/www.carl-abrc.ca\/wp-content\/uploads\/2025\/02\/IMG_6246-scaled-e1739559649716.jpg"},{"@type":"BreadcrumbList","@id":"https:\/\/www.carl-abrc.ca\/fr\/accroitre-la-capacite\/ateliers-et-formation\/institut-de-leadership-des-bibliotheques-academiques\/#breadcrumb","itemListElement":[{"@type":"ListItem","position":1,"name":"Accueil","item":"https:\/\/www.carl-abrc.ca\/fr\/home-3\/"},{"@type":"ListItem","position":2,"name":"Accro\u00eetre la capacit\u00e9","item":"https:\/\/www.carl-abrc.ca\/fr\/accroitre-la-capacite\/"},{"@type":"ListItem","position":3,"name":"Ateliers et formation","item":"https:\/\/www.carl-abrc.ca\/fr\/accroitre-la-capacite\/ateliers-et-formation\/"},{"@type":"ListItem","position":4,"name":"Institut de leadership des biblioth\u00e8ques acad\u00e9miques"}]},{"@type":"WebSite","@id":"https:\/\/www.carl-abrc.ca\/fr\/#website","url":"https:\/\/www.carl-abrc.ca\/fr\/","name":"Association des biblioth\u00e8ques de recherche du Canada","description":"ABRC","publisher":{"@id":"https:\/\/www.carl-abrc.ca\/fr\/#organization"},"potentialAction":[{"@type":"SearchAction","target":{"@type":"EntryPoint","urlTemplate":"https:\/\/www.carl-abrc.ca\/fr\/?s={search_term_string}"},"query-input":{"@type":"PropertyValueSpecification","valueRequired":true,"valueName":"search_term_string"}}],"inLanguage":"fr-FR"},{"@type":"Organization","@id":"https:\/\/www.carl-abrc.ca\/fr\/#organization","name":"Association des biblioth\u00e8ques de recherche du Canada","url":"https:\/\/www.carl-abrc.ca\/fr\/","logo":{"@type":"ImageObject","inLanguage":"fr-FR","@id":"https:\/\/www.carl-abrc.ca\/fr\/#\/schema\/logo\/image\/","url":"https:\/\/www.carl-abrc.ca\/wp-content\/uploads\/2024\/07\/cropped-Stacked_Colour_L.png","contentUrl":"https:\/\/www.carl-abrc.ca\/wp-content\/uploads\/2024\/07\/cropped-Stacked_Colour_L.png","width":641,"height":250,"caption":"Association des biblioth\u00e8ques de recherche du Canada"},"image":{"@id":"https:\/\/www.carl-abrc.ca\/fr\/#\/schema\/logo\/image\/"},"sameAs":["https:\/\/x.com\/carlabrc"]}]}},"_links":{"self":[{"href":"https:\/\/www.carl-abrc.ca\/fr\/wp-json\/wp\/v2\/pages\/29761","targetHints":{"allow":["GET"]}}],"collection":[{"href":"https:\/\/www.carl-abrc.ca\/fr\/wp-json\/wp\/v2\/pages"}],"about":[{"href":"https:\/\/www.carl-abrc.ca\/fr\/wp-json\/wp\/v2\/types\/page"}],"author":[{"embeddable":true,"href":"https:\/\/www.carl-abrc.ca\/fr\/wp-json\/wp\/v2\/users\/63"}],"replies":[{"embeddable":true,"href":"https:\/\/www.carl-abrc.ca\/fr\/wp-json\/wp\/v2\/comments?post=29761"}],"version-history":[{"count":0,"href":"https:\/\/www.carl-abrc.ca\/fr\/wp-json\/wp\/v2\/pages\/29761\/revisions"}],"up":[{"embeddable":true,"href":"https:\/\/www.carl-abrc.ca\/fr\/wp-json\/wp\/v2\/pages\/1219"}],"wp:attachment":[{"href":"https:\/\/www.carl-abrc.ca\/fr\/wp-json\/wp\/v2\/media?parent=29761"}],"curies":[{"name":"wp","href":"https:\/\/api.w.org\/{rel}","templated":true}]}}