{"id":30743,"date":"2022-12-20T09:15:10","date_gmt":"2022-12-20T14:15:10","guid":{"rendered":"https:\/\/www.carl-abrc.ca\/?page_id=30743"},"modified":"2025-08-29T15:40:43","modified_gmt":"2025-08-29T19:40:43","slug":"expose-repercussions-prolongation-duree-droit-dauteur-canada","status":"publish","type":"page","link":"https:\/\/www.carl-abrc.ca\/fr\/influencer-les-politiques\/droit-dauteur\/expose-repercussions-prolongation-duree-droit-dauteur-canada\/","title":{"rendered":"Expos\u00e9 sur les r\u00e9percussions de la prolongation de la dur\u00e9e du droit d&rsquo;auteur au Canada"},"content":{"rendered":"<p>\u00c0 compter du 30\u00a0d\u00e9cembre, la dur\u00e9e du droit d&rsquo;auteur pour toute \u0153uvre litt\u00e9raire, dramatique, musicale et artistique au Canada passera de 50 \u00e0 70\u00a0ans apr\u00e8s l&rsquo;ann\u00e9e du d\u00e9c\u00e8s de l&rsquo;auteur. Par cons\u00e9quent, aucune nouvelle \u0153uvre n&rsquo;entrera dans le domaine public au cours des vingt prochaines ann\u00e9es.<\/p>\n<p>Un vaste et profond domaine public enrichit la vie sociale, politique, intellectuelle, culturelle et artistique de la population canadienne. Les \u0153uvres entrant dans le domaine public peuvent apporter des avantages \u00e9conomiques, car la plupart de ces \u0153uvres qui n&rsquo;ont pas \u00e9t\u00e9 disponibles commercialement pendant des d\u00e9cennies trouvent une nouvelle vie en entrant dans le domaine public.<a href=\"#_ftn1\" name=\"_ftnref1\"><sup>[1]<\/sup><\/a><\/p>\n<p>Les deux principaux enjeux de la prolongation de 20\u00a0ans de la dur\u00e9e du droit d&rsquo;auteur pour les \u0153uvres litt\u00e9raires sont la diminution du domaine public li\u00e9e au gel de deux d\u00e9cennies de l&rsquo;entr\u00e9e de nombreuses \u0153uvres dans ce domaine et les probl\u00e8mes connexes concernant l&rsquo;utilisation des \u0153uvres orphelines et des \u0153uvres hors commerce (ou l&rsquo;acc\u00e8s \u00e0 celles-ci). Ce dernier enjeu cr\u00e9e une charge suppl\u00e9mentaire pour les biblioth\u00e8ques, les archives et les mus\u00e9es (BAM). La plupart des \u0153uvres jadis publi\u00e9es par des auteurs maintenant d\u00e9c\u00e9d\u00e9s depuis des d\u00e9cennies ne sont plus disponibles aupr\u00e8s des d\u00e9tenteurs des droits (les \u00e9diteurs notamment)\u2009; elles sont donc difficiles \u00e0 trouver et risquent d&rsquo;\u00eatre d\u00e9finitivement perdues. De plus, le risque en mati\u00e8re de droits d&rsquo;auteur associ\u00e9 \u00e0 la num\u00e9risation, \u00e0 la pr\u00e9servation et au partage de ces \u0153uvres emp\u00eache les biblioth\u00e8ques de recherche de remplir leur mission envers leurs organisations respectives et la soci\u00e9t\u00e9 dans son ensemble.<\/p>\n<p>La prolongation imminente de la dur\u00e9e du droit d&rsquo;auteur est la plus r\u00e9cente d&rsquo;une s\u00e9rie de modifications l\u00e9gislatives du droit d&rsquo;auteur sans aucune mesure d&rsquo;att\u00e9nuation pour pr\u00e9venir la possible perte de mat\u00e9riel et contrebalancer les r\u00e9percussions culturelles n\u00e9gatives qui d\u00e9couleront du gel de l&rsquo;ajout de nouvelles \u0153uvres au domaine public.<a href=\"#_ftn2\" name=\"_ftnref2\"><sup>[2]<\/sup><\/a><\/p>\n<p>Il y a trois ans, le comit\u00e9 parlementaire charg\u00e9 de r\u00e9viser la <em>Loi sur le droit d&rsquo;auteur<\/em> a recommand\u00e9 la mise en place d&rsquo;un syst\u00e8me d&rsquo;enregistrement permettant de prolonger la dur\u00e9e du droit d&rsquo;auteur au-del\u00e0 de la dur\u00e9e actuelle pour \u00ab\u2009att\u00e9nuer certains des inconv\u00e9nients de la prolongation de la dur\u00e9e, promouvoir l&rsquo;enregistrement du droit d&rsquo;auteur et accro\u00eetre ainsi la transparence g\u00e9n\u00e9rale du syst\u00e8me du droit d&rsquo;auteur\u2009\u00bb.<a href=\"#_ftn3\" name=\"_ftnref3\"><sup>[3]<\/sup><\/a><\/p>\n<p>Le gouvernement du Canada a publi\u00e9 l&rsquo;ann\u00e9e derni\u00e8re un document de consultation qui proposait plusieurs options pour att\u00e9nuer les effets n\u00e9gatifs de la prolongation de la dur\u00e9e de vie.<a href=\"#_ftn4\" name=\"_ftnref4\"><sup>[4]<\/sup><\/a> Dans leur r\u00e9ponse \u00e0 ce document, l&rsquo;Association des biblioth\u00e8ques de recherche du Canada et la F\u00e9d\u00e9ration canadienne des associations de biblioth\u00e8ques ont approuv\u00e9, sous certaines conditions, les options sugg\u00e9r\u00e9es par le gouvernement concernant la mise en \u0153uvre d&rsquo;un syst\u00e8me d&rsquo;enregistrement et le soutien du travail des biblioth\u00e8ques par l&rsquo;\u00e9largissement des exceptions de violation. De plus, nous avons recommand\u00e9 les modifications suppl\u00e9mentaires de contrepoids \u00e0 la <em>Loi sur le droit d&rsquo;auteur\u00a0<\/em>:<a href=\"#_ftn5\" name=\"_ftnref5\"><sup>[5]<\/sup><\/a><\/p>\n<ul>\n<li>Modifier l&rsquo;article\u00a02 pour changer la d\u00e9finition du terme \u00ab\u2009accessible sur le march\u00e9\u2009\u00bb\u2009;<\/li>\n<li>Modifier l&rsquo;article\u00a029 pour que la liste des fins autoris\u00e9es en vertu de l&rsquo;exception d&rsquo;utilisation \u00e9quitable soit une liste illustrative plut\u00f4t qu&rsquo;une liste exhaustive\u2009;<\/li>\n<li>Pr\u00e9ciser qu&rsquo;aucune exception au droit d&rsquo;auteur ne peut faire l&rsquo;objet d&rsquo;une renonciation ou d&rsquo;une d\u00e9rogation contractuelle et que les mesures techniques de protection (MTP) peuvent \u00eatre contourn\u00e9es \u00e0 des fins ne constituant pas une violation\u2009;<\/li>\n<li>Abroger le paragraphe\u00a014 (1) ou, \u00e0 tout le moins, le modifier pour y inclure une clause selon laquelle le cr\u00e9ateur peut renoncer aux droits de r\u00e9version au moment de la cession du droit d&rsquo;auteur aux biblioth\u00e8ques, aux archives et aux mus\u00e9es\u2009;<\/li>\n<li>\u00c9tablir un r\u00e9gime de responsabilit\u00e9 limit\u00e9e pour les biblioth\u00e8ques, les archives et les mus\u00e9es pour l&rsquo;utilisation d&rsquo;\u0153uvres orphelines, non publi\u00e9es et hors commerce.<\/li>\n<\/ul>\n<p>Les mesures d&rsquo;att\u00e9nuation, notamment la mise en place d&rsquo;un syst\u00e8me d&rsquo;enregistrement des 20\u00a0derni\u00e8res ann\u00e9es de protection, sont essentielles pour compenser ce qui aura un impact n\u00e9gatif pour une grande partie de la population canadienne. L&rsquo;acc\u00e8s du public aux \u0153uvres litt\u00e9raires est limit\u00e9 lorsque les \u0153uvres sont \u00e9puis\u00e9es, orphelines, non num\u00e9ris\u00e9es ou indisponibles d&rsquo;une mani\u00e8re quelconque\u2009; une prolongation de la dur\u00e9e du droit d&rsquo;auteur exacerbe cette probl\u00e9matique.<\/p>\n<p>Le gouvernement f\u00e9d\u00e9ral doit examiner comment cette prolongation de la dur\u00e9e modifie consid\u00e9rablement l&rsquo;\u00e9quilibre entre la protection du droit d&rsquo;auteur profitant \u00e0 quelques soci\u00e9t\u00e9s multinationales et le bien public.<\/p>\n<p>L&rsquo;ABRC s&rsquo;engage \u00e0 poursuivre son travail avec le gouvernement f\u00e9d\u00e9ral pour faire en sorte que la l\u00e9gislation sur le droit d&rsquo;auteur soit \u00e9quitable pour les utilisateurs et g\u00e9rable pour les biblioth\u00e8ques. Nous esp\u00e9rons que les mesures prises comprendront l&rsquo;\u00e9laboration conjointe de ressources \u00e9ducatives visant \u00e0 renseigner le personnel des biblioth\u00e8ques et le public sur ces modifications l\u00e9gislatives.<\/p>\n<p>L&rsquo;ABRC compte parmi ses membres les vingt-neuf plus grandes biblioth\u00e8ques universitaires du Canada. L&rsquo;am\u00e9lioration de la recherche et de l&rsquo;enseignement sup\u00e9rieur est au c\u0153ur de sa mission. L&rsquo;ABRC renforce la capacit\u00e9 de soutenir cette mission et favorise une communication savante efficace p\u00e9renne et une politique publique permettant un grand acc\u00e8s \u00e0 l&rsquo;information savante.<\/p>\n<p>&#8212;&#8212;&#8212;&#8212;&#8212;&#8212;-<\/p>\n<p><span style=\"font-size: 10pt;\"><a href=\"#_ftnref1\" name=\"_ftn1\"><sup>[1]<\/sup><\/a> Voir Lepan, D. \u201cA Brief Submitted to the Standing Committee on Industry, Science and Technology: Copyright and the Fifty Year Rule\u201d, 2018, p. 3, <a href=\"https:\/\/www.ourcommons.ca\/Content\/Committee\/421\/INDU\/Brief\/BR10008280\/br-external\/LePanDon-e.pdf\">https:\/\/www.ourcommons.ca\/Content\/Committee\/421\/INDU\/Brief\/BR10008280\/br-external\/LePanDon-e.pdf<\/a> et Flynn, J., R. Giblin &amp; F. Petitjean, \u201cWhat Happens When Books Enter the Public Domain? Testing Copyright\u2019s Underuse Hypothesis across Australia, New Zealand, The United States and Canada\u201d, UNSW LJ, 2019, 42(4), <a href=\"http:\/\/www.unswlawjournal.unsw.edu.au\/wp-content\/uploads\/2019\/11\/3-Flynn-Giblin-and-Petitjean.pdf\">http:\/\/www.unswlawjournal.unsw.edu.au\/wp-content\/uploads\/2019\/11\/3-Flynn-Giblin-and-Petitjean.pdf<\/a> .<\/span><\/p>\n<p><span style=\"font-size: 10pt;\"><a href=\"#_ftnref2\" name=\"_ftn2\"><sup>[2]<\/sup><\/a> Changements l\u00e9gislatifs en 2015 (Loi portant ex\u00e9cution de certaines dispositions du budget. SC 2015, C-59, a81-82, <a href=\"https:\/\/www.parl.ca\/DocumentViewer\/fr\/41-2\/projet-loi\/C-59\/sanction-royal\/page-161#11\">https:\/\/www.parl.ca\/DocumentViewer\/fr\/41-2\/projet-loi\/C-59\/sanction-royal\/page-161#11<\/a>) \u00a0et 2020 (Loi portant mise en \u0153uvre de l&rsquo;Accord entre le Canada, les \u00c9tats-Unis d&rsquo;Am\u00e9rique et les \u00c9tats-Unis du Mexique, SC 2020, a23-33, ) li\u00e9s aux modalit\u00e9s du droit d&rsquo;auteur comprenant des prolongations de 25 \u00e0 50 ans pour les \u0153uvres anonymes, pseudonymes et cin\u00e9matographiques ainsi que pour les enregistrements sonores et les prestations des artistes-interpr\u00e8tes.<\/span><\/p>\n<p><span style=\"font-size: 10pt;\"><a href=\"#_ftnref3\" name=\"_ftn3\"><sup>[3]<\/sup><\/a> Voir la recommandation 6, Rapport du Comit\u00e9 permanent de l&rsquo;industrie, des sciences et de la technologie. Examen statutaire de la Loi sur le droit d&rsquo;auteur. Juin 2019. <a href=\"https:\/\/www.noscommunes.ca\/DocumentViewer\/fr\/42-1\/INDU\/rapport-16\">https:\/\/www.noscommunes.ca\/DocumentViewer\/fr\/42-1\/INDU\/rapport-16<\/a><\/span><\/p>\n<p><span style=\"font-size: 10pt;\"><a href=\"#_ftnref4\" name=\"_ftn4\"><sup>[4]<\/sup><\/a> Voir le Document relatif \u00e0 la consultation sur la fa\u00e7on de mettre en \u0153uvre la prolongation de la dur\u00e9e de protection g\u00e9n\u00e9rale du droit d\u2019auteur au Canada, Innovations, Science et D\u00e9veloppement \u00e9conomique Canada. Mars 2021.<\/span><\/p>\n<p><span style=\"font-size: 10pt;\"><a href=\"https:\/\/ised-isde.canada.ca\/site\/secteur-politique-strategique\/fr\/politique-dencadrement-marche\/politique-droit-dauteur\/document-relatif-consultation-facon-mettre-oeuvre-prolongation-duree-protection-generale-droit\">https:\/\/ised-isde.canada.ca\/site\/secteur-politique-strategique\/fr\/politique-dencadrement-marche\/politique-droit-dauteur\/document-relatif-consultation-facon-mettre-oeuvre-prolongation-duree-protection-generale-droit<\/a>. \u00a0\u00a0<\/span><\/p>\n<p><span style=\"font-size: 10pt;\"><a href=\"#_ftnref5\" name=\"_ftn5\"><sup>[5]<\/sup><\/a> Voir R\u00e9ponse conjointe \u00e0 la consultation sur la prolongation de la dur\u00e9e du droit d&rsquo;auteur, F\u00e9d\u00e9ration canadienne des associations de biblioth\u00e8ques et Association canadienne des biblioth\u00e8ques de recherche. 29 mars 2021. <\/span><a href=\"https:\/\/www.carl-abrc.ca\/wp-content\/uploads\/2021\/03\/CFLA-CARL_Joint_Response_to_Consultation_on_Copyright_Term_Extension.pdf\"><span style=\"font-size: 10pt;\">https:\/\/www.carl-abrc.ca\/wp-content\/uploads\/2021\/03\/CFLA-CARL_Joint_Response_to_Consultation_on_C<\/span>opyright_Term_Extension.pdf<\/a><\/p>\n","protected":false},"excerpt":{"rendered":"<p>\u00c0 compter du 30\u00a0d\u00e9cembre, la dur\u00e9e du droit d&rsquo;auteur pour toute \u0153uvre litt\u00e9raire, dramatique, musicale et artistique au Canada passera de 50 \u00e0 70\u00a0ans apr\u00e8s l&rsquo;ann\u00e9e du d\u00e9c\u00e8s de l&rsquo;auteur. [&hellip;]<\/p>\n","protected":false},"author":5,"featured_media":0,"parent":1318,"menu_order":0,"comment_status":"closed","ping_status":"closed","template":"","meta":{"_acf_changed":false,"_EventAllDay":false,"_EventTimezone":"","_EventStartDate":"","_EventEndDate":"","_EventStartDateUTC":"","_EventEndDateUTC":"","_EventShowMap":false,"_EventShowMapLink":false,"_EventURL":"","_EventCost":"","_EventCostDescription":"","_EventCurrencySymbol":"","_EventCurrencyCode":"","_EventCurrencyPosition":"","_EventDateTimeSeparator":"","_EventTimeRangeSeparator":"","_EventOrganizerID":[],"_EventVenueID":[],"_OrganizerEmail":"","_OrganizerPhone":"","_OrganizerWebsite":"","_VenueAddress":"","_VenueCity":"","_VenueCountry":"","_VenueProvince":"","_VenueState":"","_VenueZip":"","_VenuePhone":"","_VenueURL":"","_VenueStateProvince":"","_VenueLat":"","_VenueLng":"","_VenueShowMap":false,"_VenueShowMapLink":false,"footnotes":""},"class_list":["post-30743","page","type-page","status-publish","hentry"],"acf":[],"yoast_head":"<!-- This site is optimized with the Yoast SEO plugin v27.5 - https:\/\/yoast.com\/product\/yoast-seo-wordpress\/ -->\n<title>Expos\u00e9 sur les r\u00e9percussions de la prolongation de la dur\u00e9e du droit d&#039;auteur au Canada - Association des biblioth\u00e8ques de recherche du Canada<\/title>\n<meta name=\"robots\" content=\"index, follow, max-snippet:-1, max-image-preview:large, max-video-preview:-1\" \/>\n<link rel=\"canonical\" href=\"https:\/\/www.carl-abrc.ca\/fr\/influencer-les-politiques\/droit-dauteur\/expose-repercussions-prolongation-duree-droit-dauteur-canada\/\" \/>\n<meta property=\"og:locale\" content=\"fr_FR\" \/>\n<meta property=\"og:type\" content=\"article\" \/>\n<meta property=\"og:title\" content=\"Expos\u00e9 sur les r\u00e9percussions de la prolongation de la dur\u00e9e du droit d&#039;auteur au Canada - Association des biblioth\u00e8ques de recherche du Canada\" \/>\n<meta property=\"og:description\" content=\"\u00c0 compter du 30\u00a0d\u00e9cembre, la dur\u00e9e du droit d&rsquo;auteur pour toute \u0153uvre litt\u00e9raire, dramatique, musicale et artistique au Canada passera de 50 \u00e0 70\u00a0ans apr\u00e8s l&rsquo;ann\u00e9e du d\u00e9c\u00e8s de l&rsquo;auteur. [&hellip;]\" \/>\n<meta property=\"og:url\" content=\"https:\/\/www.carl-abrc.ca\/fr\/influencer-les-politiques\/droit-dauteur\/expose-repercussions-prolongation-duree-droit-dauteur-canada\/\" \/>\n<meta property=\"og:site_name\" content=\"Association des biblioth\u00e8ques de recherche du Canada\" \/>\n<meta property=\"article:modified_time\" content=\"2025-08-29T19:40:43+00:00\" \/>\n<meta name=\"twitter:label1\" content=\"Dur\u00e9e de lecture estim\u00e9e\" \/>\n\t<meta name=\"twitter:data1\" content=\"5 minutes\" \/>\n<script type=\"application\/ld+json\" class=\"yoast-schema-graph\">{\"@context\":\"https:\\\/\\\/schema.org\",\"@graph\":[{\"@type\":\"WebPage\",\"@id\":\"https:\\\/\\\/www.carl-abrc.ca\\\/fr\\\/influencer-les-politiques\\\/droit-dauteur\\\/expose-repercussions-prolongation-duree-droit-dauteur-canada\\\/\",\"url\":\"https:\\\/\\\/www.carl-abrc.ca\\\/fr\\\/influencer-les-politiques\\\/droit-dauteur\\\/expose-repercussions-prolongation-duree-droit-dauteur-canada\\\/\",\"name\":\"Expos\u00e9 sur les r\u00e9percussions de la prolongation de la dur\u00e9e du droit d'auteur au Canada - Association des biblioth\u00e8ques de recherche du Canada\",\"isPartOf\":{\"@id\":\"https:\\\/\\\/www.carl-abrc.ca\\\/fr\\\/#website\"},\"datePublished\":\"2022-12-20T14:15:10+00:00\",\"dateModified\":\"2025-08-29T19:40:43+00:00\",\"breadcrumb\":{\"@id\":\"https:\\\/\\\/www.carl-abrc.ca\\\/fr\\\/influencer-les-politiques\\\/droit-dauteur\\\/expose-repercussions-prolongation-duree-droit-dauteur-canada\\\/#breadcrumb\"},\"inLanguage\":\"fr-FR\",\"potentialAction\":[{\"@type\":\"ReadAction\",\"target\":[\"https:\\\/\\\/www.carl-abrc.ca\\\/fr\\\/influencer-les-politiques\\\/droit-dauteur\\\/expose-repercussions-prolongation-duree-droit-dauteur-canada\\\/\"]}]},{\"@type\":\"BreadcrumbList\",\"@id\":\"https:\\\/\\\/www.carl-abrc.ca\\\/fr\\\/influencer-les-politiques\\\/droit-dauteur\\\/expose-repercussions-prolongation-duree-droit-dauteur-canada\\\/#breadcrumb\",\"itemListElement\":[{\"@type\":\"ListItem\",\"position\":1,\"name\":\"Accueil\",\"item\":\"https:\\\/\\\/www.carl-abrc.ca\\\/fr\\\/home-3\\\/\"},{\"@type\":\"ListItem\",\"position\":2,\"name\":\"Influencer les politiques\",\"item\":\"https:\\\/\\\/www.carl-abrc.ca\\\/fr\\\/influencer-les-politiques\\\/\"},{\"@type\":\"ListItem\",\"position\":3,\"name\":\"Droit d\u2019auteur\",\"item\":\"https:\\\/\\\/www.carl-abrc.ca\\\/fr\\\/influencer-les-politiques\\\/droit-dauteur\\\/\"},{\"@type\":\"ListItem\",\"position\":4,\"name\":\"Expos\u00e9 sur les r\u00e9percussions de la prolongation de la dur\u00e9e du droit d&rsquo;auteur au Canada\"}]},{\"@type\":\"WebSite\",\"@id\":\"https:\\\/\\\/www.carl-abrc.ca\\\/fr\\\/#website\",\"url\":\"https:\\\/\\\/www.carl-abrc.ca\\\/fr\\\/\",\"name\":\"Association des biblioth\u00e8ques de recherche du Canada\",\"description\":\"ABRC\",\"publisher\":{\"@id\":\"https:\\\/\\\/www.carl-abrc.ca\\\/fr\\\/#organization\"},\"potentialAction\":[{\"@type\":\"SearchAction\",\"target\":{\"@type\":\"EntryPoint\",\"urlTemplate\":\"https:\\\/\\\/www.carl-abrc.ca\\\/fr\\\/?s={search_term_string}\"},\"query-input\":{\"@type\":\"PropertyValueSpecification\",\"valueRequired\":true,\"valueName\":\"search_term_string\"}}],\"inLanguage\":\"fr-FR\"},{\"@type\":\"Organization\",\"@id\":\"https:\\\/\\\/www.carl-abrc.ca\\\/fr\\\/#organization\",\"name\":\"Association des biblioth\u00e8ques de recherche du Canada\",\"url\":\"https:\\\/\\\/www.carl-abrc.ca\\\/fr\\\/\",\"logo\":{\"@type\":\"ImageObject\",\"inLanguage\":\"fr-FR\",\"@id\":\"https:\\\/\\\/www.carl-abrc.ca\\\/fr\\\/#\\\/schema\\\/logo\\\/image\\\/\",\"url\":\"https:\\\/\\\/www.carl-abrc.ca\\\/wp-content\\\/uploads\\\/2024\\\/07\\\/cropped-Stacked_Colour_L.png\",\"contentUrl\":\"https:\\\/\\\/www.carl-abrc.ca\\\/wp-content\\\/uploads\\\/2024\\\/07\\\/cropped-Stacked_Colour_L.png\",\"width\":641,\"height\":250,\"caption\":\"Association des biblioth\u00e8ques de recherche du Canada\"},\"image\":{\"@id\":\"https:\\\/\\\/www.carl-abrc.ca\\\/fr\\\/#\\\/schema\\\/logo\\\/image\\\/\"},\"sameAs\":[\"https:\\\/\\\/x.com\\\/carlabrc\"]}]}<\/script>\n<!-- \/ Yoast SEO plugin. -->","yoast_head_json":{"title":"Expos\u00e9 sur les r\u00e9percussions de la prolongation de la dur\u00e9e du droit d'auteur au Canada - Association des biblioth\u00e8ques de recherche du Canada","robots":{"index":"index","follow":"follow","max-snippet":"max-snippet:-1","max-image-preview":"max-image-preview:large","max-video-preview":"max-video-preview:-1"},"canonical":"https:\/\/www.carl-abrc.ca\/fr\/influencer-les-politiques\/droit-dauteur\/expose-repercussions-prolongation-duree-droit-dauteur-canada\/","og_locale":"fr_FR","og_type":"article","og_title":"Expos\u00e9 sur les r\u00e9percussions de la prolongation de la dur\u00e9e du droit d'auteur au Canada - Association des biblioth\u00e8ques de recherche du Canada","og_description":"\u00c0 compter du 30\u00a0d\u00e9cembre, la dur\u00e9e du droit d&rsquo;auteur pour toute \u0153uvre litt\u00e9raire, dramatique, musicale et artistique au Canada passera de 50 \u00e0 70\u00a0ans apr\u00e8s l&rsquo;ann\u00e9e du d\u00e9c\u00e8s de l&rsquo;auteur. [&hellip;]","og_url":"https:\/\/www.carl-abrc.ca\/fr\/influencer-les-politiques\/droit-dauteur\/expose-repercussions-prolongation-duree-droit-dauteur-canada\/","og_site_name":"Association des biblioth\u00e8ques de recherche du Canada","article_modified_time":"2025-08-29T19:40:43+00:00","twitter_misc":{"Dur\u00e9e de lecture estim\u00e9e":"5 minutes"},"schema":{"@context":"https:\/\/schema.org","@graph":[{"@type":"WebPage","@id":"https:\/\/www.carl-abrc.ca\/fr\/influencer-les-politiques\/droit-dauteur\/expose-repercussions-prolongation-duree-droit-dauteur-canada\/","url":"https:\/\/www.carl-abrc.ca\/fr\/influencer-les-politiques\/droit-dauteur\/expose-repercussions-prolongation-duree-droit-dauteur-canada\/","name":"Expos\u00e9 sur les r\u00e9percussions de la prolongation de la dur\u00e9e du droit d'auteur au Canada - Association des biblioth\u00e8ques de recherche du Canada","isPartOf":{"@id":"https:\/\/www.carl-abrc.ca\/fr\/#website"},"datePublished":"2022-12-20T14:15:10+00:00","dateModified":"2025-08-29T19:40:43+00:00","breadcrumb":{"@id":"https:\/\/www.carl-abrc.ca\/fr\/influencer-les-politiques\/droit-dauteur\/expose-repercussions-prolongation-duree-droit-dauteur-canada\/#breadcrumb"},"inLanguage":"fr-FR","potentialAction":[{"@type":"ReadAction","target":["https:\/\/www.carl-abrc.ca\/fr\/influencer-les-politiques\/droit-dauteur\/expose-repercussions-prolongation-duree-droit-dauteur-canada\/"]}]},{"@type":"BreadcrumbList","@id":"https:\/\/www.carl-abrc.ca\/fr\/influencer-les-politiques\/droit-dauteur\/expose-repercussions-prolongation-duree-droit-dauteur-canada\/#breadcrumb","itemListElement":[{"@type":"ListItem","position":1,"name":"Accueil","item":"https:\/\/www.carl-abrc.ca\/fr\/home-3\/"},{"@type":"ListItem","position":2,"name":"Influencer les politiques","item":"https:\/\/www.carl-abrc.ca\/fr\/influencer-les-politiques\/"},{"@type":"ListItem","position":3,"name":"Droit d\u2019auteur","item":"https:\/\/www.carl-abrc.ca\/fr\/influencer-les-politiques\/droit-dauteur\/"},{"@type":"ListItem","position":4,"name":"Expos\u00e9 sur les r\u00e9percussions de la prolongation de la dur\u00e9e du droit d&rsquo;auteur au Canada"}]},{"@type":"WebSite","@id":"https:\/\/www.carl-abrc.ca\/fr\/#website","url":"https:\/\/www.carl-abrc.ca\/fr\/","name":"Association des biblioth\u00e8ques de recherche du Canada","description":"ABRC","publisher":{"@id":"https:\/\/www.carl-abrc.ca\/fr\/#organization"},"potentialAction":[{"@type":"SearchAction","target":{"@type":"EntryPoint","urlTemplate":"https:\/\/www.carl-abrc.ca\/fr\/?s={search_term_string}"},"query-input":{"@type":"PropertyValueSpecification","valueRequired":true,"valueName":"search_term_string"}}],"inLanguage":"fr-FR"},{"@type":"Organization","@id":"https:\/\/www.carl-abrc.ca\/fr\/#organization","name":"Association des biblioth\u00e8ques de recherche du Canada","url":"https:\/\/www.carl-abrc.ca\/fr\/","logo":{"@type":"ImageObject","inLanguage":"fr-FR","@id":"https:\/\/www.carl-abrc.ca\/fr\/#\/schema\/logo\/image\/","url":"https:\/\/www.carl-abrc.ca\/wp-content\/uploads\/2024\/07\/cropped-Stacked_Colour_L.png","contentUrl":"https:\/\/www.carl-abrc.ca\/wp-content\/uploads\/2024\/07\/cropped-Stacked_Colour_L.png","width":641,"height":250,"caption":"Association des biblioth\u00e8ques de recherche du Canada"},"image":{"@id":"https:\/\/www.carl-abrc.ca\/fr\/#\/schema\/logo\/image\/"},"sameAs":["https:\/\/x.com\/carlabrc"]}]}},"_links":{"self":[{"href":"https:\/\/www.carl-abrc.ca\/fr\/wp-json\/wp\/v2\/pages\/30743","targetHints":{"allow":["GET"]}}],"collection":[{"href":"https:\/\/www.carl-abrc.ca\/fr\/wp-json\/wp\/v2\/pages"}],"about":[{"href":"https:\/\/www.carl-abrc.ca\/fr\/wp-json\/wp\/v2\/types\/page"}],"author":[{"embeddable":true,"href":"https:\/\/www.carl-abrc.ca\/fr\/wp-json\/wp\/v2\/users\/5"}],"replies":[{"embeddable":true,"href":"https:\/\/www.carl-abrc.ca\/fr\/wp-json\/wp\/v2\/comments?post=30743"}],"version-history":[{"count":0,"href":"https:\/\/www.carl-abrc.ca\/fr\/wp-json\/wp\/v2\/pages\/30743\/revisions"}],"up":[{"embeddable":true,"href":"https:\/\/www.carl-abrc.ca\/fr\/wp-json\/wp\/v2\/pages\/1318"}],"wp:attachment":[{"href":"https:\/\/www.carl-abrc.ca\/fr\/wp-json\/wp\/v2\/media?parent=30743"}],"curies":[{"name":"wp","href":"https:\/\/api.w.org\/{rel}","templated":true}]}}