{"id":31135,"date":"2023-03-06T15:08:51","date_gmt":"2023-03-06T20:08:51","guid":{"rendered":"https:\/\/www.carl-abrc.ca\/?page_id=31135"},"modified":"2026-03-11T12:32:27","modified_gmt":"2026-03-11T16:32:27","slug":"bibliometrie-et-limpact-de-la-recherche","status":"publish","type":"page","link":"https:\/\/www.carl-abrc.ca\/fr\/faire-avancer-la-recherche\/communication-savante\/bibliometrie-et-limpact-de-la-recherche\/","title":{"rendered":"Communaut\u00e9 de pratique pour la bibliom\u00e9trie et l&rsquo;impact de la recherche"},"content":{"rendered":"\t\t<div data-elementor-type=\"wp-page\" data-elementor-id=\"31135\" class=\"elementor elementor-31135 elementor-31133\">\n\t\t\t\t<div class=\"elementor-element elementor-element-0286467 e-flex e-con-boxed e-con e-parent\" data-id=\"0286467\" data-element_type=\"container\" data-e-type=\"container\">\n\t\t\t\t\t<div class=\"e-con-inner\">\n\t\t<div class=\"elementor-element elementor-element-12918d4 e-con-full e-flex elementor-invisible e-con e-child\" data-id=\"12918d4\" data-element_type=\"container\" data-e-type=\"container\" data-settings=\"{&quot;animation&quot;:&quot;slideInLeft&quot;,&quot;animation_tablet&quot;:&quot;none&quot;}\">\n\t\t\t\t<div class=\"elementor-element elementor-element-1f706a1 elementor-widget__width-initial elementor-widget elementor-widget-text-editor\" data-id=\"1f706a1\" data-element_type=\"widget\" data-e-type=\"widget\" data-widget_type=\"text-editor.default\">\n\t\t\t\t<div class=\"elementor-widget-container\">\n\t\t\t\t\t\t\t\t\t<p>\u00c9tablie en 2023, la Communaut\u00e9 de pratique (CdP) sur la bibliom\u00e9trie et l\u2019impact de la recherche r\u00e9unit des biblioth\u00e9caires et d\u2019autres coll\u00e8gues d\u2019\u00e9tablissements universitaires canadiens qui travaillent ou s\u2019int\u00e9ressent aux domaines de la bibliom\u00e9trie et de l\u2019\u00e9valuation de l\u2019impact de la recherche. Les objectifs de la CdP sont de partager l\u2019information et de d\u00e9velopper l\u2019expertise et la capacit\u00e9 \u00e0 travers le Canada en mettant en contact les coll\u00e8gues int\u00e9ress\u00e9s par les outils bibliom\u00e9triques, les donn\u00e9es, la gouvernance, la gestion ou l\u2019administration par le biais de r\u00e9unions, d\u2019ateliers, d\u2019appels communautaires et de partage informel d\u2019information. Les activit\u00e9s de la CdP sont coordonn\u00e9es par le Comit\u00e9 directeur de la communaut\u00e9, qui facilite et guide ses actions et ses orientations.\u00a0<\/p>\t\t\t\t\t\t\t\t<\/div>\n\t\t\t\t<\/div>\n\t\t\t\t<div class=\"elementor-element elementor-element-cda0b98 elementor-widget elementor-widget-heading\" data-id=\"cda0b98\" data-element_type=\"widget\" data-e-type=\"widget\" data-widget_type=\"heading.default\">\n\t\t\t\t<div class=\"elementor-widget-container\">\n\t\t\t\t\t<h2 class=\"elementor-heading-title elementor-size-default\">Rejoindre la communaut\u00e9 !<\/h2>\t\t\t\t<\/div>\n\t\t\t\t<\/div>\n\t\t\t\t<div class=\"elementor-element elementor-element-03952da elementor-widget elementor-widget-text-editor\" data-id=\"03952da\" data-element_type=\"widget\" data-e-type=\"widget\" data-widget_type=\"text-editor.default\">\n\t\t\t\t<div class=\"elementor-widget-container\">\n\t\t\t\t\t\t\t\t\t<p style=\"text-align: left;\">Pour vous joindre \u00e0 cette communaut\u00e9 de pratique et vous tenir au courant des \u00e9v\u00e9nements \u00e0 venir et des activit\u00e9s en cours du groupe,\u00a0inscrivez-vous \u00e0\u00a0<strong>BIBLIOMET-CARL-L<\/strong>\u00a0, la liste de discussion sur la bibliom\u00e9trie et l\u2019impact de la recherche. Cette liste de diffusion par courrier \u00e9lectronique est ouverte \u00e0 toute personne travaillant ou int\u00e9ress\u00e9e par les domaines de la bibliom\u00e9trie et de l\u2019\u00e9valuation de l\u2019impact de la recherche, dans le but de faciliter la communication, le partage d\u2019informations et la discussion.<\/p><p style=\"text-align: left;\"><strong><a href=\"https:\/\/listserv.uottawa.ca\/scripts\/wa.exe?SUBED1=BIBLIOMET-CARL-L&amp;A=1\" target=\"_blank\" rel=\"noopener\">-&gt; Rejoindre la Communaut\u00e9 de pratique<\/a><\/strong><\/p>\t\t\t\t\t\t\t\t<\/div>\n\t\t\t\t<\/div>\n\t\t\t\t<div class=\"elementor-element elementor-element-77b22ab elementor-widget elementor-widget-heading\" data-id=\"77b22ab\" data-element_type=\"widget\" data-e-type=\"widget\" data-widget_type=\"heading.default\">\n\t\t\t\t<div class=\"elementor-widget-container\">\n\t\t\t\t\t<h2 class=\"elementor-heading-title elementor-size-default\">Groupe de lecture<\/h2>\t\t\t\t<\/div>\n\t\t\t\t<\/div>\n\t\t\t\t<div class=\"elementor-element elementor-element-995e7d8 elementor-widget elementor-widget-text-editor\" data-id=\"995e7d8\" data-element_type=\"widget\" data-e-type=\"widget\" data-widget_type=\"text-editor.default\">\n\t\t\t\t<div class=\"elementor-widget-container\">\n\t\t\t\t\t\t\t\t\t<p>La communaut\u00e9 de pratique organise \u00e9galement un groupe de lecture chaque trimestre. Lors de chaque r\u00e9union, les participants discutent de mani\u00e8re conviviale d\u2019un document sp\u00e9cifique qui a \u00e9t\u00e9 s\u00e9lectionn\u00e9 pour sa pertinence et son int\u00e9r\u00eat pour la bibliom\u00e9trie et l\u2019impact de la recherche. Pour recevoir les invitations aux r\u00e9unions du groupe de lecture et les communications y aff\u00e9rentes, vous pouvez contacter Philippe Boisvert \u00e0 l\u2019adresse suivante : <a class=\"mail-link\" href=\"mailto:philippe.boisvert@bibl.ulaval.ca\" data-enc-email=\"cuvyvccr.obvfireg[at]ovoy.hyniny.pn\" data-wpel-link=\"ignore\"><span id=\"eeb-215139-587389\">philippe.boisvert@bibl.ulaval.ca.<\/span><\/a><\/p><p><a href=\"https:\/\/www.carl-abrc.ca\/fr\/faire-avancer-la-recherche\/communication-savante\/bibliometrie-et-limpact-de-la-recherche\/groupe-de-lecture-sur-la-bibliometrie-et-limpact-de-la-recherche\/\">-&gt; En savoir plus sur le groupe de lecture<\/a><\/p>\t\t\t\t\t\t\t\t<\/div>\n\t\t\t\t<\/div>\n\t\t\t\t<\/div>\n\t\t<div class=\"elementor-element elementor-element-9442734 e-con-full e-flex elementor-invisible e-con e-child\" data-id=\"9442734\" data-element_type=\"container\" data-e-type=\"container\" data-settings=\"{&quot;animation&quot;:&quot;slideInRight&quot;,&quot;animation_tablet&quot;:&quot;none&quot;}\">\n\t\t\t\t<div class=\"elementor-element elementor-element-d994a6d elementor-align-justify elementor-widget elementor-widget-button\" data-id=\"d994a6d\" data-element_type=\"widget\" data-e-type=\"widget\" data-widget_type=\"button.default\">\n\t\t\t\t<div class=\"elementor-widget-container\">\n\t\t\t\t\t\t\t\t\t<div class=\"elementor-button-wrapper\">\n\t\t\t\t\t<a class=\"elementor-button elementor-button-link elementor-size-sm\" href=\"https:\/\/docs.google.com\/document\/d\/e\/2PACX-1vSi_7YbAVDf8vTTkwKLG5ZhJTPjf-ri4fFc5ao04Rqj67pdNLe9GrOd4UVaoW1yhAe-1KqYymbE3f-6\/pub\">\n\t\t\t\t\t\t<span class=\"elementor-button-content-wrapper\">\n\t\t\t\t\t\t<span class=\"elementor-button-icon\">\n\t\t\t\t<svg aria-hidden=\"true\" class=\"e-font-icon-svg e-fas-file-download\" viewBox=\"0 0 384 512\" xmlns=\"http:\/\/www.w3.org\/2000\/svg\"><path d=\"M224 136V0H24C10.7 0 0 10.7 0 24v464c0 13.3 10.7 24 24 24h336c13.3 0 24-10.7 24-24V160H248c-13.2 0-24-10.8-24-24zm76.45 211.36l-96.42 95.7c-6.65 6.61-17.39 6.61-24.04 0l-96.42-95.7C73.42 337.29 80.54 320 94.82 320H160v-80c0-8.84 7.16-16 16-16h32c8.84 0 16 7.16 16 16v80h65.18c14.28 0 21.4 17.29 11.27 27.36zM377 105L279.1 7c-4.5-4.5-10.6-7-17-7H256v128h128v-6.1c0-6.3-2.5-12.4-7-16.9z\"><\/path><\/svg>\t\t\t<\/span>\n\t\t\t\t\t\t\t\t\t<span class=\"elementor-button-text\">Mandat<\/span>\n\t\t\t\t\t<\/span>\n\t\t\t\t\t<\/a>\n\t\t\t\t<\/div>\n\t\t\t\t\t\t\t\t<\/div>\n\t\t\t\t<\/div>\n\t\t<div class=\"elementor-element elementor-element-f51e6e1 e-flex e-con-boxed e-con e-child\" data-id=\"f51e6e1\" data-element_type=\"container\" data-e-type=\"container\" data-settings=\"{&quot;background_background&quot;:&quot;classic&quot;}\">\n\t\t\t\t\t<div class=\"e-con-inner\">\n\t\t\t\t<div class=\"elementor-element elementor-element-061b865 elementor-widget elementor-widget-towngov_hero_title\" data-id=\"061b865\" data-element_type=\"widget\" data-e-type=\"widget\" data-widget_type=\"towngov_hero_title.default\">\n\t\t\t\t<div class=\"elementor-widget-container\">\n\t\t\t\t\t    \r\n        <div class=\"section-title-box te-align \">\r\n        \t<div class=\"section-tagline te-subtitle\"><\/div>            <h2 class=\"section-title te-title towngov-size-default\">Comit\u00e9 directeur<\/h2>                        <div class=\"sec-title__text te-text\"><p>Thane Chambers (Alberta)<br \/>Philippe Boisvert (Laval)<br \/>Robert Chen (UHN)<br \/>Heather Ganshorn (Calgary)<br \/>Julie Morris (New Brunswick) \u2013 copr\u00e9sidente<br \/>Jack Young (McMaster) \u2013 copr\u00e9sident<br \/>Taleen Aktorosian (soutien de l'ABRC)<\/p><\/div>\r\n                    <\/div><!-- section-title-box -->\r\n    \r\n    \t\t\t\t<\/div>\n\t\t\t\t<\/div>\n\t\t\t\t\t<\/div>\n\t\t\t\t<\/div>\n\t\t\t\t<div class=\"elementor-element elementor-element-8313eee elementor-widget elementor-widget-wp-widget-yt_popular_posts\" data-id=\"8313eee\" data-element_type=\"widget\" data-e-type=\"widget\" data-widget_type=\"wp-widget-yt_popular_posts.default\">\n\t\t\t\t<div class=\"elementor-widget-container\">\n\t\t\t\t\t\r\n\r\r\n\r\r\n\r\r\n<div class=\"sidebar-widget-recent-post\">\r\r\n    <h5>Nouveaut\u00e9s- Bibliom\u00e9trie<\/h5>\r\n    \r\n    <div class=\"sidebar-recent-post\">\r\r\n        <div class=\"sidebar-recent-post-img\">\r\r\n            <img decoding=\"async\" width=\"69\" height=\"69\" src=\"https:\/\/www.carl-abrc.ca\/wp-content\/uploads\/2024\/09\/NewsFeaturedImage-1-69x69.jpg\" class=\"attachment-towngov_69x69 size-towngov_69x69 wp-post-image\" alt=\"C.A.R.L. Logo\" srcset=\"https:\/\/www.carl-abrc.ca\/wp-content\/uploads\/2024\/09\/NewsFeaturedImage-1-69x69.jpg 69w, https:\/\/www.carl-abrc.ca\/wp-content\/uploads\/2024\/09\/NewsFeaturedImage-1-150x150.jpg 150w, https:\/\/www.carl-abrc.ca\/wp-content\/uploads\/2024\/09\/NewsFeaturedImage-1-91x91.jpg 91w, https:\/\/www.carl-abrc.ca\/wp-content\/uploads\/2024\/09\/NewsFeaturedImage-1-250x250.jpg 250w, https:\/\/www.carl-abrc.ca\/wp-content\/uploads\/2024\/09\/NewsFeaturedImage-1-190x190.jpg 190w\" sizes=\"(max-width: 69px) 100vw, 69px\" \/>\r\n        <\/div><!-- sidebar-recent-post-img -->\r\r\n        <div class=\"sidebar-recent-post-content\">\r\r\n            <div class=\"sidebar-meta\">\r\r\n                <div class=\"sidebar-meta-item\">\r\r\n                    <div class=\"sidebar-meta-icon\">\r\r\n                        <span class=\"author\">\r\r\n                            par<a href=\"https:\/\/www.carl-abrc.ca\/fr\/author\/taleen-aktorosian\/\">Taleen Aktorosian<\/a>\r\r\n                        <\/span><!-- author -->\r\r\n                    <\/div><!-- sidebar-meta-icon -->\r\r\n                <\/div><!-- sidebar-meta-item -->\r\r\n                <div class=\"sidebar-post-title\">\r\r\n                    <h5><a href=\"https:\/\/www.carl-abrc.ca\/fr\/nouvelles\/appel-a-propositions-de-presentations-eclairs-communaute-de-pratique-sur-la-bibliometrie-et-limpact-de-la-recherche\/\">Appel \u00e0 propositions de pr\u00e9sentations \u00e9clairs &#8211; Communaut\u00e9 de pratique sur la bibliom\u00e9trie et l&rsquo;impact de la recherche<\/a><\/h5>\r\r\n                <\/div><!-- sidebar-post-title -->\r\r\n            <\/div><!-- sidebar-meta -->\r\r\n        <\/div><!-- sidebar-recent-post-content -->\r\r\n    <\/div><!-- sidebar-recent-post -->\r\r\n    \r\n    <div class=\"sidebar-recent-post\">\r\r\n        <div class=\"sidebar-recent-post-img\">\r\r\n            <img decoding=\"async\" width=\"69\" height=\"69\" src=\"https:\/\/www.carl-abrc.ca\/wp-content\/uploads\/2024\/09\/NewsFeaturedImage-1-69x69.jpg\" class=\"attachment-towngov_69x69 size-towngov_69x69 wp-post-image\" alt=\"C.A.R.L. Logo\" srcset=\"https:\/\/www.carl-abrc.ca\/wp-content\/uploads\/2024\/09\/NewsFeaturedImage-1-69x69.jpg 69w, https:\/\/www.carl-abrc.ca\/wp-content\/uploads\/2024\/09\/NewsFeaturedImage-1-150x150.jpg 150w, https:\/\/www.carl-abrc.ca\/wp-content\/uploads\/2024\/09\/NewsFeaturedImage-1-91x91.jpg 91w, https:\/\/www.carl-abrc.ca\/wp-content\/uploads\/2024\/09\/NewsFeaturedImage-1-250x250.jpg 250w, https:\/\/www.carl-abrc.ca\/wp-content\/uploads\/2024\/09\/NewsFeaturedImage-1-190x190.jpg 190w\" sizes=\"(max-width: 69px) 100vw, 69px\" \/>\r\n        <\/div><!-- sidebar-recent-post-img -->\r\r\n        <div class=\"sidebar-recent-post-content\">\r\r\n            <div class=\"sidebar-meta\">\r\r\n                <div class=\"sidebar-meta-item\">\r\r\n                    <div class=\"sidebar-meta-icon\">\r\r\n                        <span class=\"author\">\r\r\n                            par<a href=\"https:\/\/www.carl-abrc.ca\/fr\/author\/taleen-aktorosian\/\">Taleen Aktorosian<\/a>\r\r\n                        <\/span><!-- author -->\r\r\n                    <\/div><!-- sidebar-meta-icon -->\r\r\n                <\/div><!-- sidebar-meta-item -->\r\r\n                <div class=\"sidebar-post-title\">\r\r\n                    <h5><a href=\"https:\/\/www.carl-abrc.ca\/fr\/nouvelles\/reunions-du-groupe-de-lecture-de-lautomne-2024-pour-la-bibliometrie-et-limpact-de-la-recherche\/\">R\u00e9unions du groupe de lecture de l&rsquo;automne 2024 pour la bibliom\u00e9trie et l&rsquo;impact de la recherche<\/a><\/h5>\r\r\n                <\/div><!-- sidebar-post-title -->\r\r\n            <\/div><!-- sidebar-meta -->\r\r\n        <\/div><!-- sidebar-recent-post-content -->\r\r\n    <\/div><!-- sidebar-recent-post -->\r\r\n    \r\n<\/div>\r\r\n\r\r\n\t\t\t\t<\/div>\n\t\t\t\t<\/div>\n\t\t\t\t<\/div>\n\t\t\t\t\t<\/div>\n\t\t\t\t<\/div>\n\t\t\t\t<section class=\"elementor-section elementor-top-section elementor-element elementor-element-33d90c7 elementor-section-stretched animated-slow elementor-section-boxed elementor-section-height-default elementor-section-height-default\" data-id=\"33d90c7\" data-element_type=\"section\" data-e-type=\"section\" data-settings=\"{&quot;background_background&quot;:&quot;classic&quot;,&quot;stretch_section&quot;:&quot;section-stretched&quot;,&quot;animation&quot;:&quot;none&quot;}\">\n\t\t\t\t\t\t\t<div class=\"elementor-background-overlay\"><\/div>\n\t\t\t\t\t\t\t<div class=\"elementor-container elementor-column-gap-custom\">\n\t\t\t\t\t<div class=\"elementor-column elementor-col-100 elementor-top-column elementor-element elementor-element-86b39ff\" data-id=\"86b39ff\" data-element_type=\"column\" data-e-type=\"column\">\n\t\t\t<div class=\"elementor-widget-wrap elementor-element-populated\">\n\t\t\t\t\t\t<div class=\"elementor-element elementor-element-cb2bdef elementor-widget elementor-widget-towngov_hero_title\" data-id=\"cb2bdef\" data-element_type=\"widget\" data-e-type=\"widget\" data-widget_type=\"towngov_hero_title.default\">\n\t\t\t\t<div class=\"elementor-widget-container\">\n\t\t\t\t\t    \r\n        <div class=\"section-title-box te-align \">\r\n        \t<div class=\"section-tagline te-subtitle\"><\/div>            <h2 class=\"section-title te-title towngov-size-default\">\u00c9v\u00e8nements de la communaut\u00e9<\/h2>                        <div class=\"sec-title__text te-text\"><p>Vous trouverez ci-dessous une liste des \u00e9v\u00e9nements communautaires \u00e0 venir. Pour sugg\u00e9rer des th\u00e8mes pour les \u00e9v\u00e9nements et discussions \u00e0 venir, veuillez utiliser le <a href=\"https:\/\/forms.gle\/NbC14hQBJbUcbWBe6\"><strong>formulaire de suggestion<\/strong><\/a>.<\/p><\/div>\r\n                    <\/div><!-- section-title-box -->\r\n    \r\n    \t\t\t\t<\/div>\n\t\t\t\t<\/div>\n\t\t\t\t<div class=\"elementor-element elementor-element-971e55b elementor-widget elementor-widget-tecs_widget\" data-id=\"971e55b\" data-element_type=\"widget\" data-e-type=\"widget\" data-widget_type=\"tecs_widget.default\">\n\t\t\t\t<div class=\"elementor-widget-container\">\n\t\t\t\t\t<ul class=\"ecs-event-list\"><li class=\"ecs-event bibliometrie_ecs_category groupe-lecture_ecs_category\"><h4 class=\"entry-title summary\"><a href=\"https:\/\/www.carl-abrc.ca\/fr\/evenement\/groupe-de-lecture-communaute-de-pratique-sur-la-bibliometrie-et-limpact-de-la-recherche-mai2026\/\" rel=\"bookmark\">Groupe de lecture &#8211; Communaut\u00e9 de pratique sur la bibliom\u00e9trie et l&rsquo;impact de la recherche<\/a><\/h4><span class=\"duration time\"><span class=\"tribe-event-date-start\">5 mai \u2013  13:00<\/span><span class=\"tribe-event-time\"><\/span> <span class='timezone'> EDT <\/span><\/span><\/li><li class=\"ecs-event bibliometrie_ecs_category groupe-lecture_ecs_category\"><h4 class=\"entry-title summary\"><a href=\"https:\/\/www.carl-abrc.ca\/fr\/evenement\/groupe-de-lecture-communaute-de-pratique-sur-la-bibliometrie-et-limpact-de-la-recherche-juin2026\/\" rel=\"bookmark\">Groupe de lecture &#8211; Communaut\u00e9 de pratique sur la bibliom\u00e9trie et l&rsquo;impact de la recherche<\/a><\/h4><span class=\"duration time\"><span class=\"tribe-event-date-start\">16 juin \u2013  13:00<\/span><span class=\"tribe-event-time\"><\/span> <span class='timezone'> EDT <\/span><\/span><\/li><li class=\"ecs-event bibliometrie_ecs_category groupe-lecture_ecs_category\"><h4 class=\"entry-title summary\"><a href=\"https:\/\/www.carl-abrc.ca\/fr\/evenement\/groupe-de-lecture-communaute-de-pratique-sur-la-bibliometrie-et-limpact-de-la-recherche-aout2026\/\" rel=\"bookmark\">Groupe de lecture &#8211; Communaut\u00e9 de pratique sur la bibliom\u00e9trie et l&rsquo;impact de la recherche<\/a><\/h4><span class=\"duration time\"><span class=\"tribe-event-date-start\">26 ao\u00fbt \u2013  13:00<\/span><span class=\"tribe-event-time\"><\/span> <span class='timezone'> EDT <\/span><\/span><\/li><\/ul><script type=\"application\/ld+json\">\r\n[{\"@context\":\"http:\/\/schema.org\",\"@type\":\"Event\",\"name\":\"Groupe de lecture &#8211; Communaut\\u00e9 de pratique sur la bibliom\\u00e9trie et l&rsquo;impact de la recherche\",\"description\":\"&lt;p&gt;L\\\\'article du mois : Nowakowska, M. (2025). A comprehensive approach to preprocessing data for bibliometric analysis.\\u00a0Scientometrics,\\u00a0130(9), 5191\\u20135225.\\u00a0https:\/\/doi.org\/10.1007\/s11192-025-05415-x Date: 5 mai\\u00a02026 Heure: 13h00-14h00 HE Le groupe de lecture de la Communaut\\u00e9 [&hellip;]&lt;\/p&gt;\\\\n\",\"image\":\"https:\/\/www.carl-abrc.ca\/wp-content\/uploads\/2026\/01\/BRI-CoP-Article-Club.jpg\",\"url\":\"https:\/\/www.carl-abrc.ca\/fr\/evenement\/groupe-de-lecture-communaute-de-pratique-sur-la-bibliometrie-et-limpact-de-la-recherche-mai2026\/\",\"eventAttendanceMode\":\"https:\/\/schema.org\/OfflineEventAttendanceMode\",\"eventStatus\":\"https:\/\/schema.org\/EventScheduled\",\"startDate\":\"2026-05-05T13:00:00-04:00\",\"endDate\":\"2026-05-05T14:00:00-04:00\",\"location\":{\"@type\":\"Place\",\"name\":\"\\u00c9v\\u00e9nement virtuel\",\"description\":\"\",\"url\":\"\",\"address\":{\"@type\":\"PostalAddress\"},\"telephone\":\"\",\"sameAs\":\"\"},\"organizer\":{\"@type\":\"Person\",\"name\":\"Communaut\\u00e9 de pratique sur la bibliom\\u00e9trie et l&rsquo;impact de la recherche\",\"description\":\"\",\"url\":\"\",\"telephone\":\"\",\"email\":\"\",\"sameAs\":\"\"},\"performer\":\"Organization\"},{\"@context\":\"http:\/\/schema.org\",\"@type\":\"Event\",\"name\":\"Groupe de lecture &#8211; Communaut\\u00e9 de pratique sur la bibliom\\u00e9trie et l&rsquo;impact de la recherche\",\"description\":\"&lt;p&gt;L\\\\'article du mois : Arabi, S., Ni, C., &amp; Hutchins, B. (2025).\\u00a0Most researchers would receive more recognition if assessed by article-level metrics than by journal-level metrics.\\u00a0Plos Biology,\\u00a023(12), 18, Article e3003532.\\u00a0https:\/\/doi.org\/10.1371\/journal.pbio.3003532 [&hellip;]&lt;\/p&gt;\\\\n\",\"image\":\"https:\/\/www.carl-abrc.ca\/wp-content\/uploads\/2026\/01\/BRI-CoP-Article-Club.jpg\",\"url\":\"https:\/\/www.carl-abrc.ca\/fr\/evenement\/groupe-de-lecture-communaute-de-pratique-sur-la-bibliometrie-et-limpact-de-la-recherche-juin2026\/\",\"eventAttendanceMode\":\"https:\/\/schema.org\/OfflineEventAttendanceMode\",\"eventStatus\":\"https:\/\/schema.org\/EventScheduled\",\"startDate\":\"2026-06-16T13:00:00-04:00\",\"endDate\":\"2026-06-16T14:00:00-04:00\",\"location\":{\"@type\":\"Place\",\"name\":\"\\u00c9v\\u00e9nement virtuel\",\"description\":\"\",\"url\":\"\",\"address\":{\"@type\":\"PostalAddress\"},\"telephone\":\"\",\"sameAs\":\"\"},\"organizer\":{\"@type\":\"Person\",\"name\":\"Communaut\\u00e9 de pratique sur la bibliom\\u00e9trie et l&rsquo;impact de la recherche\",\"description\":\"\",\"url\":\"\",\"telephone\":\"\",\"email\":\"\",\"sameAs\":\"\"},\"performer\":\"Organization\"},{\"@context\":\"http:\/\/schema.org\",\"@type\":\"Event\",\"name\":\"Groupe de lecture &#8211; Communaut\\u00e9 de pratique sur la bibliom\\u00e9trie et l&rsquo;impact de la recherche\",\"description\":\"&lt;p&gt;L\\\\'article du mois : Conix, S., Vignero, L., Lemeire, O., Chi, P., &amp; Lin, L. (2025).\\u00a0Using peer review to evaluate the societal relevance of humanities research.\\u00a0Quantitative Science Studies,\\u00a06, 1107\\u20131128.\\u00a0https:\/\/doi.org\/10.1162\/QSS.a.19\\u00a0 Date: [&hellip;]&lt;\/p&gt;\\\\n\",\"image\":\"https:\/\/www.carl-abrc.ca\/wp-content\/uploads\/2026\/01\/BRI-CoP-Article-Club.jpg\",\"url\":\"https:\/\/www.carl-abrc.ca\/fr\/evenement\/groupe-de-lecture-communaute-de-pratique-sur-la-bibliometrie-et-limpact-de-la-recherche-aout2026\/\",\"eventAttendanceMode\":\"https:\/\/schema.org\/OfflineEventAttendanceMode\",\"eventStatus\":\"https:\/\/schema.org\/EventScheduled\",\"startDate\":\"2026-08-26T13:00:00-04:00\",\"endDate\":\"2026-08-26T14:00:00-04:00\",\"location\":{\"@type\":\"Place\",\"name\":\"\\u00c9v\\u00e9nement virtuel\",\"description\":\"\",\"url\":\"\",\"address\":{\"@type\":\"PostalAddress\"},\"telephone\":\"\",\"sameAs\":\"\"},\"organizer\":{\"@type\":\"Person\",\"name\":\"Communaut\\u00e9 de pratique sur la bibliom\\u00e9trie et l&rsquo;impact de la recherche\",\"description\":\"\",\"url\":\"\",\"telephone\":\"\",\"email\":\"\",\"sameAs\":\"\"},\"performer\":\"Organization\"}]\r\n<\/script><!--\n Event listing powered by The Events Calendar Shortcode\n https:\/\/eventcalendarnewsletter.com\/the-events-calendar-shortcode\/ \n-->\t\t\t\t<\/div>\n\t\t\t\t<\/div>\n\t\t\t\t<div class=\"elementor-element elementor-element-916c510 elementor-widget elementor-widget-heading\" data-id=\"916c510\" data-element_type=\"widget\" data-e-type=\"widget\" data-widget_type=\"heading.default\">\n\t\t\t\t<div class=\"elementor-widget-container\">\n\t\t\t\t\t<h3 class=\"elementor-heading-title elementor-size-default\">\u00c9v\u00e8nements pass\u00e9s<\/h3>\t\t\t\t<\/div>\n\t\t\t\t<\/div>\n\t\t\t\t<div class=\"elementor-element elementor-element-50878c1 elementor-widget elementor-widget-text-editor\" data-id=\"50878c1\" data-element_type=\"widget\" data-e-type=\"widget\" data-widget_type=\"text-editor.default\">\n\t\t\t\t<div class=\"elementor-widget-container\">\n\t\t\t\t\t\t\t\t\t<p>Les enregistrements des \u00e9v\u00e8nements pass\u00e9s (le cas \u00e9ch\u00e9ant) peuvent \u00eatre visionn\u00e9s sur la <a href=\"https:\/\/www.youtube.com\/@CARL-ABRC\">cha\u00eene YouTube de l&rsquo;ABRC<\/a> via la <a href=\"https:\/\/youtube.com\/playlist?list=PLX9EpizS4A0sxaJ4KUHkGGQcGLHv8x6es&amp;feature=shared\">liste de vid\u00e9os Bibliom\u00e9trie<\/a>.<\/p>\t\t\t\t\t\t\t\t<\/div>\n\t\t\t\t<\/div>\n\t\t\t\t<div class=\"elementor-element elementor-element-98054ee elementor-widget elementor-widget-tecs_widget\" data-id=\"98054ee\" data-element_type=\"widget\" data-e-type=\"widget\" data-widget_type=\"tecs_widget.default\">\n\t\t\t\t<div class=\"elementor-widget-container\">\n\t\t\t\t\t<ul class=\"ecs-event-list\"><li class=\"ecs-event bibliometrie_ecs_category groupe-lecture_ecs_category\"><h4 class=\"entry-title summary\"><a href=\"https:\/\/www.carl-abrc.ca\/fr\/evenement\/groupe-de-lecture-communaute-de-pratique-sur-la-bibliometrie-et-limpact-de-la-recherche-avril2026\/\" rel=\"bookmark\">Groupe de lecture &#8211; Communaut\u00e9 de pratique sur la bibliom\u00e9trie et l&rsquo;impact de la recherche<\/a><\/h4><span class=\"duration time\"><span class=\"tribe-event-date-start\">8 avril \u2013  13:00<\/span><span class=\"tribe-event-time\"><\/span> <span class='timezone'> EDT <\/span><\/span><\/li><li class=\"ecs-event bibliometrie_ecs_category groupe-lecture_ecs_category\"><h4 class=\"entry-title summary\"><a href=\"https:\/\/www.carl-abrc.ca\/fr\/evenement\/groupe-de-lecture-communaute-de-pratique-sur-la-bibliometrie-et-limpact-de-la-recherche-mars2026\/\" rel=\"bookmark\">Groupe de lecture &#8211; Communaut\u00e9 de pratique sur la bibliom\u00e9trie et l&rsquo;impact de la recherche<\/a><\/h4><span class=\"duration time\"><span class=\"tribe-event-date-start\">10 mars \u2013  13:00<\/span><span class=\"tribe-event-time\"><\/span> <span class='timezone'> EDT <\/span><\/span><\/li><li class=\"ecs-event bibliometrie_ecs_category\"><h4 class=\"entry-title summary\"><a href=\"https:\/\/www.carl-abrc.ca\/fr\/evenement\/pause-cafe-de-la-communaute-de-pratique-sur-la-bibliometrie-et-limpact-de-la-recherche-evaluer-limpact-de-la-recherche-en-sciences-humaines-et-sociales\/\" rel=\"bookmark\">Pause-caf\u00e9 de la Communaut\u00e9 de pratique sur la bibliom\u00e9trie et l&rsquo;impact de la recherche : \u00c9valuer l&rsquo;impact de la recherche en sciences humaines et sociales<\/a><\/h4><span class=\"duration time\"><span class=\"tribe-event-date-start\">12 f\u00e9vrier \u2013  13:00<\/span><span class=\"tribe-event-time\"><\/span> <span class='timezone'> EST <\/span><\/span><\/li><li class=\"ecs-event bibliometrie_ecs_category groupe-lecture_ecs_category\"><h4 class=\"entry-title summary\"><a href=\"https:\/\/www.carl-abrc.ca\/fr\/evenement\/groupe-de-lecture-communaute-de-pratique-sur-la-bibliometrie-et-limpact-de-la-recherche-fev2026\/\" rel=\"bookmark\">Groupe de lecture &#8211; Communaut\u00e9 de pratique sur la bibliom\u00e9trie et l&rsquo;impact de la recherche<\/a><\/h4><span class=\"duration time\"><span class=\"tribe-event-date-start\">11 f\u00e9vrier \u2013  13:00<\/span><span class=\"tribe-event-time\"><\/span> <span class='timezone'> EST <\/span><\/span><\/li><li class=\"ecs-event bibliometrie_ecs_category\"><h4 class=\"entry-title summary\"><a href=\"https:\/\/www.carl-abrc.ca\/fr\/evenement\/communaute-de-pratique-sur-la-bibliometrie-et-limpact-de-la-recherche-la-resilience-du-savoir-confiance-mefiance-et-manipulation-dans-la-recherche-scientifique-ouverte\/\" rel=\"bookmark\">Communaut\u00e9 de pratique sur la bibliom\u00e9trie et l\u2019impact de la recherche : La r\u00e9silience du savoir : confiance, m\u00e9fiance et manipulation dans la recherche scientifique ouverte<\/a><\/h4><span class=\"duration time\"><span class=\"tribe-event-date-start\">5 f\u00e9vrier \u2013  13:00<\/span><span class=\"tribe-event-time\"><\/span> <span class='timezone'> EST <\/span><\/span><\/li><li class=\"ecs-event bibliometrie_ecs_category\"><h4 class=\"entry-title summary\"><a href=\"https:\/\/www.carl-abrc.ca\/fr\/evenement\/appel-du-mois-de-decembre-a-la-communaute-de-pratique-pour-la-bibliometrie-et-limpact-de-la-recherche-panel-sur-ladoption-et-lintegration-de-orcid-maximiser-lim\/\" rel=\"bookmark\">Appel du mois de d\u00e9cembre \u00e0 la communaut\u00e9 de pratique pour la bibliom\u00e9trie et l\u2019impact de la recherche : Panel sur l\u2019adoption et l\u2019int\u00e9gration de ORCID : Maximiser l\u2019impact de la recherche<\/a><\/h4><span class=\"duration time\"><span class=\"tribe-event-date-start\">2 d\u00e9cembre 2025 \u2013  13:00<\/span><span class=\"tribe-event-time\"><\/span> <span class='timezone'> EST <\/span><\/span><\/li><li class=\"ecs-event bibliometrie_ecs_category\"><h4 class=\"entry-title summary\"><a href=\"https:\/\/www.carl-abrc.ca\/fr\/evenement\/appel-du-mois-doctobre-a-la-communaute-de-pratique-sur-la-bibliometrie-et-limpact-de-la-recherche-decouvrir-les-perspectives-institutionnelles-grace-aux-donnees-sur-les-frais-de-tr\/\" rel=\"bookmark\">Appel du mois d\u2019octobre \u00e0 la Communaut\u00e9 de pratique sur la bibliom\u00e9trie et l\u2019impact de la recherche : D\u00e9couvrir les perspectives institutionnelles gr\u00e2ce aux donn\u00e9es sur les frais de traitement des articles d\u2019OpenAlex<\/a><\/h4><span class=\"duration time\"><span class=\"tribe-event-date-start\">23 octobre 2025 \u2013  13:00<\/span><span class=\"tribe-event-time\"><\/span> <span class='timezone'> EDT <\/span><\/span><\/li><li class=\"ecs-event bibliometrie_ecs_category\"><h4 class=\"entry-title summary\"><a href=\"https:\/\/www.carl-abrc.ca\/fr\/evenement\/appel-du-mois-de-juin-a-la-communaute-de-pratique-sur-la-bibliometrie-et-limpact-de-la-recherche-mise-en-oeuvre-de-dora-dans-les-institutions-de-recherche-canadiennes\/\" rel=\"bookmark\">Appel du mois de juin \u00e0 la Communaut\u00e9 de pratique sur la bibliom\u00e9trie et l\u2019impact de la recherche : Mise en \u0153uvre de DORA dans les institutions de recherche canadiennes<\/a><\/h4><span class=\"duration time\"><span class=\"tribe-event-date-start\">19 juin 2025 \u2013  13:00<\/span><span class=\"tribe-event-time\"><\/span> <span class='timezone'> EDT <\/span><\/span><\/li><li class=\"ecs-event bibliometrie_ecs_category\"><h4 class=\"entry-title summary\"><a href=\"https:\/\/www.carl-abrc.ca\/fr\/evenement\/appel-du-mois-davril-de-la-communaute-de-pratique-sur-la-bibliometrie-et-limpact-de-la-recherche-de-labrc-openalex-pour-les-donnees-de-recherches\/\" rel=\"bookmark\">Appel du mois d\u2019avril de la Communaut\u00e9 de pratique sur la bibliom\u00e9trie et l\u2019impact de la recherche de l\u2019ABRC \u2013 OpenAlex pour les donn\u00e9es de recherches<\/a><\/h4><span class=\"duration time\"><span class=\"tribe-event-date-start\">10 avril 2025 \u2013  13:00<\/span><span class=\"tribe-event-time\"><\/span> <span class='timezone'> EDT <\/span><\/span><\/li><li class=\"ecs-event bibliometrie_ecs_category\"><h4 class=\"entry-title summary\"><a href=\"https:\/\/www.carl-abrc.ca\/fr\/evenement\/appel-du-mois-de-fevrier-de-la-communaute-de-pratique-sur-la-bibliometrie-et-limpact-de-la-recherche-une-approche-bibliometrique-pour-estimer-les-frais-annuels-de-traitement-darticles-pour-six-e\/\" rel=\"bookmark\">Appel du mois de f\u00e9vrier de la Communaut\u00e9 de pratique sur la bibliom\u00e9trie et l&rsquo;impact de la recherche : Une approche bibliom\u00e9trique pour estimer les frais annuels de traitement d&rsquo;articles pour six \u00e9diteurs de publications savantes<\/a><\/h4><span class=\"duration time\"><span class=\"tribe-event-date-start\">4 f\u00e9vrier 2025 \u2013  13:00<\/span><span class=\"tribe-event-time\"><\/span> <span class='timezone'> EST <\/span><\/span><\/li><li class=\"ecs-event bibliometrie_ecs_category\"><h4 class=\"entry-title summary\"><a href=\"https:\/\/www.carl-abrc.ca\/fr\/evenement\/appel-du-mois-de-decembre-a-la-communaute-de-pratique-pour-la-bibliometrie-et-limpact-de-la-recherche-de-labrc-presentations-eclairs-partie-2\/\" rel=\"bookmark\">Appel du mois de d\u00e9cembre \u00e0 la Communaut\u00e9 de pratique pour la bibliom\u00e9trie et l\u2019impact de la recherche de l\u2019ABRC \u2013 Pr\u00e9sentations \u00e9clairs, partie 2<\/a><\/h4><span class=\"duration time\"><span class=\"tribe-event-date-start\">5 d\u00e9cembre 2024 \u2013  13:00<\/span><span class=\"tribe-event-time\"><\/span> <span class='timezone'> EST <\/span><\/span><\/li><li class=\"ecs-event bibliometrie_ecs_category\"><h4 class=\"entry-title summary\"><a href=\"https:\/\/www.carl-abrc.ca\/fr\/evenement\/appel-du-mois-doctobre-a-la-communaute-de-pratique-pour-la-bibliometrie-et-limpact-de-la-recherche-de-labrc-ameliorer-lintegrite-des-references-grace-a-la-biblio\/\" rel=\"bookmark\">Appel du mois d\u2019octobre \u00e0 la Communaut\u00e9 de pratique pour la bibliom\u00e9trie et l\u2019impact de la recherche de l\u2019ABRC \u2013 Am\u00e9liorer l&rsquo;int\u00e9grit\u00e9 des r\u00e9f\u00e9rences gr\u00e2ce \u00e0 la bibliom\u00e9trie<\/a><\/h4><span class=\"duration time\"><span class=\"tribe-event-date-start\">23 octobre 2024 \u2013  13:00<\/span><span class=\"tribe-event-time\"><\/span> <span class='timezone'> EDT <\/span><\/span><\/li><li class=\"ecs-event bibliometrie_ecs_category\"><h4 class=\"entry-title summary\"><a href=\"https:\/\/www.carl-abrc.ca\/fr\/evenement\/appel-du-mois-de-septembre-a-la-communaute-de-pratique-pour-la-bibliometrie-et-limpact-de-la-recherche-de-labrc-indicateurs-de-rendement-et-dimpact-pour-les-programmes-d\/\" rel=\"bookmark\">Appel du mois de septembre \u00e0 la Communaut\u00e9 de pratique pour la bibliom\u00e9trie et l\u2019impact de la recherche de l\u2019ABRC \u2013 Indicateurs de rendement et d&rsquo;impact pour les programmes d&rsquo;\u00e9dition en biblioth\u00e8que<\/a><\/h4><span class=\"duration time\"><span class=\"tribe-event-date-start\">26 septembre 2024 \u2013  13:00<\/span><span class=\"tribe-event-time\"><\/span> <span class='timezone'> EDT <\/span><\/span><\/li><li class=\"ecs-event bibliometrie_ecs_category\"><h4 class=\"entry-title summary\"><a href=\"https:\/\/www.carl-abrc.ca\/fr\/evenement\/appel-du-mois-de-juin-a-la-communaute-de-pratique-canadienne-pour-la-bibliometrie-et-limpact-de-la-recherche-de-labrc-presentations-eclair\/\" rel=\"bookmark\">Appel du mois de juin \u00e0 la Communaut\u00e9 de pratique canadienne pour la bibliom\u00e9trie et l\u2019impact de la recherche de l\u2019ABRC \u2013 Pr\u00e9sentations \u00e9clair<\/a><\/h4><span class=\"duration time\"><span class=\"tribe-event-date-start\">13 juin 2024 \u2013  13:00<\/span><span class=\"tribe-event-time\"><\/span> <span class='timezone'> EDT <\/span><\/span><\/li><li class=\"ecs-event bibliometrie_ecs_category\"><h4 class=\"entry-title summary\"><a href=\"https:\/\/www.carl-abrc.ca\/fr\/evenement\/appel-du-mois-davril-a-la-communaute-de-pratique-canadienne-pour-la-bibliometrie-et-impact-de-la-recherche-de-labrc-au-dela-des-indicateurs-de-rendement-mobilisation-des-c\/\" rel=\"bookmark\">Appel du mois d\u2019avril \u00e0 la Communaut\u00e9 de pratique canadienne pour la bibliom\u00e9trie et impact de la recherche de l\u2019ABRC \u2013 Au del\u00e0 des indicateurs de rendement: Mobilisation des connaissances et impact de la recherche<\/a><\/h4><span class=\"duration time\"><span class=\"tribe-event-date-start\">9 avril 2024 \u2013  13:00<\/span><span class=\"tribe-event-time\"><\/span> <span class='timezone'> EDT <\/span><\/span><\/li><li class=\"ecs-event bibliometrie_ecs_category\"><h4 class=\"entry-title summary\"><a href=\"https:\/\/www.carl-abrc.ca\/fr\/evenement\/appel-du-mois-de-fevrier-de-la-communaute-de-pratique-canadienne-sur-la-bibliometrie-et-limpact-de-la-recherche-de-labrc-apprendre-a-etre-responsable-de-la-reconnaissance\/\" rel=\"bookmark\">Appel du mois de f\u00e9vrier de la Communaut\u00e9 de pratique canadienne sur la bibliom\u00e9trie et l\u2019impact de la recherche de l\u2019ABRC \u2013 Apprendre \u00e0 \u00eatre responsable : de la reconnaissance aux classements<\/a><\/h4><span class=\"duration time\"><span class=\"tribe-event-date-start\">8 f\u00e9vrier 2024 \u2013  13:00<\/span><span class=\"tribe-event-time\"><\/span> <span class='timezone'> EST <\/span><\/span><\/li><li class=\"ecs-event bibliometrie_ecs_category\"><h4 class=\"entry-title summary\"><a href=\"https:\/\/www.carl-abrc.ca\/fr\/evenement\/appel-du-mois-de-novembre-de-la-communaute-de-pratique-canadienne-sur-la-bibliometrie-et-limpact-de-la-recherche-les-reseaux-sociaux-dans-le-travail-de-mobilisation-des-connaissance\/\" rel=\"bookmark\">Appel du mois de novembre de la Communaut\u00e9 de pratique canadienne sur la bibliom\u00e9trie et l\u2019impact de la recherche \u2013 Les r\u00e9seaux sociaux dans le travail de mobilisation des connaissances<\/a><\/h4><span class=\"duration time\"><span class=\"tribe-event-date-start\">15 novembre 2023 \u2013  13:00<\/span><span class=\"tribe-event-time\"><\/span> <span class='timezone'> EST <\/span><\/span><\/li><li class=\"ecs-event bibliometrie_ecs_category\"><h4 class=\"entry-title summary\"><a href=\"https:\/\/www.carl-abrc.ca\/fr\/evenement\/appel-du-mois-de-septembre-de-la-communaute-de-pratique-canadienne-sur-la-bibliometrie-et-limpact-de-la-recherche-les-outils-dindexation-et-les-indicateurs-de-revues\/\" rel=\"bookmark\">Appel du mois de septembre de la Communaut\u00e9 de pratique canadienne sur la bibliom\u00e9trie et l\u2019impact de la recherche \u2013 Les outils d&rsquo;indexation et les indicateurs de revues<\/a><\/h4><span class=\"duration time\"><span class=\"tribe-event-date-start\">12 septembre 2023 \u2013  13:00<\/span><span class=\"tribe-event-time\"><\/span> <span class='timezone'> EDT <\/span><\/span><\/li><li class=\"ecs-event bibliometrie_ecs_category\"><h4 class=\"entry-title summary\"><a href=\"https:\/\/www.carl-abrc.ca\/fr\/evenement\/appel-du-mois-de-juin-de-la-communaute-de-pratique-canadienne-sur-la-bibliometrie-et-limpact-de-la-recherche-utilisation-de-vosviewer-pour-visualiser-les-tendances-dans-les-collabor\/\" rel=\"bookmark\">Appel du mois de juin de la Communaut\u00e9 de pratique canadienne sur la bibliom\u00e9trie et l\u2019impact de la recherche \u2013 Utilisation de VOSviewer pour visualiser les tendances dans les collaborations de recherche et les sujets de recherche<\/a><\/h4><span class=\"duration time\"><span class=\"tribe-event-date-start\">15 juin 2023 \u2013  13:00<\/span><span class=\"tribe-event-time\"><\/span> <span class='timezone'> EDT <\/span><\/span><\/li><li class=\"ecs-event bibliometrie_ecs_category\"><h4 class=\"entry-title summary\"><a href=\"https:\/\/www.carl-abrc.ca\/fr\/evenement\/appel-du-mois-davril-de-la-communaute-de-pratique-canadienne-sur-la-bibliometrie-et-limpact-de-la-recherche-relier-la-recherche-canadienne-letat-des-ip-au-canada\/\" rel=\"bookmark\">Appel du mois d\u2019avril de la Communaut\u00e9 de pratique canadienne sur la bibliom\u00e9trie et l\u2019impact de la recherche \u2013 Relier la recherche canadienne : L&rsquo;\u00e9tat des IP au Canada<\/a><\/h4><span class=\"duration time\"><span class=\"tribe-event-date-start\">11 avril 2023 \u2013  13:00<\/span><span class=\"tribe-event-time\"><\/span> <span class='timezone'> EDT <\/span><\/span><\/li><li class=\"ecs-event bibliometrie_ecs_category\"><h4 class=\"entry-title summary\"><a href=\"https:\/\/www.carl-abrc.ca\/fr\/evenement\/appel-du-mois-de-mars-de-la-communaute-de-pratique-canadienne-sur-la-bibliometrie-et-limpact-de-la-recherche\/\" rel=\"bookmark\">Appel du mois de mars de la Communaut\u00e9 de pratique canadienne sur la bibliom\u00e9trie et l&rsquo;impact de la recherche<\/a><\/h4><span class=\"duration time\"><span class=\"tribe-event-date-start\">22 mars 2023 \u2013  13:00<\/span><span class=\"tribe-event-time\"><\/span> <span class='timezone'> EDT <\/span><\/span><\/li><\/ul><script type=\"application\/ld+json\">\r\n[{\"@context\":\"http:\/\/schema.org\",\"@type\":\"Event\",\"name\":\"Groupe de lecture &#8211; Communaut\\u00e9 de pratique sur la bibliom\\u00e9trie et l&rsquo;impact de la recherche\",\"description\":\"&lt;p&gt;L\\\\'article du mois : Cao, Z., Zhang, L., Wang, Z., Li, C., &amp; Sivertsen, G. (2025). How does scientific research generate impact beyond academia? Cross-disciplinary comparison based on REF impact [&hellip;]&lt;\/p&gt;\\\\n\",\"image\":\"https:\/\/www.carl-abrc.ca\/wp-content\/uploads\/2026\/01\/BRI-CoP-Article-Club.jpg\",\"url\":\"https:\/\/www.carl-abrc.ca\/fr\/evenement\/groupe-de-lecture-communaute-de-pratique-sur-la-bibliometrie-et-limpact-de-la-recherche-avril2026\/\",\"eventAttendanceMode\":\"https:\/\/schema.org\/OfflineEventAttendanceMode\",\"eventStatus\":\"https:\/\/schema.org\/EventScheduled\",\"startDate\":\"2026-04-08T13:00:00-04:00\",\"endDate\":\"2026-04-08T14:00:00-04:00\",\"location\":{\"@type\":\"Place\",\"name\":\"\\u00c9v\\u00e9nement virtuel\",\"description\":\"\",\"url\":\"\",\"address\":{\"@type\":\"PostalAddress\"},\"telephone\":\"\",\"sameAs\":\"\"},\"organizer\":{\"@type\":\"Person\",\"name\":\"Communaut\\u00e9 de pratique sur la bibliom\\u00e9trie et l&rsquo;impact de la recherche\",\"description\":\"\",\"url\":\"\",\"telephone\":\"\",\"email\":\"\",\"sameAs\":\"\"},\"performer\":\"Organization\"},{\"@context\":\"http:\/\/schema.org\",\"@type\":\"Event\",\"name\":\"Groupe de lecture &#8211; Communaut\\u00e9 de pratique sur la bibliom\\u00e9trie et l&rsquo;impact de la recherche\",\"description\":\"&lt;p&gt;L\\\\'article du mois : Dorta-Gonz\\u00e1lez, P. (2025). Which kind of research papers influence policymaking.\\u00a0Science and Public Policy, 13.\\u00a0https:\/\/doi.org\/10.1093\/scipol\/scaf069 Date: 10 mars 2026 Heure: 13h00-14h00 HE Le groupe de lecture de [&hellip;]&lt;\/p&gt;\\\\n\",\"image\":\"https:\/\/www.carl-abrc.ca\/wp-content\/uploads\/2026\/01\/BRI-CoP-Article-Club.jpg\",\"url\":\"https:\/\/www.carl-abrc.ca\/fr\/evenement\/groupe-de-lecture-communaute-de-pratique-sur-la-bibliometrie-et-limpact-de-la-recherche-mars2026\/\",\"eventAttendanceMode\":\"https:\/\/schema.org\/OfflineEventAttendanceMode\",\"eventStatus\":\"https:\/\/schema.org\/EventScheduled\",\"startDate\":\"2026-03-10T13:00:00-04:00\",\"endDate\":\"2026-03-10T14:00:00-04:00\",\"location\":{\"@type\":\"Place\",\"name\":\"\\u00c9v\\u00e9nement virtuel\",\"description\":\"\",\"url\":\"\",\"address\":{\"@type\":\"PostalAddress\"},\"telephone\":\"\",\"sameAs\":\"\"},\"organizer\":{\"@type\":\"Person\",\"name\":\"Communaut\\u00e9 de pratique sur la bibliom\\u00e9trie et l&rsquo;impact de la recherche\",\"description\":\"\",\"url\":\"\",\"telephone\":\"\",\"email\":\"\",\"sameAs\":\"\"},\"performer\":\"Organization\"},{\"@context\":\"http:\/\/schema.org\",\"@type\":\"Event\",\"name\":\"Pause-caf\\u00e9 de la Communaut\\u00e9 de pratique sur la bibliom\\u00e9trie et l&rsquo;impact de la recherche : \\u00c9valuer l&rsquo;impact de la recherche en sciences humaines et sociales\",\"description\":\"&lt;p&gt;Date : 12 f\\u00e9vrier 2026 Heure : 13h00 - 14h00 HE Inscription Rejoignez la communaut\\u00e9 de pratique sur la bibliom\\u00e9trie et l\\\\'impact de la recherche pour la premi\\u00e8re d\\\\'une nouvelle [&hellip;]&lt;\/p&gt;\\\\n\",\"image\":\"https:\/\/www.carl-abrc.ca\/wp-content\/uploads\/2026\/01\/BRI-CoP-Event-7.jpg\",\"url\":\"https:\/\/www.carl-abrc.ca\/fr\/evenement\/pause-cafe-de-la-communaute-de-pratique-sur-la-bibliometrie-et-limpact-de-la-recherche-evaluer-limpact-de-la-recherche-en-sciences-humaines-et-sociales\/\",\"eventAttendanceMode\":\"https:\/\/schema.org\/OfflineEventAttendanceMode\",\"eventStatus\":\"https:\/\/schema.org\/EventScheduled\",\"startDate\":\"2026-02-12T13:00:00-05:00\",\"endDate\":\"2026-02-12T14:00:00-05:00\",\"location\":{\"@type\":\"Place\",\"name\":\"\\u00c9v\\u00e9nement virtuel\",\"description\":\"\",\"url\":\"\",\"address\":{\"@type\":\"PostalAddress\"},\"telephone\":\"\",\"sameAs\":\"\"},\"organizer\":{\"@type\":\"Person\",\"name\":\"Communaut\\u00e9 de pratique sur la bibliom\\u00e9trie et l&rsquo;impact de la recherche\",\"description\":\"\",\"url\":\"\",\"telephone\":\"\",\"email\":\"\",\"sameAs\":\"\"},\"performer\":\"Organization\"},{\"@context\":\"http:\/\/schema.org\",\"@type\":\"Event\",\"name\":\"Groupe de lecture &#8211; Communaut\\u00e9 de pratique sur la bibliom\\u00e9trie et l&rsquo;impact de la recherche\",\"description\":\"&lt;p&gt;L\\\\'article du mois : Thelwall, M., &amp; Jiang, X. (2025). Is OpenAlex suitable for research quality evaluation and which citation indicator is best?\\u00a0Journal of the Association for Information Science and [&hellip;]&lt;\/p&gt;\\\\n\",\"image\":\"https:\/\/www.carl-abrc.ca\/wp-content\/uploads\/2026\/01\/BRI-CoP-Article-Club.jpg\",\"url\":\"https:\/\/www.carl-abrc.ca\/fr\/evenement\/groupe-de-lecture-communaute-de-pratique-sur-la-bibliometrie-et-limpact-de-la-recherche-fev2026\/\",\"eventAttendanceMode\":\"https:\/\/schema.org\/OfflineEventAttendanceMode\",\"eventStatus\":\"https:\/\/schema.org\/EventScheduled\",\"startDate\":\"2026-02-11T13:00:00-05:00\",\"endDate\":\"2026-02-11T14:00:00-05:00\",\"location\":{\"@type\":\"Place\",\"name\":\"\\u00c9v\\u00e9nement virtuel\",\"description\":\"\",\"url\":\"\",\"address\":{\"@type\":\"PostalAddress\"},\"telephone\":\"\",\"sameAs\":\"\"},\"organizer\":{\"@type\":\"Person\",\"name\":\"Communaut\\u00e9 de pratique sur la bibliom\\u00e9trie et l&rsquo;impact de la recherche\",\"description\":\"\",\"url\":\"\",\"telephone\":\"\",\"email\":\"\",\"sameAs\":\"\"},\"performer\":\"Organization\"},{\"@context\":\"http:\/\/schema.org\",\"@type\":\"Event\",\"name\":\"Communaut\\u00e9 de pratique sur la bibliom\\u00e9trie et l\\u2019impact de la recherche : La r\\u00e9silience du savoir : confiance, m\\u00e9fiance et manipulation dans la recherche scientifique ouverte\",\"description\":\"&lt;p&gt;Date : 5 f\\u00e9vrier 2026 Heure : 13h00-14h00 HE Inscription La communaut\\u00e9 de pratique sur la bibliom\\u00e9trie et l\\\\'impact de la recherche vous invite \\u00e0 son appel de f\\u00e9vrier sur [&hellip;]&lt;\/p&gt;\\\\n\",\"image\":\"https:\/\/www.carl-abrc.ca\/wp-content\/uploads\/2025\/04\/CoP-Department-Image.jpg\",\"url\":\"https:\/\/www.carl-abrc.ca\/fr\/evenement\/communaute-de-pratique-sur-la-bibliometrie-et-limpact-de-la-recherche-la-resilience-du-savoir-confiance-mefiance-et-manipulation-dans-la-recherche-scientifique-ouverte\/\",\"eventAttendanceMode\":\"https:\/\/schema.org\/OfflineEventAttendanceMode\",\"eventStatus\":\"https:\/\/schema.org\/EventScheduled\",\"startDate\":\"2026-02-05T13:00:00-05:00\",\"endDate\":\"2026-02-05T14:00:00-05:00\",\"location\":{\"@type\":\"Place\",\"name\":\"\\u00c9v\\u00e9nement virtuel\",\"description\":\"\",\"url\":\"\",\"address\":{\"@type\":\"PostalAddress\"},\"telephone\":\"\",\"sameAs\":\"\"},\"organizer\":{\"@type\":\"Person\",\"name\":\"Communaut\\u00e9 de pratique sur la bibliom\\u00e9trie et l&rsquo;impact de la recherche\",\"description\":\"\",\"url\":\"\",\"telephone\":\"\",\"email\":\"\",\"sameAs\":\"\"},\"performer\":\"Organization\"},{\"@context\":\"http:\/\/schema.org\",\"@type\":\"Event\",\"name\":\"Appel du mois de d\\u00e9cembre \\u00e0 la communaut\\u00e9 de pratique pour la bibliom\\u00e9trie et l\\u2019impact de la recherche : Panel sur l\\u2019adoption et l\\u2019int\\u00e9gration de ORCID : Maximiser l\\u2019impact de la recherche\",\"description\":\"&lt;p&gt;Date :\\u00a02 d\\u00e9cembre 2025 Heure :\\u00a013h00-14h00 HE Inscription La communaut\\u00e9 de pratique pour la bibliom\\u00e9trie et l\\u2019impact de la recherche (CdP BIR) vous invite \\u00e0 participer \\u00e0 une table ronde [&hellip;]&lt;\/p&gt;\\\\n\",\"image\":\"https:\/\/www.carl-abrc.ca\/wp-content\/uploads\/2025\/04\/CoP-Department-Image.jpg\",\"url\":\"https:\/\/www.carl-abrc.ca\/fr\/evenement\/appel-du-mois-de-decembre-a-la-communaute-de-pratique-pour-la-bibliometrie-et-limpact-de-la-recherche-panel-sur-ladoption-et-lintegration-de-orcid-maximiser-lim\/\",\"eventAttendanceMode\":\"https:\/\/schema.org\/OfflineEventAttendanceMode\",\"eventStatus\":\"https:\/\/schema.org\/EventScheduled\",\"startDate\":\"2025-12-02T13:00:00-05:00\",\"endDate\":\"2025-12-02T14:00:00-05:00\",\"location\":{\"@type\":\"Place\",\"name\":\"\\u00c9v\\u00e9nement virtuel\",\"description\":\"\",\"url\":\"\",\"address\":{\"@type\":\"PostalAddress\"},\"telephone\":\"\",\"sameAs\":\"\"},\"organizer\":{\"@type\":\"Person\",\"name\":\"Communaut\\u00e9 de pratique sur la bibliom\\u00e9trie et l&rsquo;impact de la recherche\",\"description\":\"\",\"url\":\"\",\"telephone\":\"\",\"email\":\"\",\"sameAs\":\"\"},\"performer\":\"Organization\"},{\"@context\":\"http:\/\/schema.org\",\"@type\":\"Event\",\"name\":\"Appel du mois d\\u2019octobre \\u00e0 la Communaut\\u00e9 de pratique sur la bibliom\\u00e9trie et l\\u2019impact de la recherche : D\\u00e9couvrir les perspectives institutionnelles gr\\u00e2ce aux donn\\u00e9es sur les frais de traitement des articles d\\u2019OpenAlex\",\"description\":\"&lt;p&gt;Date :\\u00a023 octobre 2025 Heure :\\u00a013h00 \\u2013 14h00 HE Inscription Dans cette session, Jack Young (biblioth\\u00e9caire charg\\u00e9 de l\\u2019impact de la recherche, Universit\\u00e9 McMaster) et Kelvin Lee (d\\u00e9veloppeur de logiciels [&hellip;]&lt;\/p&gt;\\\\n\",\"image\":\"https:\/\/www.carl-abrc.ca\/wp-content\/uploads\/2025\/04\/CoP-Department-Image.jpg\",\"url\":\"https:\/\/www.carl-abrc.ca\/fr\/evenement\/appel-du-mois-doctobre-a-la-communaute-de-pratique-sur-la-bibliometrie-et-limpact-de-la-recherche-decouvrir-les-perspectives-institutionnelles-grace-aux-donnees-sur-les-frais-de-tr\/\",\"eventAttendanceMode\":\"https:\/\/schema.org\/OfflineEventAttendanceMode\",\"eventStatus\":\"https:\/\/schema.org\/EventScheduled\",\"startDate\":\"2025-10-23T13:00:00-04:00\",\"endDate\":\"2025-10-23T14:00:00-04:00\",\"location\":{\"@type\":\"Place\",\"name\":\"\\u00c9v\\u00e9nement virtuel\",\"description\":\"\",\"url\":\"\",\"address\":{\"@type\":\"PostalAddress\"},\"telephone\":\"\",\"sameAs\":\"\"},\"organizer\":{\"@type\":\"Person\",\"name\":\"Communaut\\u00e9 de pratique sur la bibliom\\u00e9trie et l&rsquo;impact de la recherche\",\"description\":\"\",\"url\":\"\",\"telephone\":\"\",\"email\":\"\",\"sameAs\":\"\"},\"performer\":\"Organization\"},{\"@context\":\"http:\/\/schema.org\",\"@type\":\"Event\",\"name\":\"Appel du mois de juin \\u00e0 la Communaut\\u00e9 de pratique sur la bibliom\\u00e9trie et l\\u2019impact de la recherche : Mise en \\u0153uvre de DORA dans les institutions de recherche canadiennes\",\"description\":\"&lt;p&gt;Date :\\u00a019 juin 2025 Heure :\\u00a013h00 \\u2013 14h00 HE Inscription Un effort mondial est en cours pour \\u00e9valuer la recherche de mani\\u00e8re plus responsable, et le Canada ne fait pas [&hellip;]&lt;\/p&gt;\\\\n\",\"image\":\"https:\/\/www.carl-abrc.ca\/wp-content\/uploads\/2024\/09\/NewsFeaturedImage-1.jpg\",\"url\":\"https:\/\/www.carl-abrc.ca\/fr\/evenement\/appel-du-mois-de-juin-a-la-communaute-de-pratique-sur-la-bibliometrie-et-limpact-de-la-recherche-mise-en-oeuvre-de-dora-dans-les-institutions-de-recherche-canadiennes\/\",\"eventAttendanceMode\":\"https:\/\/schema.org\/OfflineEventAttendanceMode\",\"eventStatus\":\"https:\/\/schema.org\/EventScheduled\",\"startDate\":\"2025-06-19T13:00:00-04:00\",\"endDate\":\"2025-06-19T14:00:00-04:00\",\"location\":{\"@type\":\"Place\",\"name\":\"\\u00c9v\\u00e9nement virtuel\",\"description\":\"\",\"url\":\"\",\"address\":{\"@type\":\"PostalAddress\"},\"telephone\":\"\",\"sameAs\":\"\"},\"organizer\":{\"@type\":\"Person\",\"name\":\"Communaut\\u00e9 de pratique sur la bibliom\\u00e9trie et l&rsquo;impact de la recherche\",\"description\":\"\",\"url\":\"\",\"telephone\":\"\",\"email\":\"\",\"sameAs\":\"\"},\"performer\":\"Organization\"},{\"@context\":\"http:\/\/schema.org\",\"@type\":\"Event\",\"name\":\"Appel du mois d\\u2019avril de la Communaut\\u00e9 de pratique sur la bibliom\\u00e9trie et l\\u2019impact de la recherche de l\\u2019ABRC \\u2013 OpenAlex pour les donn\\u00e9es de recherches\",\"description\":\"&lt;p&gt;Date: jeudi 10 avril 2025 Heure: 13:00h \\u00e0 14:30h HE Inscription Rejoignez la Communaut\\u00e9 de pratique sur la bibliom\\u00e9trie et l\\u2019impact de la recherche de l\\u2019ABRC pour une pr\\u00e9sentation et [&hellip;]&lt;\/p&gt;\\\\n\",\"image\":\"https:\/\/www.carl-abrc.ca\/wp-content\/uploads\/2024\/09\/NewsFeaturedImage-1.jpg\",\"url\":\"https:\/\/www.carl-abrc.ca\/fr\/evenement\/appel-du-mois-davril-de-la-communaute-de-pratique-sur-la-bibliometrie-et-limpact-de-la-recherche-de-labrc-openalex-pour-les-donnees-de-recherches\/\",\"eventAttendanceMode\":\"https:\/\/schema.org\/OfflineEventAttendanceMode\",\"eventStatus\":\"https:\/\/schema.org\/EventScheduled\",\"startDate\":\"2025-04-10T13:00:00-04:00\",\"endDate\":\"2025-04-10T14:30:00-04:00\",\"location\":{\"@type\":\"Place\",\"name\":\"\\u00c9v\\u00e9nement virtuel\",\"description\":\"\",\"url\":\"\",\"address\":{\"@type\":\"PostalAddress\"},\"telephone\":\"\",\"sameAs\":\"\"},\"organizer\":{\"@type\":\"Person\",\"name\":\"Communaut\\u00e9 de pratique sur la bibliom\\u00e9trie et l&rsquo;impact de la recherche\",\"description\":\"\",\"url\":\"\",\"telephone\":\"\",\"email\":\"\",\"sameAs\":\"\"},\"performer\":\"Organization\"},{\"@context\":\"http:\/\/schema.org\",\"@type\":\"Event\",\"name\":\"Appel du mois de f\\u00e9vrier de la Communaut\\u00e9 de pratique sur la bibliom\\u00e9trie et l&rsquo;impact de la recherche : Une approche bibliom\\u00e9trique pour estimer les frais annuels de traitement d&rsquo;articles pour six \\u00e9diteurs de publications savantes\",\"description\":\"&lt;p&gt;Date : mardi 4 f\\u00e9vrier 2025 Heure : 13h00 - 14h00 HE Inscription Rejoignez la Communaut\\u00e9 de pratique sur la bibliom\\u00e9trie et l\\\\'impact de la recherche de l\\\\'ABRC pour une [&hellip;]&lt;\/p&gt;\\\\n\",\"image\":\"https:\/\/www.carl-abrc.ca\/wp-content\/uploads\/2024\/09\/NewsFeaturedImage-1.jpg\",\"url\":\"https:\/\/www.carl-abrc.ca\/fr\/evenement\/appel-du-mois-de-fevrier-de-la-communaute-de-pratique-sur-la-bibliometrie-et-limpact-de-la-recherche-une-approche-bibliometrique-pour-estimer-les-frais-annuels-de-traitement-darticles-pour-six-e\/\",\"eventAttendanceMode\":\"https:\/\/schema.org\/OfflineEventAttendanceMode\",\"eventStatus\":\"https:\/\/schema.org\/EventScheduled\",\"startDate\":\"2025-02-04T13:00:00-05:00\",\"endDate\":\"2025-02-04T14:00:00-05:00\",\"location\":{\"@type\":\"Place\",\"name\":\"\\u00c9v\\u00e9nement virtuel\",\"description\":\"\",\"url\":\"\",\"address\":{\"@type\":\"PostalAddress\"},\"telephone\":\"\",\"sameAs\":\"\"},\"organizer\":{\"@type\":\"Person\",\"name\":\"Communaut\\u00e9 de pratique sur la bibliom\\u00e9trie et l&rsquo;impact de la recherche\",\"description\":\"\",\"url\":\"\",\"telephone\":\"\",\"email\":\"\",\"sameAs\":\"\"},\"performer\":\"Organization\"},{\"@context\":\"http:\/\/schema.org\",\"@type\":\"Event\",\"name\":\"Appel du mois de d\\u00e9cembre \\u00e0 la Communaut\\u00e9 de pratique pour la bibliom\\u00e9trie et l\\u2019impact de la recherche de l\\u2019ABRC \\u2013 Pr\\u00e9sentations \\u00e9clairs, partie 2\",\"description\":\"&lt;p&gt;Date: jeudi 5 d\\u00e9cembre 2024 Heure: 13h \\u00e0 14h30 HE Inscription Nous invitons tous ceux qui s\\\\'int\\u00e9ressent \\u00e0 la bibliom\\u00e9trie et aux indicateurs d\\\\'impact de la recherche au Canada \\u00e0 [&hellip;]&lt;\/p&gt;\\\\n\",\"image\":\"https:\/\/www.carl-abrc.ca\/wp-content\/uploads\/2024\/09\/NewsFeaturedImage-1.jpg\",\"url\":\"https:\/\/www.carl-abrc.ca\/fr\/evenement\/appel-du-mois-de-decembre-a-la-communaute-de-pratique-pour-la-bibliometrie-et-limpact-de-la-recherche-de-labrc-presentations-eclairs-partie-2\/\",\"eventAttendanceMode\":\"https:\/\/schema.org\/OfflineEventAttendanceMode\",\"eventStatus\":\"https:\/\/schema.org\/EventScheduled\",\"startDate\":\"2024-12-05T13:00:00-05:00\",\"endDate\":\"2024-12-05T14:30:00-05:00\",\"location\":{\"@type\":\"Place\",\"name\":\"\\u00c9v\\u00e9nement virtuel\",\"description\":\"\",\"url\":\"\",\"address\":{\"@type\":\"PostalAddress\"},\"telephone\":\"\",\"sameAs\":\"\"},\"organizer\":{\"@type\":\"Person\",\"name\":\"Communaut\\u00e9 de pratique sur la bibliom\\u00e9trie et l&rsquo;impact de la recherche\",\"description\":\"\",\"url\":\"\",\"telephone\":\"\",\"email\":\"\",\"sameAs\":\"\"},\"performer\":\"Organization\"},{\"@context\":\"http:\/\/schema.org\",\"@type\":\"Event\",\"name\":\"Appel du mois d\\u2019octobre \\u00e0 la Communaut\\u00e9 de pratique pour la bibliom\\u00e9trie et l\\u2019impact de la recherche de l\\u2019ABRC \\u2013 Am\\u00e9liorer l&rsquo;int\\u00e9grit\\u00e9 des r\\u00e9f\\u00e9rences gr\\u00e2ce \\u00e0 la bibliom\\u00e9trie\",\"description\":\"&lt;p&gt;Date: mercredi 23 octobre 2024 Heure: 13h \\u00e0 14h30 HE Inscription Nous invitons tous ceux qui s\\\\'int\\u00e9ressent \\u00e0 la bibliom\\u00e9trie et aux indicateurs d\\\\'impact de la recherche au Canada \\u00e0 [&hellip;]&lt;\/p&gt;\\\\n\",\"image\":\"https:\/\/www.carl-abrc.ca\/wp-content\/uploads\/2024\/09\/NewsFeaturedImage-1.jpg\",\"url\":\"https:\/\/www.carl-abrc.ca\/fr\/evenement\/appel-du-mois-doctobre-a-la-communaute-de-pratique-pour-la-bibliometrie-et-limpact-de-la-recherche-de-labrc-ameliorer-lintegrite-des-references-grace-a-la-biblio\/\",\"eventAttendanceMode\":\"https:\/\/schema.org\/OfflineEventAttendanceMode\",\"eventStatus\":\"https:\/\/schema.org\/EventScheduled\",\"startDate\":\"2024-10-23T13:00:00-04:00\",\"endDate\":\"2024-10-23T14:30:00-04:00\",\"location\":{\"@type\":\"Place\",\"name\":\"\\u00c9v\\u00e9nement virtuel\",\"description\":\"\",\"url\":\"\",\"address\":{\"@type\":\"PostalAddress\"},\"telephone\":\"\",\"sameAs\":\"\"},\"organizer\":{\"@type\":\"Person\",\"name\":\"Communaut\\u00e9 de pratique sur la bibliom\\u00e9trie et l&rsquo;impact de la recherche\",\"description\":\"\",\"url\":\"\",\"telephone\":\"\",\"email\":\"\",\"sameAs\":\"\"},\"performer\":\"Organization\"},{\"@context\":\"http:\/\/schema.org\",\"@type\":\"Event\",\"name\":\"Appel du mois de septembre \\u00e0 la Communaut\\u00e9 de pratique pour la bibliom\\u00e9trie et l\\u2019impact de la recherche de l\\u2019ABRC \\u2013 Indicateurs de rendement et d&rsquo;impact pour les programmes d&rsquo;\\u00e9dition en biblioth\\u00e8que\",\"description\":\"&lt;p&gt;Date: jeudi 26 septembre 2024 Heure: 13h \\u00e0 14h00 HE Inscription Nous invitons tous ceux qui s\\\\'int\\u00e9ressent \\u00e0 la bibliom\\u00e9trie et aux indicateurs d\\\\'impact de la recherche au Canada \\u00e0 [&hellip;]&lt;\/p&gt;\\\\n\",\"image\":\"https:\/\/www.carl-abrc.ca\/wp-content\/uploads\/2024\/09\/NewsFeaturedImage-1.jpg\",\"url\":\"https:\/\/www.carl-abrc.ca\/fr\/evenement\/appel-du-mois-de-septembre-a-la-communaute-de-pratique-pour-la-bibliometrie-et-limpact-de-la-recherche-de-labrc-indicateurs-de-rendement-et-dimpact-pour-les-programmes-d\/\",\"eventAttendanceMode\":\"https:\/\/schema.org\/OfflineEventAttendanceMode\",\"eventStatus\":\"https:\/\/schema.org\/EventScheduled\",\"startDate\":\"2024-09-26T13:00:00-04:00\",\"endDate\":\"2024-09-26T14:00:00-04:00\",\"location\":{\"@type\":\"Place\",\"name\":\"\\u00c9v\\u00e9nement virtuel\",\"description\":\"\",\"url\":\"\",\"address\":{\"@type\":\"PostalAddress\"},\"telephone\":\"\",\"sameAs\":\"\"},\"organizer\":{\"@type\":\"Person\",\"name\":\"\\u00c9quipe d\\u2019engagement de la communaut\\u00e9 de l\\u2019\\u00e9dition en biblioth\\u00e8ques\",\"description\":\"\",\"url\":\"\",\"telephone\":\"\",\"email\":\"\",\"sameAs\":\"\"},\"performer\":\"Organization\"},{\"@context\":\"http:\/\/schema.org\",\"@type\":\"Event\",\"name\":\"Appel du mois de juin \\u00e0 la Communaut\\u00e9 de pratique canadienne pour la bibliom\\u00e9trie et l\\u2019impact de la recherche de l\\u2019ABRC \\u2013 Pr\\u00e9sentations \\u00e9clair\",\"description\":\"&lt;p&gt;Date: jeudi 13 juin 2024 Heure: 13h \\u00e0 14h30 HE Inscription Nous invitons tous ceux qui s\\\\'int\\u00e9ressent \\u00e0 la bibliom\\u00e9trie et aux indicateurs d\\\\'impact de la recherche au Canada \\u00e0 [&hellip;]&lt;\/p&gt;\\\\n\",\"image\":\"https:\/\/www.carl-abrc.ca\/wp-content\/uploads\/2024\/09\/NewsFeaturedImage-1.jpg\",\"url\":\"https:\/\/www.carl-abrc.ca\/fr\/evenement\/appel-du-mois-de-juin-a-la-communaute-de-pratique-canadienne-pour-la-bibliometrie-et-limpact-de-la-recherche-de-labrc-presentations-eclair\/\",\"eventAttendanceMode\":\"https:\/\/schema.org\/OfflineEventAttendanceMode\",\"eventStatus\":\"https:\/\/schema.org\/EventScheduled\",\"startDate\":\"2024-06-13T13:00:00-04:00\",\"endDate\":\"2024-06-13T14:00:00-04:00\",\"location\":{\"@type\":\"Place\",\"name\":\"\\u00c9v\\u00e9nement virtuel\",\"description\":\"\",\"url\":\"\",\"address\":{\"@type\":\"PostalAddress\"},\"telephone\":\"\",\"sameAs\":\"\"},\"organizer\":{\"@type\":\"Person\",\"name\":\"Communaut\\u00e9 de pratique sur la bibliom\\u00e9trie et l&rsquo;impact de la recherche\",\"description\":\"\",\"url\":\"\",\"telephone\":\"\",\"email\":\"\",\"sameAs\":\"\"},\"performer\":\"Organization\"},{\"@context\":\"http:\/\/schema.org\",\"@type\":\"Event\",\"name\":\"Appel du mois d\\u2019avril \\u00e0 la Communaut\\u00e9 de pratique canadienne pour la bibliom\\u00e9trie et impact de la recherche de l\\u2019ABRC \\u2013 Au del\\u00e0 des indicateurs de rendement: Mobilisation des connaissances et impact de la recherche\",\"description\":\"&lt;p&gt;Appel du mois d\\u2019avril \\u00e0 la Communaut\\u00e9 de pratique canadienne pour la bibliom\\u00e9trie et impact de la recherche de l\\u2019ABRC \\u2013 Au del\\u00e0 des indicateurs de rendement: Mobilisation des connaissances [&hellip;]&lt;\/p&gt;\\\\n\",\"image\":\"https:\/\/www.carl-abrc.ca\/wp-content\/uploads\/2024\/09\/NewsFeaturedImage-1.jpg\",\"url\":\"https:\/\/www.carl-abrc.ca\/fr\/evenement\/appel-du-mois-davril-a-la-communaute-de-pratique-canadienne-pour-la-bibliometrie-et-impact-de-la-recherche-de-labrc-au-dela-des-indicateurs-de-rendement-mobilisation-des-c\/\",\"eventAttendanceMode\":\"https:\/\/schema.org\/OfflineEventAttendanceMode\",\"eventStatus\":\"https:\/\/schema.org\/EventScheduled\",\"startDate\":\"2024-04-09T13:00:00-04:00\",\"endDate\":\"2024-04-09T14:00:00-04:00\",\"location\":{\"@type\":\"Place\",\"name\":\"\\u00c9v\\u00e9nement virtuel\",\"description\":\"\",\"url\":\"\",\"address\":{\"@type\":\"PostalAddress\"},\"telephone\":\"\",\"sameAs\":\"\"},\"organizer\":{\"@type\":\"Person\",\"name\":\"Communaut\\u00e9 de pratique sur la bibliom\\u00e9trie et l&rsquo;impact de la recherche\",\"description\":\"\",\"url\":\"\",\"telephone\":\"\",\"email\":\"\",\"sameAs\":\"\"},\"performer\":\"Organization\"},{\"@context\":\"http:\/\/schema.org\",\"@type\":\"Event\",\"name\":\"Appel du mois de f\\u00e9vrier de la Communaut\\u00e9 de pratique canadienne sur la bibliom\\u00e9trie et l\\u2019impact de la recherche de l\\u2019ABRC \\u2013 Apprendre \\u00e0 \\u00eatre responsable : de la reconnaissance aux classements\",\"description\":\"&lt;p&gt;Appel du mois de f\\u00e9vrier de la Communaut\\u00e9 de pratique canadienne sur la bibliom\\u00e9trie et l\\u2019impact de la recherche de l\\u2019ABRC \\u2013 Apprendre \\u00e0 \\u00eatre responsable : de la reconnaissance [&hellip;]&lt;\/p&gt;\\\\n\",\"image\":\"https:\/\/www.carl-abrc.ca\/wp-content\/uploads\/2024\/09\/NewsFeaturedImage-1.jpg\",\"url\":\"https:\/\/www.carl-abrc.ca\/fr\/evenement\/appel-du-mois-de-fevrier-de-la-communaute-de-pratique-canadienne-sur-la-bibliometrie-et-limpact-de-la-recherche-de-labrc-apprendre-a-etre-responsable-de-la-reconnaissance\/\",\"eventAttendanceMode\":\"https:\/\/schema.org\/OfflineEventAttendanceMode\",\"eventStatus\":\"https:\/\/schema.org\/EventScheduled\",\"startDate\":\"2024-02-08T13:00:00-05:00\",\"endDate\":\"2024-02-08T14:00:00-05:00\",\"location\":{\"@type\":\"Place\",\"name\":\"\\u00c9v\\u00e9nement virtuel\",\"description\":\"\",\"url\":\"\",\"address\":{\"@type\":\"PostalAddress\"},\"telephone\":\"\",\"sameAs\":\"\"},\"organizer\":{\"@type\":\"Person\",\"name\":\"Communaut\\u00e9 de pratique sur la bibliom\\u00e9trie et l&rsquo;impact de la recherche\",\"description\":\"\",\"url\":\"\",\"telephone\":\"\",\"email\":\"\",\"sameAs\":\"\"},\"performer\":\"Organization\"},{\"@context\":\"http:\/\/schema.org\",\"@type\":\"Event\",\"name\":\"Appel du mois de novembre de la Communaut\\u00e9 de pratique canadienne sur la bibliom\\u00e9trie et l\\u2019impact de la recherche \\u2013 Les r\\u00e9seaux sociaux dans le travail de mobilisation des connaissances\",\"description\":\"&lt;p&gt;Date: mercredi 15 novembre 2023 Heure: 13h00 \\u00e0 14h00 HE Inscription Nous invitons les personnes de partout au Canada qui s\\u2019int\\u00e9ressent \\u00e0 la bibliom\\u00e9trie et aux indicateurs d\\u2019impact de la [&hellip;]&lt;\/p&gt;\\\\n\",\"image\":\"https:\/\/www.carl-abrc.ca\/wp-content\/uploads\/2024\/09\/NewsFeaturedImage-1.jpg\",\"url\":\"https:\/\/www.carl-abrc.ca\/fr\/evenement\/appel-du-mois-de-novembre-de-la-communaute-de-pratique-canadienne-sur-la-bibliometrie-et-limpact-de-la-recherche-les-reseaux-sociaux-dans-le-travail-de-mobilisation-des-connaissance\/\",\"eventAttendanceMode\":\"https:\/\/schema.org\/OfflineEventAttendanceMode\",\"eventStatus\":\"https:\/\/schema.org\/EventScheduled\",\"startDate\":\"2023-11-15T13:00:00-05:00\",\"endDate\":\"2023-11-15T14:00:00-05:00\",\"location\":{\"@type\":\"Place\",\"name\":\"\\u00c9v\\u00e9nement virtuel\",\"description\":\"\",\"url\":\"\",\"address\":{\"@type\":\"PostalAddress\"},\"telephone\":\"\",\"sameAs\":\"\"},\"organizer\":{\"@type\":\"Person\",\"name\":\"Communaut\\u00e9 de pratique sur la bibliom\\u00e9trie et l&rsquo;impact de la recherche\",\"description\":\"\",\"url\":\"\",\"telephone\":\"\",\"email\":\"\",\"sameAs\":\"\"},\"performer\":\"Organization\"},{\"@context\":\"http:\/\/schema.org\",\"@type\":\"Event\",\"name\":\"Appel du mois de septembre de la Communaut\\u00e9 de pratique canadienne sur la bibliom\\u00e9trie et l\\u2019impact de la recherche \\u2013 Les outils d&rsquo;indexation et les indicateurs de revues\",\"description\":\"&lt;p&gt;Appel du mois de septembre de la Communaut\\u00e9 de pratique canadienne sur la bibliom\\u00e9trie et l\\u2019impact de la recherche \\u2013 Les outils d\\\\'indexation et les indicateurs de revues Date: mardi [&hellip;]&lt;\/p&gt;\\\\n\",\"image\":\"https:\/\/www.carl-abrc.ca\/wp-content\/uploads\/2024\/09\/NewsFeaturedImage-1.jpg\",\"url\":\"https:\/\/www.carl-abrc.ca\/fr\/evenement\/appel-du-mois-de-septembre-de-la-communaute-de-pratique-canadienne-sur-la-bibliometrie-et-limpact-de-la-recherche-les-outils-dindexation-et-les-indicateurs-de-revues\/\",\"eventAttendanceMode\":\"https:\/\/schema.org\/OfflineEventAttendanceMode\",\"eventStatus\":\"https:\/\/schema.org\/EventScheduled\",\"startDate\":\"2023-09-12T13:00:00-04:00\",\"endDate\":\"2023-09-12T14:00:00-04:00\",\"location\":{\"@type\":\"Place\",\"name\":\"\\u00c9v\\u00e9nement virtuel\",\"description\":\"\",\"url\":\"\",\"address\":{\"@type\":\"PostalAddress\"},\"telephone\":\"\",\"sameAs\":\"\"},\"organizer\":{\"@type\":\"Person\",\"name\":\"Communaut\\u00e9 de pratique sur la bibliom\\u00e9trie et l&rsquo;impact de la recherche\",\"description\":\"\",\"url\":\"\",\"telephone\":\"\",\"email\":\"\",\"sameAs\":\"\"},\"performer\":\"Organization\"},{\"@context\":\"http:\/\/schema.org\",\"@type\":\"Event\",\"name\":\"Appel du mois de juin de la Communaut\\u00e9 de pratique canadienne sur la bibliom\\u00e9trie et l\\u2019impact de la recherche \\u2013 Utilisation de VOSviewer pour visualiser les tendances dans les collaborations de recherche et les sujets de recherche\",\"description\":\"&lt;p&gt;Date: jeudi 15 juin, 2023 Heure: 13h \\u00e0 14h30 HE Inscription Comment raconter l\\\\'histoire de nos recherches au-del\\u00e0 des comptages et classements habituels ? Cette session pr\\u00e9sentera un outil qui [&hellip;]&lt;\/p&gt;\\\\n\",\"image\":\"https:\/\/www.carl-abrc.ca\/wp-content\/uploads\/2024\/09\/NewsFeaturedImage-1.jpg\",\"url\":\"https:\/\/www.carl-abrc.ca\/fr\/evenement\/appel-du-mois-de-juin-de-la-communaute-de-pratique-canadienne-sur-la-bibliometrie-et-limpact-de-la-recherche-utilisation-de-vosviewer-pour-visualiser-les-tendances-dans-les-collabor\/\",\"eventAttendanceMode\":\"https:\/\/schema.org\/OfflineEventAttendanceMode\",\"eventStatus\":\"https:\/\/schema.org\/EventScheduled\",\"startDate\":\"2023-06-15T13:00:00-04:00\",\"endDate\":\"2023-06-15T14:00:00-04:00\",\"location\":{\"@type\":\"Place\",\"name\":\"\\u00c9v\\u00e9nement virtuel\",\"description\":\"\",\"url\":\"\",\"address\":{\"@type\":\"PostalAddress\"},\"telephone\":\"\",\"sameAs\":\"\"},\"organizer\":{\"@type\":\"Person\",\"name\":\"Communaut\\u00e9 de pratique sur la bibliom\\u00e9trie et l&rsquo;impact de la recherche\",\"description\":\"\",\"url\":\"\",\"telephone\":\"\",\"email\":\"\",\"sameAs\":\"\"},\"performer\":\"Organization\"},{\"@context\":\"http:\/\/schema.org\",\"@type\":\"Event\",\"name\":\"Appel du mois d\\u2019avril de la Communaut\\u00e9 de pratique canadienne sur la bibliom\\u00e9trie et l\\u2019impact de la recherche \\u2013 Relier la recherche canadienne : L&rsquo;\\u00e9tat des IP au Canada\",\"description\":\"&lt;p&gt;Date :\\u00a0Le 11 avril 2023 Heure :\\u00a013 h \\u00e0 14 h HE Inscription Lors de notre prochaine appel de la Communaut\\u00e9 de pratique canadienne sur la bibliom\\u00e9trie et l\\u2019impact de [&hellip;]&lt;\/p&gt;\\\\n\",\"image\":\"https:\/\/www.carl-abrc.ca\/wp-content\/uploads\/2024\/09\/NewsFeaturedImage-1.jpg\",\"url\":\"https:\/\/www.carl-abrc.ca\/fr\/evenement\/appel-du-mois-davril-de-la-communaute-de-pratique-canadienne-sur-la-bibliometrie-et-limpact-de-la-recherche-relier-la-recherche-canadienne-letat-des-ip-au-canada\/\",\"eventAttendanceMode\":\"https:\/\/schema.org\/OfflineEventAttendanceMode\",\"eventStatus\":\"https:\/\/schema.org\/EventScheduled\",\"startDate\":\"2023-04-11T13:00:00-04:00\",\"endDate\":\"2023-04-11T14:00:00-04:00\",\"location\":{\"@type\":\"Place\",\"name\":\"\\u00c9v\\u00e9nement virtuel\",\"description\":\"\",\"url\":\"\",\"address\":{\"@type\":\"PostalAddress\"},\"telephone\":\"\",\"sameAs\":\"\"},\"organizer\":{\"@type\":\"Person\",\"name\":\"Communaut\\u00e9 de pratique sur la bibliom\\u00e9trie et l&rsquo;impact de la recherche\",\"description\":\"\",\"url\":\"\",\"telephone\":\"\",\"email\":\"\",\"sameAs\":\"\"},\"performer\":\"Organization\"},{\"@context\":\"http:\/\/schema.org\",\"@type\":\"Event\",\"name\":\"Appel du mois de mars de la Communaut\\u00e9 de pratique canadienne sur la bibliom\\u00e9trie et l&rsquo;impact de la recherche\",\"description\":\"&lt;p&gt;Date : Le 22 mars 2023 Heure : 13 h \\u00e0 14 h 30 HE Inscription Nous invitons les personnes de partout au Canada qui s\\\\'int\\u00e9ressent \\u00e0 la bibliom\\u00e9trie et [&hellip;]&lt;\/p&gt;\\\\n\",\"image\":\"https:\/\/www.carl-abrc.ca\/wp-content\/uploads\/2024\/09\/NewsFeaturedImage-1.jpg\",\"url\":\"https:\/\/www.carl-abrc.ca\/fr\/evenement\/appel-du-mois-de-mars-de-la-communaute-de-pratique-canadienne-sur-la-bibliometrie-et-limpact-de-la-recherche\/\",\"eventAttendanceMode\":\"https:\/\/schema.org\/OfflineEventAttendanceMode\",\"eventStatus\":\"https:\/\/schema.org\/EventScheduled\",\"startDate\":\"2023-03-22T13:00:00-04:00\",\"endDate\":\"2023-03-22T14:30:00-04:00\",\"location\":{\"@type\":\"Place\",\"name\":\"\\u00c9v\\u00e9nement virtuel\",\"description\":\"\",\"url\":\"\",\"address\":{\"@type\":\"PostalAddress\"},\"telephone\":\"\",\"sameAs\":\"\"},\"organizer\":{\"@type\":\"Person\",\"name\":\"Communaut\\u00e9 de pratique sur la bibliom\\u00e9trie et l&rsquo;impact de la recherche\",\"description\":\"\",\"url\":\"\",\"telephone\":\"\",\"email\":\"\",\"sameAs\":\"\"},\"performer\":\"Organization\"}]\r\n<\/script><!--\n Event listing powered by The Events Calendar Shortcode\n https:\/\/eventcalendarnewsletter.com\/the-events-calendar-shortcode\/ \n-->\t\t\t\t<\/div>\n\t\t\t\t<\/div>\n\t\t\t\t\t<\/div>\n\t\t<\/div>\n\t\t\t\t\t<\/div>\n\t\t<\/section>\n\t\t\t\t<\/div>\n\t\t","protected":false},"excerpt":{"rendered":"<p>\u00c9tablie en 2023, la Communaut\u00e9 de pratique (CdP) sur la bibliom\u00e9trie et l\u2019impact de la recherche r\u00e9unit des biblioth\u00e9caires et d\u2019autres coll\u00e8gues d\u2019\u00e9tablissements universitaires canadiens qui travaillent ou s\u2019int\u00e9ressent aux [&hellip;]<\/p>\n","protected":false},"author":11,"featured_media":0,"parent":1115,"menu_order":0,"comment_status":"closed","ping_status":"closed","template":"","meta":{"_acf_changed":false,"_EventAllDay":false,"_EventTimezone":"","_EventStartDate":"","_EventEndDate":"","_EventStartDateUTC":"","_EventEndDateUTC":"","_EventShowMap":false,"_EventShowMapLink":false,"_EventURL":"","_EventCost":"","_EventCostDescription":"","_EventCurrencySymbol":"","_EventCurrencyCode":"","_EventCurrencyPosition":"","_EventDateTimeSeparator":"","_EventTimeRangeSeparator":"","_EventOrganizerID":[],"_EventVenueID":[],"_OrganizerEmail":"","_OrganizerPhone":"","_OrganizerWebsite":"","_VenueAddress":"","_VenueCity":"","_VenueCountry":"","_VenueProvince":"","_VenueState":"","_VenueZip":"","_VenuePhone":"","_VenueURL":"","_VenueStateProvince":"","_VenueLat":"","_VenueLng":"","_VenueShowMap":false,"_VenueShowMapLink":false,"footnotes":""},"class_list":["post-31135","page","type-page","status-publish","hentry","cat_bibliometrie"],"acf":[],"yoast_head":"<!-- This site is optimized with the Yoast SEO plugin v27.4 - https:\/\/yoast.com\/product\/yoast-seo-wordpress\/ -->\n<title>Communaut\u00e9 de pratique pour la bibliom\u00e9trie et l&#039;impact de la recherche - Association des biblioth\u00e8ques de recherche du Canada<\/title>\n<meta name=\"robots\" content=\"index, follow, max-snippet:-1, max-image-preview:large, max-video-preview:-1\" \/>\n<link rel=\"canonical\" href=\"https:\/\/www.carl-abrc.ca\/fr\/faire-avancer-la-recherche\/communication-savante\/bibliometrie-et-limpact-de-la-recherche\/\" \/>\n<meta property=\"og:locale\" content=\"fr_FR\" \/>\n<meta property=\"og:type\" content=\"article\" \/>\n<meta property=\"og:title\" content=\"Communaut\u00e9 de pratique pour la bibliom\u00e9trie et l&#039;impact de la recherche - Association des biblioth\u00e8ques de recherche du Canada\" \/>\n<meta property=\"og:description\" content=\"\u00c9tablie en 2023, la Communaut\u00e9 de pratique (CdP) sur la bibliom\u00e9trie et l\u2019impact de la recherche r\u00e9unit des biblioth\u00e9caires et d\u2019autres coll\u00e8gues d\u2019\u00e9tablissements universitaires canadiens qui travaillent ou s\u2019int\u00e9ressent aux [&hellip;]\" \/>\n<meta property=\"og:url\" content=\"https:\/\/www.carl-abrc.ca\/fr\/faire-avancer-la-recherche\/communication-savante\/bibliometrie-et-limpact-de-la-recherche\/\" \/>\n<meta property=\"og:site_name\" content=\"Association des biblioth\u00e8ques de recherche du Canada\" \/>\n<meta property=\"article:modified_time\" content=\"2026-03-11T16:32:27+00:00\" \/>\n<meta name=\"twitter:label1\" content=\"Dur\u00e9e de lecture estim\u00e9e\" \/>\n\t<meta name=\"twitter:data1\" content=\"7 minutes\" \/>\n<script type=\"application\/ld+json\" class=\"yoast-schema-graph\">{\"@context\":\"https:\\\/\\\/schema.org\",\"@graph\":[{\"@type\":\"WebPage\",\"@id\":\"https:\\\/\\\/www.carl-abrc.ca\\\/fr\\\/faire-avancer-la-recherche\\\/communication-savante\\\/bibliometrie-et-limpact-de-la-recherche\\\/\",\"url\":\"https:\\\/\\\/www.carl-abrc.ca\\\/fr\\\/faire-avancer-la-recherche\\\/communication-savante\\\/bibliometrie-et-limpact-de-la-recherche\\\/\",\"name\":\"Communaut\u00e9 de pratique pour la bibliom\u00e9trie et l'impact de la recherche - Association des biblioth\u00e8ques de recherche du Canada\",\"isPartOf\":{\"@id\":\"https:\\\/\\\/www.carl-abrc.ca\\\/fr\\\/#website\"},\"datePublished\":\"2023-03-06T20:08:51+00:00\",\"dateModified\":\"2026-03-11T16:32:27+00:00\",\"breadcrumb\":{\"@id\":\"https:\\\/\\\/www.carl-abrc.ca\\\/fr\\\/faire-avancer-la-recherche\\\/communication-savante\\\/bibliometrie-et-limpact-de-la-recherche\\\/#breadcrumb\"},\"inLanguage\":\"fr-FR\",\"potentialAction\":[{\"@type\":\"ReadAction\",\"target\":[\"https:\\\/\\\/www.carl-abrc.ca\\\/fr\\\/faire-avancer-la-recherche\\\/communication-savante\\\/bibliometrie-et-limpact-de-la-recherche\\\/\"]}]},{\"@type\":\"BreadcrumbList\",\"@id\":\"https:\\\/\\\/www.carl-abrc.ca\\\/fr\\\/faire-avancer-la-recherche\\\/communication-savante\\\/bibliometrie-et-limpact-de-la-recherche\\\/#breadcrumb\",\"itemListElement\":[{\"@type\":\"ListItem\",\"position\":1,\"name\":\"Accueil\",\"item\":\"https:\\\/\\\/www.carl-abrc.ca\\\/fr\\\/home-3\\\/\"},{\"@type\":\"ListItem\",\"position\":2,\"name\":\"Faire avancer la recherche\",\"item\":\"https:\\\/\\\/www.carl-abrc.ca\\\/fr\\\/faire-avancer-la-recherche\\\/\"},{\"@type\":\"ListItem\",\"position\":3,\"name\":\"Communication savante\",\"item\":\"https:\\\/\\\/www.carl-abrc.ca\\\/fr\\\/faire-avancer-la-recherche\\\/communication-savante\\\/\"},{\"@type\":\"ListItem\",\"position\":4,\"name\":\"Communaut\u00e9 de pratique pour la bibliom\u00e9trie et l&#8217;impact de la recherche\"}]},{\"@type\":\"WebSite\",\"@id\":\"https:\\\/\\\/www.carl-abrc.ca\\\/fr\\\/#website\",\"url\":\"https:\\\/\\\/www.carl-abrc.ca\\\/fr\\\/\",\"name\":\"Association des biblioth\u00e8ques de recherche du Canada\",\"description\":\"ABRC\",\"publisher\":{\"@id\":\"https:\\\/\\\/www.carl-abrc.ca\\\/fr\\\/#organization\"},\"potentialAction\":[{\"@type\":\"SearchAction\",\"target\":{\"@type\":\"EntryPoint\",\"urlTemplate\":\"https:\\\/\\\/www.carl-abrc.ca\\\/fr\\\/?s={search_term_string}\"},\"query-input\":{\"@type\":\"PropertyValueSpecification\",\"valueRequired\":true,\"valueName\":\"search_term_string\"}}],\"inLanguage\":\"fr-FR\"},{\"@type\":\"Organization\",\"@id\":\"https:\\\/\\\/www.carl-abrc.ca\\\/fr\\\/#organization\",\"name\":\"Association des biblioth\u00e8ques de recherche du Canada\",\"url\":\"https:\\\/\\\/www.carl-abrc.ca\\\/fr\\\/\",\"logo\":{\"@type\":\"ImageObject\",\"inLanguage\":\"fr-FR\",\"@id\":\"https:\\\/\\\/www.carl-abrc.ca\\\/fr\\\/#\\\/schema\\\/logo\\\/image\\\/\",\"url\":\"https:\\\/\\\/www.carl-abrc.ca\\\/wp-content\\\/uploads\\\/2024\\\/07\\\/cropped-Stacked_Colour_L.png\",\"contentUrl\":\"https:\\\/\\\/www.carl-abrc.ca\\\/wp-content\\\/uploads\\\/2024\\\/07\\\/cropped-Stacked_Colour_L.png\",\"width\":641,\"height\":250,\"caption\":\"Association des biblioth\u00e8ques de recherche du Canada\"},\"image\":{\"@id\":\"https:\\\/\\\/www.carl-abrc.ca\\\/fr\\\/#\\\/schema\\\/logo\\\/image\\\/\"},\"sameAs\":[\"https:\\\/\\\/x.com\\\/carlabrc\"]}]}<\/script>\n<!-- \/ Yoast SEO plugin. -->","yoast_head_json":{"title":"Communaut\u00e9 de pratique pour la bibliom\u00e9trie et l'impact de la recherche - Association des biblioth\u00e8ques de recherche du Canada","robots":{"index":"index","follow":"follow","max-snippet":"max-snippet:-1","max-image-preview":"max-image-preview:large","max-video-preview":"max-video-preview:-1"},"canonical":"https:\/\/www.carl-abrc.ca\/fr\/faire-avancer-la-recherche\/communication-savante\/bibliometrie-et-limpact-de-la-recherche\/","og_locale":"fr_FR","og_type":"article","og_title":"Communaut\u00e9 de pratique pour la bibliom\u00e9trie et l'impact de la recherche - Association des biblioth\u00e8ques de recherche du Canada","og_description":"\u00c9tablie en 2023, la Communaut\u00e9 de pratique (CdP) sur la bibliom\u00e9trie et l\u2019impact de la recherche r\u00e9unit des biblioth\u00e9caires et d\u2019autres coll\u00e8gues d\u2019\u00e9tablissements universitaires canadiens qui travaillent ou s\u2019int\u00e9ressent aux [&hellip;]","og_url":"https:\/\/www.carl-abrc.ca\/fr\/faire-avancer-la-recherche\/communication-savante\/bibliometrie-et-limpact-de-la-recherche\/","og_site_name":"Association des biblioth\u00e8ques de recherche du Canada","article_modified_time":"2026-03-11T16:32:27+00:00","twitter_misc":{"Dur\u00e9e de lecture estim\u00e9e":"7 minutes"},"schema":{"@context":"https:\/\/schema.org","@graph":[{"@type":"WebPage","@id":"https:\/\/www.carl-abrc.ca\/fr\/faire-avancer-la-recherche\/communication-savante\/bibliometrie-et-limpact-de-la-recherche\/","url":"https:\/\/www.carl-abrc.ca\/fr\/faire-avancer-la-recherche\/communication-savante\/bibliometrie-et-limpact-de-la-recherche\/","name":"Communaut\u00e9 de pratique pour la bibliom\u00e9trie et l'impact de la recherche - Association des biblioth\u00e8ques de recherche du Canada","isPartOf":{"@id":"https:\/\/www.carl-abrc.ca\/fr\/#website"},"datePublished":"2023-03-06T20:08:51+00:00","dateModified":"2026-03-11T16:32:27+00:00","breadcrumb":{"@id":"https:\/\/www.carl-abrc.ca\/fr\/faire-avancer-la-recherche\/communication-savante\/bibliometrie-et-limpact-de-la-recherche\/#breadcrumb"},"inLanguage":"fr-FR","potentialAction":[{"@type":"ReadAction","target":["https:\/\/www.carl-abrc.ca\/fr\/faire-avancer-la-recherche\/communication-savante\/bibliometrie-et-limpact-de-la-recherche\/"]}]},{"@type":"BreadcrumbList","@id":"https:\/\/www.carl-abrc.ca\/fr\/faire-avancer-la-recherche\/communication-savante\/bibliometrie-et-limpact-de-la-recherche\/#breadcrumb","itemListElement":[{"@type":"ListItem","position":1,"name":"Accueil","item":"https:\/\/www.carl-abrc.ca\/fr\/home-3\/"},{"@type":"ListItem","position":2,"name":"Faire avancer la recherche","item":"https:\/\/www.carl-abrc.ca\/fr\/faire-avancer-la-recherche\/"},{"@type":"ListItem","position":3,"name":"Communication savante","item":"https:\/\/www.carl-abrc.ca\/fr\/faire-avancer-la-recherche\/communication-savante\/"},{"@type":"ListItem","position":4,"name":"Communaut\u00e9 de pratique pour la bibliom\u00e9trie et l&#8217;impact de la recherche"}]},{"@type":"WebSite","@id":"https:\/\/www.carl-abrc.ca\/fr\/#website","url":"https:\/\/www.carl-abrc.ca\/fr\/","name":"Association des biblioth\u00e8ques de recherche du Canada","description":"ABRC","publisher":{"@id":"https:\/\/www.carl-abrc.ca\/fr\/#organization"},"potentialAction":[{"@type":"SearchAction","target":{"@type":"EntryPoint","urlTemplate":"https:\/\/www.carl-abrc.ca\/fr\/?s={search_term_string}"},"query-input":{"@type":"PropertyValueSpecification","valueRequired":true,"valueName":"search_term_string"}}],"inLanguage":"fr-FR"},{"@type":"Organization","@id":"https:\/\/www.carl-abrc.ca\/fr\/#organization","name":"Association des biblioth\u00e8ques de recherche du Canada","url":"https:\/\/www.carl-abrc.ca\/fr\/","logo":{"@type":"ImageObject","inLanguage":"fr-FR","@id":"https:\/\/www.carl-abrc.ca\/fr\/#\/schema\/logo\/image\/","url":"https:\/\/www.carl-abrc.ca\/wp-content\/uploads\/2024\/07\/cropped-Stacked_Colour_L.png","contentUrl":"https:\/\/www.carl-abrc.ca\/wp-content\/uploads\/2024\/07\/cropped-Stacked_Colour_L.png","width":641,"height":250,"caption":"Association des biblioth\u00e8ques de recherche du Canada"},"image":{"@id":"https:\/\/www.carl-abrc.ca\/fr\/#\/schema\/logo\/image\/"},"sameAs":["https:\/\/x.com\/carlabrc"]}]}},"_links":{"self":[{"href":"https:\/\/www.carl-abrc.ca\/fr\/wp-json\/wp\/v2\/pages\/31135","targetHints":{"allow":["GET"]}}],"collection":[{"href":"https:\/\/www.carl-abrc.ca\/fr\/wp-json\/wp\/v2\/pages"}],"about":[{"href":"https:\/\/www.carl-abrc.ca\/fr\/wp-json\/wp\/v2\/types\/page"}],"author":[{"embeddable":true,"href":"https:\/\/www.carl-abrc.ca\/fr\/wp-json\/wp\/v2\/users\/11"}],"replies":[{"embeddable":true,"href":"https:\/\/www.carl-abrc.ca\/fr\/wp-json\/wp\/v2\/comments?post=31135"}],"version-history":[{"count":21,"href":"https:\/\/www.carl-abrc.ca\/fr\/wp-json\/wp\/v2\/pages\/31135\/revisions"}],"predecessor-version":[{"id":40342,"href":"https:\/\/www.carl-abrc.ca\/fr\/wp-json\/wp\/v2\/pages\/31135\/revisions\/40342"}],"up":[{"embeddable":true,"href":"https:\/\/www.carl-abrc.ca\/fr\/wp-json\/wp\/v2\/pages\/1115"}],"wp:attachment":[{"href":"https:\/\/www.carl-abrc.ca\/fr\/wp-json\/wp\/v2\/media?parent=31135"}],"curies":[{"name":"wp","href":"https:\/\/api.w.org\/{rel}","templated":true}]}}