{"id":34797,"date":"2024-05-16T15:18:44","date_gmt":"2024-05-16T19:18:44","guid":{"rendered":"https:\/\/www.carl-abrc.ca\/?page_id=34797"},"modified":"2026-01-23T13:54:19","modified_gmt":"2026-01-23T18:54:19","slug":"communaute-de-pratique-des-depots-canadiens","status":"publish","type":"page","link":"https:\/\/www.carl-abrc.ca\/fr\/faire-avancer-la-recherche\/depots-institutionnels\/communaute-de-pratique-des-depots-canadiens\/","title":{"rendered":"Communaut\u00e9 de pratique des d\u00e9p\u00f4ts canadiens"},"content":{"rendered":"\t\t<div data-elementor-type=\"wp-page\" data-elementor-id=\"34797\" class=\"elementor elementor-34797 elementor-34791\">\n\t\t\t\t<div class=\"elementor-element elementor-element-535a1e7e e-con-full e-flex e-con e-parent\" data-id=\"535a1e7e\" data-element_type=\"container\" data-e-type=\"container\">\n\t\t<div class=\"elementor-element elementor-element-897769a e-con-full e-flex elementor-invisible e-con e-child\" data-id=\"897769a\" data-element_type=\"container\" data-e-type=\"container\" data-settings=\"{&quot;animation&quot;:&quot;slideInLeft&quot;,&quot;animation_tablet&quot;:&quot;none&quot;}\">\n\t\t\t\t<div class=\"elementor-element elementor-element-35a7354a elementor-widget__width-initial elementor-widget elementor-widget-text-editor\" data-id=\"35a7354a\" data-element_type=\"widget\" data-e-type=\"widget\" data-widget_type=\"text-editor.default\">\n\t\t\t\t<div class=\"elementor-widget-container\">\n\t\t\t\t\t\t\t\t\t<p>La Communaut\u00e9 de pratique des d\u00e9p\u00f4ts canadiens r\u00e9unit les professionnels qui g\u00e8rent des d\u00e9p\u00f4ts ouverts dans les biblioth\u00e8ques, les \u00e9tablissements universitaires et les organisations savantes du Canada. Son objectif est de partager les meilleures pratiques, d\u2019identifier les opportunit\u00e9s de collaboration et de r\u00e9seauter avec des coll\u00e8gues \u00e0 l\u2019\u00e9chelle nationale. Elle est g\u00e9r\u00e9e et organis\u00e9e par le\u00a0Comit\u00e9 directeur de la Communaut\u00e9 de pratique des d\u00e9p\u00f4ts canadiens (\u00ab \u00e9quipe d\u2019engagement \u00bb), qui vise \u00e0 r\u00e9unir des personnes engag\u00e9es d\u00e9sireuses d\u2019attiser l\u2019engagement au sein de la communaut\u00e9 des d\u00e9p\u00f4ts canadiens et d\u2019accro\u00eetre le partage d\u2019information entre ses membres.<\/p>\t\t\t\t\t\t\t\t<\/div>\n\t\t\t\t<\/div>\n\t\t\t\t<div class=\"elementor-element elementor-element-682896d elementor-widget elementor-widget-heading\" data-id=\"682896d\" data-element_type=\"widget\" data-e-type=\"widget\" data-widget_type=\"heading.default\">\n\t\t\t\t<div class=\"elementor-widget-container\">\n\t\t\t\t\t<h2 class=\"elementor-heading-title elementor-size-default\">Rejoindre la communaut\u00e9 !<\/h2>\t\t\t\t<\/div>\n\t\t\t\t<\/div>\n\t\t\t\t<div class=\"elementor-element elementor-element-a3e40cc elementor-widget elementor-widget-text-editor\" data-id=\"a3e40cc\" data-element_type=\"widget\" data-e-type=\"widget\" data-widget_type=\"text-editor.default\">\n\t\t\t\t<div class=\"elementor-widget-container\">\n\t\t\t\t\t\t\t\t\t<p style=\"text-align: left;\">Pour rejoindre cette communaut\u00e9 de pratique et rester inform\u00e9 des \u00e9v\u00e9nements \u00e0 venir et des activit\u00e9s en cours du groupe,\u00a0inscrivez-vous \u00e0\u00a0<strong>REPOS-L<\/strong><strong>,<\/strong>\u00a0la liste de discussion sur les d\u00e9p\u00f4ts en biblioth\u00e8que. Cette liste de diffusion par courriel est ouverte \u00e0 toute personne impliqu\u00e9e dans la gestion de d\u00e9p\u00f4ts ouverts dans les biblioth\u00e8ques, les \u00e9tablissements universitaires et les organisations de recherche du Canada, dans le but de faciliter la communication, le partage d\u2019informations et la discussion.<\/p><p style=\"text-align: left;\"><strong><a href=\"https:\/\/listserv.uottawa.ca\/scripts\/wa.exe?SUBED1=REPOS-L&amp;A=1\">-&gt; Rejoindre la communaut\u00e9 de pratique des d\u00e9p\u00f4ts canadiens<\/a><\/strong><\/p>\t\t\t\t\t\t\t\t<\/div>\n\t\t\t\t<\/div>\n\t\t\t\t<div class=\"elementor-element elementor-element-2a2efe4 elementor-widget elementor-widget-heading\" data-id=\"2a2efe4\" data-element_type=\"widget\" data-e-type=\"widget\" data-widget_type=\"heading.default\">\n\t\t\t\t<div class=\"elementor-widget-container\">\n\t\t\t\t\t<h2 class=\"elementor-heading-title elementor-size-default\">Programme de mentorat pour la connaissance des d\u00e9p\u00f4ts<\/h2>\t\t\t\t<\/div>\n\t\t\t\t<\/div>\n\t\t\t\t<div class=\"elementor-element elementor-element-b64bd00 elementor-widget elementor-widget-text-editor\" data-id=\"b64bd00\" data-element_type=\"widget\" data-e-type=\"widget\" data-widget_type=\"text-editor.default\">\n\t\t\t\t<div class=\"elementor-widget-container\">\n\t\t\t\t\t\t\t\t\t<p>Comprendre le milieu des d\u00e9p\u00f4ts peut s\u2019av\u00e9rer difficile. Travaillons ensemble pour changer cela !<\/p><p>La Communaut\u00e9 de pratique des d\u00e9p\u00f4ts canadiens de l\u2019ABRC vous invite \u00e0 rejoindre le Programme de mentorat pour la connaissance des d\u00e9p\u00f4ts. Ce programme est con\u00e7u pour soutenir l\u2019apprentissage, le r\u00e9seautage et le renforcement des capacit\u00e9s au sein de la communaut\u00e9 des d\u00e9p\u00f4ts. Si vous \u00eates nouveau dans le domaine des d\u00e9p\u00f4ts, le programme vous offre l\u2019occasion de rencontrer des coll\u00e8gues exp\u00e9riment\u00e9s et d\u2019approfondir vos connaissances. Si vous avez de l\u2019exp\u00e9rience dans le domaine des d\u00e9p\u00f4ts, nous vous invitons \u00e0 envisager de participer en tant que mentor et \u00e0 contribuer \u00e0 la croissance de la communaut\u00e9.<\/p><p>Le comit\u00e9 directeur a \u00e9labor\u00e9 des <a role=\"link\" href=\"https:\/\/drive.google.com\/file\/d\/1dI44ryQwfxy0H7SMbjMB7Jf58yt5WQ-x\/view?usp=drive_link\">lignes directrices<\/a> afin de d\u00e9finir clairement les attentes en mati\u00e8re de r\u00f4les, d\u2019engagements en termes de temps et d\u2019exp\u00e9rience globale de mentorat. Les jumelages entre mentors et mentor\u00e9s sont effectu\u00e9s en fonction d\u2019une s\u00e9rie de facteurs, notamment la langue pr\u00e9f\u00e9r\u00e9e et les domaines d\u2019int\u00e9r\u00eat, dans la mesure du possible. La participation est ouverte aux membres de la communaut\u00e9 des d\u00e9p\u00f4ts de l\u2019ABRC.<\/p><p><strong><a href=\"https:\/\/docs.google.com\/forms\/d\/e\/1FAIpQLSd860CUqTgSt9s6ZbU_t03aX02IwLFWDsqp1_9mIrHiSG1PqA\/viewform?usp=dialog\">-&gt; Inscrivez-vous pour devenir un mentor ou un mentor\u00e9 (cohorte 2026-2027)<\/a><\/strong><\/p>\t\t\t\t\t\t\t\t<\/div>\n\t\t\t\t<\/div>\n\t\t\t\t<div class=\"elementor-element elementor-element-694385a elementor-widget elementor-widget-heading\" data-id=\"694385a\" data-element_type=\"widget\" data-e-type=\"widget\" data-widget_type=\"heading.default\">\n\t\t\t\t<div class=\"elementor-widget-container\">\n\t\t\t\t\t<h2 class=\"elementor-heading-title elementor-size-default\">Inventaire des plateformes de d\u00e9p\u00f4ts canadiens<\/h2>\t\t\t\t<\/div>\n\t\t\t\t<\/div>\n\t\t\t\t<div class=\"elementor-element elementor-element-9e78e1a elementor-widget elementor-widget-text-editor\" data-id=\"9e78e1a\" data-element_type=\"widget\" data-e-type=\"widget\" data-widget_type=\"text-editor.default\">\n\t\t\t\t<div class=\"elementor-widget-container\">\n\t\t\t\t\t\t\t\t\t<p>L&rsquo;inventaire des plateformes de d\u00e9p\u00f4ts canadiens est un inventaire des d\u00e9p\u00f4ts canadiens mis \u00e0 jour par la communaut\u00e9 qui soutient les discussions sur l&rsquo;infrastructure des d\u00e9p\u00f4ts, les mises \u00e0 jour des logiciels et favorise les liens entre les gestionnaires et les d\u00e9veloppeurs de d\u00e9p\u00f4ts. Cet inventaire est actuellement supervis\u00e9 par le Comit\u00e9 directeur de la Communaut\u00e9 de pratique des d\u00e9p\u00f4ts canadiens de l&rsquo;ABRC. Les gestionnaires de d\u00e9p\u00f4ts canadiens sont invit\u00e9s \u00e0 mettre \u00e0 jour annuellement les informations relatives \u00e0 leur d\u00e9p\u00f4t. Les donn\u00e9es sont prises en d\u00e9cembre et stock\u00e9es dans le R\u00e9pertoire des donn\u00e9es de recherche f\u00e9d\u00e9r\u00e9e (RDRF).<\/p><p style=\"text-align: left;\"><a href=\"https:\/\/docs.google.com\/spreadsheets\/d\/1LYaS1fbnYNEeWTN3ribt4j5whIfOIGIy-KXYgwfpspg\/edit#gid=842684754\" target=\"_blank\" rel=\"noopener\"><strong>-&gt; Consulter l&rsquo;inventaire des plateformes de d\u00e9p\u00f4ts canadiens<\/strong><\/a><\/p>\t\t\t\t\t\t\t\t<\/div>\n\t\t\t\t<\/div>\n\t\t\t\t<\/div>\n\t\t<div class=\"elementor-element elementor-element-d142e12 e-con-full e-flex e-con e-child\" data-id=\"d142e12\" data-element_type=\"container\" data-e-type=\"container\">\n\t\t<div class=\"elementor-element elementor-element-3a6b90f e-con-full e-flex elementor-invisible e-con e-child\" data-id=\"3a6b90f\" data-element_type=\"container\" data-e-type=\"container\" data-settings=\"{&quot;animation&quot;:&quot;slideInRight&quot;,&quot;animation_tablet&quot;:&quot;none&quot;}\">\n\t\t\t\t<div class=\"elementor-element elementor-element-c73b74a elementor-align-justify elementor-widget elementor-widget-button\" data-id=\"c73b74a\" data-element_type=\"widget\" data-e-type=\"widget\" data-widget_type=\"button.default\">\n\t\t\t\t<div class=\"elementor-widget-container\">\n\t\t\t\t\t\t\t\t\t<div class=\"elementor-button-wrapper\">\n\t\t\t\t\t<a class=\"elementor-button elementor-button-link elementor-size-sm\" href=\"https:\/\/docs.google.com\/document\/d\/e\/2PACX-1vRF1oYIELGR4ZxH9ITeyP0QoJMUVAGPfRFdbI5PC_-f70qt1JrJFSngMrc6jt6IGw\/pub\">\n\t\t\t\t\t\t<span class=\"elementor-button-content-wrapper\">\n\t\t\t\t\t\t<span class=\"elementor-button-icon\">\n\t\t\t\t<svg aria-hidden=\"true\" class=\"e-font-icon-svg e-fas-file-download\" viewBox=\"0 0 384 512\" xmlns=\"http:\/\/www.w3.org\/2000\/svg\"><path d=\"M224 136V0H24C10.7 0 0 10.7 0 24v464c0 13.3 10.7 24 24 24h336c13.3 0 24-10.7 24-24V160H248c-13.2 0-24-10.8-24-24zm76.45 211.36l-96.42 95.7c-6.65 6.61-17.39 6.61-24.04 0l-96.42-95.7C73.42 337.29 80.54 320 94.82 320H160v-80c0-8.84 7.16-16 16-16h32c8.84 0 16 7.16 16 16v80h65.18c14.28 0 21.4 17.29 11.27 27.36zM377 105L279.1 7c-4.5-4.5-10.6-7-17-7H256v128h128v-6.1c0-6.3-2.5-12.4-7-16.9z\"><\/path><\/svg>\t\t\t<\/span>\n\t\t\t\t\t\t\t\t\t<span class=\"elementor-button-text\">Mandat<\/span>\n\t\t\t\t\t<\/span>\n\t\t\t\t\t<\/a>\n\t\t\t\t<\/div>\n\t\t\t\t\t\t\t\t<\/div>\n\t\t\t\t<\/div>\n\t\t<div class=\"elementor-element elementor-element-e5dad23 e-con-full e-flex e-con e-child\" data-id=\"e5dad23\" data-element_type=\"container\" data-e-type=\"container\" data-settings=\"{&quot;background_background&quot;:&quot;classic&quot;}\">\n\t\t\t\t<div class=\"elementor-element elementor-element-84551d4 elementor-widget elementor-widget-towngov_hero_title\" data-id=\"84551d4\" data-element_type=\"widget\" data-e-type=\"widget\" data-widget_type=\"towngov_hero_title.default\">\n\t\t\t\t<div class=\"elementor-widget-container\">\n\t\t\t\t\t    \r\n        <div class=\"section-title-box te-align \">\r\n        \t<div class=\"section-tagline te-subtitle\"><\/div>            <h2 class=\"section-title te-title towngov-size-default\"><div style=\"text-align: left;margin: 0px;line-height: revert;font-size: 28px\">\n  Comit\u00e9 directeur\n<\/div><\/h2>                        <div class=\"sec-title__text te-text\"><p>Priscilla Carmini (Waterloo) - pr\u00e9sidente<br \/>Brianna Calomino (Calgary)<br \/>Robyn Hall (MacEwan)<br \/>Emily Hopkins (Saskatchewan)<br \/>Tim Ribaric (Brock)<br \/>Amber Saundry (British Columbia)<br \/>Sophie St-Cyr (Sherbrooke)<br \/>Carolyn Sullivan (Ottawa)<br \/>Taleen Aktorosian (soutien de l'ABRC)<\/p><\/div>\r\n                    <\/div><!-- section-title-box -->\r\n    \r\n    \t\t\t\t<\/div>\n\t\t\t\t<\/div>\n\t\t\t\t<\/div>\n\t\t\t\t<\/div>\n\t\t\t\t<div class=\"elementor-element elementor-element-9e3fc01 elementor-widget-tablet__width-initial elementor-widget elementor-widget-wp-widget-yt_popular_posts\" data-id=\"9e3fc01\" data-element_type=\"widget\" data-e-type=\"widget\" data-widget_type=\"wp-widget-yt_popular_posts.default\">\n\t\t\t\t<div class=\"elementor-widget-container\">\n\t\t\t\t\t\r\n\r\r\n\r\r\n\r\r\n<div class=\"sidebar-widget-recent-post\">\r\r\n    <h5>Nouveaut\u00e9s &#8211; D\u00e9p\u00f4ts<\/h5>\r\n    \r\n    <div class=\"sidebar-recent-post\">\r\r\n        <div class=\"sidebar-recent-post-img\">\r\r\n            <img decoding=\"async\" width=\"69\" height=\"69\" src=\"https:\/\/www.carl-abrc.ca\/wp-content\/uploads\/2024\/09\/NewsFeaturedImage-1-69x69.jpg\" class=\"attachment-towngov_69x69 size-towngov_69x69 wp-post-image\" alt=\"C.A.R.L. Logo\" srcset=\"https:\/\/www.carl-abrc.ca\/wp-content\/uploads\/2024\/09\/NewsFeaturedImage-1-69x69.jpg 69w, https:\/\/www.carl-abrc.ca\/wp-content\/uploads\/2024\/09\/NewsFeaturedImage-1-150x150.jpg 150w, https:\/\/www.carl-abrc.ca\/wp-content\/uploads\/2024\/09\/NewsFeaturedImage-1-91x91.jpg 91w, https:\/\/www.carl-abrc.ca\/wp-content\/uploads\/2024\/09\/NewsFeaturedImage-1-250x250.jpg 250w, https:\/\/www.carl-abrc.ca\/wp-content\/uploads\/2024\/09\/NewsFeaturedImage-1-190x190.jpg 190w\" sizes=\"(max-width: 69px) 100vw, 69px\" \/>\r\n        <\/div><!-- sidebar-recent-post-img -->\r\r\n        <div class=\"sidebar-recent-post-content\">\r\r\n            <div class=\"sidebar-meta\">\r\r\n                <div class=\"sidebar-meta-item\">\r\r\n                    <div class=\"sidebar-meta-icon\">\r\r\n                        <span class=\"author\">\r\r\n                            par<a href=\"https:\/\/www.carl-abrc.ca\/fr\/author\/taleen-aktorosian\/\">Taleen Aktorosian<\/a>\r\r\n                        <\/span><!-- author -->\r\r\n                    <\/div><!-- sidebar-meta-icon -->\r\r\n                <\/div><!-- sidebar-meta-item -->\r\r\n                <div class=\"sidebar-post-title\">\r\r\n                    <h5><a href=\"https:\/\/www.carl-abrc.ca\/fr\/nouvelles\/programme-de-mentorat-de-la-communaute-de-pratique-des-depots-canadiens-2026-2027\/\">Programme de mentorat des d\u00e9p\u00f4ts de la communaut\u00e9 de pratique des d\u00e9p\u00f4ts canadiens 2026-2027<\/a><\/h5>\r\r\n                <\/div><!-- sidebar-post-title -->\r\r\n            <\/div><!-- sidebar-meta -->\r\r\n        <\/div><!-- sidebar-recent-post-content -->\r\r\n    <\/div><!-- sidebar-recent-post -->\r\r\n    \r\n    <div class=\"sidebar-recent-post\">\r\r\n        <div class=\"sidebar-recent-post-img\">\r\r\n            <img decoding=\"async\" width=\"69\" height=\"69\" src=\"https:\/\/www.carl-abrc.ca\/wp-content\/uploads\/2024\/09\/NewsFeaturedImage-1-69x69.jpg\" class=\"attachment-towngov_69x69 size-towngov_69x69 wp-post-image\" alt=\"C.A.R.L. Logo\" srcset=\"https:\/\/www.carl-abrc.ca\/wp-content\/uploads\/2024\/09\/NewsFeaturedImage-1-69x69.jpg 69w, https:\/\/www.carl-abrc.ca\/wp-content\/uploads\/2024\/09\/NewsFeaturedImage-1-150x150.jpg 150w, https:\/\/www.carl-abrc.ca\/wp-content\/uploads\/2024\/09\/NewsFeaturedImage-1-91x91.jpg 91w, https:\/\/www.carl-abrc.ca\/wp-content\/uploads\/2024\/09\/NewsFeaturedImage-1-250x250.jpg 250w, https:\/\/www.carl-abrc.ca\/wp-content\/uploads\/2024\/09\/NewsFeaturedImage-1-190x190.jpg 190w\" sizes=\"(max-width: 69px) 100vw, 69px\" \/>\r\n        <\/div><!-- sidebar-recent-post-img -->\r\r\n        <div class=\"sidebar-recent-post-content\">\r\r\n            <div class=\"sidebar-meta\">\r\r\n                <div class=\"sidebar-meta-item\">\r\r\n                    <div class=\"sidebar-meta-icon\">\r\r\n                        <span class=\"author\">\r\r\n                            par<a href=\"https:\/\/www.carl-abrc.ca\/fr\/author\/taleen-aktorosian\/\">Taleen Aktorosian<\/a>\r\r\n                        <\/span><!-- author -->\r\r\n                    <\/div><!-- sidebar-meta-icon -->\r\r\n                <\/div><!-- sidebar-meta-item -->\r\r\n                <div class=\"sidebar-post-title\">\r\r\n                    <h5><a href=\"https:\/\/www.carl-abrc.ca\/fr\/nouvelles\/deux-nouvelles-ressources-des-groupes-dexperts-scholaris\/\">Deux nouvelles ressources des groupes d\u2019experts Scholaris<\/a><\/h5>\r\r\n                <\/div><!-- sidebar-post-title -->\r\r\n            <\/div><!-- sidebar-meta -->\r\r\n        <\/div><!-- sidebar-recent-post-content -->\r\r\n    <\/div><!-- sidebar-recent-post -->\r\r\n    \r\n    <div class=\"sidebar-recent-post\">\r\r\n        <div class=\"sidebar-recent-post-img\">\r\r\n            <img decoding=\"async\" width=\"69\" height=\"69\" src=\"https:\/\/www.carl-abrc.ca\/wp-content\/uploads\/2024\/09\/NewsFeaturedImage-1-69x69.jpg\" class=\"attachment-towngov_69x69 size-towngov_69x69 wp-post-image\" alt=\"C.A.R.L. Logo\" srcset=\"https:\/\/www.carl-abrc.ca\/wp-content\/uploads\/2024\/09\/NewsFeaturedImage-1-69x69.jpg 69w, https:\/\/www.carl-abrc.ca\/wp-content\/uploads\/2024\/09\/NewsFeaturedImage-1-150x150.jpg 150w, https:\/\/www.carl-abrc.ca\/wp-content\/uploads\/2024\/09\/NewsFeaturedImage-1-91x91.jpg 91w, https:\/\/www.carl-abrc.ca\/wp-content\/uploads\/2024\/09\/NewsFeaturedImage-1-250x250.jpg 250w, https:\/\/www.carl-abrc.ca\/wp-content\/uploads\/2024\/09\/NewsFeaturedImage-1-190x190.jpg 190w\" sizes=\"(max-width: 69px) 100vw, 69px\" \/>\r\n        <\/div><!-- sidebar-recent-post-img -->\r\r\n        <div class=\"sidebar-recent-post-content\">\r\r\n            <div class=\"sidebar-meta\">\r\r\n                <div class=\"sidebar-meta-item\">\r\r\n                    <div class=\"sidebar-meta-icon\">\r\r\n                        <span class=\"author\">\r\r\n                            par<a href=\"https:\/\/www.carl-abrc.ca\/fr\/author\/taleen-aktorosian\/\">Taleen Aktorosian<\/a>\r\r\n                        <\/span><!-- author -->\r\r\n                    <\/div><!-- sidebar-meta-icon -->\r\r\n                <\/div><!-- sidebar-meta-item -->\r\r\n                <div class=\"sidebar-post-title\">\r\r\n                    <h5><a href=\"https:\/\/www.carl-abrc.ca\/fr\/nouvelles\/invitation-a-fournir-des-commentaires-sur-les-recommandations-preliminaires-du-groupe-dexperts-sur-la-preservation-numerique-de-scholaris\/\">Invitation \u00e0 fournir des commentaires sur les recommandations pr\u00e9liminaires du Groupe d\u2019experts sur la pr\u00e9servation num\u00e9rique de Scholaris<\/a><\/h5>\r\r\n                <\/div><!-- sidebar-post-title -->\r\r\n            <\/div><!-- sidebar-meta -->\r\r\n        <\/div><!-- sidebar-recent-post-content -->\r\r\n    <\/div><!-- sidebar-recent-post -->\r\r\n    \r\n<\/div>\r\r\n\r\r\n\t\t\t\t<\/div>\n\t\t\t\t<\/div>\n\t\t\t\t<\/div>\n\t\t\t\t<\/div>\n\t\t\t\t<section class=\"elementor-section elementor-top-section elementor-element elementor-element-55e8da7 elementor-section-content-middle elementor-section-stretched animated-slow elementor-section-boxed elementor-section-height-default elementor-section-height-default\" data-id=\"55e8da7\" data-element_type=\"section\" data-e-type=\"section\" data-settings=\"{&quot;background_background&quot;:&quot;classic&quot;,&quot;stretch_section&quot;:&quot;section-stretched&quot;,&quot;animation&quot;:&quot;none&quot;}\">\n\t\t\t\t\t\t\t<div class=\"elementor-background-overlay\"><\/div>\n\t\t\t\t\t\t\t<div class=\"elementor-container elementor-column-gap-custom\">\n\t\t\t\t\t<div class=\"elementor-column elementor-col-100 elementor-top-column elementor-element elementor-element-84d4f44\" data-id=\"84d4f44\" data-element_type=\"column\" data-e-type=\"column\">\n\t\t\t<div class=\"elementor-widget-wrap elementor-element-populated\">\n\t\t\t\t\t\t<div class=\"elementor-element elementor-element-a907a6a elementor-widget elementor-widget-towngov_hero_title\" data-id=\"a907a6a\" data-element_type=\"widget\" data-e-type=\"widget\" data-widget_type=\"towngov_hero_title.default\">\n\t\t\t\t<div class=\"elementor-widget-container\">\n\t\t\t\t\t    \r\n        <div class=\"section-title-box te-align \">\r\n        \t<div class=\"section-tagline te-subtitle\"><\/div>            <h2 class=\"section-title te-title towngov-size-default\">\u00c9v\u00e8nements de la communaut\u00e9<\/h2>                    <\/div><!-- section-title-box -->\r\n    \r\n    \t\t\t\t<\/div>\n\t\t\t\t<\/div>\n\t\t\t\t<div class=\"elementor-element elementor-element-a4610f8 elementor-widget elementor-widget-shortcode\" data-id=\"a4610f8\" data-element_type=\"widget\" data-e-type=\"widget\" data-widget_type=\"shortcode.default\">\n\t\t\t\t<div class=\"elementor-widget-container\">\n\t\t\t\t\t\t\t<div class=\"elementor-shortcode\"><ul class=\"ecs-event-list\"><li class=\"ecs-event depots_ecs_category\"><h4 class=\"entry-title summary\"><a href=\"https:\/\/www.carl-abrc.ca\/fr\/evenement\/communaute-de-pratique-depots-canadiens-mai-2026\/\" rel=\"bookmark\">Est-ce que j&rsquo;ai oubli\u00e9 quelque chose ? Comment am\u00e9liorer la visibilit\u00e9 des d\u00e9p\u00f4ts<\/a><\/h4><span class=\"duration time\"><span class=\"tribe-event-date-start\">7 mai \u2013  12:00<\/span><span class=\"tribe-event-time\"><\/span> <span class='timezone'> EDT <\/span><\/span><\/li><\/ul><script type=\"application\/ld+json\">\r\n[{\"@context\":\"http:\/\/schema.org\",\"@type\":\"Event\",\"name\":\"Est-ce que j&rsquo;ai oubli\\u00e9 quelque chose ? Comment am\\u00e9liorer la visibilit\\u00e9 des d\\u00e9p\\u00f4ts\",\"description\":\"&lt;p&gt;Date : 7 mai 2026 Time: 12h00 - 13h00 HE Inscription Les d\\u00e9p\\u00f4ts institutionnels sont con\\u00e7us pour faciliter l\\\\'int\\u00e9gration des r\\u00e9sultats de recherche locaux dans l\\\\'\\u00e9cosyst\\u00e8me plus large de la [&hellip;]&lt;\/p&gt;\\\\n\",\"image\":\"https:\/\/www.carl-abrc.ca\/wp-content\/uploads\/2026\/04\/CARL-Social-Media-Graphics-19.jpg\",\"url\":\"https:\/\/www.carl-abrc.ca\/fr\/evenement\/communaute-de-pratique-depots-canadiens-mai-2026\/\",\"eventAttendanceMode\":\"https:\/\/schema.org\/OfflineEventAttendanceMode\",\"eventStatus\":\"https:\/\/schema.org\/EventScheduled\",\"startDate\":\"2026-05-07T12:00:00-04:00\",\"endDate\":\"2026-05-07T13:00:00-04:00\",\"location\":{\"@type\":\"Place\",\"name\":\"\\u00c9v\\u00e9nement virtuel\",\"description\":\"\",\"url\":\"\",\"address\":{\"@type\":\"PostalAddress\"},\"telephone\":\"\",\"sameAs\":\"\"},\"organizer\":{\"@type\":\"Person\",\"name\":\"Communaut\\u00e9 de pratique des d\\u00e9p\\u00f4ts canadiens\",\"description\":\"\",\"url\":\"\",\"telephone\":\"\",\"email\":\"\",\"sameAs\":\"\"},\"performer\":\"Organization\"}]\r\n<\/script><!--\n Event listing powered by The Events Calendar Shortcode\n https:\/\/eventcalendarnewsletter.com\/the-events-calendar-shortcode\/ \n--><\/div>\n\t\t\t\t\t\t<\/div>\n\t\t\t\t<\/div>\n\t\t\t\t<div class=\"elementor-element elementor-element-49d6384 elementor-widget elementor-widget-heading\" data-id=\"49d6384\" data-element_type=\"widget\" data-e-type=\"widget\" data-widget_type=\"heading.default\">\n\t\t\t\t<div class=\"elementor-widget-container\">\n\t\t\t\t\t<h3 class=\"elementor-heading-title elementor-size-default\">\u00c9v\u00e8nements pass\u00e9s<\/h3>\t\t\t\t<\/div>\n\t\t\t\t<\/div>\n\t\t\t\t<div class=\"elementor-element elementor-element-c759657 elementor-widget elementor-widget-text-editor\" data-id=\"c759657\" data-element_type=\"widget\" data-e-type=\"widget\" data-widget_type=\"text-editor.default\">\n\t\t\t\t<div class=\"elementor-widget-container\">\n\t\t\t\t\t\t\t\t\t<p>Les enregistrements des \u00e9v\u00e8nements pass\u00e9s (le cas \u00e9ch\u00e9ant) peuvent \u00eatre visionn\u00e9s sur la<strong> <a href=\"https:\/\/www.youtube.com\/@CARL-ABRC\" target=\"_blank\" rel=\"noopener\">Cha\u00eene YouTube de L&rsquo;ABRC<\/a><\/strong> via la <strong><a href=\"https:\/\/youtube.com\/playlist?list=PLX9EpizS4A0vLT1KE7uiwe9GT5NOcMkjr&amp;feature=shared\" target=\"_blank\" rel=\"noopener\">liste de vid\u00e9os Repositories\/D\u00e9p\u00f4ts.<\/a><\/strong><\/p>\t\t\t\t\t\t\t\t<\/div>\n\t\t\t\t<\/div>\n\t\t\t\t<div class=\"elementor-element elementor-element-78f8ea3 elementor-widget elementor-widget-tecs_widget\" data-id=\"78f8ea3\" data-element_type=\"widget\" data-e-type=\"widget\" data-widget_type=\"tecs_widget.default\">\n\t\t\t\t<div class=\"elementor-widget-container\">\n\t\t\t\t\t<ul class=\"ecs-event-list\"><li class=\"ecs-event depots_ecs_category\"><h4 class=\"entry-title summary\"><a href=\"https:\/\/www.carl-abrc.ca\/fr\/evenement\/communaute-de-pratique-des-depots-canadiens-les-depots-institutionnels-une-force-humaine-exploration-des-modeles-de-gestion-du-personnel-des-depots-dans-les-etablissements-canadiens\/\" rel=\"bookmark\">Communaut\u00e9 de pratique des d\u00e9p\u00f4ts canadiens: Les d\u00e9p\u00f4ts institutionnels : une force humaine ! Exploration des mod\u00e8les de gestion du personnel des d\u00e9p\u00f4ts dans les \u00e9tablissements canadiens<\/a><\/h4><span class=\"duration time\"><span class=\"tribe-event-date-start\">24 f\u00e9vrier \u2013  12:00<\/span><span class=\"tribe-event-time\"><\/span> <span class='timezone'> EST <\/span><\/span><\/li><li class=\"ecs-event depots_ecs_category\"><h4 class=\"entry-title summary\"><a href=\"https:\/\/www.carl-abrc.ca\/fr\/evenement\/appel-de-decembre-a-la-communaute-de-pratique-des-depots-canadiens-defis-actuels-et-orientations-futures-pour-les-depots-institutionnels-apercu-tire-de-la-litterature\/\" rel=\"bookmark\">Appel de d\u00e9cembre \u00e0 la Communaut\u00e9 de pratique des d\u00e9p\u00f4ts canadiens : D\u00e9fis actuels et orientations futures pour les d\u00e9p\u00f4ts institutionnels : aper\u00e7u tir\u00e9 de la litt\u00e9rature<\/a><\/h4><span class=\"duration time\"><span class=\"tribe-event-date-start\">11 d\u00e9cembre 2025 \u2013  12:00<\/span><span class=\"tribe-event-time\"><\/span> <span class='timezone'> EST <\/span><\/span><\/li><li class=\"ecs-event depots_ecs_category\"><h4 class=\"entry-title summary\"><a href=\"https:\/\/www.carl-abrc.ca\/fr\/evenement\/appel-du-mois-doctobre-a-la-communaute-de-pratique-des-depots-canadiens-les-depots-a-lere-de-lia-lattaque-des-bots\/\" rel=\"bookmark\">Appel du mois d\u2019octobre \u00e0 la Communaut\u00e9 de pratique des d\u00e9p\u00f4ts canadiens \u2013 Les d\u00e9p\u00f4ts \u00e0 l\u2019\u00e8re de l\u2019IA : l\u2019attaque des bots<\/a><\/h4><span class=\"duration time\"><span class=\"tribe-event-date-start\">30 octobre 2025 \u2013  13:00<\/span><span class=\"tribe-event-time\"><\/span> <span class='timezone'> EDT <\/span><\/span><\/li><li class=\"ecs-event depots_ecs_category\"><h4 class=\"entry-title summary\"><a href=\"https:\/\/www.carl-abrc.ca\/fr\/evenement\/appel-du-mois-daout-a-la-communaute-de-pratique-des-depots-canadiens-des-campus-aux-chercheurs-communautaires-faire-evoluer-le-role-des-depots-institutionnels\/\" rel=\"bookmark\">Appel du mois d\u2019ao\u00fbt \u00e0 la Communaut\u00e9 de pratique des d\u00e9p\u00f4ts canadiens \u2013 Des campus aux chercheurs communautaires : Faire \u00e9voluer le r\u00f4le des d\u00e9p\u00f4ts institutionnels<\/a><\/h4><span class=\"duration time\"><span class=\"tribe-event-date-start\">27 ao\u00fbt 2025 \u2013  13:00<\/span><span class=\"tribe-event-time\"><\/span> <span class='timezone'> EDT <\/span><\/span><\/li><li class=\"ecs-event depots_ecs_category\"><h4 class=\"entry-title summary\"><a href=\"https:\/\/www.carl-abrc.ca\/fr\/evenement\/appel-du-mois-de-juillet-a-la-communaute-de-pratique-des-depots-canadiens-bilan-de-la-conference-open-repositories-2025\/\" rel=\"bookmark\">Appel du mois de juillet \u00e0 la Communaut\u00e9 de pratique des d\u00e9p\u00f4ts canadiens : Bilan de la conf\u00e9rence Open Repositories 2025<\/a><\/h4><span class=\"duration time\"><span class=\"tribe-event-date-start\">9 juillet 2025 \u2013  13:00<\/span><span class=\"tribe-event-time\"><\/span> <span class='timezone'> EDT <\/span><\/span><\/li><li class=\"ecs-event depots_ecs_category\"><h4 class=\"entry-title summary\"><a href=\"https:\/\/www.carl-abrc.ca\/fr\/evenement\/appel-du-mois-davril-de-la-communaute-de-pratique-des-depots-canadiens-de-labrc-etre-digne-de-confiance-certification-coretrustseal-et-les-depots\/\" rel=\"bookmark\">Appel du mois d&rsquo;avril de la Communaut\u00e9 de pratique des d\u00e9p\u00f4ts canadiens de l&rsquo;ABRC &#8211; \u00catre digne de confiance : Certification CoreTrustSeal et les d\u00e9p\u00f4ts<\/a><\/h4><span class=\"duration time\"><span class=\"tribe-event-date-start\">15 avril 2025 \u2013  13:00<\/span><span class=\"tribe-event-time\"><\/span> <span class='timezone'> EDT <\/span><\/span><\/li><li class=\"ecs-event depots_ecs_category\"><h4 class=\"entry-title summary\"><a href=\"https:\/\/www.carl-abrc.ca\/fr\/evenement\/appel-du-mois-de-fevrier-de-la-communaute-de-pratique-des-depots-canadiens-histoires-dhorreur-de-depots-episode-i-mon-depot-ma-brise-le-coeur\/\" rel=\"bookmark\">Appel du mois de f\u00e9vrier de la Communaut\u00e9 de pratique des d\u00e9p\u00f4ts canadiens &#8211; Histoires d&rsquo;horreur de d\u00e9p\u00f4ts, \u00e9pisode I : Mon d\u00e9p\u00f4t m&rsquo;a bris\u00e9 le c\u0153ur<\/a><\/h4><span class=\"duration time\"><span class=\"tribe-event-date-start\">13 f\u00e9vrier 2025 \u2013  12:00<\/span><span class=\"tribe-event-time\"><\/span> <span class='timezone'> EST <\/span><\/span><\/li><li class=\"ecs-event depots_ecs_category\"><h4 class=\"entry-title summary\"><a href=\"https:\/\/www.carl-abrc.ca\/fr\/evenement\/appel-du-mois-de-novembre-de-la-communaute-de-pratique-des-depots-canadiens-de-labrc-aller-a-la-source-contribuer-a-une-infrastructure-ouverte-saine-par-le-biais-de-projets-de-logiciels-libres-e\/\" rel=\"bookmark\">Appel du mois de novembre de la Communaut\u00e9 de pratique des d\u00e9p\u00f4ts canadiens de l&rsquo;ABRC &#8211; Aller \u00e0 la source : Contribuer \u00e0 une infrastructure ouverte saine par le biais de projets de logiciels libres et \u00e0 source ouverte<\/a><\/h4><span class=\"duration time\"><span class=\"tribe-event-date-start\">26 novembre 2024 \u2013  13:00<\/span><span class=\"tribe-event-time\"><\/span> <span class='timezone'> EST <\/span><\/span><\/li><li class=\"ecs-event depots_ecs_category\"><h4 class=\"entry-title summary\"><a href=\"https:\/\/www.carl-abrc.ca\/fr\/evenement\/appel-du-mois-de-septembre-de-la-communaute-de-pratique-des-depots-canadiens-de-labrc-demandez-moi-nimporte-quoi-avec-mike-nason\/\" rel=\"bookmark\">Appel du mois de septembre de la Communaut\u00e9 de pratique des d\u00e9p\u00f4ts canadiens de l\u2019ABRC \u2013  Demandez-moi n\u2019importe quoi avec Mike Nason!<\/a><\/h4><span class=\"duration time\"><span class=\"tribe-event-date-start\">24 septembre 2024 \u2013  12:00<\/span><span class=\"tribe-event-time\"><\/span> <span class='timezone'> EDT <\/span><\/span><\/li><li class=\"ecs-event depots_ecs_category\"><h4 class=\"entry-title summary\"><a href=\"https:\/\/www.carl-abrc.ca\/fr\/evenement\/club-de-lecture-dete-de-la-communaute-de-pratique-des-depots-canadiens-de-labrc\/\" rel=\"bookmark\">Club de lecture d&rsquo;\u00e9t\u00e9 de la Communaut\u00e9 de pratique des d\u00e9p\u00f4ts canadiens de l&rsquo;ABRC<\/a><\/h4><span class=\"duration time\"><span class=\"tribe-event-date-start\">14 ao\u00fbt 2024 \u2013  12:00<\/span><span class=\"tribe-event-time\"><\/span> <span class='timezone'> EDT <\/span><\/span><\/li><li class=\"ecs-event depots_ecs_category\"><h4 class=\"entry-title summary\"><a href=\"https:\/\/www.carl-abrc.ca\/fr\/evenement\/club-de-lecture-dete-de-la-communaute-de-pratique-des-depots-canadiens-de-labrc-2\/\" rel=\"bookmark\">Club de lecture d&rsquo;\u00e9t\u00e9 de la Communaut\u00e9 de pratique des d\u00e9p\u00f4ts canadiens de l&rsquo;ABRC<\/a><\/h4><span class=\"duration time\"><span class=\"tribe-event-date-start\">10 juillet 2024 \u2013  12:00<\/span><span class=\"tribe-event-time\"><\/span> <span class='timezone'> EDT <\/span><\/span><\/li><li class=\"ecs-event depots_ecs_category\"><h4 class=\"entry-title summary\"><a href=\"https:\/\/www.carl-abrc.ca\/fr\/evenement\/club-de-lecture-dete-de-la-communaute-de-pratique-des-depots-canadiens-de-labrc-3\/\" rel=\"bookmark\">Club de lecture d&rsquo;\u00e9t\u00e9 de la Communaut\u00e9 de pratique des d\u00e9p\u00f4ts canadiens de l&rsquo;ABRC<\/a><\/h4><span class=\"duration time\"><span class=\"tribe-event-date-start\">12 juin 2024 \u2013  12:00<\/span><span class=\"tribe-event-time\"><\/span> <span class='timezone'> EDT <\/span><\/span><\/li><li class=\"ecs-event depots_ecs_category\"><h4 class=\"entry-title summary\"><a href=\"https:\/\/www.carl-abrc.ca\/fr\/evenement\/appel-du-mois-de-mai-de-la-communaute-de-pratique-des-depots-canadiens-de-labrc-un-guide-pratique-sur-linfrastructure-ouverte-pour-les-gestionnaires-de-depots-institutionnels\/\" rel=\"bookmark\">Appel du mois de mai de la Communaut\u00e9 de pratique des d\u00e9p\u00f4ts canadiens de l\u2019ABRC \u2013 Un guide pratique sur l&rsquo;infrastructure ouverte pour les gestionnaires de d\u00e9p\u00f4ts institutionnels<\/a><\/h4><span class=\"duration time\"><span class=\"tribe-event-date-start\">1 mai 2024 \u2013  11:00<\/span><span class=\"tribe-event-time\"><\/span> <span class='timezone'> EDT <\/span><\/span><\/li><li class=\"ecs-event depots_ecs_category\"><h4 class=\"entry-title summary\"><a href=\"https:\/\/www.carl-abrc.ca\/fr\/evenement\/appel-du-mois-de-fevrier-de-la-communaute-de-pratique-des-depots-canadiens-de-labrc-la-misere-des-metadonnees\/\" rel=\"bookmark\">Appel du mois de f\u00e9vrier de la Communaut\u00e9 de pratique des d\u00e9p\u00f4ts canadiens de l\u2019ABRC \u2013 La mis\u00e8re des m\u00e9tadonn\u00e9es<\/a><\/h4><span class=\"duration time\"><span class=\"tribe-event-date-start\">7 f\u00e9vrier 2024 \u2013  12:00<\/span><span class=\"tribe-event-time\"><\/span> <span class='timezone'> EST <\/span><\/span><\/li><li class=\"ecs-event depots_ecs_category\"><h4 class=\"entry-title summary\"><a href=\"https:\/\/www.carl-abrc.ca\/fr\/evenement\/appel-du-mois-de-novembre-de-la-communaute-de-pratique-des-depots-canadiennes-de-labrc-aller-au-dela-des-articles-quoi-dautre-appartient-aux-depots-institutionnels\/\" rel=\"bookmark\">Appel du mois de novembre de la Communaut\u00e9 de pratique des d\u00e9p\u00f4ts canadiennes de l\u2019ABRC \u2013 Aller au-del\u00e0 des articles : Quoi d\u2019autre appartient aux d\u00e9p\u00f4ts institutionnels ?<\/a><\/h4><span class=\"duration time\"><span class=\"tribe-event-date-start\">21 novembre 2023 \u2013  13:00<\/span><span class=\"tribe-event-time\"><\/span> <span class='timezone'> EST <\/span><\/span><\/li><li class=\"ecs-event depots_ecs_category\"><h4 class=\"entry-title summary\"><a href=\"https:\/\/www.carl-abrc.ca\/fr\/evenement\/evenement-de-la-communaute-de-pratique-des-depots-canadiennes-de-labrc-dspace-7-comment-ca-va\/\" rel=\"bookmark\">\u00c9v\u00e9nement de la Communaut\u00e9 de pratique des d\u00e9p\u00f4ts canadiennes de l\u2019ABRC \u2013 DSpace 7 : Comment \u00e7a va ?<\/a><\/h4><span class=\"duration time\"><span class=\"tribe-event-date-start\">27 septembre 2023 \u2013  12:00<\/span><span class=\"tribe-event-time\"><\/span> <span class='timezone'> EDT <\/span><\/span><\/li><li class=\"ecs-event depots_ecs_category\"><h4 class=\"entry-title summary\"><a href=\"https:\/\/www.carl-abrc.ca\/fr\/evenement\/appel-du-mois-de-juin-de-la-communaute-de-pratique-des-depots-canadiennes-de-labrc-conversations-communautaires-infrastructure-partagee-pour-les-depots\/\" rel=\"bookmark\">Appel du mois de juin de la Communaut\u00e9 de pratique des d\u00e9p\u00f4ts canadiennes de l\u2019ABRC \u2013 Conversations communautaires: Infrastructure partag\u00e9e pour les d\u00e9p\u00f4ts<\/a><\/h4><span class=\"duration time\"><span class=\"tribe-event-date-start\">29 juin 2023 \u2013  13:00<\/span><span class=\"tribe-event-time\"><\/span> <span class='timezone'> EDT <\/span><\/span><\/li><\/ul><script type=\"application\/ld+json\">\r\n[{\"@context\":\"http:\/\/schema.org\",\"@type\":\"Event\",\"name\":\"Communaut\\u00e9 de pratique des d\\u00e9p\\u00f4ts canadiens: Les d\\u00e9p\\u00f4ts institutionnels : une force humaine ! Exploration des mod\\u00e8les de gestion du personnel des d\\u00e9p\\u00f4ts dans les \\u00e9tablissements canadiens\",\"description\":\"&lt;p&gt;Date: 24 f\\u00e9vrier 2026 Heure: 12h00-13h30 HE Inscription Les d\\u00e9p\\u00f4ts institutionnels sont des services g\\u00e9r\\u00e9s par des personnes qui jouent un r\\u00f4le fondamental dans la diffusion de la recherche en [&hellip;]&lt;\/p&gt;\\\\n\",\"image\":\"https:\/\/www.carl-abrc.ca\/wp-content\/uploads\/2026\/02\/CARL-Social-Media-Graphics-6.jpg\",\"url\":\"https:\/\/www.carl-abrc.ca\/fr\/evenement\/communaute-de-pratique-des-depots-canadiens-les-depots-institutionnels-une-force-humaine-exploration-des-modeles-de-gestion-du-personnel-des-depots-dans-les-etablissements-canadiens\/\",\"eventAttendanceMode\":\"https:\/\/schema.org\/OfflineEventAttendanceMode\",\"eventStatus\":\"https:\/\/schema.org\/EventScheduled\",\"startDate\":\"2026-02-24T12:00:00-05:00\",\"endDate\":\"2026-02-24T13:30:00-05:00\",\"location\":{\"@type\":\"Place\",\"name\":\"\\u00c9v\\u00e9nement virtuel\",\"description\":\"\",\"url\":\"\",\"address\":{\"@type\":\"PostalAddress\"},\"telephone\":\"\",\"sameAs\":\"\"},\"organizer\":{\"@type\":\"Person\",\"name\":\"Communaut\\u00e9 de pratique des d\\u00e9p\\u00f4ts canadiens\",\"description\":\"\",\"url\":\"\",\"telephone\":\"\",\"email\":\"\",\"sameAs\":\"\"},\"performer\":\"Organization\"},{\"@context\":\"http:\/\/schema.org\",\"@type\":\"Event\",\"name\":\"Appel de d\\u00e9cembre \\u00e0 la Communaut\\u00e9 de pratique des d\\u00e9p\\u00f4ts canadiens : D\\u00e9fis actuels et orientations futures pour les d\\u00e9p\\u00f4ts institutionnels : aper\\u00e7u tir\\u00e9 de la litt\\u00e9rature\",\"description\":\"&lt;p&gt;Date : 11 d\\u00e9cembre 2025 Heure : 12h00-13h00 HE Inscription Cette session fait partie de la s\\u00e9rie C\\u00e9l\\u00e9bration de lancement d\\u2019article, organis\\u00e9e par la Communaut\\u00e9 de pratique des d\\u00e9p\\u00f4ts canadiens. [&hellip;]&lt;\/p&gt;\\\\n\",\"image\":\"https:\/\/www.carl-abrc.ca\/wp-content\/uploads\/2025\/04\/CoP-Department-Image.jpg\",\"url\":\"https:\/\/www.carl-abrc.ca\/fr\/evenement\/appel-de-decembre-a-la-communaute-de-pratique-des-depots-canadiens-defis-actuels-et-orientations-futures-pour-les-depots-institutionnels-apercu-tire-de-la-litterature\/\",\"eventAttendanceMode\":\"https:\/\/schema.org\/OfflineEventAttendanceMode\",\"eventStatus\":\"https:\/\/schema.org\/EventScheduled\",\"startDate\":\"2025-12-11T12:00:00-05:00\",\"endDate\":\"2025-12-11T13:00:00-05:00\",\"location\":{\"@type\":\"Place\",\"name\":\"\\u00c9v\\u00e9nement virtuel\",\"description\":\"\",\"url\":\"\",\"address\":{\"@type\":\"PostalAddress\"},\"telephone\":\"\",\"sameAs\":\"\"},\"organizer\":{\"@type\":\"Person\",\"name\":\"Communaut\\u00e9 de pratique des d\\u00e9p\\u00f4ts canadiens\",\"description\":\"\",\"url\":\"\",\"telephone\":\"\",\"email\":\"\",\"sameAs\":\"\"},\"performer\":\"Organization\"},{\"@context\":\"http:\/\/schema.org\",\"@type\":\"Event\",\"name\":\"Appel du mois d\\u2019octobre \\u00e0 la Communaut\\u00e9 de pratique des d\\u00e9p\\u00f4ts canadiens \\u2013 Les d\\u00e9p\\u00f4ts \\u00e0 l\\u2019\\u00e8re de l\\u2019IA : l\\u2019attaque des bots\",\"description\":\"&lt;p&gt;Date :\\u00a030 octobre 2025 Heure :\\u00a013h00 \\u2013 14h00 HE Inscription Les bots d\\u2019IA r\\u00e9coltent de mani\\u00e8re agressive du contenu sur Internet. Ce que l\\u2019on sait moins, c\\u2019est que ce \\u00ab [&hellip;]&lt;\/p&gt;\\\\n\",\"image\":\"https:\/\/www.carl-abrc.ca\/wp-content\/uploads\/2025\/04\/CoP-Department-Image.jpg\",\"url\":\"https:\/\/www.carl-abrc.ca\/fr\/evenement\/appel-du-mois-doctobre-a-la-communaute-de-pratique-des-depots-canadiens-les-depots-a-lere-de-lia-lattaque-des-bots\/\",\"eventAttendanceMode\":\"https:\/\/schema.org\/OfflineEventAttendanceMode\",\"eventStatus\":\"https:\/\/schema.org\/EventScheduled\",\"startDate\":\"2025-10-30T13:00:00-04:00\",\"endDate\":\"2025-10-30T14:00:00-04:00\",\"location\":{\"@type\":\"Place\",\"name\":\"\\u00c9v\\u00e9nement virtuel\",\"description\":\"\",\"url\":\"\",\"address\":{\"@type\":\"PostalAddress\"},\"telephone\":\"\",\"sameAs\":\"\"},\"organizer\":{\"@type\":\"Person\",\"name\":\"Communaut\\u00e9 de pratique des d\\u00e9p\\u00f4ts canadiens\",\"description\":\"\",\"url\":\"\",\"telephone\":\"\",\"email\":\"\",\"sameAs\":\"\"},\"performer\":\"Organization\"},{\"@context\":\"http:\/\/schema.org\",\"@type\":\"Event\",\"name\":\"Appel du mois d\\u2019ao\\u00fbt \\u00e0 la Communaut\\u00e9 de pratique des d\\u00e9p\\u00f4ts canadiens \\u2013 Des campus aux chercheurs communautaires : Faire \\u00e9voluer le r\\u00f4le des d\\u00e9p\\u00f4ts institutionnels\",\"description\":\"&lt;p&gt;Date: Mercredi 27 ao\\u00fbt 2025 Temps:\\u00a013h00 \\u2013 14h00 HE Inscription Cette session marque le d\\u00e9but d\\u2019une nouvelle s\\u00e9rie \\u00ab\\u00a0C\\u00e9l\\u00e9bration de lancement d\\u2019article\\u00a0\\u00bb, organis\\u00e9e par la Communaut\\u00e9 de pratique des d\\u00e9p\\u00f4ts [&hellip;]&lt;\/p&gt;\\\\n\",\"url\":\"https:\/\/www.carl-abrc.ca\/fr\/evenement\/appel-du-mois-daout-a-la-communaute-de-pratique-des-depots-canadiens-des-campus-aux-chercheurs-communautaires-faire-evoluer-le-role-des-depots-institutionnels\/\",\"eventAttendanceMode\":\"https:\/\/schema.org\/OfflineEventAttendanceMode\",\"eventStatus\":\"https:\/\/schema.org\/EventScheduled\",\"startDate\":\"2025-08-27T13:00:00-04:00\",\"endDate\":\"2025-08-27T14:00:00-04:00\",\"location\":{\"@type\":\"Place\",\"name\":\"\\u00c9v\\u00e9nement virtuel\",\"description\":\"\",\"url\":\"\",\"address\":{\"@type\":\"PostalAddress\"},\"telephone\":\"\",\"sameAs\":\"\"},\"organizer\":{\"@type\":\"Person\",\"name\":\"Communaut\\u00e9 de pratique des d\\u00e9p\\u00f4ts canadiens\",\"description\":\"\",\"url\":\"\",\"telephone\":\"\",\"email\":\"\",\"sameAs\":\"\"},\"performer\":\"Organization\"},{\"@context\":\"http:\/\/schema.org\",\"@type\":\"Event\",\"name\":\"Appel du mois de juillet \\u00e0 la Communaut\\u00e9 de pratique des d\\u00e9p\\u00f4ts canadiens : Bilan de la conf\\u00e9rence Open Repositories 2025\",\"description\":\"&lt;p&gt;Date :\\u00a09 juillet 2025 Heure :\\u00a013h00-14h00 HE Inscription Vous souffrez de \\u00ab FOMO \\u00bb de la conf\\u00e9rence Open Repositories? Rejoignez la Communaut\\u00e9 de pratique des d\\u00e9p\\u00f4ts canadiens pour un \\u00e9v\\u00e9nement [&hellip;]&lt;\/p&gt;\\\\n\",\"image\":\"https:\/\/www.carl-abrc.ca\/wp-content\/uploads\/2024\/09\/NewsFeaturedImage-1.jpg\",\"url\":\"https:\/\/www.carl-abrc.ca\/fr\/evenement\/appel-du-mois-de-juillet-a-la-communaute-de-pratique-des-depots-canadiens-bilan-de-la-conference-open-repositories-2025\/\",\"eventAttendanceMode\":\"https:\/\/schema.org\/OfflineEventAttendanceMode\",\"eventStatus\":\"https:\/\/schema.org\/EventScheduled\",\"startDate\":\"2025-07-09T13:00:00-04:00\",\"endDate\":\"2025-07-09T14:00:00-04:00\",\"location\":{\"@type\":\"Place\",\"name\":\"\\u00c9v\\u00e9nement virtuel\",\"description\":\"\",\"url\":\"\",\"address\":{\"@type\":\"PostalAddress\"},\"telephone\":\"\",\"sameAs\":\"\"},\"organizer\":{\"@type\":\"Person\",\"name\":\"Communaut\\u00e9 de pratique des d\\u00e9p\\u00f4ts canadiens\",\"description\":\"\",\"url\":\"\",\"telephone\":\"\",\"email\":\"\",\"sameAs\":\"\"},\"performer\":\"Organization\"},{\"@context\":\"http:\/\/schema.org\",\"@type\":\"Event\",\"name\":\"Appel du mois d&rsquo;avril de la Communaut\\u00e9 de pratique des d\\u00e9p\\u00f4ts canadiens de l&rsquo;ABRC &#8211; \\u00catre digne de confiance : Certification CoreTrustSeal et les d\\u00e9p\\u00f4ts\",\"description\":\"&lt;p&gt;Date : Mardi 15 avril 2025 Heure : 13h00-14h00 HE Inscription Plusieurs organismes de financement nationaux et internationaux ont impos\\u00e9 des exigences en mati\\u00e8re de gestion et de conservation des [&hellip;]&lt;\/p&gt;\\\\n\",\"image\":\"https:\/\/www.carl-abrc.ca\/wp-content\/uploads\/2024\/09\/NewsFeaturedImage-1.jpg\",\"url\":\"https:\/\/www.carl-abrc.ca\/fr\/evenement\/appel-du-mois-davril-de-la-communaute-de-pratique-des-depots-canadiens-de-labrc-etre-digne-de-confiance-certification-coretrustseal-et-les-depots\/\",\"eventAttendanceMode\":\"https:\/\/schema.org\/OfflineEventAttendanceMode\",\"eventStatus\":\"https:\/\/schema.org\/EventScheduled\",\"startDate\":\"2025-04-15T13:00:00-04:00\",\"endDate\":\"2025-04-15T14:00:00-04:00\",\"location\":{\"@type\":\"Place\",\"name\":\"\\u00c9v\\u00e9nement virtuel\",\"description\":\"\",\"url\":\"\",\"address\":{\"@type\":\"PostalAddress\"},\"telephone\":\"\",\"sameAs\":\"\"},\"performer\":\"Organization\"},{\"@context\":\"http:\/\/schema.org\",\"@type\":\"Event\",\"name\":\"Appel du mois de f\\u00e9vrier de la Communaut\\u00e9 de pratique des d\\u00e9p\\u00f4ts canadiens &#8211; Histoires d&rsquo;horreur de d\\u00e9p\\u00f4ts, \\u00e9pisode I : Mon d\\u00e9p\\u00f4t m&rsquo;a bris\\u00e9 le c\\u0153ur\",\"description\":\"&lt;p&gt;Date : jeudi 13 f\\u00e9vrier 2025 Heure : 12h00 - 13h00 HE Inscription Votre d\\u00e9p\\u00f4t vous a bris\\u00e9 le c\\u0153ur ? \\u00cates-vous en froid avec votre fournisseur de services ? [&hellip;]&lt;\/p&gt;\\\\n\",\"image\":\"https:\/\/www.carl-abrc.ca\/wp-content\/uploads\/2024\/09\/NewsFeaturedImage-1.jpg\",\"url\":\"https:\/\/www.carl-abrc.ca\/fr\/evenement\/appel-du-mois-de-fevrier-de-la-communaute-de-pratique-des-depots-canadiens-histoires-dhorreur-de-depots-episode-i-mon-depot-ma-brise-le-coeur\/\",\"eventAttendanceMode\":\"https:\/\/schema.org\/OfflineEventAttendanceMode\",\"eventStatus\":\"https:\/\/schema.org\/EventScheduled\",\"startDate\":\"2025-02-13T12:00:00-05:00\",\"endDate\":\"2025-02-13T13:00:00-05:00\",\"location\":{\"@type\":\"Place\",\"name\":\"\\u00c9v\\u00e9nement virtuel\",\"description\":\"\",\"url\":\"\",\"address\":{\"@type\":\"PostalAddress\"},\"telephone\":\"\",\"sameAs\":\"\"},\"organizer\":{\"@type\":\"Person\",\"name\":\"Communaut\\u00e9 de pratique des d\\u00e9p\\u00f4ts canadiens\",\"description\":\"\",\"url\":\"\",\"telephone\":\"\",\"email\":\"\",\"sameAs\":\"\"},\"performer\":\"Organization\"},{\"@context\":\"http:\/\/schema.org\",\"@type\":\"Event\",\"name\":\"Appel du mois de novembre de la Communaut\\u00e9 de pratique des d\\u00e9p\\u00f4ts canadiens de l&rsquo;ABRC &#8211; Aller \\u00e0 la source : Contribuer \\u00e0 une infrastructure ouverte saine par le biais de projets de logiciels libres et \\u00e0 source ouverte\",\"description\":\"&lt;p&gt;Date : mardi 26 novembre 2024 Heure : 13h00 - 14h30 HE Inscription Vous avez probablement d\\u00e9j\\u00e0 entendu parler du libre acc\\u00e8s, mais tout ce qui est librement accessible n\\\\'est [&hellip;]&lt;\/p&gt;\\\\n\",\"image\":\"https:\/\/www.carl-abrc.ca\/wp-content\/uploads\/2024\/09\/NewsFeaturedImage-1.jpg\",\"url\":\"https:\/\/www.carl-abrc.ca\/fr\/evenement\/appel-du-mois-de-novembre-de-la-communaute-de-pratique-des-depots-canadiens-de-labrc-aller-a-la-source-contribuer-a-une-infrastructure-ouverte-saine-par-le-biais-de-projets-de-logiciels-libres-e\/\",\"eventAttendanceMode\":\"https:\/\/schema.org\/OfflineEventAttendanceMode\",\"eventStatus\":\"https:\/\/schema.org\/EventScheduled\",\"startDate\":\"2024-11-26T13:00:00-05:00\",\"endDate\":\"2024-11-26T14:30:00-05:00\",\"location\":{\"@type\":\"Place\",\"name\":\"\\u00c9v\\u00e9nement virtuel\",\"description\":\"\",\"url\":\"\",\"address\":{\"@type\":\"PostalAddress\"},\"telephone\":\"\",\"sameAs\":\"\"},\"organizer\":{\"@type\":\"Person\",\"name\":\"Communaut\\u00e9 de pratique des d\\u00e9p\\u00f4ts canadiens\",\"description\":\"\",\"url\":\"\",\"telephone\":\"\",\"email\":\"\",\"sameAs\":\"\"},\"performer\":\"Organization\"},{\"@context\":\"http:\/\/schema.org\",\"@type\":\"Event\",\"name\":\"Appel du mois de septembre de la Communaut\\u00e9 de pratique des d\\u00e9p\\u00f4ts canadiens de l\\u2019ABRC \\u2013  Demandez-moi n\\u2019importe quoi avec Mike Nason!\",\"description\":\"&lt;p&gt;Date: mardi, 24 septembre, 2024 Heure: 12h00 \\u2013 13h00 HE Inscription Joignez-vous \\u00e0 la Communaut\\u00e9 de pratique des d\\u00e9p\\u00f4ts canadiens de l\\\\'ABRC le 24 septembre 2024, de 12 h \\u00e0 [&hellip;]&lt;\/p&gt;\\\\n\",\"image\":\"https:\/\/www.carl-abrc.ca\/wp-content\/uploads\/2024\/09\/NewsFeaturedImage-1.jpg\",\"url\":\"https:\/\/www.carl-abrc.ca\/fr\/evenement\/appel-du-mois-de-septembre-de-la-communaute-de-pratique-des-depots-canadiens-de-labrc-demandez-moi-nimporte-quoi-avec-mike-nason\/\",\"eventAttendanceMode\":\"https:\/\/schema.org\/OfflineEventAttendanceMode\",\"eventStatus\":\"https:\/\/schema.org\/EventScheduled\",\"startDate\":\"2024-09-24T12:00:00-04:00\",\"endDate\":\"2024-09-24T13:00:00-04:00\",\"location\":{\"@type\":\"Place\",\"name\":\"\\u00c9v\\u00e9nement virtuel\",\"description\":\"\",\"url\":\"\",\"address\":{\"@type\":\"PostalAddress\"},\"telephone\":\"\",\"sameAs\":\"\"},\"organizer\":{\"@type\":\"Person\",\"name\":\"Communaut\\u00e9 de pratique des d\\u00e9p\\u00f4ts canadiens\",\"description\":\"\",\"url\":\"\",\"telephone\":\"\",\"email\":\"\",\"sameAs\":\"\"},\"performer\":\"Organization\"},{\"@context\":\"http:\/\/schema.org\",\"@type\":\"Event\",\"name\":\"Club de lecture d&rsquo;\\u00e9t\\u00e9 de la Communaut\\u00e9 de pratique des d\\u00e9p\\u00f4ts canadiens de l&rsquo;ABRC\",\"description\":\"&lt;p&gt;Dates: Les mercredis 12 juin, 10 juillet, 14 ao\\u00fbt, 2024 Heure: 12h \\u00e0 13h HE Inscription La Communaut\\u00e9 de pratique des d\\u00e9p\\u00f4ts canadiens de l\\u2019ABRC vous invite \\u00e0 vous joindre [&hellip;]&lt;\/p&gt;\\\\n\",\"image\":\"https:\/\/www.carl-abrc.ca\/wp-content\/uploads\/2024\/09\/NewsFeaturedImage-1.jpg\",\"url\":\"https:\/\/www.carl-abrc.ca\/fr\/evenement\/club-de-lecture-dete-de-la-communaute-de-pratique-des-depots-canadiens-de-labrc\/\",\"eventAttendanceMode\":\"https:\/\/schema.org\/OfflineEventAttendanceMode\",\"eventStatus\":\"https:\/\/schema.org\/EventScheduled\",\"startDate\":\"2024-08-14T12:00:00-04:00\",\"endDate\":\"2024-08-14T13:00:00-04:00\",\"location\":{\"@type\":\"Place\",\"name\":\"\\u00c9v\\u00e9nement virtuel\",\"description\":\"\",\"url\":\"\",\"address\":{\"@type\":\"PostalAddress\"},\"telephone\":\"\",\"sameAs\":\"\"},\"organizer\":{\"@type\":\"Person\",\"name\":\"Communaut\\u00e9 de pratique des d\\u00e9p\\u00f4ts canadiens\",\"description\":\"\",\"url\":\"\",\"telephone\":\"\",\"email\":\"\",\"sameAs\":\"\"},\"performer\":\"Organization\"},{\"@context\":\"http:\/\/schema.org\",\"@type\":\"Event\",\"name\":\"Club de lecture d&rsquo;\\u00e9t\\u00e9 de la Communaut\\u00e9 de pratique des d\\u00e9p\\u00f4ts canadiens de l&rsquo;ABRC\",\"description\":\"&lt;p&gt;Dates: Les mercredis 12 juin, 10 juillet, 14 ao\\u00fbt, 2024 Heure: 12h \\u00e0 13h HE Inscription La Communaut\\u00e9 de pratique des d\\u00e9p\\u00f4ts canadiens de l\\u2019ABRC vous invite \\u00e0 vous joindre [&hellip;]&lt;\/p&gt;\\\\n\",\"image\":\"https:\/\/www.carl-abrc.ca\/wp-content\/uploads\/2024\/09\/NewsFeaturedImage-1.jpg\",\"url\":\"https:\/\/www.carl-abrc.ca\/fr\/evenement\/club-de-lecture-dete-de-la-communaute-de-pratique-des-depots-canadiens-de-labrc-2\/\",\"eventAttendanceMode\":\"https:\/\/schema.org\/OfflineEventAttendanceMode\",\"eventStatus\":\"https:\/\/schema.org\/EventScheduled\",\"startDate\":\"2024-07-10T12:00:00-04:00\",\"endDate\":\"2024-07-10T13:00:00-04:00\",\"location\":{\"@type\":\"Place\",\"name\":\"\\u00c9v\\u00e9nement virtuel\",\"description\":\"\",\"url\":\"\",\"address\":{\"@type\":\"PostalAddress\"},\"telephone\":\"\",\"sameAs\":\"\"},\"organizer\":{\"@type\":\"Person\",\"name\":\"Communaut\\u00e9 de pratique des d\\u00e9p\\u00f4ts canadiens\",\"description\":\"\",\"url\":\"\",\"telephone\":\"\",\"email\":\"\",\"sameAs\":\"\"},\"performer\":\"Organization\"},{\"@context\":\"http:\/\/schema.org\",\"@type\":\"Event\",\"name\":\"Club de lecture d&rsquo;\\u00e9t\\u00e9 de la Communaut\\u00e9 de pratique des d\\u00e9p\\u00f4ts canadiens de l&rsquo;ABRC\",\"description\":\"&lt;p&gt;Dates: Les mercredis 12 juin, 10 juillet, 14 ao\\u00fbt, 2024 Heure: 12h \\u00e0 13h HE Inscription La Communaut\\u00e9 de pratique des d\\u00e9p\\u00f4ts canadiens de l\\u2019ABRC vous invite \\u00e0 vous joindre [&hellip;]&lt;\/p&gt;\\\\n\",\"image\":\"https:\/\/www.carl-abrc.ca\/wp-content\/uploads\/2024\/09\/NewsFeaturedImage-1.jpg\",\"url\":\"https:\/\/www.carl-abrc.ca\/fr\/evenement\/club-de-lecture-dete-de-la-communaute-de-pratique-des-depots-canadiens-de-labrc-3\/\",\"eventAttendanceMode\":\"https:\/\/schema.org\/OfflineEventAttendanceMode\",\"eventStatus\":\"https:\/\/schema.org\/EventScheduled\",\"startDate\":\"2024-06-12T12:00:00-04:00\",\"endDate\":\"2024-06-12T13:00:00-04:00\",\"location\":{\"@type\":\"Place\",\"name\":\"\\u00c9v\\u00e9nement virtuel\",\"description\":\"\",\"url\":\"\",\"address\":{\"@type\":\"PostalAddress\"},\"telephone\":\"\",\"sameAs\":\"\"},\"organizer\":{\"@type\":\"Person\",\"name\":\"Communaut\\u00e9 de pratique des d\\u00e9p\\u00f4ts canadiens\",\"description\":\"\",\"url\":\"\",\"telephone\":\"\",\"email\":\"\",\"sameAs\":\"\"},\"performer\":\"Organization\"},{\"@context\":\"http:\/\/schema.org\",\"@type\":\"Event\",\"name\":\"Appel du mois de mai de la Communaut\\u00e9 de pratique des d\\u00e9p\\u00f4ts canadiens de l\\u2019ABRC \\u2013 Un guide pratique sur l&rsquo;infrastructure ouverte pour les gestionnaires de d\\u00e9p\\u00f4ts institutionnels\",\"description\":\"&lt;p&gt;Date : mercredi 1er mai 2024 Heure : 11h \\u00e0 12h30 HE Inscription Description : L\\\\'objectif de cette session est d\\\\'aider \\u00e0 r\\u00e9duire l\\\\'\\u00e9cart entre le monde des infrastructures ouvertes, [&hellip;]&lt;\/p&gt;\\\\n\",\"image\":\"https:\/\/www.carl-abrc.ca\/wp-content\/uploads\/2024\/09\/NewsFeaturedImage-1.jpg\",\"url\":\"https:\/\/www.carl-abrc.ca\/fr\/evenement\/appel-du-mois-de-mai-de-la-communaute-de-pratique-des-depots-canadiens-de-labrc-un-guide-pratique-sur-linfrastructure-ouverte-pour-les-gestionnaires-de-depots-institutionnels\/\",\"eventAttendanceMode\":\"https:\/\/schema.org\/OfflineEventAttendanceMode\",\"eventStatus\":\"https:\/\/schema.org\/EventScheduled\",\"startDate\":\"2024-05-01T11:00:00-04:00\",\"endDate\":\"2024-05-01T12:30:00-04:00\",\"location\":{\"@type\":\"Place\",\"name\":\"\\u00c9v\\u00e9nement virtuel\",\"description\":\"\",\"url\":\"\",\"address\":{\"@type\":\"PostalAddress\"},\"telephone\":\"\",\"sameAs\":\"\"},\"organizer\":{\"@type\":\"Person\",\"name\":\"Communaut\\u00e9 de pratique des d\\u00e9p\\u00f4ts canadiens\",\"description\":\"\",\"url\":\"\",\"telephone\":\"\",\"email\":\"\",\"sameAs\":\"\"},\"performer\":\"Organization\"},{\"@context\":\"http:\/\/schema.org\",\"@type\":\"Event\",\"name\":\"Appel du mois de f\\u00e9vrier de la Communaut\\u00e9 de pratique des d\\u00e9p\\u00f4ts canadiens de l\\u2019ABRC \\u2013 La mis\\u00e8re des m\\u00e9tadonn\\u00e9es\",\"description\":\"&lt;p&gt;Appel du mois de f\\u00e9vrier de la Communaut\\u00e9 de pratique des d\\u00e9p\\u00f4ts canadiens de l\\u2019ABRC \\u2013 La mis\\u00e8re des m\\u00e9tadonn\\u00e9es Date : mecredi 7 f\\u00e9vrier, 2024 Heure : 12h \\u2013 [&hellip;]&lt;\/p&gt;\\\\n\",\"image\":\"https:\/\/www.carl-abrc.ca\/wp-content\/uploads\/2024\/09\/NewsFeaturedImage-1.jpg\",\"url\":\"https:\/\/www.carl-abrc.ca\/fr\/evenement\/appel-du-mois-de-fevrier-de-la-communaute-de-pratique-des-depots-canadiens-de-labrc-la-misere-des-metadonnees\/\",\"eventAttendanceMode\":\"https:\/\/schema.org\/OfflineEventAttendanceMode\",\"eventStatus\":\"https:\/\/schema.org\/EventScheduled\",\"startDate\":\"2024-02-07T12:00:00-05:00\",\"endDate\":\"2024-02-07T13:30:00-05:00\",\"location\":{\"@type\":\"Place\",\"name\":\"\\u00c9v\\u00e9nement virtuel\",\"description\":\"\",\"url\":\"\",\"address\":{\"@type\":\"PostalAddress\"},\"telephone\":\"\",\"sameAs\":\"\"},\"organizer\":{\"@type\":\"Person\",\"name\":\"Communaut\\u00e9 de pratique des d\\u00e9p\\u00f4ts canadiens\",\"description\":\"\",\"url\":\"\",\"telephone\":\"\",\"email\":\"\",\"sameAs\":\"\"},\"performer\":\"Organization\"},{\"@context\":\"http:\/\/schema.org\",\"@type\":\"Event\",\"name\":\"Appel du mois de novembre de la Communaut\\u00e9 de pratique des d\\u00e9p\\u00f4ts canadiennes de l\\u2019ABRC \\u2013 Aller au-del\\u00e0 des articles : Quoi d\\u2019autre appartient aux d\\u00e9p\\u00f4ts institutionnels ?\",\"description\":\"&lt;p&gt;Date: mardi 21 novembre 2023 Heure: 12h00 \\u2013 13h30 HE Inscription Le th\\u00e8me de la Semaine du libre acc\\u00e8s de cette ann\\u00e9e, \\u00ab La communaut\\u00e9 avant la commercialisation \\u00bb, nous [&hellip;]&lt;\/p&gt;\\\\n\",\"image\":\"https:\/\/www.carl-abrc.ca\/wp-content\/uploads\/2024\/09\/NewsFeaturedImage-1.jpg\",\"url\":\"https:\/\/www.carl-abrc.ca\/fr\/evenement\/appel-du-mois-de-novembre-de-la-communaute-de-pratique-des-depots-canadiennes-de-labrc-aller-au-dela-des-articles-quoi-dautre-appartient-aux-depots-institutionnels\/\",\"eventAttendanceMode\":\"https:\/\/schema.org\/OfflineEventAttendanceMode\",\"eventStatus\":\"https:\/\/schema.org\/EventScheduled\",\"startDate\":\"2023-11-21T13:00:00-05:00\",\"endDate\":\"2023-11-21T14:00:00-05:00\",\"location\":{\"@type\":\"Place\",\"name\":\"\\u00c9v\\u00e9nement virtuel\",\"description\":\"\",\"url\":\"\",\"address\":{\"@type\":\"PostalAddress\"},\"telephone\":\"\",\"sameAs\":\"\"},\"organizer\":{\"@type\":\"Person\",\"name\":\"Communaut\\u00e9 de pratique des d\\u00e9p\\u00f4ts canadiens\",\"description\":\"\",\"url\":\"\",\"telephone\":\"\",\"email\":\"\",\"sameAs\":\"\"},\"performer\":\"Organization\"},{\"@context\":\"http:\/\/schema.org\",\"@type\":\"Event\",\"name\":\"\\u00c9v\\u00e9nement de la Communaut\\u00e9 de pratique des d\\u00e9p\\u00f4ts canadiennes de l\\u2019ABRC \\u2013 DSpace 7 : Comment \\u00e7a va ?\",\"description\":\"&lt;p&gt;\\u00c9v\\u00e9nement de la Communaut\\u00e9 de pratique des d\\u00e9p\\u00f4ts canadiennes de l\\u2019ABRC \\u2013 DSpace 7 : Comment \\u00e7a va ? Date : 27 septembre Heure : 12h \\u2013 13h HE La [&hellip;]&lt;\/p&gt;\\\\n\",\"image\":\"https:\/\/www.carl-abrc.ca\/wp-content\/uploads\/2024\/09\/NewsFeaturedImage-1.jpg\",\"url\":\"https:\/\/www.carl-abrc.ca\/fr\/evenement\/evenement-de-la-communaute-de-pratique-des-depots-canadiennes-de-labrc-dspace-7-comment-ca-va\/\",\"eventAttendanceMode\":\"https:\/\/schema.org\/OfflineEventAttendanceMode\",\"eventStatus\":\"https:\/\/schema.org\/EventScheduled\",\"startDate\":\"2023-09-27T12:00:00-04:00\",\"endDate\":\"2023-09-27T13:00:00-04:00\",\"location\":{\"@type\":\"Place\",\"name\":\"\\u00c9v\\u00e9nement virtuel\",\"description\":\"\",\"url\":\"\",\"address\":{\"@type\":\"PostalAddress\"},\"telephone\":\"\",\"sameAs\":\"\"},\"organizer\":{\"@type\":\"Person\",\"name\":\"Communaut\\u00e9 de pratique des d\\u00e9p\\u00f4ts canadiens\",\"description\":\"\",\"url\":\"\",\"telephone\":\"\",\"email\":\"\",\"sameAs\":\"\"},\"performer\":\"Organization\"},{\"@context\":\"http:\/\/schema.org\",\"@type\":\"Event\",\"name\":\"Appel du mois de juin de la Communaut\\u00e9 de pratique des d\\u00e9p\\u00f4ts canadiennes de l\\u2019ABRC \\u2013 Conversations communautaires: Infrastructure partag\\u00e9e pour les d\\u00e9p\\u00f4ts\",\"description\":\"&lt;p&gt;Date: jeudi 29 juin, 2023 Heure: 13h \\u00e0 14h HAE\\u00a0 Inscription Conf\\u00e9rencier invit\\u00e9: Geoff Harder, directeur adjoint de la biblioth\\u00e8que (Universit\\u00e9 de l\\u2019Alberta) et Chef de projet de l\\u2019ABRC pour [&hellip;]&lt;\/p&gt;\\\\n\",\"image\":\"https:\/\/www.carl-abrc.ca\/wp-content\/uploads\/2024\/09\/NewsFeaturedImage-1.jpg\",\"url\":\"https:\/\/www.carl-abrc.ca\/fr\/evenement\/appel-du-mois-de-juin-de-la-communaute-de-pratique-des-depots-canadiennes-de-labrc-conversations-communautaires-infrastructure-partagee-pour-les-depots\/\",\"eventAttendanceMode\":\"https:\/\/schema.org\/OfflineEventAttendanceMode\",\"eventStatus\":\"https:\/\/schema.org\/EventScheduled\",\"startDate\":\"2023-06-29T13:00:00-04:00\",\"endDate\":\"2023-06-29T14:00:00-04:00\",\"location\":{\"@type\":\"Place\",\"name\":\"\\u00c9v\\u00e9nement virtuel\",\"description\":\"\",\"url\":\"\",\"address\":{\"@type\":\"PostalAddress\"},\"telephone\":\"\",\"sameAs\":\"\"},\"organizer\":{\"@type\":\"Person\",\"name\":\"Communaut\\u00e9 de pratique des d\\u00e9p\\u00f4ts canadiens\",\"description\":\"\",\"url\":\"\",\"telephone\":\"\",\"email\":\"\",\"sameAs\":\"\"},\"performer\":\"Organization\"}]\r\n<\/script><!--\n Event listing powered by The Events Calendar Shortcode\n https:\/\/eventcalendarnewsletter.com\/the-events-calendar-shortcode\/ \n-->\t\t\t\t<\/div>\n\t\t\t\t<\/div>\n\t\t\t\t\t<\/div>\n\t\t<\/div>\n\t\t\t\t\t<\/div>\n\t\t<\/section>\n\t\t\t\t<\/div>\n\t\t","protected":false},"excerpt":{"rendered":"<p>La Communaut\u00e9 de pratique des d\u00e9p\u00f4ts canadiens r\u00e9unit les professionnels qui g\u00e8rent des d\u00e9p\u00f4ts ouverts dans les biblioth\u00e8ques, les \u00e9tablissements universitaires et les organisations savantes du Canada. Son objectif est [&hellip;]<\/p>\n","protected":false},"author":131,"featured_media":0,"parent":1070,"menu_order":0,"comment_status":"closed","ping_status":"closed","template":"","meta":{"_acf_changed":false,"_EventAllDay":false,"_EventTimezone":"","_EventStartDate":"","_EventEndDate":"","_EventStartDateUTC":"","_EventEndDateUTC":"","_EventShowMap":false,"_EventShowMapLink":false,"_EventURL":"","_EventCost":"","_EventCostDescription":"","_EventCurrencySymbol":"","_EventCurrencyCode":"","_EventCurrencyPosition":"","_EventDateTimeSeparator":"","_EventTimeRangeSeparator":"","_EventOrganizerID":[],"_EventVenueID":[],"_OrganizerEmail":"","_OrganizerPhone":"","_OrganizerWebsite":"","_VenueAddress":"","_VenueCity":"","_VenueCountry":"","_VenueProvince":"","_VenueState":"","_VenueZip":"","_VenuePhone":"","_VenueURL":"","_VenueStateProvince":"","_VenueLat":"","_VenueLng":"","_VenueShowMap":false,"_VenueShowMapLink":false,"footnotes":""},"class_list":["post-34797","page","type-page","status-publish","hentry","cat_depots"],"acf":[],"yoast_head":"<!-- This site is optimized with the Yoast SEO plugin v27.4 - https:\/\/yoast.com\/product\/yoast-seo-wordpress\/ -->\n<title>Communaut\u00e9 de pratique des d\u00e9p\u00f4ts canadiens - Association des biblioth\u00e8ques de recherche du Canada<\/title>\n<meta name=\"robots\" content=\"index, follow, max-snippet:-1, max-image-preview:large, max-video-preview:-1\" \/>\n<link rel=\"canonical\" href=\"https:\/\/www.carl-abrc.ca\/fr\/faire-avancer-la-recherche\/depots-institutionnels\/communaute-de-pratique-des-depots-canadiens\/\" \/>\n<meta property=\"og:locale\" content=\"fr_FR\" \/>\n<meta property=\"og:type\" content=\"article\" \/>\n<meta property=\"og:title\" content=\"Communaut\u00e9 de pratique des d\u00e9p\u00f4ts canadiens - Association des biblioth\u00e8ques de recherche du Canada\" \/>\n<meta property=\"og:description\" content=\"La Communaut\u00e9 de pratique des d\u00e9p\u00f4ts canadiens r\u00e9unit les professionnels qui g\u00e8rent des d\u00e9p\u00f4ts ouverts dans les biblioth\u00e8ques, les \u00e9tablissements universitaires et les organisations savantes du Canada. Son objectif est [&hellip;]\" \/>\n<meta property=\"og:url\" content=\"https:\/\/www.carl-abrc.ca\/fr\/faire-avancer-la-recherche\/depots-institutionnels\/communaute-de-pratique-des-depots-canadiens\/\" \/>\n<meta property=\"og:site_name\" content=\"Association des biblioth\u00e8ques de recherche du Canada\" \/>\n<meta property=\"article:modified_time\" content=\"2026-01-23T18:54:19+00:00\" \/>\n<meta name=\"twitter:label1\" content=\"Dur\u00e9e de lecture estim\u00e9e\" \/>\n\t<meta name=\"twitter:data1\" content=\"6 minutes\" \/>\n<script type=\"application\/ld+json\" class=\"yoast-schema-graph\">{\"@context\":\"https:\\\/\\\/schema.org\",\"@graph\":[{\"@type\":\"WebPage\",\"@id\":\"https:\\\/\\\/www.carl-abrc.ca\\\/fr\\\/faire-avancer-la-recherche\\\/depots-institutionnels\\\/communaute-de-pratique-des-depots-canadiens\\\/\",\"url\":\"https:\\\/\\\/www.carl-abrc.ca\\\/fr\\\/faire-avancer-la-recherche\\\/depots-institutionnels\\\/communaute-de-pratique-des-depots-canadiens\\\/\",\"name\":\"Communaut\u00e9 de pratique des d\u00e9p\u00f4ts canadiens - Association des biblioth\u00e8ques de recherche du Canada\",\"isPartOf\":{\"@id\":\"https:\\\/\\\/www.carl-abrc.ca\\\/fr\\\/#website\"},\"datePublished\":\"2024-05-16T19:18:44+00:00\",\"dateModified\":\"2026-01-23T18:54:19+00:00\",\"breadcrumb\":{\"@id\":\"https:\\\/\\\/www.carl-abrc.ca\\\/fr\\\/faire-avancer-la-recherche\\\/depots-institutionnels\\\/communaute-de-pratique-des-depots-canadiens\\\/#breadcrumb\"},\"inLanguage\":\"fr-FR\",\"potentialAction\":[{\"@type\":\"ReadAction\",\"target\":[\"https:\\\/\\\/www.carl-abrc.ca\\\/fr\\\/faire-avancer-la-recherche\\\/depots-institutionnels\\\/communaute-de-pratique-des-depots-canadiens\\\/\"]}]},{\"@type\":\"BreadcrumbList\",\"@id\":\"https:\\\/\\\/www.carl-abrc.ca\\\/fr\\\/faire-avancer-la-recherche\\\/depots-institutionnels\\\/communaute-de-pratique-des-depots-canadiens\\\/#breadcrumb\",\"itemListElement\":[{\"@type\":\"ListItem\",\"position\":1,\"name\":\"Accueil\",\"item\":\"https:\\\/\\\/www.carl-abrc.ca\\\/fr\\\/home-3\\\/\"},{\"@type\":\"ListItem\",\"position\":2,\"name\":\"Faire avancer la recherche\",\"item\":\"https:\\\/\\\/www.carl-abrc.ca\\\/fr\\\/faire-avancer-la-recherche\\\/\"},{\"@type\":\"ListItem\",\"position\":3,\"name\":\"D\u00e9p\u00f4ts institutionnels\",\"item\":\"https:\\\/\\\/www.carl-abrc.ca\\\/fr\\\/faire-avancer-la-recherche\\\/depots-institutionnels\\\/\"},{\"@type\":\"ListItem\",\"position\":4,\"name\":\"Communaut\u00e9 de pratique des d\u00e9p\u00f4ts canadiens\"}]},{\"@type\":\"WebSite\",\"@id\":\"https:\\\/\\\/www.carl-abrc.ca\\\/fr\\\/#website\",\"url\":\"https:\\\/\\\/www.carl-abrc.ca\\\/fr\\\/\",\"name\":\"Association des biblioth\u00e8ques de recherche du Canada\",\"description\":\"ABRC\",\"publisher\":{\"@id\":\"https:\\\/\\\/www.carl-abrc.ca\\\/fr\\\/#organization\"},\"potentialAction\":[{\"@type\":\"SearchAction\",\"target\":{\"@type\":\"EntryPoint\",\"urlTemplate\":\"https:\\\/\\\/www.carl-abrc.ca\\\/fr\\\/?s={search_term_string}\"},\"query-input\":{\"@type\":\"PropertyValueSpecification\",\"valueRequired\":true,\"valueName\":\"search_term_string\"}}],\"inLanguage\":\"fr-FR\"},{\"@type\":\"Organization\",\"@id\":\"https:\\\/\\\/www.carl-abrc.ca\\\/fr\\\/#organization\",\"name\":\"Association des biblioth\u00e8ques de recherche du Canada\",\"url\":\"https:\\\/\\\/www.carl-abrc.ca\\\/fr\\\/\",\"logo\":{\"@type\":\"ImageObject\",\"inLanguage\":\"fr-FR\",\"@id\":\"https:\\\/\\\/www.carl-abrc.ca\\\/fr\\\/#\\\/schema\\\/logo\\\/image\\\/\",\"url\":\"https:\\\/\\\/www.carl-abrc.ca\\\/wp-content\\\/uploads\\\/2024\\\/07\\\/cropped-Stacked_Colour_L.png\",\"contentUrl\":\"https:\\\/\\\/www.carl-abrc.ca\\\/wp-content\\\/uploads\\\/2024\\\/07\\\/cropped-Stacked_Colour_L.png\",\"width\":641,\"height\":250,\"caption\":\"Association des biblioth\u00e8ques de recherche du Canada\"},\"image\":{\"@id\":\"https:\\\/\\\/www.carl-abrc.ca\\\/fr\\\/#\\\/schema\\\/logo\\\/image\\\/\"},\"sameAs\":[\"https:\\\/\\\/x.com\\\/carlabrc\"]}]}<\/script>\n<!-- \/ Yoast SEO plugin. -->","yoast_head_json":{"title":"Communaut\u00e9 de pratique des d\u00e9p\u00f4ts canadiens - Association des biblioth\u00e8ques de recherche du Canada","robots":{"index":"index","follow":"follow","max-snippet":"max-snippet:-1","max-image-preview":"max-image-preview:large","max-video-preview":"max-video-preview:-1"},"canonical":"https:\/\/www.carl-abrc.ca\/fr\/faire-avancer-la-recherche\/depots-institutionnels\/communaute-de-pratique-des-depots-canadiens\/","og_locale":"fr_FR","og_type":"article","og_title":"Communaut\u00e9 de pratique des d\u00e9p\u00f4ts canadiens - Association des biblioth\u00e8ques de recherche du Canada","og_description":"La Communaut\u00e9 de pratique des d\u00e9p\u00f4ts canadiens r\u00e9unit les professionnels qui g\u00e8rent des d\u00e9p\u00f4ts ouverts dans les biblioth\u00e8ques, les \u00e9tablissements universitaires et les organisations savantes du Canada. Son objectif est [&hellip;]","og_url":"https:\/\/www.carl-abrc.ca\/fr\/faire-avancer-la-recherche\/depots-institutionnels\/communaute-de-pratique-des-depots-canadiens\/","og_site_name":"Association des biblioth\u00e8ques de recherche du Canada","article_modified_time":"2026-01-23T18:54:19+00:00","twitter_misc":{"Dur\u00e9e de lecture estim\u00e9e":"6 minutes"},"schema":{"@context":"https:\/\/schema.org","@graph":[{"@type":"WebPage","@id":"https:\/\/www.carl-abrc.ca\/fr\/faire-avancer-la-recherche\/depots-institutionnels\/communaute-de-pratique-des-depots-canadiens\/","url":"https:\/\/www.carl-abrc.ca\/fr\/faire-avancer-la-recherche\/depots-institutionnels\/communaute-de-pratique-des-depots-canadiens\/","name":"Communaut\u00e9 de pratique des d\u00e9p\u00f4ts canadiens - Association des biblioth\u00e8ques de recherche du Canada","isPartOf":{"@id":"https:\/\/www.carl-abrc.ca\/fr\/#website"},"datePublished":"2024-05-16T19:18:44+00:00","dateModified":"2026-01-23T18:54:19+00:00","breadcrumb":{"@id":"https:\/\/www.carl-abrc.ca\/fr\/faire-avancer-la-recherche\/depots-institutionnels\/communaute-de-pratique-des-depots-canadiens\/#breadcrumb"},"inLanguage":"fr-FR","potentialAction":[{"@type":"ReadAction","target":["https:\/\/www.carl-abrc.ca\/fr\/faire-avancer-la-recherche\/depots-institutionnels\/communaute-de-pratique-des-depots-canadiens\/"]}]},{"@type":"BreadcrumbList","@id":"https:\/\/www.carl-abrc.ca\/fr\/faire-avancer-la-recherche\/depots-institutionnels\/communaute-de-pratique-des-depots-canadiens\/#breadcrumb","itemListElement":[{"@type":"ListItem","position":1,"name":"Accueil","item":"https:\/\/www.carl-abrc.ca\/fr\/home-3\/"},{"@type":"ListItem","position":2,"name":"Faire avancer la recherche","item":"https:\/\/www.carl-abrc.ca\/fr\/faire-avancer-la-recherche\/"},{"@type":"ListItem","position":3,"name":"D\u00e9p\u00f4ts institutionnels","item":"https:\/\/www.carl-abrc.ca\/fr\/faire-avancer-la-recherche\/depots-institutionnels\/"},{"@type":"ListItem","position":4,"name":"Communaut\u00e9 de pratique des d\u00e9p\u00f4ts canadiens"}]},{"@type":"WebSite","@id":"https:\/\/www.carl-abrc.ca\/fr\/#website","url":"https:\/\/www.carl-abrc.ca\/fr\/","name":"Association des biblioth\u00e8ques de recherche du Canada","description":"ABRC","publisher":{"@id":"https:\/\/www.carl-abrc.ca\/fr\/#organization"},"potentialAction":[{"@type":"SearchAction","target":{"@type":"EntryPoint","urlTemplate":"https:\/\/www.carl-abrc.ca\/fr\/?s={search_term_string}"},"query-input":{"@type":"PropertyValueSpecification","valueRequired":true,"valueName":"search_term_string"}}],"inLanguage":"fr-FR"},{"@type":"Organization","@id":"https:\/\/www.carl-abrc.ca\/fr\/#organization","name":"Association des biblioth\u00e8ques de recherche du Canada","url":"https:\/\/www.carl-abrc.ca\/fr\/","logo":{"@type":"ImageObject","inLanguage":"fr-FR","@id":"https:\/\/www.carl-abrc.ca\/fr\/#\/schema\/logo\/image\/","url":"https:\/\/www.carl-abrc.ca\/wp-content\/uploads\/2024\/07\/cropped-Stacked_Colour_L.png","contentUrl":"https:\/\/www.carl-abrc.ca\/wp-content\/uploads\/2024\/07\/cropped-Stacked_Colour_L.png","width":641,"height":250,"caption":"Association des biblioth\u00e8ques de recherche du Canada"},"image":{"@id":"https:\/\/www.carl-abrc.ca\/fr\/#\/schema\/logo\/image\/"},"sameAs":["https:\/\/x.com\/carlabrc"]}]}},"_links":{"self":[{"href":"https:\/\/www.carl-abrc.ca\/fr\/wp-json\/wp\/v2\/pages\/34797","targetHints":{"allow":["GET"]}}],"collection":[{"href":"https:\/\/www.carl-abrc.ca\/fr\/wp-json\/wp\/v2\/pages"}],"about":[{"href":"https:\/\/www.carl-abrc.ca\/fr\/wp-json\/wp\/v2\/types\/page"}],"author":[{"embeddable":true,"href":"https:\/\/www.carl-abrc.ca\/fr\/wp-json\/wp\/v2\/users\/131"}],"replies":[{"embeddable":true,"href":"https:\/\/www.carl-abrc.ca\/fr\/wp-json\/wp\/v2\/comments?post=34797"}],"version-history":[{"count":9,"href":"https:\/\/www.carl-abrc.ca\/fr\/wp-json\/wp\/v2\/pages\/34797\/revisions"}],"predecessor-version":[{"id":39547,"href":"https:\/\/www.carl-abrc.ca\/fr\/wp-json\/wp\/v2\/pages\/34797\/revisions\/39547"}],"up":[{"embeddable":true,"href":"https:\/\/www.carl-abrc.ca\/fr\/wp-json\/wp\/v2\/pages\/1070"}],"wp:attachment":[{"href":"https:\/\/www.carl-abrc.ca\/fr\/wp-json\/wp\/v2\/media?parent=34797"}],"curies":[{"name":"wp","href":"https:\/\/api.w.org\/{rel}","templated":true}]}}