{"id":37227,"date":"2025-07-29T15:07:25","date_gmt":"2025-07-29T19:07:25","guid":{"rendered":"https:\/\/www.carl-abrc.ca\/?page_id=37227"},"modified":"2026-01-27T14:24:25","modified_gmt":"2026-01-27T19:24:25","slug":"communaute-de-pratique-en-education-ouverte","status":"publish","type":"page","link":"https:\/\/www.carl-abrc.ca\/fr\/faire-avancer-lenseignement-et-lapprentissage\/education-ouverte\/communaute-de-pratique-en-education-ouverte\/","title":{"rendered":"Communaut\u00e9 de pratique en \u00e9ducation ouverte"},"content":{"rendered":"\t\t<div data-elementor-type=\"wp-page\" data-elementor-id=\"37227\" class=\"elementor elementor-37227 elementor-36464\">\n\t\t\t\t<div class=\"elementor-element elementor-element-bd72e70 e-con-full e-flex e-con e-parent\" data-id=\"bd72e70\" data-element_type=\"container\" data-e-type=\"container\">\n\t\t<div class=\"elementor-element elementor-element-eeb9e7d e-con-full e-flex elementor-invisible e-con e-child\" data-id=\"eeb9e7d\" data-element_type=\"container\" data-e-type=\"container\" data-settings=\"{&quot;animation&quot;:&quot;slideInLeft&quot;}\">\n\t\t\t\t<div class=\"elementor-element elementor-element-fa1a6c4 elementor-widget elementor-widget-text-editor\" data-id=\"fa1a6c4\" data-element_type=\"widget\" data-e-type=\"widget\" data-widget_type=\"text-editor.default\">\n\t\t\t\t<div class=\"elementor-widget-container\">\n\t\t\t\t\t\t\t\t\t<p>La Communaut\u00e9 de pratique en \u00e9ducation ouverte (CdP \u00c9O) met en place un r\u00e9seau national de professionnels en \u00e9ducation ouverte dans le but de faciliter la communication, le partage d\u2019informations et les meilleures pratiques. La CdP \u00c9O est issue du Groupe de travail sur l\u2019\u00e9ducation ouverte (GT\u00c9O), qui a \u00e9t\u00e9 cr\u00e9\u00e9 en 2019 par l\u2019ABRC pour soutenir le d\u00e9veloppement et le leadership des biblioth\u00e9caires canadiens dans le domaine de l\u2019\u00e9ducation ouverte. Apr\u00e8s avoir termin\u00e9 son troisi\u00e8me mandat en 2024, le GT\u00c9O a propos\u00e9 une nouvelle communaut\u00e9 de pratique pour continuer \u00e0 renforcer le travail dans ce domaine. Ces nouvelles r\u00e9unions de la CdP en \u00e9ducation ouverte remplacent les \u00e9v\u00e8nements \u00ab pauses-caf\u00e9 \u00bb (#OECCCC) pr\u00e9c\u00e9dents.<\/p><p>Le comit\u00e9 directeur de la communaut\u00e9 de pratique en \u00e9ducation ouverte de l\u2019ABRC a pour objectif de soutenir et d\u2019am\u00e9liorer l\u2019engagement au sein de la communaut\u00e9 canadienne de l\u2019\u00e9ducation ouverte en renfor\u00e7ant son infrastructure, en promouvant les meilleures pratiques et en encourageant les liens entre les nouveaux arrivants et les professionnels exp\u00e9riment\u00e9s. Il cherche \u00e0 construire un r\u00e9seau de soutien, \u00e0 encourager le d\u00e9veloppement professionnel, \u00e0 \u00e9largir les connaissances des sp\u00e9cialistes et \u00e0 identifier de nouvelles opportunit\u00e9s d\u2019engagement.\u00a0<\/p>\t\t\t\t\t\t\t\t<\/div>\n\t\t\t\t<\/div>\n\t\t\t\t<div class=\"elementor-element elementor-element-e07e199 elementor-widget elementor-widget-heading\" data-id=\"e07e199\" data-element_type=\"widget\" data-e-type=\"widget\" data-widget_type=\"heading.default\">\n\t\t\t\t<div class=\"elementor-widget-container\">\n\t\t\t\t\t<h2 class=\"elementor-heading-title elementor-size-default\">Rejoindre la communaut\u00e9 !<\/h2>\t\t\t\t<\/div>\n\t\t\t\t<\/div>\n\t\t\t\t<div class=\"elementor-element elementor-element-af40cfe elementor-widget elementor-widget-text-editor\" data-id=\"af40cfe\" data-element_type=\"widget\" data-e-type=\"widget\" data-widget_type=\"text-editor.default\">\n\t\t\t\t<div class=\"elementor-widget-container\">\n\t\t\t\t\t\t\t\t\t<p>Pour rejoindre cette communaut\u00e9 de pratique et rester inform\u00e9 des \u00e9v\u00e9nements et activit\u00e9s \u00e0 venir,\u00a0inscrivez-vous \u00e0 <strong>OE-COP-CARL-L<\/strong>, la liste de discussion de la communaut\u00e9 de pratique en \u00e9ducation ouverte.<\/p><p style=\"text-align: left;\"><strong><a href=\"https:\/\/listserv.uottawa.ca\/scripts\/wa.exe?SUBED1=OE-COP-CARL-L&amp;A=1\">-&gt; Rejoindre la communaut\u00e9 de pratique<\/a><\/strong><\/p>\t\t\t\t\t\t\t\t<\/div>\n\t\t\t\t<\/div>\n\t\t\t\t<div class=\"elementor-element elementor-element-fb9fa7f elementor-widget elementor-widget-heading\" data-id=\"fb9fa7f\" data-element_type=\"widget\" data-e-type=\"widget\" data-widget_type=\"heading.default\">\n\t\t\t\t<div class=\"elementor-widget-container\">\n\t\t\t\t\t<h2 class=\"elementor-heading-title elementor-size-default\">Ressources partag\u00e9es<\/h2>\t\t\t\t<\/div>\n\t\t\t\t<\/div>\n\t\t\t\t<div class=\"elementor-element elementor-element-74bc05d elementor-widget elementor-widget-text-editor\" data-id=\"74bc05d\" data-element_type=\"widget\" data-e-type=\"widget\" data-widget_type=\"text-editor.default\">\n\t\t\t\t<div class=\"elementor-widget-container\">\n\t\t\t\t\t\t\t\t\t<p>Voici une s\u00e9rie de ressources compil\u00e9es par et pour la communaut\u00e9 de pratique de l&rsquo;\u00e9ducation ouverte dans le but de partager les connaissances entre les praticiens de l&rsquo;\u00e9ducation ouverte \u00e0 travers le Canada.<\/p><p style=\"text-align: left;\"><strong><a href=\"https:\/\/docs.google.com\/document\/d\/e\/2PACX-1vS745HmXQyuhj3fLvsiVF8PKkK6VmGpQeJ2D3LnEJ0J_4H0sfJUvT4y-uhElmqL8B2yVI7pwqzJemiu\/pub\">-&gt; 2025 Open Education Conference &#8211; Notes de la communaut\u00e9 (en anglais)<\/a><\/strong><\/p>\t\t\t\t\t\t\t\t<\/div>\n\t\t\t\t<\/div>\n\t\t\t\t<\/div>\n\t\t<div class=\"elementor-element elementor-element-56c8f20 e-con-full e-flex elementor-invisible e-con e-child\" data-id=\"56c8f20\" data-element_type=\"container\" data-e-type=\"container\" data-settings=\"{&quot;animation&quot;:&quot;slideInRight&quot;}\">\n\t\t\t\t<div class=\"elementor-element elementor-element-eb5ae0c elementor-align-justify elementor-widget-tablet__width-initial elementor-widget elementor-widget-button\" data-id=\"eb5ae0c\" data-element_type=\"widget\" data-e-type=\"widget\" data-widget_type=\"button.default\">\n\t\t\t\t<div class=\"elementor-widget-container\">\n\t\t\t\t\t\t\t\t\t<div class=\"elementor-button-wrapper\">\n\t\t\t\t\t<a class=\"elementor-button elementor-button-link elementor-size-sm\" href=\"https:\/\/docs.google.com\/document\/d\/e\/2PACX-1vT9DSWe0Qn-eRtoe_iWeq-Oz_UB4BEFLCpNlGSGshxaD3wxo3Jo_HyTXTGQmIlyB-IjC_6WS0hoqirO\/pub\">\n\t\t\t\t\t\t<span class=\"elementor-button-content-wrapper\">\n\t\t\t\t\t\t<span class=\"elementor-button-icon\">\n\t\t\t\t<svg aria-hidden=\"true\" class=\"e-font-icon-svg e-fas-file-download\" viewBox=\"0 0 384 512\" xmlns=\"http:\/\/www.w3.org\/2000\/svg\"><path d=\"M224 136V0H24C10.7 0 0 10.7 0 24v464c0 13.3 10.7 24 24 24h336c13.3 0 24-10.7 24-24V160H248c-13.2 0-24-10.8-24-24zm76.45 211.36l-96.42 95.7c-6.65 6.61-17.39 6.61-24.04 0l-96.42-95.7C73.42 337.29 80.54 320 94.82 320H160v-80c0-8.84 7.16-16 16-16h32c8.84 0 16 7.16 16 16v80h65.18c14.28 0 21.4 17.29 11.27 27.36zM377 105L279.1 7c-4.5-4.5-10.6-7-17-7H256v128h128v-6.1c0-6.3-2.5-12.4-7-16.9z\"><\/path><\/svg>\t\t\t<\/span>\n\t\t\t\t\t\t\t\t\t<span class=\"elementor-button-text\">Mandat<\/span>\n\t\t\t\t\t<\/span>\n\t\t\t\t\t<\/a>\n\t\t\t\t<\/div>\n\t\t\t\t\t\t\t\t<\/div>\n\t\t\t\t<\/div>\n\t\t<div class=\"elementor-element elementor-element-de997a8 e-con-full e-flex e-con e-child\" data-id=\"de997a8\" data-element_type=\"container\" data-e-type=\"container\" data-settings=\"{&quot;background_background&quot;:&quot;classic&quot;}\">\n\t\t\t\t<div class=\"elementor-element elementor-element-2f849af elementor-widget elementor-widget-towngov_hero_title\" data-id=\"2f849af\" data-element_type=\"widget\" data-e-type=\"widget\" data-widget_type=\"towngov_hero_title.default\">\n\t\t\t\t<div class=\"elementor-widget-container\">\n\t\t\t\t\t    \r\n        <div class=\"section-title-box te-align \">\r\n        \t<div class=\"section-tagline te-subtitle\"><\/div>            <h2 class=\"section-title te-title towngov-size-default\">Comit\u00e9 directeur<\/h2>                        <div class=\"sec-title__text te-text\"><p>Sarah Adams (Calgary)<br \/>Michelle Brailey (Alberta)<br \/>Katie Harding (McMaster)<br \/>Graham Lavender (Montr\u00e9al), copr\u00e9sident<br \/>Karen Meijer (KPU)<br \/>Shauna Roch (Fanshawe)<br \/>Nasser Saleh (Queen's)<br \/>Taleen Aktorosian (soutien de l'ABRC)<\/p><\/div>\r\n                    <\/div><!-- section-title-box -->\r\n    \r\n    \t\t\t\t<\/div>\n\t\t\t\t<\/div>\n\t\t\t\t<\/div>\n\t\t\t\t<\/div>\n\t\t\t\t<\/div>\n\t\t\t\t<section class=\"elementor-section elementor-top-section elementor-element elementor-element-5ac8d92 elementor-section-content-middle elementor-section-stretched animated-slow elementor-section-boxed elementor-section-height-default elementor-section-height-default\" data-id=\"5ac8d92\" data-element_type=\"section\" data-e-type=\"section\" data-settings=\"{&quot;background_background&quot;:&quot;classic&quot;,&quot;stretch_section&quot;:&quot;section-stretched&quot;,&quot;animation&quot;:&quot;none&quot;}\">\n\t\t\t\t\t\t\t<div class=\"elementor-background-overlay\"><\/div>\n\t\t\t\t\t\t\t<div class=\"elementor-container elementor-column-gap-custom\">\n\t\t\t\t\t<div class=\"elementor-column elementor-col-100 elementor-top-column elementor-element elementor-element-5f9f1db\" data-id=\"5f9f1db\" data-element_type=\"column\" data-e-type=\"column\">\n\t\t\t<div class=\"elementor-widget-wrap elementor-element-populated\">\n\t\t\t\t\t\t<div class=\"elementor-element elementor-element-dec94fb elementor-widget elementor-widget-towngov_hero_title\" data-id=\"dec94fb\" data-element_type=\"widget\" data-e-type=\"widget\" data-widget_type=\"towngov_hero_title.default\">\n\t\t\t\t<div class=\"elementor-widget-container\">\n\t\t\t\t\t    \r\n        <div class=\"section-title-box te-align \">\r\n        \t<div class=\"section-tagline te-subtitle\"><\/div>            <h2 class=\"section-title te-title towngov-size-default\">\u00c9v\u00e8nements de la communaut\u00e9<\/h2>                    <\/div><!-- section-title-box -->\r\n    \r\n    \t\t\t\t<\/div>\n\t\t\t\t<\/div>\n\t\t\t\t<div class=\"elementor-element elementor-element-743c314 elementor-widget elementor-widget-tecs_widget\" data-id=\"743c314\" data-element_type=\"widget\" data-e-type=\"widget\" data-widget_type=\"tecs_widget.default\">\n\t\t\t\t<div class=\"elementor-widget-container\">\n\t\t\t\t\t<div class=\"ecs-no-events\">Aucun \u00e9v\u00e9nement \u00e0 venir.<\/div>\t\t\t\t<\/div>\n\t\t\t\t<\/div>\n\t\t\t\t<div class=\"elementor-element elementor-element-39c0f9b elementor-widget elementor-widget-heading\" data-id=\"39c0f9b\" data-element_type=\"widget\" data-e-type=\"widget\" data-widget_type=\"heading.default\">\n\t\t\t\t<div class=\"elementor-widget-container\">\n\t\t\t\t\t<h3 class=\"elementor-heading-title elementor-size-default\">\u00c9v\u00e8nements pass\u00e9s<\/h3>\t\t\t\t<\/div>\n\t\t\t\t<\/div>\n\t\t\t\t<div class=\"elementor-element elementor-element-116693b elementor-widget elementor-widget-text-editor\" data-id=\"116693b\" data-element_type=\"widget\" data-e-type=\"widget\" data-widget_type=\"text-editor.default\">\n\t\t\t\t<div class=\"elementor-widget-container\">\n\t\t\t\t\t\t\t\t\t<p>Les enregistrements des \u00e9v\u00e8nements pass\u00e9s (le cas \u00e9ch\u00e9ant) peuvent \u00eatre visionn\u00e9s sur la\u00a0<a href=\"https:\/\/www.youtube.com\/@CARL-ABRC\">cha\u00eene YouTube de l\u2019ABRC<\/a>\u00a0via la\u00a0<a href=\"https:\/\/youtube.com\/playlist?list=PLX9EpizS4A0uyBhaFIYl1pMAq-f93vP_3&amp;feature=shared\">liste de vid\u00e9os \u00e9ducation ouverte<\/a>.<\/p>\t\t\t\t\t\t\t\t<\/div>\n\t\t\t\t<\/div>\n\t\t\t\t<div class=\"elementor-element elementor-element-700648e elementor-widget elementor-widget-tecs_widget\" data-id=\"700648e\" data-element_type=\"widget\" data-e-type=\"widget\" data-widget_type=\"tecs_widget.default\">\n\t\t\t\t<div class=\"elementor-widget-container\">\n\t\t\t\t\t<ul class=\"ecs-event-list\"><li class=\"ecs-event education-ouverte_ecs_category\"><h4 class=\"entry-title summary\"><a href=\"https:\/\/www.carl-abrc.ca\/fr\/evenement\/appel-du-mois-davril-de-la-communaute-de-pratique-en-education-ouverte-bilan-de-la-semaine-de-leducation-ouverte-et-table-ronde\/\" rel=\"bookmark\">Appel du mois d\u2019avril de la Communaut\u00e9 de pratique en \u00e9ducation ouverte : Bilan de la semaine de l&rsquo;\u00e9ducation ouverte et table ronde<\/a><\/h4><span class=\"duration time\"><span class=\"tribe-event-date-start\">2 avril \u2013  13:00<\/span><span class=\"tribe-event-time\"><\/span> <span class='timezone'> EDT <\/span><\/span><\/li><li class=\"ecs-event education-ouverte_ecs_category\"><h4 class=\"entry-title summary\"><a href=\"https:\/\/www.carl-abrc.ca\/fr\/evenement\/communaute-de-pratique-en-education-ouverte-les-details-pratiques-des-programmes-ztc\/\" rel=\"bookmark\">Communaut\u00e9 de pratique en \u00e9ducation ouverte: Les d\u00e9tails pratiques des programmes ZTC<\/a><\/h4><span class=\"duration time\"><span class=\"tribe-event-date-start\">2 f\u00e9vrier \u2013  13:00<\/span><span class=\"tribe-event-time\"><\/span> <span class='timezone'> EST <\/span><\/span><\/li><li class=\"ecs-event education-ouverte_ecs_category\"><h4 class=\"entry-title summary\"><a href=\"https:\/\/www.carl-abrc.ca\/fr\/evenement\/appel-du-mois-de-decembre-de-la-communaute-de-pratique-en-education-ouverte-garder-laccessibilite-en-tete-h5p-et-autres-pratiques-de-creation-de-rel\/\" rel=\"bookmark\">Appel du mois de d\u00e9cembre de la Communaut\u00e9 de pratique en \u00e9ducation ouverte &#8211; Garder l&rsquo;accessibilit\u00e9 en t\u00eate : H5P et autres pratiques de cr\u00e9ation de REL<\/a><\/h4><span class=\"duration time\"><span class=\"tribe-event-date-start\">10 d\u00e9cembre 2025 \u2013  12:00<\/span><span class=\"tribe-event-time\"><\/span> <span class='timezone'> EST <\/span><\/span><\/li><li class=\"ecs-event education-ouverte_ecs_category intelligence-artificielle_ecs_category\"><h4 class=\"entry-title summary\"><a href=\"https:\/\/www.carl-abrc.ca\/fr\/evenement\/appel-du-mois-de-novembre-de-la-communaute-de-pratique-en-education-ouverte-transformation-du-paysage-des-ressources-educatives-libres-rel-le-role-de-lintelligence-artificielle\/\" rel=\"bookmark\">Appel du mois de novembre de la Communaut\u00e9 de pratique en \u00e9ducation ouverte : Transformation du paysage des ressources \u00e9ducatives libres (REL) : le r\u00f4le de l\u2019intelligence artificielle<\/a><\/h4><span class=\"duration time\"><span class=\"tribe-event-date-start\">13 novembre 2025 \u2013  15:00<\/span><span class=\"tribe-event-time\"><\/span> <span class='timezone'> EST <\/span><\/span><\/li><li class=\"ecs-event education-ouverte_ecs_category intelligence-artificielle_ecs_category\"><h4 class=\"entry-title summary\"><a href=\"https:\/\/www.carl-abrc.ca\/fr\/evenement\/appel-du-mois-doctobre-de-la-communaute-de-pratique-sur-leducation-ouverte-leducation-ouverte-rencontre-lia-le-projet-open-genai-de-bccampus\/\" rel=\"bookmark\">Appel du mois d\u2019octobre de la Communaut\u00e9 de pratique sur l\u2019\u00e9ducation ouverte \u2013 L\u2019\u00e9ducation ouverte rencontre l\u2019IA : le projet Open GenAI de BCcampus<\/a><\/h4><span class=\"duration time\"><span class=\"tribe-event-date-start\">22 octobre 2025 \u2013  15:00<\/span><span class=\"tribe-event-time\"><\/span> <span class='timezone'> EDT <\/span><\/span><\/li><li class=\"ecs-event education-ouverte_ecs_category\"><h4 class=\"entry-title summary\"><a href=\"https:\/\/www.carl-abrc.ca\/fr\/evenement\/appel-du-mois-de-septembre-de-la-communaute-de-pratique-en-education-ouverte-evaluation-de-programme-dune-initiative-rel-avantages-et-defis\/\" rel=\"bookmark\">Appel du mois de septembre de la Communaut\u00e9 de pratique en \u00e9ducation ouverte : \u00c9valuation de programme d\u2019une initiative REL : avantages et d\u00e9fis<\/a><\/h4><span class=\"duration time\"><span class=\"tribe-event-date-start\">24 septembre 2025 \u2013  15:00<\/span><span class=\"tribe-event-time\"><\/span> <span class='timezone'> EDT <\/span><\/span><\/li><li class=\"ecs-event education-ouverte_ecs_category\"><h4 class=\"entry-title summary\"><a href=\"https:\/\/www.carl-abrc.ca\/fr\/evenement\/appel-du-mois-de-juin-de-la-communaute-de-pratique-en-education-ouverte-soutenir-louverture-naviguer-les-contraintes-budgetaires-des-programmes-et-subventions-de-rel\/\" rel=\"bookmark\">Appel du mois de juin de la Communaut\u00e9 de pratique en \u00e9ducation ouverte \u2013 Soutenir l\u2019ouverture : Naviguer les contraintes budg\u00e9taires des programmes et subventions de REL<\/a><\/h4><span class=\"duration time\"><span class=\"tribe-event-date-start\">18 juin 2025 \u2013  15:00<\/span><span class=\"tribe-event-time\"><\/span> <span class='timezone'> EDT <\/span><\/span><\/li><li class=\"ecs-event education-ouverte_ecs_category\"><h4 class=\"entry-title summary\"><a href=\"https:\/\/www.carl-abrc.ca\/fr\/evenement\/soyez-des-notres-pour-lappel-pause-cafe-du-mois-de-mai-de-la-communaute-des-ressources-educatives-libres-du-canada\/\" rel=\"bookmark\">Soyez des n\u00f4tres pour l\u2019appel \u00ab pause-caf\u00e9 \u00bb du mois de mai de la communaut\u00e9 des ressources \u00e9ducatives libres du Canada<\/a><\/h4><span class=\"duration time\"><span class=\"tribe-event-date-start\">22 mai 2024 \u2013  15:00<\/span><span class=\"tribe-event-time\"><\/span> <span class='timezone'> EDT <\/span><\/span><\/li><li class=\"ecs-event education-ouverte_ecs_category\"><h4 class=\"entry-title summary\"><a href=\"https:\/\/www.carl-abrc.ca\/fr\/evenement\/soyez-des-notres-pour-lappel-pause-cafe-du-mois-davril-de-la-communaute-des-ressources-educatives-libres-du-canada-oecccc\/\" rel=\"bookmark\">Soyez des n\u00f4tres pour l\u2019appel \u00ab pause-caf\u00e9 \u00bb du mois d\u2019avril de la communaut\u00e9 des ressources \u00e9ducatives libres du Canada [#OECCCC]<\/a><\/h4><span class=\"duration time\"><span class=\"tribe-event-date-start\">17 avril 2024 \u2013  15:00<\/span><span class=\"tribe-event-time\"><\/span> <span class='timezone'> EDT <\/span><\/span><\/li><li class=\"ecs-event education-ouverte_ecs_category\"><h4 class=\"entry-title summary\"><a href=\"https:\/\/www.carl-abrc.ca\/fr\/evenement\/soyez-des-notres-pour-lappel-pause-cafe-du-mois-de-mars-de-la-communaute-des-ressources-educatives-libres-du-canada-open-education-cross-canada-coffee-chat-oecccc\/\" rel=\"bookmark\">Soyez des n\u00f4tres pour l\u2019appel \u00ab pause-caf\u00e9 \u00bb du mois de mars de la communaut\u00e9 des ressources \u00e9ducatives libres du Canada [Open Education Cross-Canada Coffee Chat #OECCCC]<\/a><\/h4><span class=\"duration time\"><span class=\"tribe-event-date-start\">20 mars 2024 \u2013  15:00<\/span><span class=\"tribe-event-time\"><\/span> <span class='timezone'> EDT <\/span><\/span><\/li><\/ul><script type=\"application\/ld+json\">\r\n[{\"@context\":\"http:\/\/schema.org\",\"@type\":\"Event\",\"name\":\"Appel du mois d\\u2019avril de la Communaut\\u00e9 de pratique en \\u00e9ducation ouverte : Bilan de la semaine de l&rsquo;\\u00e9ducation ouverte et table ronde\",\"description\":\"&lt;p&gt;Date : 2 avril 2026 Heure : 13h00 - 14h00 HE Inscription Nous esp\\u00e9rons que la semaine de l\\\\'\\u00e9ducation ouverte a \\u00e9t\\u00e9 un grand succ\\u00e8s pour tout le monde cette [&hellip;]&lt;\/p&gt;\\\\n\",\"image\":\"https:\/\/www.carl-abrc.ca\/wp-content\/uploads\/2026\/03\/oeweek-main_insta.png\",\"url\":\"https:\/\/www.carl-abrc.ca\/fr\/evenement\/appel-du-mois-davril-de-la-communaute-de-pratique-en-education-ouverte-bilan-de-la-semaine-de-leducation-ouverte-et-table-ronde\/\",\"eventAttendanceMode\":\"https:\/\/schema.org\/OfflineEventAttendanceMode\",\"eventStatus\":\"https:\/\/schema.org\/EventScheduled\",\"startDate\":\"2026-04-02T13:00:00-04:00\",\"endDate\":\"2026-04-02T14:00:00-04:00\",\"location\":{\"@type\":\"Place\",\"name\":\"\\u00c9v\\u00e9nement virtuel\",\"description\":\"\",\"url\":\"\",\"address\":{\"@type\":\"PostalAddress\"},\"telephone\":\"\",\"sameAs\":\"\"},\"organizer\":{\"@type\":\"Person\",\"name\":\"Communaut\\u00e9 de pratique en \\u00e9ducation ouverte\",\"description\":\"\",\"url\":\"\",\"telephone\":\"\",\"email\":\"\",\"sameAs\":\"\"},\"performer\":\"Organization\"},{\"@context\":\"http:\/\/schema.org\",\"@type\":\"Event\",\"name\":\"Communaut\\u00e9 de pratique en \\u00e9ducation ouverte: Les d\\u00e9tails pratiques des programmes ZTC\",\"description\":\"&lt;p&gt;Date : 2 f\\u00e9vrier 2026 Heure : 13h00 - 14h00 HE Inscription Joignez-vous \\u00e0 nous pour d\\u00e9couvrir le programme Zero Textbook Cost (ZTC) de l\\\\'Universit\\u00e9 polytechnique Kwantlen, pr\\u00e9sent\\u00e9 par Amanda [&hellip;]&lt;\/p&gt;\\\\n\",\"image\":\"https:\/\/www.carl-abrc.ca\/wp-content\/uploads\/2025\/04\/CoP-Department-Image.jpg\",\"url\":\"https:\/\/www.carl-abrc.ca\/fr\/evenement\/communaute-de-pratique-en-education-ouverte-les-details-pratiques-des-programmes-ztc\/\",\"eventAttendanceMode\":\"https:\/\/schema.org\/OfflineEventAttendanceMode\",\"eventStatus\":\"https:\/\/schema.org\/EventScheduled\",\"startDate\":\"2026-02-02T13:00:00-05:00\",\"endDate\":\"2026-02-02T14:00:00-05:00\",\"location\":{\"@type\":\"Place\",\"name\":\"\\u00c9v\\u00e9nement virtuel\",\"description\":\"\",\"url\":\"\",\"address\":{\"@type\":\"PostalAddress\"},\"telephone\":\"\",\"sameAs\":\"\"},\"organizer\":{\"@type\":\"Person\",\"name\":\"Communaut\\u00e9 de pratique en \\u00e9ducation ouverte\",\"description\":\"\",\"url\":\"\",\"telephone\":\"\",\"email\":\"\",\"sameAs\":\"\"},\"performer\":\"Organization\"},{\"@context\":\"http:\/\/schema.org\",\"@type\":\"Event\",\"name\":\"Appel du mois de d\\u00e9cembre de la Communaut\\u00e9 de pratique en \\u00e9ducation ouverte &#8211; Garder l&rsquo;accessibilit\\u00e9 en t\\u00eate : H5P et autres pratiques de cr\\u00e9ation de REL\",\"description\":\"&lt;p&gt;Date : 10 d\\u00e9cembre 2025 Heure : 12h00 - 13h00 HE Inscription L\\\\'Association des biblioth\\u00e8ques de recherche du Canada (ABRC) a le plaisir de vous inviter \\u00e0 la r\\u00e9union de [&hellip;]&lt;\/p&gt;\\\\n\",\"image\":\"https:\/\/www.carl-abrc.ca\/wp-content\/uploads\/2025\/04\/CoP-Department-Image.jpg\",\"url\":\"https:\/\/www.carl-abrc.ca\/fr\/evenement\/appel-du-mois-de-decembre-de-la-communaute-de-pratique-en-education-ouverte-garder-laccessibilite-en-tete-h5p-et-autres-pratiques-de-creation-de-rel\/\",\"eventAttendanceMode\":\"https:\/\/schema.org\/OfflineEventAttendanceMode\",\"eventStatus\":\"https:\/\/schema.org\/EventScheduled\",\"startDate\":\"2025-12-10T12:00:00-05:00\",\"endDate\":\"2025-12-10T13:00:00-05:00\",\"location\":{\"@type\":\"Place\",\"name\":\"\\u00c9v\\u00e9nement virtuel\",\"description\":\"\",\"url\":\"\",\"address\":{\"@type\":\"PostalAddress\"},\"telephone\":\"\",\"sameAs\":\"\"},\"organizer\":{\"@type\":\"Person\",\"name\":\"Communaut\\u00e9 de pratique en \\u00e9ducation ouverte\",\"description\":\"\",\"url\":\"\",\"telephone\":\"\",\"email\":\"\",\"sameAs\":\"\"},\"performer\":\"Organization\"},{\"@context\":\"http:\/\/schema.org\",\"@type\":\"Event\",\"name\":\"Appel du mois de novembre de la Communaut\\u00e9 de pratique en \\u00e9ducation ouverte : Transformation du paysage des ressources \\u00e9ducatives libres (REL) : le r\\u00f4le de l\\u2019intelligence artificielle\",\"description\":\"&lt;p&gt;Date :\\u00a013 novembre 2025 Heure :\\u00a015h00 \\u2013 16h00 HE Inscription Rejoignez-nous pour une discussion communautaire sur la fa\\u00e7on dont l\\u2019IA transforme le paysage des REL. Nous explorerons des cas d\\u2019utilisation [&hellip;]&lt;\/p&gt;\\\\n\",\"image\":\"https:\/\/www.carl-abrc.ca\/wp-content\/uploads\/2025\/04\/CoP-Department-Image.jpg\",\"url\":\"https:\/\/www.carl-abrc.ca\/fr\/evenement\/appel-du-mois-de-novembre-de-la-communaute-de-pratique-en-education-ouverte-transformation-du-paysage-des-ressources-educatives-libres-rel-le-role-de-lintelligence-artificielle\/\",\"eventAttendanceMode\":\"https:\/\/schema.org\/OfflineEventAttendanceMode\",\"eventStatus\":\"https:\/\/schema.org\/EventScheduled\",\"startDate\":\"2025-11-13T15:00:00-05:00\",\"endDate\":\"2025-11-13T16:00:00-05:00\",\"location\":{\"@type\":\"Place\",\"name\":\"\\u00c9v\\u00e9nement virtuel\",\"description\":\"\",\"url\":\"\",\"address\":{\"@type\":\"PostalAddress\"},\"telephone\":\"\",\"sameAs\":\"\"},\"organizer\":{\"@type\":\"Person\",\"name\":\"Communaut\\u00e9 de pratique en \\u00e9ducation ouverte\",\"description\":\"\",\"url\":\"\",\"telephone\":\"\",\"email\":\"\",\"sameAs\":\"\"},\"performer\":\"Organization\"},{\"@context\":\"http:\/\/schema.org\",\"@type\":\"Event\",\"name\":\"Appel du mois d\\u2019octobre de la Communaut\\u00e9 de pratique sur l\\u2019\\u00e9ducation ouverte \\u2013 L\\u2019\\u00e9ducation ouverte rencontre l\\u2019IA : le projet Open GenAI de BCcampus\",\"description\":\"&lt;p&gt;Date :\\u00a022 octobre 2025 Heure :\\u00a015h00-16h00 HE Inscription La communaut\\u00e9 de pratique sur l\\u2019\\u00e9ducation ouverte (CdP \\u00c9O) est ravie d\\u2019accueillir Robynne Devine, Elizabeth Childs et Harper Friedman pour une pr\\u00e9sentation [&hellip;]&lt;\/p&gt;\\\\n\",\"image\":\"https:\/\/www.carl-abrc.ca\/wp-content\/uploads\/2025\/04\/CoP-Department-Image.jpg\",\"url\":\"https:\/\/www.carl-abrc.ca\/fr\/evenement\/appel-du-mois-doctobre-de-la-communaute-de-pratique-sur-leducation-ouverte-leducation-ouverte-rencontre-lia-le-projet-open-genai-de-bccampus\/\",\"eventAttendanceMode\":\"https:\/\/schema.org\/OfflineEventAttendanceMode\",\"eventStatus\":\"https:\/\/schema.org\/EventScheduled\",\"startDate\":\"2025-10-22T15:00:00-04:00\",\"endDate\":\"2025-10-22T16:00:00-04:00\",\"location\":{\"@type\":\"Place\",\"name\":\"\\u00c9v\\u00e9nement virtuel\",\"description\":\"\",\"url\":\"\",\"address\":{\"@type\":\"PostalAddress\"},\"telephone\":\"\",\"sameAs\":\"\"},\"organizer\":{\"@type\":\"Person\",\"name\":\"Communaut\\u00e9 de pratique en \\u00e9ducation ouverte\",\"description\":\"\",\"url\":\"\",\"telephone\":\"\",\"email\":\"\",\"sameAs\":\"\"},\"performer\":\"Organization\"},{\"@context\":\"http:\/\/schema.org\",\"@type\":\"Event\",\"name\":\"Appel du mois de septembre de la Communaut\\u00e9 de pratique en \\u00e9ducation ouverte : \\u00c9valuation de programme d\\u2019une initiative REL : avantages et d\\u00e9fis\",\"description\":\"&lt;p&gt;Date :\\u00a024 septembre 2025 Heure :\\u00a015h00 \\u2013 16h00 HE Inscription \\u00c9valuation de programme d\\u2019une initiative REL : avantages et d\\u00e9fis L\\u2019Association des biblioth\\u00e8ques de recherche du Canada (ABRC) a le [&hellip;]&lt;\/p&gt;\\\\n\",\"url\":\"https:\/\/www.carl-abrc.ca\/fr\/evenement\/appel-du-mois-de-septembre-de-la-communaute-de-pratique-en-education-ouverte-evaluation-de-programme-dune-initiative-rel-avantages-et-defis\/\",\"eventAttendanceMode\":\"https:\/\/schema.org\/OfflineEventAttendanceMode\",\"eventStatus\":\"https:\/\/schema.org\/EventScheduled\",\"startDate\":\"2025-09-24T15:00:00-04:00\",\"endDate\":\"2025-09-24T16:00:00-04:00\",\"location\":{\"@type\":\"Place\",\"name\":\"\\u00c9v\\u00e9nement virtuel\",\"description\":\"\",\"url\":\"\",\"address\":{\"@type\":\"PostalAddress\"},\"telephone\":\"\",\"sameAs\":\"\"},\"organizer\":{\"@type\":\"Person\",\"name\":\"Communaut\\u00e9 de pratique en \\u00e9ducation ouverte\",\"description\":\"\",\"url\":\"\",\"telephone\":\"\",\"email\":\"\",\"sameAs\":\"\"},\"performer\":\"Organization\"},{\"@context\":\"http:\/\/schema.org\",\"@type\":\"Event\",\"name\":\"Appel du mois de juin de la Communaut\\u00e9 de pratique en \\u00e9ducation ouverte \\u2013 Soutenir l\\u2019ouverture : Naviguer les contraintes budg\\u00e9taires des programmes et subventions de REL\",\"description\":\"&lt;p&gt;Date :\\u00a018 juin 2025 Heure :\\u00a015h00 \\u2013 16h00 HE Inscription L\\u2019Association des biblioth\\u00e8ques de recherche du Canada (ABRC) a le plaisir de vous inviter \\u00e0 la premi\\u00e8re r\\u00e9union de la [&hellip;]&lt;\/p&gt;\\\\n\",\"image\":\"https:\/\/www.carl-abrc.ca\/wp-content\/uploads\/2024\/09\/NewsFeaturedImage-1.jpg\",\"url\":\"https:\/\/www.carl-abrc.ca\/fr\/evenement\/appel-du-mois-de-juin-de-la-communaute-de-pratique-en-education-ouverte-soutenir-louverture-naviguer-les-contraintes-budgetaires-des-programmes-et-subventions-de-rel\/\",\"eventAttendanceMode\":\"https:\/\/schema.org\/OfflineEventAttendanceMode\",\"eventStatus\":\"https:\/\/schema.org\/EventScheduled\",\"startDate\":\"2025-06-18T15:00:00-04:00\",\"endDate\":\"2025-06-18T16:00:00-04:00\",\"location\":{\"@type\":\"Place\",\"name\":\"\\u00c9v\\u00e9nement virtuel\",\"description\":\"\",\"url\":\"\",\"address\":{\"@type\":\"PostalAddress\"},\"telephone\":\"\",\"sameAs\":\"\"},\"organizer\":{\"@type\":\"Person\",\"name\":\"Communaut\\u00e9 de pratique en \\u00e9ducation ouverte\",\"description\":\"\",\"url\":\"\",\"telephone\":\"\",\"email\":\"\",\"sameAs\":\"\"},\"performer\":\"Organization\"},{\"@context\":\"http:\/\/schema.org\",\"@type\":\"Event\",\"name\":\"Soyez des n\\u00f4tres pour l\\u2019appel \\u00ab pause-caf\\u00e9 \\u00bb du mois de mai de la communaut\\u00e9 des ressources \\u00e9ducatives libres du Canada\",\"description\":\"&lt;p&gt;Date : mercredi 22 mai 2024 Heure : 15h \\u00e0 16h HE Inscription (vous \\u00eates tous les bienvenus) :\\u00a0 Le Groupe de travail sur l\\\\'\\u00e9ducation ouverte de l\\\\'ABRC (GT\\u00c9O) vous [&hellip;]&lt;\/p&gt;\\\\n\",\"image\":\"https:\/\/www.carl-abrc.ca\/wp-content\/uploads\/2024\/09\/NewsFeaturedImage-1.jpg\",\"url\":\"https:\/\/www.carl-abrc.ca\/fr\/evenement\/soyez-des-notres-pour-lappel-pause-cafe-du-mois-de-mai-de-la-communaute-des-ressources-educatives-libres-du-canada\/\",\"eventAttendanceMode\":\"https:\/\/schema.org\/OfflineEventAttendanceMode\",\"eventStatus\":\"https:\/\/schema.org\/EventScheduled\",\"startDate\":\"2024-05-22T15:00:00-04:00\",\"endDate\":\"2024-05-22T16:00:00-04:00\",\"location\":{\"@type\":\"Place\",\"name\":\"\\u00c9v\\u00e9nement virtuel\",\"description\":\"\",\"url\":\"\",\"address\":{\"@type\":\"PostalAddress\"},\"telephone\":\"\",\"sameAs\":\"\"},\"organizer\":{\"@type\":\"Person\",\"name\":\"Groupe de travail en \\u00e9ducation ouverte\",\"description\":\"\",\"url\":\"\",\"telephone\":\"\",\"email\":\"\",\"sameAs\":\"\"},\"performer\":\"Organization\"},{\"@context\":\"http:\/\/schema.org\",\"@type\":\"Event\",\"name\":\"Soyez des n\\u00f4tres pour l\\u2019appel \\u00ab pause-caf\\u00e9 \\u00bb du mois d\\u2019avril de la communaut\\u00e9 des ressources \\u00e9ducatives libres du Canada [#OECCCC]\",\"description\":\"&lt;p&gt;Date : mercredi 17 avril 2024 Heure : 15h \\u00e0 16h HE Inscription (ouvert \\u00e0 tous)\\u00a0 Le Groupe de travail sur l\\\\'\\u00e9ducation ouverte de l\\\\'ABRC (GT\\u00c9O) vous invite \\u00e0 assister [&hellip;]&lt;\/p&gt;\\\\n\",\"image\":\"https:\/\/www.carl-abrc.ca\/wp-content\/uploads\/2024\/09\/NewsFeaturedImage-1.jpg\",\"url\":\"https:\/\/www.carl-abrc.ca\/fr\/evenement\/soyez-des-notres-pour-lappel-pause-cafe-du-mois-davril-de-la-communaute-des-ressources-educatives-libres-du-canada-oecccc\/\",\"eventAttendanceMode\":\"https:\/\/schema.org\/OfflineEventAttendanceMode\",\"eventStatus\":\"https:\/\/schema.org\/EventScheduled\",\"startDate\":\"2024-04-17T15:00:00-04:00\",\"endDate\":\"2024-04-17T16:00:00-04:00\",\"location\":{\"@type\":\"Place\",\"name\":\"\\u00c9v\\u00e9nement virtuel\",\"description\":\"\",\"url\":\"\",\"address\":{\"@type\":\"PostalAddress\"},\"telephone\":\"\",\"sameAs\":\"\"},\"organizer\":{\"@type\":\"Person\",\"name\":\"Groupe de travail en \\u00e9ducation ouverte\",\"description\":\"\",\"url\":\"\",\"telephone\":\"\",\"email\":\"\",\"sameAs\":\"\"},\"performer\":\"Organization\"},{\"@context\":\"http:\/\/schema.org\",\"@type\":\"Event\",\"name\":\"Soyez des n\\u00f4tres pour l\\u2019appel \\u00ab pause-caf\\u00e9 \\u00bb du mois de mars de la communaut\\u00e9 des ressources \\u00e9ducatives libres du Canada [Open Education Cross-Canada Coffee Chat #OECCCC]\",\"description\":\"&lt;p&gt;Soyez des n\\u00f4tres pour l\\u2019appel \\u00ab pause-caf\\u00e9 \\u00bb du mois de mars de la communaut\\u00e9 des ressources \\u00e9ducatives libres du Canada \\u00a0 Date : mercredi 20 mars 2024 Heure : [&hellip;]&lt;\/p&gt;\\\\n\",\"image\":\"https:\/\/www.carl-abrc.ca\/wp-content\/uploads\/2024\/09\/NewsFeaturedImage-1.jpg\",\"url\":\"https:\/\/www.carl-abrc.ca\/fr\/evenement\/soyez-des-notres-pour-lappel-pause-cafe-du-mois-de-mars-de-la-communaute-des-ressources-educatives-libres-du-canada-open-education-cross-canada-coffee-chat-oecccc\/\",\"eventAttendanceMode\":\"https:\/\/schema.org\/OfflineEventAttendanceMode\",\"eventStatus\":\"https:\/\/schema.org\/EventScheduled\",\"startDate\":\"2024-03-20T15:00:00-04:00\",\"endDate\":\"2024-03-20T16:00:00-04:00\",\"location\":{\"@type\":\"Place\",\"name\":\"\\u00c9v\\u00e9nement virtuel\",\"description\":\"\",\"url\":\"\",\"address\":{\"@type\":\"PostalAddress\"},\"telephone\":\"\",\"sameAs\":\"\"},\"organizer\":{\"@type\":\"Person\",\"name\":\"Groupe de travail en \\u00e9ducation ouverte\",\"description\":\"\",\"url\":\"\",\"telephone\":\"\",\"email\":\"\",\"sameAs\":\"\"},\"performer\":\"Organization\"}]\r\n<\/script><!--\n Event listing powered by The Events Calendar Shortcode\n https:\/\/eventcalendarnewsletter.com\/the-events-calendar-shortcode\/ \n-->\t\t\t\t<\/div>\n\t\t\t\t<\/div>\n\t\t\t\t\t<\/div>\n\t\t<\/div>\n\t\t\t\t\t<\/div>\n\t\t<\/section>\n\t\t\t\t<\/div>\n\t\t","protected":false},"excerpt":{"rendered":"<p>La Communaut\u00e9 de pratique en \u00e9ducation ouverte (CdP \u00c9O) met en place un r\u00e9seau national de professionnels en \u00e9ducation ouverte dans le but de faciliter la communication, le partage d\u2019informations [&hellip;]<\/p>\n","protected":false},"author":131,"featured_media":0,"parent":31748,"menu_order":0,"comment_status":"closed","ping_status":"closed","template":"","meta":{"_acf_changed":false,"_EventAllDay":false,"_EventTimezone":"","_EventStartDate":"","_EventEndDate":"","_EventStartDateUTC":"","_EventEndDateUTC":"","_EventShowMap":false,"_EventShowMapLink":false,"_EventURL":"","_EventCost":"","_EventCostDescription":"","_EventCurrencySymbol":"","_EventCurrencyCode":"","_EventCurrencyPosition":"","_EventDateTimeSeparator":"","_EventTimeRangeSeparator":"","_EventOrganizerID":[],"_EventVenueID":[],"_OrganizerEmail":"","_OrganizerPhone":"","_OrganizerWebsite":"","_VenueAddress":"","_VenueCity":"","_VenueCountry":"","_VenueProvince":"","_VenueState":"","_VenueZip":"","_VenuePhone":"","_VenueURL":"","_VenueStateProvince":"","_VenueLat":"","_VenueLng":"","_VenueShowMap":false,"_VenueShowMapLink":false,"footnotes":""},"class_list":["post-37227","page","type-page","status-publish","hentry","cat_education-ouverte"],"acf":[],"yoast_head":"<!-- This site is optimized with the Yoast SEO plugin v27.4 - https:\/\/yoast.com\/product\/yoast-seo-wordpress\/ -->\n<title>Communaut\u00e9 de pratique en \u00e9ducation ouverte - Association des biblioth\u00e8ques de recherche du Canada<\/title>\n<meta name=\"robots\" content=\"index, follow, max-snippet:-1, max-image-preview:large, max-video-preview:-1\" \/>\n<link rel=\"canonical\" href=\"https:\/\/www.carl-abrc.ca\/fr\/faire-avancer-lenseignement-et-lapprentissage\/education-ouverte\/communaute-de-pratique-en-education-ouverte\/\" \/>\n<meta property=\"og:locale\" content=\"fr_FR\" \/>\n<meta property=\"og:type\" content=\"article\" \/>\n<meta property=\"og:title\" content=\"Communaut\u00e9 de pratique en \u00e9ducation ouverte - Association des biblioth\u00e8ques de recherche du Canada\" \/>\n<meta property=\"og:description\" content=\"La Communaut\u00e9 de pratique en \u00e9ducation ouverte (CdP \u00c9O) met en place un r\u00e9seau national de professionnels en \u00e9ducation ouverte dans le but de faciliter la communication, le partage d\u2019informations [&hellip;]\" \/>\n<meta property=\"og:url\" content=\"https:\/\/www.carl-abrc.ca\/fr\/faire-avancer-lenseignement-et-lapprentissage\/education-ouverte\/communaute-de-pratique-en-education-ouverte\/\" \/>\n<meta property=\"og:site_name\" content=\"Association des biblioth\u00e8ques de recherche du Canada\" \/>\n<meta property=\"article:modified_time\" content=\"2026-01-27T19:24:25+00:00\" \/>\n<meta name=\"twitter:label1\" content=\"Dur\u00e9e de lecture estim\u00e9e\" \/>\n\t<meta name=\"twitter:data1\" content=\"4 minutes\" \/>\n<script type=\"application\/ld+json\" class=\"yoast-schema-graph\">{\"@context\":\"https:\\\/\\\/schema.org\",\"@graph\":[{\"@type\":\"WebPage\",\"@id\":\"https:\\\/\\\/www.carl-abrc.ca\\\/fr\\\/faire-avancer-lenseignement-et-lapprentissage\\\/education-ouverte\\\/communaute-de-pratique-en-education-ouverte\\\/\",\"url\":\"https:\\\/\\\/www.carl-abrc.ca\\\/fr\\\/faire-avancer-lenseignement-et-lapprentissage\\\/education-ouverte\\\/communaute-de-pratique-en-education-ouverte\\\/\",\"name\":\"Communaut\u00e9 de pratique en \u00e9ducation ouverte - Association des biblioth\u00e8ques de recherche du Canada\",\"isPartOf\":{\"@id\":\"https:\\\/\\\/www.carl-abrc.ca\\\/fr\\\/#website\"},\"datePublished\":\"2025-07-29T19:07:25+00:00\",\"dateModified\":\"2026-01-27T19:24:25+00:00\",\"breadcrumb\":{\"@id\":\"https:\\\/\\\/www.carl-abrc.ca\\\/fr\\\/faire-avancer-lenseignement-et-lapprentissage\\\/education-ouverte\\\/communaute-de-pratique-en-education-ouverte\\\/#breadcrumb\"},\"inLanguage\":\"fr-FR\",\"potentialAction\":[{\"@type\":\"ReadAction\",\"target\":[\"https:\\\/\\\/www.carl-abrc.ca\\\/fr\\\/faire-avancer-lenseignement-et-lapprentissage\\\/education-ouverte\\\/communaute-de-pratique-en-education-ouverte\\\/\"]}]},{\"@type\":\"BreadcrumbList\",\"@id\":\"https:\\\/\\\/www.carl-abrc.ca\\\/fr\\\/faire-avancer-lenseignement-et-lapprentissage\\\/education-ouverte\\\/communaute-de-pratique-en-education-ouverte\\\/#breadcrumb\",\"itemListElement\":[{\"@type\":\"ListItem\",\"position\":1,\"name\":\"Accueil\",\"item\":\"https:\\\/\\\/www.carl-abrc.ca\\\/fr\\\/home-3\\\/\"},{\"@type\":\"ListItem\",\"position\":2,\"name\":\"Faire avancer l\u2019enseignement et l&#8217;apprentissage\",\"item\":\"https:\\\/\\\/www.carl-abrc.ca\\\/fr\\\/faire-avancer-lenseignement-et-lapprentissage\\\/\"},{\"@type\":\"ListItem\",\"position\":3,\"name\":\"\u00c9ducation ouverte\",\"item\":\"https:\\\/\\\/www.carl-abrc.ca\\\/fr\\\/faire-avancer-lenseignement-et-lapprentissage\\\/education-ouverte\\\/\"},{\"@type\":\"ListItem\",\"position\":4,\"name\":\"Communaut\u00e9 de pratique en \u00e9ducation ouverte\"}]},{\"@type\":\"WebSite\",\"@id\":\"https:\\\/\\\/www.carl-abrc.ca\\\/fr\\\/#website\",\"url\":\"https:\\\/\\\/www.carl-abrc.ca\\\/fr\\\/\",\"name\":\"Association des biblioth\u00e8ques de recherche du Canada\",\"description\":\"ABRC\",\"publisher\":{\"@id\":\"https:\\\/\\\/www.carl-abrc.ca\\\/fr\\\/#organization\"},\"potentialAction\":[{\"@type\":\"SearchAction\",\"target\":{\"@type\":\"EntryPoint\",\"urlTemplate\":\"https:\\\/\\\/www.carl-abrc.ca\\\/fr\\\/?s={search_term_string}\"},\"query-input\":{\"@type\":\"PropertyValueSpecification\",\"valueRequired\":true,\"valueName\":\"search_term_string\"}}],\"inLanguage\":\"fr-FR\"},{\"@type\":\"Organization\",\"@id\":\"https:\\\/\\\/www.carl-abrc.ca\\\/fr\\\/#organization\",\"name\":\"Association des biblioth\u00e8ques de recherche du Canada\",\"url\":\"https:\\\/\\\/www.carl-abrc.ca\\\/fr\\\/\",\"logo\":{\"@type\":\"ImageObject\",\"inLanguage\":\"fr-FR\",\"@id\":\"https:\\\/\\\/www.carl-abrc.ca\\\/fr\\\/#\\\/schema\\\/logo\\\/image\\\/\",\"url\":\"https:\\\/\\\/www.carl-abrc.ca\\\/wp-content\\\/uploads\\\/2024\\\/07\\\/cropped-Stacked_Colour_L.png\",\"contentUrl\":\"https:\\\/\\\/www.carl-abrc.ca\\\/wp-content\\\/uploads\\\/2024\\\/07\\\/cropped-Stacked_Colour_L.png\",\"width\":641,\"height\":250,\"caption\":\"Association des biblioth\u00e8ques de recherche du Canada\"},\"image\":{\"@id\":\"https:\\\/\\\/www.carl-abrc.ca\\\/fr\\\/#\\\/schema\\\/logo\\\/image\\\/\"},\"sameAs\":[\"https:\\\/\\\/x.com\\\/carlabrc\"]}]}<\/script>\n<!-- \/ Yoast SEO plugin. -->","yoast_head_json":{"title":"Communaut\u00e9 de pratique en \u00e9ducation ouverte - Association des biblioth\u00e8ques de recherche du Canada","robots":{"index":"index","follow":"follow","max-snippet":"max-snippet:-1","max-image-preview":"max-image-preview:large","max-video-preview":"max-video-preview:-1"},"canonical":"https:\/\/www.carl-abrc.ca\/fr\/faire-avancer-lenseignement-et-lapprentissage\/education-ouverte\/communaute-de-pratique-en-education-ouverte\/","og_locale":"fr_FR","og_type":"article","og_title":"Communaut\u00e9 de pratique en \u00e9ducation ouverte - Association des biblioth\u00e8ques de recherche du Canada","og_description":"La Communaut\u00e9 de pratique en \u00e9ducation ouverte (CdP \u00c9O) met en place un r\u00e9seau national de professionnels en \u00e9ducation ouverte dans le but de faciliter la communication, le partage d\u2019informations [&hellip;]","og_url":"https:\/\/www.carl-abrc.ca\/fr\/faire-avancer-lenseignement-et-lapprentissage\/education-ouverte\/communaute-de-pratique-en-education-ouverte\/","og_site_name":"Association des biblioth\u00e8ques de recherche du Canada","article_modified_time":"2026-01-27T19:24:25+00:00","twitter_misc":{"Dur\u00e9e de lecture estim\u00e9e":"4 minutes"},"schema":{"@context":"https:\/\/schema.org","@graph":[{"@type":"WebPage","@id":"https:\/\/www.carl-abrc.ca\/fr\/faire-avancer-lenseignement-et-lapprentissage\/education-ouverte\/communaute-de-pratique-en-education-ouverte\/","url":"https:\/\/www.carl-abrc.ca\/fr\/faire-avancer-lenseignement-et-lapprentissage\/education-ouverte\/communaute-de-pratique-en-education-ouverte\/","name":"Communaut\u00e9 de pratique en \u00e9ducation ouverte - Association des biblioth\u00e8ques de recherche du Canada","isPartOf":{"@id":"https:\/\/www.carl-abrc.ca\/fr\/#website"},"datePublished":"2025-07-29T19:07:25+00:00","dateModified":"2026-01-27T19:24:25+00:00","breadcrumb":{"@id":"https:\/\/www.carl-abrc.ca\/fr\/faire-avancer-lenseignement-et-lapprentissage\/education-ouverte\/communaute-de-pratique-en-education-ouverte\/#breadcrumb"},"inLanguage":"fr-FR","potentialAction":[{"@type":"ReadAction","target":["https:\/\/www.carl-abrc.ca\/fr\/faire-avancer-lenseignement-et-lapprentissage\/education-ouverte\/communaute-de-pratique-en-education-ouverte\/"]}]},{"@type":"BreadcrumbList","@id":"https:\/\/www.carl-abrc.ca\/fr\/faire-avancer-lenseignement-et-lapprentissage\/education-ouverte\/communaute-de-pratique-en-education-ouverte\/#breadcrumb","itemListElement":[{"@type":"ListItem","position":1,"name":"Accueil","item":"https:\/\/www.carl-abrc.ca\/fr\/home-3\/"},{"@type":"ListItem","position":2,"name":"Faire avancer l\u2019enseignement et l&#8217;apprentissage","item":"https:\/\/www.carl-abrc.ca\/fr\/faire-avancer-lenseignement-et-lapprentissage\/"},{"@type":"ListItem","position":3,"name":"\u00c9ducation ouverte","item":"https:\/\/www.carl-abrc.ca\/fr\/faire-avancer-lenseignement-et-lapprentissage\/education-ouverte\/"},{"@type":"ListItem","position":4,"name":"Communaut\u00e9 de pratique en \u00e9ducation ouverte"}]},{"@type":"WebSite","@id":"https:\/\/www.carl-abrc.ca\/fr\/#website","url":"https:\/\/www.carl-abrc.ca\/fr\/","name":"Association des biblioth\u00e8ques de recherche du Canada","description":"ABRC","publisher":{"@id":"https:\/\/www.carl-abrc.ca\/fr\/#organization"},"potentialAction":[{"@type":"SearchAction","target":{"@type":"EntryPoint","urlTemplate":"https:\/\/www.carl-abrc.ca\/fr\/?s={search_term_string}"},"query-input":{"@type":"PropertyValueSpecification","valueRequired":true,"valueName":"search_term_string"}}],"inLanguage":"fr-FR"},{"@type":"Organization","@id":"https:\/\/www.carl-abrc.ca\/fr\/#organization","name":"Association des biblioth\u00e8ques de recherche du Canada","url":"https:\/\/www.carl-abrc.ca\/fr\/","logo":{"@type":"ImageObject","inLanguage":"fr-FR","@id":"https:\/\/www.carl-abrc.ca\/fr\/#\/schema\/logo\/image\/","url":"https:\/\/www.carl-abrc.ca\/wp-content\/uploads\/2024\/07\/cropped-Stacked_Colour_L.png","contentUrl":"https:\/\/www.carl-abrc.ca\/wp-content\/uploads\/2024\/07\/cropped-Stacked_Colour_L.png","width":641,"height":250,"caption":"Association des biblioth\u00e8ques de recherche du Canada"},"image":{"@id":"https:\/\/www.carl-abrc.ca\/fr\/#\/schema\/logo\/image\/"},"sameAs":["https:\/\/x.com\/carlabrc"]}]}},"_links":{"self":[{"href":"https:\/\/www.carl-abrc.ca\/fr\/wp-json\/wp\/v2\/pages\/37227","targetHints":{"allow":["GET"]}}],"collection":[{"href":"https:\/\/www.carl-abrc.ca\/fr\/wp-json\/wp\/v2\/pages"}],"about":[{"href":"https:\/\/www.carl-abrc.ca\/fr\/wp-json\/wp\/v2\/types\/page"}],"author":[{"embeddable":true,"href":"https:\/\/www.carl-abrc.ca\/fr\/wp-json\/wp\/v2\/users\/131"}],"replies":[{"embeddable":true,"href":"https:\/\/www.carl-abrc.ca\/fr\/wp-json\/wp\/v2\/comments?post=37227"}],"version-history":[{"count":6,"href":"https:\/\/www.carl-abrc.ca\/fr\/wp-json\/wp\/v2\/pages\/37227\/revisions"}],"predecessor-version":[{"id":39605,"href":"https:\/\/www.carl-abrc.ca\/fr\/wp-json\/wp\/v2\/pages\/37227\/revisions\/39605"}],"up":[{"embeddable":true,"href":"https:\/\/www.carl-abrc.ca\/fr\/wp-json\/wp\/v2\/pages\/31748"}],"wp:attachment":[{"href":"https:\/\/www.carl-abrc.ca\/fr\/wp-json\/wp\/v2\/media?parent=37227"}],"curies":[{"name":"wp","href":"https:\/\/api.w.org\/{rel}","templated":true}]}}