{"id":37235,"date":"2025-04-22T15:27:16","date_gmt":"2025-04-22T19:27:16","guid":{"rendered":"https:\/\/www.carl-abrc.ca\/accroitre-la-capacite\/finance-community-of-practice\/"},"modified":"2025-11-05T08:08:16","modified_gmt":"2025-11-05T13:08:16","slug":"communaute-de-pratique-finances","status":"publish","type":"page","link":"https:\/\/www.carl-abrc.ca\/fr\/accroitre-la-capacite\/communaute-de-pratique-finances\/","title":{"rendered":"Communaut\u00e9 de pratique des finances"},"content":{"rendered":"\t\t<div data-elementor-type=\"wp-page\" data-elementor-id=\"37235\" class=\"elementor elementor-37235 elementor-36752\">\n\t\t\t\t<div class=\"elementor-element elementor-element-8bac7d1 e-flex e-con-boxed e-con e-parent\" data-id=\"8bac7d1\" data-element_type=\"container\" data-e-type=\"container\">\n\t\t\t\t\t<div class=\"e-con-inner\">\n\t\t<div class=\"elementor-element elementor-element-69d0fbe e-con-full e-flex elementor-invisible e-con e-child\" data-id=\"69d0fbe\" data-element_type=\"container\" data-e-type=\"container\" data-settings=\"{&quot;animation&quot;:&quot;slideInLeft&quot;,&quot;animation_tablet&quot;:&quot;none&quot;}\">\n\t\t\t\t<div class=\"elementor-element elementor-element-534d8b6 elementor-widget__width-initial elementor-widget elementor-widget-text-editor\" data-id=\"534d8b6\" data-element_type=\"widget\" data-e-type=\"widget\" data-widget_type=\"text-editor.default\">\n\t\t\t\t<div class=\"elementor-widget-container\">\n\t\t\t\t\t\t\t\t\t<p>La communaut\u00e9 de pratique des agentes et agents des finances est une initiative visant \u00e0 favoriser la collaboration, \u00e0 partager les pratiques exemplaires et \u00e0 am\u00e9liorer les capacit\u00e9s de gestion financi\u00e8re des \u00e9tablissements membres \u00e0 travers le Canada. L&rsquo;objectif principal est de cr\u00e9er un r\u00e9seau solide de professionnels des finances au sein de l&rsquo;ABRC, afin de faciliter le soutien mutuel et l&rsquo;\u00e9change de connaissances. Pour y parvenir, un groupe de planification a \u00e9t\u00e9 cr\u00e9\u00e9 afin de fournir une orientation strat\u00e9gique et une supervision, garantissant ainsi la communication efficace, le partage des ressources et les possibilit\u00e9s de d\u00e9veloppement professionnel n\u00e9cessaires au succ\u00e8s de la CdP. De plus, le groupe de planification veille \u00e0 ce que toutes les activit\u00e9s et initiatives soient conformes aux objectifs strat\u00e9giques de l&rsquo;ABRC.<\/p>\t\t\t\t\t\t\t\t<\/div>\n\t\t\t\t<\/div>\n\t\t\t\t<div class=\"elementor-element elementor-element-379d761 elementor-widget elementor-widget-heading\" data-id=\"379d761\" data-element_type=\"widget\" data-e-type=\"widget\" data-widget_type=\"heading.default\">\n\t\t\t\t<div class=\"elementor-widget-container\">\n\t\t\t\t\t<h2 class=\"elementor-heading-title elementor-size-default\">Rejoindre la communaut\u00e9 !<\/h2>\t\t\t\t<\/div>\n\t\t\t\t<\/div>\n\t\t\t\t<div class=\"elementor-element elementor-element-89eb41d elementor-widget elementor-widget-text-editor\" data-id=\"89eb41d\" data-element_type=\"widget\" data-e-type=\"widget\" data-widget_type=\"text-editor.default\">\n\t\t\t\t<div class=\"elementor-widget-container\">\n\t\t\t\t\t\t\t\t\t<p>L&rsquo;adh\u00e9sion au groupe de planification et \u00e0 la communaut\u00e9 de pratique est r\u00e9serv\u00e9e aux personnes issues des institutions membres de l&rsquo;ABRC et se fait uniquement par invitation. Si vous occupez un poste li\u00e9 aux finances dans une biblioth\u00e8que membre de l&rsquo;ABRC et que vous souhaitez rejoindre cette communaut\u00e9 de pratique, veuillez vous adresser au directeur de votre biblioth\u00e8que afin qu&rsquo;il vous propose comme candidat.<\/p>\t\t\t\t\t\t\t\t<\/div>\n\t\t\t\t<\/div>\n\t\t\t\t<\/div>\n\t\t<div class=\"elementor-element elementor-element-694623a e-con-full e-flex e-con e-child\" data-id=\"694623a\" data-element_type=\"container\" data-e-type=\"container\" data-settings=\"{&quot;animation_tablet&quot;:&quot;none&quot;}\">\n\t\t<div class=\"elementor-element elementor-element-07a95dc e-con-full e-flex elementor-invisible e-con e-child\" data-id=\"07a95dc\" data-element_type=\"container\" data-e-type=\"container\" data-settings=\"{&quot;animation&quot;:&quot;slideInRight&quot;}\">\n\t\t\t\t<div class=\"elementor-element elementor-element-bd0963a elementor-align-justify elementor-widget elementor-widget-button\" data-id=\"bd0963a\" data-element_type=\"widget\" data-e-type=\"widget\" data-widget_type=\"button.default\">\n\t\t\t\t<div class=\"elementor-widget-container\">\n\t\t\t\t\t\t\t\t\t<div class=\"elementor-button-wrapper\">\n\t\t\t\t\t<a class=\"elementor-button elementor-button-link elementor-size-sm\" href=\"https:\/\/docs.google.com\/document\/d\/e\/2PACX-1vQlsxkGgONI3JWSzhRYJBQ8LGv6854kYN_4ZcOwZa7mD_5Y3INEhpmqqPDc_2yopN4gBaRySKcV4D0y\/pub\">\n\t\t\t\t\t\t<span class=\"elementor-button-content-wrapper\">\n\t\t\t\t\t\t<span class=\"elementor-button-icon\">\n\t\t\t\t<svg aria-hidden=\"true\" class=\"e-font-icon-svg e-fas-file-download\" viewBox=\"0 0 384 512\" xmlns=\"http:\/\/www.w3.org\/2000\/svg\"><path d=\"M224 136V0H24C10.7 0 0 10.7 0 24v464c0 13.3 10.7 24 24 24h336c13.3 0 24-10.7 24-24V160H248c-13.2 0-24-10.8-24-24zm76.45 211.36l-96.42 95.7c-6.65 6.61-17.39 6.61-24.04 0l-96.42-95.7C73.42 337.29 80.54 320 94.82 320H160v-80c0-8.84 7.16-16 16-16h32c8.84 0 16 7.16 16 16v80h65.18c14.28 0 21.4 17.29 11.27 27.36zM377 105L279.1 7c-4.5-4.5-10.6-7-17-7H256v128h128v-6.1c0-6.3-2.5-12.4-7-16.9z\"><\/path><\/svg>\t\t\t<\/span>\n\t\t\t\t\t\t\t\t\t<span class=\"elementor-button-text\">Mandat<\/span>\n\t\t\t\t\t<\/span>\n\t\t\t\t\t<\/a>\n\t\t\t\t<\/div>\n\t\t\t\t\t\t\t\t<\/div>\n\t\t\t\t<\/div>\n\t\t<div class=\"elementor-element elementor-element-7ef2af8 e-con-full e-flex e-con e-child\" data-id=\"7ef2af8\" data-element_type=\"container\" data-e-type=\"container\" data-settings=\"{&quot;background_background&quot;:&quot;classic&quot;}\">\n\t\t\t\t<div class=\"elementor-element elementor-element-6a7c2d5 elementor-widget elementor-widget-towngov_hero_title\" data-id=\"6a7c2d5\" data-element_type=\"widget\" data-e-type=\"widget\" data-widget_type=\"towngov_hero_title.default\">\n\t\t\t\t<div class=\"elementor-widget-container\">\n\t\t\t\t\t    \r\n        <div class=\"section-title-box te-align \">\r\n        \t<div class=\"section-tagline te-subtitle\"><\/div>            <h2 class=\"section-title te-title towngov-size-default\">Groupe de planification<\/h2>                        <div class=\"sec-title__text te-text\"><p>Brandon Nelson (Calgary)<br \/>Magalie Beaudoin (Montr\u00e9al)<br \/>Taleen Aktorosian (soutien de l'ABRC)<\/p><\/div>\r\n                    <\/div><!-- section-title-box -->\r\n    \r\n    \t\t\t\t<\/div>\n\t\t\t\t<\/div>\n\t\t\t\t<\/div>\n\t\t\t\t<\/div>\n\t\t\t\t<\/div>\n\t\t\t\t\t<\/div>\n\t\t\t\t<\/div>\n\t\t\t\t<\/div>\n\t\t","protected":false},"excerpt":{"rendered":"<p>La communaut\u00e9 de pratique des agentes et agents des finances est une initiative visant \u00e0 favoriser la collaboration, \u00e0 partager les pratiques exemplaires et \u00e0 am\u00e9liorer les capacit\u00e9s de gestion [&hellip;]<\/p>\n","protected":false},"author":131,"featured_media":0,"parent":1190,"menu_order":0,"comment_status":"closed","ping_status":"closed","template":"","meta":{"_acf_changed":false,"_EventAllDay":false,"_EventTimezone":"","_EventStartDate":"","_EventEndDate":"","_EventStartDateUTC":"","_EventEndDateUTC":"","_EventShowMap":false,"_EventShowMapLink":false,"_EventURL":"","_EventCost":"","_EventCostDescription":"","_EventCurrencySymbol":"","_EventCurrencyCode":"","_EventCurrencyPosition":"","_EventDateTimeSeparator":"","_EventTimeRangeSeparator":"","_EventOrganizerID":[],"_EventVenueID":[],"_OrganizerEmail":"","_OrganizerPhone":"","_OrganizerWebsite":"","_VenueAddress":"","_VenueCity":"","_VenueCountry":"","_VenueProvince":"","_VenueState":"","_VenueZip":"","_VenuePhone":"","_VenueURL":"","_VenueStateProvince":"","_VenueLat":"","_VenueLng":"","_VenueShowMap":false,"_VenueShowMapLink":false,"footnotes":""},"class_list":["post-37235","page","type-page","status-publish","hentry"],"acf":[],"yoast_head":"<!-- This site is optimized with the Yoast SEO plugin v27.4 - https:\/\/yoast.com\/product\/yoast-seo-wordpress\/ -->\n<title>Communaut\u00e9 de pratique des finances - Association des biblioth\u00e8ques de recherche du Canada<\/title>\n<meta name=\"robots\" content=\"index, follow, max-snippet:-1, max-image-preview:large, max-video-preview:-1\" \/>\n<link rel=\"canonical\" href=\"https:\/\/www.carl-abrc.ca\/fr\/accroitre-la-capacite\/communaute-de-pratique-finances\/\" \/>\n<meta property=\"og:locale\" content=\"fr_FR\" \/>\n<meta property=\"og:type\" content=\"article\" \/>\n<meta property=\"og:title\" content=\"Communaut\u00e9 de pratique des finances - Association des biblioth\u00e8ques de recherche du Canada\" \/>\n<meta property=\"og:description\" content=\"La communaut\u00e9 de pratique des agentes et agents des finances est une initiative visant \u00e0 favoriser la collaboration, \u00e0 partager les pratiques exemplaires et \u00e0 am\u00e9liorer les capacit\u00e9s de gestion [&hellip;]\" \/>\n<meta property=\"og:url\" content=\"https:\/\/www.carl-abrc.ca\/fr\/accroitre-la-capacite\/communaute-de-pratique-finances\/\" \/>\n<meta property=\"og:site_name\" content=\"Association des biblioth\u00e8ques de recherche du Canada\" \/>\n<meta property=\"article:modified_time\" content=\"2025-11-05T13:08:16+00:00\" \/>\n<meta name=\"twitter:label1\" content=\"Dur\u00e9e de lecture estim\u00e9e\" \/>\n\t<meta name=\"twitter:data1\" content=\"2 minutes\" \/>\n<script type=\"application\/ld+json\" class=\"yoast-schema-graph\">{\"@context\":\"https:\\\/\\\/schema.org\",\"@graph\":[{\"@type\":\"WebPage\",\"@id\":\"https:\\\/\\\/www.carl-abrc.ca\\\/fr\\\/accroitre-la-capacite\\\/communaute-de-pratique-finances\\\/\",\"url\":\"https:\\\/\\\/www.carl-abrc.ca\\\/fr\\\/accroitre-la-capacite\\\/communaute-de-pratique-finances\\\/\",\"name\":\"Communaut\u00e9 de pratique des finances - Association des biblioth\u00e8ques de recherche du Canada\",\"isPartOf\":{\"@id\":\"https:\\\/\\\/www.carl-abrc.ca\\\/fr\\\/#website\"},\"datePublished\":\"2025-04-22T19:27:16+00:00\",\"dateModified\":\"2025-11-05T13:08:16+00:00\",\"breadcrumb\":{\"@id\":\"https:\\\/\\\/www.carl-abrc.ca\\\/fr\\\/accroitre-la-capacite\\\/communaute-de-pratique-finances\\\/#breadcrumb\"},\"inLanguage\":\"fr-FR\",\"potentialAction\":[{\"@type\":\"ReadAction\",\"target\":[\"https:\\\/\\\/www.carl-abrc.ca\\\/fr\\\/accroitre-la-capacite\\\/communaute-de-pratique-finances\\\/\"]}]},{\"@type\":\"BreadcrumbList\",\"@id\":\"https:\\\/\\\/www.carl-abrc.ca\\\/fr\\\/accroitre-la-capacite\\\/communaute-de-pratique-finances\\\/#breadcrumb\",\"itemListElement\":[{\"@type\":\"ListItem\",\"position\":1,\"name\":\"Accueil\",\"item\":\"https:\\\/\\\/www.carl-abrc.ca\\\/fr\\\/home-3\\\/\"},{\"@type\":\"ListItem\",\"position\":2,\"name\":\"Accro\u00eetre la capacit\u00e9\",\"item\":\"https:\\\/\\\/www.carl-abrc.ca\\\/fr\\\/accroitre-la-capacite\\\/\"},{\"@type\":\"ListItem\",\"position\":3,\"name\":\"Communaut\u00e9 de pratique des finances\"}]},{\"@type\":\"WebSite\",\"@id\":\"https:\\\/\\\/www.carl-abrc.ca\\\/fr\\\/#website\",\"url\":\"https:\\\/\\\/www.carl-abrc.ca\\\/fr\\\/\",\"name\":\"Association des biblioth\u00e8ques de recherche du Canada\",\"description\":\"ABRC\",\"publisher\":{\"@id\":\"https:\\\/\\\/www.carl-abrc.ca\\\/fr\\\/#organization\"},\"potentialAction\":[{\"@type\":\"SearchAction\",\"target\":{\"@type\":\"EntryPoint\",\"urlTemplate\":\"https:\\\/\\\/www.carl-abrc.ca\\\/fr\\\/?s={search_term_string}\"},\"query-input\":{\"@type\":\"PropertyValueSpecification\",\"valueRequired\":true,\"valueName\":\"search_term_string\"}}],\"inLanguage\":\"fr-FR\"},{\"@type\":\"Organization\",\"@id\":\"https:\\\/\\\/www.carl-abrc.ca\\\/fr\\\/#organization\",\"name\":\"Association des biblioth\u00e8ques de recherche du Canada\",\"url\":\"https:\\\/\\\/www.carl-abrc.ca\\\/fr\\\/\",\"logo\":{\"@type\":\"ImageObject\",\"inLanguage\":\"fr-FR\",\"@id\":\"https:\\\/\\\/www.carl-abrc.ca\\\/fr\\\/#\\\/schema\\\/logo\\\/image\\\/\",\"url\":\"https:\\\/\\\/www.carl-abrc.ca\\\/wp-content\\\/uploads\\\/2024\\\/07\\\/cropped-Stacked_Colour_L.png\",\"contentUrl\":\"https:\\\/\\\/www.carl-abrc.ca\\\/wp-content\\\/uploads\\\/2024\\\/07\\\/cropped-Stacked_Colour_L.png\",\"width\":641,\"height\":250,\"caption\":\"Association des biblioth\u00e8ques de recherche du Canada\"},\"image\":{\"@id\":\"https:\\\/\\\/www.carl-abrc.ca\\\/fr\\\/#\\\/schema\\\/logo\\\/image\\\/\"},\"sameAs\":[\"https:\\\/\\\/x.com\\\/carlabrc\"]}]}<\/script>\n<!-- \/ Yoast SEO plugin. -->","yoast_head_json":{"title":"Communaut\u00e9 de pratique des finances - Association des biblioth\u00e8ques de recherche du Canada","robots":{"index":"index","follow":"follow","max-snippet":"max-snippet:-1","max-image-preview":"max-image-preview:large","max-video-preview":"max-video-preview:-1"},"canonical":"https:\/\/www.carl-abrc.ca\/fr\/accroitre-la-capacite\/communaute-de-pratique-finances\/","og_locale":"fr_FR","og_type":"article","og_title":"Communaut\u00e9 de pratique des finances - Association des biblioth\u00e8ques de recherche du Canada","og_description":"La communaut\u00e9 de pratique des agentes et agents des finances est une initiative visant \u00e0 favoriser la collaboration, \u00e0 partager les pratiques exemplaires et \u00e0 am\u00e9liorer les capacit\u00e9s de gestion [&hellip;]","og_url":"https:\/\/www.carl-abrc.ca\/fr\/accroitre-la-capacite\/communaute-de-pratique-finances\/","og_site_name":"Association des biblioth\u00e8ques de recherche du Canada","article_modified_time":"2025-11-05T13:08:16+00:00","twitter_misc":{"Dur\u00e9e de lecture estim\u00e9e":"2 minutes"},"schema":{"@context":"https:\/\/schema.org","@graph":[{"@type":"WebPage","@id":"https:\/\/www.carl-abrc.ca\/fr\/accroitre-la-capacite\/communaute-de-pratique-finances\/","url":"https:\/\/www.carl-abrc.ca\/fr\/accroitre-la-capacite\/communaute-de-pratique-finances\/","name":"Communaut\u00e9 de pratique des finances - Association des biblioth\u00e8ques de recherche du Canada","isPartOf":{"@id":"https:\/\/www.carl-abrc.ca\/fr\/#website"},"datePublished":"2025-04-22T19:27:16+00:00","dateModified":"2025-11-05T13:08:16+00:00","breadcrumb":{"@id":"https:\/\/www.carl-abrc.ca\/fr\/accroitre-la-capacite\/communaute-de-pratique-finances\/#breadcrumb"},"inLanguage":"fr-FR","potentialAction":[{"@type":"ReadAction","target":["https:\/\/www.carl-abrc.ca\/fr\/accroitre-la-capacite\/communaute-de-pratique-finances\/"]}]},{"@type":"BreadcrumbList","@id":"https:\/\/www.carl-abrc.ca\/fr\/accroitre-la-capacite\/communaute-de-pratique-finances\/#breadcrumb","itemListElement":[{"@type":"ListItem","position":1,"name":"Accueil","item":"https:\/\/www.carl-abrc.ca\/fr\/home-3\/"},{"@type":"ListItem","position":2,"name":"Accro\u00eetre la capacit\u00e9","item":"https:\/\/www.carl-abrc.ca\/fr\/accroitre-la-capacite\/"},{"@type":"ListItem","position":3,"name":"Communaut\u00e9 de pratique des finances"}]},{"@type":"WebSite","@id":"https:\/\/www.carl-abrc.ca\/fr\/#website","url":"https:\/\/www.carl-abrc.ca\/fr\/","name":"Association des biblioth\u00e8ques de recherche du Canada","description":"ABRC","publisher":{"@id":"https:\/\/www.carl-abrc.ca\/fr\/#organization"},"potentialAction":[{"@type":"SearchAction","target":{"@type":"EntryPoint","urlTemplate":"https:\/\/www.carl-abrc.ca\/fr\/?s={search_term_string}"},"query-input":{"@type":"PropertyValueSpecification","valueRequired":true,"valueName":"search_term_string"}}],"inLanguage":"fr-FR"},{"@type":"Organization","@id":"https:\/\/www.carl-abrc.ca\/fr\/#organization","name":"Association des biblioth\u00e8ques de recherche du Canada","url":"https:\/\/www.carl-abrc.ca\/fr\/","logo":{"@type":"ImageObject","inLanguage":"fr-FR","@id":"https:\/\/www.carl-abrc.ca\/fr\/#\/schema\/logo\/image\/","url":"https:\/\/www.carl-abrc.ca\/wp-content\/uploads\/2024\/07\/cropped-Stacked_Colour_L.png","contentUrl":"https:\/\/www.carl-abrc.ca\/wp-content\/uploads\/2024\/07\/cropped-Stacked_Colour_L.png","width":641,"height":250,"caption":"Association des biblioth\u00e8ques de recherche du Canada"},"image":{"@id":"https:\/\/www.carl-abrc.ca\/fr\/#\/schema\/logo\/image\/"},"sameAs":["https:\/\/x.com\/carlabrc"]}]}},"_links":{"self":[{"href":"https:\/\/www.carl-abrc.ca\/fr\/wp-json\/wp\/v2\/pages\/37235","targetHints":{"allow":["GET"]}}],"collection":[{"href":"https:\/\/www.carl-abrc.ca\/fr\/wp-json\/wp\/v2\/pages"}],"about":[{"href":"https:\/\/www.carl-abrc.ca\/fr\/wp-json\/wp\/v2\/types\/page"}],"author":[{"embeddable":true,"href":"https:\/\/www.carl-abrc.ca\/fr\/wp-json\/wp\/v2\/users\/131"}],"replies":[{"embeddable":true,"href":"https:\/\/www.carl-abrc.ca\/fr\/wp-json\/wp\/v2\/comments?post=37235"}],"version-history":[{"count":0,"href":"https:\/\/www.carl-abrc.ca\/fr\/wp-json\/wp\/v2\/pages\/37235\/revisions"}],"up":[{"embeddable":true,"href":"https:\/\/www.carl-abrc.ca\/fr\/wp-json\/wp\/v2\/pages\/1190"}],"wp:attachment":[{"href":"https:\/\/www.carl-abrc.ca\/fr\/wp-json\/wp\/v2\/media?parent=37235"}],"curies":[{"name":"wp","href":"https:\/\/api.w.org\/{rel}","templated":true}]}}