{"id":5053,"date":"2017-06-01T13:05:57","date_gmt":"2017-06-01T17:05:57","guid":{"rendered":"http:\/\/www.carl-abrc.ca\/?page_id=5053\/"},"modified":"2026-03-10T15:14:08","modified_gmt":"2026-03-10T19:14:08","slug":"preservation-numerique","status":"publish","type":"page","link":"https:\/\/www.carl-abrc.ca\/fr\/faire-avancer-la-recherche\/preservation\/preservation-numerique\/","title":{"rendered":"Groupe de travail sur la pr\u00e9servation num\u00e9rique"},"content":{"rendered":"\t\t<div data-elementor-type=\"wp-page\" data-elementor-id=\"5053\" class=\"elementor elementor-5053 elementor-5048\">\n\t\t\t\t<div class=\"elementor-element elementor-element-276118b e-con-full e-flex e-con e-parent\" data-id=\"276118b\" data-element_type=\"container\" data-e-type=\"container\">\n\t\t<div class=\"elementor-element elementor-element-0182b72 e-con-full e-flex elementor-invisible e-con e-child\" data-id=\"0182b72\" data-element_type=\"container\" data-e-type=\"container\" data-settings=\"{&quot;animation&quot;:&quot;slideInLeft&quot;,&quot;animation_tablet&quot;:&quot;none&quot;}\">\n\t\t\t\t<div class=\"elementor-element elementor-element-670e068 elementor-widget elementor-widget-heading\" data-id=\"670e068\" data-element_type=\"widget\" data-e-type=\"widget\" data-widget_type=\"heading.default\">\n\t\t\t\t<div class=\"elementor-widget-container\">\n\t\t\t\t\t<h2 class=\"elementor-heading-title elementor-size-default\">Mandat et Responsabilit\u00e9s<\/h2>\t\t\t\t<\/div>\n\t\t\t\t<\/div>\n\t\t\t\t<div class=\"elementor-element elementor-element-31a42970 elementor-widget elementor-widget-text-editor\" data-id=\"31a42970\" data-element_type=\"widget\" data-e-type=\"widget\" data-widget_type=\"text-editor.default\">\n\t\t\t\t<div class=\"elementor-widget-container\">\n\t\t\t\t\t\t\t\t\t<p>Ce groupe de travail conjoint, lanc\u00e9 en 2016, r\u00e9unit des participants de Biblioth\u00e8que et archives Canada, de Canadiana.org, du Conseil canadien des archives, du Council of Prairie and Pacific University Libraries (COPPUL), de Scholars Portal \/ Conseil ontarien des biblioth\u00e8ques universitaires (OCUL), de l\u2019ABRC, et de plusieurs biblioth\u00e8ques de recherche au Canada.<\/p><p>Ce groupe travaille \u00e0 l\u2019intendance \u00e0 long terme du dossier acad\u00e9mique num\u00e9rique canadien et du patrimoine documentaire multiformat et soutient le mandat sp\u00e9cifique du Comit\u00e9 sur l\u2019avancement de la recherche de l\u2019ABRC afin de pr\u00e9server l\u2019ensemble de la documentation savante et le patrimoine documentaire sous toutes ses formes au Canada. Son travail comprend l\u2019\u00e9valuation de la capacit\u00e9, les ressources disponibles et les possibilit\u00e9s de financement pr\u00e9sents dans le milieu canadien de la recherche en mati\u00e8re de pr\u00e9servation num\u00e9rique, et l\u2019identification et la promotion des approches, des normes, des pratiques et des technologies pertinentes, assurant la liaison avec les efforts similaires au niveau international.<\/p><p>Un des efforts li\u00e9s \u00e0 ce groupe est la\u00a0<a href=\"https:\/\/www.carl-abrc.ca\/fr\/faire-avancer-la-recherche\/preservation\/preservation-numerique\/ccaw\/\">Coalition canadienne de l\u2019archivage Web<\/a> (2018-2022; maintenant inactif).<\/p>\t\t\t\t\t\t\t\t<\/div>\n\t\t\t\t<\/div>\n\t\t\t\t<div class=\"elementor-element elementor-element-1a57dbe elementor-widget elementor-widget-heading\" data-id=\"1a57dbe\" data-element_type=\"widget\" data-e-type=\"widget\" data-widget_type=\"heading.default\">\n\t\t\t\t<div class=\"elementor-widget-container\">\n\t\t\t\t\t<h2 class=\"elementor-heading-title elementor-size-default\">Publications<\/h2>\t\t\t\t<\/div>\n\t\t\t\t<\/div>\n\t\t<div class=\"elementor-element elementor-element-0f18ab6 e-con-full e-flex e-con e-child\" data-id=\"0f18ab6\" data-element_type=\"container\" data-e-type=\"container\" data-settings=\"{&quot;animation_tablet_extra&quot;:&quot;none&quot;,&quot;animation_tablet&quot;:&quot;none&quot;}\">\n\t\t\t\t<div class=\"elementor-element elementor-element-4aa64da elementor-widget elementor-widget-text-editor\" data-id=\"4aa64da\" data-element_type=\"widget\" data-e-type=\"widget\" data-widget_type=\"text-editor.default\">\n\t\t\t\t<div class=\"elementor-widget-container\">\n\t\t\t\t\t\t\t\t\t<ul><li><a href=\"https:\/\/www.carl-abrc.ca\/wp-content\/uploads\/2025\/03\/@RiskNorth3_Report_Feb2025_FR.pdf\">Rapport du sommet @Risk North<\/a>\u00a0(2025)<\/li><li><a href=\"https:\/\/www.carl-abrc.ca\/wp-content\/uploads\/2022\/06\/Creer-une-capacite-de-preservation-numerique-grace-au-developpement-des-ressources-humaines-dans-les-bibliotheques-universitaires-au-Canada.pdf\">Cr\u00e9er une capacit\u00e9 de pr\u00e9servation num\u00e9rique gr\u00e2ce au d\u00e9veloppement des ressources humaines dans les biblioth\u00e8ques universitaires au Canada<\/a>\u00a0(2022)<\/li><li><a href=\"https:\/\/www.carl-abrc.ca\/wp-content\/uploads\/2023\/12\/Copy-of-5_FRmemoire_Enjeux_cles_infrastructure_preservation_numerique_au_Canada.pdf\">Enjeux cl\u00e9s ayant une incidence sur la pr\u00e9servation num\u00e9rique au Canada<\/a>\u00a0(2021)<\/li><li><a href=\"https:\/\/www.carl-abrc.ca\/wp-content\/uploads\/2019\/03\/AtRN2_rapport_FR.pdf\">Rapport sur le forum ouvert @Risk North 2 : Collections num\u00e9riques en p\u00e9ril<\/a>\u00a0(2019)<\/li><li><a href=\"https:\/\/www.carl-abrc.ca\/wp-content\/uploads\/2019\/11\/Digital_preservation_capacity_finalreport_FR-1.pdf\">Rapport final de l\u2019enqu\u00eate sur la capacit\u00e9 et les besoins en mati\u00e8re de conservation num\u00e9rique des \u00e9tablissements canadiens de la m\u00e9moire, 2017-2018<\/a>\u00a0(2019)<\/li><\/ul>\t\t\t\t\t\t\t\t<\/div>\n\t\t\t\t<\/div>\n\t\t\t\t<\/div>\n\t\t\t\t<\/div>\n\t\t<div class=\"elementor-element elementor-element-5c9db2f e-con-full e-flex elementor-invisible e-con e-child\" data-id=\"5c9db2f\" data-element_type=\"container\" data-e-type=\"container\" data-settings=\"{&quot;animation&quot;:&quot;slideInRight&quot;,&quot;animation_tablet&quot;:&quot;none&quot;}\">\n\t\t\t\t<div class=\"elementor-element elementor-element-274d04a elementor-align-justify elementor-widget elementor-widget-button\" data-id=\"274d04a\" data-element_type=\"widget\" data-e-type=\"widget\" data-widget_type=\"button.default\">\n\t\t\t\t<div class=\"elementor-widget-container\">\n\t\t\t\t\t\t\t\t\t<div class=\"elementor-button-wrapper\">\n\t\t\t\t\t<a class=\"elementor-button elementor-button-link elementor-size-sm\" href=\"https:\/\/www.carl-abrc.ca\/wp-content\/uploads\/2026\/03\/CARL_DPWG_TOR_Nov23.docx.pdf\">\n\t\t\t\t\t\t<span class=\"elementor-button-content-wrapper\">\n\t\t\t\t\t\t<span class=\"elementor-button-icon\">\n\t\t\t\t<svg aria-hidden=\"true\" class=\"e-font-icon-svg e-fas-file-download\" viewBox=\"0 0 384 512\" xmlns=\"http:\/\/www.w3.org\/2000\/svg\"><path d=\"M224 136V0H24C10.7 0 0 10.7 0 24v464c0 13.3 10.7 24 24 24h336c13.3 0 24-10.7 24-24V160H248c-13.2 0-24-10.8-24-24zm76.45 211.36l-96.42 95.7c-6.65 6.61-17.39 6.61-24.04 0l-96.42-95.7C73.42 337.29 80.54 320 94.82 320H160v-80c0-8.84 7.16-16 16-16h32c8.84 0 16 7.16 16 16v80h65.18c14.28 0 21.4 17.29 11.27 27.36zM377 105L279.1 7c-4.5-4.5-10.6-7-17-7H256v128h128v-6.1c0-6.3-2.5-12.4-7-16.9z\"><\/path><\/svg>\t\t\t<\/span>\n\t\t\t\t\t\t\t\t\t<span class=\"elementor-button-text\">Mandat<\/span>\n\t\t\t\t\t<\/span>\n\t\t\t\t\t<\/a>\n\t\t\t\t<\/div>\n\t\t\t\t\t\t\t\t<\/div>\n\t\t\t\t<\/div>\n\t\t<div class=\"elementor-element elementor-element-463199b e-con-full e-flex e-con e-child\" data-id=\"463199b\" data-element_type=\"container\" data-e-type=\"container\" data-settings=\"{&quot;background_background&quot;:&quot;classic&quot;}\">\n\t\t\t\t<div class=\"elementor-element elementor-element-96d231a elementor-widget elementor-widget-towngov_hero_title\" data-id=\"96d231a\" data-element_type=\"widget\" data-e-type=\"widget\" data-widget_type=\"towngov_hero_title.default\">\n\t\t\t\t<div class=\"elementor-widget-container\">\n\t\t\t\t\t    \r\n        <div class=\"section-title-box te-align \">\r\n        \t<div class=\"section-tagline te-subtitle\"><\/div>            <h2 class=\"section-title te-title towngov-size-default\">Membres<\/h2>                        <div class=\"sec-title__text te-text\"><p><span style=\"font-size: 12pt\">(\u00e0 compter de mars 2026)<\/span><\/p><ul><li><strong>Jennifer Beaufils<\/strong>\u00a0(Biblioth\u00e8que du Parlement)<\/li><li><b>Kyle Browness <\/b>(BAC)<\/li><li><b>John Durno <\/b>(Victoria)<\/li><li><strong>Noura Elmobayed-Langevin<\/strong> (Montr\u00e9al)<\/li><li><strong>Natasha Fisher<\/strong> (The ArQuives)<\/li><li><b>\u00c9milie Fortin <\/b>(Laval)<\/li><li><b>Kenton Good<\/b> (Alberta)<\/li><li><b>Sarah Lake<\/b> (Pr\u00e9sidente -- API pr\u00e9servation num\u00e9rique; Concordia)<\/li><li><strong>Brett Lougheed <\/strong>(Winnipeg)<\/li><li><b>Steve Marks<\/b>\u00a0(Toronto)<\/li><li><b>James MacGregor<\/b>\u00a0(RCDR)<\/li><li><b>Lisa Miniaci <\/b>(BANQ)<\/li><li><strong>Tristan M\u00fcller<\/strong>\u00a0(UQAM)<\/li><li><b>Y. G. Rancourt<\/b> (COPPUL)<\/li><li><strong>Samantha Read<\/strong> (St. Francis Xavier)<\/li><li><b>Julie Shi<\/b>\u00a0(Scholars Portal)<\/li><li><b>Amanda Tom\u00e9<\/b>\u00a0(Alliance)<\/li><li><strong>Natalie Vielfaure<\/strong>\u00a0(Manitoba)<\/li><li><b>Michael Vandenburg <\/b>(ABRC - ex officio)<\/li><li><b>Elizabeth Kalbfleisch <\/b>(soutien de l'ABRC et liaison au CAR)<\/li><\/ul><\/div>\r\n                    <\/div><!-- section-title-box -->\r\n    \r\n    \t\t\t\t<\/div>\n\t\t\t\t<\/div>\n\t\t\t\t<\/div>\n\t\t\t\t<\/div>\n\t\t\t\t<\/div>\n\t\t\t\t<section class=\"elementor-section elementor-top-section elementor-element elementor-element-f480bcb elementor-section-content-middle elementor-section-stretched animated-slow elementor-section-boxed elementor-section-height-default elementor-section-height-default\" data-id=\"f480bcb\" data-element_type=\"section\" data-e-type=\"section\" data-settings=\"{&quot;background_background&quot;:&quot;classic&quot;,&quot;stretch_section&quot;:&quot;section-stretched&quot;,&quot;animation&quot;:&quot;none&quot;}\">\n\t\t\t\t\t\t\t<div class=\"elementor-background-overlay\"><\/div>\n\t\t\t\t\t\t\t<div class=\"elementor-container elementor-column-gap-custom\">\n\t\t\t\t\t<div class=\"elementor-column elementor-col-100 elementor-top-column elementor-element elementor-element-26cfec0\" data-id=\"26cfec0\" data-element_type=\"column\" data-e-type=\"column\">\n\t\t\t<div class=\"elementor-widget-wrap elementor-element-populated\">\n\t\t\t\t\t\t<div class=\"elementor-element elementor-element-c3abe0e elementor-widget elementor-widget-towngov_hero_title\" data-id=\"c3abe0e\" data-element_type=\"widget\" data-e-type=\"widget\" data-widget_type=\"towngov_hero_title.default\">\n\t\t\t\t<div class=\"elementor-widget-container\">\n\t\t\t\t\t    \r\n        <div class=\"section-title-box te-align \">\r\n        \t<div class=\"section-tagline te-subtitle\"><\/div>            <h2 class=\"section-title te-title towngov-size-default\">\u00c9v\u00e8nements \u00e0 venir<\/h2>                    <\/div><!-- section-title-box -->\r\n    \r\n    \t\t\t\t<\/div>\n\t\t\t\t<\/div>\n\t\t\t\t<div class=\"elementor-element elementor-element-3ab4e4d elementor-widget elementor-widget-tecs_widget\" data-id=\"3ab4e4d\" data-element_type=\"widget\" data-e-type=\"widget\" data-widget_type=\"tecs_widget.default\">\n\t\t\t\t<div class=\"elementor-widget-container\">\n\t\t\t\t\t<div class=\"ecs-no-events\">Aucun \u00e9v\u00e9nement \u00e0 venir.<\/div>\t\t\t\t<\/div>\n\t\t\t\t<\/div>\n\t\t\t\t<div class=\"elementor-element elementor-element-bc12000 elementor-widget elementor-widget-heading\" data-id=\"bc12000\" data-element_type=\"widget\" data-e-type=\"widget\" data-widget_type=\"heading.default\">\n\t\t\t\t<div class=\"elementor-widget-container\">\n\t\t\t\t\t<h3 class=\"elementor-heading-title elementor-size-default\">\u00c9v\u00e8nements pass\u00e9s<\/h3>\t\t\t\t<\/div>\n\t\t\t\t<\/div>\n\t\t\t\t<div class=\"elementor-element elementor-element-70b2555 elementor-widget elementor-widget-tecs_widget\" data-id=\"70b2555\" data-element_type=\"widget\" data-e-type=\"widget\" data-widget_type=\"tecs_widget.default\">\n\t\t\t\t<div class=\"elementor-widget-container\">\n\t\t\t\t\t<ul class=\"ecs-event-list\"><li class=\"ecs-event preservation-numerique_ecs_category\"><h4 class=\"entry-title summary\"><a href=\"https:\/\/www.carl-abrc.ca\/fr\/evenement\/projet-devaluation-comparative-dpc-ram-au-niveau-national-seances-de-soutien-2\/\" rel=\"bookmark\">Projet d\u2019\u00e9valuation comparative DPC RAM au niveau national : s\u00e9ances de soutien<\/a><\/h4><span class=\"duration time\"><span class=\"tribe-event-date-start\">30 avril \u2013  13:00<\/span><span class=\"tribe-event-time\"><\/span> <span class='timezone'> EDT <\/span><\/span><\/li><li class=\"ecs-event preservation-numerique_ecs_category\"><h4 class=\"entry-title summary\"><a href=\"https:\/\/www.carl-abrc.ca\/fr\/evenement\/projet-devaluation-comparative-dpc-ram-au-niveau-national-seances-de-soutien-en-anglais-2\/\" rel=\"bookmark\">Projet d\u2019\u00e9valuation comparative DPC RAM au niveau national : s\u00e9ances de soutien (EN ANGLAIS)<\/a><\/h4><span class=\"duration time\"><span class=\"tribe-event-date-start\">29 avril \u2013  13:00<\/span><span class=\"tribe-event-time\"><\/span> <span class='timezone'> EDT <\/span><\/span><\/li><li class=\"ecs-event preservation-numerique_ecs_category\"><h4 class=\"entry-title summary\"><a href=\"https:\/\/www.carl-abrc.ca\/fr\/evenement\/projet-devaluation-comparative-dpc-ram-au-niveau-nationale-webinaire-de-lancement-2\/\" rel=\"bookmark\">Projet d\u2019\u00e9valuation comparative DPC RAM au niveau nationale : webinaire de lancement<\/a><\/h4><span class=\"duration time\"><span class=\"tribe-event-date-start\">8 avril \u2013  14:00<\/span><span class=\"tribe-event-time\"><\/span> <span class='timezone'> EDT <\/span><\/span><\/li><li class=\"ecs-event preservation-numerique_ecs_category\"><h4 class=\"entry-title summary\"><a href=\"https:\/\/www.carl-abrc.ca\/fr\/evenement\/projet-devaluation-comparative-dpc-ram-au-niveau-national-webinaire-de-lancement-en-anglais-2\/\" rel=\"bookmark\">Projet d\u2019\u00e9valuation comparative DPC RAM au niveau national : webinaire de lancement [EN ANGLAIS]<\/a><\/h4><span class=\"duration time\"><span class=\"tribe-event-date-start\">7 avril \u2013  13:00<\/span><span class=\"tribe-event-time\"><\/span> <span class='timezone'> EDT <\/span><\/span><\/li><li class=\"ecs-event preservation-numerique_ecs_category\"><h4 class=\"entry-title summary\"><a href=\"https:\/\/www.carl-abrc.ca\/fr\/evenement\/atelier-recuperer-nos-octets-conservation-locale-des-archives-web-dans-une-periode-dincertitude-en-anglais\/\" rel=\"bookmark\">Atelier : R\u00e9cup\u00e9rer nos octets : conservation locale des archives Web dans une p\u00e9riode d\u2019incertitude [EN ANGLAIS]<\/a><\/h4><span class=\"duration time\"><span class=\"tribe-event-date-start\">12 mars \u2013  15:00<\/span><span class=\"tribe-event-time\"><\/span> <span class='timezone'> EDT <\/span><\/span><\/li><\/ul><script type=\"application\/ld+json\">\r\n[{\"@context\":\"http:\/\/schema.org\",\"@type\":\"Event\",\"name\":\"Projet d\\u2019\\u00e9valuation comparative DPC RAM au niveau national : s\\u00e9ances de soutien\",\"description\":\"&lt;p&gt;Date : 30 avril 2026 Heure : 13h00 \\u2013 14h00 HE Inscription Est-ce que votre \\u00e9tablissement pr\\u00e9voit compl\\u00e9ter l\\u2019\\u00e9valuation RAM de la Digital Preservation Coalition ce printemps? Joignez-vous \\u00e0 nous [&hellip;]&lt;\/p&gt;\\\\n\",\"image\":\"https:\/\/www.carl-abrc.ca\/wp-content\/uploads\/2026\/03\/Benchmarking.jpg\",\"url\":\"https:\/\/www.carl-abrc.ca\/fr\/evenement\/projet-devaluation-comparative-dpc-ram-au-niveau-national-seances-de-soutien-2\/\",\"eventAttendanceMode\":\"https:\/\/schema.org\/OfflineEventAttendanceMode\",\"eventStatus\":\"https:\/\/schema.org\/EventScheduled\",\"startDate\":\"2026-04-30T13:00:00-04:00\",\"endDate\":\"2026-04-30T14:00:00-04:00\",\"location\":{\"@type\":\"Place\",\"name\":\"\\u00c9v\\u00e9nement virtuel\",\"description\":\"\",\"url\":\"\",\"address\":{\"@type\":\"PostalAddress\"},\"telephone\":\"\",\"sameAs\":\"\"},\"organizer\":{\"@type\":\"Person\",\"name\":\"Groupe de travail en pr\\u00e9servation num\\u00e9rique\",\"description\":\"\",\"url\":\"\",\"telephone\":\"\",\"email\":\"\",\"sameAs\":\"\"},\"performer\":\"Organization\"},{\"@context\":\"http:\/\/schema.org\",\"@type\":\"Event\",\"name\":\"Projet d\\u2019\\u00e9valuation comparative DPC RAM au niveau national : s\\u00e9ances de soutien (EN ANGLAIS)\",\"description\":\"&lt;p&gt;Date : 29 avril 2026 Heure : 13h00 \\u2013 14h00 HE Inscription Est-ce que votre \\u00e9tablissement pr\\u00e9voit compl\\u00e9ter l\\u2019\\u00e9valuation RAM de la Digital Preservation Coalition ce printemps? Joignez-vous \\u00e0 nous [&hellip;]&lt;\/p&gt;\\\\n\",\"image\":\"https:\/\/www.carl-abrc.ca\/wp-content\/uploads\/2026\/03\/Benchmarking.jpg\",\"url\":\"https:\/\/www.carl-abrc.ca\/fr\/evenement\/projet-devaluation-comparative-dpc-ram-au-niveau-national-seances-de-soutien-en-anglais-2\/\",\"eventAttendanceMode\":\"https:\/\/schema.org\/OfflineEventAttendanceMode\",\"eventStatus\":\"https:\/\/schema.org\/EventScheduled\",\"startDate\":\"2026-04-29T13:00:00-04:00\",\"endDate\":\"2026-04-29T14:00:00-04:00\",\"location\":{\"@type\":\"Place\",\"name\":\"\\u00c9v\\u00e9nement virtuel\",\"description\":\"\",\"url\":\"\",\"address\":{\"@type\":\"PostalAddress\"},\"telephone\":\"\",\"sameAs\":\"\"},\"organizer\":{\"@type\":\"Person\",\"name\":\"Groupe de travail en pr\\u00e9servation num\\u00e9rique\",\"description\":\"\",\"url\":\"\",\"telephone\":\"\",\"email\":\"\",\"sameAs\":\"\"},\"performer\":\"Organization\"},{\"@context\":\"http:\/\/schema.org\",\"@type\":\"Event\",\"name\":\"Projet d\\u2019\\u00e9valuation comparative DPC RAM au niveau nationale : webinaire de lancement\",\"description\":\"&lt;p&gt;Date: 8 avril 2026 Heure: 14h00 - 15h00 Enregistrement \\u00cates-vous int\\u00e9ress\\u00e9 \\u00e0 d\\u00e9velopper les capacit\\u00e9s de pr\\u00e9servation num\\u00e9rique de votre organisation? Joignez-vous \\u00e0 la deuxi\\u00e8me phase du Projet national d\\u2019\\u00e9valuation [&hellip;]&lt;\/p&gt;\\\\n\",\"image\":\"https:\/\/www.carl-abrc.ca\/wp-content\/uploads\/2026\/03\/Benchmarking.jpg\",\"url\":\"https:\/\/www.carl-abrc.ca\/fr\/evenement\/projet-devaluation-comparative-dpc-ram-au-niveau-nationale-webinaire-de-lancement-2\/\",\"eventAttendanceMode\":\"https:\/\/schema.org\/OfflineEventAttendanceMode\",\"eventStatus\":\"https:\/\/schema.org\/EventScheduled\",\"startDate\":\"2026-04-08T14:00:00-04:00\",\"endDate\":\"2026-04-08T15:00:00-04:00\",\"location\":{\"@type\":\"Place\",\"name\":\"\\u00c9v\\u00e9nement virtuel\",\"description\":\"\",\"url\":\"\",\"address\":{\"@type\":\"PostalAddress\"},\"telephone\":\"\",\"sameAs\":\"\"},\"organizer\":{\"@type\":\"Person\",\"name\":\"Groupe de travail en pr\\u00e9servation num\\u00e9rique\",\"description\":\"\",\"url\":\"\",\"telephone\":\"\",\"email\":\"\",\"sameAs\":\"\"},\"performer\":\"Organization\"},{\"@context\":\"http:\/\/schema.org\",\"@type\":\"Event\",\"name\":\"Projet d\\u2019\\u00e9valuation comparative DPC RAM au niveau national : webinaire de lancement [EN ANGLAIS]\",\"description\":\"&lt;p&gt;Date: 7 avril 2026 Heure: 13h00 - 14h00 HE Inscription \\u00cates-vous int\\u00e9ress\\u00e9 \\u00e0 d\\u00e9velopper les capacit\\u00e9s de pr\\u00e9servation num\\u00e9rique de votre organisation? Joignez-vous \\u00e0 la deuxi\\u00e8me phase du Projet national [&hellip;]&lt;\/p&gt;\\\\n\",\"image\":\"https:\/\/www.carl-abrc.ca\/wp-content\/uploads\/2026\/03\/Benchmarking.jpg\",\"url\":\"https:\/\/www.carl-abrc.ca\/fr\/evenement\/projet-devaluation-comparative-dpc-ram-au-niveau-national-webinaire-de-lancement-en-anglais-2\/\",\"eventAttendanceMode\":\"https:\/\/schema.org\/OfflineEventAttendanceMode\",\"eventStatus\":\"https:\/\/schema.org\/EventScheduled\",\"startDate\":\"2026-04-07T13:00:00-04:00\",\"endDate\":\"2026-04-07T14:00:00-04:00\",\"location\":{\"@type\":\"Place\",\"name\":\"\\u00c9v\\u00e9nement virtuel\",\"description\":\"\",\"url\":\"\",\"address\":{\"@type\":\"PostalAddress\"},\"telephone\":\"\",\"sameAs\":\"\"},\"organizer\":{\"@type\":\"Person\",\"name\":\"Groupe de travail en pr\\u00e9servation num\\u00e9rique\",\"description\":\"\",\"url\":\"\",\"telephone\":\"\",\"email\":\"\",\"sameAs\":\"\"},\"performer\":\"Organization\"},{\"@context\":\"http:\/\/schema.org\",\"@type\":\"Event\",\"name\":\"Atelier : R\\u00e9cup\\u00e9rer nos octets : conservation locale des archives Web dans une p\\u00e9riode d\\u2019incertitude [EN ANGLAIS]\",\"description\":\"&lt;p&gt;Date: 12 mars 2026 Heure: 15h00 - 16h00 HE Enregistrement Le groupe de travail sur la pr\\u00e9servation num\\u00e9rique de l\\\\'Association des biblioth\\u00e8ques de recherche du Canada (GT-PN ABRC) organise un [&hellip;]&lt;\/p&gt;\\\\n\",\"image\":\"https:\/\/www.carl-abrc.ca\/wp-content\/uploads\/2026\/02\/Digital-Preservation-Graphic.jpg\",\"url\":\"https:\/\/www.carl-abrc.ca\/fr\/evenement\/atelier-recuperer-nos-octets-conservation-locale-des-archives-web-dans-une-periode-dincertitude-en-anglais\/\",\"eventAttendanceMode\":\"https:\/\/schema.org\/OfflineEventAttendanceMode\",\"eventStatus\":\"https:\/\/schema.org\/EventScheduled\",\"startDate\":\"2026-03-12T15:00:00-04:00\",\"endDate\":\"2026-03-12T16:00:00-04:00\",\"location\":{\"@type\":\"Place\",\"name\":\"\\u00c9v\\u00e9nement virtuel\",\"description\":\"\",\"url\":\"\",\"address\":{\"@type\":\"PostalAddress\"},\"telephone\":\"\",\"sameAs\":\"\"},\"organizer\":{\"@type\":\"Person\",\"name\":\"Groupe de travail en pr\\u00e9servation num\\u00e9rique\",\"description\":\"\",\"url\":\"\",\"telephone\":\"\",\"email\":\"\",\"sameAs\":\"\"},\"performer\":\"Organization\"}]\r\n<\/script><!--\n Event listing powered by The Events Calendar Shortcode\n https:\/\/eventcalendarnewsletter.com\/the-events-calendar-shortcode\/ \n-->\t\t\t\t<\/div>\n\t\t\t\t<\/div>\n\t\t\t\t\t<\/div>\n\t\t<\/div>\n\t\t\t\t\t<\/div>\n\t\t<\/section>\n\t\t\t\t<\/div>\n\t\t","protected":false},"excerpt":{"rendered":"<p>Mandat et Responsabilit\u00e9s Ce groupe de travail conjoint, lanc\u00e9 en 2016, r\u00e9unit des participants de Biblioth\u00e8que et archives Canada, de Canadiana.org, du Conseil canadien des archives, du Council of Prairie [&hellip;]<\/p>\n","protected":false},"author":11,"featured_media":0,"parent":1170,"menu_order":0,"comment_status":"closed","ping_status":"closed","template":"","meta":{"_acf_changed":false,"_EventAllDay":false,"_EventTimezone":"","_EventStartDate":"","_EventEndDate":"","_EventStartDateUTC":"","_EventEndDateUTC":"","_EventShowMap":false,"_EventShowMapLink":false,"_EventURL":"","_EventCost":"","_EventCostDescription":"","_EventCurrencySymbol":"","_EventCurrencyCode":"","_EventCurrencyPosition":"","_EventDateTimeSeparator":"","_EventTimeRangeSeparator":"","_EventOrganizerID":[],"_EventVenueID":[],"_OrganizerEmail":"","_OrganizerPhone":"","_OrganizerWebsite":"","_VenueAddress":"","_VenueCity":"","_VenueCountry":"","_VenueProvince":"","_VenueState":"","_VenueZip":"","_VenuePhone":"","_VenueURL":"","_VenueStateProvince":"","_VenueLat":"","_VenueLng":"","_VenueShowMap":false,"_VenueShowMapLink":false,"footnotes":""},"class_list":["post-5053","page","type-page","status-publish","hentry","cat_preservation-numerique"],"acf":[],"yoast_head":"<!-- This site is optimized with the Yoast SEO plugin v27.5 - https:\/\/yoast.com\/product\/yoast-seo-wordpress\/ -->\n<title>Groupe de travail sur la pr\u00e9servation num\u00e9rique - Association des biblioth\u00e8ques de recherche du Canada<\/title>\n<meta name=\"robots\" content=\"index, follow, max-snippet:-1, max-image-preview:large, max-video-preview:-1\" \/>\n<link rel=\"canonical\" href=\"https:\/\/www.carl-abrc.ca\/fr\/faire-avancer-la-recherche\/preservation\/preservation-numerique\/\" \/>\n<meta property=\"og:locale\" content=\"fr_FR\" \/>\n<meta property=\"og:type\" content=\"article\" \/>\n<meta property=\"og:title\" content=\"Groupe de travail sur la pr\u00e9servation num\u00e9rique - Association des biblioth\u00e8ques de recherche du Canada\" \/>\n<meta property=\"og:description\" content=\"Mandat et Responsabilit\u00e9s Ce groupe de travail conjoint, lanc\u00e9 en 2016, r\u00e9unit des participants de Biblioth\u00e8que et archives Canada, de Canadiana.org, du Conseil canadien des archives, du Council of Prairie [&hellip;]\" \/>\n<meta property=\"og:url\" content=\"https:\/\/www.carl-abrc.ca\/fr\/faire-avancer-la-recherche\/preservation\/preservation-numerique\/\" \/>\n<meta property=\"og:site_name\" content=\"Association des biblioth\u00e8ques de recherche du Canada\" \/>\n<meta property=\"article:modified_time\" content=\"2026-03-10T19:14:08+00:00\" \/>\n<meta name=\"twitter:label1\" content=\"Dur\u00e9e de lecture estim\u00e9e\" \/>\n\t<meta name=\"twitter:data1\" content=\"3 minutes\" \/>\n<script type=\"application\/ld+json\" class=\"yoast-schema-graph\">{\"@context\":\"https:\\\/\\\/schema.org\",\"@graph\":[{\"@type\":\"WebPage\",\"@id\":\"https:\\\/\\\/www.carl-abrc.ca\\\/fr\\\/faire-avancer-la-recherche\\\/preservation\\\/preservation-numerique\\\/\",\"url\":\"https:\\\/\\\/www.carl-abrc.ca\\\/fr\\\/faire-avancer-la-recherche\\\/preservation\\\/preservation-numerique\\\/\",\"name\":\"Groupe de travail sur la pr\u00e9servation num\u00e9rique - Association des biblioth\u00e8ques de recherche du Canada\",\"isPartOf\":{\"@id\":\"https:\\\/\\\/www.carl-abrc.ca\\\/fr\\\/#website\"},\"datePublished\":\"2017-06-01T17:05:57+00:00\",\"dateModified\":\"2026-03-10T19:14:08+00:00\",\"breadcrumb\":{\"@id\":\"https:\\\/\\\/www.carl-abrc.ca\\\/fr\\\/faire-avancer-la-recherche\\\/preservation\\\/preservation-numerique\\\/#breadcrumb\"},\"inLanguage\":\"fr-FR\",\"potentialAction\":[{\"@type\":\"ReadAction\",\"target\":[\"https:\\\/\\\/www.carl-abrc.ca\\\/fr\\\/faire-avancer-la-recherche\\\/preservation\\\/preservation-numerique\\\/\"]}]},{\"@type\":\"BreadcrumbList\",\"@id\":\"https:\\\/\\\/www.carl-abrc.ca\\\/fr\\\/faire-avancer-la-recherche\\\/preservation\\\/preservation-numerique\\\/#breadcrumb\",\"itemListElement\":[{\"@type\":\"ListItem\",\"position\":1,\"name\":\"Accueil\",\"item\":\"https:\\\/\\\/www.carl-abrc.ca\\\/fr\\\/home-3\\\/\"},{\"@type\":\"ListItem\",\"position\":2,\"name\":\"Faire avancer la recherche\",\"item\":\"https:\\\/\\\/www.carl-abrc.ca\\\/fr\\\/faire-avancer-la-recherche\\\/\"},{\"@type\":\"ListItem\",\"position\":3,\"name\":\"Initiatives de pr\u00e9servation\",\"item\":\"https:\\\/\\\/www.carl-abrc.ca\\\/fr\\\/faire-avancer-la-recherche\\\/preservation\\\/\"},{\"@type\":\"ListItem\",\"position\":4,\"name\":\"Groupe de travail sur la pr\u00e9servation num\u00e9rique\"}]},{\"@type\":\"WebSite\",\"@id\":\"https:\\\/\\\/www.carl-abrc.ca\\\/fr\\\/#website\",\"url\":\"https:\\\/\\\/www.carl-abrc.ca\\\/fr\\\/\",\"name\":\"Association des biblioth\u00e8ques de recherche du Canada\",\"description\":\"ABRC\",\"publisher\":{\"@id\":\"https:\\\/\\\/www.carl-abrc.ca\\\/fr\\\/#organization\"},\"potentialAction\":[{\"@type\":\"SearchAction\",\"target\":{\"@type\":\"EntryPoint\",\"urlTemplate\":\"https:\\\/\\\/www.carl-abrc.ca\\\/fr\\\/?s={search_term_string}\"},\"query-input\":{\"@type\":\"PropertyValueSpecification\",\"valueRequired\":true,\"valueName\":\"search_term_string\"}}],\"inLanguage\":\"fr-FR\"},{\"@type\":\"Organization\",\"@id\":\"https:\\\/\\\/www.carl-abrc.ca\\\/fr\\\/#organization\",\"name\":\"Association des biblioth\u00e8ques de recherche du Canada\",\"url\":\"https:\\\/\\\/www.carl-abrc.ca\\\/fr\\\/\",\"logo\":{\"@type\":\"ImageObject\",\"inLanguage\":\"fr-FR\",\"@id\":\"https:\\\/\\\/www.carl-abrc.ca\\\/fr\\\/#\\\/schema\\\/logo\\\/image\\\/\",\"url\":\"https:\\\/\\\/www.carl-abrc.ca\\\/wp-content\\\/uploads\\\/2024\\\/07\\\/cropped-Stacked_Colour_L.png\",\"contentUrl\":\"https:\\\/\\\/www.carl-abrc.ca\\\/wp-content\\\/uploads\\\/2024\\\/07\\\/cropped-Stacked_Colour_L.png\",\"width\":641,\"height\":250,\"caption\":\"Association des biblioth\u00e8ques de recherche du Canada\"},\"image\":{\"@id\":\"https:\\\/\\\/www.carl-abrc.ca\\\/fr\\\/#\\\/schema\\\/logo\\\/image\\\/\"},\"sameAs\":[\"https:\\\/\\\/x.com\\\/carlabrc\"]}]}<\/script>\n<!-- \/ Yoast SEO plugin. -->","yoast_head_json":{"title":"Groupe de travail sur la pr\u00e9servation num\u00e9rique - Association des biblioth\u00e8ques de recherche du Canada","robots":{"index":"index","follow":"follow","max-snippet":"max-snippet:-1","max-image-preview":"max-image-preview:large","max-video-preview":"max-video-preview:-1"},"canonical":"https:\/\/www.carl-abrc.ca\/fr\/faire-avancer-la-recherche\/preservation\/preservation-numerique\/","og_locale":"fr_FR","og_type":"article","og_title":"Groupe de travail sur la pr\u00e9servation num\u00e9rique - Association des biblioth\u00e8ques de recherche du Canada","og_description":"Mandat et Responsabilit\u00e9s Ce groupe de travail conjoint, lanc\u00e9 en 2016, r\u00e9unit des participants de Biblioth\u00e8que et archives Canada, de Canadiana.org, du Conseil canadien des archives, du Council of Prairie [&hellip;]","og_url":"https:\/\/www.carl-abrc.ca\/fr\/faire-avancer-la-recherche\/preservation\/preservation-numerique\/","og_site_name":"Association des biblioth\u00e8ques de recherche du Canada","article_modified_time":"2026-03-10T19:14:08+00:00","twitter_misc":{"Dur\u00e9e de lecture estim\u00e9e":"3 minutes"},"schema":{"@context":"https:\/\/schema.org","@graph":[{"@type":"WebPage","@id":"https:\/\/www.carl-abrc.ca\/fr\/faire-avancer-la-recherche\/preservation\/preservation-numerique\/","url":"https:\/\/www.carl-abrc.ca\/fr\/faire-avancer-la-recherche\/preservation\/preservation-numerique\/","name":"Groupe de travail sur la pr\u00e9servation num\u00e9rique - Association des biblioth\u00e8ques de recherche du Canada","isPartOf":{"@id":"https:\/\/www.carl-abrc.ca\/fr\/#website"},"datePublished":"2017-06-01T17:05:57+00:00","dateModified":"2026-03-10T19:14:08+00:00","breadcrumb":{"@id":"https:\/\/www.carl-abrc.ca\/fr\/faire-avancer-la-recherche\/preservation\/preservation-numerique\/#breadcrumb"},"inLanguage":"fr-FR","potentialAction":[{"@type":"ReadAction","target":["https:\/\/www.carl-abrc.ca\/fr\/faire-avancer-la-recherche\/preservation\/preservation-numerique\/"]}]},{"@type":"BreadcrumbList","@id":"https:\/\/www.carl-abrc.ca\/fr\/faire-avancer-la-recherche\/preservation\/preservation-numerique\/#breadcrumb","itemListElement":[{"@type":"ListItem","position":1,"name":"Accueil","item":"https:\/\/www.carl-abrc.ca\/fr\/home-3\/"},{"@type":"ListItem","position":2,"name":"Faire avancer la recherche","item":"https:\/\/www.carl-abrc.ca\/fr\/faire-avancer-la-recherche\/"},{"@type":"ListItem","position":3,"name":"Initiatives de pr\u00e9servation","item":"https:\/\/www.carl-abrc.ca\/fr\/faire-avancer-la-recherche\/preservation\/"},{"@type":"ListItem","position":4,"name":"Groupe de travail sur la pr\u00e9servation num\u00e9rique"}]},{"@type":"WebSite","@id":"https:\/\/www.carl-abrc.ca\/fr\/#website","url":"https:\/\/www.carl-abrc.ca\/fr\/","name":"Association des biblioth\u00e8ques de recherche du Canada","description":"ABRC","publisher":{"@id":"https:\/\/www.carl-abrc.ca\/fr\/#organization"},"potentialAction":[{"@type":"SearchAction","target":{"@type":"EntryPoint","urlTemplate":"https:\/\/www.carl-abrc.ca\/fr\/?s={search_term_string}"},"query-input":{"@type":"PropertyValueSpecification","valueRequired":true,"valueName":"search_term_string"}}],"inLanguage":"fr-FR"},{"@type":"Organization","@id":"https:\/\/www.carl-abrc.ca\/fr\/#organization","name":"Association des biblioth\u00e8ques de recherche du Canada","url":"https:\/\/www.carl-abrc.ca\/fr\/","logo":{"@type":"ImageObject","inLanguage":"fr-FR","@id":"https:\/\/www.carl-abrc.ca\/fr\/#\/schema\/logo\/image\/","url":"https:\/\/www.carl-abrc.ca\/wp-content\/uploads\/2024\/07\/cropped-Stacked_Colour_L.png","contentUrl":"https:\/\/www.carl-abrc.ca\/wp-content\/uploads\/2024\/07\/cropped-Stacked_Colour_L.png","width":641,"height":250,"caption":"Association des biblioth\u00e8ques de recherche du Canada"},"image":{"@id":"https:\/\/www.carl-abrc.ca\/fr\/#\/schema\/logo\/image\/"},"sameAs":["https:\/\/x.com\/carlabrc"]}]}},"_links":{"self":[{"href":"https:\/\/www.carl-abrc.ca\/fr\/wp-json\/wp\/v2\/pages\/5053","targetHints":{"allow":["GET"]}}],"collection":[{"href":"https:\/\/www.carl-abrc.ca\/fr\/wp-json\/wp\/v2\/pages"}],"about":[{"href":"https:\/\/www.carl-abrc.ca\/fr\/wp-json\/wp\/v2\/types\/page"}],"author":[{"embeddable":true,"href":"https:\/\/www.carl-abrc.ca\/fr\/wp-json\/wp\/v2\/users\/11"}],"replies":[{"embeddable":true,"href":"https:\/\/www.carl-abrc.ca\/fr\/wp-json\/wp\/v2\/comments?post=5053"}],"version-history":[{"count":18,"href":"https:\/\/www.carl-abrc.ca\/fr\/wp-json\/wp\/v2\/pages\/5053\/revisions"}],"predecessor-version":[{"id":40320,"href":"https:\/\/www.carl-abrc.ca\/fr\/wp-json\/wp\/v2\/pages\/5053\/revisions\/40320"}],"up":[{"embeddable":true,"href":"https:\/\/www.carl-abrc.ca\/fr\/wp-json\/wp\/v2\/pages\/1170"}],"wp:attachment":[{"href":"https:\/\/www.carl-abrc.ca\/fr\/wp-json\/wp\/v2\/media?parent=5053"}],"curies":[{"name":"wp","href":"https:\/\/api.w.org\/{rel}","templated":true}]}}