{"id":36975,"date":"2025-05-28T12:05:49","date_gmt":"2025-05-28T16:05:49","guid":{"rendered":"https:\/\/www.carl-abrc.ca\/?post_type=tribe_events&#038;p=36975"},"modified":"2025-06-18T10:31:35","modified_gmt":"2025-06-18T14:31:35","slug":"appel-du-mois-de-juin-de-la-communaute-de-pratique-en-education-ouverte-soutenir-louverture-naviguer-les-contraintes-budgetaires-des-programmes-et-subventions-de-rel","status":"publish","type":"tribe_events","link":"https:\/\/www.carl-abrc.ca\/fr\/evenement\/appel-du-mois-de-juin-de-la-communaute-de-pratique-en-education-ouverte-soutenir-louverture-naviguer-les-contraintes-budgetaires-des-programmes-et-subventions-de-rel\/","title":{"rendered":"Appel du mois de juin de la Communaut\u00e9 de pratique en \u00e9ducation ouverte \u2013 Soutenir l\u2019ouverture : Naviguer les contraintes budg\u00e9taires des programmes et subventions de REL"},"content":{"rendered":"<p>Date :\u00a0<b>18 juin 2025<\/b><br \/>\nHeure :\u00a0<b>15h00 \u2013 16h00 HE<\/b><\/p>\n<p><a href=\"https:\/\/us02web.zoom.us\/meeting\/register\/v1yhv2R9SHu9xeDsDJoNvA\">Inscription<\/a><\/p>\n<p>L\u2019Association des biblioth\u00e8ques de recherche du Canada (ABRC) a le plaisir de vous inviter \u00e0 la premi\u00e8re r\u00e9union de la nouvelle Communaut\u00e9 de pratique en \u00e9ducation ouverte.<\/p>\n<p>Rejoignez-nous pour une conversation honn\u00eate sur les r\u00e9alit\u00e9s financi\u00e8res li\u00e9es au soutien et \u00e0 l\u2019\u00e9largissement des initiatives en mati\u00e8re de REL. Si vous \u00eates confront\u00e9s \u00e0 des financements r\u00e9duits, \u00eates \u00e0 la recherche de partenariats universitaires ou si vous cherchez \u00e0 revendiquer pour un appui continu, c\u2019est l\u2019occasion de partager vos exp\u00e9riences, de soulever les d\u00e9fis actuels et d\u2019imaginer collectivement une voie plus durable pour l\u2019\u00e9ducation ouverte.<b><br \/>\n<\/b><\/p>\n<p>Tous les membres et non-membres de l\u2019ABRC qui travaillent ou s\u2019int\u00e9ressent \u00e0 l\u2019\u00e9ducation ouverte sont invit\u00e9s \u00e0 participer.<\/p>\n<p>Si vous souhaitez devenir membre de la communaut\u00e9 de pratique en \u00e9ducation ouverte et rester inform\u00e9 des \u00e9v\u00e9nements et activit\u00e9s \u00e0 venir,\u00a0<a href=\"https:\/\/listserv.uottawa.ca\/scripts\/wa.exe?SUBED1=OE-COP-CARL-L&amp;A=1\">abonnez-vous \u00e0 OE-COP-CARL-L<\/a>, la liste de discussion de la communaut\u00e9 de pratique en \u00e9ducation ouverte. Pour plus d\u2019informations, visitez la\u00a0<a href=\"https:\/\/www.carl-abrc.ca\/fr\/faire-avancer-lenseignement-et-lapprentissage\/education-ouverte\/communaute-de-pratique-en-education-ouverte\/\">page web de la CdP<\/a>.<\/p>\n<p><i>Cette session ne sera pas enregistr\u00e9e.<\/i><\/p>\n","protected":false},"excerpt":{"rendered":"<p>Date :\u00a018 juin 2025 Heure :\u00a015h00 \u2013 16h00 HE Inscription L\u2019Association des biblioth\u00e8ques de recherche du Canada (ABRC) a le plaisir de vous inviter \u00e0 la premi\u00e8re r\u00e9union de la [&hellip;]<\/p>\n","protected":false},"author":131,"featured_media":36193,"template":"","meta":{"_acf_changed":false,"_EventAllDay":false,"_EventTimezone":"America\/Toronto","_EventStartDate":"2025-06-18 15:00:00","_EventEndDate":"2025-06-18 16:00:00","_EventStartDateUTC":"2025-06-18 19:00:00","_EventEndDateUTC":"2025-06-18 20:00:00","_EventShowMap":false,"_EventShowMapLink":true,"_EventURL":"","_EventCost":"","_EventCostDescription":"","_EventCurrencySymbol":"$","_EventCurrencyCode":"CAD","_EventCurrencyPosition":"prefix","_EventDateTimeSeparator":"","_EventTimeRangeSeparator":"","_EventOrganizerID":[37077],"_EventVenueID":[37071],"_OrganizerEmail":"","_OrganizerPhone":"","_OrganizerWebsite":"","_VenueAddress":"","_VenueCity":"","_VenueCountry":"","_VenueProvince":"","_VenueState":"","_VenueZip":"","_VenuePhone":"","_VenueURL":"","_VenueStateProvince":"","_VenueLat":"","_VenueLng":"","_VenueShowMap":false,"_VenueShowMapLink":false,"_tribe_events_status":"","_tribe_events_status_reason":"","footnotes":""},"tags":[],"tribe_events_cat":[113],"class_list":["post-36975","tribe_events","type-tribe_events","status-publish","has-post-thumbnail","hentry","tribe_events_cat-education-ouverte","cat_education-ouverte"],"acf":[],"yoast_head":"<!-- This site is optimized with the Yoast SEO plugin v27.5 - https:\/\/yoast.com\/product\/yoast-seo-wordpress\/ -->\n<title>Appel du mois de juin de la Communaut\u00e9 de pratique en \u00e9ducation ouverte \u2013 Soutenir l\u2019ouverture : Naviguer les contraintes budg\u00e9taires des programmes et subventions de REL - Association des biblioth\u00e8ques de recherche du Canada<\/title>\n<meta name=\"robots\" content=\"index, follow, max-snippet:-1, max-image-preview:large, max-video-preview:-1\" \/>\n<link rel=\"canonical\" href=\"https:\/\/www.carl-abrc.ca\/fr\/evenement\/appel-du-mois-de-juin-de-la-communaute-de-pratique-en-education-ouverte-soutenir-louverture-naviguer-les-contraintes-budgetaires-des-programmes-et-subventions-de-rel\/\" \/>\n<meta property=\"og:locale\" content=\"fr_FR\" \/>\n<meta property=\"og:type\" content=\"article\" \/>\n<meta property=\"og:title\" content=\"Appel du mois de juin de la Communaut\u00e9 de pratique en \u00e9ducation ouverte \u2013 Soutenir l\u2019ouverture : Naviguer les contraintes budg\u00e9taires des programmes et subventions de REL - Association des biblioth\u00e8ques de recherche du Canada\" \/>\n<meta property=\"og:description\" content=\"Date :\u00a018 juin 2025 Heure :\u00a015h00 \u2013 16h00 HE Inscription L\u2019Association des biblioth\u00e8ques de recherche du Canada (ABRC) a le plaisir de vous inviter \u00e0 la premi\u00e8re r\u00e9union de la [&hellip;]\" \/>\n<meta property=\"og:url\" content=\"https:\/\/www.carl-abrc.ca\/fr\/evenement\/appel-du-mois-de-juin-de-la-communaute-de-pratique-en-education-ouverte-soutenir-louverture-naviguer-les-contraintes-budgetaires-des-programmes-et-subventions-de-rel\/\" \/>\n<meta property=\"og:site_name\" content=\"Association des biblioth\u00e8ques de recherche du Canada\" \/>\n<meta property=\"article:modified_time\" content=\"2025-06-18T14:31:35+00:00\" \/>\n<meta property=\"og:image\" content=\"https:\/\/www.carl-abrc.ca\/wp-content\/uploads\/2024\/09\/NewsFeaturedImage-1.jpg\" \/>\n\t<meta property=\"og:image:width\" content=\"1920\" \/>\n\t<meta property=\"og:image:height\" content=\"1080\" \/>\n\t<meta property=\"og:image:type\" content=\"image\/jpeg\" \/>\n<meta name=\"twitter:label1\" content=\"Dur\u00e9e de lecture estim\u00e9e\" \/>\n\t<meta name=\"twitter:data1\" content=\"1 minute\" \/>\n<script type=\"application\/ld+json\" class=\"yoast-schema-graph\">{\"@context\":\"https:\\\/\\\/schema.org\",\"@graph\":[{\"@type\":\"WebPage\",\"@id\":\"https:\\\/\\\/www.carl-abrc.ca\\\/fr\\\/evenement\\\/appel-du-mois-de-juin-de-la-communaute-de-pratique-en-education-ouverte-soutenir-louverture-naviguer-les-contraintes-budgetaires-des-programmes-et-subventions-de-rel\\\/\",\"url\":\"https:\\\/\\\/www.carl-abrc.ca\\\/fr\\\/evenement\\\/appel-du-mois-de-juin-de-la-communaute-de-pratique-en-education-ouverte-soutenir-louverture-naviguer-les-contraintes-budgetaires-des-programmes-et-subventions-de-rel\\\/\",\"name\":\"Appel du mois de juin de la Communaut\u00e9 de pratique en \u00e9ducation ouverte \u2013 Soutenir l\u2019ouverture : Naviguer les contraintes budg\u00e9taires des programmes et subventions de REL - Association des biblioth\u00e8ques de recherche du Canada\",\"isPartOf\":{\"@id\":\"https:\\\/\\\/www.carl-abrc.ca\\\/fr\\\/#website\"},\"primaryImageOfPage\":{\"@id\":\"https:\\\/\\\/www.carl-abrc.ca\\\/fr\\\/evenement\\\/appel-du-mois-de-juin-de-la-communaute-de-pratique-en-education-ouverte-soutenir-louverture-naviguer-les-contraintes-budgetaires-des-programmes-et-subventions-de-rel\\\/#primaryimage\"},\"image\":{\"@id\":\"https:\\\/\\\/www.carl-abrc.ca\\\/fr\\\/evenement\\\/appel-du-mois-de-juin-de-la-communaute-de-pratique-en-education-ouverte-soutenir-louverture-naviguer-les-contraintes-budgetaires-des-programmes-et-subventions-de-rel\\\/#primaryimage\"},\"thumbnailUrl\":\"https:\\\/\\\/www.carl-abrc.ca\\\/wp-content\\\/uploads\\\/2024\\\/09\\\/NewsFeaturedImage-1.jpg\",\"datePublished\":\"2025-05-28T16:05:49+00:00\",\"dateModified\":\"2025-06-18T14:31:35+00:00\",\"breadcrumb\":{\"@id\":\"https:\\\/\\\/www.carl-abrc.ca\\\/fr\\\/evenement\\\/appel-du-mois-de-juin-de-la-communaute-de-pratique-en-education-ouverte-soutenir-louverture-naviguer-les-contraintes-budgetaires-des-programmes-et-subventions-de-rel\\\/#breadcrumb\"},\"inLanguage\":\"fr-FR\",\"potentialAction\":[{\"@type\":\"ReadAction\",\"target\":[\"https:\\\/\\\/www.carl-abrc.ca\\\/fr\\\/evenement\\\/appel-du-mois-de-juin-de-la-communaute-de-pratique-en-education-ouverte-soutenir-louverture-naviguer-les-contraintes-budgetaires-des-programmes-et-subventions-de-rel\\\/\"]}]},{\"@type\":\"ImageObject\",\"inLanguage\":\"fr-FR\",\"@id\":\"https:\\\/\\\/www.carl-abrc.ca\\\/fr\\\/evenement\\\/appel-du-mois-de-juin-de-la-communaute-de-pratique-en-education-ouverte-soutenir-louverture-naviguer-les-contraintes-budgetaires-des-programmes-et-subventions-de-rel\\\/#primaryimage\",\"url\":\"https:\\\/\\\/www.carl-abrc.ca\\\/wp-content\\\/uploads\\\/2024\\\/09\\\/NewsFeaturedImage-1.jpg\",\"contentUrl\":\"https:\\\/\\\/www.carl-abrc.ca\\\/wp-content\\\/uploads\\\/2024\\\/09\\\/NewsFeaturedImage-1.jpg\",\"width\":1920,\"height\":1080,\"caption\":\"C.A.R.L. Logo\"},{\"@type\":\"BreadcrumbList\",\"@id\":\"https:\\\/\\\/www.carl-abrc.ca\\\/fr\\\/evenement\\\/appel-du-mois-de-juin-de-la-communaute-de-pratique-en-education-ouverte-soutenir-louverture-naviguer-les-contraintes-budgetaires-des-programmes-et-subventions-de-rel\\\/#breadcrumb\",\"itemListElement\":[{\"@type\":\"ListItem\",\"position\":1,\"name\":\"Accueil\",\"item\":\"https:\\\/\\\/www.carl-abrc.ca\\\/fr\\\/home-3\\\/\"},{\"@type\":\"ListItem\",\"position\":2,\"name\":\"\u00c9v\u00e9nements\",\"item\":\"https:\\\/\\\/www.carl-abrc.ca\\\/fr\\\/evenements\\\/\"},{\"@type\":\"ListItem\",\"position\":3,\"name\":\"Appel du mois de juin de la Communaut\u00e9 de pratique en \u00e9ducation ouverte \u2013 Soutenir l\u2019ouverture : Naviguer les contraintes budg\u00e9taires des programmes et subventions de REL\"}]},{\"@type\":\"WebSite\",\"@id\":\"https:\\\/\\\/www.carl-abrc.ca\\\/fr\\\/#website\",\"url\":\"https:\\\/\\\/www.carl-abrc.ca\\\/fr\\\/\",\"name\":\"Association des biblioth\u00e8ques de recherche du Canada\",\"description\":\"ABRC\",\"publisher\":{\"@id\":\"https:\\\/\\\/www.carl-abrc.ca\\\/fr\\\/#organization\"},\"potentialAction\":[{\"@type\":\"SearchAction\",\"target\":{\"@type\":\"EntryPoint\",\"urlTemplate\":\"https:\\\/\\\/www.carl-abrc.ca\\\/fr\\\/?s={search_term_string}\"},\"query-input\":{\"@type\":\"PropertyValueSpecification\",\"valueRequired\":true,\"valueName\":\"search_term_string\"}}],\"inLanguage\":\"fr-FR\"},{\"@type\":\"Organization\",\"@id\":\"https:\\\/\\\/www.carl-abrc.ca\\\/fr\\\/#organization\",\"name\":\"Association des biblioth\u00e8ques de recherche du Canada\",\"url\":\"https:\\\/\\\/www.carl-abrc.ca\\\/fr\\\/\",\"logo\":{\"@type\":\"ImageObject\",\"inLanguage\":\"fr-FR\",\"@id\":\"https:\\\/\\\/www.carl-abrc.ca\\\/fr\\\/#\\\/schema\\\/logo\\\/image\\\/\",\"url\":\"https:\\\/\\\/www.carl-abrc.ca\\\/wp-content\\\/uploads\\\/2024\\\/07\\\/cropped-Stacked_Colour_L.png\",\"contentUrl\":\"https:\\\/\\\/www.carl-abrc.ca\\\/wp-content\\\/uploads\\\/2024\\\/07\\\/cropped-Stacked_Colour_L.png\",\"width\":641,\"height\":250,\"caption\":\"Association des biblioth\u00e8ques de recherche du Canada\"},\"image\":{\"@id\":\"https:\\\/\\\/www.carl-abrc.ca\\\/fr\\\/#\\\/schema\\\/logo\\\/image\\\/\"},\"sameAs\":[\"https:\\\/\\\/x.com\\\/carlabrc\"]}]}<\/script>\n<!-- \/ Yoast SEO plugin. -->","yoast_head_json":{"title":"Appel du mois de juin de la Communaut\u00e9 de pratique en \u00e9ducation ouverte \u2013 Soutenir l\u2019ouverture : Naviguer les contraintes budg\u00e9taires des programmes et subventions de REL - Association des biblioth\u00e8ques de recherche du Canada","robots":{"index":"index","follow":"follow","max-snippet":"max-snippet:-1","max-image-preview":"max-image-preview:large","max-video-preview":"max-video-preview:-1"},"canonical":"https:\/\/www.carl-abrc.ca\/fr\/evenement\/appel-du-mois-de-juin-de-la-communaute-de-pratique-en-education-ouverte-soutenir-louverture-naviguer-les-contraintes-budgetaires-des-programmes-et-subventions-de-rel\/","og_locale":"fr_FR","og_type":"article","og_title":"Appel du mois de juin de la Communaut\u00e9 de pratique en \u00e9ducation ouverte \u2013 Soutenir l\u2019ouverture : Naviguer les contraintes budg\u00e9taires des programmes et subventions de REL - Association des biblioth\u00e8ques de recherche du Canada","og_description":"Date :\u00a018 juin 2025 Heure :\u00a015h00 \u2013 16h00 HE Inscription L\u2019Association des biblioth\u00e8ques de recherche du Canada (ABRC) a le plaisir de vous inviter \u00e0 la premi\u00e8re r\u00e9union de la [&hellip;]","og_url":"https:\/\/www.carl-abrc.ca\/fr\/evenement\/appel-du-mois-de-juin-de-la-communaute-de-pratique-en-education-ouverte-soutenir-louverture-naviguer-les-contraintes-budgetaires-des-programmes-et-subventions-de-rel\/","og_site_name":"Association des biblioth\u00e8ques de recherche du Canada","article_modified_time":"2025-06-18T14:31:35+00:00","og_image":[{"width":1920,"height":1080,"url":"https:\/\/www.carl-abrc.ca\/wp-content\/uploads\/2024\/09\/NewsFeaturedImage-1.jpg","type":"image\/jpeg"}],"twitter_misc":{"Dur\u00e9e de lecture estim\u00e9e":"1 minute"},"schema":{"@context":"https:\/\/schema.org","@graph":[{"@type":"WebPage","@id":"https:\/\/www.carl-abrc.ca\/fr\/evenement\/appel-du-mois-de-juin-de-la-communaute-de-pratique-en-education-ouverte-soutenir-louverture-naviguer-les-contraintes-budgetaires-des-programmes-et-subventions-de-rel\/","url":"https:\/\/www.carl-abrc.ca\/fr\/evenement\/appel-du-mois-de-juin-de-la-communaute-de-pratique-en-education-ouverte-soutenir-louverture-naviguer-les-contraintes-budgetaires-des-programmes-et-subventions-de-rel\/","name":"Appel du mois de juin de la Communaut\u00e9 de pratique en \u00e9ducation ouverte \u2013 Soutenir l\u2019ouverture : Naviguer les contraintes budg\u00e9taires des programmes et subventions de REL - Association des biblioth\u00e8ques de recherche du Canada","isPartOf":{"@id":"https:\/\/www.carl-abrc.ca\/fr\/#website"},"primaryImageOfPage":{"@id":"https:\/\/www.carl-abrc.ca\/fr\/evenement\/appel-du-mois-de-juin-de-la-communaute-de-pratique-en-education-ouverte-soutenir-louverture-naviguer-les-contraintes-budgetaires-des-programmes-et-subventions-de-rel\/#primaryimage"},"image":{"@id":"https:\/\/www.carl-abrc.ca\/fr\/evenement\/appel-du-mois-de-juin-de-la-communaute-de-pratique-en-education-ouverte-soutenir-louverture-naviguer-les-contraintes-budgetaires-des-programmes-et-subventions-de-rel\/#primaryimage"},"thumbnailUrl":"https:\/\/www.carl-abrc.ca\/wp-content\/uploads\/2024\/09\/NewsFeaturedImage-1.jpg","datePublished":"2025-05-28T16:05:49+00:00","dateModified":"2025-06-18T14:31:35+00:00","breadcrumb":{"@id":"https:\/\/www.carl-abrc.ca\/fr\/evenement\/appel-du-mois-de-juin-de-la-communaute-de-pratique-en-education-ouverte-soutenir-louverture-naviguer-les-contraintes-budgetaires-des-programmes-et-subventions-de-rel\/#breadcrumb"},"inLanguage":"fr-FR","potentialAction":[{"@type":"ReadAction","target":["https:\/\/www.carl-abrc.ca\/fr\/evenement\/appel-du-mois-de-juin-de-la-communaute-de-pratique-en-education-ouverte-soutenir-louverture-naviguer-les-contraintes-budgetaires-des-programmes-et-subventions-de-rel\/"]}]},{"@type":"ImageObject","inLanguage":"fr-FR","@id":"https:\/\/www.carl-abrc.ca\/fr\/evenement\/appel-du-mois-de-juin-de-la-communaute-de-pratique-en-education-ouverte-soutenir-louverture-naviguer-les-contraintes-budgetaires-des-programmes-et-subventions-de-rel\/#primaryimage","url":"https:\/\/www.carl-abrc.ca\/wp-content\/uploads\/2024\/09\/NewsFeaturedImage-1.jpg","contentUrl":"https:\/\/www.carl-abrc.ca\/wp-content\/uploads\/2024\/09\/NewsFeaturedImage-1.jpg","width":1920,"height":1080,"caption":"C.A.R.L. Logo"},{"@type":"BreadcrumbList","@id":"https:\/\/www.carl-abrc.ca\/fr\/evenement\/appel-du-mois-de-juin-de-la-communaute-de-pratique-en-education-ouverte-soutenir-louverture-naviguer-les-contraintes-budgetaires-des-programmes-et-subventions-de-rel\/#breadcrumb","itemListElement":[{"@type":"ListItem","position":1,"name":"Accueil","item":"https:\/\/www.carl-abrc.ca\/fr\/home-3\/"},{"@type":"ListItem","position":2,"name":"\u00c9v\u00e9nements","item":"https:\/\/www.carl-abrc.ca\/fr\/evenements\/"},{"@type":"ListItem","position":3,"name":"Appel du mois de juin de la Communaut\u00e9 de pratique en \u00e9ducation ouverte \u2013 Soutenir l\u2019ouverture : Naviguer les contraintes budg\u00e9taires des programmes et subventions de REL"}]},{"@type":"WebSite","@id":"https:\/\/www.carl-abrc.ca\/fr\/#website","url":"https:\/\/www.carl-abrc.ca\/fr\/","name":"Association des biblioth\u00e8ques de recherche du Canada","description":"ABRC","publisher":{"@id":"https:\/\/www.carl-abrc.ca\/fr\/#organization"},"potentialAction":[{"@type":"SearchAction","target":{"@type":"EntryPoint","urlTemplate":"https:\/\/www.carl-abrc.ca\/fr\/?s={search_term_string}"},"query-input":{"@type":"PropertyValueSpecification","valueRequired":true,"valueName":"search_term_string"}}],"inLanguage":"fr-FR"},{"@type":"Organization","@id":"https:\/\/www.carl-abrc.ca\/fr\/#organization","name":"Association des biblioth\u00e8ques de recherche du Canada","url":"https:\/\/www.carl-abrc.ca\/fr\/","logo":{"@type":"ImageObject","inLanguage":"fr-FR","@id":"https:\/\/www.carl-abrc.ca\/fr\/#\/schema\/logo\/image\/","url":"https:\/\/www.carl-abrc.ca\/wp-content\/uploads\/2024\/07\/cropped-Stacked_Colour_L.png","contentUrl":"https:\/\/www.carl-abrc.ca\/wp-content\/uploads\/2024\/07\/cropped-Stacked_Colour_L.png","width":641,"height":250,"caption":"Association des biblioth\u00e8ques de recherche du Canada"},"image":{"@id":"https:\/\/www.carl-abrc.ca\/fr\/#\/schema\/logo\/image\/"},"sameAs":["https:\/\/x.com\/carlabrc"]}]}},"_links":{"self":[{"href":"https:\/\/www.carl-abrc.ca\/fr\/wp-json\/wp\/v2\/tribe_events\/36975","targetHints":{"allow":["GET"]}}],"collection":[{"href":"https:\/\/www.carl-abrc.ca\/fr\/wp-json\/wp\/v2\/tribe_events"}],"about":[{"href":"https:\/\/www.carl-abrc.ca\/fr\/wp-json\/wp\/v2\/types\/tribe_events"}],"author":[{"embeddable":true,"href":"https:\/\/www.carl-abrc.ca\/fr\/wp-json\/wp\/v2\/users\/131"}],"version-history":[{"count":0,"href":"https:\/\/www.carl-abrc.ca\/fr\/wp-json\/wp\/v2\/tribe_events\/36975\/revisions"}],"wp:featuredmedia":[{"embeddable":true,"href":"https:\/\/www.carl-abrc.ca\/fr\/wp-json\/wp\/v2\/media\/36193"}],"wp:attachment":[{"href":"https:\/\/www.carl-abrc.ca\/fr\/wp-json\/wp\/v2\/media?parent=36975"}],"wp:term":[{"taxonomy":"post_tag","embeddable":true,"href":"https:\/\/www.carl-abrc.ca\/fr\/wp-json\/wp\/v2\/tags?post=36975"},{"taxonomy":"tribe_events_cat","embeddable":true,"href":"https:\/\/www.carl-abrc.ca\/fr\/wp-json\/wp\/v2\/tribe_events_cat?post=36975"}],"curies":[{"name":"wp","href":"https:\/\/api.w.org\/{rel}","templated":true}]}}