{"id":37184,"date":"2025-07-17T17:23:18","date_gmt":"2025-07-17T21:23:18","guid":{"rendered":"https:\/\/www.carl-abrc.ca\/?post_type=tribe_events&#038;p=37184"},"modified":"2026-03-18T10:02:55","modified_gmt":"2026-03-18T14:02:55","slug":"mise-en-oeuvre-des-lecons-tirees-de-risknorth3-prochaines-etapes-pour-la-preservation-numerique","status":"publish","type":"tribe_events","link":"https:\/\/www.carl-abrc.ca\/fr\/evenement\/mise-en-oeuvre-des-lecons-tirees-de-risknorth3-prochaines-etapes-pour-la-preservation-numerique\/","title":{"rendered":"Mise en oeuvre des le\u00e7ons tir\u00e9es de @RiskNorth3 : prochaines \u00e9tapes pour la pr\u00e9servation num\u00e9rique"},"content":{"rendered":"<p>Date : <strong>vendredi, 20 juin 2025<\/strong><br \/>\nHeure : <strong>13h00 \u2013 14h00 HE<\/strong><\/p>\n<p><a href=\"https:\/\/youtu.be\/UKwZ2MxDGYM?feature=shared\">Enregistrement<\/a><\/p>\n<p>Joignez-vous \u00e0 nous pour une conversation informelle sur les mesures issues du sommet sur la pr\u00e9servation num\u00e9rique, @RiskNorth3 : Sauvegarde du patrimoine num\u00e9rique canadien, qui a eu lieu en novembre 2024. Sarah Lake (Concordia), agente de programme invit\u00e9e en pr\u00e9servation num\u00e9rique, fera une br\u00e8ve pr\u00e9sentation des constats principaux de @RN3, tels que partag\u00e9s dans le <a href=\"https:\/\/www.carl-abrc.ca\/wp-content\/uploads\/2025\/03\/@RiskNorth3_Report_Feb2025_FR.pdf\">Rapport du sommet @Risk North 3<\/a>, et fournira une mise \u00e0 jour des progr\u00e8s r\u00e9alis\u00e9s par le Groupe de travail sur la pr\u00e9servation num\u00e9rique (GTPN) concernant ces mesures. La pr\u00e9sentation sera suivie d\u2019une discussion ouverte, mod\u00e9r\u00e9e par Sarah et Geoff Harder (Alberta, et pr\u00e9sident du GTPN). Les participant\u00b7e\u00b7s sont encourag\u00e9\u00b7e\u00b7s \u00e0 partager leurs r\u00e9flexions et suggestions pour faire avancer les apprentissages et les priorit\u00e9s issus du sommet. Que vous ayez assist\u00e9 ou non \u00e0 @RN3, cet appel est une occasion de fournir des commentaires pour les \u00e9v\u00e9nements futurs et, plus largement, de faire part de vos id\u00e9es sur la meilleure fa\u00e7on de favoriser l\u2019engagement, la collaboration et le soutien \u00e0 la pr\u00e9servation num\u00e9rique au Canada au cours des prochaines ann\u00e9es.<\/p>\n<p>Cet appel se d\u00e9roulera en anglais. Un appel en fran\u00e7ais, anim\u00e9 par Sarah Lake et Lisa Miniaci (BAnQ) aura lieu le mercredi 18 juin.<\/p>\n<p>Afin de faciliter une discussion productive, nous encourageons les participant\u00b7e\u00b7s \u00e0 remplir un court formulaire (6 questions) avant l\u2019appel : <a href=\"https:\/\/forms.gle\/H9nB5ageN3HGCkma6\">https:\/\/forms.gle\/H9nB5ageN3HGCkma6<\/a>.<\/p>\n<p><em>Le GTPN regroupe des membres de l\u2019Alliance de recherche num\u00e9rique du Canada, de Canadiana.org, du Council of Prairie and Pacific University Libraries (COPPUL), de Biblioth\u00e8que et Archives Canada, de Scholars Portal \/ Conseil des biblioth\u00e8ques universitaires de l\u2019Ontario (CBUO), de l\u2019ABRC, ainsi que de plusieurs biblioth\u00e8ques de recherche canadiennes. Le GTPN \u0153uvre \u00e0 la pr\u00e9servation \u00e0 long terme du patrimoine documentaire num\u00e9rique du Canada, qu\u2019il soit savant ou multiformat. Ses travaux comprennent l\u2019\u00e9valuation des capacit\u00e9s de pr\u00e9servation num\u00e9rique, des ressources disponibles et des possibilit\u00e9s de financement au sein de la communaut\u00e9 de la recherche canadienne; l\u2019identification et la promotion des approches, normes, pratiques et technologies pertinentes; ainsi que la collaboration avec des initiatives internationales en vue de favoriser une meilleure compr\u00e9hension du domaine de la pr\u00e9servation num\u00e9rique au Canada.<\/em><\/p>\n<p>Veuillez noter que les pr\u00e9sentations seront enregistr\u00e9es mais pas la discussion.<\/p>\n","protected":false},"excerpt":{"rendered":"<p>Date : vendredi, 20 juin 2025 Heure : 13h00 \u2013 14h00 HE Enregistrement Joignez-vous \u00e0 nous pour une conversation informelle sur les mesures issues du sommet sur la pr\u00e9servation num\u00e9rique, [&hellip;]<\/p>\n","protected":false},"author":130,"featured_media":36193,"template":"","meta":{"_acf_changed":false,"_EventAllDay":false,"_EventTimezone":"America\/Toronto","_EventStartDate":"2025-06-20 13:00:00","_EventEndDate":"2025-06-20 14:00:00","_EventStartDateUTC":"2025-06-20 17:00:00","_EventEndDateUTC":"2025-06-20 18:00:00","_EventShowMap":false,"_EventShowMapLink":true,"_EventURL":"","_EventCost":"","_EventCostDescription":"","_EventCurrencySymbol":"$","_EventCurrencyCode":"CAD","_EventCurrencyPosition":"prefix","_EventDateTimeSeparator":"","_EventTimeRangeSeparator":"","_EventOrganizerID":[37076],"_EventVenueID":[37071],"_OrganizerEmail":"","_OrganizerPhone":"","_OrganizerWebsite":"","_VenueAddress":"","_VenueCity":"","_VenueCountry":"","_VenueProvince":"","_VenueState":"","_VenueZip":"","_VenuePhone":"","_VenueURL":"","_VenueStateProvince":"","_VenueLat":"","_VenueLng":"","_VenueShowMap":false,"_VenueShowMapLink":false,"_tribe_events_status":"","_tribe_events_status_reason":"","footnotes":""},"tags":[],"tribe_events_cat":[117,214],"class_list":["post-37184","tribe_events","type-tribe_events","status-publish","has-post-thumbnail","hentry","tribe_events_cat-preservation-numerique","tribe_events_cat-risknorth-fr","cat_preservation-numerique","cat_risknorth-fr"],"acf":[],"yoast_head":"<!-- This site is optimized with the Yoast SEO plugin v27.5 - https:\/\/yoast.com\/product\/yoast-seo-wordpress\/ -->\n<title>Mise en oeuvre des le\u00e7ons tir\u00e9es de @RiskNorth3 : prochaines \u00e9tapes pour la pr\u00e9servation num\u00e9rique - Association des biblioth\u00e8ques de recherche du Canada<\/title>\n<meta name=\"robots\" content=\"index, follow, max-snippet:-1, max-image-preview:large, max-video-preview:-1\" \/>\n<link rel=\"canonical\" href=\"https:\/\/www.carl-abrc.ca\/fr\/evenement\/mise-en-oeuvre-des-lecons-tirees-de-risknorth3-prochaines-etapes-pour-la-preservation-numerique\/\" \/>\n<meta property=\"og:locale\" content=\"fr_FR\" \/>\n<meta property=\"og:type\" content=\"article\" \/>\n<meta property=\"og:title\" content=\"Mise en oeuvre des le\u00e7ons tir\u00e9es de @RiskNorth3 : prochaines \u00e9tapes pour la pr\u00e9servation num\u00e9rique - Association des biblioth\u00e8ques de recherche du Canada\" \/>\n<meta property=\"og:description\" content=\"Date : vendredi, 20 juin 2025 Heure : 13h00 \u2013 14h00 HE Enregistrement Joignez-vous \u00e0 nous pour une conversation informelle sur les mesures issues du sommet sur la pr\u00e9servation num\u00e9rique, [&hellip;]\" \/>\n<meta property=\"og:url\" content=\"https:\/\/www.carl-abrc.ca\/fr\/evenement\/mise-en-oeuvre-des-lecons-tirees-de-risknorth3-prochaines-etapes-pour-la-preservation-numerique\/\" \/>\n<meta property=\"og:site_name\" content=\"Association des biblioth\u00e8ques de recherche du Canada\" \/>\n<meta property=\"article:modified_time\" content=\"2026-03-18T14:02:55+00:00\" \/>\n<meta property=\"og:image\" content=\"https:\/\/www.carl-abrc.ca\/wp-content\/uploads\/2024\/09\/NewsFeaturedImage-1.jpg\" \/>\n\t<meta property=\"og:image:width\" content=\"1920\" \/>\n\t<meta property=\"og:image:height\" content=\"1080\" \/>\n\t<meta property=\"og:image:type\" content=\"image\/jpeg\" \/>\n<meta name=\"twitter:label1\" content=\"Dur\u00e9e de lecture estim\u00e9e\" \/>\n\t<meta name=\"twitter:data1\" content=\"2 minutes\" \/>\n<script type=\"application\/ld+json\" class=\"yoast-schema-graph\">{\"@context\":\"https:\\\/\\\/schema.org\",\"@graph\":[{\"@type\":\"WebPage\",\"@id\":\"https:\\\/\\\/www.carl-abrc.ca\\\/fr\\\/evenement\\\/mise-en-oeuvre-des-lecons-tirees-de-risknorth3-prochaines-etapes-pour-la-preservation-numerique\\\/\",\"url\":\"https:\\\/\\\/www.carl-abrc.ca\\\/fr\\\/evenement\\\/mise-en-oeuvre-des-lecons-tirees-de-risknorth3-prochaines-etapes-pour-la-preservation-numerique\\\/\",\"name\":\"Mise en oeuvre des le\u00e7ons tir\u00e9es de @RiskNorth3 : prochaines \u00e9tapes pour la pr\u00e9servation num\u00e9rique - Association des biblioth\u00e8ques de recherche du Canada\",\"isPartOf\":{\"@id\":\"https:\\\/\\\/www.carl-abrc.ca\\\/fr\\\/#website\"},\"primaryImageOfPage\":{\"@id\":\"https:\\\/\\\/www.carl-abrc.ca\\\/fr\\\/evenement\\\/mise-en-oeuvre-des-lecons-tirees-de-risknorth3-prochaines-etapes-pour-la-preservation-numerique\\\/#primaryimage\"},\"image\":{\"@id\":\"https:\\\/\\\/www.carl-abrc.ca\\\/fr\\\/evenement\\\/mise-en-oeuvre-des-lecons-tirees-de-risknorth3-prochaines-etapes-pour-la-preservation-numerique\\\/#primaryimage\"},\"thumbnailUrl\":\"https:\\\/\\\/www.carl-abrc.ca\\\/wp-content\\\/uploads\\\/2024\\\/09\\\/NewsFeaturedImage-1.jpg\",\"datePublished\":\"2025-07-17T21:23:18+00:00\",\"dateModified\":\"2026-03-18T14:02:55+00:00\",\"breadcrumb\":{\"@id\":\"https:\\\/\\\/www.carl-abrc.ca\\\/fr\\\/evenement\\\/mise-en-oeuvre-des-lecons-tirees-de-risknorth3-prochaines-etapes-pour-la-preservation-numerique\\\/#breadcrumb\"},\"inLanguage\":\"fr-FR\",\"potentialAction\":[{\"@type\":\"ReadAction\",\"target\":[\"https:\\\/\\\/www.carl-abrc.ca\\\/fr\\\/evenement\\\/mise-en-oeuvre-des-lecons-tirees-de-risknorth3-prochaines-etapes-pour-la-preservation-numerique\\\/\"]}]},{\"@type\":\"ImageObject\",\"inLanguage\":\"fr-FR\",\"@id\":\"https:\\\/\\\/www.carl-abrc.ca\\\/fr\\\/evenement\\\/mise-en-oeuvre-des-lecons-tirees-de-risknorth3-prochaines-etapes-pour-la-preservation-numerique\\\/#primaryimage\",\"url\":\"https:\\\/\\\/www.carl-abrc.ca\\\/wp-content\\\/uploads\\\/2024\\\/09\\\/NewsFeaturedImage-1.jpg\",\"contentUrl\":\"https:\\\/\\\/www.carl-abrc.ca\\\/wp-content\\\/uploads\\\/2024\\\/09\\\/NewsFeaturedImage-1.jpg\",\"width\":1920,\"height\":1080,\"caption\":\"C.A.R.L. Logo\"},{\"@type\":\"BreadcrumbList\",\"@id\":\"https:\\\/\\\/www.carl-abrc.ca\\\/fr\\\/evenement\\\/mise-en-oeuvre-des-lecons-tirees-de-risknorth3-prochaines-etapes-pour-la-preservation-numerique\\\/#breadcrumb\",\"itemListElement\":[{\"@type\":\"ListItem\",\"position\":1,\"name\":\"Accueil\",\"item\":\"https:\\\/\\\/www.carl-abrc.ca\\\/fr\\\/home-3\\\/\"},{\"@type\":\"ListItem\",\"position\":2,\"name\":\"\u00c9v\u00e9nements\",\"item\":\"https:\\\/\\\/www.carl-abrc.ca\\\/fr\\\/evenements\\\/\"},{\"@type\":\"ListItem\",\"position\":3,\"name\":\"Mise en oeuvre des le\u00e7ons tir\u00e9es de @RiskNorth3 : prochaines \u00e9tapes pour la pr\u00e9servation num\u00e9rique\"}]},{\"@type\":\"WebSite\",\"@id\":\"https:\\\/\\\/www.carl-abrc.ca\\\/fr\\\/#website\",\"url\":\"https:\\\/\\\/www.carl-abrc.ca\\\/fr\\\/\",\"name\":\"Association des biblioth\u00e8ques de recherche du Canada\",\"description\":\"ABRC\",\"publisher\":{\"@id\":\"https:\\\/\\\/www.carl-abrc.ca\\\/fr\\\/#organization\"},\"potentialAction\":[{\"@type\":\"SearchAction\",\"target\":{\"@type\":\"EntryPoint\",\"urlTemplate\":\"https:\\\/\\\/www.carl-abrc.ca\\\/fr\\\/?s={search_term_string}\"},\"query-input\":{\"@type\":\"PropertyValueSpecification\",\"valueRequired\":true,\"valueName\":\"search_term_string\"}}],\"inLanguage\":\"fr-FR\"},{\"@type\":\"Organization\",\"@id\":\"https:\\\/\\\/www.carl-abrc.ca\\\/fr\\\/#organization\",\"name\":\"Association des biblioth\u00e8ques de recherche du Canada\",\"url\":\"https:\\\/\\\/www.carl-abrc.ca\\\/fr\\\/\",\"logo\":{\"@type\":\"ImageObject\",\"inLanguage\":\"fr-FR\",\"@id\":\"https:\\\/\\\/www.carl-abrc.ca\\\/fr\\\/#\\\/schema\\\/logo\\\/image\\\/\",\"url\":\"https:\\\/\\\/www.carl-abrc.ca\\\/wp-content\\\/uploads\\\/2024\\\/07\\\/cropped-Stacked_Colour_L.png\",\"contentUrl\":\"https:\\\/\\\/www.carl-abrc.ca\\\/wp-content\\\/uploads\\\/2024\\\/07\\\/cropped-Stacked_Colour_L.png\",\"width\":641,\"height\":250,\"caption\":\"Association des biblioth\u00e8ques de recherche du Canada\"},\"image\":{\"@id\":\"https:\\\/\\\/www.carl-abrc.ca\\\/fr\\\/#\\\/schema\\\/logo\\\/image\\\/\"},\"sameAs\":[\"https:\\\/\\\/x.com\\\/carlabrc\"]}]}<\/script>\n<!-- \/ Yoast SEO plugin. -->","yoast_head_json":{"title":"Mise en oeuvre des le\u00e7ons tir\u00e9es de @RiskNorth3 : prochaines \u00e9tapes pour la pr\u00e9servation num\u00e9rique - Association des biblioth\u00e8ques de recherche du Canada","robots":{"index":"index","follow":"follow","max-snippet":"max-snippet:-1","max-image-preview":"max-image-preview:large","max-video-preview":"max-video-preview:-1"},"canonical":"https:\/\/www.carl-abrc.ca\/fr\/evenement\/mise-en-oeuvre-des-lecons-tirees-de-risknorth3-prochaines-etapes-pour-la-preservation-numerique\/","og_locale":"fr_FR","og_type":"article","og_title":"Mise en oeuvre des le\u00e7ons tir\u00e9es de @RiskNorth3 : prochaines \u00e9tapes pour la pr\u00e9servation num\u00e9rique - Association des biblioth\u00e8ques de recherche du Canada","og_description":"Date : vendredi, 20 juin 2025 Heure : 13h00 \u2013 14h00 HE Enregistrement Joignez-vous \u00e0 nous pour une conversation informelle sur les mesures issues du sommet sur la pr\u00e9servation num\u00e9rique, [&hellip;]","og_url":"https:\/\/www.carl-abrc.ca\/fr\/evenement\/mise-en-oeuvre-des-lecons-tirees-de-risknorth3-prochaines-etapes-pour-la-preservation-numerique\/","og_site_name":"Association des biblioth\u00e8ques de recherche du Canada","article_modified_time":"2026-03-18T14:02:55+00:00","og_image":[{"width":1920,"height":1080,"url":"https:\/\/www.carl-abrc.ca\/wp-content\/uploads\/2024\/09\/NewsFeaturedImage-1.jpg","type":"image\/jpeg"}],"twitter_misc":{"Dur\u00e9e de lecture estim\u00e9e":"2 minutes"},"schema":{"@context":"https:\/\/schema.org","@graph":[{"@type":"WebPage","@id":"https:\/\/www.carl-abrc.ca\/fr\/evenement\/mise-en-oeuvre-des-lecons-tirees-de-risknorth3-prochaines-etapes-pour-la-preservation-numerique\/","url":"https:\/\/www.carl-abrc.ca\/fr\/evenement\/mise-en-oeuvre-des-lecons-tirees-de-risknorth3-prochaines-etapes-pour-la-preservation-numerique\/","name":"Mise en oeuvre des le\u00e7ons tir\u00e9es de @RiskNorth3 : prochaines \u00e9tapes pour la pr\u00e9servation num\u00e9rique - Association des biblioth\u00e8ques de recherche du Canada","isPartOf":{"@id":"https:\/\/www.carl-abrc.ca\/fr\/#website"},"primaryImageOfPage":{"@id":"https:\/\/www.carl-abrc.ca\/fr\/evenement\/mise-en-oeuvre-des-lecons-tirees-de-risknorth3-prochaines-etapes-pour-la-preservation-numerique\/#primaryimage"},"image":{"@id":"https:\/\/www.carl-abrc.ca\/fr\/evenement\/mise-en-oeuvre-des-lecons-tirees-de-risknorth3-prochaines-etapes-pour-la-preservation-numerique\/#primaryimage"},"thumbnailUrl":"https:\/\/www.carl-abrc.ca\/wp-content\/uploads\/2024\/09\/NewsFeaturedImage-1.jpg","datePublished":"2025-07-17T21:23:18+00:00","dateModified":"2026-03-18T14:02:55+00:00","breadcrumb":{"@id":"https:\/\/www.carl-abrc.ca\/fr\/evenement\/mise-en-oeuvre-des-lecons-tirees-de-risknorth3-prochaines-etapes-pour-la-preservation-numerique\/#breadcrumb"},"inLanguage":"fr-FR","potentialAction":[{"@type":"ReadAction","target":["https:\/\/www.carl-abrc.ca\/fr\/evenement\/mise-en-oeuvre-des-lecons-tirees-de-risknorth3-prochaines-etapes-pour-la-preservation-numerique\/"]}]},{"@type":"ImageObject","inLanguage":"fr-FR","@id":"https:\/\/www.carl-abrc.ca\/fr\/evenement\/mise-en-oeuvre-des-lecons-tirees-de-risknorth3-prochaines-etapes-pour-la-preservation-numerique\/#primaryimage","url":"https:\/\/www.carl-abrc.ca\/wp-content\/uploads\/2024\/09\/NewsFeaturedImage-1.jpg","contentUrl":"https:\/\/www.carl-abrc.ca\/wp-content\/uploads\/2024\/09\/NewsFeaturedImage-1.jpg","width":1920,"height":1080,"caption":"C.A.R.L. Logo"},{"@type":"BreadcrumbList","@id":"https:\/\/www.carl-abrc.ca\/fr\/evenement\/mise-en-oeuvre-des-lecons-tirees-de-risknorth3-prochaines-etapes-pour-la-preservation-numerique\/#breadcrumb","itemListElement":[{"@type":"ListItem","position":1,"name":"Accueil","item":"https:\/\/www.carl-abrc.ca\/fr\/home-3\/"},{"@type":"ListItem","position":2,"name":"\u00c9v\u00e9nements","item":"https:\/\/www.carl-abrc.ca\/fr\/evenements\/"},{"@type":"ListItem","position":3,"name":"Mise en oeuvre des le\u00e7ons tir\u00e9es de @RiskNorth3 : prochaines \u00e9tapes pour la pr\u00e9servation num\u00e9rique"}]},{"@type":"WebSite","@id":"https:\/\/www.carl-abrc.ca\/fr\/#website","url":"https:\/\/www.carl-abrc.ca\/fr\/","name":"Association des biblioth\u00e8ques de recherche du Canada","description":"ABRC","publisher":{"@id":"https:\/\/www.carl-abrc.ca\/fr\/#organization"},"potentialAction":[{"@type":"SearchAction","target":{"@type":"EntryPoint","urlTemplate":"https:\/\/www.carl-abrc.ca\/fr\/?s={search_term_string}"},"query-input":{"@type":"PropertyValueSpecification","valueRequired":true,"valueName":"search_term_string"}}],"inLanguage":"fr-FR"},{"@type":"Organization","@id":"https:\/\/www.carl-abrc.ca\/fr\/#organization","name":"Association des biblioth\u00e8ques de recherche du Canada","url":"https:\/\/www.carl-abrc.ca\/fr\/","logo":{"@type":"ImageObject","inLanguage":"fr-FR","@id":"https:\/\/www.carl-abrc.ca\/fr\/#\/schema\/logo\/image\/","url":"https:\/\/www.carl-abrc.ca\/wp-content\/uploads\/2024\/07\/cropped-Stacked_Colour_L.png","contentUrl":"https:\/\/www.carl-abrc.ca\/wp-content\/uploads\/2024\/07\/cropped-Stacked_Colour_L.png","width":641,"height":250,"caption":"Association des biblioth\u00e8ques de recherche du Canada"},"image":{"@id":"https:\/\/www.carl-abrc.ca\/fr\/#\/schema\/logo\/image\/"},"sameAs":["https:\/\/x.com\/carlabrc"]}]}},"_links":{"self":[{"href":"https:\/\/www.carl-abrc.ca\/fr\/wp-json\/wp\/v2\/tribe_events\/37184","targetHints":{"allow":["GET"]}}],"collection":[{"href":"https:\/\/www.carl-abrc.ca\/fr\/wp-json\/wp\/v2\/tribe_events"}],"about":[{"href":"https:\/\/www.carl-abrc.ca\/fr\/wp-json\/wp\/v2\/types\/tribe_events"}],"author":[{"embeddable":true,"href":"https:\/\/www.carl-abrc.ca\/fr\/wp-json\/wp\/v2\/users\/130"}],"version-history":[{"count":2,"href":"https:\/\/www.carl-abrc.ca\/fr\/wp-json\/wp\/v2\/tribe_events\/37184\/revisions"}],"predecessor-version":[{"id":40481,"href":"https:\/\/www.carl-abrc.ca\/fr\/wp-json\/wp\/v2\/tribe_events\/37184\/revisions\/40481"}],"wp:featuredmedia":[{"embeddable":true,"href":"https:\/\/www.carl-abrc.ca\/fr\/wp-json\/wp\/v2\/media\/36193"}],"wp:attachment":[{"href":"https:\/\/www.carl-abrc.ca\/fr\/wp-json\/wp\/v2\/media?parent=37184"}],"wp:term":[{"taxonomy":"post_tag","embeddable":true,"href":"https:\/\/www.carl-abrc.ca\/fr\/wp-json\/wp\/v2\/tags?post=37184"},{"taxonomy":"tribe_events_cat","embeddable":true,"href":"https:\/\/www.carl-abrc.ca\/fr\/wp-json\/wp\/v2\/tribe_events_cat?post=37184"}],"curies":[{"name":"wp","href":"https:\/\/api.w.org\/{rel}","templated":true}]}}