{"id":37363,"date":"2025-08-07T19:57:10","date_gmt":"2025-08-07T23:57:10","guid":{"rendered":"https:\/\/www.carl-abrc.ca\/?post_type=tribe_events&#038;p=37363"},"modified":"2025-08-07T19:57:10","modified_gmt":"2025-08-07T23:57:10","slug":"appel-du-mois-de-decembre-a-la-communaute-de-pratique-pour-la-bibliometrie-et-limpact-de-la-recherche-de-labrc-presentations-eclairs-partie-2","status":"publish","type":"tribe_events","link":"https:\/\/www.carl-abrc.ca\/fr\/evenement\/appel-du-mois-de-decembre-a-la-communaute-de-pratique-pour-la-bibliometrie-et-limpact-de-la-recherche-de-labrc-presentations-eclairs-partie-2\/","title":{"rendered":"Appel du mois de d\u00e9cembre \u00e0 la Communaut\u00e9 de pratique pour la bibliom\u00e9trie et l\u2019impact de la recherche de l\u2019ABRC \u2013 Pr\u00e9sentations \u00e9clairs, partie 2"},"content":{"rendered":"<p><span style=\"font-weight: 400;\">Date:<\/span><b> jeudi 5 d\u00e9cembre 2024<\/b><br \/>\n<span style=\"font-weight: 400;\">Heure: <\/span><b>13h \u00e0 14h30 HE<\/b><\/p>\n<p><span style=\"text-decoration: underline;\"><a href=\"https:\/\/us02web.zoom.us\/meeting\/register\/tZEsc-2hrzkuGd1Tq0q7NTL3EhqkdDgzCDde\"><span style=\"font-weight: 400;\">Inscription<\/span><\/a><\/span><\/p>\n<p><span style=\"font-weight: 400;\">Nous invitons tous ceux qui s&rsquo;int\u00e9ressent \u00e0 la bibliom\u00e9trie et aux indicateurs d&rsquo;impact de la recherche au Canada \u00e0 se joindre \u00e0 l&rsquo;appel de ce mois de la Communaut\u00e9 de pratique sur la bibliom\u00e9trie et l&rsquo;impact de la recherche de l&rsquo;ABRC.\u00a0<\/span><\/p>\n<p><span style=\"font-weight: 400;\">Ce mois-ci, plusieurs de nos coll\u00e8gues se joignent \u00e0 nous pour une s\u00e9rie de pr\u00e9sentations \u00e9clair ! Cet \u00e9v\u00e9nement dynamique sera l&rsquo;occasion d&rsquo;entendre et de discuter avec vos coll\u00e8gues sur un large \u00e9ventail de sujets li\u00e9s \u00e0 la bibliom\u00e9trie et \u00e0 l&rsquo;impact de la recherche.<\/span><\/p>\n<p><b>Debbie Chaves &#8211; Comment les petites universit\u00e9s peuvent-elles pr\u00e9senter des indicateurs de recherche significatifs ?<\/b><\/p>\n<p><b>Biographie : <\/b><span style=\"font-weight: 400;\">Debbie Chaves est actuellement responsable des droits d&rsquo;auteur et des ressources p\u00e9dagogiques \u00e0 la biblioth\u00e8que de l&rsquo;universit\u00e9 Wilfrid Laurier, o\u00f9 elle a \u00e9t\u00e9 biblioth\u00e9caire des sciences pendant 17 ans. Elle est titulaire d&rsquo;un baccalaur\u00e9at en physique m\u00e9dicale, d&rsquo;une ma\u00eetrise et d&rsquo;un doctorat en biophysique et d&rsquo;un MLIS de Western University.<\/span><\/p>\n<p><b>R\u00e9sum\u00e9 :<\/b><span style=\"font-weight: 400;\"> Les indicateurs de recherche peuvent mesurer une vari\u00e9t\u00e9 de r\u00e9sultats mais d\u00e9pendent fortement des donn\u00e9es figurant dans des bases de donn\u00e9es sp\u00e9cifiques. Les petites universit\u00e9s de recherche doivent fournir des indicateurs institutionnels, mais ne disposent pas toujours des abonnements n\u00e9cessaires aux bases de donn\u00e9es ou de la main-d&rsquo;\u0153uvre n\u00e9cessaire pour trouver et visualiser les donn\u00e9es appropri\u00e9es. Afin de fournir des mesures de recherche sp\u00e9cifiques au Bureau de la recherche, la biblioth\u00e8que a \u00e9t\u00e9 charg\u00e9e d&rsquo;examiner les mesures institutionnelles provenant de trois bases de donn\u00e9es diff\u00e9rentes, lens.org, Web of Science et Open Alex, afin d&rsquo;\u00e9valuer si le tableau de bord de lens.org serait un outil de rapport suffisant. Cette pr\u00e9sentation passera en revue les r\u00e9sultats de la recherche dans chaque base de donn\u00e9es pour l&rsquo;institution et se limitera \u00e0 l&rsquo;ann\u00e9e fiscale 2023-2024.<\/span><\/p>\n<p><b>Marisa Ruccolo &#8211; Pr\u00e9sentation du Research Horizon Navigator dans InCites B&amp;A<\/b><\/p>\n<p><b>Biographie : <\/b><span style=\"font-weight: 400;\">Marisa est titulaire d&rsquo;un MLIS de l&rsquo;Universit\u00e9 McGill en tant que deuxi\u00e8me carri\u00e8re et est directrice de la r\u00e9ussite des clients pour les Am\u00e9riques. Elle a \u00e9t\u00e9 embauch\u00e9e par Clarivate pour soutenir le Canada dans les deux langues officielles. Elle travaille dans le secteur vertical de la recherche et de l&rsquo;analyse de l&rsquo;entreprise.<\/span><\/p>\n<p><b>R\u00e9sum\u00e9 :<\/b><span style=\"font-weight: 400;\"> Research Horizon Navigator est un nouveau module de InCites Benchmarking &amp; Analytics con\u00e7u pour permettre aux universitaires, aux agences de financement, aux organismes de recherche gouvernementaux et aux strat\u00e8ges de la recherche de d\u00e9couvrir de nouveaux sujets \u00e9mergeant de la litt\u00e9rature publi\u00e9e qui indiquent o\u00f9 les futures d\u00e9couvertes sont susceptibles de survenir. Participez \u00e0 cette session pour apprendre comment vous pouvez utiliser Horizon Navigator pour : Identifier les domaines de recherche \u00e9mergents, innover dans les domaines \u00e0 forte v\u00e9locit\u00e9 et investir dans de nouveaux domaines interdisciplinaires.<\/span><\/p>\n<p><b>Roger Reka &amp; Miyang Roh &#8211; D\u00e9monstration : L&rsquo;outil de recherche de revues en libre acc\u00e8s de l&rsquo;UWindsor<\/b><\/p>\n<p><b>Biographies :<\/b><span style=\"font-weight: 400;\"> Roger Reka (il\/lui) est biblioth\u00e9caire charg\u00e9 des collections \u00e0 la biblioth\u00e8que Leddy de l&rsquo;universit\u00e9 de Windsor.<\/span><\/p>\n<p><span style=\"font-weight: 400;\">Miyang Roh (elle), appel\u00e9e Settia, est originaire de la Cor\u00e9e du Sud et vit au Canada depuis trois ans. Elle a obtenu un baccalaur\u00e9at en politique et en \u00e9conomie et une ma\u00eetrise en urbanisme. Avec ses \u00e9tudes en biblioth\u00e9conomie, elle est d\u00e9termin\u00e9e \u00e0 faire carri\u00e8re dans le milieu universitaire. Sur une note plus l\u00e9g\u00e8re, elle adore les chats et en a deux elle-m\u00eame.<\/span><\/p>\n<p><b>R\u00e9sum\u00e9 <\/b><span style=\"font-weight: 400;\">: Naviguer dans le paysage de l&rsquo;\u00e9dition en libre acc\u00e8s (OA) peut s&rsquo;av\u00e9rer complexe pour les chercheurs. Pour simplifier ce processus, nous avons d\u00e9velopp\u00e9 un outil Power BI qui rationalise la recherche de revues OA appropri\u00e9es. Cet outil permet aux chercheurs de d\u00e9couvrir \u00e0 la fois des revues OA diamant et des revues sur abonnement avec des droits de publication en libre acc\u00e8s sous licence de notre institution. Le tableau de bord interactif pr\u00e9sente des donn\u00e9es sur les co\u00fbts de publication, les conditions de licence et les mesures au niveau des revues, permettant aux utilisateurs de prendre des d\u00e9cisions inform\u00e9es sur les lieux de publication.<\/span><\/p>\n<p><i><span style=\"font-weight: 400;\">Cette session ne sera pas enregistr\u00e9e.<\/span><\/i><\/p>\n","protected":false},"excerpt":{"rendered":"<p>Date: jeudi 5 d\u00e9cembre 2024 Heure: 13h \u00e0 14h30 HE Inscription Nous invitons tous ceux qui s&rsquo;int\u00e9ressent \u00e0 la bibliom\u00e9trie et aux indicateurs d&rsquo;impact de la recherche au Canada \u00e0 [&hellip;]<\/p>\n","protected":false},"author":130,"featured_media":36193,"template":"","meta":{"_acf_changed":false,"_EventAllDay":false,"_EventTimezone":"America\/Toronto","_EventStartDate":"2024-12-05 13:00:00","_EventEndDate":"2024-12-05 14:30:00","_EventStartDateUTC":"2024-12-05 18:00:00","_EventEndDateUTC":"2024-12-05 19:30:00","_EventShowMap":false,"_EventShowMapLink":true,"_EventURL":"","_EventCost":"","_EventCostDescription":"","_EventCurrencySymbol":"$","_EventCurrencyCode":"CAD","_EventCurrencyPosition":"prefix","_EventDateTimeSeparator":"","_EventTimeRangeSeparator":"","_EventOrganizerID":[37088],"_EventVenueID":[37071],"_OrganizerEmail":"","_OrganizerPhone":"","_OrganizerWebsite":"","_VenueAddress":"","_VenueCity":"","_VenueCountry":"","_VenueProvince":"","_VenueState":"","_VenueZip":"","_VenuePhone":"","_VenueURL":"","_VenueStateProvince":"","_VenueLat":"","_VenueLng":"","_VenueShowMap":false,"_VenueShowMapLink":false,"_tribe_events_status":"","_tribe_events_status_reason":"","footnotes":""},"tags":[],"tribe_events_cat":[114],"class_list":["post-37363","tribe_events","type-tribe_events","status-publish","has-post-thumbnail","hentry","tribe_events_cat-bibliometrie","cat_bibliometrie"],"acf":[],"yoast_head":"<!-- This site is optimized with the Yoast SEO plugin v27.4 - https:\/\/yoast.com\/product\/yoast-seo-wordpress\/ -->\n<title>Appel du mois de d\u00e9cembre \u00e0 la Communaut\u00e9 de pratique pour la bibliom\u00e9trie et l\u2019impact de la recherche de l\u2019ABRC \u2013 Pr\u00e9sentations \u00e9clairs, partie 2 - Association des biblioth\u00e8ques de recherche du Canada<\/title>\n<meta name=\"robots\" content=\"index, follow, max-snippet:-1, max-image-preview:large, max-video-preview:-1\" \/>\n<link rel=\"canonical\" href=\"https:\/\/www.carl-abrc.ca\/fr\/evenement\/appel-du-mois-de-decembre-a-la-communaute-de-pratique-pour-la-bibliometrie-et-limpact-de-la-recherche-de-labrc-presentations-eclairs-partie-2\/\" \/>\n<meta property=\"og:locale\" content=\"fr_FR\" \/>\n<meta property=\"og:type\" content=\"article\" \/>\n<meta property=\"og:title\" content=\"Appel du mois de d\u00e9cembre \u00e0 la Communaut\u00e9 de pratique pour la bibliom\u00e9trie et l\u2019impact de la recherche de l\u2019ABRC \u2013 Pr\u00e9sentations \u00e9clairs, partie 2 - Association des biblioth\u00e8ques de recherche du Canada\" \/>\n<meta property=\"og:description\" content=\"Date: jeudi 5 d\u00e9cembre 2024 Heure: 13h \u00e0 14h30 HE Inscription Nous invitons tous ceux qui s&rsquo;int\u00e9ressent \u00e0 la bibliom\u00e9trie et aux indicateurs d&rsquo;impact de la recherche au Canada \u00e0 [&hellip;]\" \/>\n<meta property=\"og:url\" content=\"https:\/\/www.carl-abrc.ca\/fr\/evenement\/appel-du-mois-de-decembre-a-la-communaute-de-pratique-pour-la-bibliometrie-et-limpact-de-la-recherche-de-labrc-presentations-eclairs-partie-2\/\" \/>\n<meta property=\"og:site_name\" content=\"Association des biblioth\u00e8ques de recherche du Canada\" \/>\n<meta property=\"og:image\" content=\"https:\/\/www.carl-abrc.ca\/wp-content\/uploads\/2024\/09\/NewsFeaturedImage-1.jpg\" \/>\n\t<meta property=\"og:image:width\" content=\"1920\" \/>\n\t<meta property=\"og:image:height\" content=\"1080\" \/>\n\t<meta property=\"og:image:type\" content=\"image\/jpeg\" \/>\n<meta name=\"twitter:label1\" content=\"Dur\u00e9e de lecture estim\u00e9e\" \/>\n\t<meta name=\"twitter:data1\" content=\"3 minutes\" \/>\n<script type=\"application\/ld+json\" class=\"yoast-schema-graph\">{\"@context\":\"https:\\\/\\\/schema.org\",\"@graph\":[{\"@type\":\"WebPage\",\"@id\":\"https:\\\/\\\/www.carl-abrc.ca\\\/fr\\\/evenement\\\/appel-du-mois-de-decembre-a-la-communaute-de-pratique-pour-la-bibliometrie-et-limpact-de-la-recherche-de-labrc-presentations-eclairs-partie-2\\\/\",\"url\":\"https:\\\/\\\/www.carl-abrc.ca\\\/fr\\\/evenement\\\/appel-du-mois-de-decembre-a-la-communaute-de-pratique-pour-la-bibliometrie-et-limpact-de-la-recherche-de-labrc-presentations-eclairs-partie-2\\\/\",\"name\":\"Appel du mois de d\u00e9cembre \u00e0 la Communaut\u00e9 de pratique pour la bibliom\u00e9trie et l\u2019impact de la recherche de l\u2019ABRC \u2013 Pr\u00e9sentations \u00e9clairs, partie 2 - Association des biblioth\u00e8ques de recherche du Canada\",\"isPartOf\":{\"@id\":\"https:\\\/\\\/www.carl-abrc.ca\\\/fr\\\/#website\"},\"primaryImageOfPage\":{\"@id\":\"https:\\\/\\\/www.carl-abrc.ca\\\/fr\\\/evenement\\\/appel-du-mois-de-decembre-a-la-communaute-de-pratique-pour-la-bibliometrie-et-limpact-de-la-recherche-de-labrc-presentations-eclairs-partie-2\\\/#primaryimage\"},\"image\":{\"@id\":\"https:\\\/\\\/www.carl-abrc.ca\\\/fr\\\/evenement\\\/appel-du-mois-de-decembre-a-la-communaute-de-pratique-pour-la-bibliometrie-et-limpact-de-la-recherche-de-labrc-presentations-eclairs-partie-2\\\/#primaryimage\"},\"thumbnailUrl\":\"https:\\\/\\\/www.carl-abrc.ca\\\/wp-content\\\/uploads\\\/2024\\\/09\\\/NewsFeaturedImage-1.jpg\",\"datePublished\":\"2025-08-07T23:57:10+00:00\",\"breadcrumb\":{\"@id\":\"https:\\\/\\\/www.carl-abrc.ca\\\/fr\\\/evenement\\\/appel-du-mois-de-decembre-a-la-communaute-de-pratique-pour-la-bibliometrie-et-limpact-de-la-recherche-de-labrc-presentations-eclairs-partie-2\\\/#breadcrumb\"},\"inLanguage\":\"fr-FR\",\"potentialAction\":[{\"@type\":\"ReadAction\",\"target\":[\"https:\\\/\\\/www.carl-abrc.ca\\\/fr\\\/evenement\\\/appel-du-mois-de-decembre-a-la-communaute-de-pratique-pour-la-bibliometrie-et-limpact-de-la-recherche-de-labrc-presentations-eclairs-partie-2\\\/\"]}]},{\"@type\":\"ImageObject\",\"inLanguage\":\"fr-FR\",\"@id\":\"https:\\\/\\\/www.carl-abrc.ca\\\/fr\\\/evenement\\\/appel-du-mois-de-decembre-a-la-communaute-de-pratique-pour-la-bibliometrie-et-limpact-de-la-recherche-de-labrc-presentations-eclairs-partie-2\\\/#primaryimage\",\"url\":\"https:\\\/\\\/www.carl-abrc.ca\\\/wp-content\\\/uploads\\\/2024\\\/09\\\/NewsFeaturedImage-1.jpg\",\"contentUrl\":\"https:\\\/\\\/www.carl-abrc.ca\\\/wp-content\\\/uploads\\\/2024\\\/09\\\/NewsFeaturedImage-1.jpg\",\"width\":1920,\"height\":1080,\"caption\":\"C.A.R.L. Logo\"},{\"@type\":\"BreadcrumbList\",\"@id\":\"https:\\\/\\\/www.carl-abrc.ca\\\/fr\\\/evenement\\\/appel-du-mois-de-decembre-a-la-communaute-de-pratique-pour-la-bibliometrie-et-limpact-de-la-recherche-de-labrc-presentations-eclairs-partie-2\\\/#breadcrumb\",\"itemListElement\":[{\"@type\":\"ListItem\",\"position\":1,\"name\":\"Accueil\",\"item\":\"https:\\\/\\\/www.carl-abrc.ca\\\/fr\\\/home-3\\\/\"},{\"@type\":\"ListItem\",\"position\":2,\"name\":\"\u00c9v\u00e9nements\",\"item\":\"https:\\\/\\\/www.carl-abrc.ca\\\/fr\\\/evenements\\\/\"},{\"@type\":\"ListItem\",\"position\":3,\"name\":\"Appel du mois de d\u00e9cembre \u00e0 la Communaut\u00e9 de pratique pour la bibliom\u00e9trie et l\u2019impact de la recherche de l\u2019ABRC \u2013 Pr\u00e9sentations \u00e9clairs, partie 2\"}]},{\"@type\":\"WebSite\",\"@id\":\"https:\\\/\\\/www.carl-abrc.ca\\\/fr\\\/#website\",\"url\":\"https:\\\/\\\/www.carl-abrc.ca\\\/fr\\\/\",\"name\":\"Association des biblioth\u00e8ques de recherche du Canada\",\"description\":\"ABRC\",\"publisher\":{\"@id\":\"https:\\\/\\\/www.carl-abrc.ca\\\/fr\\\/#organization\"},\"potentialAction\":[{\"@type\":\"SearchAction\",\"target\":{\"@type\":\"EntryPoint\",\"urlTemplate\":\"https:\\\/\\\/www.carl-abrc.ca\\\/fr\\\/?s={search_term_string}\"},\"query-input\":{\"@type\":\"PropertyValueSpecification\",\"valueRequired\":true,\"valueName\":\"search_term_string\"}}],\"inLanguage\":\"fr-FR\"},{\"@type\":\"Organization\",\"@id\":\"https:\\\/\\\/www.carl-abrc.ca\\\/fr\\\/#organization\",\"name\":\"Association des biblioth\u00e8ques de recherche du Canada\",\"url\":\"https:\\\/\\\/www.carl-abrc.ca\\\/fr\\\/\",\"logo\":{\"@type\":\"ImageObject\",\"inLanguage\":\"fr-FR\",\"@id\":\"https:\\\/\\\/www.carl-abrc.ca\\\/fr\\\/#\\\/schema\\\/logo\\\/image\\\/\",\"url\":\"https:\\\/\\\/www.carl-abrc.ca\\\/wp-content\\\/uploads\\\/2024\\\/07\\\/cropped-Stacked_Colour_L.png\",\"contentUrl\":\"https:\\\/\\\/www.carl-abrc.ca\\\/wp-content\\\/uploads\\\/2024\\\/07\\\/cropped-Stacked_Colour_L.png\",\"width\":641,\"height\":250,\"caption\":\"Association des biblioth\u00e8ques de recherche du Canada\"},\"image\":{\"@id\":\"https:\\\/\\\/www.carl-abrc.ca\\\/fr\\\/#\\\/schema\\\/logo\\\/image\\\/\"},\"sameAs\":[\"https:\\\/\\\/x.com\\\/carlabrc\"]}]}<\/script>\n<!-- \/ Yoast SEO plugin. -->","yoast_head_json":{"title":"Appel du mois de d\u00e9cembre \u00e0 la Communaut\u00e9 de pratique pour la bibliom\u00e9trie et l\u2019impact de la recherche de l\u2019ABRC \u2013 Pr\u00e9sentations \u00e9clairs, partie 2 - Association des biblioth\u00e8ques de recherche du Canada","robots":{"index":"index","follow":"follow","max-snippet":"max-snippet:-1","max-image-preview":"max-image-preview:large","max-video-preview":"max-video-preview:-1"},"canonical":"https:\/\/www.carl-abrc.ca\/fr\/evenement\/appel-du-mois-de-decembre-a-la-communaute-de-pratique-pour-la-bibliometrie-et-limpact-de-la-recherche-de-labrc-presentations-eclairs-partie-2\/","og_locale":"fr_FR","og_type":"article","og_title":"Appel du mois de d\u00e9cembre \u00e0 la Communaut\u00e9 de pratique pour la bibliom\u00e9trie et l\u2019impact de la recherche de l\u2019ABRC \u2013 Pr\u00e9sentations \u00e9clairs, partie 2 - Association des biblioth\u00e8ques de recherche du Canada","og_description":"Date: jeudi 5 d\u00e9cembre 2024 Heure: 13h \u00e0 14h30 HE Inscription Nous invitons tous ceux qui s&rsquo;int\u00e9ressent \u00e0 la bibliom\u00e9trie et aux indicateurs d&rsquo;impact de la recherche au Canada \u00e0 [&hellip;]","og_url":"https:\/\/www.carl-abrc.ca\/fr\/evenement\/appel-du-mois-de-decembre-a-la-communaute-de-pratique-pour-la-bibliometrie-et-limpact-de-la-recherche-de-labrc-presentations-eclairs-partie-2\/","og_site_name":"Association des biblioth\u00e8ques de recherche du Canada","og_image":[{"width":1920,"height":1080,"url":"https:\/\/www.carl-abrc.ca\/wp-content\/uploads\/2024\/09\/NewsFeaturedImage-1.jpg","type":"image\/jpeg"}],"twitter_misc":{"Dur\u00e9e de lecture estim\u00e9e":"3 minutes"},"schema":{"@context":"https:\/\/schema.org","@graph":[{"@type":"WebPage","@id":"https:\/\/www.carl-abrc.ca\/fr\/evenement\/appel-du-mois-de-decembre-a-la-communaute-de-pratique-pour-la-bibliometrie-et-limpact-de-la-recherche-de-labrc-presentations-eclairs-partie-2\/","url":"https:\/\/www.carl-abrc.ca\/fr\/evenement\/appel-du-mois-de-decembre-a-la-communaute-de-pratique-pour-la-bibliometrie-et-limpact-de-la-recherche-de-labrc-presentations-eclairs-partie-2\/","name":"Appel du mois de d\u00e9cembre \u00e0 la Communaut\u00e9 de pratique pour la bibliom\u00e9trie et l\u2019impact de la recherche de l\u2019ABRC \u2013 Pr\u00e9sentations \u00e9clairs, partie 2 - Association des biblioth\u00e8ques de recherche du Canada","isPartOf":{"@id":"https:\/\/www.carl-abrc.ca\/fr\/#website"},"primaryImageOfPage":{"@id":"https:\/\/www.carl-abrc.ca\/fr\/evenement\/appel-du-mois-de-decembre-a-la-communaute-de-pratique-pour-la-bibliometrie-et-limpact-de-la-recherche-de-labrc-presentations-eclairs-partie-2\/#primaryimage"},"image":{"@id":"https:\/\/www.carl-abrc.ca\/fr\/evenement\/appel-du-mois-de-decembre-a-la-communaute-de-pratique-pour-la-bibliometrie-et-limpact-de-la-recherche-de-labrc-presentations-eclairs-partie-2\/#primaryimage"},"thumbnailUrl":"https:\/\/www.carl-abrc.ca\/wp-content\/uploads\/2024\/09\/NewsFeaturedImage-1.jpg","datePublished":"2025-08-07T23:57:10+00:00","breadcrumb":{"@id":"https:\/\/www.carl-abrc.ca\/fr\/evenement\/appel-du-mois-de-decembre-a-la-communaute-de-pratique-pour-la-bibliometrie-et-limpact-de-la-recherche-de-labrc-presentations-eclairs-partie-2\/#breadcrumb"},"inLanguage":"fr-FR","potentialAction":[{"@type":"ReadAction","target":["https:\/\/www.carl-abrc.ca\/fr\/evenement\/appel-du-mois-de-decembre-a-la-communaute-de-pratique-pour-la-bibliometrie-et-limpact-de-la-recherche-de-labrc-presentations-eclairs-partie-2\/"]}]},{"@type":"ImageObject","inLanguage":"fr-FR","@id":"https:\/\/www.carl-abrc.ca\/fr\/evenement\/appel-du-mois-de-decembre-a-la-communaute-de-pratique-pour-la-bibliometrie-et-limpact-de-la-recherche-de-labrc-presentations-eclairs-partie-2\/#primaryimage","url":"https:\/\/www.carl-abrc.ca\/wp-content\/uploads\/2024\/09\/NewsFeaturedImage-1.jpg","contentUrl":"https:\/\/www.carl-abrc.ca\/wp-content\/uploads\/2024\/09\/NewsFeaturedImage-1.jpg","width":1920,"height":1080,"caption":"C.A.R.L. Logo"},{"@type":"BreadcrumbList","@id":"https:\/\/www.carl-abrc.ca\/fr\/evenement\/appel-du-mois-de-decembre-a-la-communaute-de-pratique-pour-la-bibliometrie-et-limpact-de-la-recherche-de-labrc-presentations-eclairs-partie-2\/#breadcrumb","itemListElement":[{"@type":"ListItem","position":1,"name":"Accueil","item":"https:\/\/www.carl-abrc.ca\/fr\/home-3\/"},{"@type":"ListItem","position":2,"name":"\u00c9v\u00e9nements","item":"https:\/\/www.carl-abrc.ca\/fr\/evenements\/"},{"@type":"ListItem","position":3,"name":"Appel du mois de d\u00e9cembre \u00e0 la Communaut\u00e9 de pratique pour la bibliom\u00e9trie et l\u2019impact de la recherche de l\u2019ABRC \u2013 Pr\u00e9sentations \u00e9clairs, partie 2"}]},{"@type":"WebSite","@id":"https:\/\/www.carl-abrc.ca\/fr\/#website","url":"https:\/\/www.carl-abrc.ca\/fr\/","name":"Association des biblioth\u00e8ques de recherche du Canada","description":"ABRC","publisher":{"@id":"https:\/\/www.carl-abrc.ca\/fr\/#organization"},"potentialAction":[{"@type":"SearchAction","target":{"@type":"EntryPoint","urlTemplate":"https:\/\/www.carl-abrc.ca\/fr\/?s={search_term_string}"},"query-input":{"@type":"PropertyValueSpecification","valueRequired":true,"valueName":"search_term_string"}}],"inLanguage":"fr-FR"},{"@type":"Organization","@id":"https:\/\/www.carl-abrc.ca\/fr\/#organization","name":"Association des biblioth\u00e8ques de recherche du Canada","url":"https:\/\/www.carl-abrc.ca\/fr\/","logo":{"@type":"ImageObject","inLanguage":"fr-FR","@id":"https:\/\/www.carl-abrc.ca\/fr\/#\/schema\/logo\/image\/","url":"https:\/\/www.carl-abrc.ca\/wp-content\/uploads\/2024\/07\/cropped-Stacked_Colour_L.png","contentUrl":"https:\/\/www.carl-abrc.ca\/wp-content\/uploads\/2024\/07\/cropped-Stacked_Colour_L.png","width":641,"height":250,"caption":"Association des biblioth\u00e8ques de recherche du Canada"},"image":{"@id":"https:\/\/www.carl-abrc.ca\/fr\/#\/schema\/logo\/image\/"},"sameAs":["https:\/\/x.com\/carlabrc"]}]}},"_links":{"self":[{"href":"https:\/\/www.carl-abrc.ca\/fr\/wp-json\/wp\/v2\/tribe_events\/37363","targetHints":{"allow":["GET"]}}],"collection":[{"href":"https:\/\/www.carl-abrc.ca\/fr\/wp-json\/wp\/v2\/tribe_events"}],"about":[{"href":"https:\/\/www.carl-abrc.ca\/fr\/wp-json\/wp\/v2\/types\/tribe_events"}],"author":[{"embeddable":true,"href":"https:\/\/www.carl-abrc.ca\/fr\/wp-json\/wp\/v2\/users\/130"}],"version-history":[{"count":0,"href":"https:\/\/www.carl-abrc.ca\/fr\/wp-json\/wp\/v2\/tribe_events\/37363\/revisions"}],"wp:featuredmedia":[{"embeddable":true,"href":"https:\/\/www.carl-abrc.ca\/fr\/wp-json\/wp\/v2\/media\/36193"}],"wp:attachment":[{"href":"https:\/\/www.carl-abrc.ca\/fr\/wp-json\/wp\/v2\/media?parent=37363"}],"wp:term":[{"taxonomy":"post_tag","embeddable":true,"href":"https:\/\/www.carl-abrc.ca\/fr\/wp-json\/wp\/v2\/tags?post=37363"},{"taxonomy":"tribe_events_cat","embeddable":true,"href":"https:\/\/www.carl-abrc.ca\/fr\/wp-json\/wp\/v2\/tribe_events_cat?post=37363"}],"curies":[{"name":"wp","href":"https:\/\/api.w.org\/{rel}","templated":true}]}}