{"id":37573,"date":"2025-09-10T16:55:04","date_gmt":"2025-09-10T20:55:04","guid":{"rendered":"https:\/\/www.carl-abrc.ca\/?post_type=tribe_events&#038;p=37573"},"modified":"2025-09-10T16:55:04","modified_gmt":"2025-09-10T20:55:04","slug":"soyez-des-notres-pour-lappel-pause-cafe-du-mois-de-mai-de-la-communaute-des-ressources-educatives-libres-du-canada","status":"publish","type":"tribe_events","link":"https:\/\/www.carl-abrc.ca\/fr\/evenement\/soyez-des-notres-pour-lappel-pause-cafe-du-mois-de-mai-de-la-communaute-des-ressources-educatives-libres-du-canada\/","title":{"rendered":"Soyez des n\u00f4tres pour l\u2019appel \u00ab pause-caf\u00e9 \u00bb du mois de mai de la communaut\u00e9 des ressources \u00e9ducatives libres du Canada"},"content":{"rendered":"<p><span style=\"font-weight: 400;\">Date : <\/span><b>mercredi 22 mai 2024<\/b><\/p>\n<p><span style=\"font-weight: 400;\">Heure : <\/span><b>15h \u00e0 16h HE<\/b><\/p>\n<p><a href=\"https:\/\/us02web.zoom.us\/meeting\/register\/tZModO2spjspGNMZtcZ1g0I8k4NXq68EHv5T\" target=\"_blank\" rel=\"noopener\"><span style=\"font-weight: 400;\">Inscription<\/span><\/a><span style=\"font-weight: 400;\"> (vous \u00eates tous les bienvenus) :\u00a0<\/span><\/p>\n<p><span style=\"font-weight: 400;\">Le <\/span><a href=\"https:\/\/www.carl-abrc.ca\/fr\/faire-avancer-lenseignement-et-lapprentissage\/education-ouverte\/gteo\/\"><span style=\"font-weight: 400;\">Groupe de travail sur l&rsquo;\u00e9ducation ouverte de l&rsquo;ABRC<\/span><\/a><span style=\"font-weight: 400;\"> (GT\u00c9O) vous invite \u00e0 assister au prochain appel dans cette s\u00e9rie de rencontres informelles pour les personnes impliqu\u00e9es dans l&rsquo;\u00e9ducation ouverte (\u00c9O) au Canada (membres du corps professoral, charg\u00e9s de cours, biblioth\u00e9caires, \u00e9tudiants, concepteurs p\u00e9dagogiques et autres).<\/span><\/p>\n<p><span style=\"font-weight: 400;\">Ce mois-ci, nous r\u00e9unissons la communaut\u00e9 canadienne de l&rsquo;\u00e9ducation ouverte pour <\/span><b>Durabilit\u00e9 des REL &#8211; Partie 1 : D\u00e9p\u00f4t des REL<\/b><span style=\"font-weight: 400;\">. Cette session pr\u00e9sentera une vue d&rsquo;ensemble des m\u00e9thodes de d\u00e9p\u00f4t des REL qui facilitent la d\u00e9couverte et envisagent la pr\u00e9servation.\u00a0<\/span><\/p>\n<p><span style=\"font-weight: 400;\">Les appels de cette s\u00e9rie ont lieu le troisi\u00e8me mercredi de la plupart des mois. Les mod\u00e9rateurs.trices bilingues seront sur place pour aider les participants \u00e0 contribuer dans la langue officielle de leur choix.<\/span><\/p>\n<p><span style=\"font-weight: 400;\">Peu importe si vous \u00eates un participant r\u00e9gulier de l\u2019OECCCC ou un nouveau membre du groupe, veuillez vous joindre \u00e0 nous, installez-vous avec la boisson de votre choix et pr\u00e9parez-vous \u00e0 partager et \u00e0 r\u00e9seauter d\u2019un oc\u00e9an \u00e0 l\u2019autre.<\/span><\/p>\n<p><span style=\"font-weight: 400;\">Si vous ne pouvez pas assister \u00e0 cette s\u00e9ance, mais que vous aimeriez en savoir plus sur les futurs appels dans la s\u00e9rie OECCCC (et en apprendre plus sur les REL et les nouvelles en \u00c9O au Canada), veuillez envoyer votre nom, votre adresse courriel institutionnelle, votre poste et votre \u00e9tablissement ou organisation postsecondaire \u00e0 <\/span><span style=\"font-weight: 400;\">open@bccampus.ca<\/span><span style=\"font-weight: 400;\">, et demandez \u00e0 \u00eatre ajout\u00e9 \u00e0 la liste de diffusion CanadaOER.<\/span><\/p>\n","protected":false},"excerpt":{"rendered":"<p>Date : mercredi 22 mai 2024 Heure : 15h \u00e0 16h HE Inscription (vous \u00eates tous les bienvenus) :\u00a0 Le Groupe de travail sur l&rsquo;\u00e9ducation ouverte de l&rsquo;ABRC (GT\u00c9O) vous [&hellip;]<\/p>\n","protected":false},"author":130,"featured_media":36193,"template":"","meta":{"_acf_changed":false,"_EventAllDay":false,"_EventTimezone":"America\/Toronto","_EventStartDate":"2024-05-22 15:00:00","_EventEndDate":"2024-05-22 16:00:00","_EventStartDateUTC":"2024-05-22 19:00:00","_EventEndDateUTC":"2024-05-22 20:00:00","_EventShowMap":false,"_EventShowMapLink":true,"_EventURL":"","_EventCost":"","_EventCostDescription":"","_EventCurrencySymbol":"$","_EventCurrencyCode":"CAD","_EventCurrencyPosition":"prefix","_EventDateTimeSeparator":"","_EventTimeRangeSeparator":"","_EventOrganizerID":[37075],"_EventVenueID":[37071],"_OrganizerEmail":"","_OrganizerPhone":"","_OrganizerWebsite":"","_VenueAddress":"","_VenueCity":"","_VenueCountry":"","_VenueProvince":"","_VenueState":"","_VenueZip":"","_VenuePhone":"","_VenueURL":"","_VenueStateProvince":"","_VenueLat":"","_VenueLng":"","_VenueShowMap":false,"_VenueShowMapLink":false,"_tribe_events_status":"","_tribe_events_status_reason":"","footnotes":""},"tags":[],"tribe_events_cat":[113],"class_list":["post-37573","tribe_events","type-tribe_events","status-publish","has-post-thumbnail","hentry","tribe_events_cat-education-ouverte","cat_education-ouverte"],"acf":[],"yoast_head":"<!-- This site is optimized with the Yoast SEO plugin v27.5 - https:\/\/yoast.com\/product\/yoast-seo-wordpress\/ -->\n<title>Soyez des n\u00f4tres pour l\u2019appel \u00ab pause-caf\u00e9 \u00bb du mois de mai de la communaut\u00e9 des ressources \u00e9ducatives libres du Canada - Association des biblioth\u00e8ques de recherche du Canada<\/title>\n<meta name=\"robots\" content=\"index, follow, max-snippet:-1, max-image-preview:large, max-video-preview:-1\" \/>\n<link rel=\"canonical\" href=\"https:\/\/www.carl-abrc.ca\/fr\/evenement\/soyez-des-notres-pour-lappel-pause-cafe-du-mois-de-mai-de-la-communaute-des-ressources-educatives-libres-du-canada\/\" \/>\n<meta property=\"og:locale\" content=\"fr_FR\" \/>\n<meta property=\"og:type\" content=\"article\" \/>\n<meta property=\"og:title\" content=\"Soyez des n\u00f4tres pour l\u2019appel \u00ab pause-caf\u00e9 \u00bb du mois de mai de la communaut\u00e9 des ressources \u00e9ducatives libres du Canada - Association des biblioth\u00e8ques de recherche du Canada\" \/>\n<meta property=\"og:description\" content=\"Date : mercredi 22 mai 2024 Heure : 15h \u00e0 16h HE Inscription (vous \u00eates tous les bienvenus) :\u00a0 Le Groupe de travail sur l&rsquo;\u00e9ducation ouverte de l&rsquo;ABRC (GT\u00c9O) vous [&hellip;]\" \/>\n<meta property=\"og:url\" content=\"https:\/\/www.carl-abrc.ca\/fr\/evenement\/soyez-des-notres-pour-lappel-pause-cafe-du-mois-de-mai-de-la-communaute-des-ressources-educatives-libres-du-canada\/\" \/>\n<meta property=\"og:site_name\" content=\"Association des biblioth\u00e8ques de recherche du Canada\" \/>\n<meta property=\"og:image\" content=\"https:\/\/www.carl-abrc.ca\/wp-content\/uploads\/2024\/09\/NewsFeaturedImage-1.jpg\" \/>\n\t<meta property=\"og:image:width\" content=\"1920\" \/>\n\t<meta property=\"og:image:height\" content=\"1080\" \/>\n\t<meta property=\"og:image:type\" content=\"image\/jpeg\" \/>\n<meta name=\"twitter:label1\" content=\"Dur\u00e9e de lecture estim\u00e9e\" \/>\n\t<meta name=\"twitter:data1\" content=\"2 minutes\" \/>\n<script type=\"application\/ld+json\" class=\"yoast-schema-graph\">{\"@context\":\"https:\\\/\\\/schema.org\",\"@graph\":[{\"@type\":\"WebPage\",\"@id\":\"https:\\\/\\\/www.carl-abrc.ca\\\/fr\\\/evenement\\\/soyez-des-notres-pour-lappel-pause-cafe-du-mois-de-mai-de-la-communaute-des-ressources-educatives-libres-du-canada\\\/\",\"url\":\"https:\\\/\\\/www.carl-abrc.ca\\\/fr\\\/evenement\\\/soyez-des-notres-pour-lappel-pause-cafe-du-mois-de-mai-de-la-communaute-des-ressources-educatives-libres-du-canada\\\/\",\"name\":\"Soyez des n\u00f4tres pour l\u2019appel \u00ab pause-caf\u00e9 \u00bb du mois de mai de la communaut\u00e9 des ressources \u00e9ducatives libres du Canada - Association des biblioth\u00e8ques de recherche du Canada\",\"isPartOf\":{\"@id\":\"https:\\\/\\\/www.carl-abrc.ca\\\/fr\\\/#website\"},\"primaryImageOfPage\":{\"@id\":\"https:\\\/\\\/www.carl-abrc.ca\\\/fr\\\/evenement\\\/soyez-des-notres-pour-lappel-pause-cafe-du-mois-de-mai-de-la-communaute-des-ressources-educatives-libres-du-canada\\\/#primaryimage\"},\"image\":{\"@id\":\"https:\\\/\\\/www.carl-abrc.ca\\\/fr\\\/evenement\\\/soyez-des-notres-pour-lappel-pause-cafe-du-mois-de-mai-de-la-communaute-des-ressources-educatives-libres-du-canada\\\/#primaryimage\"},\"thumbnailUrl\":\"https:\\\/\\\/www.carl-abrc.ca\\\/wp-content\\\/uploads\\\/2024\\\/09\\\/NewsFeaturedImage-1.jpg\",\"datePublished\":\"2025-09-10T20:55:04+00:00\",\"breadcrumb\":{\"@id\":\"https:\\\/\\\/www.carl-abrc.ca\\\/fr\\\/evenement\\\/soyez-des-notres-pour-lappel-pause-cafe-du-mois-de-mai-de-la-communaute-des-ressources-educatives-libres-du-canada\\\/#breadcrumb\"},\"inLanguage\":\"fr-FR\",\"potentialAction\":[{\"@type\":\"ReadAction\",\"target\":[\"https:\\\/\\\/www.carl-abrc.ca\\\/fr\\\/evenement\\\/soyez-des-notres-pour-lappel-pause-cafe-du-mois-de-mai-de-la-communaute-des-ressources-educatives-libres-du-canada\\\/\"]}]},{\"@type\":\"ImageObject\",\"inLanguage\":\"fr-FR\",\"@id\":\"https:\\\/\\\/www.carl-abrc.ca\\\/fr\\\/evenement\\\/soyez-des-notres-pour-lappel-pause-cafe-du-mois-de-mai-de-la-communaute-des-ressources-educatives-libres-du-canada\\\/#primaryimage\",\"url\":\"https:\\\/\\\/www.carl-abrc.ca\\\/wp-content\\\/uploads\\\/2024\\\/09\\\/NewsFeaturedImage-1.jpg\",\"contentUrl\":\"https:\\\/\\\/www.carl-abrc.ca\\\/wp-content\\\/uploads\\\/2024\\\/09\\\/NewsFeaturedImage-1.jpg\",\"width\":1920,\"height\":1080,\"caption\":\"C.A.R.L. Logo\"},{\"@type\":\"BreadcrumbList\",\"@id\":\"https:\\\/\\\/www.carl-abrc.ca\\\/fr\\\/evenement\\\/soyez-des-notres-pour-lappel-pause-cafe-du-mois-de-mai-de-la-communaute-des-ressources-educatives-libres-du-canada\\\/#breadcrumb\",\"itemListElement\":[{\"@type\":\"ListItem\",\"position\":1,\"name\":\"Accueil\",\"item\":\"https:\\\/\\\/www.carl-abrc.ca\\\/fr\\\/home-3\\\/\"},{\"@type\":\"ListItem\",\"position\":2,\"name\":\"\u00c9v\u00e9nements\",\"item\":\"https:\\\/\\\/www.carl-abrc.ca\\\/fr\\\/evenements\\\/\"},{\"@type\":\"ListItem\",\"position\":3,\"name\":\"Soyez des n\u00f4tres pour l\u2019appel \u00ab pause-caf\u00e9 \u00bb du mois de mai de la communaut\u00e9 des ressources \u00e9ducatives libres du Canada\"}]},{\"@type\":\"WebSite\",\"@id\":\"https:\\\/\\\/www.carl-abrc.ca\\\/fr\\\/#website\",\"url\":\"https:\\\/\\\/www.carl-abrc.ca\\\/fr\\\/\",\"name\":\"Association des biblioth\u00e8ques de recherche du Canada\",\"description\":\"ABRC\",\"publisher\":{\"@id\":\"https:\\\/\\\/www.carl-abrc.ca\\\/fr\\\/#organization\"},\"potentialAction\":[{\"@type\":\"SearchAction\",\"target\":{\"@type\":\"EntryPoint\",\"urlTemplate\":\"https:\\\/\\\/www.carl-abrc.ca\\\/fr\\\/?s={search_term_string}\"},\"query-input\":{\"@type\":\"PropertyValueSpecification\",\"valueRequired\":true,\"valueName\":\"search_term_string\"}}],\"inLanguage\":\"fr-FR\"},{\"@type\":\"Organization\",\"@id\":\"https:\\\/\\\/www.carl-abrc.ca\\\/fr\\\/#organization\",\"name\":\"Association des biblioth\u00e8ques de recherche du Canada\",\"url\":\"https:\\\/\\\/www.carl-abrc.ca\\\/fr\\\/\",\"logo\":{\"@type\":\"ImageObject\",\"inLanguage\":\"fr-FR\",\"@id\":\"https:\\\/\\\/www.carl-abrc.ca\\\/fr\\\/#\\\/schema\\\/logo\\\/image\\\/\",\"url\":\"https:\\\/\\\/www.carl-abrc.ca\\\/wp-content\\\/uploads\\\/2024\\\/07\\\/cropped-Stacked_Colour_L.png\",\"contentUrl\":\"https:\\\/\\\/www.carl-abrc.ca\\\/wp-content\\\/uploads\\\/2024\\\/07\\\/cropped-Stacked_Colour_L.png\",\"width\":641,\"height\":250,\"caption\":\"Association des biblioth\u00e8ques de recherche du Canada\"},\"image\":{\"@id\":\"https:\\\/\\\/www.carl-abrc.ca\\\/fr\\\/#\\\/schema\\\/logo\\\/image\\\/\"},\"sameAs\":[\"https:\\\/\\\/x.com\\\/carlabrc\"]}]}<\/script>\n<!-- \/ Yoast SEO plugin. -->","yoast_head_json":{"title":"Soyez des n\u00f4tres pour l\u2019appel \u00ab pause-caf\u00e9 \u00bb du mois de mai de la communaut\u00e9 des ressources \u00e9ducatives libres du Canada - Association des biblioth\u00e8ques de recherche du Canada","robots":{"index":"index","follow":"follow","max-snippet":"max-snippet:-1","max-image-preview":"max-image-preview:large","max-video-preview":"max-video-preview:-1"},"canonical":"https:\/\/www.carl-abrc.ca\/fr\/evenement\/soyez-des-notres-pour-lappel-pause-cafe-du-mois-de-mai-de-la-communaute-des-ressources-educatives-libres-du-canada\/","og_locale":"fr_FR","og_type":"article","og_title":"Soyez des n\u00f4tres pour l\u2019appel \u00ab pause-caf\u00e9 \u00bb du mois de mai de la communaut\u00e9 des ressources \u00e9ducatives libres du Canada - Association des biblioth\u00e8ques de recherche du Canada","og_description":"Date : mercredi 22 mai 2024 Heure : 15h \u00e0 16h HE Inscription (vous \u00eates tous les bienvenus) :\u00a0 Le Groupe de travail sur l&rsquo;\u00e9ducation ouverte de l&rsquo;ABRC (GT\u00c9O) vous [&hellip;]","og_url":"https:\/\/www.carl-abrc.ca\/fr\/evenement\/soyez-des-notres-pour-lappel-pause-cafe-du-mois-de-mai-de-la-communaute-des-ressources-educatives-libres-du-canada\/","og_site_name":"Association des biblioth\u00e8ques de recherche du Canada","og_image":[{"width":1920,"height":1080,"url":"https:\/\/www.carl-abrc.ca\/wp-content\/uploads\/2024\/09\/NewsFeaturedImage-1.jpg","type":"image\/jpeg"}],"twitter_misc":{"Dur\u00e9e de lecture estim\u00e9e":"2 minutes"},"schema":{"@context":"https:\/\/schema.org","@graph":[{"@type":"WebPage","@id":"https:\/\/www.carl-abrc.ca\/fr\/evenement\/soyez-des-notres-pour-lappel-pause-cafe-du-mois-de-mai-de-la-communaute-des-ressources-educatives-libres-du-canada\/","url":"https:\/\/www.carl-abrc.ca\/fr\/evenement\/soyez-des-notres-pour-lappel-pause-cafe-du-mois-de-mai-de-la-communaute-des-ressources-educatives-libres-du-canada\/","name":"Soyez des n\u00f4tres pour l\u2019appel \u00ab pause-caf\u00e9 \u00bb du mois de mai de la communaut\u00e9 des ressources \u00e9ducatives libres du Canada - Association des biblioth\u00e8ques de recherche du Canada","isPartOf":{"@id":"https:\/\/www.carl-abrc.ca\/fr\/#website"},"primaryImageOfPage":{"@id":"https:\/\/www.carl-abrc.ca\/fr\/evenement\/soyez-des-notres-pour-lappel-pause-cafe-du-mois-de-mai-de-la-communaute-des-ressources-educatives-libres-du-canada\/#primaryimage"},"image":{"@id":"https:\/\/www.carl-abrc.ca\/fr\/evenement\/soyez-des-notres-pour-lappel-pause-cafe-du-mois-de-mai-de-la-communaute-des-ressources-educatives-libres-du-canada\/#primaryimage"},"thumbnailUrl":"https:\/\/www.carl-abrc.ca\/wp-content\/uploads\/2024\/09\/NewsFeaturedImage-1.jpg","datePublished":"2025-09-10T20:55:04+00:00","breadcrumb":{"@id":"https:\/\/www.carl-abrc.ca\/fr\/evenement\/soyez-des-notres-pour-lappel-pause-cafe-du-mois-de-mai-de-la-communaute-des-ressources-educatives-libres-du-canada\/#breadcrumb"},"inLanguage":"fr-FR","potentialAction":[{"@type":"ReadAction","target":["https:\/\/www.carl-abrc.ca\/fr\/evenement\/soyez-des-notres-pour-lappel-pause-cafe-du-mois-de-mai-de-la-communaute-des-ressources-educatives-libres-du-canada\/"]}]},{"@type":"ImageObject","inLanguage":"fr-FR","@id":"https:\/\/www.carl-abrc.ca\/fr\/evenement\/soyez-des-notres-pour-lappel-pause-cafe-du-mois-de-mai-de-la-communaute-des-ressources-educatives-libres-du-canada\/#primaryimage","url":"https:\/\/www.carl-abrc.ca\/wp-content\/uploads\/2024\/09\/NewsFeaturedImage-1.jpg","contentUrl":"https:\/\/www.carl-abrc.ca\/wp-content\/uploads\/2024\/09\/NewsFeaturedImage-1.jpg","width":1920,"height":1080,"caption":"C.A.R.L. Logo"},{"@type":"BreadcrumbList","@id":"https:\/\/www.carl-abrc.ca\/fr\/evenement\/soyez-des-notres-pour-lappel-pause-cafe-du-mois-de-mai-de-la-communaute-des-ressources-educatives-libres-du-canada\/#breadcrumb","itemListElement":[{"@type":"ListItem","position":1,"name":"Accueil","item":"https:\/\/www.carl-abrc.ca\/fr\/home-3\/"},{"@type":"ListItem","position":2,"name":"\u00c9v\u00e9nements","item":"https:\/\/www.carl-abrc.ca\/fr\/evenements\/"},{"@type":"ListItem","position":3,"name":"Soyez des n\u00f4tres pour l\u2019appel \u00ab pause-caf\u00e9 \u00bb du mois de mai de la communaut\u00e9 des ressources \u00e9ducatives libres du Canada"}]},{"@type":"WebSite","@id":"https:\/\/www.carl-abrc.ca\/fr\/#website","url":"https:\/\/www.carl-abrc.ca\/fr\/","name":"Association des biblioth\u00e8ques de recherche du Canada","description":"ABRC","publisher":{"@id":"https:\/\/www.carl-abrc.ca\/fr\/#organization"},"potentialAction":[{"@type":"SearchAction","target":{"@type":"EntryPoint","urlTemplate":"https:\/\/www.carl-abrc.ca\/fr\/?s={search_term_string}"},"query-input":{"@type":"PropertyValueSpecification","valueRequired":true,"valueName":"search_term_string"}}],"inLanguage":"fr-FR"},{"@type":"Organization","@id":"https:\/\/www.carl-abrc.ca\/fr\/#organization","name":"Association des biblioth\u00e8ques de recherche du Canada","url":"https:\/\/www.carl-abrc.ca\/fr\/","logo":{"@type":"ImageObject","inLanguage":"fr-FR","@id":"https:\/\/www.carl-abrc.ca\/fr\/#\/schema\/logo\/image\/","url":"https:\/\/www.carl-abrc.ca\/wp-content\/uploads\/2024\/07\/cropped-Stacked_Colour_L.png","contentUrl":"https:\/\/www.carl-abrc.ca\/wp-content\/uploads\/2024\/07\/cropped-Stacked_Colour_L.png","width":641,"height":250,"caption":"Association des biblioth\u00e8ques de recherche du Canada"},"image":{"@id":"https:\/\/www.carl-abrc.ca\/fr\/#\/schema\/logo\/image\/"},"sameAs":["https:\/\/x.com\/carlabrc"]}]}},"_links":{"self":[{"href":"https:\/\/www.carl-abrc.ca\/fr\/wp-json\/wp\/v2\/tribe_events\/37573","targetHints":{"allow":["GET"]}}],"collection":[{"href":"https:\/\/www.carl-abrc.ca\/fr\/wp-json\/wp\/v2\/tribe_events"}],"about":[{"href":"https:\/\/www.carl-abrc.ca\/fr\/wp-json\/wp\/v2\/types\/tribe_events"}],"author":[{"embeddable":true,"href":"https:\/\/www.carl-abrc.ca\/fr\/wp-json\/wp\/v2\/users\/130"}],"version-history":[{"count":0,"href":"https:\/\/www.carl-abrc.ca\/fr\/wp-json\/wp\/v2\/tribe_events\/37573\/revisions"}],"wp:featuredmedia":[{"embeddable":true,"href":"https:\/\/www.carl-abrc.ca\/fr\/wp-json\/wp\/v2\/media\/36193"}],"wp:attachment":[{"href":"https:\/\/www.carl-abrc.ca\/fr\/wp-json\/wp\/v2\/media?parent=37573"}],"wp:term":[{"taxonomy":"post_tag","embeddable":true,"href":"https:\/\/www.carl-abrc.ca\/fr\/wp-json\/wp\/v2\/tags?post=37573"},{"taxonomy":"tribe_events_cat","embeddable":true,"href":"https:\/\/www.carl-abrc.ca\/fr\/wp-json\/wp\/v2\/tribe_events_cat?post=37573"}],"curies":[{"name":"wp","href":"https:\/\/api.w.org\/{rel}","templated":true}]}}