{"id":37587,"date":"2025-09-10T22:52:46","date_gmt":"2025-09-11T02:52:46","guid":{"rendered":"https:\/\/www.carl-abrc.ca\/?post_type=tribe_events&#038;p=37587"},"modified":"2025-09-10T22:52:46","modified_gmt":"2025-09-11T02:52:46","slug":"appel-du-mois-de-fevrier-de-la-communaute-de-pratique-canadienne-sur-la-bibliometrie-et-limpact-de-la-recherche-de-labrc-apprendre-a-etre-responsable-de-la-reconnaissance","status":"publish","type":"tribe_events","link":"https:\/\/www.carl-abrc.ca\/fr\/evenement\/appel-du-mois-de-fevrier-de-la-communaute-de-pratique-canadienne-sur-la-bibliometrie-et-limpact-de-la-recherche-de-labrc-apprendre-a-etre-responsable-de-la-reconnaissance\/","title":{"rendered":"Appel du mois de f\u00e9vrier de la Communaut\u00e9 de pratique canadienne sur la bibliom\u00e9trie et l\u2019impact de la recherche de l\u2019ABRC \u2013 Apprendre \u00e0 \u00eatre responsable : de la reconnaissance aux classements"},"content":{"rendered":"<p><strong>Appel du mois de f\u00e9vrier de la Communaut\u00e9 de pratique canadienne sur la bibliom\u00e9trie et l\u2019impact de la recherche de l\u2019ABRC \u2013 Apprendre \u00e0 \u00eatre responsable : de la reconnaissance aux classements<\/strong><\/p>\n<p>Date : <strong>mardi 8 f\u00e9vrier 2024<\/strong><br \/>\nHeure : <strong>13h \u00e0 14h00 HE<\/strong><\/p>\n<p><a href=\"https:\/\/us02web.zoom.us\/meeting\/register\/tZ0of-ipqj8jH93EmOUk5H_IPWX3Wb1NHMcP#\/registration\"><span style=\"text-decoration: underline;\"><strong>Inscription<\/strong><\/span><\/a><\/p>\n<p>Nous invitons les personnes de partout au Canada qui s\u2019int\u00e9ressent \u00e0 la bibliom\u00e9trie et aux indicateurs d\u2019impact de la recherche \u00e0 participer \u00e0 l\u2019appel du mois de f\u00e9vrier de la communaut\u00e9 de pratique canadienne de la bibliom\u00e9trie et de l\u2019impact de la recherche de l\u2019ABRC.<\/p>\n<p>Erica Conte (Unity Health Toronto) et Baron Wolf (University of Kentucky) sont membres du Groupe d\u2019\u00e9valuation de la recherche de l\u2019INORMS, qui est un groupe international de soci\u00e9t\u00e9s de gestion de la recherche qui s\u2019efforce d\u2019assurer que l\u2019\u00e9valuation de la recherche est significative, responsable et efficace. Au cours de cette s\u00e9ance de la communaut\u00e9 de pratique de la BIR, ils d\u00e9crivent deux grandes initiatives du groupe : 1) le cadre SCOPE pour l\u2019\u00e9valuation responsable de la recherche et 2) l\u2019initiative mondiale More Than Our Rank.<\/p>\n<p>Le cadre SCOPE pour l\u2019\u00e9valuation de la recherche est un mod\u00e8le en cinq \u00e9tapes pour l\u2019\u00e9valuation responsable. Il s\u2019agit d\u2019un processus pratique \u00e9tape par \u00e9tape con\u00e7u pour aider les gestionnaires\/administrateurs\/biblioth\u00e9caires de la recherche, ou toute personne impliqu\u00e9e dans la r\u00e9alisation d\u2019\u00e9valuations de recherche, \u00e0 planifier de nouvelles \u00e9valuations et \u00e0 am\u00e9liorer les \u00e9valuations existantes. La s\u00e9ance expliquera le cadre et la fa\u00e7on de l\u2019appliquer pour nous assurer que nous \u00e9valuons notre organisme de recherche et nos chercheurs de fa\u00e7on responsable. L\u2019initiative More Than Our Rank a \u00e9t\u00e9 d\u00e9velopp\u00e9e en r\u00e9ponse \u00e0 certaines caract\u00e9ristiques et effets probl\u00e9matiques des classements universitaires mondiaux. Il donne l\u2019occasion aux \u00e9tablissements d\u2019enseignement de souligner les nombreuses et diverses fa\u00e7ons dont ils servent leur communaut\u00e9 et au-del\u00e0 qui ne sont pas refl\u00e9t\u00e9es dans leurs divers postes de classement. Il s\u2019agit d\u2019une initiative pour les \u00e9tablissements qui sont fiers de leur classement, mais qui reconnaissent \u00e9galement les limites des indicateurs utilis\u00e9s, et pour les \u00e9tablissements qui estiment que les classements ne refl\u00e8tent pas leurs forces ou leur mission institutionnelle. La session expliquera More Than Our Rank et parlera des recommandations internationales pour rejoindre cette nouvelle initiative comme premi\u00e8re \u00e9tape vers une utilisation plus responsable des classements internationaux.<\/p>\n<p><strong>Pan\u00e9listes :<\/strong><br \/>\n<strong>Erica Conte<\/strong> a obtenu son doctorat en physiologie \u00e0 l&rsquo;universit\u00e9 Western (Canada) et poss\u00e8de une exp\u00e9rience professionnelle vari\u00e9e dans les domaines de l&rsquo;enseignement, de l&rsquo;industrie et de l&rsquo;administration de la recherche. Dans le cadre de ces fonctions, elle a d\u00e9velopp\u00e9 une expertise en mati\u00e8re d&rsquo;\u00e9valuation de la recherche, de planification strat\u00e9gique, de communication, de leadership institutionnel, ainsi que de financement traditionnel et philanthropique de la recherche. \u00c0 Unity Health Toronto, un h\u00f4pital de recherche affili\u00e9 \u00e0 University of Toronto, elle est actuellement directrice de la strat\u00e9gie de financement et de l&rsquo;intendance, o\u00f9 elle soutient l&rsquo;ensemble de la recherche en sant\u00e9, de la science fondamentale \u00e0 la recherche translationnelle, en passant par les services\/politiques de sant\u00e9 et l&rsquo;application des connaissances. Elle est membre actif de l&rsquo;Association canadienne des administrateurs et administratrices de recherche (ACAAR) depuis 2014, et membre du groupe d&rsquo;\u00e9valuation de la recherche de l&rsquo;International Network of Research Management Societies (INORMS), o\u00f9 elle aide \u00e0 d\u00e9velopper des outils pour soutenir l&rsquo;\u00e9valuation responsable de la recherche et am\u00e9liorer notre utilisation des classements mondiaux et nationaux en mati\u00e8re de recherche.<\/p>\n<p><strong>Baron Wolf<\/strong> a travaill\u00e9 dans le domaine de la recherche institutionnelle, de l&rsquo;efficacit\u00e9, de l&rsquo;\u00e9valuation et de la planification strat\u00e9gique dans l&rsquo;enseignement sup\u00e9rieur. Son travail s&rsquo;est concentr\u00e9 sur l&rsquo;utilisation de l&rsquo;analyse des donn\u00e9es pour prendre des d\u00e9cisions commerciales strat\u00e9giques et am\u00e9liorer les processus. Il est membre du groupe de travail sur l&rsquo;\u00e9valuation de la recherche de l&rsquo;International Network of Research Management Societies (INORMS). Baron est vice-pr\u00e9sident adjoint pour la recherche et chef de cabinet \u00e0 University of Kentucky. \u00c0 ce titre, il conseille la haute direction sur les priorit\u00e9s strat\u00e9giques, les programmes et les services qui soutiennent la communaut\u00e9 des chercheurs sur le campus. En outre, il est le directeur de l\u2019analyse de la recherche, qui g\u00e8re de solides outils de veille strat\u00e9gique, d&rsquo;analyse de donn\u00e9es, de rapports, d&rsquo;analyse et d&rsquo;\u00e9valuation dans le domaine de la recherche.<\/p>\n<p>Les appels communautaires sont organis\u00e9s par le Comit\u00e9 directeur de la communaut\u00e9 de pratique canadienne sur la bibliom\u00e9trie et l\u2019impact de la recherche de l\u2019ABRC :<\/p>\n<ul>\n<li>Philippe Boisvert, Universit\u00e9 Laval<\/li>\n<li>Laura Bredahl, University of Waterloo<\/li>\n<li>Christine Brodeur, NRCC \/ NRC<\/li>\n<li>Thane Chambers, University of Alberta<\/li>\n<li>Rachel Couban, McMaster University<\/li>\n<li>Monique Grenier, University of Victoria<\/li>\n<li>Mindy Thuna, University of Toronto<\/li>\n<\/ul>\n<p>&nbsp;<\/p>\n","protected":false},"excerpt":{"rendered":"<p>Appel du mois de f\u00e9vrier de la Communaut\u00e9 de pratique canadienne sur la bibliom\u00e9trie et l\u2019impact de la recherche de l\u2019ABRC \u2013 Apprendre \u00e0 \u00eatre responsable : de la reconnaissance [&hellip;]<\/p>\n","protected":false},"author":130,"featured_media":36193,"template":"","meta":{"_acf_changed":false,"_EventAllDay":false,"_EventTimezone":"America\/Toronto","_EventStartDate":"2024-02-08 13:00:00","_EventEndDate":"2024-02-08 14:00:00","_EventStartDateUTC":"2024-02-08 18:00:00","_EventEndDateUTC":"2024-02-08 19:00:00","_EventShowMap":false,"_EventShowMapLink":true,"_EventURL":"","_EventCost":"","_EventCostDescription":"","_EventCurrencySymbol":"$","_EventCurrencyCode":"CAD","_EventCurrencyPosition":"prefix","_EventDateTimeSeparator":"","_EventTimeRangeSeparator":"","_EventOrganizerID":[37088],"_EventVenueID":[37071],"_OrganizerEmail":"","_OrganizerPhone":"","_OrganizerWebsite":"","_VenueAddress":"","_VenueCity":"","_VenueCountry":"","_VenueProvince":"","_VenueState":"","_VenueZip":"","_VenuePhone":"","_VenueURL":"","_VenueStateProvince":"","_VenueLat":"","_VenueLng":"","_VenueShowMap":false,"_VenueShowMapLink":false,"_tribe_events_status":"","_tribe_events_status_reason":"","footnotes":""},"tags":[],"tribe_events_cat":[114],"class_list":["post-37587","tribe_events","type-tribe_events","status-publish","has-post-thumbnail","hentry","tribe_events_cat-bibliometrie","cat_bibliometrie"],"acf":[],"yoast_head":"<!-- This site is optimized with the Yoast SEO plugin v27.4 - https:\/\/yoast.com\/product\/yoast-seo-wordpress\/ -->\n<title>Appel du mois de f\u00e9vrier de la Communaut\u00e9 de pratique canadienne sur la bibliom\u00e9trie et l\u2019impact de la recherche de l\u2019ABRC \u2013 Apprendre \u00e0 \u00eatre responsable : de la reconnaissance aux classements - Association des biblioth\u00e8ques de recherche du Canada<\/title>\n<meta name=\"robots\" content=\"index, follow, max-snippet:-1, max-image-preview:large, max-video-preview:-1\" \/>\n<link rel=\"canonical\" href=\"https:\/\/www.carl-abrc.ca\/fr\/evenement\/appel-du-mois-de-fevrier-de-la-communaute-de-pratique-canadienne-sur-la-bibliometrie-et-limpact-de-la-recherche-de-labrc-apprendre-a-etre-responsable-de-la-reconnaissance\/\" \/>\n<meta property=\"og:locale\" content=\"fr_FR\" \/>\n<meta property=\"og:type\" content=\"article\" \/>\n<meta property=\"og:title\" content=\"Appel du mois de f\u00e9vrier de la Communaut\u00e9 de pratique canadienne sur la bibliom\u00e9trie et l\u2019impact de la recherche de l\u2019ABRC \u2013 Apprendre \u00e0 \u00eatre responsable : de la reconnaissance aux classements - Association des biblioth\u00e8ques de recherche du Canada\" \/>\n<meta property=\"og:description\" content=\"Appel du mois de f\u00e9vrier de la Communaut\u00e9 de pratique canadienne sur la bibliom\u00e9trie et l\u2019impact de la recherche de l\u2019ABRC \u2013 Apprendre \u00e0 \u00eatre responsable : de la reconnaissance [&hellip;]\" \/>\n<meta property=\"og:url\" content=\"https:\/\/www.carl-abrc.ca\/fr\/evenement\/appel-du-mois-de-fevrier-de-la-communaute-de-pratique-canadienne-sur-la-bibliometrie-et-limpact-de-la-recherche-de-labrc-apprendre-a-etre-responsable-de-la-reconnaissance\/\" \/>\n<meta property=\"og:site_name\" content=\"Association des biblioth\u00e8ques de recherche du Canada\" \/>\n<meta property=\"og:image\" content=\"https:\/\/www.carl-abrc.ca\/wp-content\/uploads\/2024\/09\/NewsFeaturedImage-1.jpg\" \/>\n\t<meta property=\"og:image:width\" content=\"1920\" \/>\n\t<meta property=\"og:image:height\" content=\"1080\" \/>\n\t<meta property=\"og:image:type\" content=\"image\/jpeg\" \/>\n<meta name=\"twitter:label1\" content=\"Dur\u00e9e de lecture estim\u00e9e\" \/>\n\t<meta name=\"twitter:data1\" content=\"4 minutes\" \/>\n<script type=\"application\/ld+json\" class=\"yoast-schema-graph\">{\"@context\":\"https:\\\/\\\/schema.org\",\"@graph\":[{\"@type\":\"WebPage\",\"@id\":\"https:\\\/\\\/www.carl-abrc.ca\\\/fr\\\/evenement\\\/appel-du-mois-de-fevrier-de-la-communaute-de-pratique-canadienne-sur-la-bibliometrie-et-limpact-de-la-recherche-de-labrc-apprendre-a-etre-responsable-de-la-reconnaissance\\\/\",\"url\":\"https:\\\/\\\/www.carl-abrc.ca\\\/fr\\\/evenement\\\/appel-du-mois-de-fevrier-de-la-communaute-de-pratique-canadienne-sur-la-bibliometrie-et-limpact-de-la-recherche-de-labrc-apprendre-a-etre-responsable-de-la-reconnaissance\\\/\",\"name\":\"Appel du mois de f\u00e9vrier de la Communaut\u00e9 de pratique canadienne sur la bibliom\u00e9trie et l\u2019impact de la recherche de l\u2019ABRC \u2013 Apprendre \u00e0 \u00eatre responsable : de la reconnaissance aux classements - Association des biblioth\u00e8ques de recherche du Canada\",\"isPartOf\":{\"@id\":\"https:\\\/\\\/www.carl-abrc.ca\\\/fr\\\/#website\"},\"primaryImageOfPage\":{\"@id\":\"https:\\\/\\\/www.carl-abrc.ca\\\/fr\\\/evenement\\\/appel-du-mois-de-fevrier-de-la-communaute-de-pratique-canadienne-sur-la-bibliometrie-et-limpact-de-la-recherche-de-labrc-apprendre-a-etre-responsable-de-la-reconnaissance\\\/#primaryimage\"},\"image\":{\"@id\":\"https:\\\/\\\/www.carl-abrc.ca\\\/fr\\\/evenement\\\/appel-du-mois-de-fevrier-de-la-communaute-de-pratique-canadienne-sur-la-bibliometrie-et-limpact-de-la-recherche-de-labrc-apprendre-a-etre-responsable-de-la-reconnaissance\\\/#primaryimage\"},\"thumbnailUrl\":\"https:\\\/\\\/www.carl-abrc.ca\\\/wp-content\\\/uploads\\\/2024\\\/09\\\/NewsFeaturedImage-1.jpg\",\"datePublished\":\"2025-09-11T02:52:46+00:00\",\"breadcrumb\":{\"@id\":\"https:\\\/\\\/www.carl-abrc.ca\\\/fr\\\/evenement\\\/appel-du-mois-de-fevrier-de-la-communaute-de-pratique-canadienne-sur-la-bibliometrie-et-limpact-de-la-recherche-de-labrc-apprendre-a-etre-responsable-de-la-reconnaissance\\\/#breadcrumb\"},\"inLanguage\":\"fr-FR\",\"potentialAction\":[{\"@type\":\"ReadAction\",\"target\":[\"https:\\\/\\\/www.carl-abrc.ca\\\/fr\\\/evenement\\\/appel-du-mois-de-fevrier-de-la-communaute-de-pratique-canadienne-sur-la-bibliometrie-et-limpact-de-la-recherche-de-labrc-apprendre-a-etre-responsable-de-la-reconnaissance\\\/\"]}]},{\"@type\":\"ImageObject\",\"inLanguage\":\"fr-FR\",\"@id\":\"https:\\\/\\\/www.carl-abrc.ca\\\/fr\\\/evenement\\\/appel-du-mois-de-fevrier-de-la-communaute-de-pratique-canadienne-sur-la-bibliometrie-et-limpact-de-la-recherche-de-labrc-apprendre-a-etre-responsable-de-la-reconnaissance\\\/#primaryimage\",\"url\":\"https:\\\/\\\/www.carl-abrc.ca\\\/wp-content\\\/uploads\\\/2024\\\/09\\\/NewsFeaturedImage-1.jpg\",\"contentUrl\":\"https:\\\/\\\/www.carl-abrc.ca\\\/wp-content\\\/uploads\\\/2024\\\/09\\\/NewsFeaturedImage-1.jpg\",\"width\":1920,\"height\":1080,\"caption\":\"C.A.R.L. Logo\"},{\"@type\":\"BreadcrumbList\",\"@id\":\"https:\\\/\\\/www.carl-abrc.ca\\\/fr\\\/evenement\\\/appel-du-mois-de-fevrier-de-la-communaute-de-pratique-canadienne-sur-la-bibliometrie-et-limpact-de-la-recherche-de-labrc-apprendre-a-etre-responsable-de-la-reconnaissance\\\/#breadcrumb\",\"itemListElement\":[{\"@type\":\"ListItem\",\"position\":1,\"name\":\"Accueil\",\"item\":\"https:\\\/\\\/www.carl-abrc.ca\\\/fr\\\/home-3\\\/\"},{\"@type\":\"ListItem\",\"position\":2,\"name\":\"\u00c9v\u00e9nements\",\"item\":\"https:\\\/\\\/www.carl-abrc.ca\\\/fr\\\/evenements\\\/\"},{\"@type\":\"ListItem\",\"position\":3,\"name\":\"Appel du mois de f\u00e9vrier de la Communaut\u00e9 de pratique canadienne sur la bibliom\u00e9trie et l\u2019impact de la recherche de l\u2019ABRC \u2013 Apprendre \u00e0 \u00eatre responsable : de la reconnaissance aux classements\"}]},{\"@type\":\"WebSite\",\"@id\":\"https:\\\/\\\/www.carl-abrc.ca\\\/fr\\\/#website\",\"url\":\"https:\\\/\\\/www.carl-abrc.ca\\\/fr\\\/\",\"name\":\"Association des biblioth\u00e8ques de recherche du Canada\",\"description\":\"ABRC\",\"publisher\":{\"@id\":\"https:\\\/\\\/www.carl-abrc.ca\\\/fr\\\/#organization\"},\"potentialAction\":[{\"@type\":\"SearchAction\",\"target\":{\"@type\":\"EntryPoint\",\"urlTemplate\":\"https:\\\/\\\/www.carl-abrc.ca\\\/fr\\\/?s={search_term_string}\"},\"query-input\":{\"@type\":\"PropertyValueSpecification\",\"valueRequired\":true,\"valueName\":\"search_term_string\"}}],\"inLanguage\":\"fr-FR\"},{\"@type\":\"Organization\",\"@id\":\"https:\\\/\\\/www.carl-abrc.ca\\\/fr\\\/#organization\",\"name\":\"Association des biblioth\u00e8ques de recherche du Canada\",\"url\":\"https:\\\/\\\/www.carl-abrc.ca\\\/fr\\\/\",\"logo\":{\"@type\":\"ImageObject\",\"inLanguage\":\"fr-FR\",\"@id\":\"https:\\\/\\\/www.carl-abrc.ca\\\/fr\\\/#\\\/schema\\\/logo\\\/image\\\/\",\"url\":\"https:\\\/\\\/www.carl-abrc.ca\\\/wp-content\\\/uploads\\\/2024\\\/07\\\/cropped-Stacked_Colour_L.png\",\"contentUrl\":\"https:\\\/\\\/www.carl-abrc.ca\\\/wp-content\\\/uploads\\\/2024\\\/07\\\/cropped-Stacked_Colour_L.png\",\"width\":641,\"height\":250,\"caption\":\"Association des biblioth\u00e8ques de recherche du Canada\"},\"image\":{\"@id\":\"https:\\\/\\\/www.carl-abrc.ca\\\/fr\\\/#\\\/schema\\\/logo\\\/image\\\/\"},\"sameAs\":[\"https:\\\/\\\/x.com\\\/carlabrc\"]}]}<\/script>\n<!-- \/ Yoast SEO plugin. -->","yoast_head_json":{"title":"Appel du mois de f\u00e9vrier de la Communaut\u00e9 de pratique canadienne sur la bibliom\u00e9trie et l\u2019impact de la recherche de l\u2019ABRC \u2013 Apprendre \u00e0 \u00eatre responsable : de la reconnaissance aux classements - Association des biblioth\u00e8ques de recherche du Canada","robots":{"index":"index","follow":"follow","max-snippet":"max-snippet:-1","max-image-preview":"max-image-preview:large","max-video-preview":"max-video-preview:-1"},"canonical":"https:\/\/www.carl-abrc.ca\/fr\/evenement\/appel-du-mois-de-fevrier-de-la-communaute-de-pratique-canadienne-sur-la-bibliometrie-et-limpact-de-la-recherche-de-labrc-apprendre-a-etre-responsable-de-la-reconnaissance\/","og_locale":"fr_FR","og_type":"article","og_title":"Appel du mois de f\u00e9vrier de la Communaut\u00e9 de pratique canadienne sur la bibliom\u00e9trie et l\u2019impact de la recherche de l\u2019ABRC \u2013 Apprendre \u00e0 \u00eatre responsable : de la reconnaissance aux classements - Association des biblioth\u00e8ques de recherche du Canada","og_description":"Appel du mois de f\u00e9vrier de la Communaut\u00e9 de pratique canadienne sur la bibliom\u00e9trie et l\u2019impact de la recherche de l\u2019ABRC \u2013 Apprendre \u00e0 \u00eatre responsable : de la reconnaissance [&hellip;]","og_url":"https:\/\/www.carl-abrc.ca\/fr\/evenement\/appel-du-mois-de-fevrier-de-la-communaute-de-pratique-canadienne-sur-la-bibliometrie-et-limpact-de-la-recherche-de-labrc-apprendre-a-etre-responsable-de-la-reconnaissance\/","og_site_name":"Association des biblioth\u00e8ques de recherche du Canada","og_image":[{"width":1920,"height":1080,"url":"https:\/\/www.carl-abrc.ca\/wp-content\/uploads\/2024\/09\/NewsFeaturedImage-1.jpg","type":"image\/jpeg"}],"twitter_misc":{"Dur\u00e9e de lecture estim\u00e9e":"4 minutes"},"schema":{"@context":"https:\/\/schema.org","@graph":[{"@type":"WebPage","@id":"https:\/\/www.carl-abrc.ca\/fr\/evenement\/appel-du-mois-de-fevrier-de-la-communaute-de-pratique-canadienne-sur-la-bibliometrie-et-limpact-de-la-recherche-de-labrc-apprendre-a-etre-responsable-de-la-reconnaissance\/","url":"https:\/\/www.carl-abrc.ca\/fr\/evenement\/appel-du-mois-de-fevrier-de-la-communaute-de-pratique-canadienne-sur-la-bibliometrie-et-limpact-de-la-recherche-de-labrc-apprendre-a-etre-responsable-de-la-reconnaissance\/","name":"Appel du mois de f\u00e9vrier de la Communaut\u00e9 de pratique canadienne sur la bibliom\u00e9trie et l\u2019impact de la recherche de l\u2019ABRC \u2013 Apprendre \u00e0 \u00eatre responsable : de la reconnaissance aux classements - Association des biblioth\u00e8ques de recherche du Canada","isPartOf":{"@id":"https:\/\/www.carl-abrc.ca\/fr\/#website"},"primaryImageOfPage":{"@id":"https:\/\/www.carl-abrc.ca\/fr\/evenement\/appel-du-mois-de-fevrier-de-la-communaute-de-pratique-canadienne-sur-la-bibliometrie-et-limpact-de-la-recherche-de-labrc-apprendre-a-etre-responsable-de-la-reconnaissance\/#primaryimage"},"image":{"@id":"https:\/\/www.carl-abrc.ca\/fr\/evenement\/appel-du-mois-de-fevrier-de-la-communaute-de-pratique-canadienne-sur-la-bibliometrie-et-limpact-de-la-recherche-de-labrc-apprendre-a-etre-responsable-de-la-reconnaissance\/#primaryimage"},"thumbnailUrl":"https:\/\/www.carl-abrc.ca\/wp-content\/uploads\/2024\/09\/NewsFeaturedImage-1.jpg","datePublished":"2025-09-11T02:52:46+00:00","breadcrumb":{"@id":"https:\/\/www.carl-abrc.ca\/fr\/evenement\/appel-du-mois-de-fevrier-de-la-communaute-de-pratique-canadienne-sur-la-bibliometrie-et-limpact-de-la-recherche-de-labrc-apprendre-a-etre-responsable-de-la-reconnaissance\/#breadcrumb"},"inLanguage":"fr-FR","potentialAction":[{"@type":"ReadAction","target":["https:\/\/www.carl-abrc.ca\/fr\/evenement\/appel-du-mois-de-fevrier-de-la-communaute-de-pratique-canadienne-sur-la-bibliometrie-et-limpact-de-la-recherche-de-labrc-apprendre-a-etre-responsable-de-la-reconnaissance\/"]}]},{"@type":"ImageObject","inLanguage":"fr-FR","@id":"https:\/\/www.carl-abrc.ca\/fr\/evenement\/appel-du-mois-de-fevrier-de-la-communaute-de-pratique-canadienne-sur-la-bibliometrie-et-limpact-de-la-recherche-de-labrc-apprendre-a-etre-responsable-de-la-reconnaissance\/#primaryimage","url":"https:\/\/www.carl-abrc.ca\/wp-content\/uploads\/2024\/09\/NewsFeaturedImage-1.jpg","contentUrl":"https:\/\/www.carl-abrc.ca\/wp-content\/uploads\/2024\/09\/NewsFeaturedImage-1.jpg","width":1920,"height":1080,"caption":"C.A.R.L. Logo"},{"@type":"BreadcrumbList","@id":"https:\/\/www.carl-abrc.ca\/fr\/evenement\/appel-du-mois-de-fevrier-de-la-communaute-de-pratique-canadienne-sur-la-bibliometrie-et-limpact-de-la-recherche-de-labrc-apprendre-a-etre-responsable-de-la-reconnaissance\/#breadcrumb","itemListElement":[{"@type":"ListItem","position":1,"name":"Accueil","item":"https:\/\/www.carl-abrc.ca\/fr\/home-3\/"},{"@type":"ListItem","position":2,"name":"\u00c9v\u00e9nements","item":"https:\/\/www.carl-abrc.ca\/fr\/evenements\/"},{"@type":"ListItem","position":3,"name":"Appel du mois de f\u00e9vrier de la Communaut\u00e9 de pratique canadienne sur la bibliom\u00e9trie et l\u2019impact de la recherche de l\u2019ABRC \u2013 Apprendre \u00e0 \u00eatre responsable : de la reconnaissance aux classements"}]},{"@type":"WebSite","@id":"https:\/\/www.carl-abrc.ca\/fr\/#website","url":"https:\/\/www.carl-abrc.ca\/fr\/","name":"Association des biblioth\u00e8ques de recherche du Canada","description":"ABRC","publisher":{"@id":"https:\/\/www.carl-abrc.ca\/fr\/#organization"},"potentialAction":[{"@type":"SearchAction","target":{"@type":"EntryPoint","urlTemplate":"https:\/\/www.carl-abrc.ca\/fr\/?s={search_term_string}"},"query-input":{"@type":"PropertyValueSpecification","valueRequired":true,"valueName":"search_term_string"}}],"inLanguage":"fr-FR"},{"@type":"Organization","@id":"https:\/\/www.carl-abrc.ca\/fr\/#organization","name":"Association des biblioth\u00e8ques de recherche du Canada","url":"https:\/\/www.carl-abrc.ca\/fr\/","logo":{"@type":"ImageObject","inLanguage":"fr-FR","@id":"https:\/\/www.carl-abrc.ca\/fr\/#\/schema\/logo\/image\/","url":"https:\/\/www.carl-abrc.ca\/wp-content\/uploads\/2024\/07\/cropped-Stacked_Colour_L.png","contentUrl":"https:\/\/www.carl-abrc.ca\/wp-content\/uploads\/2024\/07\/cropped-Stacked_Colour_L.png","width":641,"height":250,"caption":"Association des biblioth\u00e8ques de recherche du Canada"},"image":{"@id":"https:\/\/www.carl-abrc.ca\/fr\/#\/schema\/logo\/image\/"},"sameAs":["https:\/\/x.com\/carlabrc"]}]}},"_links":{"self":[{"href":"https:\/\/www.carl-abrc.ca\/fr\/wp-json\/wp\/v2\/tribe_events\/37587","targetHints":{"allow":["GET"]}}],"collection":[{"href":"https:\/\/www.carl-abrc.ca\/fr\/wp-json\/wp\/v2\/tribe_events"}],"about":[{"href":"https:\/\/www.carl-abrc.ca\/fr\/wp-json\/wp\/v2\/types\/tribe_events"}],"author":[{"embeddable":true,"href":"https:\/\/www.carl-abrc.ca\/fr\/wp-json\/wp\/v2\/users\/130"}],"version-history":[{"count":0,"href":"https:\/\/www.carl-abrc.ca\/fr\/wp-json\/wp\/v2\/tribe_events\/37587\/revisions"}],"wp:featuredmedia":[{"embeddable":true,"href":"https:\/\/www.carl-abrc.ca\/fr\/wp-json\/wp\/v2\/media\/36193"}],"wp:attachment":[{"href":"https:\/\/www.carl-abrc.ca\/fr\/wp-json\/wp\/v2\/media?parent=37587"}],"wp:term":[{"taxonomy":"post_tag","embeddable":true,"href":"https:\/\/www.carl-abrc.ca\/fr\/wp-json\/wp\/v2\/tags?post=37587"},{"taxonomy":"tribe_events_cat","embeddable":true,"href":"https:\/\/www.carl-abrc.ca\/fr\/wp-json\/wp\/v2\/tribe_events_cat?post=37587"}],"curies":[{"name":"wp","href":"https:\/\/api.w.org\/{rel}","templated":true}]}}