{"id":37594,"date":"2025-09-11T00:21:01","date_gmt":"2025-09-11T04:21:01","guid":{"rendered":"https:\/\/www.carl-abrc.ca\/?post_type=tribe_events&#038;p=37594"},"modified":"2025-09-11T00:21:01","modified_gmt":"2025-09-11T04:21:01","slug":"appel-du-mois-de-novembre-de-la-communaute-de-pratique-canadienne-sur-la-bibliometrie-et-limpact-de-la-recherche-les-reseaux-sociaux-dans-le-travail-de-mobilisation-des-connaissance","status":"publish","type":"tribe_events","link":"https:\/\/www.carl-abrc.ca\/fr\/evenement\/appel-du-mois-de-novembre-de-la-communaute-de-pratique-canadienne-sur-la-bibliometrie-et-limpact-de-la-recherche-les-reseaux-sociaux-dans-le-travail-de-mobilisation-des-connaissance\/","title":{"rendered":"Appel du mois de novembre de la Communaut\u00e9 de pratique canadienne sur la bibliom\u00e9trie et l\u2019impact de la recherche \u2013 Les r\u00e9seaux sociaux dans le travail de mobilisation des connaissances"},"content":{"rendered":"<p>Date: <strong>mercredi 15 novembre 2023<\/strong><\/p>\n<p>Heure: <strong>13h00 \u00e0 14h00 HE<\/strong><\/p>\n<p>Inscription<\/p>\n<p>Nous invitons les personnes de partout au Canada qui s\u2019int\u00e9ressent \u00e0 la bibliom\u00e9trie et aux indicateurs d\u2019impact de la recherche \u00e0 participer \u00e0 l\u2019appel du mois de novembre de la communaut\u00e9 de pratique canadienne de la bibliom\u00e9trie et de l\u2019impact de la recherche de l\u2019ABRC. Le conf\u00e9rencier invit\u00e9 de ce mois-ci est Stephen McGregor (University of Calgary) qui pr\u00e9sentera sur les r\u00e9seaux sociaux le travail de mobilisation des connaissances.<\/p>\n<p>On dit souvent que les relations sont fondamentales \u00e0 la mobilisation des connaissances et qu&rsquo;il est donc crucial que les professionnels dans ce domaine sachent analyser et utiliser les r\u00e9seaux sociaux. Mais comment les relations prennent-elles forme, comment cartographier les multiples dimensions des r\u00e9seaux sociaux et comment choisir un outil d\u2019analyse des r\u00e9seaux sociaux ? Au cours de cette s\u00e9ance, Stephen McGregor r\u00e9pondra \u00e0 ces questions \u00e0 travers plusieurs exemples tir\u00e9s de ses recherches sur les r\u00e9seaux sociaux au sein et entre les \u00e9coles primaires et secondaires. Son objectif est de fournir une introduction pratique \u00e0 l&rsquo;analyse des r\u00e9seaux sociaux, fond\u00e9e sur la th\u00e9orie, mais comprenant de nombreuses suggestions et conseils pour mieux comprendre les r\u00e9seaux sociaux dans le contexte de votre travail.<\/p>\n<p><strong>Bio du conf\u00e9rencier :<\/strong><br \/>\nStephen MacGregor est professeur adjoint de leadership, politiques et gouvernance \u00e0 la Werklund School of Education de University of Calgary. Ses recherches portent sur la mobilisation des connaissances en tant que m\u00e9canisme visant \u00e0 promouvoir l\u2019am\u00e9lioration des \u00e9coles et le changement des syst\u00e8mes, en mettant l\u2019accent sur les pratiques de leadership dans des environnements \u00e9ducatifs de plus en plus complexes.<\/p>\n<p>Les appels communautaires sont organis\u00e9s par le Comit\u00e9 directeur de la communaut\u00e9 de pratique canadienne sur la bibliom\u00e9trie et l\u2019impact de la recherche de l\u2019ABRC :<\/p>\n<ul>\n<li>Philippe Boisvert, Universit\u00e9 Laval<\/li>\n<li>Laura Bredahl, University of Waterloo (co-presidente)<\/li>\n<li>Christine Brodeur, NRCC \/ NRC<\/li>\n<li>Thane Chambers, University of Alberta (co-presidente)<\/li>\n<li>Rachel Couban, McMaster University<\/li>\n<li>Monique Grenier, University of Victoria<\/li>\n<li>Mindy Thuna, University of Toronto<\/li>\n<\/ul>\n","protected":false},"excerpt":{"rendered":"<p>Date: mercredi 15 novembre 2023 Heure: 13h00 \u00e0 14h00 HE Inscription Nous invitons les personnes de partout au Canada qui s\u2019int\u00e9ressent \u00e0 la bibliom\u00e9trie et aux indicateurs d\u2019impact de la [&hellip;]<\/p>\n","protected":false},"author":130,"featured_media":36193,"template":"","meta":{"_acf_changed":false,"_EventAllDay":false,"_EventTimezone":"America\/Toronto","_EventStartDate":"2023-11-15 13:00:00","_EventEndDate":"2023-11-15 14:00:00","_EventStartDateUTC":"2023-11-15 18:00:00","_EventEndDateUTC":"2023-11-15 19:00:00","_EventShowMap":false,"_EventShowMapLink":true,"_EventURL":"","_EventCost":"","_EventCostDescription":"","_EventCurrencySymbol":"$","_EventCurrencyCode":"CAD","_EventCurrencyPosition":"prefix","_EventDateTimeSeparator":"","_EventTimeRangeSeparator":"","_EventOrganizerID":[37088],"_EventVenueID":[37071],"_OrganizerEmail":"","_OrganizerPhone":"","_OrganizerWebsite":"","_VenueAddress":"","_VenueCity":"","_VenueCountry":"","_VenueProvince":"","_VenueState":"","_VenueZip":"","_VenuePhone":"","_VenueURL":"","_VenueStateProvince":"","_VenueLat":"","_VenueLng":"","_VenueShowMap":false,"_VenueShowMapLink":false,"_tribe_events_status":"","_tribe_events_status_reason":"","footnotes":""},"tags":[],"tribe_events_cat":[114],"class_list":["post-37594","tribe_events","type-tribe_events","status-publish","has-post-thumbnail","hentry","tribe_events_cat-bibliometrie","cat_bibliometrie"],"acf":[],"yoast_head":"<!-- This site is optimized with the Yoast SEO plugin v27.4 - https:\/\/yoast.com\/product\/yoast-seo-wordpress\/ -->\n<title>Appel du mois de novembre de la Communaut\u00e9 de pratique canadienne sur la bibliom\u00e9trie et l\u2019impact de la recherche \u2013 Les r\u00e9seaux sociaux dans le travail de mobilisation des connaissances - Association des biblioth\u00e8ques de recherche du Canada<\/title>\n<meta name=\"robots\" content=\"index, follow, max-snippet:-1, max-image-preview:large, max-video-preview:-1\" \/>\n<link rel=\"canonical\" href=\"https:\/\/www.carl-abrc.ca\/fr\/evenement\/appel-du-mois-de-novembre-de-la-communaute-de-pratique-canadienne-sur-la-bibliometrie-et-limpact-de-la-recherche-les-reseaux-sociaux-dans-le-travail-de-mobilisation-des-connaissance\/\" \/>\n<meta property=\"og:locale\" content=\"fr_FR\" \/>\n<meta property=\"og:type\" content=\"article\" \/>\n<meta property=\"og:title\" content=\"Appel du mois de novembre de la Communaut\u00e9 de pratique canadienne sur la bibliom\u00e9trie et l\u2019impact de la recherche \u2013 Les r\u00e9seaux sociaux dans le travail de mobilisation des connaissances - Association des biblioth\u00e8ques de recherche du Canada\" \/>\n<meta property=\"og:description\" content=\"Date: mercredi 15 novembre 2023 Heure: 13h00 \u00e0 14h00 HE Inscription Nous invitons les personnes de partout au Canada qui s\u2019int\u00e9ressent \u00e0 la bibliom\u00e9trie et aux indicateurs d\u2019impact de la [&hellip;]\" \/>\n<meta property=\"og:url\" content=\"https:\/\/www.carl-abrc.ca\/fr\/evenement\/appel-du-mois-de-novembre-de-la-communaute-de-pratique-canadienne-sur-la-bibliometrie-et-limpact-de-la-recherche-les-reseaux-sociaux-dans-le-travail-de-mobilisation-des-connaissance\/\" \/>\n<meta property=\"og:site_name\" content=\"Association des biblioth\u00e8ques de recherche du Canada\" \/>\n<meta property=\"og:image\" content=\"https:\/\/www.carl-abrc.ca\/wp-content\/uploads\/2024\/09\/NewsFeaturedImage-1.jpg\" \/>\n\t<meta property=\"og:image:width\" content=\"1920\" \/>\n\t<meta property=\"og:image:height\" content=\"1080\" \/>\n\t<meta property=\"og:image:type\" content=\"image\/jpeg\" \/>\n<meta name=\"twitter:label1\" content=\"Dur\u00e9e de lecture estim\u00e9e\" \/>\n\t<meta name=\"twitter:data1\" content=\"2 minutes\" \/>\n<script type=\"application\/ld+json\" class=\"yoast-schema-graph\">{\"@context\":\"https:\\\/\\\/schema.org\",\"@graph\":[{\"@type\":\"WebPage\",\"@id\":\"https:\\\/\\\/www.carl-abrc.ca\\\/fr\\\/evenement\\\/appel-du-mois-de-novembre-de-la-communaute-de-pratique-canadienne-sur-la-bibliometrie-et-limpact-de-la-recherche-les-reseaux-sociaux-dans-le-travail-de-mobilisation-des-connaissance\\\/\",\"url\":\"https:\\\/\\\/www.carl-abrc.ca\\\/fr\\\/evenement\\\/appel-du-mois-de-novembre-de-la-communaute-de-pratique-canadienne-sur-la-bibliometrie-et-limpact-de-la-recherche-les-reseaux-sociaux-dans-le-travail-de-mobilisation-des-connaissance\\\/\",\"name\":\"Appel du mois de novembre de la Communaut\u00e9 de pratique canadienne sur la bibliom\u00e9trie et l\u2019impact de la recherche \u2013 Les r\u00e9seaux sociaux dans le travail de mobilisation des connaissances - Association des biblioth\u00e8ques de recherche du Canada\",\"isPartOf\":{\"@id\":\"https:\\\/\\\/www.carl-abrc.ca\\\/fr\\\/#website\"},\"primaryImageOfPage\":{\"@id\":\"https:\\\/\\\/www.carl-abrc.ca\\\/fr\\\/evenement\\\/appel-du-mois-de-novembre-de-la-communaute-de-pratique-canadienne-sur-la-bibliometrie-et-limpact-de-la-recherche-les-reseaux-sociaux-dans-le-travail-de-mobilisation-des-connaissance\\\/#primaryimage\"},\"image\":{\"@id\":\"https:\\\/\\\/www.carl-abrc.ca\\\/fr\\\/evenement\\\/appel-du-mois-de-novembre-de-la-communaute-de-pratique-canadienne-sur-la-bibliometrie-et-limpact-de-la-recherche-les-reseaux-sociaux-dans-le-travail-de-mobilisation-des-connaissance\\\/#primaryimage\"},\"thumbnailUrl\":\"https:\\\/\\\/www.carl-abrc.ca\\\/wp-content\\\/uploads\\\/2024\\\/09\\\/NewsFeaturedImage-1.jpg\",\"datePublished\":\"2025-09-11T04:21:01+00:00\",\"breadcrumb\":{\"@id\":\"https:\\\/\\\/www.carl-abrc.ca\\\/fr\\\/evenement\\\/appel-du-mois-de-novembre-de-la-communaute-de-pratique-canadienne-sur-la-bibliometrie-et-limpact-de-la-recherche-les-reseaux-sociaux-dans-le-travail-de-mobilisation-des-connaissance\\\/#breadcrumb\"},\"inLanguage\":\"fr-FR\",\"potentialAction\":[{\"@type\":\"ReadAction\",\"target\":[\"https:\\\/\\\/www.carl-abrc.ca\\\/fr\\\/evenement\\\/appel-du-mois-de-novembre-de-la-communaute-de-pratique-canadienne-sur-la-bibliometrie-et-limpact-de-la-recherche-les-reseaux-sociaux-dans-le-travail-de-mobilisation-des-connaissance\\\/\"]}]},{\"@type\":\"ImageObject\",\"inLanguage\":\"fr-FR\",\"@id\":\"https:\\\/\\\/www.carl-abrc.ca\\\/fr\\\/evenement\\\/appel-du-mois-de-novembre-de-la-communaute-de-pratique-canadienne-sur-la-bibliometrie-et-limpact-de-la-recherche-les-reseaux-sociaux-dans-le-travail-de-mobilisation-des-connaissance\\\/#primaryimage\",\"url\":\"https:\\\/\\\/www.carl-abrc.ca\\\/wp-content\\\/uploads\\\/2024\\\/09\\\/NewsFeaturedImage-1.jpg\",\"contentUrl\":\"https:\\\/\\\/www.carl-abrc.ca\\\/wp-content\\\/uploads\\\/2024\\\/09\\\/NewsFeaturedImage-1.jpg\",\"width\":1920,\"height\":1080,\"caption\":\"C.A.R.L. Logo\"},{\"@type\":\"BreadcrumbList\",\"@id\":\"https:\\\/\\\/www.carl-abrc.ca\\\/fr\\\/evenement\\\/appel-du-mois-de-novembre-de-la-communaute-de-pratique-canadienne-sur-la-bibliometrie-et-limpact-de-la-recherche-les-reseaux-sociaux-dans-le-travail-de-mobilisation-des-connaissance\\\/#breadcrumb\",\"itemListElement\":[{\"@type\":\"ListItem\",\"position\":1,\"name\":\"Accueil\",\"item\":\"https:\\\/\\\/www.carl-abrc.ca\\\/fr\\\/home-3\\\/\"},{\"@type\":\"ListItem\",\"position\":2,\"name\":\"\u00c9v\u00e9nements\",\"item\":\"https:\\\/\\\/www.carl-abrc.ca\\\/fr\\\/evenements\\\/\"},{\"@type\":\"ListItem\",\"position\":3,\"name\":\"Appel du mois de novembre de la Communaut\u00e9 de pratique canadienne sur la bibliom\u00e9trie et l\u2019impact de la recherche \u2013 Les r\u00e9seaux sociaux dans le travail de mobilisation des connaissances\"}]},{\"@type\":\"WebSite\",\"@id\":\"https:\\\/\\\/www.carl-abrc.ca\\\/fr\\\/#website\",\"url\":\"https:\\\/\\\/www.carl-abrc.ca\\\/fr\\\/\",\"name\":\"Association des biblioth\u00e8ques de recherche du Canada\",\"description\":\"ABRC\",\"publisher\":{\"@id\":\"https:\\\/\\\/www.carl-abrc.ca\\\/fr\\\/#organization\"},\"potentialAction\":[{\"@type\":\"SearchAction\",\"target\":{\"@type\":\"EntryPoint\",\"urlTemplate\":\"https:\\\/\\\/www.carl-abrc.ca\\\/fr\\\/?s={search_term_string}\"},\"query-input\":{\"@type\":\"PropertyValueSpecification\",\"valueRequired\":true,\"valueName\":\"search_term_string\"}}],\"inLanguage\":\"fr-FR\"},{\"@type\":\"Organization\",\"@id\":\"https:\\\/\\\/www.carl-abrc.ca\\\/fr\\\/#organization\",\"name\":\"Association des biblioth\u00e8ques de recherche du Canada\",\"url\":\"https:\\\/\\\/www.carl-abrc.ca\\\/fr\\\/\",\"logo\":{\"@type\":\"ImageObject\",\"inLanguage\":\"fr-FR\",\"@id\":\"https:\\\/\\\/www.carl-abrc.ca\\\/fr\\\/#\\\/schema\\\/logo\\\/image\\\/\",\"url\":\"https:\\\/\\\/www.carl-abrc.ca\\\/wp-content\\\/uploads\\\/2024\\\/07\\\/cropped-Stacked_Colour_L.png\",\"contentUrl\":\"https:\\\/\\\/www.carl-abrc.ca\\\/wp-content\\\/uploads\\\/2024\\\/07\\\/cropped-Stacked_Colour_L.png\",\"width\":641,\"height\":250,\"caption\":\"Association des biblioth\u00e8ques de recherche du Canada\"},\"image\":{\"@id\":\"https:\\\/\\\/www.carl-abrc.ca\\\/fr\\\/#\\\/schema\\\/logo\\\/image\\\/\"},\"sameAs\":[\"https:\\\/\\\/x.com\\\/carlabrc\"]}]}<\/script>\n<!-- \/ Yoast SEO plugin. -->","yoast_head_json":{"title":"Appel du mois de novembre de la Communaut\u00e9 de pratique canadienne sur la bibliom\u00e9trie et l\u2019impact de la recherche \u2013 Les r\u00e9seaux sociaux dans le travail de mobilisation des connaissances - Association des biblioth\u00e8ques de recherche du Canada","robots":{"index":"index","follow":"follow","max-snippet":"max-snippet:-1","max-image-preview":"max-image-preview:large","max-video-preview":"max-video-preview:-1"},"canonical":"https:\/\/www.carl-abrc.ca\/fr\/evenement\/appel-du-mois-de-novembre-de-la-communaute-de-pratique-canadienne-sur-la-bibliometrie-et-limpact-de-la-recherche-les-reseaux-sociaux-dans-le-travail-de-mobilisation-des-connaissance\/","og_locale":"fr_FR","og_type":"article","og_title":"Appel du mois de novembre de la Communaut\u00e9 de pratique canadienne sur la bibliom\u00e9trie et l\u2019impact de la recherche \u2013 Les r\u00e9seaux sociaux dans le travail de mobilisation des connaissances - Association des biblioth\u00e8ques de recherche du Canada","og_description":"Date: mercredi 15 novembre 2023 Heure: 13h00 \u00e0 14h00 HE Inscription Nous invitons les personnes de partout au Canada qui s\u2019int\u00e9ressent \u00e0 la bibliom\u00e9trie et aux indicateurs d\u2019impact de la [&hellip;]","og_url":"https:\/\/www.carl-abrc.ca\/fr\/evenement\/appel-du-mois-de-novembre-de-la-communaute-de-pratique-canadienne-sur-la-bibliometrie-et-limpact-de-la-recherche-les-reseaux-sociaux-dans-le-travail-de-mobilisation-des-connaissance\/","og_site_name":"Association des biblioth\u00e8ques de recherche du Canada","og_image":[{"width":1920,"height":1080,"url":"https:\/\/www.carl-abrc.ca\/wp-content\/uploads\/2024\/09\/NewsFeaturedImage-1.jpg","type":"image\/jpeg"}],"twitter_misc":{"Dur\u00e9e de lecture estim\u00e9e":"2 minutes"},"schema":{"@context":"https:\/\/schema.org","@graph":[{"@type":"WebPage","@id":"https:\/\/www.carl-abrc.ca\/fr\/evenement\/appel-du-mois-de-novembre-de-la-communaute-de-pratique-canadienne-sur-la-bibliometrie-et-limpact-de-la-recherche-les-reseaux-sociaux-dans-le-travail-de-mobilisation-des-connaissance\/","url":"https:\/\/www.carl-abrc.ca\/fr\/evenement\/appel-du-mois-de-novembre-de-la-communaute-de-pratique-canadienne-sur-la-bibliometrie-et-limpact-de-la-recherche-les-reseaux-sociaux-dans-le-travail-de-mobilisation-des-connaissance\/","name":"Appel du mois de novembre de la Communaut\u00e9 de pratique canadienne sur la bibliom\u00e9trie et l\u2019impact de la recherche \u2013 Les r\u00e9seaux sociaux dans le travail de mobilisation des connaissances - Association des biblioth\u00e8ques de recherche du Canada","isPartOf":{"@id":"https:\/\/www.carl-abrc.ca\/fr\/#website"},"primaryImageOfPage":{"@id":"https:\/\/www.carl-abrc.ca\/fr\/evenement\/appel-du-mois-de-novembre-de-la-communaute-de-pratique-canadienne-sur-la-bibliometrie-et-limpact-de-la-recherche-les-reseaux-sociaux-dans-le-travail-de-mobilisation-des-connaissance\/#primaryimage"},"image":{"@id":"https:\/\/www.carl-abrc.ca\/fr\/evenement\/appel-du-mois-de-novembre-de-la-communaute-de-pratique-canadienne-sur-la-bibliometrie-et-limpact-de-la-recherche-les-reseaux-sociaux-dans-le-travail-de-mobilisation-des-connaissance\/#primaryimage"},"thumbnailUrl":"https:\/\/www.carl-abrc.ca\/wp-content\/uploads\/2024\/09\/NewsFeaturedImage-1.jpg","datePublished":"2025-09-11T04:21:01+00:00","breadcrumb":{"@id":"https:\/\/www.carl-abrc.ca\/fr\/evenement\/appel-du-mois-de-novembre-de-la-communaute-de-pratique-canadienne-sur-la-bibliometrie-et-limpact-de-la-recherche-les-reseaux-sociaux-dans-le-travail-de-mobilisation-des-connaissance\/#breadcrumb"},"inLanguage":"fr-FR","potentialAction":[{"@type":"ReadAction","target":["https:\/\/www.carl-abrc.ca\/fr\/evenement\/appel-du-mois-de-novembre-de-la-communaute-de-pratique-canadienne-sur-la-bibliometrie-et-limpact-de-la-recherche-les-reseaux-sociaux-dans-le-travail-de-mobilisation-des-connaissance\/"]}]},{"@type":"ImageObject","inLanguage":"fr-FR","@id":"https:\/\/www.carl-abrc.ca\/fr\/evenement\/appel-du-mois-de-novembre-de-la-communaute-de-pratique-canadienne-sur-la-bibliometrie-et-limpact-de-la-recherche-les-reseaux-sociaux-dans-le-travail-de-mobilisation-des-connaissance\/#primaryimage","url":"https:\/\/www.carl-abrc.ca\/wp-content\/uploads\/2024\/09\/NewsFeaturedImage-1.jpg","contentUrl":"https:\/\/www.carl-abrc.ca\/wp-content\/uploads\/2024\/09\/NewsFeaturedImage-1.jpg","width":1920,"height":1080,"caption":"C.A.R.L. Logo"},{"@type":"BreadcrumbList","@id":"https:\/\/www.carl-abrc.ca\/fr\/evenement\/appel-du-mois-de-novembre-de-la-communaute-de-pratique-canadienne-sur-la-bibliometrie-et-limpact-de-la-recherche-les-reseaux-sociaux-dans-le-travail-de-mobilisation-des-connaissance\/#breadcrumb","itemListElement":[{"@type":"ListItem","position":1,"name":"Accueil","item":"https:\/\/www.carl-abrc.ca\/fr\/home-3\/"},{"@type":"ListItem","position":2,"name":"\u00c9v\u00e9nements","item":"https:\/\/www.carl-abrc.ca\/fr\/evenements\/"},{"@type":"ListItem","position":3,"name":"Appel du mois de novembre de la Communaut\u00e9 de pratique canadienne sur la bibliom\u00e9trie et l\u2019impact de la recherche \u2013 Les r\u00e9seaux sociaux dans le travail de mobilisation des connaissances"}]},{"@type":"WebSite","@id":"https:\/\/www.carl-abrc.ca\/fr\/#website","url":"https:\/\/www.carl-abrc.ca\/fr\/","name":"Association des biblioth\u00e8ques de recherche du Canada","description":"ABRC","publisher":{"@id":"https:\/\/www.carl-abrc.ca\/fr\/#organization"},"potentialAction":[{"@type":"SearchAction","target":{"@type":"EntryPoint","urlTemplate":"https:\/\/www.carl-abrc.ca\/fr\/?s={search_term_string}"},"query-input":{"@type":"PropertyValueSpecification","valueRequired":true,"valueName":"search_term_string"}}],"inLanguage":"fr-FR"},{"@type":"Organization","@id":"https:\/\/www.carl-abrc.ca\/fr\/#organization","name":"Association des biblioth\u00e8ques de recherche du Canada","url":"https:\/\/www.carl-abrc.ca\/fr\/","logo":{"@type":"ImageObject","inLanguage":"fr-FR","@id":"https:\/\/www.carl-abrc.ca\/fr\/#\/schema\/logo\/image\/","url":"https:\/\/www.carl-abrc.ca\/wp-content\/uploads\/2024\/07\/cropped-Stacked_Colour_L.png","contentUrl":"https:\/\/www.carl-abrc.ca\/wp-content\/uploads\/2024\/07\/cropped-Stacked_Colour_L.png","width":641,"height":250,"caption":"Association des biblioth\u00e8ques de recherche du Canada"},"image":{"@id":"https:\/\/www.carl-abrc.ca\/fr\/#\/schema\/logo\/image\/"},"sameAs":["https:\/\/x.com\/carlabrc"]}]}},"_links":{"self":[{"href":"https:\/\/www.carl-abrc.ca\/fr\/wp-json\/wp\/v2\/tribe_events\/37594","targetHints":{"allow":["GET"]}}],"collection":[{"href":"https:\/\/www.carl-abrc.ca\/fr\/wp-json\/wp\/v2\/tribe_events"}],"about":[{"href":"https:\/\/www.carl-abrc.ca\/fr\/wp-json\/wp\/v2\/types\/tribe_events"}],"author":[{"embeddable":true,"href":"https:\/\/www.carl-abrc.ca\/fr\/wp-json\/wp\/v2\/users\/130"}],"version-history":[{"count":0,"href":"https:\/\/www.carl-abrc.ca\/fr\/wp-json\/wp\/v2\/tribe_events\/37594\/revisions"}],"wp:featuredmedia":[{"embeddable":true,"href":"https:\/\/www.carl-abrc.ca\/fr\/wp-json\/wp\/v2\/media\/36193"}],"wp:attachment":[{"href":"https:\/\/www.carl-abrc.ca\/fr\/wp-json\/wp\/v2\/media?parent=37594"}],"wp:term":[{"taxonomy":"post_tag","embeddable":true,"href":"https:\/\/www.carl-abrc.ca\/fr\/wp-json\/wp\/v2\/tags?post=37594"},{"taxonomy":"tribe_events_cat","embeddable":true,"href":"https:\/\/www.carl-abrc.ca\/fr\/wp-json\/wp\/v2\/tribe_events_cat?post=37594"}],"curies":[{"name":"wp","href":"https:\/\/api.w.org\/{rel}","templated":true}]}}