{"id":37598,"date":"2025-09-11T00:48:37","date_gmt":"2025-09-11T04:48:37","guid":{"rendered":"https:\/\/www.carl-abrc.ca\/?post_type=tribe_events&#038;p=37598"},"modified":"2025-09-11T00:48:37","modified_gmt":"2025-09-11T04:48:37","slug":"appel-du-mois-de-septembre-de-la-communaute-de-pratique-canadienne-sur-la-bibliometrie-et-limpact-de-la-recherche-les-outils-dindexation-et-les-indicateurs-de-revues","status":"publish","type":"tribe_events","link":"https:\/\/www.carl-abrc.ca\/fr\/evenement\/appel-du-mois-de-septembre-de-la-communaute-de-pratique-canadienne-sur-la-bibliometrie-et-limpact-de-la-recherche-les-outils-dindexation-et-les-indicateurs-de-revues\/","title":{"rendered":"Appel du mois de septembre de la Communaut\u00e9 de pratique canadienne sur la bibliom\u00e9trie et l\u2019impact de la recherche \u2013 Les outils d&rsquo;indexation et les indicateurs de revues"},"content":{"rendered":"<p><b>Appel du mois de septembre de la Communaut\u00e9 de pratique canadienne sur la bibliom\u00e9trie et l\u2019impact de la recherche \u2013 Les outils d&rsquo;indexation et les indicateurs de revues<\/b><\/p>\n<p><span style=\"font-weight: 400;\">Date: <\/span><b>mardi 12 septembre, 2023<\/b><\/p>\n<p><span style=\"font-weight: 400;\">Heure: <\/span><b>13h \u00e0 14h30 HE<\/b><\/p>\n<p><b>Inscription<\/b><\/p>\n<p><span style=\"font-weight: 400;\">Nous invitons les personnes de partout au Canada qui s\u2019int\u00e9ressent \u00e0 la bibliom\u00e9trie et aux indicateurs d\u2019impact de la recherche \u00e0 participer \u00e0 l&rsquo;appel du mois de septembre de la communaut\u00e9 de pratique canadienne de la bibliom\u00e9trie et de l\u2019impact de la recherche.\u00a0<\/span><\/p>\n<p><span style=\"font-weight: 400;\">Cette session approfondie abordera deux aspects de l&rsquo;\u00e9dition universitaire : Open Alex et le potentiel d&rsquo;am\u00e9lioration de la qualit\u00e9 de l&rsquo;indexation des revues canadiennes, ainsi que l&rsquo;importance et l&rsquo;utilisation des mesures au niveau des revues, en particulier le facteur d&rsquo;impact des revues.<\/span><\/p>\n<p><span style=\"font-weight: 400;\">Dans le premier segment, <\/span><b>Simon van Bellen<\/b><span style=\"font-weight: 400;\">, conseiller principal en recherche \u00e0 la plateforme d&rsquo;\u00e9dition \u00e0 but non lucratif \u00c9rudit, expliquera comment le d\u00e9veloppement r\u00e9cent d&rsquo;Open Alex peut permettre d&rsquo;obtenir un portrait plus complet du paysage de l&rsquo;\u00e9dition canadienne. La recherche canadienne trouve souvent sa place dans les revues canadiennes qui, selon une \u00e9tude r\u00e9cente, sont soutenues par des fonds publics, des universit\u00e9s et des soci\u00e9t\u00e9s savantes. Le nombre exact de publications est inconnu<\/span> <span style=\"font-weight: 400;\">car ces revues sont mal index\u00e9es dans les outils courants d&rsquo;analyse bibliom\u00e9trique. OpenAlex peut \u00eatre utilis\u00e9 pour \u00e9valuer le niveau et la qualit\u00e9 de l&rsquo;indexation des revues canadiennes et explorer son utilit\u00e9 pour l&rsquo;analyse bibliom\u00e9trique.<\/span><\/p>\n<p><span style=\"font-weight: 400;\">Au deuxi\u00e8me segment, <\/span><b>Christine Brodeur<\/b><span style=\"font-weight: 400;\">, analyste du renseignement pour le Conseil national de la recherche du Canada, d\u00e9m\u00ealera le monde complexe des indicateurs de niveau des revues. Le terme \u00ab\u00a0facteur d&rsquo;impact des revues\u00a0\u00bb vous est peut-\u00eatre familier, mais comprenez-vous sa d\u00e9finition et son mode de calcul ? Savez-vous qu&rsquo;il existe de nombreux autres indicateurs pour les revues ? Connaissez-vous les circonstances dans lesquelles ces indicateurs devraient ou ne devraient pas \u00eatre utilis\u00e9s, ainsi que leurs limites ? La pr\u00e9sentation vise \u00e0 r\u00e9pondre \u00e0 ces questions et \u00e0 stimuler des conversations centr\u00e9es sur<\/span><\/p>\n<p><span style=\"font-weight: 400;\">Les appels communautaires sont organis\u00e9s par le Comit\u00e9 directeur de la communaut\u00e9 de pratique canadienne sur la bibliom\u00e9trie et l\u2019impact de la recherche de l\u2019ABRC :\u00a0<\/span><\/p>\n<ul>\n<li><span style=\"font-weight: 400;\"> \u00a0 \u00a0 \u00a0 <\/span><span style=\"font-weight: 400;\">Philippe Boisvert, Universit\u00e9 Laval<\/span><\/li>\n<li><span style=\"font-weight: 400;\"> \u00a0 \u00a0 \u00a0 <\/span><span style=\"font-weight: 400;\">Laura Bredahl, University of Waterloo<\/span><\/li>\n<li><span style=\"font-weight: 400;\"> \u00a0 \u00a0 \u00a0 <\/span><span style=\"font-weight: 400;\">Christine Brodeur, NRCC \/ NRC<\/span><\/li>\n<li><span style=\"font-weight: 400;\"> \u00a0 \u00a0 \u00a0 <\/span><span style=\"font-weight: 400;\">Thane Chambers, University of Alberta<\/span><\/li>\n<li><span style=\"font-weight: 400;\"> \u00a0 \u00a0 \u00a0 <\/span><span style=\"font-weight: 400;\">Rachel Couban, McMaster University<\/span><\/li>\n<li><span style=\"font-weight: 400;\"> \u00a0 \u00a0 \u00a0 <\/span><span style=\"font-weight: 400;\">Monique Grenier, University of Victoria<\/span><\/li>\n<li><span style=\"font-weight: 400;\"> \u00a0 \u00a0 \u00a0 <\/span><span style=\"font-weight: 400;\">Mindy Thuna, University of Toronto<\/span><\/li>\n<\/ul>\n","protected":false},"excerpt":{"rendered":"<p>Appel du mois de septembre de la Communaut\u00e9 de pratique canadienne sur la bibliom\u00e9trie et l\u2019impact de la recherche \u2013 Les outils d&rsquo;indexation et les indicateurs de revues Date: mardi [&hellip;]<\/p>\n","protected":false},"author":130,"featured_media":36193,"template":"","meta":{"_acf_changed":false,"_EventAllDay":false,"_EventTimezone":"America\/Toronto","_EventStartDate":"2023-09-12 13:00:00","_EventEndDate":"2023-09-12 14:00:00","_EventStartDateUTC":"2023-09-12 17:00:00","_EventEndDateUTC":"2023-09-12 18:00:00","_EventShowMap":false,"_EventShowMapLink":true,"_EventURL":"","_EventCost":"","_EventCostDescription":"","_EventCurrencySymbol":"$","_EventCurrencyCode":"CAD","_EventCurrencyPosition":"prefix","_EventDateTimeSeparator":"","_EventTimeRangeSeparator":"","_EventOrganizerID":[37088],"_EventVenueID":[37071],"_OrganizerEmail":"","_OrganizerPhone":"","_OrganizerWebsite":"","_VenueAddress":"","_VenueCity":"","_VenueCountry":"","_VenueProvince":"","_VenueState":"","_VenueZip":"","_VenuePhone":"","_VenueURL":"","_VenueStateProvince":"","_VenueLat":"","_VenueLng":"","_VenueShowMap":false,"_VenueShowMapLink":false,"_tribe_events_status":"","_tribe_events_status_reason":"","footnotes":""},"tags":[],"tribe_events_cat":[114],"class_list":["post-37598","tribe_events","type-tribe_events","status-publish","has-post-thumbnail","hentry","tribe_events_cat-bibliometrie","cat_bibliometrie"],"acf":[],"yoast_head":"<!-- This site is optimized with the Yoast SEO plugin v27.4 - https:\/\/yoast.com\/product\/yoast-seo-wordpress\/ -->\n<title>Appel du mois de septembre de la Communaut\u00e9 de pratique canadienne sur la bibliom\u00e9trie et l\u2019impact de la recherche \u2013 Les outils d&#039;indexation et les indicateurs de revues - Association des biblioth\u00e8ques de recherche du Canada<\/title>\n<meta name=\"robots\" content=\"index, follow, max-snippet:-1, max-image-preview:large, max-video-preview:-1\" \/>\n<link rel=\"canonical\" href=\"https:\/\/www.carl-abrc.ca\/fr\/evenement\/appel-du-mois-de-septembre-de-la-communaute-de-pratique-canadienne-sur-la-bibliometrie-et-limpact-de-la-recherche-les-outils-dindexation-et-les-indicateurs-de-revues\/\" \/>\n<meta property=\"og:locale\" content=\"fr_FR\" \/>\n<meta property=\"og:type\" content=\"article\" \/>\n<meta property=\"og:title\" content=\"Appel du mois de septembre de la Communaut\u00e9 de pratique canadienne sur la bibliom\u00e9trie et l\u2019impact de la recherche \u2013 Les outils d&#039;indexation et les indicateurs de revues - Association des biblioth\u00e8ques de recherche du Canada\" \/>\n<meta property=\"og:description\" content=\"Appel du mois de septembre de la Communaut\u00e9 de pratique canadienne sur la bibliom\u00e9trie et l\u2019impact de la recherche \u2013 Les outils d&rsquo;indexation et les indicateurs de revues Date: mardi [&hellip;]\" \/>\n<meta property=\"og:url\" content=\"https:\/\/www.carl-abrc.ca\/fr\/evenement\/appel-du-mois-de-septembre-de-la-communaute-de-pratique-canadienne-sur-la-bibliometrie-et-limpact-de-la-recherche-les-outils-dindexation-et-les-indicateurs-de-revues\/\" \/>\n<meta property=\"og:site_name\" content=\"Association des biblioth\u00e8ques de recherche du Canada\" \/>\n<meta property=\"og:image\" content=\"https:\/\/www.carl-abrc.ca\/wp-content\/uploads\/2024\/09\/NewsFeaturedImage-1.jpg\" \/>\n\t<meta property=\"og:image:width\" content=\"1920\" \/>\n\t<meta property=\"og:image:height\" content=\"1080\" \/>\n\t<meta property=\"og:image:type\" content=\"image\/jpeg\" \/>\n<meta name=\"twitter:label1\" content=\"Dur\u00e9e de lecture estim\u00e9e\" \/>\n\t<meta name=\"twitter:data1\" content=\"2 minutes\" \/>\n<script type=\"application\/ld+json\" class=\"yoast-schema-graph\">{\"@context\":\"https:\\\/\\\/schema.org\",\"@graph\":[{\"@type\":\"WebPage\",\"@id\":\"https:\\\/\\\/www.carl-abrc.ca\\\/fr\\\/evenement\\\/appel-du-mois-de-septembre-de-la-communaute-de-pratique-canadienne-sur-la-bibliometrie-et-limpact-de-la-recherche-les-outils-dindexation-et-les-indicateurs-de-revues\\\/\",\"url\":\"https:\\\/\\\/www.carl-abrc.ca\\\/fr\\\/evenement\\\/appel-du-mois-de-septembre-de-la-communaute-de-pratique-canadienne-sur-la-bibliometrie-et-limpact-de-la-recherche-les-outils-dindexation-et-les-indicateurs-de-revues\\\/\",\"name\":\"Appel du mois de septembre de la Communaut\u00e9 de pratique canadienne sur la bibliom\u00e9trie et l\u2019impact de la recherche \u2013 Les outils d'indexation et les indicateurs de revues - Association des biblioth\u00e8ques de recherche du Canada\",\"isPartOf\":{\"@id\":\"https:\\\/\\\/www.carl-abrc.ca\\\/fr\\\/#website\"},\"primaryImageOfPage\":{\"@id\":\"https:\\\/\\\/www.carl-abrc.ca\\\/fr\\\/evenement\\\/appel-du-mois-de-septembre-de-la-communaute-de-pratique-canadienne-sur-la-bibliometrie-et-limpact-de-la-recherche-les-outils-dindexation-et-les-indicateurs-de-revues\\\/#primaryimage\"},\"image\":{\"@id\":\"https:\\\/\\\/www.carl-abrc.ca\\\/fr\\\/evenement\\\/appel-du-mois-de-septembre-de-la-communaute-de-pratique-canadienne-sur-la-bibliometrie-et-limpact-de-la-recherche-les-outils-dindexation-et-les-indicateurs-de-revues\\\/#primaryimage\"},\"thumbnailUrl\":\"https:\\\/\\\/www.carl-abrc.ca\\\/wp-content\\\/uploads\\\/2024\\\/09\\\/NewsFeaturedImage-1.jpg\",\"datePublished\":\"2025-09-11T04:48:37+00:00\",\"breadcrumb\":{\"@id\":\"https:\\\/\\\/www.carl-abrc.ca\\\/fr\\\/evenement\\\/appel-du-mois-de-septembre-de-la-communaute-de-pratique-canadienne-sur-la-bibliometrie-et-limpact-de-la-recherche-les-outils-dindexation-et-les-indicateurs-de-revues\\\/#breadcrumb\"},\"inLanguage\":\"fr-FR\",\"potentialAction\":[{\"@type\":\"ReadAction\",\"target\":[\"https:\\\/\\\/www.carl-abrc.ca\\\/fr\\\/evenement\\\/appel-du-mois-de-septembre-de-la-communaute-de-pratique-canadienne-sur-la-bibliometrie-et-limpact-de-la-recherche-les-outils-dindexation-et-les-indicateurs-de-revues\\\/\"]}]},{\"@type\":\"ImageObject\",\"inLanguage\":\"fr-FR\",\"@id\":\"https:\\\/\\\/www.carl-abrc.ca\\\/fr\\\/evenement\\\/appel-du-mois-de-septembre-de-la-communaute-de-pratique-canadienne-sur-la-bibliometrie-et-limpact-de-la-recherche-les-outils-dindexation-et-les-indicateurs-de-revues\\\/#primaryimage\",\"url\":\"https:\\\/\\\/www.carl-abrc.ca\\\/wp-content\\\/uploads\\\/2024\\\/09\\\/NewsFeaturedImage-1.jpg\",\"contentUrl\":\"https:\\\/\\\/www.carl-abrc.ca\\\/wp-content\\\/uploads\\\/2024\\\/09\\\/NewsFeaturedImage-1.jpg\",\"width\":1920,\"height\":1080,\"caption\":\"C.A.R.L. Logo\"},{\"@type\":\"BreadcrumbList\",\"@id\":\"https:\\\/\\\/www.carl-abrc.ca\\\/fr\\\/evenement\\\/appel-du-mois-de-septembre-de-la-communaute-de-pratique-canadienne-sur-la-bibliometrie-et-limpact-de-la-recherche-les-outils-dindexation-et-les-indicateurs-de-revues\\\/#breadcrumb\",\"itemListElement\":[{\"@type\":\"ListItem\",\"position\":1,\"name\":\"Accueil\",\"item\":\"https:\\\/\\\/www.carl-abrc.ca\\\/fr\\\/home-3\\\/\"},{\"@type\":\"ListItem\",\"position\":2,\"name\":\"\u00c9v\u00e9nements\",\"item\":\"https:\\\/\\\/www.carl-abrc.ca\\\/fr\\\/evenements\\\/\"},{\"@type\":\"ListItem\",\"position\":3,\"name\":\"Appel du mois de septembre de la Communaut\u00e9 de pratique canadienne sur la bibliom\u00e9trie et l\u2019impact de la recherche \u2013 Les outils d&rsquo;indexation et les indicateurs de revues\"}]},{\"@type\":\"WebSite\",\"@id\":\"https:\\\/\\\/www.carl-abrc.ca\\\/fr\\\/#website\",\"url\":\"https:\\\/\\\/www.carl-abrc.ca\\\/fr\\\/\",\"name\":\"Association des biblioth\u00e8ques de recherche du Canada\",\"description\":\"ABRC\",\"publisher\":{\"@id\":\"https:\\\/\\\/www.carl-abrc.ca\\\/fr\\\/#organization\"},\"potentialAction\":[{\"@type\":\"SearchAction\",\"target\":{\"@type\":\"EntryPoint\",\"urlTemplate\":\"https:\\\/\\\/www.carl-abrc.ca\\\/fr\\\/?s={search_term_string}\"},\"query-input\":{\"@type\":\"PropertyValueSpecification\",\"valueRequired\":true,\"valueName\":\"search_term_string\"}}],\"inLanguage\":\"fr-FR\"},{\"@type\":\"Organization\",\"@id\":\"https:\\\/\\\/www.carl-abrc.ca\\\/fr\\\/#organization\",\"name\":\"Association des biblioth\u00e8ques de recherche du Canada\",\"url\":\"https:\\\/\\\/www.carl-abrc.ca\\\/fr\\\/\",\"logo\":{\"@type\":\"ImageObject\",\"inLanguage\":\"fr-FR\",\"@id\":\"https:\\\/\\\/www.carl-abrc.ca\\\/fr\\\/#\\\/schema\\\/logo\\\/image\\\/\",\"url\":\"https:\\\/\\\/www.carl-abrc.ca\\\/wp-content\\\/uploads\\\/2024\\\/07\\\/cropped-Stacked_Colour_L.png\",\"contentUrl\":\"https:\\\/\\\/www.carl-abrc.ca\\\/wp-content\\\/uploads\\\/2024\\\/07\\\/cropped-Stacked_Colour_L.png\",\"width\":641,\"height\":250,\"caption\":\"Association des biblioth\u00e8ques de recherche du Canada\"},\"image\":{\"@id\":\"https:\\\/\\\/www.carl-abrc.ca\\\/fr\\\/#\\\/schema\\\/logo\\\/image\\\/\"},\"sameAs\":[\"https:\\\/\\\/x.com\\\/carlabrc\"]}]}<\/script>\n<!-- \/ Yoast SEO plugin. -->","yoast_head_json":{"title":"Appel du mois de septembre de la Communaut\u00e9 de pratique canadienne sur la bibliom\u00e9trie et l\u2019impact de la recherche \u2013 Les outils d'indexation et les indicateurs de revues - Association des biblioth\u00e8ques de recherche du Canada","robots":{"index":"index","follow":"follow","max-snippet":"max-snippet:-1","max-image-preview":"max-image-preview:large","max-video-preview":"max-video-preview:-1"},"canonical":"https:\/\/www.carl-abrc.ca\/fr\/evenement\/appel-du-mois-de-septembre-de-la-communaute-de-pratique-canadienne-sur-la-bibliometrie-et-limpact-de-la-recherche-les-outils-dindexation-et-les-indicateurs-de-revues\/","og_locale":"fr_FR","og_type":"article","og_title":"Appel du mois de septembre de la Communaut\u00e9 de pratique canadienne sur la bibliom\u00e9trie et l\u2019impact de la recherche \u2013 Les outils d'indexation et les indicateurs de revues - Association des biblioth\u00e8ques de recherche du Canada","og_description":"Appel du mois de septembre de la Communaut\u00e9 de pratique canadienne sur la bibliom\u00e9trie et l\u2019impact de la recherche \u2013 Les outils d&rsquo;indexation et les indicateurs de revues Date: mardi [&hellip;]","og_url":"https:\/\/www.carl-abrc.ca\/fr\/evenement\/appel-du-mois-de-septembre-de-la-communaute-de-pratique-canadienne-sur-la-bibliometrie-et-limpact-de-la-recherche-les-outils-dindexation-et-les-indicateurs-de-revues\/","og_site_name":"Association des biblioth\u00e8ques de recherche du Canada","og_image":[{"width":1920,"height":1080,"url":"https:\/\/www.carl-abrc.ca\/wp-content\/uploads\/2024\/09\/NewsFeaturedImage-1.jpg","type":"image\/jpeg"}],"twitter_misc":{"Dur\u00e9e de lecture estim\u00e9e":"2 minutes"},"schema":{"@context":"https:\/\/schema.org","@graph":[{"@type":"WebPage","@id":"https:\/\/www.carl-abrc.ca\/fr\/evenement\/appel-du-mois-de-septembre-de-la-communaute-de-pratique-canadienne-sur-la-bibliometrie-et-limpact-de-la-recherche-les-outils-dindexation-et-les-indicateurs-de-revues\/","url":"https:\/\/www.carl-abrc.ca\/fr\/evenement\/appel-du-mois-de-septembre-de-la-communaute-de-pratique-canadienne-sur-la-bibliometrie-et-limpact-de-la-recherche-les-outils-dindexation-et-les-indicateurs-de-revues\/","name":"Appel du mois de septembre de la Communaut\u00e9 de pratique canadienne sur la bibliom\u00e9trie et l\u2019impact de la recherche \u2013 Les outils d'indexation et les indicateurs de revues - Association des biblioth\u00e8ques de recherche du Canada","isPartOf":{"@id":"https:\/\/www.carl-abrc.ca\/fr\/#website"},"primaryImageOfPage":{"@id":"https:\/\/www.carl-abrc.ca\/fr\/evenement\/appel-du-mois-de-septembre-de-la-communaute-de-pratique-canadienne-sur-la-bibliometrie-et-limpact-de-la-recherche-les-outils-dindexation-et-les-indicateurs-de-revues\/#primaryimage"},"image":{"@id":"https:\/\/www.carl-abrc.ca\/fr\/evenement\/appel-du-mois-de-septembre-de-la-communaute-de-pratique-canadienne-sur-la-bibliometrie-et-limpact-de-la-recherche-les-outils-dindexation-et-les-indicateurs-de-revues\/#primaryimage"},"thumbnailUrl":"https:\/\/www.carl-abrc.ca\/wp-content\/uploads\/2024\/09\/NewsFeaturedImage-1.jpg","datePublished":"2025-09-11T04:48:37+00:00","breadcrumb":{"@id":"https:\/\/www.carl-abrc.ca\/fr\/evenement\/appel-du-mois-de-septembre-de-la-communaute-de-pratique-canadienne-sur-la-bibliometrie-et-limpact-de-la-recherche-les-outils-dindexation-et-les-indicateurs-de-revues\/#breadcrumb"},"inLanguage":"fr-FR","potentialAction":[{"@type":"ReadAction","target":["https:\/\/www.carl-abrc.ca\/fr\/evenement\/appel-du-mois-de-septembre-de-la-communaute-de-pratique-canadienne-sur-la-bibliometrie-et-limpact-de-la-recherche-les-outils-dindexation-et-les-indicateurs-de-revues\/"]}]},{"@type":"ImageObject","inLanguage":"fr-FR","@id":"https:\/\/www.carl-abrc.ca\/fr\/evenement\/appel-du-mois-de-septembre-de-la-communaute-de-pratique-canadienne-sur-la-bibliometrie-et-limpact-de-la-recherche-les-outils-dindexation-et-les-indicateurs-de-revues\/#primaryimage","url":"https:\/\/www.carl-abrc.ca\/wp-content\/uploads\/2024\/09\/NewsFeaturedImage-1.jpg","contentUrl":"https:\/\/www.carl-abrc.ca\/wp-content\/uploads\/2024\/09\/NewsFeaturedImage-1.jpg","width":1920,"height":1080,"caption":"C.A.R.L. Logo"},{"@type":"BreadcrumbList","@id":"https:\/\/www.carl-abrc.ca\/fr\/evenement\/appel-du-mois-de-septembre-de-la-communaute-de-pratique-canadienne-sur-la-bibliometrie-et-limpact-de-la-recherche-les-outils-dindexation-et-les-indicateurs-de-revues\/#breadcrumb","itemListElement":[{"@type":"ListItem","position":1,"name":"Accueil","item":"https:\/\/www.carl-abrc.ca\/fr\/home-3\/"},{"@type":"ListItem","position":2,"name":"\u00c9v\u00e9nements","item":"https:\/\/www.carl-abrc.ca\/fr\/evenements\/"},{"@type":"ListItem","position":3,"name":"Appel du mois de septembre de la Communaut\u00e9 de pratique canadienne sur la bibliom\u00e9trie et l\u2019impact de la recherche \u2013 Les outils d&rsquo;indexation et les indicateurs de revues"}]},{"@type":"WebSite","@id":"https:\/\/www.carl-abrc.ca\/fr\/#website","url":"https:\/\/www.carl-abrc.ca\/fr\/","name":"Association des biblioth\u00e8ques de recherche du Canada","description":"ABRC","publisher":{"@id":"https:\/\/www.carl-abrc.ca\/fr\/#organization"},"potentialAction":[{"@type":"SearchAction","target":{"@type":"EntryPoint","urlTemplate":"https:\/\/www.carl-abrc.ca\/fr\/?s={search_term_string}"},"query-input":{"@type":"PropertyValueSpecification","valueRequired":true,"valueName":"search_term_string"}}],"inLanguage":"fr-FR"},{"@type":"Organization","@id":"https:\/\/www.carl-abrc.ca\/fr\/#organization","name":"Association des biblioth\u00e8ques de recherche du Canada","url":"https:\/\/www.carl-abrc.ca\/fr\/","logo":{"@type":"ImageObject","inLanguage":"fr-FR","@id":"https:\/\/www.carl-abrc.ca\/fr\/#\/schema\/logo\/image\/","url":"https:\/\/www.carl-abrc.ca\/wp-content\/uploads\/2024\/07\/cropped-Stacked_Colour_L.png","contentUrl":"https:\/\/www.carl-abrc.ca\/wp-content\/uploads\/2024\/07\/cropped-Stacked_Colour_L.png","width":641,"height":250,"caption":"Association des biblioth\u00e8ques de recherche du Canada"},"image":{"@id":"https:\/\/www.carl-abrc.ca\/fr\/#\/schema\/logo\/image\/"},"sameAs":["https:\/\/x.com\/carlabrc"]}]}},"_links":{"self":[{"href":"https:\/\/www.carl-abrc.ca\/fr\/wp-json\/wp\/v2\/tribe_events\/37598","targetHints":{"allow":["GET"]}}],"collection":[{"href":"https:\/\/www.carl-abrc.ca\/fr\/wp-json\/wp\/v2\/tribe_events"}],"about":[{"href":"https:\/\/www.carl-abrc.ca\/fr\/wp-json\/wp\/v2\/types\/tribe_events"}],"author":[{"embeddable":true,"href":"https:\/\/www.carl-abrc.ca\/fr\/wp-json\/wp\/v2\/users\/130"}],"version-history":[{"count":0,"href":"https:\/\/www.carl-abrc.ca\/fr\/wp-json\/wp\/v2\/tribe_events\/37598\/revisions"}],"wp:featuredmedia":[{"embeddable":true,"href":"https:\/\/www.carl-abrc.ca\/fr\/wp-json\/wp\/v2\/media\/36193"}],"wp:attachment":[{"href":"https:\/\/www.carl-abrc.ca\/fr\/wp-json\/wp\/v2\/media?parent=37598"}],"wp:term":[{"taxonomy":"post_tag","embeddable":true,"href":"https:\/\/www.carl-abrc.ca\/fr\/wp-json\/wp\/v2\/tags?post=37598"},{"taxonomy":"tribe_events_cat","embeddable":true,"href":"https:\/\/www.carl-abrc.ca\/fr\/wp-json\/wp\/v2\/tribe_events_cat?post=37598"}],"curies":[{"name":"wp","href":"https:\/\/api.w.org\/{rel}","templated":true}]}}