{"id":37644,"date":"2025-09-13T23:51:08","date_gmt":"2025-09-14T03:51:08","guid":{"rendered":"https:\/\/www.carl-abrc.ca\/?post_type=tribe_events&#038;p=37644"},"modified":"2025-09-13T23:51:08","modified_gmt":"2025-09-14T03:51:08","slug":"webinaire-quelle-est-la-recette-dune-collaboration-fructueuse-pour-faire-progresser-la-capacite-du-canada-en-matiere-de-rel","status":"publish","type":"tribe_events","link":"https:\/\/www.carl-abrc.ca\/fr\/evenement\/webinaire-quelle-est-la-recette-dune-collaboration-fructueuse-pour-faire-progresser-la-capacite-du-canada-en-matiere-de-rel\/","title":{"rendered":"Webinaire : Quelle est la recette d&rsquo;une collaboration fructueuse pour faire progresser la capacit\u00e9 du Canada en mati\u00e8re de REL\u2009?"},"content":{"rendered":"<p>Date : <strong>Jeudi 22 avril, 2021<\/strong><br \/>\nHeure\u00a0: <strong>13h HE<\/strong><br \/>\nInscription (vous \u00eates tous les bienvenus) :<\/p>\n<p>Le financement accord\u00e9 par les gouvernements provinciaux pour favoriser la production et l&rsquo;utilisation de ressources \u00e9ducatives libres (REL) dans l&rsquo;enseignement postsecondaire varie \u00e9norm\u00e9ment au Canada\u2009; certaines provinces ont \u00e9tabli des programmes de financement annuel pour la production et la promotion des REL, d&rsquo;autres accordent un financement ponctuel par projet \u00e0 court terme et quelques provinces n&rsquo;offrent rien du tout. Pourtant, les investissements r\u00e9alis\u00e9s \u00e0 ce jour \u2014 non seulement par les gouvernements provinciaux, mais aussi par des \u00e9tablissements ou des consortiums \u2014 ont clairement produit des r\u00e9sultats importants, comme en t\u00e9moignent l&rsquo;adoption accrue de manuels en REL et la r\u00e9duction des d\u00e9penses des \u00e9tudiantes et \u00e9tudiants. (Pour plus de renseignements, consultez l\u2019<a href=\"https:\/\/www.carl-abrc.ca\/wp-content\/uploads\/2020\/06\/GTDO_analyse_du_contexte_fra.pdf\"><em>Analyse du contexte du service et du soutien a\u0300 l\u2019\u00e9ducation ouverte au Canada<\/em><\/a> du Groupe de travail sur l&rsquo;\u00e9ducation ouverte de l&rsquo;ABRC de 2020)<\/p>\n<p>Alors, comment pouvons-nous faire progresser l&rsquo;adoption des REL de sorte que tous les \u00e9tudiantes et \u00e9tudiants de niveau postsecondaire puissent b\u00e9n\u00e9ficier de REL pertinentes sur le plan r\u00e9gional et que les membres du corps professoral et le personnel d\u2019enseignement qui souhaitent int\u00e9grer l&rsquo;\u00e9ducation ouverte dans leur enseignement disposent du soutien et des mesures incitatives qui leur permettent de le faire\u2009?<\/p>\n<p>Les pan\u00e9listes discuteront des strat\u00e9gies et des possibilit\u00e9s pour augmenter la capacit\u00e9 nationale en mati\u00e8re de REL, que ce soit par le biais du financement, de la formation, de l&rsquo;infrastructure ou du plaidoyer. L&rsquo;exp\u00e9rience de SPARC dans l&rsquo;obtention d&rsquo;engagements de financement aupr\u00e8s du gouvernement f\u00e9d\u00e9ral et dans la mise en place de diverses strat\u00e9gies politiques aupr\u00e8s des \u00c9tats am\u00e9ricains sera \u00e9galement pr\u00e9sent\u00e9e afin d&rsquo;\u00e9clairer la discussion.<\/p>\n<p>Ce webinaire sera enregistr\u00e9 et offert avec un service d\u2019interpr\u00e9tation simultan\u00e9e afin d&rsquo;accommoder les pr\u00e9sentations et la participation en fran\u00e7ais et en anglais.<\/p>\n<p>L&rsquo;ABRC souhaite remercier SPARC pour son soutien dans la planification et la pr\u00e9sentation de ce webinaire.<\/p>\n<p>Mod\u00e9ratrice :<br \/>\n<strong>Bibi Wasiimah Joomun<\/strong>, Directrice g\u00e9n\u00e9rale, Alliance \u00e9tudiante Nouveau-Brunswick<\/p>\n<p>Pan\u00e9listes\u00a0:<br \/>\n<strong>Hailey Babb<\/strong>, Responsable du projet d&rsquo;\u00e9ducation ouverte, SPARC<br \/>\n<strong>Cynthia Holt<\/strong>, Directrice g\u00e9n\u00e9rale, Conseil des biblioth\u00e8ques universitaires de l&rsquo;Atlantique<br \/>\n<strong>Gabrielle Lamontagne<\/strong>, Coordinatrice, Projets de collaboration et indig\u00e9nisation, BC Campus<br \/>\n<strong>Kalin McCluskey<\/strong>, Directrice g\u00e9n\u00e9rale, Alliance canadienne des associations \u00e9tudiantes<br \/>\n<strong>Michael McNally<\/strong>, Professeur associ\u00e9, \u00c9cole de biblioth\u00e9conomie et d&rsquo;information, Universit\u00e9 de l&rsquo;Alberta<br \/>\n<strong>Lucie Vincent-LeBlanc<\/strong>, Directrice g\u00e9n\u00e9rale, Consortium national en d\u00e9veloppement de ressources p\u00e9dagogiques en fran\u00e7ais au coll\u00e9gial<\/p>\n","protected":false},"excerpt":{"rendered":"<p>Date : Jeudi 22 avril, 2021 Heure\u00a0: 13h HE Inscription (vous \u00eates tous les bienvenus) : Le financement accord\u00e9 par les gouvernements provinciaux pour favoriser la production et l&rsquo;utilisation de [&hellip;]<\/p>\n","protected":false},"author":130,"featured_media":36193,"template":"","meta":{"_acf_changed":false,"_EventAllDay":false,"_EventTimezone":"America\/Toronto","_EventStartDate":"2021-04-22 13:00:00","_EventEndDate":"2021-04-22 14:00:00","_EventStartDateUTC":"2021-04-22 17:00:00","_EventEndDateUTC":"2021-04-22 18:00:00","_EventShowMap":false,"_EventShowMapLink":true,"_EventURL":"","_EventCost":"","_EventCostDescription":"","_EventCurrencySymbol":"$","_EventCurrencyCode":"CAD","_EventCurrencyPosition":"prefix","_EventDateTimeSeparator":"","_EventTimeRangeSeparator":"","_EventOrganizerID":[37086],"_EventVenueID":[37071],"_OrganizerEmail":"","_OrganizerPhone":"","_OrganizerWebsite":"","_VenueAddress":"","_VenueCity":"","_VenueCountry":"","_VenueProvince":"","_VenueState":"","_VenueZip":"","_VenuePhone":"","_VenueURL":"","_VenueStateProvince":"","_VenueLat":"","_VenueLng":"","_VenueShowMap":false,"_VenueShowMapLink":false,"_tribe_events_status":"","_tribe_events_status_reason":"","footnotes":""},"tags":[],"tribe_events_cat":[113],"class_list":["post-37644","tribe_events","type-tribe_events","status-publish","has-post-thumbnail","hentry","tribe_events_cat-education-ouverte","cat_education-ouverte"],"acf":[],"yoast_head":"<!-- This site is optimized with the Yoast SEO plugin v27.5 - https:\/\/yoast.com\/product\/yoast-seo-wordpress\/ -->\n<title>Webinaire : Quelle est la recette d&#039;une collaboration fructueuse pour faire progresser la capacit\u00e9 du Canada en mati\u00e8re de REL\u2009? - Association des biblioth\u00e8ques de recherche du Canada<\/title>\n<meta name=\"robots\" content=\"index, follow, max-snippet:-1, max-image-preview:large, max-video-preview:-1\" \/>\n<link rel=\"canonical\" href=\"https:\/\/www.carl-abrc.ca\/fr\/evenement\/webinaire-quelle-est-la-recette-dune-collaboration-fructueuse-pour-faire-progresser-la-capacite-du-canada-en-matiere-de-rel\/\" \/>\n<meta property=\"og:locale\" content=\"fr_FR\" \/>\n<meta property=\"og:type\" content=\"article\" \/>\n<meta property=\"og:title\" content=\"Webinaire : Quelle est la recette d&#039;une collaboration fructueuse pour faire progresser la capacit\u00e9 du Canada en mati\u00e8re de REL\u2009? - Association des biblioth\u00e8ques de recherche du Canada\" \/>\n<meta property=\"og:description\" content=\"Date : Jeudi 22 avril, 2021 Heure\u00a0: 13h HE Inscription (vous \u00eates tous les bienvenus) : Le financement accord\u00e9 par les gouvernements provinciaux pour favoriser la production et l&rsquo;utilisation de [&hellip;]\" \/>\n<meta property=\"og:url\" content=\"https:\/\/www.carl-abrc.ca\/fr\/evenement\/webinaire-quelle-est-la-recette-dune-collaboration-fructueuse-pour-faire-progresser-la-capacite-du-canada-en-matiere-de-rel\/\" \/>\n<meta property=\"og:site_name\" content=\"Association des biblioth\u00e8ques de recherche du Canada\" \/>\n<meta property=\"og:image\" content=\"https:\/\/www.carl-abrc.ca\/wp-content\/uploads\/2024\/09\/NewsFeaturedImage-1.jpg\" \/>\n\t<meta property=\"og:image:width\" content=\"1920\" \/>\n\t<meta property=\"og:image:height\" content=\"1080\" \/>\n\t<meta property=\"og:image:type\" content=\"image\/jpeg\" \/>\n<meta name=\"twitter:label1\" content=\"Dur\u00e9e de lecture estim\u00e9e\" \/>\n\t<meta name=\"twitter:data1\" content=\"2 minutes\" \/>\n<script type=\"application\/ld+json\" class=\"yoast-schema-graph\">{\"@context\":\"https:\\\/\\\/schema.org\",\"@graph\":[{\"@type\":\"WebPage\",\"@id\":\"https:\\\/\\\/www.carl-abrc.ca\\\/fr\\\/evenement\\\/webinaire-quelle-est-la-recette-dune-collaboration-fructueuse-pour-faire-progresser-la-capacite-du-canada-en-matiere-de-rel\\\/\",\"url\":\"https:\\\/\\\/www.carl-abrc.ca\\\/fr\\\/evenement\\\/webinaire-quelle-est-la-recette-dune-collaboration-fructueuse-pour-faire-progresser-la-capacite-du-canada-en-matiere-de-rel\\\/\",\"name\":\"Webinaire : Quelle est la recette d'une collaboration fructueuse pour faire progresser la capacit\u00e9 du Canada en mati\u00e8re de REL\u2009? - Association des biblioth\u00e8ques de recherche du Canada\",\"isPartOf\":{\"@id\":\"https:\\\/\\\/www.carl-abrc.ca\\\/fr\\\/#website\"},\"primaryImageOfPage\":{\"@id\":\"https:\\\/\\\/www.carl-abrc.ca\\\/fr\\\/evenement\\\/webinaire-quelle-est-la-recette-dune-collaboration-fructueuse-pour-faire-progresser-la-capacite-du-canada-en-matiere-de-rel\\\/#primaryimage\"},\"image\":{\"@id\":\"https:\\\/\\\/www.carl-abrc.ca\\\/fr\\\/evenement\\\/webinaire-quelle-est-la-recette-dune-collaboration-fructueuse-pour-faire-progresser-la-capacite-du-canada-en-matiere-de-rel\\\/#primaryimage\"},\"thumbnailUrl\":\"https:\\\/\\\/www.carl-abrc.ca\\\/wp-content\\\/uploads\\\/2024\\\/09\\\/NewsFeaturedImage-1.jpg\",\"datePublished\":\"2025-09-14T03:51:08+00:00\",\"breadcrumb\":{\"@id\":\"https:\\\/\\\/www.carl-abrc.ca\\\/fr\\\/evenement\\\/webinaire-quelle-est-la-recette-dune-collaboration-fructueuse-pour-faire-progresser-la-capacite-du-canada-en-matiere-de-rel\\\/#breadcrumb\"},\"inLanguage\":\"fr-FR\",\"potentialAction\":[{\"@type\":\"ReadAction\",\"target\":[\"https:\\\/\\\/www.carl-abrc.ca\\\/fr\\\/evenement\\\/webinaire-quelle-est-la-recette-dune-collaboration-fructueuse-pour-faire-progresser-la-capacite-du-canada-en-matiere-de-rel\\\/\"]}]},{\"@type\":\"ImageObject\",\"inLanguage\":\"fr-FR\",\"@id\":\"https:\\\/\\\/www.carl-abrc.ca\\\/fr\\\/evenement\\\/webinaire-quelle-est-la-recette-dune-collaboration-fructueuse-pour-faire-progresser-la-capacite-du-canada-en-matiere-de-rel\\\/#primaryimage\",\"url\":\"https:\\\/\\\/www.carl-abrc.ca\\\/wp-content\\\/uploads\\\/2024\\\/09\\\/NewsFeaturedImage-1.jpg\",\"contentUrl\":\"https:\\\/\\\/www.carl-abrc.ca\\\/wp-content\\\/uploads\\\/2024\\\/09\\\/NewsFeaturedImage-1.jpg\",\"width\":1920,\"height\":1080,\"caption\":\"C.A.R.L. Logo\"},{\"@type\":\"BreadcrumbList\",\"@id\":\"https:\\\/\\\/www.carl-abrc.ca\\\/fr\\\/evenement\\\/webinaire-quelle-est-la-recette-dune-collaboration-fructueuse-pour-faire-progresser-la-capacite-du-canada-en-matiere-de-rel\\\/#breadcrumb\",\"itemListElement\":[{\"@type\":\"ListItem\",\"position\":1,\"name\":\"Accueil\",\"item\":\"https:\\\/\\\/www.carl-abrc.ca\\\/fr\\\/home-3\\\/\"},{\"@type\":\"ListItem\",\"position\":2,\"name\":\"\u00c9v\u00e9nements\",\"item\":\"https:\\\/\\\/www.carl-abrc.ca\\\/fr\\\/evenements\\\/\"},{\"@type\":\"ListItem\",\"position\":3,\"name\":\"Webinaire : Quelle est la recette d&#8217;une collaboration fructueuse pour faire progresser la capacit\u00e9 du Canada en mati\u00e8re de REL\u2009?\"}]},{\"@type\":\"WebSite\",\"@id\":\"https:\\\/\\\/www.carl-abrc.ca\\\/fr\\\/#website\",\"url\":\"https:\\\/\\\/www.carl-abrc.ca\\\/fr\\\/\",\"name\":\"Association des biblioth\u00e8ques de recherche du Canada\",\"description\":\"ABRC\",\"publisher\":{\"@id\":\"https:\\\/\\\/www.carl-abrc.ca\\\/fr\\\/#organization\"},\"potentialAction\":[{\"@type\":\"SearchAction\",\"target\":{\"@type\":\"EntryPoint\",\"urlTemplate\":\"https:\\\/\\\/www.carl-abrc.ca\\\/fr\\\/?s={search_term_string}\"},\"query-input\":{\"@type\":\"PropertyValueSpecification\",\"valueRequired\":true,\"valueName\":\"search_term_string\"}}],\"inLanguage\":\"fr-FR\"},{\"@type\":\"Organization\",\"@id\":\"https:\\\/\\\/www.carl-abrc.ca\\\/fr\\\/#organization\",\"name\":\"Association des biblioth\u00e8ques de recherche du Canada\",\"url\":\"https:\\\/\\\/www.carl-abrc.ca\\\/fr\\\/\",\"logo\":{\"@type\":\"ImageObject\",\"inLanguage\":\"fr-FR\",\"@id\":\"https:\\\/\\\/www.carl-abrc.ca\\\/fr\\\/#\\\/schema\\\/logo\\\/image\\\/\",\"url\":\"https:\\\/\\\/www.carl-abrc.ca\\\/wp-content\\\/uploads\\\/2024\\\/07\\\/cropped-Stacked_Colour_L.png\",\"contentUrl\":\"https:\\\/\\\/www.carl-abrc.ca\\\/wp-content\\\/uploads\\\/2024\\\/07\\\/cropped-Stacked_Colour_L.png\",\"width\":641,\"height\":250,\"caption\":\"Association des biblioth\u00e8ques de recherche du Canada\"},\"image\":{\"@id\":\"https:\\\/\\\/www.carl-abrc.ca\\\/fr\\\/#\\\/schema\\\/logo\\\/image\\\/\"},\"sameAs\":[\"https:\\\/\\\/x.com\\\/carlabrc\"]}]}<\/script>\n<!-- \/ Yoast SEO plugin. -->","yoast_head_json":{"title":"Webinaire : Quelle est la recette d'une collaboration fructueuse pour faire progresser la capacit\u00e9 du Canada en mati\u00e8re de REL\u2009? - Association des biblioth\u00e8ques de recherche du Canada","robots":{"index":"index","follow":"follow","max-snippet":"max-snippet:-1","max-image-preview":"max-image-preview:large","max-video-preview":"max-video-preview:-1"},"canonical":"https:\/\/www.carl-abrc.ca\/fr\/evenement\/webinaire-quelle-est-la-recette-dune-collaboration-fructueuse-pour-faire-progresser-la-capacite-du-canada-en-matiere-de-rel\/","og_locale":"fr_FR","og_type":"article","og_title":"Webinaire : Quelle est la recette d'une collaboration fructueuse pour faire progresser la capacit\u00e9 du Canada en mati\u00e8re de REL\u2009? - Association des biblioth\u00e8ques de recherche du Canada","og_description":"Date : Jeudi 22 avril, 2021 Heure\u00a0: 13h HE Inscription (vous \u00eates tous les bienvenus) : Le financement accord\u00e9 par les gouvernements provinciaux pour favoriser la production et l&rsquo;utilisation de [&hellip;]","og_url":"https:\/\/www.carl-abrc.ca\/fr\/evenement\/webinaire-quelle-est-la-recette-dune-collaboration-fructueuse-pour-faire-progresser-la-capacite-du-canada-en-matiere-de-rel\/","og_site_name":"Association des biblioth\u00e8ques de recherche du Canada","og_image":[{"width":1920,"height":1080,"url":"https:\/\/www.carl-abrc.ca\/wp-content\/uploads\/2024\/09\/NewsFeaturedImage-1.jpg","type":"image\/jpeg"}],"twitter_misc":{"Dur\u00e9e de lecture estim\u00e9e":"2 minutes"},"schema":{"@context":"https:\/\/schema.org","@graph":[{"@type":"WebPage","@id":"https:\/\/www.carl-abrc.ca\/fr\/evenement\/webinaire-quelle-est-la-recette-dune-collaboration-fructueuse-pour-faire-progresser-la-capacite-du-canada-en-matiere-de-rel\/","url":"https:\/\/www.carl-abrc.ca\/fr\/evenement\/webinaire-quelle-est-la-recette-dune-collaboration-fructueuse-pour-faire-progresser-la-capacite-du-canada-en-matiere-de-rel\/","name":"Webinaire : Quelle est la recette d'une collaboration fructueuse pour faire progresser la capacit\u00e9 du Canada en mati\u00e8re de REL\u2009? - Association des biblioth\u00e8ques de recherche du Canada","isPartOf":{"@id":"https:\/\/www.carl-abrc.ca\/fr\/#website"},"primaryImageOfPage":{"@id":"https:\/\/www.carl-abrc.ca\/fr\/evenement\/webinaire-quelle-est-la-recette-dune-collaboration-fructueuse-pour-faire-progresser-la-capacite-du-canada-en-matiere-de-rel\/#primaryimage"},"image":{"@id":"https:\/\/www.carl-abrc.ca\/fr\/evenement\/webinaire-quelle-est-la-recette-dune-collaboration-fructueuse-pour-faire-progresser-la-capacite-du-canada-en-matiere-de-rel\/#primaryimage"},"thumbnailUrl":"https:\/\/www.carl-abrc.ca\/wp-content\/uploads\/2024\/09\/NewsFeaturedImage-1.jpg","datePublished":"2025-09-14T03:51:08+00:00","breadcrumb":{"@id":"https:\/\/www.carl-abrc.ca\/fr\/evenement\/webinaire-quelle-est-la-recette-dune-collaboration-fructueuse-pour-faire-progresser-la-capacite-du-canada-en-matiere-de-rel\/#breadcrumb"},"inLanguage":"fr-FR","potentialAction":[{"@type":"ReadAction","target":["https:\/\/www.carl-abrc.ca\/fr\/evenement\/webinaire-quelle-est-la-recette-dune-collaboration-fructueuse-pour-faire-progresser-la-capacite-du-canada-en-matiere-de-rel\/"]}]},{"@type":"ImageObject","inLanguage":"fr-FR","@id":"https:\/\/www.carl-abrc.ca\/fr\/evenement\/webinaire-quelle-est-la-recette-dune-collaboration-fructueuse-pour-faire-progresser-la-capacite-du-canada-en-matiere-de-rel\/#primaryimage","url":"https:\/\/www.carl-abrc.ca\/wp-content\/uploads\/2024\/09\/NewsFeaturedImage-1.jpg","contentUrl":"https:\/\/www.carl-abrc.ca\/wp-content\/uploads\/2024\/09\/NewsFeaturedImage-1.jpg","width":1920,"height":1080,"caption":"C.A.R.L. Logo"},{"@type":"BreadcrumbList","@id":"https:\/\/www.carl-abrc.ca\/fr\/evenement\/webinaire-quelle-est-la-recette-dune-collaboration-fructueuse-pour-faire-progresser-la-capacite-du-canada-en-matiere-de-rel\/#breadcrumb","itemListElement":[{"@type":"ListItem","position":1,"name":"Accueil","item":"https:\/\/www.carl-abrc.ca\/fr\/home-3\/"},{"@type":"ListItem","position":2,"name":"\u00c9v\u00e9nements","item":"https:\/\/www.carl-abrc.ca\/fr\/evenements\/"},{"@type":"ListItem","position":3,"name":"Webinaire : Quelle est la recette d&#8217;une collaboration fructueuse pour faire progresser la capacit\u00e9 du Canada en mati\u00e8re de REL\u2009?"}]},{"@type":"WebSite","@id":"https:\/\/www.carl-abrc.ca\/fr\/#website","url":"https:\/\/www.carl-abrc.ca\/fr\/","name":"Association des biblioth\u00e8ques de recherche du Canada","description":"ABRC","publisher":{"@id":"https:\/\/www.carl-abrc.ca\/fr\/#organization"},"potentialAction":[{"@type":"SearchAction","target":{"@type":"EntryPoint","urlTemplate":"https:\/\/www.carl-abrc.ca\/fr\/?s={search_term_string}"},"query-input":{"@type":"PropertyValueSpecification","valueRequired":true,"valueName":"search_term_string"}}],"inLanguage":"fr-FR"},{"@type":"Organization","@id":"https:\/\/www.carl-abrc.ca\/fr\/#organization","name":"Association des biblioth\u00e8ques de recherche du Canada","url":"https:\/\/www.carl-abrc.ca\/fr\/","logo":{"@type":"ImageObject","inLanguage":"fr-FR","@id":"https:\/\/www.carl-abrc.ca\/fr\/#\/schema\/logo\/image\/","url":"https:\/\/www.carl-abrc.ca\/wp-content\/uploads\/2024\/07\/cropped-Stacked_Colour_L.png","contentUrl":"https:\/\/www.carl-abrc.ca\/wp-content\/uploads\/2024\/07\/cropped-Stacked_Colour_L.png","width":641,"height":250,"caption":"Association des biblioth\u00e8ques de recherche du Canada"},"image":{"@id":"https:\/\/www.carl-abrc.ca\/fr\/#\/schema\/logo\/image\/"},"sameAs":["https:\/\/x.com\/carlabrc"]}]}},"_links":{"self":[{"href":"https:\/\/www.carl-abrc.ca\/fr\/wp-json\/wp\/v2\/tribe_events\/37644","targetHints":{"allow":["GET"]}}],"collection":[{"href":"https:\/\/www.carl-abrc.ca\/fr\/wp-json\/wp\/v2\/tribe_events"}],"about":[{"href":"https:\/\/www.carl-abrc.ca\/fr\/wp-json\/wp\/v2\/types\/tribe_events"}],"author":[{"embeddable":true,"href":"https:\/\/www.carl-abrc.ca\/fr\/wp-json\/wp\/v2\/users\/130"}],"version-history":[{"count":0,"href":"https:\/\/www.carl-abrc.ca\/fr\/wp-json\/wp\/v2\/tribe_events\/37644\/revisions"}],"wp:featuredmedia":[{"embeddable":true,"href":"https:\/\/www.carl-abrc.ca\/fr\/wp-json\/wp\/v2\/media\/36193"}],"wp:attachment":[{"href":"https:\/\/www.carl-abrc.ca\/fr\/wp-json\/wp\/v2\/media?parent=37644"}],"wp:term":[{"taxonomy":"post_tag","embeddable":true,"href":"https:\/\/www.carl-abrc.ca\/fr\/wp-json\/wp\/v2\/tags?post=37644"},{"taxonomy":"tribe_events_cat","embeddable":true,"href":"https:\/\/www.carl-abrc.ca\/fr\/wp-json\/wp\/v2\/tribe_events_cat?post=37644"}],"curies":[{"name":"wp","href":"https:\/\/api.w.org\/{rel}","templated":true}]}}