{"id":37649,"date":"2025-09-14T00:11:12","date_gmt":"2025-09-14T04:11:12","guid":{"rendered":"https:\/\/www.carl-abrc.ca\/?post_type=tribe_events&#038;p=37649"},"modified":"2025-09-14T00:11:12","modified_gmt":"2025-09-14T04:11:12","slug":"open-education-leadership-essentials-oele","status":"publish","type":"tribe_events","link":"https:\/\/www.carl-abrc.ca\/fr\/evenement\/open-education-leadership-essentials-oele\/","title":{"rendered":"Open Education Leadership Essentials (OeLE)"},"content":{"rendered":"<p><strong>Open Education Leadership Essentials<\/strong><br \/>\n[Principes fondamentaux du leadership en \u00e9ducation ouverte]<\/p>\n<p>Date:<strong> 27 et 28 janvier, 2020<br \/>\n<\/strong>Lieu: <strong>Ryerson University, Toronto (Ontario)<\/strong><\/p>\n<p>L\u2019ABRC, avec le soutien de son partenaire BCcampus, pr\u00e9sente Open Education Leadership Essentials Event (OeLE) [Principes fondamentaux du leadership en \u00e9ducation ouverte]. Il s&rsquo;agit d&rsquo;un \u00e9v\u00e9nement de deux jours qui a \u00e9t\u00e9 con\u00e7u par le <a href=\"http:\/\/www.carl-abrc.ca\/fr\/faire-avancer-la-recherche\/communication-savante\/education-ouverte\/\">Groupe de travail sur l\u2019\u00e9ducation ouverte de l\u2019ABRC<\/a> afin d\u2019offrir aux biblioth\u00e9caires canadiens l\u2019information, les comp\u00e9tences et les ressources n\u00e9cessaires pour diriger des initiatives d\u2019\u00e9ducation ouverte. L\u2019\u00e9v\u00e9nement permettra aux participants d\u2019assister \u00e0 des pr\u00e9sentations, de participer \u00e0 des s\u00e9ances d\u2019\u00e9changes et \u00e0 des activit\u00e9s pratiques qui leur fourniront les \u00e9l\u00e9ments de base pour mettre en \u0153uvre des programmes d\u2019\u00e9ducation ouverte sur leur propre campus . Cet \u00e9v\u00e9nement est ouvert aux participants de tout \u00e9tablissement d\u2019enseignement postsecondaire canadien.<\/p>\n<p>M\u00eame si les pr\u00e9sentations se feront en anglais, toute la documentation relative \u00e0 l\u2019\u00e9v\u00e9nement sera disponible en anglais et en fran\u00e7ais.<\/p>\n<p>Pour plus d\u2019informations et de d\u00e9tails sur le programme, voir le Plan du programme\u00a0<a href=\"http:\/\/www.carl-abrc.ca\/wp-content\/uploads\/2019\/09\/OeLE_programplan_en.pdf\">(EN)<\/a>\u00a0<a href=\"http:\/\/www.carl-abrc.ca\/wp-content\/uploads\/2019\/09\/OeLE_plan_programme_fr.pdf\">(FR)<\/a><\/p>\n<p>Pour pr\u00e9parer les participants \u00e0 l\u2019OeLE, le\u00a0Groupe de travail sur l\u2019\u00e9ducation ouverte de l\u2019ABRC offre <a href=\"http:\/\/www.carl-abrc.ca\/fr\/mini-site-page\/oele2020\/webinaires-preparatoires\/\">une s\u00e9rie de webinaires<\/a> ouverts \u00e0 tous, que vous assistiez ou non \u00e0 l\u2019OeLE.<\/p>\n<p>Si vous avez des questions, veuillez communiquer avec Erin\u00a0Fields, agente du programme-invit\u00e9 de l\u2019ABRC pour l\u2019\u00e9ducation ouverte (<a href=\"mailto:erin.fields@ubc.ca\">erin.fields@ubc.ca<\/a>) ou Lise\u00a0Brin, agente de programme \u00e0 l\u2019ABRC (<u><a href=\"mailto:lise.brin@carl-abrc.ca\">lise.brin@carl-abrc.ca<\/a><\/u>).<\/p>\n<p>De plus amples renseignements sur le GT\u00c9O de l\u2019ABRC se trouvent sur la\u00a0<a href=\"http:\/\/www.carl-abrc.ca\/fr\/faire-avancer-la-recherche\/communication-savante\/education-ouverte\/\">page Web de l\u2019\u00e9ducation ouverte de l\u2019ABRC<\/a>.<\/p>\n<p><img decoding=\"async\" class=\"alignnone size-medium\" src=\"http:\/\/www.carl-abrc.ca\/wp-content\/uploads\/2018\/03\/Stacked_Colour_tagline_S.png\" width=\"259\" height=\"101\" \/>\u00a0 \u00a0 <img decoding=\"async\" class=\"alignnone \" src=\"http:\/\/www.carl-abrc.ca\/wp-content\/uploads\/2019\/11\/BCcampus-2018tagline-logo.png\" width=\"244\" height=\"89\" \/><\/p>\n","protected":false},"excerpt":{"rendered":"<p>Open Education Leadership Essentials [Principes fondamentaux du leadership en \u00e9ducation ouverte] Date: 27 et 28 janvier, 2020 Lieu: Ryerson University, Toronto (Ontario) L\u2019ABRC, avec le soutien de son partenaire BCcampus, [&hellip;]<\/p>\n","protected":false},"author":130,"featured_media":36193,"template":"","meta":{"_acf_changed":false,"_EventAllDay":true,"_EventTimezone":"America\/Toronto","_EventStartDate":"2020-01-27 00:00:00","_EventEndDate":"2020-01-28 23:59:59","_EventStartDateUTC":"2020-01-27 05:00:00","_EventEndDateUTC":"2020-01-29 04:59:59","_EventShowMap":false,"_EventShowMapLink":false,"_EventURL":"","_EventCost":"","_EventCostDescription":"","_EventCurrencySymbol":"$","_EventCurrencyCode":"CAD","_EventCurrencyPosition":"prefix","_EventDateTimeSeparator":"","_EventTimeRangeSeparator":"","_EventOrganizerID":[37075],"_EventVenueID":[36942],"_OrganizerEmail":"","_OrganizerPhone":"","_OrganizerWebsite":"","_VenueAddress":"","_VenueCity":"","_VenueCountry":"","_VenueProvince":"","_VenueState":"","_VenueZip":"","_VenuePhone":"","_VenueURL":"","_VenueStateProvince":"","_VenueLat":"","_VenueLng":"","_VenueShowMap":false,"_VenueShowMapLink":false,"_tribe_events_status":"","_tribe_events_status_reason":"","footnotes":""},"tags":[],"tribe_events_cat":[113],"class_list":["post-37649","tribe_events","type-tribe_events","status-publish","has-post-thumbnail","hentry","tribe_events_cat-education-ouverte","cat_education-ouverte"],"acf":[],"yoast_head":"<!-- This site is optimized with the Yoast SEO plugin v27.5 - https:\/\/yoast.com\/product\/yoast-seo-wordpress\/ -->\n<title>Open Education Leadership Essentials (OeLE) - Association des biblioth\u00e8ques de recherche du Canada<\/title>\n<meta name=\"robots\" content=\"index, follow, max-snippet:-1, max-image-preview:large, max-video-preview:-1\" \/>\n<link rel=\"canonical\" href=\"https:\/\/www.carl-abrc.ca\/fr\/evenement\/open-education-leadership-essentials-oele\/\" \/>\n<meta property=\"og:locale\" content=\"fr_FR\" \/>\n<meta property=\"og:type\" content=\"article\" \/>\n<meta property=\"og:title\" content=\"Open Education Leadership Essentials (OeLE) - Association des biblioth\u00e8ques de recherche du Canada\" \/>\n<meta property=\"og:description\" content=\"Open Education Leadership Essentials [Principes fondamentaux du leadership en \u00e9ducation ouverte] Date: 27 et 28 janvier, 2020 Lieu: Ryerson University, Toronto (Ontario) L\u2019ABRC, avec le soutien de son partenaire BCcampus, [&hellip;]\" \/>\n<meta property=\"og:url\" content=\"https:\/\/www.carl-abrc.ca\/fr\/evenement\/open-education-leadership-essentials-oele\/\" \/>\n<meta property=\"og:site_name\" content=\"Association des biblioth\u00e8ques de recherche du Canada\" \/>\n<meta property=\"og:image\" content=\"https:\/\/www.carl-abrc.ca\/wp-content\/uploads\/2024\/09\/NewsFeaturedImage-1.jpg\" \/>\n\t<meta property=\"og:image:width\" content=\"1920\" \/>\n\t<meta property=\"og:image:height\" content=\"1080\" \/>\n\t<meta property=\"og:image:type\" content=\"image\/jpeg\" \/>\n<meta name=\"twitter:label1\" content=\"Dur\u00e9e de lecture estim\u00e9e\" \/>\n\t<meta name=\"twitter:data1\" content=\"2 minutes\" \/>\n<script type=\"application\/ld+json\" class=\"yoast-schema-graph\">{\"@context\":\"https:\\\/\\\/schema.org\",\"@graph\":[{\"@type\":\"WebPage\",\"@id\":\"https:\\\/\\\/www.carl-abrc.ca\\\/fr\\\/evenement\\\/open-education-leadership-essentials-oele\\\/\",\"url\":\"https:\\\/\\\/www.carl-abrc.ca\\\/fr\\\/evenement\\\/open-education-leadership-essentials-oele\\\/\",\"name\":\"Open Education Leadership Essentials (OeLE) - Association des biblioth\u00e8ques de recherche du Canada\",\"isPartOf\":{\"@id\":\"https:\\\/\\\/www.carl-abrc.ca\\\/fr\\\/#website\"},\"primaryImageOfPage\":{\"@id\":\"https:\\\/\\\/www.carl-abrc.ca\\\/fr\\\/evenement\\\/open-education-leadership-essentials-oele\\\/#primaryimage\"},\"image\":{\"@id\":\"https:\\\/\\\/www.carl-abrc.ca\\\/fr\\\/evenement\\\/open-education-leadership-essentials-oele\\\/#primaryimage\"},\"thumbnailUrl\":\"https:\\\/\\\/www.carl-abrc.ca\\\/wp-content\\\/uploads\\\/2024\\\/09\\\/NewsFeaturedImage-1.jpg\",\"datePublished\":\"2025-09-14T04:11:12+00:00\",\"breadcrumb\":{\"@id\":\"https:\\\/\\\/www.carl-abrc.ca\\\/fr\\\/evenement\\\/open-education-leadership-essentials-oele\\\/#breadcrumb\"},\"inLanguage\":\"fr-FR\",\"potentialAction\":[{\"@type\":\"ReadAction\",\"target\":[\"https:\\\/\\\/www.carl-abrc.ca\\\/fr\\\/evenement\\\/open-education-leadership-essentials-oele\\\/\"]}]},{\"@type\":\"ImageObject\",\"inLanguage\":\"fr-FR\",\"@id\":\"https:\\\/\\\/www.carl-abrc.ca\\\/fr\\\/evenement\\\/open-education-leadership-essentials-oele\\\/#primaryimage\",\"url\":\"https:\\\/\\\/www.carl-abrc.ca\\\/wp-content\\\/uploads\\\/2024\\\/09\\\/NewsFeaturedImage-1.jpg\",\"contentUrl\":\"https:\\\/\\\/www.carl-abrc.ca\\\/wp-content\\\/uploads\\\/2024\\\/09\\\/NewsFeaturedImage-1.jpg\",\"width\":1920,\"height\":1080,\"caption\":\"C.A.R.L. Logo\"},{\"@type\":\"BreadcrumbList\",\"@id\":\"https:\\\/\\\/www.carl-abrc.ca\\\/fr\\\/evenement\\\/open-education-leadership-essentials-oele\\\/#breadcrumb\",\"itemListElement\":[{\"@type\":\"ListItem\",\"position\":1,\"name\":\"Accueil\",\"item\":\"https:\\\/\\\/www.carl-abrc.ca\\\/fr\\\/home-3\\\/\"},{\"@type\":\"ListItem\",\"position\":2,\"name\":\"\u00c9v\u00e9nements\",\"item\":\"https:\\\/\\\/www.carl-abrc.ca\\\/fr\\\/evenements\\\/\"},{\"@type\":\"ListItem\",\"position\":3,\"name\":\"Open Education Leadership Essentials (OeLE)\"}]},{\"@type\":\"WebSite\",\"@id\":\"https:\\\/\\\/www.carl-abrc.ca\\\/fr\\\/#website\",\"url\":\"https:\\\/\\\/www.carl-abrc.ca\\\/fr\\\/\",\"name\":\"Association des biblioth\u00e8ques de recherche du Canada\",\"description\":\"ABRC\",\"publisher\":{\"@id\":\"https:\\\/\\\/www.carl-abrc.ca\\\/fr\\\/#organization\"},\"potentialAction\":[{\"@type\":\"SearchAction\",\"target\":{\"@type\":\"EntryPoint\",\"urlTemplate\":\"https:\\\/\\\/www.carl-abrc.ca\\\/fr\\\/?s={search_term_string}\"},\"query-input\":{\"@type\":\"PropertyValueSpecification\",\"valueRequired\":true,\"valueName\":\"search_term_string\"}}],\"inLanguage\":\"fr-FR\"},{\"@type\":\"Organization\",\"@id\":\"https:\\\/\\\/www.carl-abrc.ca\\\/fr\\\/#organization\",\"name\":\"Association des biblioth\u00e8ques de recherche du Canada\",\"url\":\"https:\\\/\\\/www.carl-abrc.ca\\\/fr\\\/\",\"logo\":{\"@type\":\"ImageObject\",\"inLanguage\":\"fr-FR\",\"@id\":\"https:\\\/\\\/www.carl-abrc.ca\\\/fr\\\/#\\\/schema\\\/logo\\\/image\\\/\",\"url\":\"https:\\\/\\\/www.carl-abrc.ca\\\/wp-content\\\/uploads\\\/2024\\\/07\\\/cropped-Stacked_Colour_L.png\",\"contentUrl\":\"https:\\\/\\\/www.carl-abrc.ca\\\/wp-content\\\/uploads\\\/2024\\\/07\\\/cropped-Stacked_Colour_L.png\",\"width\":641,\"height\":250,\"caption\":\"Association des biblioth\u00e8ques de recherche du Canada\"},\"image\":{\"@id\":\"https:\\\/\\\/www.carl-abrc.ca\\\/fr\\\/#\\\/schema\\\/logo\\\/image\\\/\"},\"sameAs\":[\"https:\\\/\\\/x.com\\\/carlabrc\"]}]}<\/script>\n<!-- \/ Yoast SEO plugin. -->","yoast_head_json":{"title":"Open Education Leadership Essentials (OeLE) - Association des biblioth\u00e8ques de recherche du Canada","robots":{"index":"index","follow":"follow","max-snippet":"max-snippet:-1","max-image-preview":"max-image-preview:large","max-video-preview":"max-video-preview:-1"},"canonical":"https:\/\/www.carl-abrc.ca\/fr\/evenement\/open-education-leadership-essentials-oele\/","og_locale":"fr_FR","og_type":"article","og_title":"Open Education Leadership Essentials (OeLE) - Association des biblioth\u00e8ques de recherche du Canada","og_description":"Open Education Leadership Essentials [Principes fondamentaux du leadership en \u00e9ducation ouverte] Date: 27 et 28 janvier, 2020 Lieu: Ryerson University, Toronto (Ontario) L\u2019ABRC, avec le soutien de son partenaire BCcampus, [&hellip;]","og_url":"https:\/\/www.carl-abrc.ca\/fr\/evenement\/open-education-leadership-essentials-oele\/","og_site_name":"Association des biblioth\u00e8ques de recherche du Canada","og_image":[{"width":1920,"height":1080,"url":"https:\/\/www.carl-abrc.ca\/wp-content\/uploads\/2024\/09\/NewsFeaturedImage-1.jpg","type":"image\/jpeg"}],"twitter_misc":{"Dur\u00e9e de lecture estim\u00e9e":"2 minutes"},"schema":{"@context":"https:\/\/schema.org","@graph":[{"@type":"WebPage","@id":"https:\/\/www.carl-abrc.ca\/fr\/evenement\/open-education-leadership-essentials-oele\/","url":"https:\/\/www.carl-abrc.ca\/fr\/evenement\/open-education-leadership-essentials-oele\/","name":"Open Education Leadership Essentials (OeLE) - Association des biblioth\u00e8ques de recherche du Canada","isPartOf":{"@id":"https:\/\/www.carl-abrc.ca\/fr\/#website"},"primaryImageOfPage":{"@id":"https:\/\/www.carl-abrc.ca\/fr\/evenement\/open-education-leadership-essentials-oele\/#primaryimage"},"image":{"@id":"https:\/\/www.carl-abrc.ca\/fr\/evenement\/open-education-leadership-essentials-oele\/#primaryimage"},"thumbnailUrl":"https:\/\/www.carl-abrc.ca\/wp-content\/uploads\/2024\/09\/NewsFeaturedImage-1.jpg","datePublished":"2025-09-14T04:11:12+00:00","breadcrumb":{"@id":"https:\/\/www.carl-abrc.ca\/fr\/evenement\/open-education-leadership-essentials-oele\/#breadcrumb"},"inLanguage":"fr-FR","potentialAction":[{"@type":"ReadAction","target":["https:\/\/www.carl-abrc.ca\/fr\/evenement\/open-education-leadership-essentials-oele\/"]}]},{"@type":"ImageObject","inLanguage":"fr-FR","@id":"https:\/\/www.carl-abrc.ca\/fr\/evenement\/open-education-leadership-essentials-oele\/#primaryimage","url":"https:\/\/www.carl-abrc.ca\/wp-content\/uploads\/2024\/09\/NewsFeaturedImage-1.jpg","contentUrl":"https:\/\/www.carl-abrc.ca\/wp-content\/uploads\/2024\/09\/NewsFeaturedImage-1.jpg","width":1920,"height":1080,"caption":"C.A.R.L. Logo"},{"@type":"BreadcrumbList","@id":"https:\/\/www.carl-abrc.ca\/fr\/evenement\/open-education-leadership-essentials-oele\/#breadcrumb","itemListElement":[{"@type":"ListItem","position":1,"name":"Accueil","item":"https:\/\/www.carl-abrc.ca\/fr\/home-3\/"},{"@type":"ListItem","position":2,"name":"\u00c9v\u00e9nements","item":"https:\/\/www.carl-abrc.ca\/fr\/evenements\/"},{"@type":"ListItem","position":3,"name":"Open Education Leadership Essentials (OeLE)"}]},{"@type":"WebSite","@id":"https:\/\/www.carl-abrc.ca\/fr\/#website","url":"https:\/\/www.carl-abrc.ca\/fr\/","name":"Association des biblioth\u00e8ques de recherche du Canada","description":"ABRC","publisher":{"@id":"https:\/\/www.carl-abrc.ca\/fr\/#organization"},"potentialAction":[{"@type":"SearchAction","target":{"@type":"EntryPoint","urlTemplate":"https:\/\/www.carl-abrc.ca\/fr\/?s={search_term_string}"},"query-input":{"@type":"PropertyValueSpecification","valueRequired":true,"valueName":"search_term_string"}}],"inLanguage":"fr-FR"},{"@type":"Organization","@id":"https:\/\/www.carl-abrc.ca\/fr\/#organization","name":"Association des biblioth\u00e8ques de recherche du Canada","url":"https:\/\/www.carl-abrc.ca\/fr\/","logo":{"@type":"ImageObject","inLanguage":"fr-FR","@id":"https:\/\/www.carl-abrc.ca\/fr\/#\/schema\/logo\/image\/","url":"https:\/\/www.carl-abrc.ca\/wp-content\/uploads\/2024\/07\/cropped-Stacked_Colour_L.png","contentUrl":"https:\/\/www.carl-abrc.ca\/wp-content\/uploads\/2024\/07\/cropped-Stacked_Colour_L.png","width":641,"height":250,"caption":"Association des biblioth\u00e8ques de recherche du Canada"},"image":{"@id":"https:\/\/www.carl-abrc.ca\/fr\/#\/schema\/logo\/image\/"},"sameAs":["https:\/\/x.com\/carlabrc"]}]}},"_links":{"self":[{"href":"https:\/\/www.carl-abrc.ca\/fr\/wp-json\/wp\/v2\/tribe_events\/37649","targetHints":{"allow":["GET"]}}],"collection":[{"href":"https:\/\/www.carl-abrc.ca\/fr\/wp-json\/wp\/v2\/tribe_events"}],"about":[{"href":"https:\/\/www.carl-abrc.ca\/fr\/wp-json\/wp\/v2\/types\/tribe_events"}],"author":[{"embeddable":true,"href":"https:\/\/www.carl-abrc.ca\/fr\/wp-json\/wp\/v2\/users\/130"}],"version-history":[{"count":0,"href":"https:\/\/www.carl-abrc.ca\/fr\/wp-json\/wp\/v2\/tribe_events\/37649\/revisions"}],"wp:featuredmedia":[{"embeddable":true,"href":"https:\/\/www.carl-abrc.ca\/fr\/wp-json\/wp\/v2\/media\/36193"}],"wp:attachment":[{"href":"https:\/\/www.carl-abrc.ca\/fr\/wp-json\/wp\/v2\/media?parent=37649"}],"wp:term":[{"taxonomy":"post_tag","embeddable":true,"href":"https:\/\/www.carl-abrc.ca\/fr\/wp-json\/wp\/v2\/tags?post=37649"},{"taxonomy":"tribe_events_cat","embeddable":true,"href":"https:\/\/www.carl-abrc.ca\/fr\/wp-json\/wp\/v2\/tribe_events_cat?post=37649"}],"curies":[{"name":"wp","href":"https:\/\/api.w.org\/{rel}","templated":true}]}}