{"id":37653,"date":"2025-09-14T00:27:31","date_gmt":"2025-09-14T04:27:31","guid":{"rendered":"https:\/\/www.carl-abrc.ca\/?post_type=tribe_events&#038;p=37653"},"modified":"2026-03-18T10:02:55","modified_gmt":"2026-03-18T14:02:55","slug":"risk-north-collections-en-peril","status":"publish","type":"tribe_events","link":"https:\/\/www.carl-abrc.ca\/fr\/evenement\/risk-north-collections-en-peril\/","title":{"rendered":"@Risk North (Collections en p\u00e9ril)"},"content":{"rendered":"<p><strong><a href=\"http:\/\/www.carl-abrc.ca\/fr\/\"><img decoding=\"async\" class=\"alignnone\" src=\"http:\/\/www.carl-abrc.ca\/wp-content\/uploads\/2016\/10\/Stacked_Colour_S.png\" alt=\"CARL-ABRC logo\" width=\"204\" height=\"80\" \/>\u00a0\u00a0<\/a>\u00a0\u00a0<img decoding=\"async\" class=\"alignnone \" src=\"http:\/\/www.carl-abrc.ca\/wp-content\/uploads\/2017\/08\/LAC_logo2.png\" width=\"300\" \/><\/strong><br \/>\n<a href=\"http:\/\/www.crl.edu\/\"><img decoding=\"async\" class=\"alignnone \" src=\"http:\/\/www.carl-abrc.ca\/wp-content\/uploads\/2017\/08\/crl_logo.png\" alt=\"Center for Research Libraries logo\" width=\"281\" height=\"46\" \/>\u00a0 \u00a0\u00a0<img decoding=\"async\" class=\"alignnone \" src=\"http:\/\/www.carl-abrc.ca\/wp-content\/uploads\/2017\/09\/UofT_libraries_logo.png\" width=\"254\" height=\"57\" \/><\/a><\/p>\n<p><strong>@Risk North (Collections en p\u00e9ril)<\/strong><br \/>\n<strong>Le partage de ressources et d&rsquo;expertise pour la pr\u00e9servation des collections de recherche imprim\u00e9es<\/strong><\/p>\n<p>Date : <strong>10 novembre 2017<br \/>\n<\/strong>Heure :<strong> (8h30 \u00e0 16h00)<\/strong><br \/>\nLieu: <strong>Biblioth\u00e8que et archives Canada, 395 rue Wellington, Ottawa, Ontario K1A 0N4<\/strong><\/p>\n<p>Il y aura des pr\u00e9sentations en fran\u00e7ais ainsi qu\u2019en anglais. L\u2019interpr\u00e9tation simultan\u00e9e sera offerte.<\/p>\n<p><strong>Co\u00fbt d&rsquo;inscription : $125 <\/strong>(gratuit pour conf\u00e9renciers et directeurs\/trices de biblioth\u00e8ques membres de l\u2019ABRC ou du CRL &#8212; ainsi que leurs repr\u00e9sentants d\u00e9l\u00e9gu\u00e9s)<\/p>\n<p>Compte tenu de la demande croissante de ressources en ligne et de la diminution de la circulation des exploitations imprim\u00e9es, et en m\u00eame temps les pressions budg\u00e9taires et spatiales, il est difficile de rester d\u00e9termin\u00e9 \u00e0 soutenir les collections imprim\u00e9es dans nos biblioth\u00e8ques acad\u00e9miques. Les approches coop\u00e9ratives pour l&rsquo;acquisition, l&rsquo;entreposage et la r\u00e9duction responsable des collections de ressources imprim\u00e9es gagnent de l&rsquo;ampleur car les biblioth\u00e8ques cherchent \u00e0 se partager les frais et la responsabilit\u00e9. Avec la cr\u00e9ation de tels programmes, de nouvelles questions : quelles sont les responsabilit\u00e9s des biblioth\u00e8ques en mati\u00e8re de sauvegarde de nos impressions domestique et envers les collections de publications savantes internationales que nous assemblons depuis des d\u00e9cennies? Quel est un cadre raisonnable pour d\u00e9finir combien et quelles copies sont conserv\u00e9es? Quels mod\u00e8les d&rsquo;impression partag\u00e9s se r\u00e9v\u00e8lent les plus efficaces?<\/p>\n<p><strong>@Risk North (Collections en p\u00e9ril)<\/strong>, qui s\u2019inspire de la r\u00e9union <a href=\"https:\/\/www.crl.edu\/events\/risk-stewardship-due-diligence-and-future-print-crl-collections-forum\"><em>@Risk<\/em><\/a> que le Center for Research Libraries a tenue \u00e0 Chicago en avril 2016, donnera aux participants l&rsquo;occasion de discuter de l&rsquo;\u00e9tat des programmes partag\u00e9s de pr\u00e9servation de ressources imprim\u00e9es au Canada dans un contexte destin\u00e9 \u00e0 pousser ces conversations en cours d&rsquo;action. Les conf\u00e9renciers donneront un aper\u00e7u de d\u00e9p\u00f4ts partag\u00e9s importants aux \u00c9tats-Unis et ailleurs, discuteront de l\u2019\u00e9tat actuel des initiatives canadiennes de d\u00e9p\u00f4t partag\u00e9, et pr\u00e9senteront les possibilit\u00e9s en mati\u00e8re d\u2019infrastructure partag\u00e9e solide et rationnelle pour les documents imprim\u00e9s au Canada.<\/p>\n<p>Tous sont invit\u00e9s \u00e0 assister, qu\u2019ils soient employ\u00e9s d\u2019\u00e9tablissements membres de l\u2019ABRC ou non. La journ\u00e9e est con\u00e7ue pour accueillir les directeurs et directrices de biblioth\u00e8ques ainsi que tout autre employ\u00e9 de leurs \u00e9tablissements.<\/p>\n<p><strong>Comit\u00e9 organisateur :<\/strong><br \/>\nGwen Bird (Simon Fraser University)<br \/>\nLise Brin et Susan Haigh (CARL)<br \/>\nMonica Fuijkschot et Alison Bullock (Library &amp; Archives Canada)<br \/>\nSteve Marks et Caitlin Tillman (University of Toronto)<br \/>\nBernard F. Reilly (Center for Research Libraries)<\/p>\n<div id=\"accordion-1\" class=\"accordion no-js\"><\/p>\n<p>\n\t\t\t\t\t<h2 role=\"button\" id=\"accordion-1-t1\" class=\"accordion-title js-accordion-controller\" aria-controls=\"accordion-1-c1\" aria-expanded=\"false\" tabindex=\"0\" data-initialstate=\"closed\">\n\t\t\t\t&gt; Programmation\t\t\t<\/h2>\n\t\t\n\t\t<div id=\"accordion-1-c1\" class=\"accordion-content\" aria-hidden=\"true\">\n\t\t\t<\/p>\n<p><strong>8 h 30 \u00e0 9 h 00<\/strong><br \/>\n<em>Caf\u00e9<\/em><\/p>\n<p><strong>9 h 00 \u00e0 9 h 15<\/strong><br \/>\nMot de bienvenue<\/p>\n<ul>\n<li><strong>Donna Bourne-Tyson,\u00a0<\/strong>University Librarian, Dalhousie University et pr\u00e9sidente de l\u2019ABRC<\/li>\n<li><strong>Guy Berthiaume<\/strong>, Biblioth\u00e9caire et archiviste du Canada, Biblioth\u00e8que et archives du Canada<\/li>\n<\/ul>\n<p><strong>9 h 15 \u00e0 10 h 15<\/strong><br \/>\nDiscours th\u00e8me \u2013\u00a0<em>\u00a0\u2018Efforts en conservation \u00e0 long terme de la documentation imprim\u00e9e : un aper\u00e7u actuel des mod\u00e8les internationaux, d\u00e9fis et ouvertures\u2019<\/em><\/p>\n<ul>\n<li><strong>Constance Malpas<\/strong>, Research Scientist, OCLC<\/li>\n<\/ul>\n<p><strong>10 h 15 \u00e0 10 h 45<\/strong><br \/>\n<em>Pause-r\u00e9seautage\/pause-sant\u00e9\u00a0\u2013 caf\u00e9 et rafra\u00eechissements<\/em><\/p>\n<p><strong>10 h 45 \u00e0 11 h 15<\/strong><br \/>\nPr\u00e9sentation \u2014\u00a0<em>\u2018@Risk et les efforts nationaux coordonn\u00e9s en mati\u00e8re de pr\u00e9servation de documents imprim\u00e9s aux \u00c9tats-Unis\u2019<\/em><\/p>\n<ul>\n<li><strong>Bernard F. Reilly<\/strong>, President, Center for Research Libraries<\/li>\n<\/ul>\n<p><strong>11 h 15 \u00e0 12 h 00<br \/>\n<\/strong>Collections de patrimoine national\u00a0\u2013 perspectives sur la collecte impos\u00e9e<\/p>\n<ul>\n<li><strong>Monica Fuijkschot\u00a0<\/strong>(BAC)<\/li>\n<li><strong>Maureen Clapperton<\/strong>\u00a0(BAnQ)<\/li>\n<\/ul>\n<p><strong>12 h 00 \u00e0 12 h 30<\/strong><br \/>\nDiscussion aux tables sur les mod\u00e8les pr\u00e9sent\u00e9s\u00a0jusqu\u2019\u00e0 pr\u00e9sent<\/p>\n<p><strong>12 h 30 \u00e0 13 h 30<\/strong><br \/>\n<em>Repas (compris)<\/em><\/p>\n<p><strong>13 h 30 \u00e0 14 h 30<\/strong><br \/>\nTable-ronde\u00a0: \u2018<em>Initiatives canadiennes actuelles en mati\u00e8re de conservation collective de la documentation imprim\u00e9e\u2019<\/em><\/p>\n<ul>\n<li><strong>Scott Gillies<\/strong>,\u00a0<a href=\"https:\/\/www.tug-libraries.on.ca\/\">TUG Libraries<\/a><\/li>\n<li><strong>Doug Brigham,\u00a0<\/strong>COPPUL\u00a0<a href=\"http:\/\/www.coppul.ca\/programs\/shared-print\">Shared<\/a><a href=\"http:\/\/www.coppul.ca\/programs\/shared-print\">\u00a0Print Archive Network (SPAN)<\/a>\u00a0Coordinator<\/li>\n<li><strong>Caitlin Tillman &amp; Steve Marks<\/strong>,<strong>\u00a0<\/strong><a href=\"https:\/\/downsviewkeep.org\/\">Keep@Downsview<\/a><\/li>\n<li><strong>Alan Darnell<\/strong>, OCUL\/Scholars Portal (<a href=\"http:\/\/books2.scholarsportal.info\/about.html\">Scholars Portal Books<\/a>)<\/li>\n<\/ul>\n<p><strong>14 h 30 \u00e0 15 h 20<\/strong><br \/>\nR\u00e9sum\u00e9 des questions soulev\u00e9es et discussion en groupes.<\/p>\n<p>Les participants devront r\u00e9fl\u00e9chir sur des questions fournies afin d\u2019identifier leurs priorit\u00e9s et des strat\u00e9gies qui m\u00e8neront \u00e0 de nouvelles actions concr\u00e8tes.<\/p>\n<p><em>Caf\u00e9 et rafra\u00eechissements fournis pendant les discussions<\/em><\/p>\n<ul>\n<li><strong>Animatrice\u00a0: Gwen Bird\u00a0<\/strong>(University Librarian \/ Dean of Libraries. Simon Fraser University)<\/li>\n<\/ul>\n<p><strong>15 h 20 \u00e0 15 h 45<\/strong><br \/>\nCompte rendu des groupes et discussion des prochaines \u00e9tapes<\/p>\n<ul>\n<li><strong>Animatrice\u00a0: Gwen Bird<\/strong><\/li>\n<\/ul>\n<p><strong>15 h 45 \u00e0 16 h 00<\/strong><br \/>\nR\u00e9capitulation et observations finales<\/p>\n<ul>\n<li><strong>Donna Bourne-Tyson<\/strong><\/li>\n<\/ul>\n<p>\t\t<\/div>\n\n\t\t<\/p>\n<p>\n\t\t\t\t\t<h2 role=\"button\" id=\"accordion-1-t2\" class=\"accordion-title js-accordion-controller\" aria-controls=\"accordion-1-c2\" aria-expanded=\"false\" tabindex=\"0\" data-initialstate=\"closed\">\n\t\t\t\t&gt; H\u00e9bergement\t\t\t<\/h2>\n\t\t\n\t\t<div id=\"accordion-1-c2\" class=\"accordion-content\" aria-hidden=\"true\">\n\t\t\t<\/p>\n<p><strong>10 novembre 2017 (8 h 30 \u00e0 16 h 00)<\/strong><br \/>\nBiblioth\u00e8que et archives Canada<br \/>\n395 rue Wellington, Ottawa, Ontario K1A 0N4<\/p>\n<p><strong>Recommandations pour h\u00e9bergement :<\/strong><\/p>\n<ul>\n<li><a href=\"http:\/\/www.marriott.com\/hotels\/travel\/yowdm-delta-hotels-ottawa-city-centre\/\">Delta Hotels Ottawa City Centre<\/a><br \/>\n101 rue Lyon North Ottawa K1R 5T9<\/li>\n<li><a href=\"https:\/\/www.albertatbay.com\/\">Albert at Bay Suite Hote<\/a>l<br \/>\n435 rue Albert, Ottawa, Ontario K1R 7X4<\/li>\n<li><a href=\"https:\/\/www.radisson.com\/ottawa-hotel-on-k1r5a7\/onottawa\">Radisson Hotel Ottawa Parliament Hill<\/a><br \/>\n402 rue Queen , Ottawa, Ontario K1R 5A7<\/li>\n<li><a href=\"http:\/\/www.althotels.com\/en\/ottawa\/\">Alt Hotel Ottawa<\/a><br \/>\n185 rue Slater, Ottawa, Ontario K1P 0E8<\/li>\n<li><a href=\"http:\/\/www.marriott.com\/hotels\/hotel-rooms\/yowmc-ottawa-marriott-hotel\/\">Ottawa Marriott Hotel<\/a><br \/>\n100 rue Kent, Ottawa K1P 5R7<\/li>\n<li><a href=\"http:\/\/www.sheratonottawa.com\/\">Sheraton Ottawa Hotel<\/a><br \/>\n150 rue Albert, Ottawa, ON, K1P 5G2<\/li>\n<\/ul>\n<p>\t\t<\/div>\n\n\t\t<\/p>\n<p>\n\t\t\t\t\t<h2 role=\"button\" id=\"accordion-1-t3\" class=\"accordion-title js-accordion-controller\" aria-controls=\"accordion-1-c3\" aria-expanded=\"false\" tabindex=\"0\" data-initialstate=\"closed\">\n\t\t\t\t&gt; Rapport Sommaire\t\t\t<\/h2>\n\t\t\n\t\t<div id=\"accordion-1-c3\" class=\"accordion-content\" aria-hidden=\"true\">\n\t\t\t<\/p>\n<p>Un rapport sommaire de cette rencontre est maintenant disponible :<\/p>\n<p><strong>&gt; fran\u00e7ais :\u00a0<a href=\"https:\/\/www.carl-abrc.ca\/wp-content\/uploads\/2018\/02\/AtRiskNorth_summary_report_FR.pdf\">Rapport sommaire : @Risk North (Collections en p\u00e9ril) (PDF)<\/a><\/strong><\/p>\n<p><strong>&gt; anglais :\u00a0<a href=\"https:\/\/www.carl-abrc.ca\/wp-content\/uploads\/2018\/02\/AtRiskNorth_summary_report_EN.pdf\">Summary Report: @Risk North (Collections en p\u00e9ril) (PDF)<\/a><\/strong><\/p>\n<p>\t\t<\/div>\n\n\t\t<\/p>\n<p>\n\t\t\t\t\t<h2 role=\"button\" id=\"accordion-1-t4\" class=\"accordion-title js-accordion-controller\" aria-controls=\"accordion-1-c4\" aria-expanded=\"false\" tabindex=\"0\" data-initialstate=\"closed\">\n\t\t\t\t&gt; Pr\u00e9sentations\t\t\t<\/h2>\n\t\t\n\t\t<div id=\"accordion-1-c4\" class=\"accordion-content\" aria-hidden=\"true\">\n\t\t\t<\/p>\n<p>Les diapositives de toutes les pr\u00e9sentations figurent ci-bas. Les enregistrements (audio accompagn\u00e9 des diapos) seront ajout\u00e9s d\u00e8s qu\u2019ils sont disponibles.<\/p>\n<p><strong>Constance Malpas<\/strong>\u00a0\u2014\u00a0\u00a0<em>La question de la conservation a\u0300 long terme de documents imprime\u0301s : mode\u0300les internationaux, de\u0301fis et possibilite\u0301s<\/em><\/p>\n<ul>\n<li><a href=\"https:\/\/www.carl-abrc.ca\/wp-content\/uploads\/2017\/11\/Malpas_FR.pdf\">Diapositives (PDF)<\/a><\/li>\n<li><a href=\"https:\/\/drive.google.com\/a\/carl-abrc.ca\/file\/d\/1UOOaZAhKle1GHeLTxgmPWvAeml-uZWMj\/view?usp=sharing\">Enregistrement de la pr\u00e9sentation (mp4)<\/a>\u00a0\u2013\u00a0<strong><em>Veuillez noter que les premi\u00e8res trois minutes de la pr\u00e9sentation sont en fran\u00e7ais, mais que le reste est en anglais.<\/em><\/strong><\/li>\n<\/ul>\n<p><strong>Bernard F. Reilly<\/strong>\u00a0\u2014\u00a0<a href=\"https:\/\/www.carl-abrc.ca\/wp-content\/uploads\/2017\/11\/Reilly_FR.pdf\"><em>@Risk et les efforts nationaux coordonne\u0301s en matie\u0300re de conservation de documents imprime\u0301s aux E\u0301tats-Unis<\/em><\/a><\/p>\n<p><strong>Monica Fuijkschot<\/strong>\u00a0\u2014\u00a0\u00a0<a href=\"https:\/\/www.carl-abrc.ca\/wp-content\/uploads\/2017\/11\/Fujikschot_FR.pdf\"><em>Documents en voie de disparition : Initiatives de BAC pour soutenir la pre\u0301servation des collections imprime\u0301es<\/em><\/a><\/p>\n<p><strong>Maureen Clapperton<\/strong>\u00a0\u2014\u00a0<a href=\"https:\/\/www.carl-abrc.ca\/wp-content\/uploads\/2017\/11\/Clapperton_FR.pdf\"><em>Collections de patrimoine national : le cas de BAnQ<\/em><\/a><\/p>\n<p><strong>Scott Gillies<\/strong>\u00a0\u2014\u00a0\u00a0<a href=\"https:\/\/www.carl-abrc.ca\/wp-content\/uploads\/2017\/11\/Gillies_FR.pdf\"><em>Biblioth\u00e8ques du TUG: Politique sur les derniers exemplaires (Collections, entreposage et pr\u00e9servation en commun)<\/em><\/a><\/p>\n<p><strong>Doug Brigham<\/strong>\u00a0\u2014\u00a0<em><a href=\"https:\/\/www.carl-abrc.ca\/wp-content\/uploads\/2017\/11\/Brigham_FR.pdf\">COPPUL Shared Print Archive (SPAN)<\/a><\/em><\/p>\n<p><strong>Caitlin Tillman et Steve Marks<\/strong>\u00a0\u2014\u00a0<a href=\"https:\/\/www.carl-abrc.ca\/wp-content\/uploads\/2017\/11\/KeepatDownsview_FR.pdf\"><em>Keep@Downsview: Western University, McMaster University, University of Toronto, Queen\u2019s University, Universit\u00e9 d\u2019Ottawa<\/em><\/a><\/p>\n<p><strong>Alan Darnell<\/strong>\u00a0\u2014\u00a0\u00a0<a href=\"https:\/\/www.carl-abrc.ca\/wp-content\/uploads\/2017\/11\/Darnell_FR.pdf\"><em>Conservation des livres e\u0301lectroniques a\u0300 Scholars Portal<\/em><\/a><\/p>\n<p>\t\t<\/div>\n\n\t\t<\/p>\n<p><\/div>\n","protected":false},"excerpt":{"rendered":"<p>\u00a0\u00a0\u00a0\u00a0 \u00a0 \u00a0\u00a0 @Risk North (Collections en p\u00e9ril) Le partage de ressources et d&rsquo;expertise pour la pr\u00e9servation des collections de recherche imprim\u00e9es Date : 10 novembre 2017 Heure : (8h30 [&hellip;]<\/p>\n","protected":false},"author":130,"featured_media":36194,"template":"","meta":{"_acf_changed":false,"_EventAllDay":false,"_EventTimezone":"America\/Toronto","_EventStartDate":"2017-11-10 08:00:00","_EventEndDate":"2017-11-10 16:00:00","_EventStartDateUTC":"2017-11-10 13:00:00","_EventEndDateUTC":"2017-11-10 21:00:00","_EventShowMap":false,"_EventShowMapLink":true,"_EventURL":"","_EventCost":"","_EventCostDescription":"","_EventCurrencySymbol":"$","_EventCurrencyCode":"CAD","_EventCurrencyPosition":"prefix","_EventDateTimeSeparator":"","_EventTimeRangeSeparator":"","_EventOrganizerID":[37086],"_EventVenueID":[37072],"_OrganizerEmail":"","_OrganizerPhone":"","_OrganizerWebsite":"","_VenueAddress":"","_VenueCity":"","_VenueCountry":"","_VenueProvince":"","_VenueState":"","_VenueZip":"","_VenuePhone":"","_VenueURL":"","_VenueStateProvince":"","_VenueLat":"","_VenueLng":"","_VenueShowMap":false,"_VenueShowMapLink":false,"_tribe_events_status":"","_tribe_events_status_reason":"","footnotes":""},"tags":[],"tribe_events_cat":[214],"class_list":["post-37653","tribe_events","type-tribe_events","status-publish","has-post-thumbnail","hentry","tribe_events_cat-risknorth-fr","cat_risknorth-fr"],"acf":[],"yoast_head":"<!-- This site is optimized with the Yoast SEO plugin v27.5 - https:\/\/yoast.com\/product\/yoast-seo-wordpress\/ -->\n<title>@Risk North (Collections en p\u00e9ril) - Association des biblioth\u00e8ques de recherche du Canada<\/title>\n<meta name=\"robots\" content=\"index, follow, max-snippet:-1, max-image-preview:large, max-video-preview:-1\" \/>\n<link rel=\"canonical\" href=\"https:\/\/www.carl-abrc.ca\/fr\/evenement\/risk-north-collections-en-peril\/\" \/>\n<meta property=\"og:locale\" content=\"fr_FR\" \/>\n<meta property=\"og:type\" content=\"article\" \/>\n<meta property=\"og:title\" content=\"@Risk North (Collections en p\u00e9ril) - Association des biblioth\u00e8ques de recherche du Canada\" \/>\n<meta property=\"og:description\" content=\"\u00a0\u00a0\u00a0\u00a0 \u00a0 \u00a0\u00a0 @Risk North (Collections en p\u00e9ril) Le partage de ressources et d&rsquo;expertise pour la pr\u00e9servation des collections de recherche imprim\u00e9es Date : 10 novembre 2017 Heure : (8h30 [&hellip;]\" \/>\n<meta property=\"og:url\" content=\"https:\/\/www.carl-abrc.ca\/fr\/evenement\/risk-north-collections-en-peril\/\" \/>\n<meta property=\"og:site_name\" content=\"Association des biblioth\u00e8ques de recherche du Canada\" \/>\n<meta property=\"article:modified_time\" content=\"2026-03-18T14:02:55+00:00\" \/>\n<meta property=\"og:image\" content=\"https:\/\/www.carl-abrc.ca\/wp-content\/uploads\/2024\/09\/NewsFeaturedImage-1.jpg\" \/>\n\t<meta property=\"og:image:width\" content=\"1920\" \/>\n\t<meta property=\"og:image:height\" content=\"1080\" \/>\n\t<meta property=\"og:image:type\" content=\"image\/jpeg\" \/>\n<meta name=\"twitter:label1\" content=\"Dur\u00e9e de lecture estim\u00e9e\" \/>\n\t<meta name=\"twitter:data1\" content=\"6 minutes\" \/>\n<script type=\"application\/ld+json\" class=\"yoast-schema-graph\">{\"@context\":\"https:\\\/\\\/schema.org\",\"@graph\":[{\"@type\":\"WebPage\",\"@id\":\"https:\\\/\\\/www.carl-abrc.ca\\\/fr\\\/evenement\\\/risk-north-collections-en-peril\\\/\",\"url\":\"https:\\\/\\\/www.carl-abrc.ca\\\/fr\\\/evenement\\\/risk-north-collections-en-peril\\\/\",\"name\":\"@Risk North (Collections en p\u00e9ril) - Association des biblioth\u00e8ques de recherche du Canada\",\"isPartOf\":{\"@id\":\"https:\\\/\\\/www.carl-abrc.ca\\\/fr\\\/#website\"},\"primaryImageOfPage\":{\"@id\":\"https:\\\/\\\/www.carl-abrc.ca\\\/fr\\\/evenement\\\/risk-north-collections-en-peril\\\/#primaryimage\"},\"image\":{\"@id\":\"https:\\\/\\\/www.carl-abrc.ca\\\/fr\\\/evenement\\\/risk-north-collections-en-peril\\\/#primaryimage\"},\"thumbnailUrl\":\"https:\\\/\\\/www.carl-abrc.ca\\\/wp-content\\\/uploads\\\/2024\\\/09\\\/NewsFeaturedImage-1.jpg\",\"datePublished\":\"2025-09-14T04:27:31+00:00\",\"dateModified\":\"2026-03-18T14:02:55+00:00\",\"breadcrumb\":{\"@id\":\"https:\\\/\\\/www.carl-abrc.ca\\\/fr\\\/evenement\\\/risk-north-collections-en-peril\\\/#breadcrumb\"},\"inLanguage\":\"fr-FR\",\"potentialAction\":[{\"@type\":\"ReadAction\",\"target\":[\"https:\\\/\\\/www.carl-abrc.ca\\\/fr\\\/evenement\\\/risk-north-collections-en-peril\\\/\"]}]},{\"@type\":\"ImageObject\",\"inLanguage\":\"fr-FR\",\"@id\":\"https:\\\/\\\/www.carl-abrc.ca\\\/fr\\\/evenement\\\/risk-north-collections-en-peril\\\/#primaryimage\",\"url\":\"https:\\\/\\\/www.carl-abrc.ca\\\/wp-content\\\/uploads\\\/2024\\\/09\\\/NewsFeaturedImage-1.jpg\",\"contentUrl\":\"https:\\\/\\\/www.carl-abrc.ca\\\/wp-content\\\/uploads\\\/2024\\\/09\\\/NewsFeaturedImage-1.jpg\",\"width\":1920,\"height\":1080,\"caption\":\"C.A.R.L. Logo\"},{\"@type\":\"BreadcrumbList\",\"@id\":\"https:\\\/\\\/www.carl-abrc.ca\\\/fr\\\/evenement\\\/risk-north-collections-en-peril\\\/#breadcrumb\",\"itemListElement\":[{\"@type\":\"ListItem\",\"position\":1,\"name\":\"Accueil\",\"item\":\"https:\\\/\\\/www.carl-abrc.ca\\\/fr\\\/home-3\\\/\"},{\"@type\":\"ListItem\",\"position\":2,\"name\":\"\u00c9v\u00e9nements\",\"item\":\"https:\\\/\\\/www.carl-abrc.ca\\\/fr\\\/evenements\\\/\"},{\"@type\":\"ListItem\",\"position\":3,\"name\":\"@Risk North (Collections en p\u00e9ril)\"}]},{\"@type\":\"WebSite\",\"@id\":\"https:\\\/\\\/www.carl-abrc.ca\\\/fr\\\/#website\",\"url\":\"https:\\\/\\\/www.carl-abrc.ca\\\/fr\\\/\",\"name\":\"Association des biblioth\u00e8ques de recherche du Canada\",\"description\":\"ABRC\",\"publisher\":{\"@id\":\"https:\\\/\\\/www.carl-abrc.ca\\\/fr\\\/#organization\"},\"potentialAction\":[{\"@type\":\"SearchAction\",\"target\":{\"@type\":\"EntryPoint\",\"urlTemplate\":\"https:\\\/\\\/www.carl-abrc.ca\\\/fr\\\/?s={search_term_string}\"},\"query-input\":{\"@type\":\"PropertyValueSpecification\",\"valueRequired\":true,\"valueName\":\"search_term_string\"}}],\"inLanguage\":\"fr-FR\"},{\"@type\":\"Organization\",\"@id\":\"https:\\\/\\\/www.carl-abrc.ca\\\/fr\\\/#organization\",\"name\":\"Association des biblioth\u00e8ques de recherche du Canada\",\"url\":\"https:\\\/\\\/www.carl-abrc.ca\\\/fr\\\/\",\"logo\":{\"@type\":\"ImageObject\",\"inLanguage\":\"fr-FR\",\"@id\":\"https:\\\/\\\/www.carl-abrc.ca\\\/fr\\\/#\\\/schema\\\/logo\\\/image\\\/\",\"url\":\"https:\\\/\\\/www.carl-abrc.ca\\\/wp-content\\\/uploads\\\/2024\\\/07\\\/cropped-Stacked_Colour_L.png\",\"contentUrl\":\"https:\\\/\\\/www.carl-abrc.ca\\\/wp-content\\\/uploads\\\/2024\\\/07\\\/cropped-Stacked_Colour_L.png\",\"width\":641,\"height\":250,\"caption\":\"Association des biblioth\u00e8ques de recherche du Canada\"},\"image\":{\"@id\":\"https:\\\/\\\/www.carl-abrc.ca\\\/fr\\\/#\\\/schema\\\/logo\\\/image\\\/\"},\"sameAs\":[\"https:\\\/\\\/x.com\\\/carlabrc\"]}]}<\/script>\n<!-- \/ Yoast SEO plugin. -->","yoast_head_json":{"title":"@Risk North (Collections en p\u00e9ril) - Association des biblioth\u00e8ques de recherche du Canada","robots":{"index":"index","follow":"follow","max-snippet":"max-snippet:-1","max-image-preview":"max-image-preview:large","max-video-preview":"max-video-preview:-1"},"canonical":"https:\/\/www.carl-abrc.ca\/fr\/evenement\/risk-north-collections-en-peril\/","og_locale":"fr_FR","og_type":"article","og_title":"@Risk North (Collections en p\u00e9ril) - Association des biblioth\u00e8ques de recherche du Canada","og_description":"\u00a0\u00a0\u00a0\u00a0 \u00a0 \u00a0\u00a0 @Risk North (Collections en p\u00e9ril) Le partage de ressources et d&rsquo;expertise pour la pr\u00e9servation des collections de recherche imprim\u00e9es Date : 10 novembre 2017 Heure : (8h30 [&hellip;]","og_url":"https:\/\/www.carl-abrc.ca\/fr\/evenement\/risk-north-collections-en-peril\/","og_site_name":"Association des biblioth\u00e8ques de recherche du Canada","article_modified_time":"2026-03-18T14:02:55+00:00","og_image":[{"width":1920,"height":1080,"url":"https:\/\/www.carl-abrc.ca\/wp-content\/uploads\/2024\/09\/NewsFeaturedImage-1.jpg","type":"image\/jpeg"}],"twitter_misc":{"Dur\u00e9e de lecture estim\u00e9e":"6 minutes"},"schema":{"@context":"https:\/\/schema.org","@graph":[{"@type":"WebPage","@id":"https:\/\/www.carl-abrc.ca\/fr\/evenement\/risk-north-collections-en-peril\/","url":"https:\/\/www.carl-abrc.ca\/fr\/evenement\/risk-north-collections-en-peril\/","name":"@Risk North (Collections en p\u00e9ril) - Association des biblioth\u00e8ques de recherche du Canada","isPartOf":{"@id":"https:\/\/www.carl-abrc.ca\/fr\/#website"},"primaryImageOfPage":{"@id":"https:\/\/www.carl-abrc.ca\/fr\/evenement\/risk-north-collections-en-peril\/#primaryimage"},"image":{"@id":"https:\/\/www.carl-abrc.ca\/fr\/evenement\/risk-north-collections-en-peril\/#primaryimage"},"thumbnailUrl":"https:\/\/www.carl-abrc.ca\/wp-content\/uploads\/2024\/09\/NewsFeaturedImage-1.jpg","datePublished":"2025-09-14T04:27:31+00:00","dateModified":"2026-03-18T14:02:55+00:00","breadcrumb":{"@id":"https:\/\/www.carl-abrc.ca\/fr\/evenement\/risk-north-collections-en-peril\/#breadcrumb"},"inLanguage":"fr-FR","potentialAction":[{"@type":"ReadAction","target":["https:\/\/www.carl-abrc.ca\/fr\/evenement\/risk-north-collections-en-peril\/"]}]},{"@type":"ImageObject","inLanguage":"fr-FR","@id":"https:\/\/www.carl-abrc.ca\/fr\/evenement\/risk-north-collections-en-peril\/#primaryimage","url":"https:\/\/www.carl-abrc.ca\/wp-content\/uploads\/2024\/09\/NewsFeaturedImage-1.jpg","contentUrl":"https:\/\/www.carl-abrc.ca\/wp-content\/uploads\/2024\/09\/NewsFeaturedImage-1.jpg","width":1920,"height":1080,"caption":"C.A.R.L. Logo"},{"@type":"BreadcrumbList","@id":"https:\/\/www.carl-abrc.ca\/fr\/evenement\/risk-north-collections-en-peril\/#breadcrumb","itemListElement":[{"@type":"ListItem","position":1,"name":"Accueil","item":"https:\/\/www.carl-abrc.ca\/fr\/home-3\/"},{"@type":"ListItem","position":2,"name":"\u00c9v\u00e9nements","item":"https:\/\/www.carl-abrc.ca\/fr\/evenements\/"},{"@type":"ListItem","position":3,"name":"@Risk North (Collections en p\u00e9ril)"}]},{"@type":"WebSite","@id":"https:\/\/www.carl-abrc.ca\/fr\/#website","url":"https:\/\/www.carl-abrc.ca\/fr\/","name":"Association des biblioth\u00e8ques de recherche du Canada","description":"ABRC","publisher":{"@id":"https:\/\/www.carl-abrc.ca\/fr\/#organization"},"potentialAction":[{"@type":"SearchAction","target":{"@type":"EntryPoint","urlTemplate":"https:\/\/www.carl-abrc.ca\/fr\/?s={search_term_string}"},"query-input":{"@type":"PropertyValueSpecification","valueRequired":true,"valueName":"search_term_string"}}],"inLanguage":"fr-FR"},{"@type":"Organization","@id":"https:\/\/www.carl-abrc.ca\/fr\/#organization","name":"Association des biblioth\u00e8ques de recherche du Canada","url":"https:\/\/www.carl-abrc.ca\/fr\/","logo":{"@type":"ImageObject","inLanguage":"fr-FR","@id":"https:\/\/www.carl-abrc.ca\/fr\/#\/schema\/logo\/image\/","url":"https:\/\/www.carl-abrc.ca\/wp-content\/uploads\/2024\/07\/cropped-Stacked_Colour_L.png","contentUrl":"https:\/\/www.carl-abrc.ca\/wp-content\/uploads\/2024\/07\/cropped-Stacked_Colour_L.png","width":641,"height":250,"caption":"Association des biblioth\u00e8ques de recherche du Canada"},"image":{"@id":"https:\/\/www.carl-abrc.ca\/fr\/#\/schema\/logo\/image\/"},"sameAs":["https:\/\/x.com\/carlabrc"]}]}},"_links":{"self":[{"href":"https:\/\/www.carl-abrc.ca\/fr\/wp-json\/wp\/v2\/tribe_events\/37653","targetHints":{"allow":["GET"]}}],"collection":[{"href":"https:\/\/www.carl-abrc.ca\/fr\/wp-json\/wp\/v2\/tribe_events"}],"about":[{"href":"https:\/\/www.carl-abrc.ca\/fr\/wp-json\/wp\/v2\/types\/tribe_events"}],"author":[{"embeddable":true,"href":"https:\/\/www.carl-abrc.ca\/fr\/wp-json\/wp\/v2\/users\/130"}],"version-history":[{"count":2,"href":"https:\/\/www.carl-abrc.ca\/fr\/wp-json\/wp\/v2\/tribe_events\/37653\/revisions"}],"predecessor-version":[{"id":40478,"href":"https:\/\/www.carl-abrc.ca\/fr\/wp-json\/wp\/v2\/tribe_events\/37653\/revisions\/40478"}],"wp:featuredmedia":[{"embeddable":true,"href":"https:\/\/www.carl-abrc.ca\/fr\/wp-json\/wp\/v2\/media\/36194"}],"wp:attachment":[{"href":"https:\/\/www.carl-abrc.ca\/fr\/wp-json\/wp\/v2\/media?parent=37653"}],"wp:term":[{"taxonomy":"post_tag","embeddable":true,"href":"https:\/\/www.carl-abrc.ca\/fr\/wp-json\/wp\/v2\/tags?post=37653"},{"taxonomy":"tribe_events_cat","embeddable":true,"href":"https:\/\/www.carl-abrc.ca\/fr\/wp-json\/wp\/v2\/tribe_events_cat?post=37653"}],"curies":[{"name":"wp","href":"https:\/\/api.w.org\/{rel}","templated":true}]}}