{"id":38169,"date":"2025-10-15T13:38:54","date_gmt":"2025-10-15T17:38:54","guid":{"rendered":"https:\/\/www.carl-abrc.ca\/?post_type=tribe_events&#038;p=38169"},"modified":"2025-10-15T13:38:54","modified_gmt":"2025-10-15T17:38:54","slug":"2022-institut-de-leadership-des-bibliotheques-academiques","status":"publish","type":"tribe_events","link":"https:\/\/www.carl-abrc.ca\/fr\/evenement\/2022-institut-de-leadership-des-bibliotheques-academiques\/","title":{"rendered":"2022 Institut de leadership des biblioth\u00e8ques acad\u00e9miques"},"content":{"rendered":"<p>L\u2019Association des biblioth\u00e8ques de recherche du Canada (ABRC) accepte maintenant les candidatures pour participer \u00e0 l\u2019Institut de leadership des biblioth\u00e9caires universitaires de l\u2019ABRC (ILBU). Ces participants suivront un programme de formation de style cohorte de sept jours \u00e0 l\u2019Universit\u00e9 Memorial (du 6 au 12 juin 2022) d\u00e9velopp\u00e9 par le Gardiner Centre, la branche d\u2019engagement de la Facult\u00e9 d\u2019administration des affaires de l\u2019Universit\u00e9 Memorial, avec la contribution de directeurs et directrices de biblioth\u00e8ques membres de l\u2019ABRC et de biblioth\u00e9caires universitaires de niveau associ\u00e9.<\/p>\n<p>Le programme en personne a \u00e9t\u00e9 sp\u00e9cialement con\u00e7u pour les biblioth\u00e9caires universitaires de niveau associ\u00e9, afin de favoriser leur croissance afin qu\u2019ils soient bien plac\u00e9s pour diriger les biblioth\u00e8ques universitaires du Canada vers l\u2019avenir. Ce programme riche et engageant am\u00e9liorera les capacit\u00e9s de leadership essentielles, enseignera de nouvelles comp\u00e9tences pr\u00e9cieuses et aidera \u00e0 cr\u00e9er des r\u00e9seaux solides \u00e0 travers le pays pour les dirigeants de biblioth\u00e8ques de niveau associ\u00e9 \u2013 le tout dans un cadre agr\u00e9able et unique \u00e0 l\u2019extr\u00e9mit\u00e9 est du Canada. Le programme aidera les participants \u00e0 renforcer leurs forces de leadership, \u00e0 d\u00e9velopper et \u00e0 entretenir leurs \u00e9quipes, \u00e0 mettre en \u0153uvre efficacement des plans strat\u00e9giques et \u00e0 guider leurs biblioth\u00e8ques \u00e0 travers le changement. Pour maximiser l\u2019apprentissage, des pr\u00e9-lectures en ligne seront fournies. Cela permet d\u2019utiliser la majorit\u00e9 du temps en classe pour la pratique et l\u2019application des concepts pr\u00e9sent\u00e9s. Ceci sera accompli par le biais d\u2019exercices d\u2019application, d\u2019analyse d\u2019\u00e9tudes de cas, de r\u00e9flexion, de s\u00e9ances en petits groupes et de discussion collaborative.<\/p>\n<p>Les composantes du programme comprennent :<\/p>\n<ul>\n<li>S\u00e9ances de d\u00e9veloppement du leadership qui comprennent\u00a0: Diriger avec intelligence \u00e9motionnelle, embaucher une main-d\u2019\u0153uvre diversifi\u00e9e et inclusive, principes fondamentaux de la gestion de projet, comprendre le processus de gestion du changement, g\u00e9rer les conversations difficiles, engager et motiver les employ\u00e9s, gestion et r\u00e9solution des conflits, et fondements de la gestion de projet pour la biblioth\u00e8que Dirigeants.<\/li>\n<li>\u00c9v\u00e9nement de bienvenue dans un lieu de St. John\u2019s<\/li>\n<li>S\u00e9ances en petits groupes (r\u00e9solution de probl\u00e8mes et la biblioth\u00e8que universitaire)<\/li>\n<li>D\u00eener au centre-ville de St. John\u2019s et soir\u00e9e de musique irlandaise<\/li>\n<li>De nombreuses occasions de profiter du pittoresque Signal Hill pendant les pauses de la session<\/li>\n<li>Possibilit\u00e9s d\u2019engager avec d\u2019autres participants en dehors des programmes quotidiens<\/li>\n<\/ul>\n<p>Nous anticipons que l\u2019inscription sera limit\u00e9e \u00e0 30 participants. Nous acceptons les candidatures de toutes les biblioth\u00e8ques canadiennes. La priorit\u00e9 sera accord\u00e9e aux demandes provenant des biblioth\u00e8ques membres de l\u2019ABRC, mais un minimum de 5 espaces seront attribu\u00e9s aux biblioth\u00e8ques non-membres de l\u2019ABRC.<\/p>\n<p>Les candidats doivent soumettre une trousse de candidature qui comportera :<\/p>\n<ul>\n<li>un curriculum vitae \u00e0 jour;<\/li>\n<li>une br\u00e8ve description des raisons pour lesquelles le participant souhaite assister \u00e0 l\u2019atelier;<\/li>\n<li>une lettre du directeur ou de la directrice de la biblioth\u00e8que appuyant sa candidature.<\/li>\n<\/ul>\n<p>Les trousses de candidature doivent \u00eatre adress\u00e9es \u00e0 l\u2019attention de Susan Cleyle (<a class=\"mail-link\" data-enc-email=\"fpyrlyr[at]zha.pn\" data-wpel-link=\"ignore\"><span id=\"eeb-565127-413370\">scleyle@mun.ca<\/span><\/a>) au plus tard le\u00a0<strong>14 mars, 2022<\/strong>.<\/p>\n<p>Frais d\u2019inscription : 5 000 $ plus TVH. Les frais comprennent toute la programmation, les d\u00e9jeuners, les d\u00eeners et les pauses, ainsi qu\u2019un cocktail de bienvenue. Les participants devront d\u00e9frayer leurs frais de voyage et d\u2019h\u00e9bergement, des repas du soir et de toute activit\u00e9 sociale non structur\u00e9e.<\/p>\n<p>Veuillez noter que le mat\u00e9riel de cours sera disponible en fran\u00e7ais et en anglais, mais l\u2019instruction et la discussion se d\u00e9rouleront en anglais. Des\u00a0<a href=\"https:\/\/www.carl-abrc.ca\/wp-content\/uploads\/2022\/02\/ILBU-Programme-2022_1.pdf\">d\u00e9tails suppl\u00e9mentaires sur le programme ILBU<\/a>\u00a0et un\u00a0<a href=\"https:\/\/www.carl-abrc.ca\/wp-content\/uploads\/2022\/02\/ILBU-horaire-2022.pdf\">calendrier pour le programme ILBU<\/a>\u00a0sont maintenant disponibles.<\/p>\n<p>Pour plus d\u2019informations, contactez:<\/p>\n<p>Susan Cleyle<br \/>\nAgente de programme invit\u00e9e \u2013 Initiatives de perfectionnement en leadership<br \/>\n<a class=\"mail-link\" data-enc-email=\"fpyrlyr[at]zha.pn\" data-wpel-link=\"ignore\"><span id=\"eeb-253773-702627\">scleyle@mun.ca<\/span><\/a><\/p>\n","protected":false},"excerpt":{"rendered":"<p>L\u2019Association des biblioth\u00e8ques de recherche du Canada (ABRC) accepte maintenant les candidatures pour participer \u00e0 l\u2019Institut de leadership des biblioth\u00e9caires universitaires de l\u2019ABRC (ILBU). Ces participants suivront un programme de [&hellip;]<\/p>\n","protected":false},"author":131,"featured_media":36193,"template":"","meta":{"_acf_changed":false,"_EventAllDay":true,"_EventTimezone":"America\/Toronto","_EventStartDate":"2022-06-06 00:00:00","_EventEndDate":"2022-06-12 23:59:59","_EventStartDateUTC":"2022-06-06 04:00:00","_EventEndDateUTC":"2022-06-13 03:59:59","_EventShowMap":false,"_EventShowMapLink":true,"_EventURL":"","_EventCost":"","_EventCostDescription":"","_EventCurrencySymbol":"$","_EventCurrencyCode":"CAD","_EventCurrencyPosition":"prefix","_EventDateTimeSeparator":"","_EventTimeRangeSeparator":"","_EventOrganizerID":[37086],"_EventVenueID":[36856],"_OrganizerEmail":"","_OrganizerPhone":"","_OrganizerWebsite":"","_VenueAddress":"","_VenueCity":"","_VenueCountry":"","_VenueProvince":"","_VenueState":"","_VenueZip":"","_VenuePhone":"","_VenueURL":"","_VenueStateProvince":"","_VenueLat":"","_VenueLng":"","_VenueShowMap":false,"_VenueShowMapLink":false,"_tribe_events_status":"","_tribe_events_status_reason":"","footnotes":""},"tags":[],"tribe_events_cat":[136,122],"class_list":["post-38169","tribe_events","type-tribe_events","status-publish","has-post-thumbnail","hentry","tribe_events_cat-alli-fr","tribe_events_cat-ateliers-instituts","cat_alli-fr","cat_ateliers-instituts"],"acf":[],"yoast_head":"<!-- This site is optimized with the Yoast SEO plugin v27.5 - https:\/\/yoast.com\/product\/yoast-seo-wordpress\/ -->\n<title>2022 Institut de leadership des biblioth\u00e8ques acad\u00e9miques - Association des biblioth\u00e8ques de recherche du Canada<\/title>\n<meta name=\"robots\" content=\"index, follow, max-snippet:-1, max-image-preview:large, max-video-preview:-1\" \/>\n<link rel=\"canonical\" href=\"https:\/\/www.carl-abrc.ca\/fr\/evenement\/2022-institut-de-leadership-des-bibliotheques-academiques\/\" \/>\n<meta property=\"og:locale\" content=\"fr_FR\" \/>\n<meta property=\"og:type\" content=\"article\" \/>\n<meta property=\"og:title\" content=\"2022 Institut de leadership des biblioth\u00e8ques acad\u00e9miques - Association des biblioth\u00e8ques de recherche du Canada\" \/>\n<meta property=\"og:description\" content=\"L\u2019Association des biblioth\u00e8ques de recherche du Canada (ABRC) accepte maintenant les candidatures pour participer \u00e0 l\u2019Institut de leadership des biblioth\u00e9caires universitaires de l\u2019ABRC (ILBU). Ces participants suivront un programme de [&hellip;]\" \/>\n<meta property=\"og:url\" content=\"https:\/\/www.carl-abrc.ca\/fr\/evenement\/2022-institut-de-leadership-des-bibliotheques-academiques\/\" \/>\n<meta property=\"og:site_name\" content=\"Association des biblioth\u00e8ques de recherche du Canada\" \/>\n<meta property=\"og:image\" content=\"https:\/\/www.carl-abrc.ca\/wp-content\/uploads\/2024\/09\/NewsFeaturedImage-1.jpg\" \/>\n\t<meta property=\"og:image:width\" content=\"1920\" \/>\n\t<meta property=\"og:image:height\" content=\"1080\" \/>\n\t<meta property=\"og:image:type\" content=\"image\/jpeg\" \/>\n<meta name=\"twitter:label1\" content=\"Dur\u00e9e de lecture estim\u00e9e\" \/>\n\t<meta name=\"twitter:data1\" content=\"3 minutes\" \/>\n<script type=\"application\/ld+json\" class=\"yoast-schema-graph\">{\"@context\":\"https:\\\/\\\/schema.org\",\"@graph\":[{\"@type\":\"WebPage\",\"@id\":\"https:\\\/\\\/www.carl-abrc.ca\\\/fr\\\/evenement\\\/2022-institut-de-leadership-des-bibliotheques-academiques\\\/\",\"url\":\"https:\\\/\\\/www.carl-abrc.ca\\\/fr\\\/evenement\\\/2022-institut-de-leadership-des-bibliotheques-academiques\\\/\",\"name\":\"2022 Institut de leadership des biblioth\u00e8ques acad\u00e9miques - Association des biblioth\u00e8ques de recherche du Canada\",\"isPartOf\":{\"@id\":\"https:\\\/\\\/www.carl-abrc.ca\\\/fr\\\/#website\"},\"primaryImageOfPage\":{\"@id\":\"https:\\\/\\\/www.carl-abrc.ca\\\/fr\\\/evenement\\\/2022-institut-de-leadership-des-bibliotheques-academiques\\\/#primaryimage\"},\"image\":{\"@id\":\"https:\\\/\\\/www.carl-abrc.ca\\\/fr\\\/evenement\\\/2022-institut-de-leadership-des-bibliotheques-academiques\\\/#primaryimage\"},\"thumbnailUrl\":\"https:\\\/\\\/www.carl-abrc.ca\\\/wp-content\\\/uploads\\\/2024\\\/09\\\/NewsFeaturedImage-1.jpg\",\"datePublished\":\"2025-10-15T17:38:54+00:00\",\"breadcrumb\":{\"@id\":\"https:\\\/\\\/www.carl-abrc.ca\\\/fr\\\/evenement\\\/2022-institut-de-leadership-des-bibliotheques-academiques\\\/#breadcrumb\"},\"inLanguage\":\"fr-FR\",\"potentialAction\":[{\"@type\":\"ReadAction\",\"target\":[\"https:\\\/\\\/www.carl-abrc.ca\\\/fr\\\/evenement\\\/2022-institut-de-leadership-des-bibliotheques-academiques\\\/\"]}]},{\"@type\":\"ImageObject\",\"inLanguage\":\"fr-FR\",\"@id\":\"https:\\\/\\\/www.carl-abrc.ca\\\/fr\\\/evenement\\\/2022-institut-de-leadership-des-bibliotheques-academiques\\\/#primaryimage\",\"url\":\"https:\\\/\\\/www.carl-abrc.ca\\\/wp-content\\\/uploads\\\/2024\\\/09\\\/NewsFeaturedImage-1.jpg\",\"contentUrl\":\"https:\\\/\\\/www.carl-abrc.ca\\\/wp-content\\\/uploads\\\/2024\\\/09\\\/NewsFeaturedImage-1.jpg\",\"width\":1920,\"height\":1080,\"caption\":\"C.A.R.L. Logo\"},{\"@type\":\"BreadcrumbList\",\"@id\":\"https:\\\/\\\/www.carl-abrc.ca\\\/fr\\\/evenement\\\/2022-institut-de-leadership-des-bibliotheques-academiques\\\/#breadcrumb\",\"itemListElement\":[{\"@type\":\"ListItem\",\"position\":1,\"name\":\"Accueil\",\"item\":\"https:\\\/\\\/www.carl-abrc.ca\\\/fr\\\/home-3\\\/\"},{\"@type\":\"ListItem\",\"position\":2,\"name\":\"\u00c9v\u00e9nements\",\"item\":\"https:\\\/\\\/www.carl-abrc.ca\\\/fr\\\/evenements\\\/\"},{\"@type\":\"ListItem\",\"position\":3,\"name\":\"2022 Institut de leadership des biblioth\u00e8ques acad\u00e9miques\"}]},{\"@type\":\"WebSite\",\"@id\":\"https:\\\/\\\/www.carl-abrc.ca\\\/fr\\\/#website\",\"url\":\"https:\\\/\\\/www.carl-abrc.ca\\\/fr\\\/\",\"name\":\"Association des biblioth\u00e8ques de recherche du Canada\",\"description\":\"ABRC\",\"publisher\":{\"@id\":\"https:\\\/\\\/www.carl-abrc.ca\\\/fr\\\/#organization\"},\"potentialAction\":[{\"@type\":\"SearchAction\",\"target\":{\"@type\":\"EntryPoint\",\"urlTemplate\":\"https:\\\/\\\/www.carl-abrc.ca\\\/fr\\\/?s={search_term_string}\"},\"query-input\":{\"@type\":\"PropertyValueSpecification\",\"valueRequired\":true,\"valueName\":\"search_term_string\"}}],\"inLanguage\":\"fr-FR\"},{\"@type\":\"Organization\",\"@id\":\"https:\\\/\\\/www.carl-abrc.ca\\\/fr\\\/#organization\",\"name\":\"Association des biblioth\u00e8ques de recherche du Canada\",\"url\":\"https:\\\/\\\/www.carl-abrc.ca\\\/fr\\\/\",\"logo\":{\"@type\":\"ImageObject\",\"inLanguage\":\"fr-FR\",\"@id\":\"https:\\\/\\\/www.carl-abrc.ca\\\/fr\\\/#\\\/schema\\\/logo\\\/image\\\/\",\"url\":\"https:\\\/\\\/www.carl-abrc.ca\\\/wp-content\\\/uploads\\\/2024\\\/07\\\/cropped-Stacked_Colour_L.png\",\"contentUrl\":\"https:\\\/\\\/www.carl-abrc.ca\\\/wp-content\\\/uploads\\\/2024\\\/07\\\/cropped-Stacked_Colour_L.png\",\"width\":641,\"height\":250,\"caption\":\"Association des biblioth\u00e8ques de recherche du Canada\"},\"image\":{\"@id\":\"https:\\\/\\\/www.carl-abrc.ca\\\/fr\\\/#\\\/schema\\\/logo\\\/image\\\/\"},\"sameAs\":[\"https:\\\/\\\/x.com\\\/carlabrc\"]}]}<\/script>\n<!-- \/ Yoast SEO plugin. -->","yoast_head_json":{"title":"2022 Institut de leadership des biblioth\u00e8ques acad\u00e9miques - Association des biblioth\u00e8ques de recherche du Canada","robots":{"index":"index","follow":"follow","max-snippet":"max-snippet:-1","max-image-preview":"max-image-preview:large","max-video-preview":"max-video-preview:-1"},"canonical":"https:\/\/www.carl-abrc.ca\/fr\/evenement\/2022-institut-de-leadership-des-bibliotheques-academiques\/","og_locale":"fr_FR","og_type":"article","og_title":"2022 Institut de leadership des biblioth\u00e8ques acad\u00e9miques - Association des biblioth\u00e8ques de recherche du Canada","og_description":"L\u2019Association des biblioth\u00e8ques de recherche du Canada (ABRC) accepte maintenant les candidatures pour participer \u00e0 l\u2019Institut de leadership des biblioth\u00e9caires universitaires de l\u2019ABRC (ILBU). Ces participants suivront un programme de [&hellip;]","og_url":"https:\/\/www.carl-abrc.ca\/fr\/evenement\/2022-institut-de-leadership-des-bibliotheques-academiques\/","og_site_name":"Association des biblioth\u00e8ques de recherche du Canada","og_image":[{"width":1920,"height":1080,"url":"https:\/\/www.carl-abrc.ca\/wp-content\/uploads\/2024\/09\/NewsFeaturedImage-1.jpg","type":"image\/jpeg"}],"twitter_misc":{"Dur\u00e9e de lecture estim\u00e9e":"3 minutes"},"schema":{"@context":"https:\/\/schema.org","@graph":[{"@type":"WebPage","@id":"https:\/\/www.carl-abrc.ca\/fr\/evenement\/2022-institut-de-leadership-des-bibliotheques-academiques\/","url":"https:\/\/www.carl-abrc.ca\/fr\/evenement\/2022-institut-de-leadership-des-bibliotheques-academiques\/","name":"2022 Institut de leadership des biblioth\u00e8ques acad\u00e9miques - Association des biblioth\u00e8ques de recherche du Canada","isPartOf":{"@id":"https:\/\/www.carl-abrc.ca\/fr\/#website"},"primaryImageOfPage":{"@id":"https:\/\/www.carl-abrc.ca\/fr\/evenement\/2022-institut-de-leadership-des-bibliotheques-academiques\/#primaryimage"},"image":{"@id":"https:\/\/www.carl-abrc.ca\/fr\/evenement\/2022-institut-de-leadership-des-bibliotheques-academiques\/#primaryimage"},"thumbnailUrl":"https:\/\/www.carl-abrc.ca\/wp-content\/uploads\/2024\/09\/NewsFeaturedImage-1.jpg","datePublished":"2025-10-15T17:38:54+00:00","breadcrumb":{"@id":"https:\/\/www.carl-abrc.ca\/fr\/evenement\/2022-institut-de-leadership-des-bibliotheques-academiques\/#breadcrumb"},"inLanguage":"fr-FR","potentialAction":[{"@type":"ReadAction","target":["https:\/\/www.carl-abrc.ca\/fr\/evenement\/2022-institut-de-leadership-des-bibliotheques-academiques\/"]}]},{"@type":"ImageObject","inLanguage":"fr-FR","@id":"https:\/\/www.carl-abrc.ca\/fr\/evenement\/2022-institut-de-leadership-des-bibliotheques-academiques\/#primaryimage","url":"https:\/\/www.carl-abrc.ca\/wp-content\/uploads\/2024\/09\/NewsFeaturedImage-1.jpg","contentUrl":"https:\/\/www.carl-abrc.ca\/wp-content\/uploads\/2024\/09\/NewsFeaturedImage-1.jpg","width":1920,"height":1080,"caption":"C.A.R.L. Logo"},{"@type":"BreadcrumbList","@id":"https:\/\/www.carl-abrc.ca\/fr\/evenement\/2022-institut-de-leadership-des-bibliotheques-academiques\/#breadcrumb","itemListElement":[{"@type":"ListItem","position":1,"name":"Accueil","item":"https:\/\/www.carl-abrc.ca\/fr\/home-3\/"},{"@type":"ListItem","position":2,"name":"\u00c9v\u00e9nements","item":"https:\/\/www.carl-abrc.ca\/fr\/evenements\/"},{"@type":"ListItem","position":3,"name":"2022 Institut de leadership des biblioth\u00e8ques acad\u00e9miques"}]},{"@type":"WebSite","@id":"https:\/\/www.carl-abrc.ca\/fr\/#website","url":"https:\/\/www.carl-abrc.ca\/fr\/","name":"Association des biblioth\u00e8ques de recherche du Canada","description":"ABRC","publisher":{"@id":"https:\/\/www.carl-abrc.ca\/fr\/#organization"},"potentialAction":[{"@type":"SearchAction","target":{"@type":"EntryPoint","urlTemplate":"https:\/\/www.carl-abrc.ca\/fr\/?s={search_term_string}"},"query-input":{"@type":"PropertyValueSpecification","valueRequired":true,"valueName":"search_term_string"}}],"inLanguage":"fr-FR"},{"@type":"Organization","@id":"https:\/\/www.carl-abrc.ca\/fr\/#organization","name":"Association des biblioth\u00e8ques de recherche du Canada","url":"https:\/\/www.carl-abrc.ca\/fr\/","logo":{"@type":"ImageObject","inLanguage":"fr-FR","@id":"https:\/\/www.carl-abrc.ca\/fr\/#\/schema\/logo\/image\/","url":"https:\/\/www.carl-abrc.ca\/wp-content\/uploads\/2024\/07\/cropped-Stacked_Colour_L.png","contentUrl":"https:\/\/www.carl-abrc.ca\/wp-content\/uploads\/2024\/07\/cropped-Stacked_Colour_L.png","width":641,"height":250,"caption":"Association des biblioth\u00e8ques de recherche du Canada"},"image":{"@id":"https:\/\/www.carl-abrc.ca\/fr\/#\/schema\/logo\/image\/"},"sameAs":["https:\/\/x.com\/carlabrc"]}]}},"_links":{"self":[{"href":"https:\/\/www.carl-abrc.ca\/fr\/wp-json\/wp\/v2\/tribe_events\/38169","targetHints":{"allow":["GET"]}}],"collection":[{"href":"https:\/\/www.carl-abrc.ca\/fr\/wp-json\/wp\/v2\/tribe_events"}],"about":[{"href":"https:\/\/www.carl-abrc.ca\/fr\/wp-json\/wp\/v2\/types\/tribe_events"}],"author":[{"embeddable":true,"href":"https:\/\/www.carl-abrc.ca\/fr\/wp-json\/wp\/v2\/users\/131"}],"version-history":[{"count":0,"href":"https:\/\/www.carl-abrc.ca\/fr\/wp-json\/wp\/v2\/tribe_events\/38169\/revisions"}],"wp:featuredmedia":[{"embeddable":true,"href":"https:\/\/www.carl-abrc.ca\/fr\/wp-json\/wp\/v2\/media\/36193"}],"wp:attachment":[{"href":"https:\/\/www.carl-abrc.ca\/fr\/wp-json\/wp\/v2\/media?parent=38169"}],"wp:term":[{"taxonomy":"post_tag","embeddable":true,"href":"https:\/\/www.carl-abrc.ca\/fr\/wp-json\/wp\/v2\/tags?post=38169"},{"taxonomy":"tribe_events_cat","embeddable":true,"href":"https:\/\/www.carl-abrc.ca\/fr\/wp-json\/wp\/v2\/tribe_events_cat?post=38169"}],"curies":[{"name":"wp","href":"https:\/\/api.w.org\/{rel}","templated":true}]}}