{"id":38354,"date":"2025-11-05T12:37:55","date_gmt":"2025-11-05T17:37:55","guid":{"rendered":"https:\/\/www.carl-abrc.ca\/?post_type=tribe_events&#038;p=38354"},"modified":"2025-11-05T12:37:55","modified_gmt":"2025-11-05T17:37:55","slug":"appel-du-mois-de-decembre-a-la-communaute-de-pratique-pour-la-bibliometrie-et-limpact-de-la-recherche-panel-sur-ladoption-et-lintegration-de-orcid-maximiser-lim","status":"publish","type":"tribe_events","link":"https:\/\/www.carl-abrc.ca\/fr\/evenement\/appel-du-mois-de-decembre-a-la-communaute-de-pratique-pour-la-bibliometrie-et-limpact-de-la-recherche-panel-sur-ladoption-et-lintegration-de-orcid-maximiser-lim\/","title":{"rendered":"Appel du mois de d\u00e9cembre \u00e0 la communaut\u00e9 de pratique pour la bibliom\u00e9trie et l\u2019impact de la recherche : Panel sur l\u2019adoption et l\u2019int\u00e9gration de ORCID : Maximiser l\u2019impact de la recherche"},"content":{"rendered":"<p>Date :\u00a0<strong>2 d\u00e9cembre 2025<\/strong><br \/>\nHeure :\u00a0<strong>13h00-14h00 HE<\/strong><\/p>\n<p><a href=\"https:\/\/us02web.zoom.us\/meeting\/register\/xa6c_Be4RyKqStoHV0repA\">Inscription<\/a><\/p>\n<p>La communaut\u00e9 de pratique pour la bibliom\u00e9trie et l\u2019impact de la recherche (CdP BIR) vous invite \u00e0 participer \u00e0 une table ronde sur l\u2019adoption et l\u2019int\u00e9gration de l\u2019ORCID dans les \u00e9tablissements de recherche canadiens. Cette session explorera les strat\u00e9gies, les outils et les d\u00e9fis permettant de maximiser le potentiel de l\u2019ORCID pour am\u00e9liorer la visibilit\u00e9 des chercheurs et l\u2019interop\u00e9rabilit\u00e9 des donn\u00e9es.<\/p>\n<p><strong>Toby Malone<\/strong>, biblioth\u00e9caire sp\u00e9cialis\u00e9 dans l\u2019impact de la recherche, Universit\u00e9 m\u00e9tropolitaine de Toronto (TMU)<br \/>\nBien qu\u2019il soit g\u00e9n\u00e9ralement reconnu comme un outil acad\u00e9mique essentiel sur le campus, une analyse environnementale de l\u2019adoption de ORCID \u00e0 l\u2019Universit\u00e9 m\u00e9tropolitaine de Toronto a montr\u00e9 que seule une fraction du corps professoral utilisait cet outil, sans parler d\u2019exploiter pleinement son potentiel. Depuis l\u2019adoption de l\u2019ORCID Affiliation Manager en janvier 2025, l\u2019int\u00e9gration de l\u2019ORCID a connu une croissance exponentielle \u00e0 la TMU, sous l\u2019impulsion de Toby Malone, biblioth\u00e9caire charg\u00e9 de l\u2019impact de la recherche. Dans sa br\u00e8ve pr\u00e9sentation, Toby Malone d\u00e9crira le processus d\u2019adoption de l\u2019ORCID Affiliation Manager au sein d\u2019un corps professoral de taille moyenne, ainsi que les d\u00e9fis et les opportunit\u00e9s qu\u2019il a d\u00e9couverts en cours de route.<\/p>\n<p><strong>Nikolas Lamarre<\/strong>, agent de la communaut\u00e9 des identifiants p\u00e9rennes canadiens, R\u00e9seau canadien de documentation pour la recherche (RCDR)<br \/>\nLes r\u00e9sultats de recherche sont souvent dispers\u00e9s entre diff\u00e9rents syst\u00e8mes, ce qui rend difficile d\u2019avoir une vue d\u2019ensemble des activit\u00e9s scientifiques. Les identifiants p\u00e9rennes (PID) comblent ces lacunes en reliant les donn\u00e9es afin de rendre les informations de recherche plus interop\u00e9rables, plus faciles \u00e0 trouver et plus conformes aux principes FAIR. Nikolas mettra en avant l\u2019outil de visualisation des donn\u00e9es ORCID, adapt\u00e9 par le CRKN, qui int\u00e8gre les donn\u00e9es provenant d\u2019ORCID, de ROR, de Crossref et de DataCite afin de visualiser les r\u00e9seaux de collaboration institutionnels. Conform\u00e9ment \u00e0 la strat\u00e9gie nationale du Canada en mati\u00e8re de PID, les am\u00e9liorations \u00e0 venir visent \u00e0 approfondir encore davantage la connaissance des activit\u00e9s des chercheurs \u00e0 travers le pays.<\/p>\n<p><strong>Pierre Lasou,<\/strong>\u00a0biblioth\u00e9caire sp\u00e9cialis\u00e9 dans la communication savante, Universit\u00e9 Laval<br \/>\nLaval a mis en service le module ORCID de DSpace en septembre 2025. L\u2019intervention de Pierre portera sur les raisons qui les ont pouss\u00e9s \u00e0 utiliser ce module avanc\u00e9 dans DSpace (car il n\u00e9cessite l\u2019utilisation du mod\u00e8le d\u2019entit\u00e9) et sur les d\u00e9fis qu\u2019ils ont rencontr\u00e9s jusqu\u2019\u00e0 pr\u00e9sent lors de sa configuration, de son utilisation et de sa promotion aupr\u00e8s de leur facult\u00e9.<\/p>\n<p><strong>Jack Young<\/strong>, biblioth\u00e9caire sp\u00e9cialis\u00e9 dans l\u2019impact de la recherche et la bibliom\u00e9trie, Universit\u00e9 McMaster<br \/>\nJack explorera l\u2019int\u00e9gration d\u2019ORCID dans le syst\u00e8me de gestion des informations de recherche de l\u2019universit\u00e9 McMaster (Symplectic Elements). Il expliquera comment les chercheurs peuvent relier et synchroniser leur identifiant ORCID avec leur profil de chercheur McMaster afin de garantir l\u2019exactitude des donn\u00e9es de publication et une mise \u00e0 jour transparente. Il d\u00e9crira \u00e9galement comment l\u2019acc\u00e8s \u00e0 des services am\u00e9lior\u00e9s d\u2019impact de la recherche a \u00e9t\u00e9 utilis\u00e9 comme incitation pour les enseignants \u00e0 maintenir leur identifiant ORCID \u00e0 jour.<\/p>\n<p><em>Cette session sera enregistr\u00e9e.<\/em><\/p>\n","protected":false},"excerpt":{"rendered":"<p>Date :\u00a02 d\u00e9cembre 2025 Heure :\u00a013h00-14h00 HE Inscription La communaut\u00e9 de pratique pour la bibliom\u00e9trie et l\u2019impact de la recherche (CdP BIR) vous invite \u00e0 participer \u00e0 une table ronde [&hellip;]<\/p>\n","protected":false},"author":131,"featured_media":37322,"template":"","meta":{"_acf_changed":false,"_EventAllDay":false,"_EventTimezone":"America\/Toronto","_EventStartDate":"2025-12-02 13:00:00","_EventEndDate":"2025-12-02 14:00:00","_EventStartDateUTC":"2025-12-02 18:00:00","_EventEndDateUTC":"2025-12-02 19:00:00","_EventShowMap":false,"_EventShowMapLink":false,"_EventURL":"","_EventCost":"","_EventCostDescription":"","_EventCurrencySymbol":"$","_EventCurrencyCode":"CAD","_EventCurrencyPosition":"prefix","_EventDateTimeSeparator":"","_EventTimeRangeSeparator":"","_EventOrganizerID":[37088],"_EventVenueID":[37071],"_OrganizerEmail":"","_OrganizerPhone":"","_OrganizerWebsite":"","_VenueAddress":"","_VenueCity":"","_VenueCountry":"","_VenueProvince":"","_VenueState":"","_VenueZip":"","_VenuePhone":"","_VenueURL":"","_VenueStateProvince":"","_VenueLat":"","_VenueLng":"","_VenueShowMap":false,"_VenueShowMapLink":false,"_tribe_events_status":"","_tribe_events_status_reason":"","footnotes":""},"tags":[],"tribe_events_cat":[114],"class_list":["post-38354","tribe_events","type-tribe_events","status-publish","has-post-thumbnail","hentry","tribe_events_cat-bibliometrie","cat_bibliometrie"],"acf":[],"yoast_head":"<!-- This site is optimized with the Yoast SEO plugin v27.4 - https:\/\/yoast.com\/product\/yoast-seo-wordpress\/ -->\n<title>Appel du mois de d\u00e9cembre \u00e0 la communaut\u00e9 de pratique pour la bibliom\u00e9trie et l\u2019impact de la recherche : Panel sur l\u2019adoption et l\u2019int\u00e9gration de ORCID : Maximiser l\u2019impact de la recherche - Association des biblioth\u00e8ques de recherche du Canada<\/title>\n<meta name=\"robots\" content=\"index, follow, max-snippet:-1, max-image-preview:large, max-video-preview:-1\" \/>\n<link rel=\"canonical\" href=\"https:\/\/www.carl-abrc.ca\/fr\/evenement\/appel-du-mois-de-decembre-a-la-communaute-de-pratique-pour-la-bibliometrie-et-limpact-de-la-recherche-panel-sur-ladoption-et-lintegration-de-orcid-maximiser-lim\/\" \/>\n<meta property=\"og:locale\" content=\"fr_FR\" \/>\n<meta property=\"og:type\" content=\"article\" \/>\n<meta property=\"og:title\" content=\"Appel du mois de d\u00e9cembre \u00e0 la communaut\u00e9 de pratique pour la bibliom\u00e9trie et l\u2019impact de la recherche : Panel sur l\u2019adoption et l\u2019int\u00e9gration de ORCID : Maximiser l\u2019impact de la recherche - Association des biblioth\u00e8ques de recherche du Canada\" \/>\n<meta property=\"og:description\" content=\"Date :\u00a02 d\u00e9cembre 2025 Heure :\u00a013h00-14h00 HE Inscription La communaut\u00e9 de pratique pour la bibliom\u00e9trie et l\u2019impact de la recherche (CdP BIR) vous invite \u00e0 participer \u00e0 une table ronde [&hellip;]\" \/>\n<meta property=\"og:url\" content=\"https:\/\/www.carl-abrc.ca\/fr\/evenement\/appel-du-mois-de-decembre-a-la-communaute-de-pratique-pour-la-bibliometrie-et-limpact-de-la-recherche-panel-sur-ladoption-et-lintegration-de-orcid-maximiser-lim\/\" \/>\n<meta property=\"og:site_name\" content=\"Association des biblioth\u00e8ques de recherche du Canada\" \/>\n<meta property=\"og:image\" content=\"https:\/\/www.carl-abrc.ca\/wp-content\/uploads\/2025\/04\/CoP-Department-Image.jpg\" \/>\n\t<meta property=\"og:image:width\" content=\"2000\" \/>\n\t<meta property=\"og:image:height\" content=\"1125\" \/>\n\t<meta property=\"og:image:type\" content=\"image\/jpeg\" \/>\n<meta name=\"twitter:label1\" content=\"Dur\u00e9e de lecture estim\u00e9e\" \/>\n\t<meta name=\"twitter:data1\" content=\"3 minutes\" \/>\n<script type=\"application\/ld+json\" class=\"yoast-schema-graph\">{\"@context\":\"https:\\\/\\\/schema.org\",\"@graph\":[{\"@type\":\"WebPage\",\"@id\":\"https:\\\/\\\/www.carl-abrc.ca\\\/fr\\\/evenement\\\/appel-du-mois-de-decembre-a-la-communaute-de-pratique-pour-la-bibliometrie-et-limpact-de-la-recherche-panel-sur-ladoption-et-lintegration-de-orcid-maximiser-lim\\\/\",\"url\":\"https:\\\/\\\/www.carl-abrc.ca\\\/fr\\\/evenement\\\/appel-du-mois-de-decembre-a-la-communaute-de-pratique-pour-la-bibliometrie-et-limpact-de-la-recherche-panel-sur-ladoption-et-lintegration-de-orcid-maximiser-lim\\\/\",\"name\":\"Appel du mois de d\u00e9cembre \u00e0 la communaut\u00e9 de pratique pour la bibliom\u00e9trie et l\u2019impact de la recherche : Panel sur l\u2019adoption et l\u2019int\u00e9gration de ORCID : Maximiser l\u2019impact de la recherche - Association des biblioth\u00e8ques de recherche du Canada\",\"isPartOf\":{\"@id\":\"https:\\\/\\\/www.carl-abrc.ca\\\/fr\\\/#website\"},\"primaryImageOfPage\":{\"@id\":\"https:\\\/\\\/www.carl-abrc.ca\\\/fr\\\/evenement\\\/appel-du-mois-de-decembre-a-la-communaute-de-pratique-pour-la-bibliometrie-et-limpact-de-la-recherche-panel-sur-ladoption-et-lintegration-de-orcid-maximiser-lim\\\/#primaryimage\"},\"image\":{\"@id\":\"https:\\\/\\\/www.carl-abrc.ca\\\/fr\\\/evenement\\\/appel-du-mois-de-decembre-a-la-communaute-de-pratique-pour-la-bibliometrie-et-limpact-de-la-recherche-panel-sur-ladoption-et-lintegration-de-orcid-maximiser-lim\\\/#primaryimage\"},\"thumbnailUrl\":\"https:\\\/\\\/www.carl-abrc.ca\\\/wp-content\\\/uploads\\\/2025\\\/04\\\/CoP-Department-Image.jpg\",\"datePublished\":\"2025-11-05T17:37:55+00:00\",\"breadcrumb\":{\"@id\":\"https:\\\/\\\/www.carl-abrc.ca\\\/fr\\\/evenement\\\/appel-du-mois-de-decembre-a-la-communaute-de-pratique-pour-la-bibliometrie-et-limpact-de-la-recherche-panel-sur-ladoption-et-lintegration-de-orcid-maximiser-lim\\\/#breadcrumb\"},\"inLanguage\":\"fr-FR\",\"potentialAction\":[{\"@type\":\"ReadAction\",\"target\":[\"https:\\\/\\\/www.carl-abrc.ca\\\/fr\\\/evenement\\\/appel-du-mois-de-decembre-a-la-communaute-de-pratique-pour-la-bibliometrie-et-limpact-de-la-recherche-panel-sur-ladoption-et-lintegration-de-orcid-maximiser-lim\\\/\"]}]},{\"@type\":\"ImageObject\",\"inLanguage\":\"fr-FR\",\"@id\":\"https:\\\/\\\/www.carl-abrc.ca\\\/fr\\\/evenement\\\/appel-du-mois-de-decembre-a-la-communaute-de-pratique-pour-la-bibliometrie-et-limpact-de-la-recherche-panel-sur-ladoption-et-lintegration-de-orcid-maximiser-lim\\\/#primaryimage\",\"url\":\"https:\\\/\\\/www.carl-abrc.ca\\\/wp-content\\\/uploads\\\/2025\\\/04\\\/CoP-Department-Image.jpg\",\"contentUrl\":\"https:\\\/\\\/www.carl-abrc.ca\\\/wp-content\\\/uploads\\\/2025\\\/04\\\/CoP-Department-Image.jpg\",\"width\":2000,\"height\":1125,\"caption\":\"Community of Practice Featured Image\"},{\"@type\":\"BreadcrumbList\",\"@id\":\"https:\\\/\\\/www.carl-abrc.ca\\\/fr\\\/evenement\\\/appel-du-mois-de-decembre-a-la-communaute-de-pratique-pour-la-bibliometrie-et-limpact-de-la-recherche-panel-sur-ladoption-et-lintegration-de-orcid-maximiser-lim\\\/#breadcrumb\",\"itemListElement\":[{\"@type\":\"ListItem\",\"position\":1,\"name\":\"Accueil\",\"item\":\"https:\\\/\\\/www.carl-abrc.ca\\\/fr\\\/home-3\\\/\"},{\"@type\":\"ListItem\",\"position\":2,\"name\":\"\u00c9v\u00e9nements\",\"item\":\"https:\\\/\\\/www.carl-abrc.ca\\\/fr\\\/evenements\\\/\"},{\"@type\":\"ListItem\",\"position\":3,\"name\":\"Appel du mois de d\u00e9cembre \u00e0 la communaut\u00e9 de pratique pour la bibliom\u00e9trie et l\u2019impact de la recherche : Panel sur l\u2019adoption et l\u2019int\u00e9gration de ORCID : Maximiser l\u2019impact de la recherche\"}]},{\"@type\":\"WebSite\",\"@id\":\"https:\\\/\\\/www.carl-abrc.ca\\\/fr\\\/#website\",\"url\":\"https:\\\/\\\/www.carl-abrc.ca\\\/fr\\\/\",\"name\":\"Association des biblioth\u00e8ques de recherche du Canada\",\"description\":\"ABRC\",\"publisher\":{\"@id\":\"https:\\\/\\\/www.carl-abrc.ca\\\/fr\\\/#organization\"},\"potentialAction\":[{\"@type\":\"SearchAction\",\"target\":{\"@type\":\"EntryPoint\",\"urlTemplate\":\"https:\\\/\\\/www.carl-abrc.ca\\\/fr\\\/?s={search_term_string}\"},\"query-input\":{\"@type\":\"PropertyValueSpecification\",\"valueRequired\":true,\"valueName\":\"search_term_string\"}}],\"inLanguage\":\"fr-FR\"},{\"@type\":\"Organization\",\"@id\":\"https:\\\/\\\/www.carl-abrc.ca\\\/fr\\\/#organization\",\"name\":\"Association des biblioth\u00e8ques de recherche du Canada\",\"url\":\"https:\\\/\\\/www.carl-abrc.ca\\\/fr\\\/\",\"logo\":{\"@type\":\"ImageObject\",\"inLanguage\":\"fr-FR\",\"@id\":\"https:\\\/\\\/www.carl-abrc.ca\\\/fr\\\/#\\\/schema\\\/logo\\\/image\\\/\",\"url\":\"https:\\\/\\\/www.carl-abrc.ca\\\/wp-content\\\/uploads\\\/2024\\\/07\\\/cropped-Stacked_Colour_L.png\",\"contentUrl\":\"https:\\\/\\\/www.carl-abrc.ca\\\/wp-content\\\/uploads\\\/2024\\\/07\\\/cropped-Stacked_Colour_L.png\",\"width\":641,\"height\":250,\"caption\":\"Association des biblioth\u00e8ques de recherche du Canada\"},\"image\":{\"@id\":\"https:\\\/\\\/www.carl-abrc.ca\\\/fr\\\/#\\\/schema\\\/logo\\\/image\\\/\"},\"sameAs\":[\"https:\\\/\\\/x.com\\\/carlabrc\"]}]}<\/script>\n<!-- \/ Yoast SEO plugin. -->","yoast_head_json":{"title":"Appel du mois de d\u00e9cembre \u00e0 la communaut\u00e9 de pratique pour la bibliom\u00e9trie et l\u2019impact de la recherche : Panel sur l\u2019adoption et l\u2019int\u00e9gration de ORCID : Maximiser l\u2019impact de la recherche - Association des biblioth\u00e8ques de recherche du Canada","robots":{"index":"index","follow":"follow","max-snippet":"max-snippet:-1","max-image-preview":"max-image-preview:large","max-video-preview":"max-video-preview:-1"},"canonical":"https:\/\/www.carl-abrc.ca\/fr\/evenement\/appel-du-mois-de-decembre-a-la-communaute-de-pratique-pour-la-bibliometrie-et-limpact-de-la-recherche-panel-sur-ladoption-et-lintegration-de-orcid-maximiser-lim\/","og_locale":"fr_FR","og_type":"article","og_title":"Appel du mois de d\u00e9cembre \u00e0 la communaut\u00e9 de pratique pour la bibliom\u00e9trie et l\u2019impact de la recherche : Panel sur l\u2019adoption et l\u2019int\u00e9gration de ORCID : Maximiser l\u2019impact de la recherche - Association des biblioth\u00e8ques de recherche du Canada","og_description":"Date :\u00a02 d\u00e9cembre 2025 Heure :\u00a013h00-14h00 HE Inscription La communaut\u00e9 de pratique pour la bibliom\u00e9trie et l\u2019impact de la recherche (CdP BIR) vous invite \u00e0 participer \u00e0 une table ronde [&hellip;]","og_url":"https:\/\/www.carl-abrc.ca\/fr\/evenement\/appel-du-mois-de-decembre-a-la-communaute-de-pratique-pour-la-bibliometrie-et-limpact-de-la-recherche-panel-sur-ladoption-et-lintegration-de-orcid-maximiser-lim\/","og_site_name":"Association des biblioth\u00e8ques de recherche du Canada","og_image":[{"width":2000,"height":1125,"url":"https:\/\/www.carl-abrc.ca\/wp-content\/uploads\/2025\/04\/CoP-Department-Image.jpg","type":"image\/jpeg"}],"twitter_misc":{"Dur\u00e9e de lecture estim\u00e9e":"3 minutes"},"schema":{"@context":"https:\/\/schema.org","@graph":[{"@type":"WebPage","@id":"https:\/\/www.carl-abrc.ca\/fr\/evenement\/appel-du-mois-de-decembre-a-la-communaute-de-pratique-pour-la-bibliometrie-et-limpact-de-la-recherche-panel-sur-ladoption-et-lintegration-de-orcid-maximiser-lim\/","url":"https:\/\/www.carl-abrc.ca\/fr\/evenement\/appel-du-mois-de-decembre-a-la-communaute-de-pratique-pour-la-bibliometrie-et-limpact-de-la-recherche-panel-sur-ladoption-et-lintegration-de-orcid-maximiser-lim\/","name":"Appel du mois de d\u00e9cembre \u00e0 la communaut\u00e9 de pratique pour la bibliom\u00e9trie et l\u2019impact de la recherche : Panel sur l\u2019adoption et l\u2019int\u00e9gration de ORCID : Maximiser l\u2019impact de la recherche - Association des biblioth\u00e8ques de recherche du Canada","isPartOf":{"@id":"https:\/\/www.carl-abrc.ca\/fr\/#website"},"primaryImageOfPage":{"@id":"https:\/\/www.carl-abrc.ca\/fr\/evenement\/appel-du-mois-de-decembre-a-la-communaute-de-pratique-pour-la-bibliometrie-et-limpact-de-la-recherche-panel-sur-ladoption-et-lintegration-de-orcid-maximiser-lim\/#primaryimage"},"image":{"@id":"https:\/\/www.carl-abrc.ca\/fr\/evenement\/appel-du-mois-de-decembre-a-la-communaute-de-pratique-pour-la-bibliometrie-et-limpact-de-la-recherche-panel-sur-ladoption-et-lintegration-de-orcid-maximiser-lim\/#primaryimage"},"thumbnailUrl":"https:\/\/www.carl-abrc.ca\/wp-content\/uploads\/2025\/04\/CoP-Department-Image.jpg","datePublished":"2025-11-05T17:37:55+00:00","breadcrumb":{"@id":"https:\/\/www.carl-abrc.ca\/fr\/evenement\/appel-du-mois-de-decembre-a-la-communaute-de-pratique-pour-la-bibliometrie-et-limpact-de-la-recherche-panel-sur-ladoption-et-lintegration-de-orcid-maximiser-lim\/#breadcrumb"},"inLanguage":"fr-FR","potentialAction":[{"@type":"ReadAction","target":["https:\/\/www.carl-abrc.ca\/fr\/evenement\/appel-du-mois-de-decembre-a-la-communaute-de-pratique-pour-la-bibliometrie-et-limpact-de-la-recherche-panel-sur-ladoption-et-lintegration-de-orcid-maximiser-lim\/"]}]},{"@type":"ImageObject","inLanguage":"fr-FR","@id":"https:\/\/www.carl-abrc.ca\/fr\/evenement\/appel-du-mois-de-decembre-a-la-communaute-de-pratique-pour-la-bibliometrie-et-limpact-de-la-recherche-panel-sur-ladoption-et-lintegration-de-orcid-maximiser-lim\/#primaryimage","url":"https:\/\/www.carl-abrc.ca\/wp-content\/uploads\/2025\/04\/CoP-Department-Image.jpg","contentUrl":"https:\/\/www.carl-abrc.ca\/wp-content\/uploads\/2025\/04\/CoP-Department-Image.jpg","width":2000,"height":1125,"caption":"Community of Practice Featured Image"},{"@type":"BreadcrumbList","@id":"https:\/\/www.carl-abrc.ca\/fr\/evenement\/appel-du-mois-de-decembre-a-la-communaute-de-pratique-pour-la-bibliometrie-et-limpact-de-la-recherche-panel-sur-ladoption-et-lintegration-de-orcid-maximiser-lim\/#breadcrumb","itemListElement":[{"@type":"ListItem","position":1,"name":"Accueil","item":"https:\/\/www.carl-abrc.ca\/fr\/home-3\/"},{"@type":"ListItem","position":2,"name":"\u00c9v\u00e9nements","item":"https:\/\/www.carl-abrc.ca\/fr\/evenements\/"},{"@type":"ListItem","position":3,"name":"Appel du mois de d\u00e9cembre \u00e0 la communaut\u00e9 de pratique pour la bibliom\u00e9trie et l\u2019impact de la recherche : Panel sur l\u2019adoption et l\u2019int\u00e9gration de ORCID : Maximiser l\u2019impact de la recherche"}]},{"@type":"WebSite","@id":"https:\/\/www.carl-abrc.ca\/fr\/#website","url":"https:\/\/www.carl-abrc.ca\/fr\/","name":"Association des biblioth\u00e8ques de recherche du Canada","description":"ABRC","publisher":{"@id":"https:\/\/www.carl-abrc.ca\/fr\/#organization"},"potentialAction":[{"@type":"SearchAction","target":{"@type":"EntryPoint","urlTemplate":"https:\/\/www.carl-abrc.ca\/fr\/?s={search_term_string}"},"query-input":{"@type":"PropertyValueSpecification","valueRequired":true,"valueName":"search_term_string"}}],"inLanguage":"fr-FR"},{"@type":"Organization","@id":"https:\/\/www.carl-abrc.ca\/fr\/#organization","name":"Association des biblioth\u00e8ques de recherche du Canada","url":"https:\/\/www.carl-abrc.ca\/fr\/","logo":{"@type":"ImageObject","inLanguage":"fr-FR","@id":"https:\/\/www.carl-abrc.ca\/fr\/#\/schema\/logo\/image\/","url":"https:\/\/www.carl-abrc.ca\/wp-content\/uploads\/2024\/07\/cropped-Stacked_Colour_L.png","contentUrl":"https:\/\/www.carl-abrc.ca\/wp-content\/uploads\/2024\/07\/cropped-Stacked_Colour_L.png","width":641,"height":250,"caption":"Association des biblioth\u00e8ques de recherche du Canada"},"image":{"@id":"https:\/\/www.carl-abrc.ca\/fr\/#\/schema\/logo\/image\/"},"sameAs":["https:\/\/x.com\/carlabrc"]}]}},"_links":{"self":[{"href":"https:\/\/www.carl-abrc.ca\/fr\/wp-json\/wp\/v2\/tribe_events\/38354","targetHints":{"allow":["GET"]}}],"collection":[{"href":"https:\/\/www.carl-abrc.ca\/fr\/wp-json\/wp\/v2\/tribe_events"}],"about":[{"href":"https:\/\/www.carl-abrc.ca\/fr\/wp-json\/wp\/v2\/types\/tribe_events"}],"author":[{"embeddable":true,"href":"https:\/\/www.carl-abrc.ca\/fr\/wp-json\/wp\/v2\/users\/131"}],"version-history":[{"count":0,"href":"https:\/\/www.carl-abrc.ca\/fr\/wp-json\/wp\/v2\/tribe_events\/38354\/revisions"}],"wp:featuredmedia":[{"embeddable":true,"href":"https:\/\/www.carl-abrc.ca\/fr\/wp-json\/wp\/v2\/media\/37322"}],"wp:attachment":[{"href":"https:\/\/www.carl-abrc.ca\/fr\/wp-json\/wp\/v2\/media?parent=38354"}],"wp:term":[{"taxonomy":"post_tag","embeddable":true,"href":"https:\/\/www.carl-abrc.ca\/fr\/wp-json\/wp\/v2\/tags?post=38354"},{"taxonomy":"tribe_events_cat","embeddable":true,"href":"https:\/\/www.carl-abrc.ca\/fr\/wp-json\/wp\/v2\/tribe_events_cat?post=38354"}],"curies":[{"name":"wp","href":"https:\/\/api.w.org\/{rel}","templated":true}]}}