{"id":38955,"date":"2025-11-19T12:02:08","date_gmt":"2025-11-19T17:02:08","guid":{"rendered":"https:\/\/www.carl-abrc.ca\/?post_type=tribe_events&#038;p=38955"},"modified":"2025-12-09T09:31:48","modified_gmt":"2025-12-09T14:31:48","slug":"appel-de-decembre-a-la-communaute-de-pratique-des-depots-canadiens-defis-actuels-et-orientations-futures-pour-les-depots-institutionnels-apercu-tire-de-la-litterature","status":"publish","type":"tribe_events","link":"https:\/\/www.carl-abrc.ca\/fr\/evenement\/appel-de-decembre-a-la-communaute-de-pratique-des-depots-canadiens-defis-actuels-et-orientations-futures-pour-les-depots-institutionnels-apercu-tire-de-la-litterature\/","title":{"rendered":"Appel de d\u00e9cembre \u00e0 la Communaut\u00e9 de pratique des d\u00e9p\u00f4ts canadiens : D\u00e9fis actuels et orientations futures pour les d\u00e9p\u00f4ts institutionnels : aper\u00e7u tir\u00e9 de la litt\u00e9rature"},"content":{"rendered":"<p>Date : <strong>11 d\u00e9cembre 2025<\/strong><br \/>\nHeure : <strong>12h00-13h00 HE<\/strong><\/p>\n<p><a href=\"https:\/\/us02web.zoom.us\/meeting\/register\/KLf4Dk1PRDid3XqauBCIpg\">Inscription<\/a><\/p>\n<p>Cette session fait partie de la s\u00e9rie <em><strong>C\u00e9l\u00e9bration de lancement d\u2019article<\/strong><\/em>, organis\u00e9e par la Communaut\u00e9 de pratique des d\u00e9p\u00f4ts canadiens. Afin de b\u00e9n\u00e9ficier de la discussion, les participants sont invit\u00e9s \u00e0 lire au pr\u00e9alable l&rsquo;article <a href=\"https:\/\/doi.org\/10.1002\/asi.70016\">Current challenges and future directions for institutional repositories: A systematic literature review<\/a>. Pour sugg\u00e9rer un article, veuillez contacter la pr\u00e9sidente du comit\u00e9 directeur, Priscilla Carmini, \u00e0 <a href=\"mailto:pcarmini@uwaterloo.ca\">pcarmini@uwaterloo.ca<\/a>.<\/p>\n<p>Les d\u00e9p\u00f4ts institutionnels sont essentiels pour faire progresser le libre acc\u00e8s et faciliter la diffusion des travaux universitaires. Malheureusement, les d\u00e9p\u00f4ts sont confront\u00e9s \u00e0 de nombreux d\u00e9fis dans des domaines tels que l&rsquo;alignement strat\u00e9gique, l&rsquo;acquisition de contenu, le financement, la gestion du personnel, l&rsquo;assurance qualit\u00e9 et la technologie.<\/p>\n<p>Au cours de cette session, les participants acquerront une compr\u00e9hension globale des d\u00e9fis actuels auxquels sont confront\u00e9s les d\u00e9p\u00f4ts institutionnels \u00e0 travers le monde. La discussion portera sur des domaines tels que la planification strat\u00e9gique, le recrutement, la gouvernance, le financement, la technologie, l&rsquo;engagement des utilisateurs et d&rsquo;autres sujets pertinents. Les conclusions de ce travail soulignent l&rsquo;importance de l&rsquo;int\u00e9gration strat\u00e9gique avec les objectifs institutionnels et les politiques des bailleurs de fonds, la professionnalisation et le niveau de pr\u00e9paration aux technologies, la garantie d&rsquo;un financement stable et la r\u00e9solution des d\u00e9fis li\u00e9s \u00e0 l&rsquo;acquisition de contenu, \u00e0 la gestion des droits et \u00e0 la participation des chercheurs. Cette \u00e9tude contribue au d\u00e9bat plus large sur le renforcement des d\u00e9p\u00f4ts en tant que composantes essentielles de la communication scientifique au sein de l&rsquo;\u00e9cosyst\u00e8me de la science ouverte.<\/p>\n<p><strong>Laura Rothfritz<\/strong> est chercheuse associ\u00e9e et doctorante au d\u00e9partement Gestion de l&rsquo;information de l&rsquo;\u00c9cole des sciences de l&rsquo;information et de la documentation de Berlin. Elle a \u00e9tudi\u00e9 \u00e0 l&rsquo;Universit\u00e9 des sciences appliqu\u00e9es de Potsdam et a obtenu sa ma\u00eetrise en sciences de l&rsquo;information en 2019. Ses recherches doctorales \u00e0 l&rsquo;Universit\u00e9 Humboldt de Berlin ont d\u00e9but\u00e9 en 2020 et devraient s&rsquo;achever en 2026. Depuis 2023, elle est membre du conseil d&rsquo;administration de l&rsquo;Einstein Center Digital Future (ECDF). Ses principaux domaines de recherche sont la gestion des donn\u00e9es de recherche, les \u00e9tudes sur les infrastructures et la science ouverte, avec un accent particulier sur les perspectives socio-technologiques de la relation entre les infrastructures de donn\u00e9es et les soci\u00e9t\u00e9s, et un lien \u00e9troit avec les \u00e9tudes STS (Science and Technology Studies). Le sujet de sa th\u00e8se porte sur la confiance et la m\u00e9fiance dans les infrastructures de donn\u00e9es publiques, avec un accent particulier sur les activit\u00e9s de r\u00e9cup\u00e9ration de donn\u00e9es aux \u00c9tats-Unis.<\/p>\n<p><strong>Lisa Matthias<\/strong> est chercheuse associ\u00e9e dans le cadre du projet \u00ab Professionalisierung der Open-Access Repositorien-Infrastruktur in Deutschland (Pro-OAR-DE) \u00bb. Auparavant, elle a travaill\u00e9 comme chercheuse postdoctorale \u00e0 la Hanken School of Economics \u00e0 Helsinki, en Finlande. Titulaire d&rsquo;un doctorat en sciences politiques de l&rsquo;Universit\u00e9 libre de Berlin, elle apporte une vaste exp\u00e9rience dans la recherche utilisant des m\u00e9thodes mixtes, l&rsquo;analyse de donn\u00e9es et la gestion de projets. Ses recherches sur le th\u00e8me du libre acc\u00e8s ont \u00e9t\u00e9 largement diffus\u00e9es et ont suscit\u00e9 un grand int\u00e9r\u00eat m\u00e9diatique dans des publications telles que Nature News. Lisa a contribu\u00e9 \u00e0 plusieurs projets de recherche internationaux, notamment en tant que chercheuse invit\u00e9e \u00e0 l&rsquo;universit\u00e9 Simon Fraser de Vancouver, au Canada. Ses domaines de recherche comprennent le libre acc\u00e8s (en particulier la durabilit\u00e9 et les co\u00fbts des diff\u00e9rents mod\u00e8les d&rsquo;acc\u00e8s), l&rsquo;\u00e9valuation de la recherche et la politique de recherche. Elle est membre du ScholCommLab.<\/p>\n<p><em>Cette session sera enregistr\u00e9e.<\/em><\/p>\n","protected":false},"excerpt":{"rendered":"<p>Date : 11 d\u00e9cembre 2025 Heure : 12h00-13h00 HE Inscription Cette session fait partie de la s\u00e9rie C\u00e9l\u00e9bration de lancement d\u2019article, organis\u00e9e par la Communaut\u00e9 de pratique des d\u00e9p\u00f4ts canadiens. [&hellip;]<\/p>\n","protected":false},"author":131,"featured_media":37322,"template":"","meta":{"_acf_changed":false,"_EventAllDay":false,"_EventTimezone":"America\/Toronto","_EventStartDate":"2025-12-11 12:00:00","_EventEndDate":"2025-12-11 13:00:00","_EventStartDateUTC":"2025-12-11 17:00:00","_EventEndDateUTC":"2025-12-11 18:00:00","_EventShowMap":false,"_EventShowMapLink":false,"_EventURL":"","_EventCost":"","_EventCostDescription":"","_EventCurrencySymbol":"$","_EventCurrencyCode":"CAD","_EventCurrencyPosition":"prefix","_EventDateTimeSeparator":"","_EventTimeRangeSeparator":"","_EventOrganizerID":[37085],"_EventVenueID":[37071],"_OrganizerEmail":"","_OrganizerPhone":"","_OrganizerWebsite":"","_VenueAddress":"","_VenueCity":"","_VenueCountry":"","_VenueProvince":"","_VenueState":"","_VenueZip":"","_VenuePhone":"","_VenueURL":"","_VenueStateProvince":"","_VenueLat":"","_VenueLng":"","_VenueShowMap":false,"_VenueShowMapLink":false,"_tribe_events_status":"","_tribe_events_status_reason":"","footnotes":""},"tags":[],"tribe_events_cat":[115],"class_list":["post-38955","tribe_events","type-tribe_events","status-publish","has-post-thumbnail","hentry","tribe_events_cat-depots","cat_depots"],"acf":[],"yoast_head":"<!-- This site is optimized with the Yoast SEO plugin v27.4 - https:\/\/yoast.com\/product\/yoast-seo-wordpress\/ -->\n<title>Appel de d\u00e9cembre \u00e0 la Communaut\u00e9 de pratique des d\u00e9p\u00f4ts canadiens : D\u00e9fis actuels et orientations futures pour les d\u00e9p\u00f4ts institutionnels : aper\u00e7u tir\u00e9 de la litt\u00e9rature - Association des biblioth\u00e8ques de recherche du Canada<\/title>\n<meta name=\"robots\" content=\"index, follow, max-snippet:-1, max-image-preview:large, max-video-preview:-1\" \/>\n<link rel=\"canonical\" href=\"https:\/\/www.carl-abrc.ca\/fr\/evenement\/appel-de-decembre-a-la-communaute-de-pratique-des-depots-canadiens-defis-actuels-et-orientations-futures-pour-les-depots-institutionnels-apercu-tire-de-la-litterature\/\" \/>\n<meta property=\"og:locale\" content=\"fr_FR\" \/>\n<meta property=\"og:type\" content=\"article\" \/>\n<meta property=\"og:title\" content=\"Appel de d\u00e9cembre \u00e0 la Communaut\u00e9 de pratique des d\u00e9p\u00f4ts canadiens : D\u00e9fis actuels et orientations futures pour les d\u00e9p\u00f4ts institutionnels : aper\u00e7u tir\u00e9 de la litt\u00e9rature - Association des biblioth\u00e8ques de recherche du Canada\" \/>\n<meta property=\"og:description\" content=\"Date : 11 d\u00e9cembre 2025 Heure : 12h00-13h00 HE Inscription Cette session fait partie de la s\u00e9rie C\u00e9l\u00e9bration de lancement d\u2019article, organis\u00e9e par la Communaut\u00e9 de pratique des d\u00e9p\u00f4ts canadiens. [&hellip;]\" \/>\n<meta property=\"og:url\" content=\"https:\/\/www.carl-abrc.ca\/fr\/evenement\/appel-de-decembre-a-la-communaute-de-pratique-des-depots-canadiens-defis-actuels-et-orientations-futures-pour-les-depots-institutionnels-apercu-tire-de-la-litterature\/\" \/>\n<meta property=\"og:site_name\" content=\"Association des biblioth\u00e8ques de recherche du Canada\" \/>\n<meta property=\"article:modified_time\" content=\"2025-12-09T14:31:48+00:00\" \/>\n<meta property=\"og:image\" content=\"https:\/\/www.carl-abrc.ca\/wp-content\/uploads\/2025\/04\/CoP-Department-Image.jpg\" \/>\n\t<meta property=\"og:image:width\" content=\"2000\" \/>\n\t<meta property=\"og:image:height\" content=\"1125\" \/>\n\t<meta property=\"og:image:type\" content=\"image\/jpeg\" \/>\n<meta name=\"twitter:label1\" content=\"Dur\u00e9e de lecture estim\u00e9e\" \/>\n\t<meta name=\"twitter:data1\" content=\"3 minutes\" \/>\n<script type=\"application\/ld+json\" class=\"yoast-schema-graph\">{\"@context\":\"https:\\\/\\\/schema.org\",\"@graph\":[{\"@type\":\"WebPage\",\"@id\":\"https:\\\/\\\/www.carl-abrc.ca\\\/fr\\\/evenement\\\/appel-de-decembre-a-la-communaute-de-pratique-des-depots-canadiens-defis-actuels-et-orientations-futures-pour-les-depots-institutionnels-apercu-tire-de-la-litterature\\\/\",\"url\":\"https:\\\/\\\/www.carl-abrc.ca\\\/fr\\\/evenement\\\/appel-de-decembre-a-la-communaute-de-pratique-des-depots-canadiens-defis-actuels-et-orientations-futures-pour-les-depots-institutionnels-apercu-tire-de-la-litterature\\\/\",\"name\":\"Appel de d\u00e9cembre \u00e0 la Communaut\u00e9 de pratique des d\u00e9p\u00f4ts canadiens : D\u00e9fis actuels et orientations futures pour les d\u00e9p\u00f4ts institutionnels : aper\u00e7u tir\u00e9 de la litt\u00e9rature - Association des biblioth\u00e8ques de recherche du Canada\",\"isPartOf\":{\"@id\":\"https:\\\/\\\/www.carl-abrc.ca\\\/fr\\\/#website\"},\"primaryImageOfPage\":{\"@id\":\"https:\\\/\\\/www.carl-abrc.ca\\\/fr\\\/evenement\\\/appel-de-decembre-a-la-communaute-de-pratique-des-depots-canadiens-defis-actuels-et-orientations-futures-pour-les-depots-institutionnels-apercu-tire-de-la-litterature\\\/#primaryimage\"},\"image\":{\"@id\":\"https:\\\/\\\/www.carl-abrc.ca\\\/fr\\\/evenement\\\/appel-de-decembre-a-la-communaute-de-pratique-des-depots-canadiens-defis-actuels-et-orientations-futures-pour-les-depots-institutionnels-apercu-tire-de-la-litterature\\\/#primaryimage\"},\"thumbnailUrl\":\"https:\\\/\\\/www.carl-abrc.ca\\\/wp-content\\\/uploads\\\/2025\\\/04\\\/CoP-Department-Image.jpg\",\"datePublished\":\"2025-11-19T17:02:08+00:00\",\"dateModified\":\"2025-12-09T14:31:48+00:00\",\"breadcrumb\":{\"@id\":\"https:\\\/\\\/www.carl-abrc.ca\\\/fr\\\/evenement\\\/appel-de-decembre-a-la-communaute-de-pratique-des-depots-canadiens-defis-actuels-et-orientations-futures-pour-les-depots-institutionnels-apercu-tire-de-la-litterature\\\/#breadcrumb\"},\"inLanguage\":\"fr-FR\",\"potentialAction\":[{\"@type\":\"ReadAction\",\"target\":[\"https:\\\/\\\/www.carl-abrc.ca\\\/fr\\\/evenement\\\/appel-de-decembre-a-la-communaute-de-pratique-des-depots-canadiens-defis-actuels-et-orientations-futures-pour-les-depots-institutionnels-apercu-tire-de-la-litterature\\\/\"]}]},{\"@type\":\"ImageObject\",\"inLanguage\":\"fr-FR\",\"@id\":\"https:\\\/\\\/www.carl-abrc.ca\\\/fr\\\/evenement\\\/appel-de-decembre-a-la-communaute-de-pratique-des-depots-canadiens-defis-actuels-et-orientations-futures-pour-les-depots-institutionnels-apercu-tire-de-la-litterature\\\/#primaryimage\",\"url\":\"https:\\\/\\\/www.carl-abrc.ca\\\/wp-content\\\/uploads\\\/2025\\\/04\\\/CoP-Department-Image.jpg\",\"contentUrl\":\"https:\\\/\\\/www.carl-abrc.ca\\\/wp-content\\\/uploads\\\/2025\\\/04\\\/CoP-Department-Image.jpg\",\"width\":2000,\"height\":1125,\"caption\":\"Community of Practice Featured Image\"},{\"@type\":\"BreadcrumbList\",\"@id\":\"https:\\\/\\\/www.carl-abrc.ca\\\/fr\\\/evenement\\\/appel-de-decembre-a-la-communaute-de-pratique-des-depots-canadiens-defis-actuels-et-orientations-futures-pour-les-depots-institutionnels-apercu-tire-de-la-litterature\\\/#breadcrumb\",\"itemListElement\":[{\"@type\":\"ListItem\",\"position\":1,\"name\":\"Accueil\",\"item\":\"https:\\\/\\\/www.carl-abrc.ca\\\/fr\\\/home-3\\\/\"},{\"@type\":\"ListItem\",\"position\":2,\"name\":\"\u00c9v\u00e9nements\",\"item\":\"https:\\\/\\\/www.carl-abrc.ca\\\/fr\\\/evenements\\\/\"},{\"@type\":\"ListItem\",\"position\":3,\"name\":\"Appel de d\u00e9cembre \u00e0 la Communaut\u00e9 de pratique des d\u00e9p\u00f4ts canadiens : D\u00e9fis actuels et orientations futures pour les d\u00e9p\u00f4ts institutionnels : aper\u00e7u tir\u00e9 de la litt\u00e9rature\"}]},{\"@type\":\"WebSite\",\"@id\":\"https:\\\/\\\/www.carl-abrc.ca\\\/fr\\\/#website\",\"url\":\"https:\\\/\\\/www.carl-abrc.ca\\\/fr\\\/\",\"name\":\"Association des biblioth\u00e8ques de recherche du Canada\",\"description\":\"ABRC\",\"publisher\":{\"@id\":\"https:\\\/\\\/www.carl-abrc.ca\\\/fr\\\/#organization\"},\"potentialAction\":[{\"@type\":\"SearchAction\",\"target\":{\"@type\":\"EntryPoint\",\"urlTemplate\":\"https:\\\/\\\/www.carl-abrc.ca\\\/fr\\\/?s={search_term_string}\"},\"query-input\":{\"@type\":\"PropertyValueSpecification\",\"valueRequired\":true,\"valueName\":\"search_term_string\"}}],\"inLanguage\":\"fr-FR\"},{\"@type\":\"Organization\",\"@id\":\"https:\\\/\\\/www.carl-abrc.ca\\\/fr\\\/#organization\",\"name\":\"Association des biblioth\u00e8ques de recherche du Canada\",\"url\":\"https:\\\/\\\/www.carl-abrc.ca\\\/fr\\\/\",\"logo\":{\"@type\":\"ImageObject\",\"inLanguage\":\"fr-FR\",\"@id\":\"https:\\\/\\\/www.carl-abrc.ca\\\/fr\\\/#\\\/schema\\\/logo\\\/image\\\/\",\"url\":\"https:\\\/\\\/www.carl-abrc.ca\\\/wp-content\\\/uploads\\\/2024\\\/07\\\/cropped-Stacked_Colour_L.png\",\"contentUrl\":\"https:\\\/\\\/www.carl-abrc.ca\\\/wp-content\\\/uploads\\\/2024\\\/07\\\/cropped-Stacked_Colour_L.png\",\"width\":641,\"height\":250,\"caption\":\"Association des biblioth\u00e8ques de recherche du Canada\"},\"image\":{\"@id\":\"https:\\\/\\\/www.carl-abrc.ca\\\/fr\\\/#\\\/schema\\\/logo\\\/image\\\/\"},\"sameAs\":[\"https:\\\/\\\/x.com\\\/carlabrc\"]}]}<\/script>\n<!-- \/ Yoast SEO plugin. -->","yoast_head_json":{"title":"Appel de d\u00e9cembre \u00e0 la Communaut\u00e9 de pratique des d\u00e9p\u00f4ts canadiens : D\u00e9fis actuels et orientations futures pour les d\u00e9p\u00f4ts institutionnels : aper\u00e7u tir\u00e9 de la litt\u00e9rature - Association des biblioth\u00e8ques de recherche du Canada","robots":{"index":"index","follow":"follow","max-snippet":"max-snippet:-1","max-image-preview":"max-image-preview:large","max-video-preview":"max-video-preview:-1"},"canonical":"https:\/\/www.carl-abrc.ca\/fr\/evenement\/appel-de-decembre-a-la-communaute-de-pratique-des-depots-canadiens-defis-actuels-et-orientations-futures-pour-les-depots-institutionnels-apercu-tire-de-la-litterature\/","og_locale":"fr_FR","og_type":"article","og_title":"Appel de d\u00e9cembre \u00e0 la Communaut\u00e9 de pratique des d\u00e9p\u00f4ts canadiens : D\u00e9fis actuels et orientations futures pour les d\u00e9p\u00f4ts institutionnels : aper\u00e7u tir\u00e9 de la litt\u00e9rature - Association des biblioth\u00e8ques de recherche du Canada","og_description":"Date : 11 d\u00e9cembre 2025 Heure : 12h00-13h00 HE Inscription Cette session fait partie de la s\u00e9rie C\u00e9l\u00e9bration de lancement d\u2019article, organis\u00e9e par la Communaut\u00e9 de pratique des d\u00e9p\u00f4ts canadiens. [&hellip;]","og_url":"https:\/\/www.carl-abrc.ca\/fr\/evenement\/appel-de-decembre-a-la-communaute-de-pratique-des-depots-canadiens-defis-actuels-et-orientations-futures-pour-les-depots-institutionnels-apercu-tire-de-la-litterature\/","og_site_name":"Association des biblioth\u00e8ques de recherche du Canada","article_modified_time":"2025-12-09T14:31:48+00:00","og_image":[{"width":2000,"height":1125,"url":"https:\/\/www.carl-abrc.ca\/wp-content\/uploads\/2025\/04\/CoP-Department-Image.jpg","type":"image\/jpeg"}],"twitter_misc":{"Dur\u00e9e de lecture estim\u00e9e":"3 minutes"},"schema":{"@context":"https:\/\/schema.org","@graph":[{"@type":"WebPage","@id":"https:\/\/www.carl-abrc.ca\/fr\/evenement\/appel-de-decembre-a-la-communaute-de-pratique-des-depots-canadiens-defis-actuels-et-orientations-futures-pour-les-depots-institutionnels-apercu-tire-de-la-litterature\/","url":"https:\/\/www.carl-abrc.ca\/fr\/evenement\/appel-de-decembre-a-la-communaute-de-pratique-des-depots-canadiens-defis-actuels-et-orientations-futures-pour-les-depots-institutionnels-apercu-tire-de-la-litterature\/","name":"Appel de d\u00e9cembre \u00e0 la Communaut\u00e9 de pratique des d\u00e9p\u00f4ts canadiens : D\u00e9fis actuels et orientations futures pour les d\u00e9p\u00f4ts institutionnels : aper\u00e7u tir\u00e9 de la litt\u00e9rature - Association des biblioth\u00e8ques de recherche du Canada","isPartOf":{"@id":"https:\/\/www.carl-abrc.ca\/fr\/#website"},"primaryImageOfPage":{"@id":"https:\/\/www.carl-abrc.ca\/fr\/evenement\/appel-de-decembre-a-la-communaute-de-pratique-des-depots-canadiens-defis-actuels-et-orientations-futures-pour-les-depots-institutionnels-apercu-tire-de-la-litterature\/#primaryimage"},"image":{"@id":"https:\/\/www.carl-abrc.ca\/fr\/evenement\/appel-de-decembre-a-la-communaute-de-pratique-des-depots-canadiens-defis-actuels-et-orientations-futures-pour-les-depots-institutionnels-apercu-tire-de-la-litterature\/#primaryimage"},"thumbnailUrl":"https:\/\/www.carl-abrc.ca\/wp-content\/uploads\/2025\/04\/CoP-Department-Image.jpg","datePublished":"2025-11-19T17:02:08+00:00","dateModified":"2025-12-09T14:31:48+00:00","breadcrumb":{"@id":"https:\/\/www.carl-abrc.ca\/fr\/evenement\/appel-de-decembre-a-la-communaute-de-pratique-des-depots-canadiens-defis-actuels-et-orientations-futures-pour-les-depots-institutionnels-apercu-tire-de-la-litterature\/#breadcrumb"},"inLanguage":"fr-FR","potentialAction":[{"@type":"ReadAction","target":["https:\/\/www.carl-abrc.ca\/fr\/evenement\/appel-de-decembre-a-la-communaute-de-pratique-des-depots-canadiens-defis-actuels-et-orientations-futures-pour-les-depots-institutionnels-apercu-tire-de-la-litterature\/"]}]},{"@type":"ImageObject","inLanguage":"fr-FR","@id":"https:\/\/www.carl-abrc.ca\/fr\/evenement\/appel-de-decembre-a-la-communaute-de-pratique-des-depots-canadiens-defis-actuels-et-orientations-futures-pour-les-depots-institutionnels-apercu-tire-de-la-litterature\/#primaryimage","url":"https:\/\/www.carl-abrc.ca\/wp-content\/uploads\/2025\/04\/CoP-Department-Image.jpg","contentUrl":"https:\/\/www.carl-abrc.ca\/wp-content\/uploads\/2025\/04\/CoP-Department-Image.jpg","width":2000,"height":1125,"caption":"Community of Practice Featured Image"},{"@type":"BreadcrumbList","@id":"https:\/\/www.carl-abrc.ca\/fr\/evenement\/appel-de-decembre-a-la-communaute-de-pratique-des-depots-canadiens-defis-actuels-et-orientations-futures-pour-les-depots-institutionnels-apercu-tire-de-la-litterature\/#breadcrumb","itemListElement":[{"@type":"ListItem","position":1,"name":"Accueil","item":"https:\/\/www.carl-abrc.ca\/fr\/home-3\/"},{"@type":"ListItem","position":2,"name":"\u00c9v\u00e9nements","item":"https:\/\/www.carl-abrc.ca\/fr\/evenements\/"},{"@type":"ListItem","position":3,"name":"Appel de d\u00e9cembre \u00e0 la Communaut\u00e9 de pratique des d\u00e9p\u00f4ts canadiens : D\u00e9fis actuels et orientations futures pour les d\u00e9p\u00f4ts institutionnels : aper\u00e7u tir\u00e9 de la litt\u00e9rature"}]},{"@type":"WebSite","@id":"https:\/\/www.carl-abrc.ca\/fr\/#website","url":"https:\/\/www.carl-abrc.ca\/fr\/","name":"Association des biblioth\u00e8ques de recherche du Canada","description":"ABRC","publisher":{"@id":"https:\/\/www.carl-abrc.ca\/fr\/#organization"},"potentialAction":[{"@type":"SearchAction","target":{"@type":"EntryPoint","urlTemplate":"https:\/\/www.carl-abrc.ca\/fr\/?s={search_term_string}"},"query-input":{"@type":"PropertyValueSpecification","valueRequired":true,"valueName":"search_term_string"}}],"inLanguage":"fr-FR"},{"@type":"Organization","@id":"https:\/\/www.carl-abrc.ca\/fr\/#organization","name":"Association des biblioth\u00e8ques de recherche du Canada","url":"https:\/\/www.carl-abrc.ca\/fr\/","logo":{"@type":"ImageObject","inLanguage":"fr-FR","@id":"https:\/\/www.carl-abrc.ca\/fr\/#\/schema\/logo\/image\/","url":"https:\/\/www.carl-abrc.ca\/wp-content\/uploads\/2024\/07\/cropped-Stacked_Colour_L.png","contentUrl":"https:\/\/www.carl-abrc.ca\/wp-content\/uploads\/2024\/07\/cropped-Stacked_Colour_L.png","width":641,"height":250,"caption":"Association des biblioth\u00e8ques de recherche du Canada"},"image":{"@id":"https:\/\/www.carl-abrc.ca\/fr\/#\/schema\/logo\/image\/"},"sameAs":["https:\/\/x.com\/carlabrc"]}]}},"_links":{"self":[{"href":"https:\/\/www.carl-abrc.ca\/fr\/wp-json\/wp\/v2\/tribe_events\/38955","targetHints":{"allow":["GET"]}}],"collection":[{"href":"https:\/\/www.carl-abrc.ca\/fr\/wp-json\/wp\/v2\/tribe_events"}],"about":[{"href":"https:\/\/www.carl-abrc.ca\/fr\/wp-json\/wp\/v2\/types\/tribe_events"}],"author":[{"embeddable":true,"href":"https:\/\/www.carl-abrc.ca\/fr\/wp-json\/wp\/v2\/users\/131"}],"version-history":[{"count":2,"href":"https:\/\/www.carl-abrc.ca\/fr\/wp-json\/wp\/v2\/tribe_events\/38955\/revisions"}],"predecessor-version":[{"id":39181,"href":"https:\/\/www.carl-abrc.ca\/fr\/wp-json\/wp\/v2\/tribe_events\/38955\/revisions\/39181"}],"wp:featuredmedia":[{"embeddable":true,"href":"https:\/\/www.carl-abrc.ca\/fr\/wp-json\/wp\/v2\/media\/37322"}],"wp:attachment":[{"href":"https:\/\/www.carl-abrc.ca\/fr\/wp-json\/wp\/v2\/media?parent=38955"}],"wp:term":[{"taxonomy":"post_tag","embeddable":true,"href":"https:\/\/www.carl-abrc.ca\/fr\/wp-json\/wp\/v2\/tags?post=38955"},{"taxonomy":"tribe_events_cat","embeddable":true,"href":"https:\/\/www.carl-abrc.ca\/fr\/wp-json\/wp\/v2\/tribe_events_cat?post=38955"}],"curies":[{"name":"wp","href":"https:\/\/api.w.org\/{rel}","templated":true}]}}