{"id":39225,"date":"2026-01-06T10:44:58","date_gmt":"2026-01-06T15:44:58","guid":{"rendered":"https:\/\/www.carl-abrc.ca\/?post_type=tribe_events&#038;p=39225"},"modified":"2026-02-10T20:34:00","modified_gmt":"2026-02-11T01:34:00","slug":"commconnect-symposium-virtuel-sur-les-communications-en-bibliotheque","status":"publish","type":"tribe_events","link":"https:\/\/www.carl-abrc.ca\/fr\/evenement\/commconnect-symposium-virtuel-sur-les-communications-en-bibliotheque\/","title":{"rendered":"CommConnect symposium virtuel sur les communications en biblioth\u00e8que"},"content":{"rendered":"\t\t<div data-elementor-type=\"tec_event_single_static\" data-elementor-id=\"39225\" class=\"elementor elementor-39225 elementor-39186\">\n\t\t\t\t\t\t<section class=\"elementor-section elementor-top-section elementor-element elementor-element-7b3e348d elementor-section-full_width elementor-section-stretched elementor-section-height-default elementor-section-height-default\" data-id=\"7b3e348d\" data-element_type=\"section\" data-e-type=\"section\" data-settings=\"{&quot;background_background&quot;:&quot;classic&quot;,&quot;stretch_section&quot;:&quot;section-stretched&quot;,&quot;animation_mobile&quot;:&quot;none&quot;}\">\n\t\t\t\t\t\t\t<div class=\"elementor-background-overlay\"><\/div>\n\t\t\t\t\t\t\t<div class=\"elementor-container elementor-column-gap-default\">\n\t\t\t\t\t<div class=\"elementor-column elementor-col-100 elementor-top-column elementor-element elementor-element-648be831\" data-id=\"648be831\" data-element_type=\"column\" data-e-type=\"column\">\n\t\t\t<div class=\"elementor-widget-wrap elementor-element-populated\">\n\t\t\t\t<div class=\"elementor-element elementor-element-301f4d34 e-con-full e-flex e-con e-parent\" data-id=\"301f4d34\" data-element_type=\"container\" data-e-type=\"container\">\n\t\t\t\t<div class=\"elementor-element elementor-element-5c00ba61 elementor-widget elementor-widget-tec_events_elementor_widget_event_calendar_link\" data-id=\"5c00ba61\" data-element_type=\"widget\" data-e-type=\"widget\" data-widget_type=\"tec_events_elementor_widget_event_calendar_link.default\">\n\t\t\t\t<div class=\"elementor-widget-container\">\n\t\t\t\t\t<p  class=\"tec-events-back\" >\n\t<a href=\"https:\/\/www.carl-abrc.ca\/fr\/evenements\/\" >&laquo; Tous les \u00c9v\u00e9nements<\/a>\n<\/p>\t\t\t\t<\/div>\n\t\t\t\t<\/div>\n\t\t<div class=\"elementor-element elementor-element-2d6d048 e-flex e-con-boxed e-con e-child\" data-id=\"2d6d048\" data-element_type=\"container\" data-e-type=\"container\">\n\t\t\t\t\t<div class=\"e-con-inner\">\n\t\t<div class=\"elementor-element elementor-element-4b1b947e e-con-full e-flex e-con e-child\" data-id=\"4b1b947e\" data-element_type=\"container\" data-e-type=\"container\">\n\t\t\t\t<div class=\"elementor-element elementor-element-6a397e9d elementor-widget elementor-widget-tec_events_elementor_widget_event_title\" data-id=\"6a397e9d\" data-element_type=\"widget\" data-e-type=\"widget\" data-widget_type=\"tec_events_elementor_widget_event_title.default\">\n\t\t\t\t<div class=\"elementor-widget-container\">\n\t\t\t\t\t<h1  class=\"tec-events-elementor-event-widget__title\" >\n\tCommConnect symposium virtuel sur les communications en biblioth\u00e8que<\/h1>\t\t\t\t<\/div>\n\t\t\t\t<\/div>\n\t\t\t\t<div class=\"elementor-element elementor-element-78c06e0a elementor-widget elementor-widget-tec_events_elementor_widget_event_datetime\" data-id=\"78c06e0a\" data-element_type=\"widget\" data-e-type=\"widget\" data-widget_type=\"tec_events_elementor_widget_event_datetime.default\">\n\t\t\t\t<div class=\"elementor-widget-container\">\n\t\t\t\t\t<div  class=\"tec-events-elementor-event-widget__datetime-wrapper\" >\n\t\t<p  class=\"tec-events-elementor-event-widget__datetime\" >\n\t\t\t<span  class=\"tec-events-elementor-event-widget__datetime-date tec-events-elementor-event-widget__datetime-date--start\" >11 f\u00e9vrier 2026<\/span>\n\n\t\n<span  class=\"tec-events-elementor-event-widget__datetime-separator\" >\n\t  \u2013   <\/span>\n\n\n<span  class=\"tec-events-elementor-event-widget__datetime-time tec-events-elementor-event-widget__datetime-time--start\" >11:00<\/span>\n\n\t\t\n\n\n\n\t<span  class=\"tec-events-elementor-event-widget__datetime-separator\" >\n\t  -  <\/span>\n\n<span  class=\"tec-events-elementor-event-widget__datetime-time tec-events-elementor-event-widget__datetime-time--end\" >15:30<\/span>\n\n\n<span class=\"tribe-events-abbr tribe-events-time-zone published\">EST<\/span>\n\t<\/p><\/div>\n\t\t\t\t<\/div>\n\t\t\t\t<\/div>\n\t\t\t\t<div class=\"elementor-element elementor-element-13abff42 elementor-widget elementor-widget-text-editor\" data-id=\"13abff42\" data-element_type=\"widget\" data-e-type=\"widget\" data-widget_type=\"text-editor.default\">\n\t\t\t\t<div class=\"elementor-widget-container\">\n\t\t\t\t\t\t\t\t\t<p>La communaut\u00e9 de pratique des communications de l&rsquo;Association des biblioth\u00e8ques de recherche du Canada a le plaisir de vous inviter \u00e0 son tout premier symposium virtuel gratuit d&rsquo;une demi-journ\u00e9e, <strong>CommConnect<\/strong>. Cet \u00e9v\u00e9nement inaugural rassemble des professionnels de la communication travaillant dans des biblioth\u00e8ques universitaires et de recherche \u00e0 travers le Canada afin de partager leurs exp\u00e9riences, d&rsquo;explorer les nouvelles tendances et de renforcer notre pratique collective.<\/p><p><em>*Veuillez noter que le symposium se d\u00e9roulera en anglais, avec une transcription automatique en direct en fran\u00e7ais.<\/em><\/p>\t\t\t\t\t\t\t\t<\/div>\n\t\t\t\t<\/div>\n\t\t\t\t<div class=\"elementor-element elementor-element-25e44537 elementor-widget elementor-widget-button\" data-id=\"25e44537\" data-element_type=\"widget\" data-e-type=\"widget\" data-widget_type=\"button.default\">\n\t\t\t\t<div class=\"elementor-widget-container\">\n\t\t\t\t\t\t\t\t\t<div class=\"elementor-button-wrapper\">\n\t\t\t\t\t<a class=\"elementor-button elementor-button-link elementor-size-sm\" href=\"https:\/\/us02web.zoom.us\/meeting\/register\/mc4oXy3aRI6fHvdsLFWCWg\" target=\"_blank\">\n\t\t\t\t\t\t<span class=\"elementor-button-content-wrapper\">\n\t\t\t\t\t\t<span class=\"elementor-button-icon\">\n\t\t\t\t<svg aria-hidden=\"true\" class=\"e-font-icon-svg e-fas-external-link-alt\" viewBox=\"0 0 512 512\" xmlns=\"http:\/\/www.w3.org\/2000\/svg\"><path d=\"M432,320H400a16,16,0,0,0-16,16V448H64V128H208a16,16,0,0,0,16-16V80a16,16,0,0,0-16-16H48A48,48,0,0,0,0,112V464a48,48,0,0,0,48,48H400a48,48,0,0,0,48-48V336A16,16,0,0,0,432,320ZM488,0h-128c-21.37,0-32.05,25.91-17,41l35.73,35.73L135,320.37a24,24,0,0,0,0,34L157.67,377a24,24,0,0,0,34,0L435.28,133.32,471,169c15,15,41,4.5,41-17V24A24,24,0,0,0,488,0Z\"><\/path><\/svg>\t\t\t<\/span>\n\t\t\t\t\t\t\t\t\t<span class=\"elementor-button-text\">Inscrivez-vous au symposium virtuel CommConnect<\/span>\n\t\t\t\t\t<\/span>\n\t\t\t\t\t<\/a>\n\t\t\t\t<\/div>\n\t\t\t\t\t\t\t\t<\/div>\n\t\t\t\t<\/div>\n\t\t\t\t<\/div>\n\t\t<div class=\"elementor-element elementor-element-5f12ac95 e-con-full e-flex e-con e-child\" data-id=\"5f12ac95\" data-element_type=\"container\" data-e-type=\"container\">\n\t\t\t\t<div class=\"elementor-element elementor-element-eecd91f elementor-widget elementor-widget-image\" data-id=\"eecd91f\" data-element_type=\"widget\" data-e-type=\"widget\" data-widget_type=\"image.default\">\n\t\t\t\t<div class=\"elementor-widget-container\">\n\t\t\t\t\t\t\t\t\t\t\t\t\t\t\t<img fetchpriority=\"high\" decoding=\"async\" width=\"525\" height=\"295\" src=\"https:\/\/www.carl-abrc.ca\/wp-content\/uploads\/2025\/12\/CommCONNECT-FR-1024x576.jpg\" class=\"attachment-large size-large wp-image-39226\" alt=\"\" srcset=\"https:\/\/www.carl-abrc.ca\/wp-content\/uploads\/2025\/12\/CommCONNECT-FR-1024x576.jpg 1024w, https:\/\/www.carl-abrc.ca\/wp-content\/uploads\/2025\/12\/CommCONNECT-FR-300x169.jpg 300w, https:\/\/www.carl-abrc.ca\/wp-content\/uploads\/2025\/12\/CommCONNECT-FR-768x432.jpg 768w, https:\/\/www.carl-abrc.ca\/wp-content\/uploads\/2025\/12\/CommCONNECT-FR-1536x864.jpg 1536w, https:\/\/www.carl-abrc.ca\/wp-content\/uploads\/2025\/12\/CommCONNECT-FR.jpg 1600w\" sizes=\"(max-width: 525px) 100vw, 525px\" \/>\t\t\t\t\t\t\t\t\t\t\t\t\t\t\t<\/div>\n\t\t\t\t<\/div>\n\t\t\t\t<\/div>\n\t\t\t\t\t<\/div>\n\t\t\t\t<\/div>\n\t\t\t\t<\/div>\n\t\t\t\t\t<\/div>\n\t\t<\/div>\n\t\t\t\t\t<\/div>\n\t\t<\/section>\n\t\t\t\t<section class=\"elementor-section elementor-top-section elementor-element elementor-element-12a80159 elementor-section-full_width elementor-section-stretched elementor-section-height-default elementor-section-height-default\" data-id=\"12a80159\" data-element_type=\"section\" data-e-type=\"section\" data-settings=\"{&quot;background_background&quot;:&quot;classic&quot;,&quot;stretch_section&quot;:&quot;section-stretched&quot;,&quot;animation_mobile&quot;:&quot;none&quot;}\">\n\t\t\t\t\t\t\t<div class=\"elementor-background-overlay\"><\/div>\n\t\t\t\t\t\t\t<div class=\"elementor-container elementor-column-gap-default\">\n\t\t\t\t\t<div class=\"elementor-column elementor-col-100 elementor-top-column elementor-element elementor-element-444988bb\" data-id=\"444988bb\" data-element_type=\"column\" data-e-type=\"column\">\n\t\t\t<div class=\"elementor-widget-wrap elementor-element-populated\">\n\t\t\t\t\t\t<div class=\"elementor-element elementor-element-5e46142f e-n-tabs-mobile elementor-widget elementor-widget-n-tabs\" data-id=\"5e46142f\" data-element_type=\"widget\" data-e-type=\"widget\" data-settings=\"{&quot;tabs_justify_horizontal&quot;:&quot;center&quot;,&quot;horizontal_scroll&quot;:&quot;disable&quot;}\" data-widget_type=\"nested-tabs.default\">\n\t\t\t\t<div class=\"elementor-widget-container\">\n\t\t\t\t\t\t\t<div class=\"e-n-tabs\" data-widget-number=\"1581650991\" aria-label=\"Onglets. Ouvrez des \u00e9l\u00e9ments avec Entrer ou Espace, fermez-les avec Echape et naviguez \u00e0 l&#039;aide des touches fl\u00e9ch\u00e9es.\">\n\t\t\t<div class=\"e-n-tabs-heading\" role=\"tablist\">\n\t\t\t\t\t<button id=\"e-n-tab-title-15816509911\" data-tab-title-id=\"e-n-tab-title-15816509911\" class=\"e-n-tab-title\" aria-selected=\"true\" data-tab-index=\"1\" role=\"tab\" tabindex=\"0\" aria-controls=\"e-n-tab-content-15816509911\" style=\"--n-tabs-title-order: 1;\">\n\t\t\t\t\t\t<span class=\"e-n-tab-title-text\">\n\t\t\t\t\u00c0 propos\t\t\t<\/span>\n\t\t<\/button>\n\t\t\t\t<button id=\"e-n-tab-title-15816509912\" data-tab-title-id=\"e-n-tab-title-15816509912\" class=\"e-n-tab-title\" aria-selected=\"false\" data-tab-index=\"2\" role=\"tab\" tabindex=\"-1\" aria-controls=\"e-n-tab-content-15816509912\" style=\"--n-tabs-title-order: 2;\">\n\t\t\t\t\t\t<span class=\"e-n-tab-title-text\">\n\t\t\t\tConf\u00e9rencier principal\t\t\t<\/span>\n\t\t<\/button>\n\t\t\t\t<button id=\"e-n-tab-title-15816509913\" data-tab-title-id=\"e-n-tab-title-15816509913\" class=\"e-n-tab-title\" aria-selected=\"false\" data-tab-index=\"3\" role=\"tab\" tabindex=\"-1\" aria-controls=\"e-n-tab-content-15816509913\" style=\"--n-tabs-title-order: 3;\">\n\t\t\t\t\t\t<span class=\"e-n-tab-title-text\">\n\t\t\t\tProgramme\t\t\t<\/span>\n\t\t<\/button>\n\t\t\t\t<button id=\"e-n-tab-title-15816509914\" data-tab-title-id=\"e-n-tab-title-15816509914\" class=\"e-n-tab-title\" aria-selected=\"false\" data-tab-index=\"4\" role=\"tab\" tabindex=\"-1\" aria-controls=\"e-n-tab-content-15816509914\" style=\"--n-tabs-title-order: 4;\">\n\t\t\t\t\t\t<span class=\"e-n-tab-title-text\">\n\t\t\t\tSessions\t\t\t<\/span>\n\t\t<\/button>\n\t\t\t\t<button id=\"e-n-tab-title-15816509915\" data-tab-title-id=\"e-n-tab-title-15816509915\" class=\"e-n-tab-title\" aria-selected=\"false\" data-tab-index=\"5\" role=\"tab\" tabindex=\"-1\" aria-controls=\"e-n-tab-content-15816509915\" style=\"--n-tabs-title-order: 5;\">\n\t\t\t\t\t\t<span class=\"e-n-tab-title-text\">\n\t\t\t\tConf\u00e9renciers.\u00e8res\t\t\t<\/span>\n\t\t<\/button>\n\t\t\t\t<button id=\"e-n-tab-title-15816509916\" data-tab-title-id=\"e-n-tab-title-15816509916\" class=\"e-n-tab-title\" aria-selected=\"false\" data-tab-index=\"6\" role=\"tab\" tabindex=\"-1\" aria-controls=\"e-n-tab-content-15816509916\" style=\"--n-tabs-title-order: 6;\">\n\t\t\t\t\t\t<span class=\"e-n-tab-title-text\">\n\t\t\t\t\u00c0 propos de la CdP des communications\t\t\t<\/span>\n\t\t<\/button>\n\t\t\t\t\t<\/div>\n\t\t\t<div class=\"e-n-tabs-content\">\n\t\t\t\t<div id=\"e-n-tab-content-15816509911\" role=\"tabpanel\" aria-labelledby=\"e-n-tab-title-15816509911\" data-tab-index=\"1\" style=\"--n-tabs-title-order: 1;\" class=\"e-active elementor-element elementor-element-e95af1a e-flex e-con-boxed e-con e-child\" data-id=\"e95af1a\" data-element_type=\"container\" data-e-type=\"container\">\n\t\t\t\t\t<div class=\"e-con-inner\">\n\t\t\t\t<div class=\"elementor-element elementor-element-dead943 elementor-widget elementor-widget-text-editor\" data-id=\"dead943\" data-element_type=\"widget\" data-e-type=\"widget\" data-widget_type=\"text-editor.default\">\n\t\t\t\t<div class=\"elementor-widget-container\">\n\t\t\t\t\t\t\t\t\t<p>CommConnect est une initiative de la Communaut\u00e9 de pratique sur les communications de l&rsquo;ABRC, cr\u00e9\u00e9e dans le but de rapprocher, de soutenir et de mobiliser les professionnels des communications qui travaillent dans les biblioth\u00e8ques universitaires et de recherche \u00e0 travers le Canada. S&rsquo;appuyant sur les discussions et le partage de connaissances continus de la Communaut\u00e9 de pratique, ce premier symposium d&rsquo;une demi-journ\u00e9e offre un espace d\u00e9di\u00e9 \u00e0 l&rsquo;exploration des d\u00e9fis communs, \u00e0 l&rsquo;\u00e9change d&rsquo;id\u00e9es et \u00e0 l&rsquo;apprentissage mutuel.<\/p><p>Le th\u00e8me du symposium de cette ann\u00e9e est \u00ab <strong>Communiquer l&rsquo;avenir : les biblioth\u00e8ques dans un paysage de l&rsquo;enseignement sup\u00e9rieur en \u00e9volution<\/strong> \u00bb . Les biblioth\u00e8ques de recherche naviguent dans un paysage politique et \u00e9ducatif en rapide \u00e9volution, avec des priorit\u00e9s changeantes, de nouvelles technologies et des besoins d&rsquo;utilisateurs en constante \u00e9volution.<\/p><p>Ce symposium nous invite \u00e0 explorer comment des strat\u00e9gies de communication innovantes, des approches cr\u00e9atives de sensibilisation et des outils \u00e9mergents aident les biblioth\u00e8ques \u00e0 s&rsquo;engager de mani\u00e8re significative aupr\u00e8s de leurs communaut\u00e9s, en veillant \u00e0 ce qu&rsquo;elles restent visibles, pertinentes et influentes aujourd&rsquo;hui et \u00e0 l&rsquo;avenir.<\/p><p><em>*Veuillez noter que le symposium se d\u00e9roulera en anglais, avec une transcription automatique en direct en fran\u00e7ais. La participation au symposium est sans frais.<\/em><\/p>\t\t\t\t\t\t\t\t<\/div>\n\t\t\t\t<\/div>\n\t\t\t\t\t<\/div>\n\t\t\t\t<\/div>\n\t\t<div id=\"e-n-tab-content-15816509912\" role=\"tabpanel\" aria-labelledby=\"e-n-tab-title-15816509912\" data-tab-index=\"2\" style=\"--n-tabs-title-order: 2;\" class=\" elementor-element elementor-element-5d4aedf e-flex e-con-boxed e-con e-child\" data-id=\"5d4aedf\" data-element_type=\"container\" data-e-type=\"container\">\n\t\t\t\t\t<div class=\"e-con-inner\">\n\t\t\t\t<div class=\"elementor-element elementor-element-70f5d58 elementor-widget elementor-widget-text-editor\" data-id=\"70f5d58\" data-element_type=\"widget\" data-e-type=\"widget\" data-widget_type=\"text-editor.default\">\n\t\t\t\t<div class=\"elementor-widget-container\">\n\t\t\t\t\t\t\t\t\t<p><img decoding=\"async\" class=\"alignleft wp-image-39718 size-medium\" src=\"https:\/\/www.carl-abrc.ca\/wp-content\/uploads\/2026\/02\/Joe-Friesen-Headshot-300x231.png\" alt=\"\" width=\"300\" height=\"231\" srcset=\"https:\/\/www.carl-abrc.ca\/wp-content\/uploads\/2026\/02\/Joe-Friesen-Headshot-300x231.png 300w, https:\/\/www.carl-abrc.ca\/wp-content\/uploads\/2026\/02\/Joe-Friesen-Headshot-768x592.png 768w, https:\/\/www.carl-abrc.ca\/wp-content\/uploads\/2026\/02\/Joe-Friesen-Headshot-375x288.png 375w, https:\/\/www.carl-abrc.ca\/wp-content\/uploads\/2026\/02\/Joe-Friesen-Headshot-372x286.png 372w, https:\/\/www.carl-abrc.ca\/wp-content\/uploads\/2026\/02\/Joe-Friesen-Headshot.png 818w\" sizes=\"(max-width: 300px) 100vw, 300px\" \/>Le groupe de planification de CommConnect est heureux d&rsquo;accueillir <strong>Joe Friesen<\/strong>\u00a0en tant que conf\u00e9rencier principal du symposium virtuel.<\/p><p>\u00ab Joe Friesen est journaliste sp\u00e9cialis\u00e9 dans l&rsquo;enseignement sup\u00e9rieur au Globe and Mail. Il a \u00e9t\u00e9 journaliste d\u00e9mographe au Globe pendant six ans et ancien chef du bureau des Prairies \u00e0 Winnipeg.<\/p><p>Son travail sur l&rsquo;immigration et l&rsquo;\u00e9volution d\u00e9mographique a \u00e9t\u00e9 nomin\u00e9 pour un prix NNA dans la cat\u00e9gorie \u00ab projet sp\u00e9cial \u00bb en 2013. Son premier livre, The Ballad of Danny Wolfe, s&rsquo;inspire d&rsquo;une s\u00e9rie d&rsquo;articles sur l&rsquo;ascension et la chute des fr\u00e8res Wolfe. Plus r\u00e9cemment, il a couvert l&rsquo;histoire tumultueuse du meurtre de Colten Boushie. \u00bb (<a href=\"https:\/\/www.theglobeandmail.com\/authors\/joe-friesen\/\">Globe and Mail<\/a>).<\/p><p>Joe se joindra \u00e0 nous pour une conversation avec <strong>Mark Asberg, Vice-Provost and University Librarian \u00e0 l&rsquo;Universit\u00e9 Queen&rsquo;s<\/strong> et pr\u00e9sident du Comit\u00e9 sur l&rsquo;accroissement de la capacit\u00e9 de l&rsquo;ABRC. Ensemble, ils exploreront les questions cl\u00e9s qui fa\u00e7onnent l&rsquo;enseignement sup\u00e9rieur et le discours public, notamment<\/p><ul><li>Les discours nationaux sur les universit\u00e9s et leur \u00e9volution<\/li><li>Les sujets urgents ou peu abord\u00e9s dans l&rsquo;enseignement sup\u00e9rieur<\/li><li>Comment les \u00e9tablissements peuvent mieux soutenir un journalisme solide et responsable<\/li><\/ul><p>Cette discussion offrira des perspectives int\u00e9ressantes sur la mani\u00e8re dont l&rsquo;enseignement sup\u00e9rieur est pr\u00e9sent\u00e9, interpr\u00e9t\u00e9 et compris, et sur la mani\u00e8re dont les communicateurs des biblioth\u00e8ques peuvent s&rsquo;impliquer plus efficacement dans ce domaine.<\/p>\t\t\t\t\t\t\t\t<\/div>\n\t\t\t\t<\/div>\n\t\t\t\t\t<\/div>\n\t\t\t\t<\/div>\n\t\t<div id=\"e-n-tab-content-15816509913\" role=\"tabpanel\" aria-labelledby=\"e-n-tab-title-15816509913\" data-tab-index=\"3\" style=\"--n-tabs-title-order: 3;\" class=\" elementor-element elementor-element-80e65b7 e-flex e-con-boxed e-con e-child\" data-id=\"80e65b7\" data-element_type=\"container\" data-e-type=\"container\">\n\t\t\t\t\t<div class=\"e-con-inner\">\n\t\t\t\t<div class=\"elementor-element elementor-element-7ed5bda elementor-widget elementor-widget-tablepress-table\" data-id=\"7ed5bda\" data-element_type=\"widget\" data-e-type=\"widget\" data-widget_type=\"tablepress-table.default\">\n\t\t\t\t\t\n<table id=\"tablepress-47\" class=\"tablepress tablepress-id-47\">\n<thead>\n<tr class=\"row-1\">\n\t<th class=\"column-1\"><strong>Heure<\/strong><\/th><th class=\"column-2\"><strong>Session<\/strong><\/th><th class=\"column-3\"><strong>Conf\u00e9renciers.\u00e8res<\/strong><\/th>\n<\/tr>\n<\/thead>\n<tbody class=\"row-striping row-hover\">\n<tr class=\"row-2\">\n\t<td class=\"column-1\">11h00 - 11h10<\/td><td class=\"column-2\">Mots de bienvenue<\/td><td class=\"column-3\">DG de l'ABRC<\/td>\n<\/tr>\n<tr class=\"row-3\">\n\t<td class=\"column-1\">11h10 - 12h10<\/td><td class=\"column-2\">Conf\u00e9rencier principal<\/td><td class=\"column-3\">Joe Friesen en conversation avec Mark Asberg<\/td>\n<\/tr>\n<tr class=\"row-4\">\n\t<td class=\"column-1\">12h10 - 12h25<\/td><td class=\"column-2\">Pause<\/td><td class=\"column-3\"><\/td>\n<\/tr>\n<tr class=\"row-5\">\n\t<td class=\"column-1\">12h25 - 12h55<\/td><td class=\"column-2\">Repositionnement de marque avec un objectif pr\u00e9cis : favoriser le sentiment d'appartenance et les liens gr\u00e2ce \u00e0 l'identit\u00e9 de la biblioth\u00e8que<\/td><td class=\"column-3\">Morgane de Bellefeuille<\/td>\n<\/tr>\n<tr class=\"row-6\">\n\t<td class=\"column-1\">12h55 - 13h10<\/td><td class=\"column-2\">De niche \u00e0 remarquable : sensibilisation aux collections gr\u00e2ce \u00e0 la communaut\u00e9<\/td><td class=\"column-3\">Ann Liang &amp; Lindsay Stokalko<\/td>\n<\/tr>\n<tr class=\"row-7\">\n\t<td class=\"column-1\">13h10 - 13h25<\/td><td class=\"column-2\">Pause<\/td><td class=\"column-3\"><\/td>\n<\/tr>\n<tr class=\"row-8\">\n\t<td class=\"column-1\">13h25 - 13h40<\/td><td class=\"column-2\">\u00ab Une exp\u00e9rience enrichissante \u00bb : renforcer la d\u00e9fense des int\u00e9r\u00eats et l'engagement gr\u00e2ce \u00e0 un comit\u00e9 consultatif \u00e9tudiant au sein d'une biblioth\u00e8que<\/td><td class=\"column-3\">Anna Moorhouse<\/td>\n<\/tr>\n<tr class=\"row-9\">\n\t<td class=\"column-1\">13h40 - 14h10<\/td><td class=\"column-2\">Le tarot de la biblioth\u00e8que : des communications captivantes pour soutenir la recherche<\/td><td class=\"column-3\">Jennifer Robinson, Alison Pegg, Simon Court<\/td>\n<\/tr>\n<tr class=\"row-10\">\n\t<td class=\"column-1\">14h10 - 14h25<\/td><td class=\"column-2\">Quand on gnome, on gnome : Comment le camp d'\u00e9t\u00e9 des plantes influence l'impact des biblioth\u00e8ques et archives de Mount Allison sur les r\u00e9seaux sociaux<\/td><td class=\"column-3\">Janice Stockall &amp; Robin Lightfoot<\/td>\n<\/tr>\n<tr class=\"row-11\">\n\t<td class=\"column-1\">14h25 - 14h40<\/td><td class=\"column-2\">Pause<\/td><td class=\"column-3\"><\/td>\n<\/tr>\n<tr class=\"row-12\">\n\t<td class=\"column-1\">14h40 - 15h10<\/td><td class=\"column-2\">Confiants face au changement : aper\u00e7u des communications relatives au d\u00e9m\u00e9nagement de la biblioth\u00e8que p\u00e9dagogique de l'Universit\u00e9 de la Colombie-Britannique<\/td><td class=\"column-3\">Amelia Nezil &amp; Julie Mitchell<\/td>\n<\/tr>\n<tr class=\"row-13\">\n\t<td class=\"column-1\">15h10 - 15h25<\/td><td class=\"column-2\">\u00c0 qui revient cette t\u00e2che ? Strat\u00e9gies de communication interne pour d\u00e9velopper des flux de communication durables en p\u00e9riode de transition<\/td><td class=\"column-3\">Gabby Crowley<\/td>\n<\/tr>\n<tr class=\"row-14\">\n\t<td class=\"column-1\">15h25 - 15h30<\/td><td class=\"column-2\">Mots de fermeture<\/td><td class=\"column-3\">Lisa Abram &amp; Kristine Power, copr\u00e9sidentes de la CdP des communications<\/td>\n<\/tr>\n<\/tbody>\n<\/table>\n<!-- #tablepress-47 from cache -->\t\t\t\t<\/div>\n\t\t\t\t\t<\/div>\n\t\t\t\t<\/div>\n\t\t<div id=\"e-n-tab-content-15816509914\" role=\"tabpanel\" aria-labelledby=\"e-n-tab-title-15816509914\" data-tab-index=\"4\" style=\"--n-tabs-title-order: 4;\" class=\" elementor-element elementor-element-40a9698e e-flex e-con-boxed e-con e-child\" data-id=\"40a9698e\" data-element_type=\"container\" data-e-type=\"container\">\n\t\t\t\t\t<div class=\"e-con-inner\">\n\t\t\t\t<div class=\"elementor-element elementor-element-743bd537 elementor-widget elementor-widget-n-accordion\" data-id=\"743bd537\" data-element_type=\"widget\" data-e-type=\"widget\" data-settings=\"{&quot;default_state&quot;:&quot;all_collapsed&quot;,&quot;max_items_expended&quot;:&quot;one&quot;,&quot;n_accordion_animation_duration&quot;:{&quot;unit&quot;:&quot;ms&quot;,&quot;size&quot;:400,&quot;sizes&quot;:[]}}\" data-widget_type=\"nested-accordion.default\">\n\t\t\t\t<div class=\"elementor-widget-container\">\n\t\t\t\t\t\t\t<div class=\"e-n-accordion\" aria-label=\"Accordion. Open links with Enter or Space, close with Escape, and navigate with Arrow Keys\">\n\t\t\t\t\t\t<details id=\"e-n-accordion-item-1950\" class=\"e-n-accordion-item\" >\n\t\t\t\t<summary class=\"e-n-accordion-item-title\" data-accordion-index=\"1\" tabindex=\"0\" aria-expanded=\"false\" aria-controls=\"e-n-accordion-item-1950\" >\n\t\t\t\t\t<span class='e-n-accordion-item-title-header'><div class=\"e-n-accordion-item-title-text\"> Repositionnement de marque avec un objectif pr\u00e9cis : favoriser le sentiment d'appartenance et les liens gr\u00e2ce \u00e0 l'identit\u00e9 de la biblioth\u00e8que  <\/div><\/span>\n\t\t\t\t\t\t\t\t\t<\/summary>\n\t\t\t\t<div role=\"region\" aria-labelledby=\"e-n-accordion-item-1950\" class=\"elementor-element elementor-element-7fe2995e e-con-full e-flex e-con e-child\" data-id=\"7fe2995e\" data-element_type=\"container\" data-e-type=\"container\">\n\t\t\t\t<div class=\"elementor-element elementor-element-62348117 elementor-widget elementor-widget-text-editor\" data-id=\"62348117\" data-element_type=\"widget\" data-e-type=\"widget\" data-widget_type=\"text-editor.default\">\n\t\t\t\t<div class=\"elementor-widget-container\">\n\t\t\t\t\t\t\t\t\t<p><strong>Heure : <\/strong>12h25 \u2013 12h55 HE<strong><br \/><\/strong><strong>Conf\u00e9renci\u00e8re :<\/strong> Morgan De Bellefeuille, Biblioth\u00e8ques de l&rsquo;Universit\u00e9 de Montr\u00e9al<\/p><p><a href=\"https:\/\/www.carl-abrc.ca\/wp-content\/uploads\/2026\/02\/MorganeDeBellefeuille_CommConnectLibraryCommunicationsVirtualSymposium.pdf\">Diapositives<\/a> (en anglais)<\/p><p>En 2024, les biblioth\u00e8ques de l&rsquo;Universit\u00e9 de Montr\u00e9al se sont lanc\u00e9es dans une transformation ambitieuse : aller au-del\u00e0 de leur image de simple prestataire de services et adopter une identit\u00e9 de marque plus centr\u00e9e sur l&rsquo;humain, plus relationnelle et plus \u00e9motionnelle. Cette pr\u00e9sentation expliquera comment un processus complet de rebranding, englobant l&rsquo;identit\u00e9 visuelle, le ton, le site web, la photographie et l&rsquo;exp\u00e9rience utilisateur, a contribu\u00e9 \u00e0 repositionner les biblioth\u00e8ques comme une pr\u00e9sence essentielle, humaine et tourn\u00e9e vers l&rsquo;avenir au sein de la communaut\u00e9 universitaire.<\/p><p>En s&rsquo;appuyant sur cette \u00e9tude de cas \u00e0 grande \u00e9chelle, Morgane pr\u00e9sentera l&rsquo;approche strat\u00e9gique et participative qui a guid\u00e9 cette \u00e9volution : co-conception avec les \u00e9quipes internes, consultations avec diverses communaut\u00e9s et collaboration avec des partenaires institutionnels. Au c\u0153ur de ce processus figurait la d\u00e9cision de regrouper la communication, l&rsquo;engagement et la sensibilisation au sein d&rsquo;une nouvelle unit\u00e9, la Direction de l&rsquo;engagement et de l&rsquo;innovation sociale (DEIS), qui r\u00e9unit la communication, les initiatives communautaires et l&rsquo;engagement p\u00e9dagogique sous une vision unique et holistique.<\/p><p>En alignant l&rsquo;identit\u00e9 de marque sur l&rsquo;impact social, la DEIS favorise une culture d&rsquo;engagement qui relie les id\u00e9es, les personnes et les communaut\u00e9s. Gr\u00e2ce \u00e0 ce mod\u00e8le int\u00e9gr\u00e9, les biblioth\u00e8ques ont red\u00e9fini ce que signifie communiquer l&rsquo;avenir : non seulement par le biais de r\u00e9cits et de designs, mais aussi en incarnant les valeurs d&rsquo;accessibilit\u00e9, d&rsquo;innovation et de collaboration dans tous les aspects de leur travail.<\/p><p>Cette pr\u00e9sentation offrira des id\u00e9es, des enseignements et des conseils pratiques aux institutions qui cherchent \u00e0 int\u00e9grer la marque, l&rsquo;engagement et la transformation organisationnelle dans le contexte des biblioth\u00e8ques universitaires.<\/p>\t\t\t\t\t\t\t\t<\/div>\n\t\t\t\t<\/div>\n\t\t\t\t<\/div>\n\t\t\t\t\t<\/details>\n\t\t\t\t\t\t<details id=\"e-n-accordion-item-1951\" class=\"e-n-accordion-item\" >\n\t\t\t\t<summary class=\"e-n-accordion-item-title\" data-accordion-index=\"2\" tabindex=\"-1\" aria-expanded=\"false\" aria-controls=\"e-n-accordion-item-1951\" >\n\t\t\t\t\t<span class='e-n-accordion-item-title-header'><div class=\"e-n-accordion-item-title-text\"> De niche \u00e0 remarquable : sensibilisation aux collections gr\u00e2ce \u00e0 la communaut\u00e9 <\/div><\/span>\n\t\t\t\t\t\t\t\t\t<\/summary>\n\t\t\t\t<div role=\"region\" aria-labelledby=\"e-n-accordion-item-1951\" class=\"elementor-element elementor-element-7bf38ea6 e-con-full e-flex e-con e-child\" data-id=\"7bf38ea6\" data-element_type=\"container\" data-e-type=\"container\">\n\t\t\t\t<div class=\"elementor-element elementor-element-6a694785 elementor-widget elementor-widget-text-editor\" data-id=\"6a694785\" data-element_type=\"widget\" data-e-type=\"widget\" data-widget_type=\"text-editor.default\">\n\t\t\t\t<div class=\"elementor-widget-container\">\n\t\t\t\t\t\t\t\t\t<p><strong>Heure : <\/strong>12h55 &#8212; 13h10 HE<strong><br \/><\/strong><strong>Conf\u00e9renci\u00e8res: <\/strong>Ann Liang &amp; Lindsay Stokalko, Universit\u00e9 de Saskatchewan<\/p><p><a href=\"https:\/\/www.carl-abrc.ca\/wp-content\/uploads\/2026\/02\/CARL-CommConnect-Virtual-Symposium-February-11-2026-Ann-Liang-Lindsay-Stokalko-compressed.pdf\">Diapositives<\/a> (en anglais)<\/p><p>D\u00e9couvrez notre approche strat\u00e9gique ax\u00e9e sur l&rsquo;engagement communautaire pour promouvoir la collection Neil Richards sur la diversit\u00e9 sexuelle et de genre \u00e0 l&rsquo;Universit\u00e9 de Saskatchewan. En surveillant les int\u00e9r\u00eats \u00e9mergents au sein de la communaut\u00e9 et en cultivant des relations avec des personnes dont les passions recoupent des domaines sous-explor\u00e9s des collections, nous avons cr\u00e9\u00e9 une occasion unique de produire des programmes cibl\u00e9s pour promouvoir cette ressource. Cette d\u00e9marche intentionnelle a donn\u00e9 lieu \u00e0 des collaborations fructueuses dans le cadre desquelles des experts ont utilis\u00e9 la collection pour leurs propres projets, tout en devenant les ambassadeurs de son existence et de sa valeur. Parmi les exemples de projets que nous avons mis en place en collaboration avec la communaut\u00e9 et dont nous discuterons, citons Drag History et Queering the Ring : A Slamming History of Diversity in Wrestling. En mettant en avant ces contributeurs et leur travail, nous avons favoris\u00e9 un sentiment d&rsquo;appartenance et de fiert\u00e9 au sein de la communaut\u00e9 afin d&rsquo;encourager la poursuite de l&rsquo;exploration et du dialogue autour de cette collection. Ce mod\u00e8le d&rsquo;engagement strat\u00e9gique et de co-cr\u00e9ation de contenu nous a permis de construire un \u00e9cosyst\u00e8me dynamique autour de la collection, qui est continuellement enrichi par de nouvelles voix et perspectives.<\/p>\t\t\t\t\t\t\t\t<\/div>\n\t\t\t\t<\/div>\n\t\t\t\t<\/div>\n\t\t\t\t\t<\/details>\n\t\t\t\t\t\t<details id=\"e-n-accordion-item-1952\" class=\"e-n-accordion-item\" >\n\t\t\t\t<summary class=\"e-n-accordion-item-title\" data-accordion-index=\"3\" tabindex=\"-1\" aria-expanded=\"false\" aria-controls=\"e-n-accordion-item-1952\" >\n\t\t\t\t\t<span class='e-n-accordion-item-title-header'><div class=\"e-n-accordion-item-title-text\"> \u00ab Une exp\u00e9rience enrichissante \u00bb : renforcer la d\u00e9fense des int\u00e9r\u00eats et l'engagement gr\u00e2ce \u00e0 un comit\u00e9 consultatif \u00e9tudiant au sein d'une biblioth\u00e8que <\/div><\/span>\n\t\t\t\t\t\t\t\t\t<\/summary>\n\t\t\t\t<div role=\"region\" aria-labelledby=\"e-n-accordion-item-1952\" class=\"elementor-element elementor-element-763dc539 e-con-full e-flex e-con e-child\" data-id=\"763dc539\" data-element_type=\"container\" data-e-type=\"container\">\n\t\t\t\t<div class=\"elementor-element elementor-element-f7b65b2 elementor-widget elementor-widget-text-editor\" data-id=\"f7b65b2\" data-element_type=\"widget\" data-e-type=\"widget\" data-widget_type=\"text-editor.default\">\n\t\t\t\t<div class=\"elementor-widget-container\">\n\t\t\t\t\t\t\t\t\t<p><strong>Heure : <\/strong>13h25 ET \u2013 13h40 ET<strong><br \/><\/strong><strong>Conf\u00e9renci\u00e8re:<\/strong> Anna Moorhouse, Universit\u00e9 de la Colombie-Britannique<\/p><p><a href=\"https:\/\/www.carl-abrc.ca\/wp-content\/uploads\/2026\/02\/2025-02_CARL-Symposium_AnnaMoorhouse_UBCLibrary-compressed.pdf\">Diapositives<\/a> (en anglais)<\/p><p>Au cours des trois derni\u00e8res ann\u00e9es, la biblioth\u00e8que de l&rsquo;Universit\u00e9 de la Colombie-Britannique (UBC) a remodel\u00e9 son mod\u00e8le de comit\u00e9 consultatif \u00e9tudiant afin d&rsquo;offrir une exp\u00e9rience plus enrichissante et plus accessible \u00e0 ses membres \u00e9tudiants. Ces changements ont non seulement renforc\u00e9 l&rsquo;engagement des membres et fourni un mod\u00e8le durable et continu pour le recrutement de nouveaux membres, mais ils ont \u00e9galement transform\u00e9 le comit\u00e9 en une plateforme permettant aux \u00e9tudiants de nouer des relations et de donner leur avis de mani\u00e8re authentique.<\/p><p>En introduisant des changements structurels, tels que l&rsquo;am\u00e9lioration des m\u00e9thodes de recrutement, des pratiques de r\u00e9union inclusives et de nouveaux canaux de communication, la biblioth\u00e8que de l&rsquo;UBC a favoris\u00e9 l&rsquo;engagement soutenu des membres et transform\u00e9 le comit\u00e9 en une source fiable d&rsquo;informations qualitatives et en un r\u00e9seau d&rsquo;ambassadeurs \u00e9tudiants, enthousiastes \u00e0 l&rsquo;id\u00e9e d&rsquo;amplifier l&rsquo;impact de la biblioth\u00e8que sur le campus.<\/p><p>Cette pr\u00e9sentation abordera les th\u00e8mes suivants :<\/p><ul><li>les strat\u00e9gies structurelles et de communication sp\u00e9cifiques qui ont contribu\u00e9 au succ\u00e8s du comit\u00e9, et les raisons de leur efficacit\u00e9 ;<\/li><li>comment les contributions du comit\u00e9 ont directement influenc\u00e9 les services et les programmes de la biblioth\u00e8que ;<\/li><li>la valeur de la participation du point de vue des \u00e9tudiants, illustr\u00e9e par des extraits d&rsquo;enqu\u00eates de fin de session et d&rsquo;autres points de contact cl\u00e9s.<\/li><\/ul><p>Alors que les besoins et les pr\u00e9f\u00e9rences des \u00e9tudiants en mati\u00e8re de communication continuent d&rsquo;\u00e9voluer, nous discuterons \u00e9galement de la mani\u00e8re dont la biblioth\u00e8que de l&rsquo;UBC continue d&rsquo;\u00e9valuer et d&rsquo;adapter ce mod\u00e8le chaque ann\u00e9e afin de maintenir sa pertinence et son efficacit\u00e9. Les participants repartiront avec des strat\u00e9gies pratiques pour renforcer la promotion, l&rsquo;engagement et les commentaires qualitatifs au sein de leurs propres \u00e9tablissements.<\/p>\t\t\t\t\t\t\t\t<\/div>\n\t\t\t\t<\/div>\n\t\t\t\t<\/div>\n\t\t\t\t\t<\/details>\n\t\t\t\t\t\t<details id=\"e-n-accordion-item-1953\" class=\"e-n-accordion-item\" >\n\t\t\t\t<summary class=\"e-n-accordion-item-title\" data-accordion-index=\"4\" tabindex=\"-1\" aria-expanded=\"false\" aria-controls=\"e-n-accordion-item-1953\" >\n\t\t\t\t\t<span class='e-n-accordion-item-title-header'><div class=\"e-n-accordion-item-title-text\"> Le tarot de la biblioth\u00e8que : des communications captivantes pour soutenir la recherche <\/div><\/span>\n\t\t\t\t\t\t\t\t\t<\/summary>\n\t\t\t\t<div role=\"region\" aria-labelledby=\"e-n-accordion-item-1953\" class=\"elementor-element elementor-element-2614d652 e-flex e-con-boxed e-con e-child\" data-id=\"2614d652\" data-element_type=\"container\" data-e-type=\"container\">\n\t\t\t\t\t<div class=\"e-con-inner\">\n\t\t\t\t<div class=\"elementor-element elementor-element-1d5e5fb0 elementor-widget elementor-widget-text-editor\" data-id=\"1d5e5fb0\" data-element_type=\"widget\" data-e-type=\"widget\" data-widget_type=\"text-editor.default\">\n\t\t\t\t<div class=\"elementor-widget-container\">\n\t\t\t\t\t\t\t\t\t<p><b>Heure :<\/b> 13h40 &#8212; 14h10 HE<b><br \/><\/b><strong>Conf\u00e9renciers.\u00e8res : <\/strong>Jennifer Robinson, Alison Pegg, Simon Court, Universit\u00e9 Western<\/p><p><a href=\"https:\/\/www.carl-abrc.ca\/wp-content\/uploads\/2026\/02\/Western-Libraries-Library-Tarot.pdf\">Diapositives<\/a> (en anglais)<\/p><p>\u00c0 une \u00e9poque o\u00f9 les biblioth\u00e8ques de recherche doivent communiquer leur valeur de mani\u00e8re cr\u00e9ative et percutante, Western Libraries a cherch\u00e9 \u00e0 impliquer les \u00e9tudiants dans le soutien \u00e0 la recherche \u00e0 travers un prisme imaginatif (et saisonnier) : un jeu de tarot de la biblioth\u00e8que. Mis en place la semaine d&rsquo;Halloween en pr\u00e9vision du d\u00e9but des travaux de recherche importants des \u00e9tudiants, chaque carte du jeu symbolise un aspect du processus de recherche. De la strat\u00e9gie de recherche (le grimoire du savant) \u00e0 la base de donn\u00e9es (le labyrinthe du savoir), l&rsquo;ensemble du jeu associe le langage mystique du tarot aux aides concr\u00e8tes offertes par les biblioth\u00e8ques.<\/p><p>Cette session explore la mani\u00e8re dont nous avons utilis\u00e9 la narration visuelle, l&rsquo;humour et le design th\u00e9matique pour susciter la curiosit\u00e9, r\u00e9duire les obstacles \u00e0 l&rsquo;engagement et renforcer le message selon lequel la biblioth\u00e8que est accessible et essentielle au parcours universitaire. Les participants d\u00e9couvriront comment la campagne a \u00e9t\u00e9 conceptualis\u00e9e, con\u00e7ue et mise en \u0153uvre, et comment elle a \u00e9t\u00e9 accueillie par les \u00e9tudiants. En alignant la cr\u00e9ativit\u00e9 saisonni\u00e8re sur des objectifs d&rsquo;engagement strat\u00e9giques, les biblioth\u00e8ques Western ont utilis\u00e9 un th\u00e8me ludique mais pertinent pour cr\u00e9er un environnement o\u00f9 l&rsquo;aide \u00e0 la recherche semble \u00e0 la fois magique et significative.<\/p>\t\t\t\t\t\t\t\t<\/div>\n\t\t\t\t<\/div>\n\t\t\t\t\t<\/div>\n\t\t\t\t<\/div>\n\t\t\t\t\t<\/details>\n\t\t\t\t\t\t<details id=\"e-n-accordion-item-1954\" class=\"e-n-accordion-item\" >\n\t\t\t\t<summary class=\"e-n-accordion-item-title\" data-accordion-index=\"5\" tabindex=\"-1\" aria-expanded=\"false\" aria-controls=\"e-n-accordion-item-1954\" >\n\t\t\t\t\t<span class='e-n-accordion-item-title-header'><div class=\"e-n-accordion-item-title-text\"> Quand on gnome, on gnome : Comment le camp d'\u00e9t\u00e9 des plantes influence l'impact des biblioth\u00e8ques et archives de Mount Allison sur les r\u00e9seaux sociaux <\/div><\/span>\n\t\t\t\t\t\t\t\t\t<\/summary>\n\t\t\t\t<div role=\"region\" aria-labelledby=\"e-n-accordion-item-1954\" class=\"elementor-element elementor-element-38341568 e-flex e-con-boxed e-con e-child\" data-id=\"38341568\" data-element_type=\"container\" data-e-type=\"container\">\n\t\t\t\t\t<div class=\"e-con-inner\">\n\t\t\t\t<div class=\"elementor-element elementor-element-10b7e80 elementor-widget elementor-widget-text-editor\" data-id=\"10b7e80\" data-element_type=\"widget\" data-e-type=\"widget\" data-widget_type=\"text-editor.default\">\n\t\t\t\t<div class=\"elementor-widget-container\">\n\t\t\t\t\t\t\t\t\t<p><strong>Heure : <\/strong>14h10 &#8212; 14h25 HE<br \/><strong>Conf\u00e9renci\u00e8res :<\/strong> Janice Stockall, Robin Lightfoot, Universit\u00e9 Mount Allison<\/p><p><a href=\"https:\/\/www.carl-abrc.ca\/wp-content\/uploads\/2026\/02\/Plant-Summer-Camp.pdf\">Diapositives<\/a> (en anglais)<\/p><p>D\u00e9couvrez le camp d&rsquo;\u00e9t\u00e9 des plantes de l&rsquo;Universit\u00e9 Mount Allison et de ses archives, un programme \u00ab hors des sentiers battus \u00bb qui a recentr\u00e9 et d\u00e9velopp\u00e9 le marketing de notre biblioth\u00e8que \u00e0 la fois sur les r\u00e9seaux sociaux et dans nos contacts quotidiens avec la communaut\u00e9 de Mount Allison et au-del\u00e0. D\u00e9couvrez comment nous avons transform\u00e9 la demande d&rsquo;un \u00e9tudiant qui souhaitait que nous prenions soin de ses plantes d&rsquo;int\u00e9rieur au printemps 2023 en une campagne cr\u00e9ative, fantaisiste et prim\u00e9e sur les r\u00e9seaux sociaux.<\/p><p>Chaque \u00e9t\u00e9, les \u00e9tudiants \u00ab parents de plantes \u00bb envoient leurs plantes en camp \u00e0 la biblioth\u00e8que R. P. Bell o\u00f9, sous la direction de leur animateur Vincent (alias Vinny) Van Grow, elles participent \u00e0 diff\u00e9rentes activit\u00e9s dans la biblioth\u00e8que, sur le campus ou dans la communaut\u00e9, qui sont publi\u00e9es sur notre compte de r\u00e9seaux sociaux. (Retrouvez-nous sur Instagram mta_libraries)<\/p><p>Vinny et les plantes sont devenus des c\u00e9l\u00e9brit\u00e9s dans la communaut\u00e9 de Mount Allison, et de nombreux abonn\u00e9s attendent avec impatience les publications hebdomadaires sur les activit\u00e9s. Depuis le lancement du camp d&rsquo;\u00e9t\u00e9 pour plantes, le nombre de nos abonn\u00e9s a plus que tripl\u00e9, et nous r\u00e9coltons des milliers de vues et des centaines de likes sur chaque publication. Notre premi\u00e8re publication sur le camp d&rsquo;\u00e9t\u00e9 pour plantes en avril 2023 a \u00e9t\u00e9 vue 199 fois. Au cours de l&rsquo;\u00e9t\u00e9 2025, notre publication sur la \u00ab soir\u00e9e dansante \u00bb du camp d&rsquo;\u00e9t\u00e9 des plantes a \u00e9t\u00e9 vue 5 729 fois. Au-del\u00e0 des r\u00e9seaux sociaux, l&#8217;emplacement du camp dans la biblioth\u00e8que est \u00e9galement une \u00e9tape importante des visites de recrutement et de familiarisation des \u00e9tudiants sur le campus, ce qui permet \u00e0 la biblioth\u00e8que de faire partie du parcours acad\u00e9mique des \u00e9tudiants d\u00e8s le d\u00e9but.<\/p><p>Rejoignez-nous pour discuter de la mani\u00e8re dont nous cultivons les graines du succ\u00e8s du camp d&rsquo;\u00e9t\u00e9 des plantes, alors que nous continuons \u00e0 d\u00e9velopper cette initiative amusante et informative sur les r\u00e9seaux sociaux \u00e0 un moment critique du parcours de notre biblioth\u00e8que \u00ab sur le chemin du jardin \u00bb, qui se dirige vers l&rsquo;ach\u00e8vement d&rsquo;une r\u00e9novation majeure en 2030.<\/p>\t\t\t\t\t\t\t\t<\/div>\n\t\t\t\t<\/div>\n\t\t\t\t\t<\/div>\n\t\t\t\t<\/div>\n\t\t\t\t\t<\/details>\n\t\t\t\t\t\t<details id=\"e-n-accordion-item-1955\" class=\"e-n-accordion-item\" >\n\t\t\t\t<summary class=\"e-n-accordion-item-title\" data-accordion-index=\"6\" tabindex=\"-1\" aria-expanded=\"false\" aria-controls=\"e-n-accordion-item-1955\" >\n\t\t\t\t\t<span class='e-n-accordion-item-title-header'><div class=\"e-n-accordion-item-title-text\"> Confiants face au changement : aper\u00e7u des communications relatives au d\u00e9m\u00e9nagement de la biblioth\u00e8que p\u00e9dagogique de l'Universit\u00e9 de la Colombie-Britannique <\/div><\/span>\n\t\t\t\t\t\t\t\t\t<\/summary>\n\t\t\t\t<div role=\"region\" aria-labelledby=\"e-n-accordion-item-1955\" class=\"elementor-element elementor-element-fdf9eda e-flex e-con-boxed e-con e-child\" data-id=\"fdf9eda\" data-element_type=\"container\" data-e-type=\"container\">\n\t\t\t\t\t<div class=\"e-con-inner\">\n\t\t\t\t<div class=\"elementor-element elementor-element-193bf615 elementor-widget elementor-widget-text-editor\" data-id=\"193bf615\" data-element_type=\"widget\" data-e-type=\"widget\" data-widget_type=\"text-editor.default\">\n\t\t\t\t<div class=\"elementor-widget-container\">\n\t\t\t\t\t\t\t\t\t<p><strong>Heure : <\/strong>14h40 &#8212; 15h10 HE<strong><br \/><\/strong><strong>Conf\u00e9renci\u00e8res : <\/strong>Amelia Nezil, Julie Mitchell, Universit\u00e9 de la Colombie-Britannique<\/p><p><a href=\"https:\/\/www.carl-abrc.ca\/wp-content\/uploads\/2026\/02\/CARL_UBC-Education-Relocation-presentation_February-2026.pdf\">Diapositives<\/a> (en anglais)<\/p><p>En tant que communicateurs dans le domaine des biblioth\u00e8ques, nous savons que nous jouons un r\u00f4le important dans la conduite du changement au sein de nos organisations. Mais comment passer d&rsquo;un \u00e9tat d&rsquo;esprit r\u00e9actif \u00e0 un \u00e9tat d&rsquo;esprit o\u00f9 nous nous sentons suffisamment pr\u00e9par\u00e9s et flexibles pour r\u00e9pondre avec confiance \u00e0 l&rsquo;impr\u00e9vu ? Gr\u00e2ce \u00e0 une planification efficace, nous avons la possibilit\u00e9 d&rsquo;\u00e9laborer des strat\u00e9gies de communication proactives, empathiques et, surtout, adaptables.<\/p><p>Amelia Nezil, directrice de la communication et du marketing de la biblioth\u00e8que de l&rsquo;Universit\u00e9 de la Colombie-Britannique (UBC), et Julie Mitchell, biblioth\u00e9caire universitaire adjointe \u00e0 la biblioth\u00e8que de l&rsquo;UBC, pr\u00e9senteront une \u00e9tude de cas sur leur exp\u00e9rience en mati\u00e8re de communication lors du d\u00e9m\u00e9nagement de la collection \u00e9ducative de la biblioth\u00e8que de l&rsquo;UBC et de la fermeture de la succursale de la biblioth\u00e8que \u00e9ducative. Plus largement, elles partageront leurs r\u00e9flexions et les le\u00e7ons qu&rsquo;elles ont tir\u00e9es, alors que la biblioth\u00e8que continue de faire face aux d\u00e9fis budg\u00e9taires qui ont conduit au d\u00e9m\u00e9nagement.<\/p><p>Les th\u00e8mes abord\u00e9s comprendront :<\/p><ul><li>L&rsquo;importance d&rsquo;\u00e9tablir et de renforcer les messages fondamentaux sur le changement, en particulier pour les d\u00e9fis permanents tels que le budget.<\/li><li>Comment s\u00e9quencer soigneusement les messages, en hi\u00e9rarchisant les publics en fonction de leur niveau d&rsquo;impact.<\/li><li>Le pouvoir de tirer parti des partenariats internes et externes pour cibler efficacement le public.<\/li><li>Les id\u00e9es de Julie et Amelia sur la mani\u00e8re dont la communication peut s&rsquo;associer avec succ\u00e8s \u00e0 la direction des biblioth\u00e8ques.<\/li><li>Les strat\u00e9gies pour relever les d\u00e9fis courants, comme l&rsquo;harmonisation des messages entre les directions ou la lutte contre la d\u00e9sinformation.<\/li><\/ul><p>Les participants pourront acqu\u00e9rir des outils pratiques et des connaissances strat\u00e9giques qui les aideront \u00e0 d\u00e9velopper une approche de communication coh\u00e9rente, mais \u00e9galement adaptable aux besoins des employ\u00e9s, des enseignants, des \u00e9tudiants et des chercheurs.<\/p>\t\t\t\t\t\t\t\t<\/div>\n\t\t\t\t<\/div>\n\t\t\t\t\t<\/div>\n\t\t\t\t<\/div>\n\t\t\t\t\t<\/details>\n\t\t\t\t\t\t<details id=\"e-n-accordion-item-1956\" class=\"e-n-accordion-item\" >\n\t\t\t\t<summary class=\"e-n-accordion-item-title\" data-accordion-index=\"7\" tabindex=\"-1\" aria-expanded=\"false\" aria-controls=\"e-n-accordion-item-1956\" >\n\t\t\t\t\t<span class='e-n-accordion-item-title-header'><div class=\"e-n-accordion-item-title-text\"> \u00c0 qui revient cette t\u00e2che ? Strat\u00e9gies de communication interne pour d\u00e9velopper des flux de communication durables en p\u00e9riode de transition <\/div><\/span>\n\t\t\t\t\t\t\t\t\t<\/summary>\n\t\t\t\t<div role=\"region\" aria-labelledby=\"e-n-accordion-item-1956\" class=\"elementor-element elementor-element-61328173 e-flex e-con-boxed e-con e-child\" data-id=\"61328173\" data-element_type=\"container\" data-e-type=\"container\">\n\t\t\t\t\t<div class=\"e-con-inner\">\n\t\t\t\t<div class=\"elementor-element elementor-element-6c2c676 elementor-widget elementor-widget-text-editor\" data-id=\"6c2c676\" data-element_type=\"widget\" data-e-type=\"widget\" data-widget_type=\"text-editor.default\">\n\t\t\t\t<div class=\"elementor-widget-container\">\n\t\t\t\t\t\t\t\t\t<p><strong>Heure :<\/strong> 15h10 &#8212; 15h25 HE<br \/><strong>Conf\u00e9renci\u00e8re :<\/strong> Gabby Crowley, Scholars Portal<\/p><p><a href=\"https:\/\/www.carl-abrc.ca\/wp-content\/uploads\/2026\/02\/Crowley-CARL-CommConnect-Symposium-2026.pdf\">Diapositives<\/a> (en anglais)<\/p><p>Dans un contexte marqu\u00e9 par des changements de personnel, une \u00e9volution du milieu des m\u00e9dias sociaux et des besoins changeants de la communaut\u00e9 canadienne des donn\u00e9es, les strat\u00e9gies de communication de Borealis, le d\u00e9p\u00f4t canadien de donn\u00e9es, ont \u00e9t\u00e9 en constante \u00e9volution. Au cours des deux derni\u00e8res ann\u00e9es, l&rsquo;\u00e9quipe de Borealis a connu plusieurs changements de personnel qui ont eu une incidence sur sa capacit\u00e9 \u00e0 mettre en \u0153uvre un plan de communication solide. Avec l&rsquo;arriv\u00e9e de nouveaux membres au sein de l&rsquo;\u00e9quipe, il est devenu n\u00e9cessaire de renforcer la coordination interne des objectifs et des flux de travail en mati\u00e8re de communication afin de s&rsquo;adapter au rythme rapide des services et des initiatives de Borealis et de la communaut\u00e9 canadienne des donn\u00e9es dans son ensemble.<\/p><p>Cette pr\u00e9sentation abordera les strat\u00e9gies que les \u00e9quipes de Borealis et du Scholars Portal explorent afin de mieux organiser les priorit\u00e9s et les responsabilit\u00e9s en mati\u00e8re de communication pour une \u00e9quipe relativement nouvelle et g\u00e9ographiquement dispers\u00e9e. Elle se penchera en particulier sur l&rsquo;utilisation d&rsquo;un mod\u00e8le de calendrier de communication pour am\u00e9liorer les flux de travail, la capacit\u00e9, le soutien bilingue, ainsi que la sensibilisation et l&rsquo;engagement de la communaut\u00e9 pour l&rsquo;avenir du service.<\/p>\t\t\t\t\t\t\t\t<\/div>\n\t\t\t\t<\/div>\n\t\t\t\t\t<\/div>\n\t\t\t\t<\/div>\n\t\t\t\t\t<\/details>\n\t\t\t\t\t<\/div>\n\t\t\t\t\t\t<\/div>\n\t\t\t\t<\/div>\n\t\t\t\t\t<\/div>\n\t\t\t\t<\/div>\n\t\t<div id=\"e-n-tab-content-15816509915\" role=\"tabpanel\" aria-labelledby=\"e-n-tab-title-15816509915\" data-tab-index=\"5\" style=\"--n-tabs-title-order: 5;\" class=\" elementor-element elementor-element-538767f2 e-flex e-con-boxed e-con e-child\" data-id=\"538767f2\" data-element_type=\"container\" data-e-type=\"container\">\n\t\t\t\t\t<div class=\"e-con-inner\">\n\t\t\t\t<div class=\"elementor-element elementor-element-549c9dc4 elementor-widget elementor-widget-n-accordion\" data-id=\"549c9dc4\" data-element_type=\"widget\" data-e-type=\"widget\" data-settings=\"{&quot;default_state&quot;:&quot;all_collapsed&quot;,&quot;max_items_expended&quot;:&quot;one&quot;,&quot;n_accordion_animation_duration&quot;:{&quot;unit&quot;:&quot;ms&quot;,&quot;size&quot;:400,&quot;sizes&quot;:[]}}\" data-widget_type=\"nested-accordion.default\">\n\t\t\t\t<div class=\"elementor-widget-container\">\n\t\t\t\t\t\t\t<div class=\"e-n-accordion\" aria-label=\"Accordion. Open links with Enter or Space, close with Escape, and navigate with Arrow Keys\">\n\t\t\t\t\t\t<details id=\"e-n-accordion-item-1410\" class=\"e-n-accordion-item\" >\n\t\t\t\t<summary class=\"e-n-accordion-item-title\" data-accordion-index=\"1\" tabindex=\"0\" aria-expanded=\"false\" aria-controls=\"e-n-accordion-item-1410\" >\n\t\t\t\t\t<span class='e-n-accordion-item-title-header'><div class=\"e-n-accordion-item-title-text\"> Morgane de Bellefeuille (Universit\u00e9 de Montr\u00e9al) <\/div><\/span>\n\t\t\t\t\t\t\t\t\t<\/summary>\n\t\t\t\t<div role=\"region\" aria-labelledby=\"e-n-accordion-item-1410\" class=\"elementor-element elementor-element-177bce40 e-con-full e-flex e-con e-child\" data-id=\"177bce40\" data-element_type=\"container\" data-e-type=\"container\">\n\t\t\t\t<div class=\"elementor-element elementor-element-2cdf4378 elementor-widget elementor-widget-text-editor\" data-id=\"2cdf4378\" data-element_type=\"widget\" data-e-type=\"widget\" data-widget_type=\"text-editor.default\">\n\t\t\t\t<div class=\"elementor-widget-container\">\n\t\t\t\t\t\t\t\t\t<p>Morgane De Bellefeuille est gestionnaire culturelle et leader strat\u00e9gique dans les domaines de l&rsquo;innovation sociale, des communications et de la transformation organisationnelle. Elle est titulaire d&rsquo;un baccalaur\u00e9at en beaux-arts de l&rsquo;Universit\u00e9 Concordia, d&rsquo;une ma\u00eetrise en gestion des entreprises artistiques et culturelles de HEC Montr\u00e9al et d&rsquo;un certificat en archivistique et gestion des documents de l&rsquo;Universit\u00e9 de Montr\u00e9al.<\/p><p>Elle occupe actuellement le poste de directrice adjointe et directrice de la Direction de l&rsquo;engagement et de l&rsquo;innovation sociale (DEIS) aux Biblioth\u00e8ques de l&rsquo;Universit\u00e9 de Montr\u00e9al. \u00c0 ce titre, elle dirige des initiatives strat\u00e9giques en mati\u00e8re d&rsquo;innovation sociale, d&rsquo;engagement communautaire et de transformation institutionnelle, contribuant ainsi \u00e0 red\u00e9finir la mani\u00e8re dont les biblioth\u00e8ques \u00e9tablissent des liens avec leurs communaut\u00e9s et communiquent leur mission. Son travail fait le pont entre la strat\u00e9gie de communication, l&rsquo;identit\u00e9 de marque et l&rsquo;engagement collectif, favorisant une culture centr\u00e9e sur l&rsquo;humain qui aligne l&rsquo;objectif institutionnel avec l&rsquo;impact communautaire.<\/p><p>Avant de rejoindre l&rsquo;Universit\u00e9 de Montr\u00e9al, Morgane a occup\u00e9 des postes de direction dans plusieurs organisations culturelles, notamment celui de directrice des services \u00e0 La Machinerie des arts, de directrice de l&rsquo;administration et du d\u00e9veloppement \u00e0 la SBC Gallery of Contemporary Art et de responsable du marketing et de la commercialisation \u00e0 La Guilde. Elle a \u00e9galement enseign\u00e9 \u00e0 HEC Montr\u00e9al en tant que charg\u00e9e de cours en gestion culturelle.<\/p><p>Contributrice active \u00e0 l&rsquo;\u00e9cosyst\u00e8me culturel montr\u00e9alais, Morgane a \u00e9t\u00e9 s\u00e9lectionn\u00e9e en 2022 pour faire partie du R\u00e9seau des jeunes femmes leaders de Concertation Montr\u00e9al et a \u00e9t\u00e9 finaliste du prix ARDI 2018 qui r\u00e9compense l&rsquo;innovation dans le domaine de la philanthropie culturelle. Elle a \u00e9t\u00e9 pendant plus de sept ans copr\u00e9sidente du comit\u00e9 des anciens \u00e9l\u00e8ves en gestion et culture de HEC Montr\u00e9al, pendant cinq ans pr\u00e9sidente du conseil d&rsquo;administration du Th\u00e9\u00e2tre La B\u00eate Humaine et mentor pour le programme Artvest d&rsquo;Affaires\/Arts, qui soutient les organisations artistiques canadiennes.<\/p><p>Elle a \u00e9galement obtenu des certifications en gestion environnementale, sociale et de gouvernance (ESG) et en communication et marketing de l&rsquo;\u00c9cole de formation des cadres de HEC Montr\u00e9al.<\/p>\t\t\t\t\t\t\t\t<\/div>\n\t\t\t\t<\/div>\n\t\t\t\t<\/div>\n\t\t\t\t\t<\/details>\n\t\t\t\t\t\t<details id=\"e-n-accordion-item-1411\" class=\"e-n-accordion-item\" >\n\t\t\t\t<summary class=\"e-n-accordion-item-title\" data-accordion-index=\"2\" tabindex=\"-1\" aria-expanded=\"false\" aria-controls=\"e-n-accordion-item-1411\" >\n\t\t\t\t\t<span class='e-n-accordion-item-title-header'><div class=\"e-n-accordion-item-title-text\"> Ann Liang (University of Saskatchewan) <\/div><\/span>\n\t\t\t\t\t\t\t\t\t<\/summary>\n\t\t\t\t<div role=\"region\" aria-labelledby=\"e-n-accordion-item-1411\" class=\"elementor-element elementor-element-1f2ff7e e-con-full e-flex e-con e-child\" data-id=\"1f2ff7e\" data-element_type=\"container\" data-e-type=\"container\">\n\t\t\t\t<div class=\"elementor-element elementor-element-bc197b4 elementor-widget elementor-widget-text-editor\" data-id=\"bc197b4\" data-element_type=\"widget\" data-e-type=\"widget\" data-widget_type=\"text-editor.default\">\n\t\t\t\t<div class=\"elementor-widget-container\">\n\t\t\t\t\t\t\t\t\t<p>Ann Liang est biblioth\u00e9caire sp\u00e9cialis\u00e9e en affaires \u00e0 l&rsquo;Universit\u00e9 de Saskatchewan, o\u00f9 elle enseigne la recherche en marketing et traque les prochaines grandes tendances technologiques. Titulaire d&rsquo;un baccalaur\u00e9at en biologie et d&rsquo;un baccalaur\u00e9at en arch\u00e9ologie, elle r\u00eavait de diriger Jurassic Park ou de devenir Indiana Jones, mais lorsque cela ne s&rsquo;est pas concr\u00e9tis\u00e9, un MLIS de Western et la biblioth\u00e9conomie lui ont permis de concilier le meilleur des deux mondes.<\/p>\t\t\t\t\t\t\t\t<\/div>\n\t\t\t\t<\/div>\n\t\t\t\t<\/div>\n\t\t\t\t\t<\/details>\n\t\t\t\t\t\t<details id=\"e-n-accordion-item-1412\" class=\"e-n-accordion-item\" >\n\t\t\t\t<summary class=\"e-n-accordion-item-title\" data-accordion-index=\"3\" tabindex=\"-1\" aria-expanded=\"false\" aria-controls=\"e-n-accordion-item-1412\" >\n\t\t\t\t\t<span class='e-n-accordion-item-title-header'><div class=\"e-n-accordion-item-title-text\"> Lindsay Stokalko (University of Saskatchewan) <\/div><\/span>\n\t\t\t\t\t\t\t\t\t<\/summary>\n\t\t\t\t<div role=\"region\" aria-labelledby=\"e-n-accordion-item-1412\" class=\"elementor-element elementor-element-5bdfcc36 e-con-full e-flex e-con e-child\" data-id=\"5bdfcc36\" data-element_type=\"container\" data-e-type=\"container\">\n\t\t\t\t<div class=\"elementor-element elementor-element-75c3975 elementor-widget elementor-widget-text-editor\" data-id=\"75c3975\" data-element_type=\"widget\" data-e-type=\"widget\" data-widget_type=\"text-editor.default\">\n\t\t\t\t<div class=\"elementor-widget-container\">\n\t\t\t\t\t\t\t\t\t<p>Lindsay Stokalko est sp\u00e9cialiste des archives \u00e0 la section Archives universitaires et collections sp\u00e9ciales de l&rsquo;Universit\u00e9 de la Saskatchewan. Titulaire d&rsquo;un baccalaur\u00e9at sp\u00e9cialis\u00e9 et d&rsquo;une ma\u00eetrise en arch\u00e9ologie, elle nourrit une fascination profonde pour les vieilles histoires. Elle poss\u00e8de une vaste exp\u00e9rience de travail avec les institutions de m\u00e9moire dans les Prairies de l&rsquo;Ouest et se consacre \u00e0 la recherche de tous les tr\u00e9sors historiques qui s&rsquo;y cachent.<\/p>\t\t\t\t\t\t\t\t<\/div>\n\t\t\t\t<\/div>\n\t\t\t\t<\/div>\n\t\t\t\t\t<\/details>\n\t\t\t\t\t\t<details id=\"e-n-accordion-item-1413\" class=\"e-n-accordion-item\" >\n\t\t\t\t<summary class=\"e-n-accordion-item-title\" data-accordion-index=\"4\" tabindex=\"-1\" aria-expanded=\"false\" aria-controls=\"e-n-accordion-item-1413\" >\n\t\t\t\t\t<span class='e-n-accordion-item-title-header'><div class=\"e-n-accordion-item-title-text\"> Anna Moorhouse (University of British Columbia) <\/div><\/span>\n\t\t\t\t\t\t\t\t\t<\/summary>\n\t\t\t\t<div role=\"region\" aria-labelledby=\"e-n-accordion-item-1413\" class=\"elementor-element elementor-element-129056bb e-flex e-con-boxed e-con e-child\" data-id=\"129056bb\" data-element_type=\"container\" data-e-type=\"container\">\n\t\t\t\t\t<div class=\"e-con-inner\">\n\t\t\t\t<div class=\"elementor-element elementor-element-ff9483b elementor-widget elementor-widget-text-editor\" data-id=\"ff9483b\" data-element_type=\"widget\" data-e-type=\"widget\" data-widget_type=\"text-editor.default\">\n\t\t\t\t<div class=\"elementor-widget-container\">\n\t\t\t\t\t\t\t\t\t<p>Anna Moorhouse est responsable de la communication et du marketing \u00e0 la biblioth\u00e8que de l&rsquo;Universit\u00e9 de Colombie-Britannique \u00e0 Vancouver, au Canada. En tant que professionnelle du marketing, elle apporte plus de 13 ans d&rsquo;exp\u00e9rience acquise dans les secteurs des services financiers, des technologies et de l&rsquo;enseignement sup\u00e9rieur. Elle a obtenu un baccalaur\u00e9at en biologie \u00e0 l&rsquo;Universit\u00e9 Simon Fraser, puis une ma\u00eetrise en litt\u00e9rature anglaise \u00e0 l&rsquo;Universit\u00e9 Queen&rsquo;s.<\/p>\t\t\t\t\t\t\t\t<\/div>\n\t\t\t\t<\/div>\n\t\t\t\t\t<\/div>\n\t\t\t\t<\/div>\n\t\t\t\t\t<\/details>\n\t\t\t\t\t\t<details id=\"e-n-accordion-item-1414\" class=\"e-n-accordion-item\" >\n\t\t\t\t<summary class=\"e-n-accordion-item-title\" data-accordion-index=\"5\" tabindex=\"-1\" aria-expanded=\"false\" aria-controls=\"e-n-accordion-item-1414\" >\n\t\t\t\t\t<span class='e-n-accordion-item-title-header'><div class=\"e-n-accordion-item-title-text\"> Jennifer Robinson (Western University) <\/div><\/span>\n\t\t\t\t\t\t\t\t\t<\/summary>\n\t\t\t\t<div role=\"region\" aria-labelledby=\"e-n-accordion-item-1414\" class=\"elementor-element elementor-element-12279d70 e-flex e-con-boxed e-con e-child\" data-id=\"12279d70\" data-element_type=\"container\" data-e-type=\"container\">\n\t\t\t\t\t<div class=\"e-con-inner\">\n\t\t\t\t<div class=\"elementor-element elementor-element-38c8f12 elementor-widget elementor-widget-text-editor\" data-id=\"38c8f12\" data-element_type=\"widget\" data-e-type=\"widget\" data-widget_type=\"text-editor.default\">\n\t\t\t\t<div class=\"elementor-widget-container\">\n\t\t\t\t\t\t\t\t\t<p>Jennifer Robinson est biblioth\u00e9caire sp\u00e9cialis\u00e9e dans l&rsquo;exp\u00e9rience utilisateur (engagement et sensibilisation des \u00e9tudiants) \u00e0 l&rsquo;Universit\u00e9 Western, o\u00f9 elle \u00e9labore et propose des services et des programmes centr\u00e9s sur l&rsquo;utilisateur qui favorisent l&rsquo;engagement et l&rsquo;inclusion des \u00e9tudiants.<\/p>\t\t\t\t\t\t\t\t<\/div>\n\t\t\t\t<\/div>\n\t\t\t\t\t<\/div>\n\t\t\t\t<\/div>\n\t\t\t\t\t<\/details>\n\t\t\t\t\t\t<details id=\"e-n-accordion-item-1415\" class=\"e-n-accordion-item\" >\n\t\t\t\t<summary class=\"e-n-accordion-item-title\" data-accordion-index=\"6\" tabindex=\"-1\" aria-expanded=\"false\" aria-controls=\"e-n-accordion-item-1415\" >\n\t\t\t\t\t<span class='e-n-accordion-item-title-header'><div class=\"e-n-accordion-item-title-text\"> Alison Pegg (Western University) <\/div><\/span>\n\t\t\t\t\t\t\t\t\t<\/summary>\n\t\t\t\t<div role=\"region\" aria-labelledby=\"e-n-accordion-item-1415\" class=\"elementor-element elementor-element-654d0c99 e-flex e-con-boxed e-con e-child\" data-id=\"654d0c99\" data-element_type=\"container\" data-e-type=\"container\">\n\t\t\t\t\t<div class=\"e-con-inner\">\n\t\t\t\t<div class=\"elementor-element elementor-element-1d2547b elementor-widget elementor-widget-text-editor\" data-id=\"1d2547b\" data-element_type=\"widget\" data-e-type=\"widget\" data-widget_type=\"text-editor.default\">\n\t\t\t\t<div class=\"elementor-widget-container\">\n\t\t\t\t\t\t\t\t\t<p>Alison Pegg est responsable des services aux utilisateurs \u00e0 l&rsquo;Universit\u00e9 Western. Elle est charg\u00e9e de fournir des services de r\u00e9f\u00e9rence et de mettre en \u0153uvre des activit\u00e9s de sensibilisation et d&rsquo;engagement avec et pour la communaut\u00e9 de Western.<\/p>\t\t\t\t\t\t\t\t<\/div>\n\t\t\t\t<\/div>\n\t\t\t\t\t<\/div>\n\t\t\t\t<\/div>\n\t\t\t\t\t<\/details>\n\t\t\t\t\t\t<details id=\"e-n-accordion-item-1416\" class=\"e-n-accordion-item\" >\n\t\t\t\t<summary class=\"e-n-accordion-item-title\" data-accordion-index=\"7\" tabindex=\"-1\" aria-expanded=\"false\" aria-controls=\"e-n-accordion-item-1416\" >\n\t\t\t\t\t<span class='e-n-accordion-item-title-header'><div class=\"e-n-accordion-item-title-text\"> Simon Court (Western University) <\/div><\/span>\n\t\t\t\t\t\t\t\t\t<\/summary>\n\t\t\t\t<div role=\"region\" aria-labelledby=\"e-n-accordion-item-1416\" class=\"elementor-element elementor-element-070c3d5 e-flex e-con-boxed e-con e-child\" data-id=\"070c3d5\" data-element_type=\"container\" data-e-type=\"container\">\n\t\t\t\t\t<div class=\"e-con-inner\">\n\t\t\t\t<div class=\"elementor-element elementor-element-9d36021 elementor-widget elementor-widget-text-editor\" data-id=\"9d36021\" data-element_type=\"widget\" data-e-type=\"widget\" data-widget_type=\"text-editor.default\">\n\t\t\t\t<div class=\"elementor-widget-container\">\n\t\t\t\t\t\t\t\t\t<p>Simon Court est assistant biblioth\u00e9caire (engagement et sensibilisation) \u00e0 l&rsquo;Universit\u00e9 Western. Il s&rsquo;efforce de mettre en relation une communaut\u00e9 universitaire diversifi\u00e9e avec les services, les espaces, les ressources et les collections de la biblioth\u00e8que.<\/p>\t\t\t\t\t\t\t\t<\/div>\n\t\t\t\t<\/div>\n\t\t\t\t\t<\/div>\n\t\t\t\t<\/div>\n\t\t\t\t\t<\/details>\n\t\t\t\t\t\t<details id=\"e-n-accordion-item-1417\" class=\"e-n-accordion-item\" >\n\t\t\t\t<summary class=\"e-n-accordion-item-title\" data-accordion-index=\"8\" tabindex=\"-1\" aria-expanded=\"false\" aria-controls=\"e-n-accordion-item-1417\" >\n\t\t\t\t\t<span class='e-n-accordion-item-title-header'><div class=\"e-n-accordion-item-title-text\"> Janice Stockall (Mount Allison University) <\/div><\/span>\n\t\t\t\t\t\t\t\t\t<\/summary>\n\t\t\t\t<div role=\"region\" aria-labelledby=\"e-n-accordion-item-1417\" class=\"elementor-element elementor-element-e40b3a5 e-flex e-con-boxed e-con e-child\" data-id=\"e40b3a5\" data-element_type=\"container\" data-e-type=\"container\">\n\t\t\t\t\t<div class=\"e-con-inner\">\n\t\t\t\t<div class=\"elementor-element elementor-element-2ddbc26 elementor-widget elementor-widget-text-editor\" data-id=\"2ddbc26\" data-element_type=\"widget\" data-e-type=\"widget\" data-widget_type=\"text-editor.default\">\n\t\t\t\t<div class=\"elementor-widget-container\">\n\t\t\t\t\t\t\t\t\t<p>Janice Stockall est responsable des services d&rsquo;acc\u00e8s \u00e0 Mount Allison et compte plus de 25 ans d&rsquo;exp\u00e9rience dans le domaine des biblioth\u00e8ques. Elle a \u00e9galement travaill\u00e9 \u00e0 la biblioth\u00e8que de droit de l&rsquo;Universit\u00e9 du Nouveau-Brunswick. Elle fait partie de l&rsquo;\u00e9quipe du camp d&rsquo;\u00e9t\u00e9 des plantes depuis sa cr\u00e9ation en avril 2023.<\/p>\t\t\t\t\t\t\t\t<\/div>\n\t\t\t\t<\/div>\n\t\t\t\t\t<\/div>\n\t\t\t\t<\/div>\n\t\t\t\t\t<\/details>\n\t\t\t\t\t\t<details id=\"e-n-accordion-item-1418\" class=\"e-n-accordion-item\" >\n\t\t\t\t<summary class=\"e-n-accordion-item-title\" data-accordion-index=\"9\" tabindex=\"-1\" aria-expanded=\"false\" aria-controls=\"e-n-accordion-item-1418\" >\n\t\t\t\t\t<span class='e-n-accordion-item-title-header'><div class=\"e-n-accordion-item-title-text\"> Robin Lightfoot (Mount Allison University) <\/div><\/span>\n\t\t\t\t\t\t\t\t\t<\/summary>\n\t\t\t\t<div role=\"region\" aria-labelledby=\"e-n-accordion-item-1418\" class=\"elementor-element elementor-element-1a03af2 e-flex e-con-boxed e-con e-child\" data-id=\"1a03af2\" data-element_type=\"container\" data-e-type=\"container\">\n\t\t\t\t\t<div class=\"e-con-inner\">\n\t\t\t\t<div class=\"elementor-element elementor-element-010b037 elementor-widget elementor-widget-text-editor\" data-id=\"010b037\" data-element_type=\"widget\" data-e-type=\"widget\" data-widget_type=\"text-editor.default\">\n\t\t\t\t<div class=\"elementor-widget-container\">\n\t\t\t\t\t\t\t\t\t<p>Robin Lightfoot est dipl\u00f4m\u00e9e du programme LIT du Mohawk College et a rejoint MTA en tant que directrice adjointe des services d&rsquo;acc\u00e8s en 2024. Gr\u00e2ce \u00e0 son dipl\u00f4me en beaux-arts (photographie), elle est rapidement devenue un \u00e9l\u00e9ment essentiel du Plant Summer Camp et de notre \u00e9quipe charg\u00e9e des r\u00e9seaux sociaux.<\/p>\t\t\t\t\t\t\t\t<\/div>\n\t\t\t\t<\/div>\n\t\t\t\t\t<\/div>\n\t\t\t\t<\/div>\n\t\t\t\t\t<\/details>\n\t\t\t\t\t\t<details id=\"e-n-accordion-item-1419\" class=\"e-n-accordion-item\" >\n\t\t\t\t<summary class=\"e-n-accordion-item-title\" data-accordion-index=\"10\" tabindex=\"-1\" aria-expanded=\"false\" aria-controls=\"e-n-accordion-item-1419\" >\n\t\t\t\t\t<span class='e-n-accordion-item-title-header'><div class=\"e-n-accordion-item-title-text\"> Amelia Nezil (University of British Columbia) <\/div><\/span>\n\t\t\t\t\t\t\t\t\t<\/summary>\n\t\t\t\t<div role=\"region\" aria-labelledby=\"e-n-accordion-item-1419\" class=\"elementor-element elementor-element-4b69d67 e-flex e-con-boxed e-con e-child\" data-id=\"4b69d67\" data-element_type=\"container\" data-e-type=\"container\">\n\t\t\t\t\t<div class=\"e-con-inner\">\n\t\t\t\t<div class=\"elementor-element elementor-element-fd92364 elementor-widget elementor-widget-text-editor\" data-id=\"fd92364\" data-element_type=\"widget\" data-e-type=\"widget\" data-widget_type=\"text-editor.default\">\n\t\t\t\t<div class=\"elementor-widget-container\">\n\t\t\t\t\t\t\t\t\t<p>Amelia Nezil est directrice des communications et du marketing \u00e0 la biblioth\u00e8que de l&rsquo;Universit\u00e9 de Colombie-Britannique, o\u00f9 elle supervise les strat\u00e9gies de communication interne et externe du r\u00e9seau de biblioth\u00e8ques. Amelia a auparavant travaill\u00e9 pendant 10 ans dans le domaine des communications en mati\u00e8re de soins de sant\u00e9, notamment en g\u00e9rant les communications de 11 h\u00f4pitaux pendant la pand\u00e9mie de COVID-19, o\u00f9 elle a perfectionn\u00e9 son expertise en gestion du changement.<\/p>\t\t\t\t\t\t\t\t<\/div>\n\t\t\t\t<\/div>\n\t\t\t\t\t<\/div>\n\t\t\t\t<\/div>\n\t\t\t\t\t<\/details>\n\t\t\t\t\t\t<details id=\"e-n-accordion-item-14110\" class=\"e-n-accordion-item\" >\n\t\t\t\t<summary class=\"e-n-accordion-item-title\" data-accordion-index=\"11\" tabindex=\"-1\" aria-expanded=\"false\" aria-controls=\"e-n-accordion-item-14110\" >\n\t\t\t\t\t<span class='e-n-accordion-item-title-header'><div class=\"e-n-accordion-item-title-text\"> Julie Mitchell (University of British Columbia) <\/div><\/span>\n\t\t\t\t\t\t\t\t\t<\/summary>\n\t\t\t\t<div role=\"region\" aria-labelledby=\"e-n-accordion-item-14110\" class=\"elementor-element elementor-element-5e37b69 e-flex e-con-boxed e-con e-child\" data-id=\"5e37b69\" data-element_type=\"container\" data-e-type=\"container\">\n\t\t\t\t\t<div class=\"e-con-inner\">\n\t\t\t\t<div class=\"elementor-element elementor-element-be18266 elementor-widget elementor-widget-text-editor\" data-id=\"be18266\" data-element_type=\"widget\" data-e-type=\"widget\" data-widget_type=\"text-editor.default\">\n\t\t\t\t<div class=\"elementor-widget-container\">\n\t\t\t\t\t\t\t\t\t<p>Julie Mitchell est biblioth\u00e9caire universitaire adjointe, charg\u00e9e de l&rsquo;enseignement, de l&rsquo;apprentissage et de l&rsquo;engagement, et directrice du centre d&rsquo;apprentissage Irving K. Barber \u00e0 la biblioth\u00e8que de l&rsquo;Universit\u00e9 de Colombie-Britannique. Julie assure la direction strat\u00e9gique et la supervision du centre d&rsquo;apprentissage Irving K. Barber et est \u00e9galement responsable de la biblioth\u00e8que de musique, d&rsquo;art et d&rsquo;architecture, de la biblioth\u00e8que David Lam (commerce), de la biblioth\u00e8que d&rsquo;\u00e9ducation et de la biblioth\u00e8que Xwi7xwa \u00e0 l&rsquo;UBC.<\/p>\t\t\t\t\t\t\t\t<\/div>\n\t\t\t\t<\/div>\n\t\t\t\t\t<\/div>\n\t\t\t\t<\/div>\n\t\t\t\t\t<\/details>\n\t\t\t\t\t\t<details id=\"e-n-accordion-item-14111\" class=\"e-n-accordion-item\" >\n\t\t\t\t<summary class=\"e-n-accordion-item-title\" data-accordion-index=\"12\" tabindex=\"-1\" aria-expanded=\"false\" aria-controls=\"e-n-accordion-item-14111\" >\n\t\t\t\t\t<span class='e-n-accordion-item-title-header'><div class=\"e-n-accordion-item-title-text\"> Gabby Crowley (Scholars Portal) <\/div><\/span>\n\t\t\t\t\t\t\t\t\t<\/summary>\n\t\t\t\t<div role=\"region\" aria-labelledby=\"e-n-accordion-item-14111\" class=\"elementor-element elementor-element-39cc528 e-flex e-con-boxed e-con e-child\" data-id=\"39cc528\" data-element_type=\"container\" data-e-type=\"container\">\n\t\t\t\t\t<div class=\"e-con-inner\">\n\t\t\t\t<div class=\"elementor-element elementor-element-964f4b2 elementor-widget elementor-widget-text-editor\" data-id=\"964f4b2\" data-element_type=\"widget\" data-e-type=\"widget\" data-widget_type=\"text-editor.default\">\n\t\t\t\t<div class=\"elementor-widget-container\">\n\t\t\t\t\t\t\t\t\t<p>Gabby Crowley est biblioth\u00e9caire charg\u00e9e du service \u00e0 la client\u00e8le chez Scholars Portal, le service d&rsquo;aide de l&rsquo;Ontario Council of University Libraries. Elle est responsable du partage d&rsquo;informations au sein du consortium sur les services de Scholars Portal par le biais de communications aux biblioth\u00e8ques, de documentation, d&rsquo;aide \u00e0 la recherche documentaire, de webinaires, etc. Elle est titulaire d&rsquo;un baccalaur\u00e9at en anglais et en cr\u00e9ation litt\u00e9raire de l&rsquo;Universit\u00e9 Concordia et d&rsquo;une ma\u00eetrise en information (MI) de l&rsquo;Universit\u00e9 de Toronto, avec une sp\u00e9cialisation en biblioth\u00e9conomie et sciences de l&rsquo;information et en gestion des archives et des documents.<\/p>\t\t\t\t\t\t\t\t<\/div>\n\t\t\t\t<\/div>\n\t\t\t\t\t<\/div>\n\t\t\t\t<\/div>\n\t\t\t\t\t<\/details>\n\t\t\t\t\t<\/div>\n\t\t\t\t\t\t<\/div>\n\t\t\t\t<\/div>\n\t\t\t\t\t<\/div>\n\t\t\t\t<\/div>\n\t\t<div id=\"e-n-tab-content-15816509916\" role=\"tabpanel\" aria-labelledby=\"e-n-tab-title-15816509916\" data-tab-index=\"6\" style=\"--n-tabs-title-order: 6;\" class=\" elementor-element elementor-element-688c79c3 e-flex e-con-boxed e-con e-child\" data-id=\"688c79c3\" data-element_type=\"container\" data-e-type=\"container\">\n\t\t\t\t\t<div class=\"e-con-inner\">\n\t\t\t\t<div class=\"elementor-element elementor-element-64311af elementor-widget elementor-widget-text-editor\" data-id=\"64311af\" data-element_type=\"widget\" data-e-type=\"widget\" data-widget_type=\"text-editor.default\">\n\t\t\t\t<div class=\"elementor-widget-container\">\n\t\t\t\t\t\t\t\t\t<p>Cr\u00e9\u00e9e en 2022, la Communaut\u00e9 de pratique (CdP) des communications, \u00e9galement connue sous le nom de CommUNIT\u00c9, rassemble des biblioth\u00e9caires et d\u2019autres coll\u00e8gues d\u2019\u00e9tablissements universitaires canadiens qui travaillent dans le domaine des communications ou s\u2019y int\u00e9ressent. Les objectifs de la CdP sont de cr\u00e9er des liens, d\u2019assurer le partage d\u2019informations et d\u2019accro\u00eetre l\u2019expertise et la capacit\u00e9 \u00e0 travers le Canada.<\/p><p>La communaut\u00e9 de pratique est g\u00e9r\u00e9e par un Comit\u00e9 directeur compos\u00e9 de membres de la communaut\u00e9 qui se r\u00e9unissent tous les mois pour organiser des appels, des tables rondes, des ateliers et\/ou d\u2019autres formes d\u2019engagement communautaire. Ils cr\u00e9ent \u00e9galement des ressources pour la communaut\u00e9 de pratique en rapport avec leurs activit\u00e9s (par exemple, des liens vers des pr\u00e9sentations, des ressources partag\u00e9es, etc.)\u00a0<\/p><p>Membres du comit\u00e9 directeur :<\/p><ul data-editing-info=\"{&quot;applyListStyleFromLevel&quot;:true}\"><li><div role=\"presentation\" data-olk-copy-source=\"MailCompose\">Lisa Abram, University of Victoria (copr\u00e9sidente)<\/div><\/li><li><div role=\"presentation\">Kristine Power, Memorial University (copr\u00e9sidente)<\/div><\/li><li><div role=\"presentation\">Ann Liang, University of Saskatchewan<\/div><\/li><li><div role=\"presentation\">Kristy Read, Dalhousie University<\/div><\/li><li><div role=\"presentation\">Trent Warner, Mount Royal\u00a0University<\/div><\/li><li><div role=\"presentation\">Larysa Woloszansky, University of Toronto<\/div><\/li><li><div role=\"presentation\">Lara Wright, Vancouver Island University<\/div><\/li><\/ul>\t\t\t\t\t\t\t\t<\/div>\n\t\t\t\t<\/div>\n\t\t\t\t<div class=\"elementor-element elementor-element-22063b05 elementor-align-left elementor-widget elementor-widget-button\" data-id=\"22063b05\" data-element_type=\"widget\" data-e-type=\"widget\" data-widget_type=\"button.default\">\n\t\t\t\t<div class=\"elementor-widget-container\">\n\t\t\t\t\t\t\t\t\t<div class=\"elementor-button-wrapper\">\n\t\t\t\t\t<a class=\"elementor-button elementor-button-link elementor-size-sm\" href=\"https:\/\/www.carl-abrc.ca\/strengthening-capacity\/communications-community-of-practice\/\">\n\t\t\t\t\t\t<span class=\"elementor-button-content-wrapper\">\n\t\t\t\t\t\t\t\t\t<span class=\"elementor-button-text\">Visitez la page de la communaut\u00e9 de pratique des communications<\/span>\n\t\t\t\t\t<\/span>\n\t\t\t\t\t<\/a>\n\t\t\t\t<\/div>\n\t\t\t\t\t\t\t\t<\/div>\n\t\t\t\t<\/div>\n\t\t\t\t\t<\/div>\n\t\t\t\t<\/div>\n\t\t\t\t\t<\/div>\n\t\t<\/div>\n\t\t\t\t\t\t<\/div>\n\t\t\t\t<\/div>\n\t\t\t\t\t<\/div>\n\t\t<\/div>\n\t\t\t\t\t<\/div>\n\t\t<\/section>\n\t\t\t\t<\/div>\n\t\t","protected":false},"excerpt":{"rendered":"<p>&laquo; All Events CommConnect symposium virtuel sur les communications en biblioth\u00e8que February 11, 2026 @ 11:00 &#8211; 15:30 EST La communaut\u00e9 de pratique des communications de l&rsquo;Association des biblioth\u00e8ques de [&hellip;]<\/p>\n","protected":false},"author":131,"featured_media":39347,"template":"elementor_header_footer","meta":{"_acf_changed":false,"_EventAllDay":false,"_EventTimezone":"America\/Toronto","_EventStartDate":"2026-02-11 11:00:00","_EventEndDate":"2026-02-11 15:30:00","_EventStartDateUTC":"2026-02-11 16:00:00","_EventEndDateUTC":"2026-02-11 20:30:00","_EventShowMap":false,"_EventShowMapLink":false,"_EventURL":"","_EventCost":"","_EventCostDescription":"","_EventCurrencySymbol":"$","_EventCurrencyCode":"CAD","_EventCurrencyPosition":"prefix","_EventDateTimeSeparator":"","_EventTimeRangeSeparator":"","_EventOrganizerID":[37080],"_EventVenueID":[37071],"_OrganizerEmail":"","_OrganizerPhone":"","_OrganizerWebsite":"","_VenueAddress":"","_VenueCity":"","_VenueCountry":"","_VenueProvince":"","_VenueState":"","_VenueZip":"","_VenuePhone":"","_VenueURL":"","_VenueStateProvince":"","_VenueLat":"","_VenueLng":"","_VenueShowMap":false,"_VenueShowMapLink":false,"_tribe_events_status":"","_tribe_events_status_reason":"","footnotes":""},"tags":[],"tribe_events_cat":[110],"class_list":["post-39225","tribe_events","type-tribe_events","status-publish","has-post-thumbnail","hentry","tribe_events_cat-communications-fr","cat_communications-fr"],"acf":[],"yoast_head":"<!-- This site is optimized with the Yoast SEO plugin v27.5 - https:\/\/yoast.com\/product\/yoast-seo-wordpress\/ -->\n<title>CommConnect symposium virtuel sur les communications en biblioth\u00e8que - Association des biblioth\u00e8ques de recherche du Canada<\/title>\n<meta name=\"robots\" content=\"index, follow, max-snippet:-1, max-image-preview:large, max-video-preview:-1\" \/>\n<link rel=\"canonical\" href=\"https:\/\/www.carl-abrc.ca\/fr\/evenement\/commconnect-symposium-virtuel-sur-les-communications-en-bibliotheque\/\" \/>\n<meta property=\"og:locale\" content=\"fr_FR\" \/>\n<meta property=\"og:type\" content=\"article\" \/>\n<meta property=\"og:title\" content=\"CommConnect symposium virtuel sur les communications en biblioth\u00e8que - Association des biblioth\u00e8ques de recherche du Canada\" \/>\n<meta property=\"og:description\" content=\"&laquo; All Events CommConnect symposium virtuel sur les communications en biblioth\u00e8que February 11, 2026 @ 11:00 &#8211; 15:30 EST La communaut\u00e9 de pratique des communications de l&rsquo;Association des biblioth\u00e8ques de [&hellip;]\" \/>\n<meta property=\"og:url\" content=\"https:\/\/www.carl-abrc.ca\/fr\/evenement\/commconnect-symposium-virtuel-sur-les-communications-en-bibliotheque\/\" \/>\n<meta property=\"og:site_name\" content=\"Association des biblioth\u00e8ques de recherche du Canada\" \/>\n<meta property=\"article:modified_time\" content=\"2026-02-11T01:34:00+00:00\" \/>\n<meta property=\"og:image\" content=\"https:\/\/www.carl-abrc.ca\/wp-content\/uploads\/2025\/12\/CommCONNECT-2.jpg\" \/>\n\t<meta property=\"og:image:width\" content=\"1600\" \/>\n\t<meta property=\"og:image:height\" content=\"900\" \/>\n\t<meta property=\"og:image:type\" content=\"image\/jpeg\" \/>\n<script type=\"application\/ld+json\" class=\"yoast-schema-graph\">{\"@context\":\"https:\\\/\\\/schema.org\",\"@graph\":[{\"@type\":\"WebPage\",\"@id\":\"https:\\\/\\\/www.carl-abrc.ca\\\/fr\\\/evenement\\\/commconnect-symposium-virtuel-sur-les-communications-en-bibliotheque\\\/\",\"url\":\"https:\\\/\\\/www.carl-abrc.ca\\\/fr\\\/evenement\\\/commconnect-symposium-virtuel-sur-les-communications-en-bibliotheque\\\/\",\"name\":\"CommConnect symposium virtuel sur les communications en biblioth\u00e8que - Association des biblioth\u00e8ques de recherche du Canada\",\"isPartOf\":{\"@id\":\"https:\\\/\\\/www.carl-abrc.ca\\\/fr\\\/#website\"},\"primaryImageOfPage\":{\"@id\":\"https:\\\/\\\/www.carl-abrc.ca\\\/fr\\\/evenement\\\/commconnect-symposium-virtuel-sur-les-communications-en-bibliotheque\\\/#primaryimage\"},\"image\":{\"@id\":\"https:\\\/\\\/www.carl-abrc.ca\\\/fr\\\/evenement\\\/commconnect-symposium-virtuel-sur-les-communications-en-bibliotheque\\\/#primaryimage\"},\"thumbnailUrl\":\"https:\\\/\\\/www.carl-abrc.ca\\\/wp-content\\\/uploads\\\/2025\\\/12\\\/CommCONNECT-2.jpg\",\"datePublished\":\"2026-01-06T15:44:58+00:00\",\"dateModified\":\"2026-02-11T01:34:00+00:00\",\"breadcrumb\":{\"@id\":\"https:\\\/\\\/www.carl-abrc.ca\\\/fr\\\/evenement\\\/commconnect-symposium-virtuel-sur-les-communications-en-bibliotheque\\\/#breadcrumb\"},\"inLanguage\":\"fr-FR\",\"potentialAction\":[{\"@type\":\"ReadAction\",\"target\":[\"https:\\\/\\\/www.carl-abrc.ca\\\/fr\\\/evenement\\\/commconnect-symposium-virtuel-sur-les-communications-en-bibliotheque\\\/\"]}]},{\"@type\":\"ImageObject\",\"inLanguage\":\"fr-FR\",\"@id\":\"https:\\\/\\\/www.carl-abrc.ca\\\/fr\\\/evenement\\\/commconnect-symposium-virtuel-sur-les-communications-en-bibliotheque\\\/#primaryimage\",\"url\":\"https:\\\/\\\/www.carl-abrc.ca\\\/wp-content\\\/uploads\\\/2025\\\/12\\\/CommCONNECT-2.jpg\",\"contentUrl\":\"https:\\\/\\\/www.carl-abrc.ca\\\/wp-content\\\/uploads\\\/2025\\\/12\\\/CommCONNECT-2.jpg\",\"width\":1600,\"height\":900},{\"@type\":\"BreadcrumbList\",\"@id\":\"https:\\\/\\\/www.carl-abrc.ca\\\/fr\\\/evenement\\\/commconnect-symposium-virtuel-sur-les-communications-en-bibliotheque\\\/#breadcrumb\",\"itemListElement\":[{\"@type\":\"ListItem\",\"position\":1,\"name\":\"Accueil\",\"item\":\"https:\\\/\\\/www.carl-abrc.ca\\\/fr\\\/home-3\\\/\"},{\"@type\":\"ListItem\",\"position\":2,\"name\":\"\u00c9v\u00e9nements\",\"item\":\"https:\\\/\\\/www.carl-abrc.ca\\\/fr\\\/evenements\\\/\"},{\"@type\":\"ListItem\",\"position\":3,\"name\":\"CommConnect symposium virtuel sur les communications en biblioth\u00e8que\"}]},{\"@type\":\"WebSite\",\"@id\":\"https:\\\/\\\/www.carl-abrc.ca\\\/fr\\\/#website\",\"url\":\"https:\\\/\\\/www.carl-abrc.ca\\\/fr\\\/\",\"name\":\"Association des biblioth\u00e8ques de recherche du Canada\",\"description\":\"ABRC\",\"publisher\":{\"@id\":\"https:\\\/\\\/www.carl-abrc.ca\\\/fr\\\/#organization\"},\"potentialAction\":[{\"@type\":\"SearchAction\",\"target\":{\"@type\":\"EntryPoint\",\"urlTemplate\":\"https:\\\/\\\/www.carl-abrc.ca\\\/fr\\\/?s={search_term_string}\"},\"query-input\":{\"@type\":\"PropertyValueSpecification\",\"valueRequired\":true,\"valueName\":\"search_term_string\"}}],\"inLanguage\":\"fr-FR\"},{\"@type\":\"Organization\",\"@id\":\"https:\\\/\\\/www.carl-abrc.ca\\\/fr\\\/#organization\",\"name\":\"Association des biblioth\u00e8ques de recherche du Canada\",\"url\":\"https:\\\/\\\/www.carl-abrc.ca\\\/fr\\\/\",\"logo\":{\"@type\":\"ImageObject\",\"inLanguage\":\"fr-FR\",\"@id\":\"https:\\\/\\\/www.carl-abrc.ca\\\/fr\\\/#\\\/schema\\\/logo\\\/image\\\/\",\"url\":\"https:\\\/\\\/www.carl-abrc.ca\\\/wp-content\\\/uploads\\\/2024\\\/07\\\/cropped-Stacked_Colour_L.png\",\"contentUrl\":\"https:\\\/\\\/www.carl-abrc.ca\\\/wp-content\\\/uploads\\\/2024\\\/07\\\/cropped-Stacked_Colour_L.png\",\"width\":641,\"height\":250,\"caption\":\"Association des biblioth\u00e8ques de recherche du Canada\"},\"image\":{\"@id\":\"https:\\\/\\\/www.carl-abrc.ca\\\/fr\\\/#\\\/schema\\\/logo\\\/image\\\/\"},\"sameAs\":[\"https:\\\/\\\/x.com\\\/carlabrc\"]}]}<\/script>\n<!-- \/ Yoast SEO plugin. -->","yoast_head_json":{"title":"CommConnect symposium virtuel sur les communications en biblioth\u00e8que - Association des biblioth\u00e8ques de recherche du Canada","robots":{"index":"index","follow":"follow","max-snippet":"max-snippet:-1","max-image-preview":"max-image-preview:large","max-video-preview":"max-video-preview:-1"},"canonical":"https:\/\/www.carl-abrc.ca\/fr\/evenement\/commconnect-symposium-virtuel-sur-les-communications-en-bibliotheque\/","og_locale":"fr_FR","og_type":"article","og_title":"CommConnect symposium virtuel sur les communications en biblioth\u00e8que - Association des biblioth\u00e8ques de recherche du Canada","og_description":"&laquo; All Events CommConnect symposium virtuel sur les communications en biblioth\u00e8que February 11, 2026 @ 11:00 &#8211; 15:30 EST La communaut\u00e9 de pratique des communications de l&rsquo;Association des biblioth\u00e8ques de [&hellip;]","og_url":"https:\/\/www.carl-abrc.ca\/fr\/evenement\/commconnect-symposium-virtuel-sur-les-communications-en-bibliotheque\/","og_site_name":"Association des biblioth\u00e8ques de recherche du Canada","article_modified_time":"2026-02-11T01:34:00+00:00","og_image":[{"width":1600,"height":900,"url":"https:\/\/www.carl-abrc.ca\/wp-content\/uploads\/2025\/12\/CommCONNECT-2.jpg","type":"image\/jpeg"}],"schema":{"@context":"https:\/\/schema.org","@graph":[{"@type":"WebPage","@id":"https:\/\/www.carl-abrc.ca\/fr\/evenement\/commconnect-symposium-virtuel-sur-les-communications-en-bibliotheque\/","url":"https:\/\/www.carl-abrc.ca\/fr\/evenement\/commconnect-symposium-virtuel-sur-les-communications-en-bibliotheque\/","name":"CommConnect symposium virtuel sur les communications en biblioth\u00e8que - Association des biblioth\u00e8ques de recherche du Canada","isPartOf":{"@id":"https:\/\/www.carl-abrc.ca\/fr\/#website"},"primaryImageOfPage":{"@id":"https:\/\/www.carl-abrc.ca\/fr\/evenement\/commconnect-symposium-virtuel-sur-les-communications-en-bibliotheque\/#primaryimage"},"image":{"@id":"https:\/\/www.carl-abrc.ca\/fr\/evenement\/commconnect-symposium-virtuel-sur-les-communications-en-bibliotheque\/#primaryimage"},"thumbnailUrl":"https:\/\/www.carl-abrc.ca\/wp-content\/uploads\/2025\/12\/CommCONNECT-2.jpg","datePublished":"2026-01-06T15:44:58+00:00","dateModified":"2026-02-11T01:34:00+00:00","breadcrumb":{"@id":"https:\/\/www.carl-abrc.ca\/fr\/evenement\/commconnect-symposium-virtuel-sur-les-communications-en-bibliotheque\/#breadcrumb"},"inLanguage":"fr-FR","potentialAction":[{"@type":"ReadAction","target":["https:\/\/www.carl-abrc.ca\/fr\/evenement\/commconnect-symposium-virtuel-sur-les-communications-en-bibliotheque\/"]}]},{"@type":"ImageObject","inLanguage":"fr-FR","@id":"https:\/\/www.carl-abrc.ca\/fr\/evenement\/commconnect-symposium-virtuel-sur-les-communications-en-bibliotheque\/#primaryimage","url":"https:\/\/www.carl-abrc.ca\/wp-content\/uploads\/2025\/12\/CommCONNECT-2.jpg","contentUrl":"https:\/\/www.carl-abrc.ca\/wp-content\/uploads\/2025\/12\/CommCONNECT-2.jpg","width":1600,"height":900},{"@type":"BreadcrumbList","@id":"https:\/\/www.carl-abrc.ca\/fr\/evenement\/commconnect-symposium-virtuel-sur-les-communications-en-bibliotheque\/#breadcrumb","itemListElement":[{"@type":"ListItem","position":1,"name":"Accueil","item":"https:\/\/www.carl-abrc.ca\/fr\/home-3\/"},{"@type":"ListItem","position":2,"name":"\u00c9v\u00e9nements","item":"https:\/\/www.carl-abrc.ca\/fr\/evenements\/"},{"@type":"ListItem","position":3,"name":"CommConnect symposium virtuel sur les communications en biblioth\u00e8que"}]},{"@type":"WebSite","@id":"https:\/\/www.carl-abrc.ca\/fr\/#website","url":"https:\/\/www.carl-abrc.ca\/fr\/","name":"Association des biblioth\u00e8ques de recherche du Canada","description":"ABRC","publisher":{"@id":"https:\/\/www.carl-abrc.ca\/fr\/#organization"},"potentialAction":[{"@type":"SearchAction","target":{"@type":"EntryPoint","urlTemplate":"https:\/\/www.carl-abrc.ca\/fr\/?s={search_term_string}"},"query-input":{"@type":"PropertyValueSpecification","valueRequired":true,"valueName":"search_term_string"}}],"inLanguage":"fr-FR"},{"@type":"Organization","@id":"https:\/\/www.carl-abrc.ca\/fr\/#organization","name":"Association des biblioth\u00e8ques de recherche du Canada","url":"https:\/\/www.carl-abrc.ca\/fr\/","logo":{"@type":"ImageObject","inLanguage":"fr-FR","@id":"https:\/\/www.carl-abrc.ca\/fr\/#\/schema\/logo\/image\/","url":"https:\/\/www.carl-abrc.ca\/wp-content\/uploads\/2024\/07\/cropped-Stacked_Colour_L.png","contentUrl":"https:\/\/www.carl-abrc.ca\/wp-content\/uploads\/2024\/07\/cropped-Stacked_Colour_L.png","width":641,"height":250,"caption":"Association des biblioth\u00e8ques de recherche du Canada"},"image":{"@id":"https:\/\/www.carl-abrc.ca\/fr\/#\/schema\/logo\/image\/"},"sameAs":["https:\/\/x.com\/carlabrc"]}]}},"_links":{"self":[{"href":"https:\/\/www.carl-abrc.ca\/fr\/wp-json\/wp\/v2\/tribe_events\/39225","targetHints":{"allow":["GET"]}}],"collection":[{"href":"https:\/\/www.carl-abrc.ca\/fr\/wp-json\/wp\/v2\/tribe_events"}],"about":[{"href":"https:\/\/www.carl-abrc.ca\/fr\/wp-json\/wp\/v2\/types\/tribe_events"}],"author":[{"embeddable":true,"href":"https:\/\/www.carl-abrc.ca\/fr\/wp-json\/wp\/v2\/users\/131"}],"version-history":[{"count":38,"href":"https:\/\/www.carl-abrc.ca\/fr\/wp-json\/wp\/v2\/tribe_events\/39225\/revisions"}],"predecessor-version":[{"id":39902,"href":"https:\/\/www.carl-abrc.ca\/fr\/wp-json\/wp\/v2\/tribe_events\/39225\/revisions\/39902"}],"wp:featuredmedia":[{"embeddable":true,"href":"https:\/\/www.carl-abrc.ca\/fr\/wp-json\/wp\/v2\/media\/39347"}],"wp:attachment":[{"href":"https:\/\/www.carl-abrc.ca\/fr\/wp-json\/wp\/v2\/media?parent=39225"}],"wp:term":[{"taxonomy":"post_tag","embeddable":true,"href":"https:\/\/www.carl-abrc.ca\/fr\/wp-json\/wp\/v2\/tags?post=39225"},{"taxonomy":"tribe_events_cat","embeddable":true,"href":"https:\/\/www.carl-abrc.ca\/fr\/wp-json\/wp\/v2\/tribe_events_cat?post=39225"}],"curies":[{"name":"wp","href":"https:\/\/api.w.org\/{rel}","templated":true}]}}