{"id":39428,"date":"2026-01-12T16:18:07","date_gmt":"2026-01-12T21:18:07","guid":{"rendered":"https:\/\/www.carl-abrc.ca\/?post_type=tribe_events&#038;p=39428"},"modified":"2026-01-12T16:22:47","modified_gmt":"2026-01-12T21:22:47","slug":"pause-cafe-de-la-communaute-de-pratique-sur-la-bibliometrie-et-limpact-de-la-recherche-evaluer-limpact-de-la-recherche-en-sciences-humaines-et-sociales","status":"publish","type":"tribe_events","link":"https:\/\/www.carl-abrc.ca\/fr\/evenement\/pause-cafe-de-la-communaute-de-pratique-sur-la-bibliometrie-et-limpact-de-la-recherche-evaluer-limpact-de-la-recherche-en-sciences-humaines-et-sociales\/","title":{"rendered":"Pause-caf\u00e9 de la Communaut\u00e9 de pratique sur la bibliom\u00e9trie et l&rsquo;impact de la recherche : \u00c9valuer l&rsquo;impact de la recherche en sciences humaines et sociales"},"content":{"rendered":"<p>Date : <strong>12 f\u00e9vrier 2026<\/strong><br \/>\nHeure : <strong>13h00 &#8211; 14h00 HE<\/strong><\/p>\n<p><a href=\"https:\/\/us02web.zoom.us\/meeting\/register\/8g2VJdNtRa-PdQdO8lbivQ\">Inscription<\/a><\/p>\n<p>Rejoignez la communaut\u00e9 de pratique sur la bibliom\u00e9trie et l&rsquo;impact de la recherche pour la premi\u00e8re d&rsquo;une nouvelle s\u00e9rie de discussions informelles \u00ab <strong>pause-caf\u00e9<\/strong> \u00bb : des conversations d\u00e9contract\u00e9es et ouvertes \u00e0 tous, o\u00f9 les membres peuvent prendre un caf\u00e9, \u00e9changer avec leurs coll\u00e8gues et comparer leurs notes sur des questions communes et les pratiques \u00e9mergentes. Chaque session d\u00e9butera par la pr\u00e9sentation d&rsquo;un.e conf\u00e9rencier.\u00e8re invit\u00e9 qui apportera son exp\u00e9rience et son point de vue sur le sujet abord\u00e9, suivie d&rsquo;une discussion ouverte anim\u00e9e.<\/p>\n<p>Notre premi\u00e8re discussion portera sur<strong> l&rsquo;\u00e9valuation de l&rsquo;impact de la recherche en sciences humaines et sociales<\/strong>. Voici quelques questions \u00e0 examiner : quels sont les d\u00e9fis et les probl\u00e8mes li\u00e9s aux indicateurs actuels ? Quels travaux sont men\u00e9s pour mettre au point des m\u00e9thodes d&rsquo;\u00e9valuation plus inclusives et plus repr\u00e9sentatives de la recherche dans ces disciplines ?<\/p>\n<p>Nous sommes heureux d&rsquo;accueillir <strong>Farah Friesen<\/strong>, directrice de la recherche et de la mobilisation des connaissances au Centre for Advancing Collaborative Healthcare &amp; Education (CACHE) de l&rsquo;Universit\u00e9 de Toronto. Le travail de Farah consiste principalement \u00e0 examiner de mani\u00e8re critique les indicateurs traditionnels de rendement acad\u00e9mique, \u00e0 encourager des perspectives alternatives sur les m\u00e9triques et \u00e0 \u0153uvrer pour une (re)d\u00e9finition plus large de l&rsquo;impact de la recherche et de l&rsquo;\u00e9ducation.<\/p>\n<p><em>Cette session ne sera pas enregistr\u00e9e. Une transcription simultan\u00e9e automatis\u00e9e en fran\u00e7ais sera disponible.<\/em><\/p>\n","protected":false},"excerpt":{"rendered":"<p>Date : 12 f\u00e9vrier 2026 Heure : 13h00 &#8211; 14h00 HE Inscription Rejoignez la communaut\u00e9 de pratique sur la bibliom\u00e9trie et l&rsquo;impact de la recherche pour la premi\u00e8re d&rsquo;une nouvelle [&hellip;]<\/p>\n","protected":false},"author":131,"featured_media":39914,"template":"","meta":{"_acf_changed":false,"_EventAllDay":false,"_EventTimezone":"America\/Toronto","_EventStartDate":"2026-02-12 13:00:00","_EventEndDate":"2026-02-12 14:00:00","_EventStartDateUTC":"2026-02-12 18:00:00","_EventEndDateUTC":"2026-02-12 19:00:00","_EventShowMap":false,"_EventShowMapLink":false,"_EventURL":"","_EventCost":"","_EventCostDescription":"","_EventCurrencySymbol":"$","_EventCurrencyCode":"CAD","_EventCurrencyPosition":"prefix","_EventDateTimeSeparator":"","_EventTimeRangeSeparator":"","_EventOrganizerID":[37088],"_EventVenueID":[37071],"_OrganizerEmail":"","_OrganizerPhone":"","_OrganizerWebsite":"","_VenueAddress":"","_VenueCity":"","_VenueCountry":"","_VenueProvince":"","_VenueState":"","_VenueZip":"","_VenuePhone":"","_VenueURL":"","_VenueStateProvince":"","_VenueLat":"","_VenueLng":"","_VenueShowMap":false,"_VenueShowMapLink":false,"_tribe_events_status":"","_tribe_events_status_reason":"","footnotes":""},"tags":[],"tribe_events_cat":[114],"class_list":["post-39428","tribe_events","type-tribe_events","status-publish","has-post-thumbnail","hentry","tribe_events_cat-bibliometrie","cat_bibliometrie"],"acf":[],"yoast_head":"<!-- This site is optimized with the Yoast SEO plugin v27.4 - https:\/\/yoast.com\/product\/yoast-seo-wordpress\/ -->\n<title>Pause-caf\u00e9 de la Communaut\u00e9 de pratique sur la bibliom\u00e9trie et l&#039;impact de la recherche : \u00c9valuer l&#039;impact de la recherche en sciences humaines et sociales - Association des biblioth\u00e8ques de recherche du Canada<\/title>\n<meta name=\"robots\" content=\"index, follow, max-snippet:-1, max-image-preview:large, max-video-preview:-1\" \/>\n<link rel=\"canonical\" href=\"https:\/\/www.carl-abrc.ca\/fr\/evenement\/pause-cafe-de-la-communaute-de-pratique-sur-la-bibliometrie-et-limpact-de-la-recherche-evaluer-limpact-de-la-recherche-en-sciences-humaines-et-sociales\/\" \/>\n<meta property=\"og:locale\" content=\"fr_FR\" \/>\n<meta property=\"og:type\" content=\"article\" \/>\n<meta property=\"og:title\" content=\"Pause-caf\u00e9 de la Communaut\u00e9 de pratique sur la bibliom\u00e9trie et l&#039;impact de la recherche : \u00c9valuer l&#039;impact de la recherche en sciences humaines et sociales - Association des biblioth\u00e8ques de recherche du Canada\" \/>\n<meta property=\"og:description\" content=\"Date : 12 f\u00e9vrier 2026 Heure : 13h00 &#8211; 14h00 HE Inscription Rejoignez la communaut\u00e9 de pratique sur la bibliom\u00e9trie et l&rsquo;impact de la recherche pour la premi\u00e8re d&rsquo;une nouvelle [&hellip;]\" \/>\n<meta property=\"og:url\" content=\"https:\/\/www.carl-abrc.ca\/fr\/evenement\/pause-cafe-de-la-communaute-de-pratique-sur-la-bibliometrie-et-limpact-de-la-recherche-evaluer-limpact-de-la-recherche-en-sciences-humaines-et-sociales\/\" \/>\n<meta property=\"og:site_name\" content=\"Association des biblioth\u00e8ques de recherche du Canada\" \/>\n<meta property=\"article:modified_time\" content=\"2026-01-12T21:22:47+00:00\" \/>\n<meta property=\"og:image\" content=\"https:\/\/www.carl-abrc.ca\/wp-content\/uploads\/2025\/04\/CoP-Department-Image.jpg\" \/>\n\t<meta property=\"og:image:width\" content=\"2000\" \/>\n\t<meta property=\"og:image:height\" content=\"1125\" \/>\n\t<meta property=\"og:image:type\" content=\"image\/jpeg\" \/>\n<meta name=\"twitter:label1\" content=\"Dur\u00e9e de lecture estim\u00e9e\" \/>\n\t<meta name=\"twitter:data1\" content=\"2 minutes\" \/>\n<script type=\"application\/ld+json\" class=\"yoast-schema-graph\">{\"@context\":\"https:\\\/\\\/schema.org\",\"@graph\":[{\"@type\":\"WebPage\",\"@id\":\"https:\\\/\\\/www.carl-abrc.ca\\\/fr\\\/evenement\\\/pause-cafe-de-la-communaute-de-pratique-sur-la-bibliometrie-et-limpact-de-la-recherche-evaluer-limpact-de-la-recherche-en-sciences-humaines-et-sociales\\\/\",\"url\":\"https:\\\/\\\/www.carl-abrc.ca\\\/fr\\\/evenement\\\/pause-cafe-de-la-communaute-de-pratique-sur-la-bibliometrie-et-limpact-de-la-recherche-evaluer-limpact-de-la-recherche-en-sciences-humaines-et-sociales\\\/\",\"name\":\"Pause-caf\u00e9 de la Communaut\u00e9 de pratique sur la bibliom\u00e9trie et l'impact de la recherche : \u00c9valuer l'impact de la recherche en sciences humaines et sociales - Association des biblioth\u00e8ques de recherche du Canada\",\"isPartOf\":{\"@id\":\"https:\\\/\\\/www.carl-abrc.ca\\\/fr\\\/#website\"},\"primaryImageOfPage\":{\"@id\":\"https:\\\/\\\/www.carl-abrc.ca\\\/fr\\\/evenement\\\/pause-cafe-de-la-communaute-de-pratique-sur-la-bibliometrie-et-limpact-de-la-recherche-evaluer-limpact-de-la-recherche-en-sciences-humaines-et-sociales\\\/#primaryimage\"},\"image\":{\"@id\":\"https:\\\/\\\/www.carl-abrc.ca\\\/fr\\\/evenement\\\/pause-cafe-de-la-communaute-de-pratique-sur-la-bibliometrie-et-limpact-de-la-recherche-evaluer-limpact-de-la-recherche-en-sciences-humaines-et-sociales\\\/#primaryimage\"},\"thumbnailUrl\":\"https:\\\/\\\/www.carl-abrc.ca\\\/wp-content\\\/uploads\\\/2026\\\/01\\\/BRI-CoP-Event-7.jpg\",\"datePublished\":\"2026-01-12T21:18:07+00:00\",\"dateModified\":\"2026-01-12T21:22:47+00:00\",\"breadcrumb\":{\"@id\":\"https:\\\/\\\/www.carl-abrc.ca\\\/fr\\\/evenement\\\/pause-cafe-de-la-communaute-de-pratique-sur-la-bibliometrie-et-limpact-de-la-recherche-evaluer-limpact-de-la-recherche-en-sciences-humaines-et-sociales\\\/#breadcrumb\"},\"inLanguage\":\"fr-FR\",\"potentialAction\":[{\"@type\":\"ReadAction\",\"target\":[\"https:\\\/\\\/www.carl-abrc.ca\\\/fr\\\/evenement\\\/pause-cafe-de-la-communaute-de-pratique-sur-la-bibliometrie-et-limpact-de-la-recherche-evaluer-limpact-de-la-recherche-en-sciences-humaines-et-sociales\\\/\"]}]},{\"@type\":\"ImageObject\",\"inLanguage\":\"fr-FR\",\"@id\":\"https:\\\/\\\/www.carl-abrc.ca\\\/fr\\\/evenement\\\/pause-cafe-de-la-communaute-de-pratique-sur-la-bibliometrie-et-limpact-de-la-recherche-evaluer-limpact-de-la-recherche-en-sciences-humaines-et-sociales\\\/#primaryimage\",\"url\":\"https:\\\/\\\/www.carl-abrc.ca\\\/wp-content\\\/uploads\\\/2026\\\/01\\\/BRI-CoP-Event-7.jpg\",\"contentUrl\":\"https:\\\/\\\/www.carl-abrc.ca\\\/wp-content\\\/uploads\\\/2026\\\/01\\\/BRI-CoP-Event-7.jpg\",\"width\":1600,\"height\":900,\"caption\":\"Coffee Talk Event Image\"},{\"@type\":\"BreadcrumbList\",\"@id\":\"https:\\\/\\\/www.carl-abrc.ca\\\/fr\\\/evenement\\\/pause-cafe-de-la-communaute-de-pratique-sur-la-bibliometrie-et-limpact-de-la-recherche-evaluer-limpact-de-la-recherche-en-sciences-humaines-et-sociales\\\/#breadcrumb\",\"itemListElement\":[{\"@type\":\"ListItem\",\"position\":1,\"name\":\"Accueil\",\"item\":\"https:\\\/\\\/www.carl-abrc.ca\\\/fr\\\/home-3\\\/\"},{\"@type\":\"ListItem\",\"position\":2,\"name\":\"\u00c9v\u00e9nements\",\"item\":\"https:\\\/\\\/www.carl-abrc.ca\\\/fr\\\/evenements\\\/\"},{\"@type\":\"ListItem\",\"position\":3,\"name\":\"Pause-caf\u00e9 de la Communaut\u00e9 de pratique sur la bibliom\u00e9trie et l&#8217;impact de la recherche : \u00c9valuer l&#8217;impact de la recherche en sciences humaines et sociales\"}]},{\"@type\":\"WebSite\",\"@id\":\"https:\\\/\\\/www.carl-abrc.ca\\\/fr\\\/#website\",\"url\":\"https:\\\/\\\/www.carl-abrc.ca\\\/fr\\\/\",\"name\":\"Association des biblioth\u00e8ques de recherche du Canada\",\"description\":\"ABRC\",\"publisher\":{\"@id\":\"https:\\\/\\\/www.carl-abrc.ca\\\/fr\\\/#organization\"},\"potentialAction\":[{\"@type\":\"SearchAction\",\"target\":{\"@type\":\"EntryPoint\",\"urlTemplate\":\"https:\\\/\\\/www.carl-abrc.ca\\\/fr\\\/?s={search_term_string}\"},\"query-input\":{\"@type\":\"PropertyValueSpecification\",\"valueRequired\":true,\"valueName\":\"search_term_string\"}}],\"inLanguage\":\"fr-FR\"},{\"@type\":\"Organization\",\"@id\":\"https:\\\/\\\/www.carl-abrc.ca\\\/fr\\\/#organization\",\"name\":\"Association des biblioth\u00e8ques de recherche du Canada\",\"url\":\"https:\\\/\\\/www.carl-abrc.ca\\\/fr\\\/\",\"logo\":{\"@type\":\"ImageObject\",\"inLanguage\":\"fr-FR\",\"@id\":\"https:\\\/\\\/www.carl-abrc.ca\\\/fr\\\/#\\\/schema\\\/logo\\\/image\\\/\",\"url\":\"https:\\\/\\\/www.carl-abrc.ca\\\/wp-content\\\/uploads\\\/2024\\\/07\\\/cropped-Stacked_Colour_L.png\",\"contentUrl\":\"https:\\\/\\\/www.carl-abrc.ca\\\/wp-content\\\/uploads\\\/2024\\\/07\\\/cropped-Stacked_Colour_L.png\",\"width\":641,\"height\":250,\"caption\":\"Association des biblioth\u00e8ques de recherche du Canada\"},\"image\":{\"@id\":\"https:\\\/\\\/www.carl-abrc.ca\\\/fr\\\/#\\\/schema\\\/logo\\\/image\\\/\"},\"sameAs\":[\"https:\\\/\\\/x.com\\\/carlabrc\"]}]}<\/script>\n<!-- \/ Yoast SEO plugin. -->","yoast_head_json":{"title":"Pause-caf\u00e9 de la Communaut\u00e9 de pratique sur la bibliom\u00e9trie et l'impact de la recherche : \u00c9valuer l'impact de la recherche en sciences humaines et sociales - Association des biblioth\u00e8ques de recherche du Canada","robots":{"index":"index","follow":"follow","max-snippet":"max-snippet:-1","max-image-preview":"max-image-preview:large","max-video-preview":"max-video-preview:-1"},"canonical":"https:\/\/www.carl-abrc.ca\/fr\/evenement\/pause-cafe-de-la-communaute-de-pratique-sur-la-bibliometrie-et-limpact-de-la-recherche-evaluer-limpact-de-la-recherche-en-sciences-humaines-et-sociales\/","og_locale":"fr_FR","og_type":"article","og_title":"Pause-caf\u00e9 de la Communaut\u00e9 de pratique sur la bibliom\u00e9trie et l'impact de la recherche : \u00c9valuer l'impact de la recherche en sciences humaines et sociales - Association des biblioth\u00e8ques de recherche du Canada","og_description":"Date : 12 f\u00e9vrier 2026 Heure : 13h00 &#8211; 14h00 HE Inscription Rejoignez la communaut\u00e9 de pratique sur la bibliom\u00e9trie et l&rsquo;impact de la recherche pour la premi\u00e8re d&rsquo;une nouvelle [&hellip;]","og_url":"https:\/\/www.carl-abrc.ca\/fr\/evenement\/pause-cafe-de-la-communaute-de-pratique-sur-la-bibliometrie-et-limpact-de-la-recherche-evaluer-limpact-de-la-recherche-en-sciences-humaines-et-sociales\/","og_site_name":"Association des biblioth\u00e8ques de recherche du Canada","article_modified_time":"2026-01-12T21:22:47+00:00","og_image":[{"width":2000,"height":1125,"url":"https:\/\/www.carl-abrc.ca\/wp-content\/uploads\/2025\/04\/CoP-Department-Image.jpg","type":"image\/jpeg"}],"twitter_misc":{"Dur\u00e9e de lecture estim\u00e9e":"2 minutes"},"schema":{"@context":"https:\/\/schema.org","@graph":[{"@type":"WebPage","@id":"https:\/\/www.carl-abrc.ca\/fr\/evenement\/pause-cafe-de-la-communaute-de-pratique-sur-la-bibliometrie-et-limpact-de-la-recherche-evaluer-limpact-de-la-recherche-en-sciences-humaines-et-sociales\/","url":"https:\/\/www.carl-abrc.ca\/fr\/evenement\/pause-cafe-de-la-communaute-de-pratique-sur-la-bibliometrie-et-limpact-de-la-recherche-evaluer-limpact-de-la-recherche-en-sciences-humaines-et-sociales\/","name":"Pause-caf\u00e9 de la Communaut\u00e9 de pratique sur la bibliom\u00e9trie et l'impact de la recherche : \u00c9valuer l'impact de la recherche en sciences humaines et sociales - Association des biblioth\u00e8ques de recherche du Canada","isPartOf":{"@id":"https:\/\/www.carl-abrc.ca\/fr\/#website"},"primaryImageOfPage":{"@id":"https:\/\/www.carl-abrc.ca\/fr\/evenement\/pause-cafe-de-la-communaute-de-pratique-sur-la-bibliometrie-et-limpact-de-la-recherche-evaluer-limpact-de-la-recherche-en-sciences-humaines-et-sociales\/#primaryimage"},"image":{"@id":"https:\/\/www.carl-abrc.ca\/fr\/evenement\/pause-cafe-de-la-communaute-de-pratique-sur-la-bibliometrie-et-limpact-de-la-recherche-evaluer-limpact-de-la-recherche-en-sciences-humaines-et-sociales\/#primaryimage"},"thumbnailUrl":"https:\/\/www.carl-abrc.ca\/wp-content\/uploads\/2026\/01\/BRI-CoP-Event-7.jpg","datePublished":"2026-01-12T21:18:07+00:00","dateModified":"2026-01-12T21:22:47+00:00","breadcrumb":{"@id":"https:\/\/www.carl-abrc.ca\/fr\/evenement\/pause-cafe-de-la-communaute-de-pratique-sur-la-bibliometrie-et-limpact-de-la-recherche-evaluer-limpact-de-la-recherche-en-sciences-humaines-et-sociales\/#breadcrumb"},"inLanguage":"fr-FR","potentialAction":[{"@type":"ReadAction","target":["https:\/\/www.carl-abrc.ca\/fr\/evenement\/pause-cafe-de-la-communaute-de-pratique-sur-la-bibliometrie-et-limpact-de-la-recherche-evaluer-limpact-de-la-recherche-en-sciences-humaines-et-sociales\/"]}]},{"@type":"ImageObject","inLanguage":"fr-FR","@id":"https:\/\/www.carl-abrc.ca\/fr\/evenement\/pause-cafe-de-la-communaute-de-pratique-sur-la-bibliometrie-et-limpact-de-la-recherche-evaluer-limpact-de-la-recherche-en-sciences-humaines-et-sociales\/#primaryimage","url":"https:\/\/www.carl-abrc.ca\/wp-content\/uploads\/2026\/01\/BRI-CoP-Event-7.jpg","contentUrl":"https:\/\/www.carl-abrc.ca\/wp-content\/uploads\/2026\/01\/BRI-CoP-Event-7.jpg","width":1600,"height":900,"caption":"Coffee Talk Event Image"},{"@type":"BreadcrumbList","@id":"https:\/\/www.carl-abrc.ca\/fr\/evenement\/pause-cafe-de-la-communaute-de-pratique-sur-la-bibliometrie-et-limpact-de-la-recherche-evaluer-limpact-de-la-recherche-en-sciences-humaines-et-sociales\/#breadcrumb","itemListElement":[{"@type":"ListItem","position":1,"name":"Accueil","item":"https:\/\/www.carl-abrc.ca\/fr\/home-3\/"},{"@type":"ListItem","position":2,"name":"\u00c9v\u00e9nements","item":"https:\/\/www.carl-abrc.ca\/fr\/evenements\/"},{"@type":"ListItem","position":3,"name":"Pause-caf\u00e9 de la Communaut\u00e9 de pratique sur la bibliom\u00e9trie et l&#8217;impact de la recherche : \u00c9valuer l&#8217;impact de la recherche en sciences humaines et sociales"}]},{"@type":"WebSite","@id":"https:\/\/www.carl-abrc.ca\/fr\/#website","url":"https:\/\/www.carl-abrc.ca\/fr\/","name":"Association des biblioth\u00e8ques de recherche du Canada","description":"ABRC","publisher":{"@id":"https:\/\/www.carl-abrc.ca\/fr\/#organization"},"potentialAction":[{"@type":"SearchAction","target":{"@type":"EntryPoint","urlTemplate":"https:\/\/www.carl-abrc.ca\/fr\/?s={search_term_string}"},"query-input":{"@type":"PropertyValueSpecification","valueRequired":true,"valueName":"search_term_string"}}],"inLanguage":"fr-FR"},{"@type":"Organization","@id":"https:\/\/www.carl-abrc.ca\/fr\/#organization","name":"Association des biblioth\u00e8ques de recherche du Canada","url":"https:\/\/www.carl-abrc.ca\/fr\/","logo":{"@type":"ImageObject","inLanguage":"fr-FR","@id":"https:\/\/www.carl-abrc.ca\/fr\/#\/schema\/logo\/image\/","url":"https:\/\/www.carl-abrc.ca\/wp-content\/uploads\/2024\/07\/cropped-Stacked_Colour_L.png","contentUrl":"https:\/\/www.carl-abrc.ca\/wp-content\/uploads\/2024\/07\/cropped-Stacked_Colour_L.png","width":641,"height":250,"caption":"Association des biblioth\u00e8ques de recherche du Canada"},"image":{"@id":"https:\/\/www.carl-abrc.ca\/fr\/#\/schema\/logo\/image\/"},"sameAs":["https:\/\/x.com\/carlabrc"]}]}},"_links":{"self":[{"href":"https:\/\/www.carl-abrc.ca\/fr\/wp-json\/wp\/v2\/tribe_events\/39428","targetHints":{"allow":["GET"]}}],"collection":[{"href":"https:\/\/www.carl-abrc.ca\/fr\/wp-json\/wp\/v2\/tribe_events"}],"about":[{"href":"https:\/\/www.carl-abrc.ca\/fr\/wp-json\/wp\/v2\/types\/tribe_events"}],"author":[{"embeddable":true,"href":"https:\/\/www.carl-abrc.ca\/fr\/wp-json\/wp\/v2\/users\/131"}],"version-history":[{"count":1,"href":"https:\/\/www.carl-abrc.ca\/fr\/wp-json\/wp\/v2\/tribe_events\/39428\/revisions"}],"predecessor-version":[{"id":39429,"href":"https:\/\/www.carl-abrc.ca\/fr\/wp-json\/wp\/v2\/tribe_events\/39428\/revisions\/39429"}],"wp:featuredmedia":[{"embeddable":true,"href":"https:\/\/www.carl-abrc.ca\/fr\/wp-json\/wp\/v2\/media\/39914"}],"wp:attachment":[{"href":"https:\/\/www.carl-abrc.ca\/fr\/wp-json\/wp\/v2\/media?parent=39428"}],"wp:term":[{"taxonomy":"post_tag","embeddable":true,"href":"https:\/\/www.carl-abrc.ca\/fr\/wp-json\/wp\/v2\/tags?post=39428"},{"taxonomy":"tribe_events_cat","embeddable":true,"href":"https:\/\/www.carl-abrc.ca\/fr\/wp-json\/wp\/v2\/tribe_events_cat?post=39428"}],"curies":[{"name":"wp","href":"https:\/\/api.w.org\/{rel}","templated":true}]}}