{"id":39433,"date":"2026-01-13T11:41:57","date_gmt":"2026-01-13T16:41:57","guid":{"rendered":"https:\/\/www.carl-abrc.ca\/?post_type=tribe_events&#038;p=39433"},"modified":"2026-01-13T11:41:57","modified_gmt":"2026-01-13T16:41:57","slug":"communaute-de-pratique-en-education-ouverte-les-details-pratiques-des-programmes-ztc","status":"publish","type":"tribe_events","link":"https:\/\/www.carl-abrc.ca\/fr\/evenement\/communaute-de-pratique-en-education-ouverte-les-details-pratiques-des-programmes-ztc\/","title":{"rendered":"Communaut\u00e9 de pratique en \u00e9ducation ouverte: Les d\u00e9tails pratiques des programmes ZTC"},"content":{"rendered":"<p>Date : <strong>2 f\u00e9vrier 2026<\/strong><br \/>\nHeure : <strong>13h00 &#8211; 14h00 HE<\/strong><\/p>\n<p><a href=\"https:\/\/us02web.zoom.us\/meeting\/register\/NMpRwq54Sn6hJHt7uSNIuA\">Inscription<\/a><\/p>\n<p>Joignez-vous \u00e0 nous pour d\u00e9couvrir le programme Zero Textbook Cost (ZTC) de l&rsquo;Universit\u00e9 polytechnique Kwantlen, pr\u00e9sent\u00e9 par <strong>Amanda Grey, sp\u00e9cialiste des strat\u00e9gies d&rsquo;\u00e9ducation ouverte<\/strong>. Que vous commenciez tout juste \u00e0 explorer les possibilit\u00e9s offertes par le programme ZTC ou que vous souteniez un programme ZTC existant, cette s\u00e9ance vous offrira des informations et des discussions collaboratives pour chaque \u00e9tape du parcours. Venez partager vos exp\u00e9riences et poser vos questions!<\/p>\n<p>Tous les membres et non-membres de l&rsquo;ABRC qui travaillent dans le domaine de l&rsquo;\u00e9ducation ouverte ou qui s&rsquo;y int\u00e9ressent sont les bienvenus.<\/p>\n<p>Si vous souhaitez faire partie de la communaut\u00e9 de pratique sur l&rsquo;\u00e9ducation ouverte et rester inform\u00e9 des \u00e9v\u00e9nements et activit\u00e9s \u00e0 venir, <a href=\"https:\/\/listserv.uottawa.ca\/scripts\/wa.exe?SUBED1=OE-COP-CARL-L&amp;A=1\">inscrivez-vous \u00e0 OE-COP-CARL-L<\/a>, la liste de discussion de la communaut\u00e9 de pratique sur l&rsquo;\u00e9ducation ouverte. Pour plus d&rsquo;informations, consultez <a href=\"https:\/\/www.carl-abrc.ca\/fr\/faire-avancer-lenseignement-et-lapprentissage\/education-ouverte\/communaute-de-pratique-en-education-ouverte\/\">leur page web<\/a>.<\/p>\n<p><em>Cette session sera enregistr\u00e9e. Elle se d\u00e9roulera en anglais avec traduction simultan\u00e9e automatis\u00e9e en fran\u00e7ais.<\/em><\/p>\n","protected":false},"excerpt":{"rendered":"<p>Date : 2 f\u00e9vrier 2026 Heure : 13h00 &#8211; 14h00 HE Inscription Joignez-vous \u00e0 nous pour d\u00e9couvrir le programme Zero Textbook Cost (ZTC) de l&rsquo;Universit\u00e9 polytechnique Kwantlen, pr\u00e9sent\u00e9 par Amanda [&hellip;]<\/p>\n","protected":false},"author":131,"featured_media":37322,"template":"","meta":{"_acf_changed":false,"_EventAllDay":false,"_EventTimezone":"America\/Toronto","_EventStartDate":"2026-02-02 13:00:00","_EventEndDate":"2026-02-02 14:00:00","_EventStartDateUTC":"2026-02-02 18:00:00","_EventEndDateUTC":"2026-02-02 19:00:00","_EventShowMap":false,"_EventShowMapLink":false,"_EventURL":"","_EventCost":"","_EventCostDescription":"","_EventCurrencySymbol":"$","_EventCurrencyCode":"CAD","_EventCurrencyPosition":"prefix","_EventDateTimeSeparator":"","_EventTimeRangeSeparator":"","_EventOrganizerID":[37077],"_EventVenueID":[37071],"_OrganizerEmail":"","_OrganizerPhone":"","_OrganizerWebsite":"","_VenueAddress":"","_VenueCity":"","_VenueCountry":"","_VenueProvince":"","_VenueState":"","_VenueZip":"","_VenuePhone":"","_VenueURL":"","_VenueStateProvince":"","_VenueLat":"","_VenueLng":"","_VenueShowMap":false,"_VenueShowMapLink":false,"_tribe_events_status":"","_tribe_events_status_reason":"","footnotes":""},"tags":[],"tribe_events_cat":[113],"class_list":["post-39433","tribe_events","type-tribe_events","status-publish","has-post-thumbnail","hentry","tribe_events_cat-education-ouverte","cat_education-ouverte"],"acf":[],"yoast_head":"<!-- This site is optimized with the Yoast SEO plugin v27.5 - https:\/\/yoast.com\/product\/yoast-seo-wordpress\/ -->\n<title>Communaut\u00e9 de pratique en \u00e9ducation ouverte: Les d\u00e9tails pratiques des programmes ZTC - Association des biblioth\u00e8ques de recherche du Canada<\/title>\n<meta name=\"robots\" content=\"index, follow, max-snippet:-1, max-image-preview:large, max-video-preview:-1\" \/>\n<link rel=\"canonical\" href=\"https:\/\/www.carl-abrc.ca\/fr\/evenement\/communaute-de-pratique-en-education-ouverte-les-details-pratiques-des-programmes-ztc\/\" \/>\n<meta property=\"og:locale\" content=\"fr_FR\" \/>\n<meta property=\"og:type\" content=\"article\" \/>\n<meta property=\"og:title\" content=\"Communaut\u00e9 de pratique en \u00e9ducation ouverte: Les d\u00e9tails pratiques des programmes ZTC - Association des biblioth\u00e8ques de recherche du Canada\" \/>\n<meta property=\"og:description\" content=\"Date : 2 f\u00e9vrier 2026 Heure : 13h00 &#8211; 14h00 HE Inscription Joignez-vous \u00e0 nous pour d\u00e9couvrir le programme Zero Textbook Cost (ZTC) de l&rsquo;Universit\u00e9 polytechnique Kwantlen, pr\u00e9sent\u00e9 par Amanda [&hellip;]\" \/>\n<meta property=\"og:url\" content=\"https:\/\/www.carl-abrc.ca\/fr\/evenement\/communaute-de-pratique-en-education-ouverte-les-details-pratiques-des-programmes-ztc\/\" \/>\n<meta property=\"og:site_name\" content=\"Association des biblioth\u00e8ques de recherche du Canada\" \/>\n<meta property=\"og:image\" content=\"https:\/\/www.carl-abrc.ca\/wp-content\/uploads\/2025\/04\/CoP-Department-Image.jpg\" \/>\n\t<meta property=\"og:image:width\" content=\"2000\" \/>\n\t<meta property=\"og:image:height\" content=\"1125\" \/>\n\t<meta property=\"og:image:type\" content=\"image\/jpeg\" \/>\n<meta name=\"twitter:label1\" content=\"Dur\u00e9e de lecture estim\u00e9e\" \/>\n\t<meta name=\"twitter:data1\" content=\"1 minute\" \/>\n<script type=\"application\/ld+json\" class=\"yoast-schema-graph\">{\"@context\":\"https:\\\/\\\/schema.org\",\"@graph\":[{\"@type\":\"WebPage\",\"@id\":\"https:\\\/\\\/www.carl-abrc.ca\\\/fr\\\/evenement\\\/communaute-de-pratique-en-education-ouverte-les-details-pratiques-des-programmes-ztc\\\/\",\"url\":\"https:\\\/\\\/www.carl-abrc.ca\\\/fr\\\/evenement\\\/communaute-de-pratique-en-education-ouverte-les-details-pratiques-des-programmes-ztc\\\/\",\"name\":\"Communaut\u00e9 de pratique en \u00e9ducation ouverte: Les d\u00e9tails pratiques des programmes ZTC - Association des biblioth\u00e8ques de recherche du Canada\",\"isPartOf\":{\"@id\":\"https:\\\/\\\/www.carl-abrc.ca\\\/fr\\\/#website\"},\"primaryImageOfPage\":{\"@id\":\"https:\\\/\\\/www.carl-abrc.ca\\\/fr\\\/evenement\\\/communaute-de-pratique-en-education-ouverte-les-details-pratiques-des-programmes-ztc\\\/#primaryimage\"},\"image\":{\"@id\":\"https:\\\/\\\/www.carl-abrc.ca\\\/fr\\\/evenement\\\/communaute-de-pratique-en-education-ouverte-les-details-pratiques-des-programmes-ztc\\\/#primaryimage\"},\"thumbnailUrl\":\"https:\\\/\\\/www.carl-abrc.ca\\\/wp-content\\\/uploads\\\/2025\\\/04\\\/CoP-Department-Image.jpg\",\"datePublished\":\"2026-01-13T16:41:57+00:00\",\"breadcrumb\":{\"@id\":\"https:\\\/\\\/www.carl-abrc.ca\\\/fr\\\/evenement\\\/communaute-de-pratique-en-education-ouverte-les-details-pratiques-des-programmes-ztc\\\/#breadcrumb\"},\"inLanguage\":\"fr-FR\",\"potentialAction\":[{\"@type\":\"ReadAction\",\"target\":[\"https:\\\/\\\/www.carl-abrc.ca\\\/fr\\\/evenement\\\/communaute-de-pratique-en-education-ouverte-les-details-pratiques-des-programmes-ztc\\\/\"]}]},{\"@type\":\"ImageObject\",\"inLanguage\":\"fr-FR\",\"@id\":\"https:\\\/\\\/www.carl-abrc.ca\\\/fr\\\/evenement\\\/communaute-de-pratique-en-education-ouverte-les-details-pratiques-des-programmes-ztc\\\/#primaryimage\",\"url\":\"https:\\\/\\\/www.carl-abrc.ca\\\/wp-content\\\/uploads\\\/2025\\\/04\\\/CoP-Department-Image.jpg\",\"contentUrl\":\"https:\\\/\\\/www.carl-abrc.ca\\\/wp-content\\\/uploads\\\/2025\\\/04\\\/CoP-Department-Image.jpg\",\"width\":2000,\"height\":1125,\"caption\":\"Community of Practice Featured Image\"},{\"@type\":\"BreadcrumbList\",\"@id\":\"https:\\\/\\\/www.carl-abrc.ca\\\/fr\\\/evenement\\\/communaute-de-pratique-en-education-ouverte-les-details-pratiques-des-programmes-ztc\\\/#breadcrumb\",\"itemListElement\":[{\"@type\":\"ListItem\",\"position\":1,\"name\":\"Accueil\",\"item\":\"https:\\\/\\\/www.carl-abrc.ca\\\/fr\\\/home-3\\\/\"},{\"@type\":\"ListItem\",\"position\":2,\"name\":\"\u00c9v\u00e9nements\",\"item\":\"https:\\\/\\\/www.carl-abrc.ca\\\/fr\\\/evenements\\\/\"},{\"@type\":\"ListItem\",\"position\":3,\"name\":\"Communaut\u00e9 de pratique en \u00e9ducation ouverte: Les d\u00e9tails pratiques des programmes ZTC\"}]},{\"@type\":\"WebSite\",\"@id\":\"https:\\\/\\\/www.carl-abrc.ca\\\/fr\\\/#website\",\"url\":\"https:\\\/\\\/www.carl-abrc.ca\\\/fr\\\/\",\"name\":\"Association des biblioth\u00e8ques de recherche du Canada\",\"description\":\"ABRC\",\"publisher\":{\"@id\":\"https:\\\/\\\/www.carl-abrc.ca\\\/fr\\\/#organization\"},\"potentialAction\":[{\"@type\":\"SearchAction\",\"target\":{\"@type\":\"EntryPoint\",\"urlTemplate\":\"https:\\\/\\\/www.carl-abrc.ca\\\/fr\\\/?s={search_term_string}\"},\"query-input\":{\"@type\":\"PropertyValueSpecification\",\"valueRequired\":true,\"valueName\":\"search_term_string\"}}],\"inLanguage\":\"fr-FR\"},{\"@type\":\"Organization\",\"@id\":\"https:\\\/\\\/www.carl-abrc.ca\\\/fr\\\/#organization\",\"name\":\"Association des biblioth\u00e8ques de recherche du Canada\",\"url\":\"https:\\\/\\\/www.carl-abrc.ca\\\/fr\\\/\",\"logo\":{\"@type\":\"ImageObject\",\"inLanguage\":\"fr-FR\",\"@id\":\"https:\\\/\\\/www.carl-abrc.ca\\\/fr\\\/#\\\/schema\\\/logo\\\/image\\\/\",\"url\":\"https:\\\/\\\/www.carl-abrc.ca\\\/wp-content\\\/uploads\\\/2024\\\/07\\\/cropped-Stacked_Colour_L.png\",\"contentUrl\":\"https:\\\/\\\/www.carl-abrc.ca\\\/wp-content\\\/uploads\\\/2024\\\/07\\\/cropped-Stacked_Colour_L.png\",\"width\":641,\"height\":250,\"caption\":\"Association des biblioth\u00e8ques de recherche du Canada\"},\"image\":{\"@id\":\"https:\\\/\\\/www.carl-abrc.ca\\\/fr\\\/#\\\/schema\\\/logo\\\/image\\\/\"},\"sameAs\":[\"https:\\\/\\\/x.com\\\/carlabrc\"]}]}<\/script>\n<!-- \/ Yoast SEO plugin. -->","yoast_head_json":{"title":"Communaut\u00e9 de pratique en \u00e9ducation ouverte: Les d\u00e9tails pratiques des programmes ZTC - Association des biblioth\u00e8ques de recherche du Canada","robots":{"index":"index","follow":"follow","max-snippet":"max-snippet:-1","max-image-preview":"max-image-preview:large","max-video-preview":"max-video-preview:-1"},"canonical":"https:\/\/www.carl-abrc.ca\/fr\/evenement\/communaute-de-pratique-en-education-ouverte-les-details-pratiques-des-programmes-ztc\/","og_locale":"fr_FR","og_type":"article","og_title":"Communaut\u00e9 de pratique en \u00e9ducation ouverte: Les d\u00e9tails pratiques des programmes ZTC - Association des biblioth\u00e8ques de recherche du Canada","og_description":"Date : 2 f\u00e9vrier 2026 Heure : 13h00 &#8211; 14h00 HE Inscription Joignez-vous \u00e0 nous pour d\u00e9couvrir le programme Zero Textbook Cost (ZTC) de l&rsquo;Universit\u00e9 polytechnique Kwantlen, pr\u00e9sent\u00e9 par Amanda [&hellip;]","og_url":"https:\/\/www.carl-abrc.ca\/fr\/evenement\/communaute-de-pratique-en-education-ouverte-les-details-pratiques-des-programmes-ztc\/","og_site_name":"Association des biblioth\u00e8ques de recherche du Canada","og_image":[{"width":2000,"height":1125,"url":"https:\/\/www.carl-abrc.ca\/wp-content\/uploads\/2025\/04\/CoP-Department-Image.jpg","type":"image\/jpeg"}],"twitter_misc":{"Dur\u00e9e de lecture estim\u00e9e":"1 minute"},"schema":{"@context":"https:\/\/schema.org","@graph":[{"@type":"WebPage","@id":"https:\/\/www.carl-abrc.ca\/fr\/evenement\/communaute-de-pratique-en-education-ouverte-les-details-pratiques-des-programmes-ztc\/","url":"https:\/\/www.carl-abrc.ca\/fr\/evenement\/communaute-de-pratique-en-education-ouverte-les-details-pratiques-des-programmes-ztc\/","name":"Communaut\u00e9 de pratique en \u00e9ducation ouverte: Les d\u00e9tails pratiques des programmes ZTC - Association des biblioth\u00e8ques de recherche du Canada","isPartOf":{"@id":"https:\/\/www.carl-abrc.ca\/fr\/#website"},"primaryImageOfPage":{"@id":"https:\/\/www.carl-abrc.ca\/fr\/evenement\/communaute-de-pratique-en-education-ouverte-les-details-pratiques-des-programmes-ztc\/#primaryimage"},"image":{"@id":"https:\/\/www.carl-abrc.ca\/fr\/evenement\/communaute-de-pratique-en-education-ouverte-les-details-pratiques-des-programmes-ztc\/#primaryimage"},"thumbnailUrl":"https:\/\/www.carl-abrc.ca\/wp-content\/uploads\/2025\/04\/CoP-Department-Image.jpg","datePublished":"2026-01-13T16:41:57+00:00","breadcrumb":{"@id":"https:\/\/www.carl-abrc.ca\/fr\/evenement\/communaute-de-pratique-en-education-ouverte-les-details-pratiques-des-programmes-ztc\/#breadcrumb"},"inLanguage":"fr-FR","potentialAction":[{"@type":"ReadAction","target":["https:\/\/www.carl-abrc.ca\/fr\/evenement\/communaute-de-pratique-en-education-ouverte-les-details-pratiques-des-programmes-ztc\/"]}]},{"@type":"ImageObject","inLanguage":"fr-FR","@id":"https:\/\/www.carl-abrc.ca\/fr\/evenement\/communaute-de-pratique-en-education-ouverte-les-details-pratiques-des-programmes-ztc\/#primaryimage","url":"https:\/\/www.carl-abrc.ca\/wp-content\/uploads\/2025\/04\/CoP-Department-Image.jpg","contentUrl":"https:\/\/www.carl-abrc.ca\/wp-content\/uploads\/2025\/04\/CoP-Department-Image.jpg","width":2000,"height":1125,"caption":"Community of Practice Featured Image"},{"@type":"BreadcrumbList","@id":"https:\/\/www.carl-abrc.ca\/fr\/evenement\/communaute-de-pratique-en-education-ouverte-les-details-pratiques-des-programmes-ztc\/#breadcrumb","itemListElement":[{"@type":"ListItem","position":1,"name":"Accueil","item":"https:\/\/www.carl-abrc.ca\/fr\/home-3\/"},{"@type":"ListItem","position":2,"name":"\u00c9v\u00e9nements","item":"https:\/\/www.carl-abrc.ca\/fr\/evenements\/"},{"@type":"ListItem","position":3,"name":"Communaut\u00e9 de pratique en \u00e9ducation ouverte: Les d\u00e9tails pratiques des programmes ZTC"}]},{"@type":"WebSite","@id":"https:\/\/www.carl-abrc.ca\/fr\/#website","url":"https:\/\/www.carl-abrc.ca\/fr\/","name":"Association des biblioth\u00e8ques de recherche du Canada","description":"ABRC","publisher":{"@id":"https:\/\/www.carl-abrc.ca\/fr\/#organization"},"potentialAction":[{"@type":"SearchAction","target":{"@type":"EntryPoint","urlTemplate":"https:\/\/www.carl-abrc.ca\/fr\/?s={search_term_string}"},"query-input":{"@type":"PropertyValueSpecification","valueRequired":true,"valueName":"search_term_string"}}],"inLanguage":"fr-FR"},{"@type":"Organization","@id":"https:\/\/www.carl-abrc.ca\/fr\/#organization","name":"Association des biblioth\u00e8ques de recherche du Canada","url":"https:\/\/www.carl-abrc.ca\/fr\/","logo":{"@type":"ImageObject","inLanguage":"fr-FR","@id":"https:\/\/www.carl-abrc.ca\/fr\/#\/schema\/logo\/image\/","url":"https:\/\/www.carl-abrc.ca\/wp-content\/uploads\/2024\/07\/cropped-Stacked_Colour_L.png","contentUrl":"https:\/\/www.carl-abrc.ca\/wp-content\/uploads\/2024\/07\/cropped-Stacked_Colour_L.png","width":641,"height":250,"caption":"Association des biblioth\u00e8ques de recherche du Canada"},"image":{"@id":"https:\/\/www.carl-abrc.ca\/fr\/#\/schema\/logo\/image\/"},"sameAs":["https:\/\/x.com\/carlabrc"]}]}},"_links":{"self":[{"href":"https:\/\/www.carl-abrc.ca\/fr\/wp-json\/wp\/v2\/tribe_events\/39433","targetHints":{"allow":["GET"]}}],"collection":[{"href":"https:\/\/www.carl-abrc.ca\/fr\/wp-json\/wp\/v2\/tribe_events"}],"about":[{"href":"https:\/\/www.carl-abrc.ca\/fr\/wp-json\/wp\/v2\/types\/tribe_events"}],"author":[{"embeddable":true,"href":"https:\/\/www.carl-abrc.ca\/fr\/wp-json\/wp\/v2\/users\/131"}],"version-history":[{"count":1,"href":"https:\/\/www.carl-abrc.ca\/fr\/wp-json\/wp\/v2\/tribe_events\/39433\/revisions"}],"predecessor-version":[{"id":39434,"href":"https:\/\/www.carl-abrc.ca\/fr\/wp-json\/wp\/v2\/tribe_events\/39433\/revisions\/39434"}],"wp:featuredmedia":[{"embeddable":true,"href":"https:\/\/www.carl-abrc.ca\/fr\/wp-json\/wp\/v2\/media\/37322"}],"wp:attachment":[{"href":"https:\/\/www.carl-abrc.ca\/fr\/wp-json\/wp\/v2\/media?parent=39433"}],"wp:term":[{"taxonomy":"post_tag","embeddable":true,"href":"https:\/\/www.carl-abrc.ca\/fr\/wp-json\/wp\/v2\/tags?post=39433"},{"taxonomy":"tribe_events_cat","embeddable":true,"href":"https:\/\/www.carl-abrc.ca\/fr\/wp-json\/wp\/v2\/tribe_events_cat?post=39433"}],"curies":[{"name":"wp","href":"https:\/\/api.w.org\/{rel}","templated":true}]}}