{"id":39574,"date":"2026-01-26T11:33:19","date_gmt":"2026-01-26T16:33:19","guid":{"rendered":"https:\/\/www.carl-abrc.ca\/?post_type=tribe_events&#038;p=39574"},"modified":"2026-02-06T13:05:02","modified_gmt":"2026-02-06T18:05:02","slug":"2026-reunion-de-printemps-des-membres","status":"publish","type":"tribe_events","link":"https:\/\/www.carl-abrc.ca\/fr\/evenement\/2026-reunion-de-printemps-des-membres\/","title":{"rendered":"2026 R\u00e9union de printemps des membres"},"content":{"rendered":"\t\t<div data-elementor-type=\"tec_event_single_static\" data-elementor-id=\"39574\" class=\"elementor elementor-39574 elementor-39564\">\n\t\t\t\t\t\t<section class=\"elementor-section elementor-top-section elementor-element elementor-element-24ba0dc8 elementor-section-full_width elementor-section-stretched elementor-section-height-default elementor-section-height-default\" data-id=\"24ba0dc8\" data-element_type=\"section\" data-e-type=\"section\" data-settings=\"{&quot;background_background&quot;:&quot;classic&quot;,&quot;stretch_section&quot;:&quot;section-stretched&quot;,&quot;animation_mobile&quot;:&quot;none&quot;}\">\n\t\t\t\t\t\t\t<div class=\"elementor-background-overlay\"><\/div>\n\t\t\t\t\t\t\t<div class=\"elementor-container elementor-column-gap-default\">\n\t\t\t\t\t<div class=\"elementor-column elementor-col-100 elementor-top-column elementor-element elementor-element-318deaf7\" data-id=\"318deaf7\" data-element_type=\"column\" data-e-type=\"column\">\n\t\t\t<div class=\"elementor-widget-wrap elementor-element-populated\">\n\t\t\t\t<div class=\"elementor-element elementor-element-507988fb e-con-full e-flex e-con e-parent\" data-id=\"507988fb\" data-element_type=\"container\" data-e-type=\"container\">\n\t\t\t\t<div class=\"elementor-element elementor-element-59e76434 elementor-widget elementor-widget-tec_events_elementor_widget_event_calendar_link\" data-id=\"59e76434\" data-element_type=\"widget\" data-e-type=\"widget\" data-widget_type=\"tec_events_elementor_widget_event_calendar_link.default\">\n\t\t\t\t<div class=\"elementor-widget-container\">\n\t\t\t\t\t<p  class=\"tec-events-back\" >\n\t<a href=\"https:\/\/www.carl-abrc.ca\/fr\/evenements\/\" >&laquo; Tous les \u00c9v\u00e9nements<\/a>\n<\/p>\t\t\t\t<\/div>\n\t\t\t\t<\/div>\n\t\t<div class=\"elementor-element elementor-element-6cd78501 e-flex e-con-boxed e-con e-child\" data-id=\"6cd78501\" data-element_type=\"container\" data-e-type=\"container\">\n\t\t\t\t\t<div class=\"e-con-inner\">\n\t\t<div class=\"elementor-element elementor-element-264f0a07 e-con-full e-flex e-con e-child\" data-id=\"264f0a07\" data-element_type=\"container\" data-e-type=\"container\">\n\t\t\t\t<div class=\"elementor-element elementor-element-786b8069 elementor-widget elementor-widget-tec_events_elementor_widget_event_title\" data-id=\"786b8069\" data-element_type=\"widget\" data-e-type=\"widget\" data-widget_type=\"tec_events_elementor_widget_event_title.default\">\n\t\t\t\t<div class=\"elementor-widget-container\">\n\t\t\t\t\t<h1  class=\"tec-events-elementor-event-widget__title\" >\n\t2026 R\u00e9union de printemps des membres<\/h1>\t\t\t\t<\/div>\n\t\t\t\t<\/div>\n\t\t\t\t<div class=\"elementor-element elementor-element-e7a3d95 elementor-widget elementor-widget-tec_events_elementor_widget_event_datetime\" data-id=\"e7a3d95\" data-element_type=\"widget\" data-e-type=\"widget\" data-widget_type=\"tec_events_elementor_widget_event_datetime.default\">\n\t\t\t\t<div class=\"elementor-widget-container\">\n\t\t\t\t\t<div  class=\"tec-events-elementor-event-widget__datetime-wrapper\" >\n\t\t<p  class=\"tec-events-elementor-event-widget__datetime\" >\n\t\t\t<span  class=\"tec-events-elementor-event-widget__datetime-date tec-events-elementor-event-widget__datetime-date--start\" >25 mai 2026<\/span>\n\n\t\t\n\t<span  class=\"tec-events-elementor-event-widget__datetime-separator\" >\n\t  -  <\/span>\n\n\t<span  class=\"tec-events-elementor-event-widget__datetime-date tec-events-elementor-event-widget__datetime-date--end\" >28 mai 2026<\/span>\n\n\t<\/p><\/div>\n\t\t\t\t<\/div>\n\t\t\t\t<\/div>\n\t\t\t\t<div class=\"elementor-element elementor-element-5cb8f23 elementor-widget elementor-widget-text-editor\" data-id=\"5cb8f23\" data-element_type=\"widget\" data-e-type=\"widget\" data-widget_type=\"text-editor.default\">\n\t\t\t\t<div class=\"elementor-widget-container\">\n\t\t\t\t\t\t\t\t\t<p>L\u2019Association des biblioth\u00e8ques de recherche du Canada a le plaisir d\u2019inviter les directeurs membres \u00e0 la R\u00e9union du printemps de 2026. Cette rencontre annuelle sert de plateforme pour l\u2019\u00e9change d\u2019id\u00e9es, la planification strat\u00e9gique et les discussions collaboratives qui fa\u00e7onnent l\u2019avenir des biblioth\u00e8ques de recherche \u00e0 travers le Canada.<\/p>\t\t\t\t\t\t\t\t<\/div>\n\t\t\t\t<\/div>\n\t\t\t\t<div class=\"elementor-element elementor-element-29825ee8 elementor-hidden-desktop elementor-hidden-tablet_extra elementor-hidden-tablet elementor-hidden-mobile elementor-widget elementor-widget-button\" data-id=\"29825ee8\" data-element_type=\"widget\" data-e-type=\"widget\" data-widget_type=\"button.default\">\n\t\t\t\t<div class=\"elementor-widget-container\">\n\t\t\t\t\t\t\t\t\t<div class=\"elementor-button-wrapper\">\n\t\t\t\t\t<a class=\"elementor-button elementor-size-sm\" role=\"button\">\n\t\t\t\t\t\t<span class=\"elementor-button-content-wrapper\">\n\t\t\t\t\t\t<span class=\"elementor-button-icon\">\n\t\t\t\t<svg aria-hidden=\"true\" class=\"e-font-icon-svg e-fas-file-pdf\" viewBox=\"0 0 384 512\" xmlns=\"http:\/\/www.w3.org\/2000\/svg\"><path d=\"M181.9 256.1c-5-16-4.9-46.9-2-46.9 8.4 0 7.6 36.9 2 46.9zm-1.7 47.2c-7.7 20.2-17.3 43.3-28.4 62.7 18.3-7 39-17.2 62.9-21.9-12.7-9.6-24.9-23.4-34.5-40.8zM86.1 428.1c0 .8 13.2-5.4 34.9-40.2-6.7 6.3-29.1 24.5-34.9 40.2zM248 160h136v328c0 13.3-10.7 24-24 24H24c-13.3 0-24-10.7-24-24V24C0 10.7 10.7 0 24 0h200v136c0 13.2 10.8 24 24 24zm-8 171.8c-20-12.2-33.3-29-42.7-53.8 4.5-18.5 11.6-46.6 6.2-64.2-4.7-29.4-42.4-26.5-47.8-6.8-5 18.3-.4 44.1 8.1 77-11.6 27.6-28.7 64.6-40.8 85.8-.1 0-.1.1-.2.1-27.1 13.9-73.6 44.5-54.5 68 5.6 6.9 16 10 21.5 10 17.9 0 35.7-18 61.1-61.8 25.8-8.5 54.1-19.1 79-23.2 21.7 11.8 47.1 19.5 64 19.5 29.2 0 31.2-32 19.7-43.4-13.9-13.6-54.3-9.7-73.6-7.2zM377 105L279 7c-4.5-4.5-10.6-7-17-7h-6v128h128v-6.1c0-6.3-2.5-12.4-7-16.9zm-74.1 255.3c4.1-2.7-2.5-11.9-42.8-9 37.1 15.8 42.8 9 42.8 9z\"><\/path><\/svg>\t\t\t<\/span>\n\t\t\t\t\t\t\t\t\t<span class=\"elementor-button-text\">2026 Spring Member Meeting Program (PDF)<\/span>\n\t\t\t\t\t<\/span>\n\t\t\t\t\t<\/a>\n\t\t\t\t<\/div>\n\t\t\t\t\t\t\t\t<\/div>\n\t\t\t\t<\/div>\n\t\t\t\t<\/div>\n\t\t<div class=\"elementor-element elementor-element-2b8095e9 e-con-full e-flex e-con e-child\" data-id=\"2b8095e9\" data-element_type=\"container\" data-e-type=\"container\">\n\t\t\t\t<div class=\"elementor-element elementor-element-5c87bf9d elementor-widget elementor-widget-tec_events_elementor_widget_event_venue\" data-id=\"5c87bf9d\" data-element_type=\"widget\" data-e-type=\"widget\" data-widget_type=\"tec_events_elementor_widget_event_venue.default\">\n\t\t\t\t<div class=\"elementor-widget-container\">\n\t\t\t\t\t<div  class=\"tec-events-elementor-event-widget__venue\" >\n\t\t\t\t<div  class=\"tec-events-elementor-event-widget__venue-container\" >\n\t\t\t\t<div  class=\"tec-events-elementor-event-widget__venue-details\" >\n\t<h3  class=\"tec-events-elementor-event-widget__venue-name\" >\n\tAlt Hotel St. John&rsquo;s<\/h3><div  class=\"tec-events-elementor-event-widget__venue-address\"  >\n\t<address  class=\"tec-events-elementor-event-widget__venue-address-address\" >\n\t<span class=\"tribe-address\">\n\n<span class=\"tribe-street-address\">125 Water Street<\/span>\n\t\n\t\t<br>\n\t\t<span class=\"tribe-locality\">St. John&#039;s<\/span><span class=\"tribe-delimiter\">,<\/span>\n\n\t<abbr class=\"tribe-region tribe-events-abbr\" title=\"Newfoundland and Labrador\">Newfoundland and Labrador<\/abbr>\n\n\t<span class=\"tribe-postal-code\">A1C 5X4<\/span>\n\n\t<span class=\"tribe-country-name\">Canada<\/span>\n\n<\/span>\n<\/address>\n<p  class=\"tec-events-elementor-event-widget__venue-address-map-link\" >\n\t<a class=\"tribe-events-gmap\" href=\"https:\/\/maps.google.com\/maps?f=q&#038;source=s_q&#038;hl=en&#038;geocode=&#038;q=125+Water+Street+St.+John%26%23039%3Bs+Newfoundland+and+Labrador+A1C+5X4+Canada\" title=\"Cliquez pour voir une carte Google Map\" target=\"_blank\" rel=\"noreferrer noopener\">+ Google Map<\/a><\/p>\n<\/div>\n<div  class=\"tec-events-elementor-event-widget__venue-phone\"  >\n\t<p  class=\"tec-events-elementor-event-widget__venue-phone-number\"  >\n\t\t\t\t\t<a  class=\"tec-events-elementor-event-widget__venue-phone-link\" \t\t\thref=\"tel:(709)383-2125\"\n\t\t>\n\t\t\t(709) 383-2125\t\t\t<\/a>\n\t<\/p>\n<\/div>\n<div  class=\"tec-events-elementor-event-widget__venue-website\"  >\n\t<p  class=\"tec-events-elementor-event-widget__venue-website-url\" >\n\t<a href=\"https:\/\/www.germainhotels.com\/en\/alt-hotel\/st-johns\" target=\"_self\" rel=\"external\">Voir Lieu site web<\/a><\/p>\n<\/div>\n<\/div>\n<div  class=\"tec-events-elementor-event-widget__venue-map\" >\n\t\n<iframe\n  title=\"L\u2018iframe Google maps affichant l\u2019adresse \u00e0 Alt Hotel St. John&rsquo;s\"\n  aria-label=\"Plan des lieux\"\n  width=\"100%\"\n  height=\"100%\"\n  frameborder=\"0\" style=\"border:0\"\n  src=\"https:\/\/www.google.com\/maps\/embed\/v1\/place?key=AIzaSyDNsicAsP6-VuGtAb1O9riI3oc_NOb7IOU&#038;q=125+Water+Street+St.+John%26%23039%3Bs+Newfoundland+and+Labrador+A1C+5X4+Canada+&#038;zoom=10\" allowfullscreen>\n<\/iframe>\n<\/div>\n\t\t<\/div>\n\t<\/div>\n\t\t\t\t<\/div>\n\t\t\t\t<\/div>\n\t\t\t\t<\/div>\n\t\t\t\t\t<\/div>\n\t\t\t\t<\/div>\n\t\t\t\t<\/div>\n\t\t\t\t\t<\/div>\n\t\t<\/div>\n\t\t\t\t\t<\/div>\n\t\t<\/section>\n\t\t\t\t<section class=\"elementor-section elementor-top-section elementor-element elementor-element-6c27209 elementor-section-full_width elementor-section-stretched elementor-section-height-default elementor-section-height-default\" data-id=\"6c27209\" data-element_type=\"section\" data-e-type=\"section\" data-settings=\"{&quot;background_background&quot;:&quot;classic&quot;,&quot;stretch_section&quot;:&quot;section-stretched&quot;,&quot;animation_mobile&quot;:&quot;none&quot;}\">\n\t\t\t\t\t\t\t<div class=\"elementor-background-overlay\"><\/div>\n\t\t\t\t\t\t\t<div class=\"elementor-container elementor-column-gap-default\">\n\t\t\t\t\t<div class=\"elementor-column elementor-col-100 elementor-top-column elementor-element elementor-element-694478d2\" data-id=\"694478d2\" data-element_type=\"column\" data-e-type=\"column\">\n\t\t\t<div class=\"elementor-widget-wrap elementor-element-populated\">\n\t\t\t\t\t\t<div class=\"elementor-element elementor-element-740a13d5 e-n-tabs-mobile elementor-widget elementor-widget-n-tabs\" data-id=\"740a13d5\" data-element_type=\"widget\" data-e-type=\"widget\" data-settings=\"{&quot;tabs_justify_horizontal&quot;:&quot;center&quot;,&quot;horizontal_scroll&quot;:&quot;disable&quot;}\" data-widget_type=\"nested-tabs.default\">\n\t\t\t\t<div class=\"elementor-widget-container\">\n\t\t\t\t\t\t\t<div class=\"e-n-tabs\" data-widget-number=\"1946817493\" aria-label=\"Onglets. Ouvrez des \u00e9l\u00e9ments avec Entrer ou Espace, fermez-les avec Echape et naviguez \u00e0 l&#039;aide des touches fl\u00e9ch\u00e9es.\">\n\t\t\t<div class=\"e-n-tabs-heading\" role=\"tablist\">\n\t\t\t\t\t<button id=\"e-n-tab-title-19468174931\" data-tab-title-id=\"e-n-tab-title-19468174931\" class=\"e-n-tab-title\" aria-selected=\"true\" data-tab-index=\"1\" role=\"tab\" tabindex=\"0\" aria-controls=\"e-n-tab-content-19468174931\" style=\"--n-tabs-title-order: 1;\">\n\t\t\t\t\t\t<span class=\"e-n-tab-title-text\">\n\t\t\t\tH\u00e9bergement\t\t\t<\/span>\n\t\t<\/button>\n\t\t\t\t<button id=\"e-n-tab-title-19468174932\" data-tab-title-id=\"e-n-tab-title-19468174932\" class=\"e-n-tab-title\" aria-selected=\"false\" data-tab-index=\"2\" role=\"tab\" tabindex=\"-1\" aria-controls=\"e-n-tab-content-19468174932\" style=\"--n-tabs-title-order: 2;\">\n\t\t\t\t\t\t<span class=\"e-n-tab-title-text\">\n\t\t\t\tProgramme\t\t\t<\/span>\n\t\t<\/button>\n\t\t\t\t<button id=\"e-n-tab-title-19468174933\" data-tab-title-id=\"e-n-tab-title-19468174933\" class=\"e-n-tab-title\" aria-selected=\"false\" data-tab-index=\"3\" role=\"tab\" tabindex=\"-1\" aria-controls=\"e-n-tab-content-19468174933\" style=\"--n-tabs-title-order: 3;\">\n\t\t\t\t\t\t<span class=\"e-n-tab-title-text\">\n\t\t\t\tSessions\t\t\t<\/span>\n\t\t<\/button>\n\t\t\t\t<button id=\"e-n-tab-title-19468174934\" data-tab-title-id=\"e-n-tab-title-19468174934\" class=\"e-n-tab-title\" aria-selected=\"false\" data-tab-index=\"4\" role=\"tab\" tabindex=\"-1\" aria-controls=\"e-n-tab-content-19468174934\" style=\"--n-tabs-title-order: 4;\">\n\t\t\t\t\t\t<span class=\"e-n-tab-title-text\">\n\t\t\t\tConf\u00e9renciers.\u00e8res\t\t\t<\/span>\n\t\t<\/button>\n\t\t\t\t<button id=\"e-n-tab-title-19468174935\" data-tab-title-id=\"e-n-tab-title-19468174935\" class=\"e-n-tab-title\" aria-selected=\"false\" data-tab-index=\"5\" role=\"tab\" tabindex=\"-1\" aria-controls=\"e-n-tab-content-19468174935\" style=\"--n-tabs-title-order: 5;\">\n\t\t\t\t\t\t<span class=\"e-n-tab-title-text\">\n\t\t\t\tR\u00e9unions r\u00e9centes\t\t\t<\/span>\n\t\t<\/button>\n\t\t\t\t\t<\/div>\n\t\t\t<div class=\"e-n-tabs-content\">\n\t\t\t\t<div id=\"e-n-tab-content-19468174931\" role=\"tabpanel\" aria-labelledby=\"e-n-tab-title-19468174931\" data-tab-index=\"1\" style=\"--n-tabs-title-order: 1;\" class=\"e-active elementor-element elementor-element-2f220d94 e-con-full e-flex e-con e-child\" data-id=\"2f220d94\" data-element_type=\"container\" data-e-type=\"container\">\n\t\t\t\t<div class=\"elementor-element elementor-element-3b43cf43 elementor-widget elementor-widget-text-editor\" data-id=\"3b43cf43\" data-element_type=\"widget\" data-e-type=\"widget\" data-widget_type=\"text-editor.default\">\n\t\t\t\t<div class=\"elementor-widget-container\">\n\t\t\t\t\t\t\t\t\t<h2>H\u00e9bergement<\/h2><p>Alt Hotel St. John&rsquo;s<br \/>125 Water Street, St. John&rsquo;s, NL A1C 5X4<br \/>Tel: <a href=\"https:\/\/www.google.com\/search?q=Alt+Hotel+St.+John%27s+125+Water+Street%2C+St.+John%27s%2C+NL+A1C+5X4&amp;rlz=1C1VDKB_enCA1100CA1100&amp;oq=Alt+Hotel+St.+John%27s+125+Water+Street%2C+St.+John%27s%2C+NL+A1C+5X4&amp;gs_lcrp=EgZjaHJvbWUyBggAEEUYOTIHCAEQIRiPAjIHCAIQIRiPAtIBBzI0NmowajeoAgCwAgA&amp;sourceid=chrome&amp;ie=UTF-8#\" data-dtype=\"d3ph\" data-local-attribute=\"d3ph\" data-ved=\"2ahUKEwiRrOaPz6mSAxUhM1kFHXLpHIUQkAgoAHoECDYQAw\"><span aria-label=\"Call Phone Number (709) 383-2125\">(709) 383-2125<\/span><\/a><br \/><a href=\"https:\/\/www.germainhotels.com\/en\/alt-hotel\/st-johns\" target=\"_blank\" rel=\"noopener\">Site web de l&rsquo;hotel<\/a><\/p><p>Un bloc de chambres a \u00e9t\u00e9 r\u00e9serv\u00e9 pour la p\u00e9riode du 24 au 29 mai 2026, \u00e0 un tarif pr\u00e9f\u00e9rentiel de 189 \u00e0 199 $ CA par nuit. Ce tarif sp\u00e9cial sera disponible jusqu&rsquo;au <strong>mercredi 10 avril 2026<\/strong> ou jusqu&rsquo;\u00e0 \u00e9puisement du bloc de chambres, selon la premi\u00e8re \u00e9ventualit\u00e9. Nous vous recommandons de r\u00e9server t\u00f4t afin de garantir la disponibilit\u00e9.<\/p>\t\t\t\t\t\t\t\t<\/div>\n\t\t\t\t<\/div>\n\t\t\t\t<div class=\"elementor-element elementor-element-50f92234 elementor-widget elementor-widget-button\" data-id=\"50f92234\" data-element_type=\"widget\" data-e-type=\"widget\" data-widget_type=\"button.default\">\n\t\t\t\t<div class=\"elementor-widget-container\">\n\t\t\t\t\t\t\t\t\t<div class=\"elementor-button-wrapper\">\n\t\t\t\t\t<a class=\"elementor-button elementor-button-link elementor-size-sm\" href=\"https:\/\/reservation.germainhotels.com\/ibe\/details.aspx?propertyid=17529&#038;nights=11&#038;checkin=05\/21\/2026&#038;group=2605CARLSP&#038;lang=en-us&#038;adults=1&#038;childAges=\" target=\"_blank\">\n\t\t\t\t\t\t<span class=\"elementor-button-content-wrapper\">\n\t\t\t\t\t\t<span class=\"elementor-button-icon\">\n\t\t\t\t<svg aria-hidden=\"true\" class=\"e-font-icon-svg e-fas-external-link-square-alt\" viewBox=\"0 0 448 512\" xmlns=\"http:\/\/www.w3.org\/2000\/svg\"><path d=\"M448 80v352c0 26.51-21.49 48-48 48H48c-26.51 0-48-21.49-48-48V80c0-26.51 21.49-48 48-48h352c26.51 0 48 21.49 48 48zm-88 16H248.029c-21.313 0-32.08 25.861-16.971 40.971l31.984 31.987L67.515 364.485c-4.686 4.686-4.686 12.284 0 16.971l31.029 31.029c4.687 4.686 12.285 4.686 16.971 0l195.526-195.526 31.988 31.991C358.058 263.977 384 253.425 384 231.979V120c0-13.255-10.745-24-24-24z\"><\/path><\/svg>\t\t\t<\/span>\n\t\t\t\t\t\t\t\t\t<span class=\"elementor-button-text\">Lien de r\u00e9servation<\/span>\n\t\t\t\t\t<\/span>\n\t\t\t\t\t<\/a>\n\t\t\t\t<\/div>\n\t\t\t\t\t\t\t\t<\/div>\n\t\t\t\t<\/div>\n\t\t\t\t<\/div>\n\t\t<div id=\"e-n-tab-content-19468174932\" role=\"tabpanel\" aria-labelledby=\"e-n-tab-title-19468174932\" data-tab-index=\"2\" style=\"--n-tabs-title-order: 2;\" class=\" elementor-element elementor-element-bfec2c6 e-con-full e-flex e-con e-child\" data-id=\"bfec2c6\" data-element_type=\"container\" data-e-type=\"container\">\n\t\t\t\t<div class=\"elementor-element elementor-element-163d4988 e-n-tabs-mobile elementor-widget elementor-widget-n-tabs\" data-id=\"163d4988\" data-element_type=\"widget\" data-e-type=\"widget\" data-settings=\"{&quot;horizontal_scroll&quot;:&quot;disable&quot;}\" data-widget_type=\"nested-tabs.default\">\n\t\t\t\t<div class=\"elementor-widget-container\">\n\t\t\t\t\t\t\t<div class=\"e-n-tabs\" data-widget-number=\"373115272\" aria-label=\"Onglets. Ouvrez des \u00e9l\u00e9ments avec Entrer ou Espace, fermez-les avec Echape et naviguez \u00e0 l&#039;aide des touches fl\u00e9ch\u00e9es.\">\n\t\t\t<div class=\"e-n-tabs-heading\" role=\"tablist\">\n\t\t\t\t\t<button id=\"e-n-tab-title-3731152721\" data-tab-title-id=\"e-n-tab-title-3731152721\" class=\"e-n-tab-title\" aria-selected=\"true\" data-tab-index=\"1\" role=\"tab\" tabindex=\"0\" aria-controls=\"e-n-tab-content-3731152721\" style=\"--n-tabs-title-order: 1;\">\n\t\t\t\t\t\t<span class=\"e-n-tab-title-text\">\n\t\t\t\tLundi 25 mai\t\t\t<\/span>\n\t\t<\/button>\n\t\t\t\t<button id=\"e-n-tab-title-3731152722\" data-tab-title-id=\"e-n-tab-title-3731152722\" class=\"e-n-tab-title\" aria-selected=\"false\" data-tab-index=\"2\" role=\"tab\" tabindex=\"-1\" aria-controls=\"e-n-tab-content-3731152722\" style=\"--n-tabs-title-order: 2;\">\n\t\t\t\t\t\t<span class=\"e-n-tab-title-text\">\n\t\t\t\tMardi 26 mai\t\t\t<\/span>\n\t\t<\/button>\n\t\t\t\t<button id=\"e-n-tab-title-3731152723\" data-tab-title-id=\"e-n-tab-title-3731152723\" class=\"e-n-tab-title\" aria-selected=\"false\" data-tab-index=\"3\" role=\"tab\" tabindex=\"-1\" aria-controls=\"e-n-tab-content-3731152723\" style=\"--n-tabs-title-order: 3;\">\n\t\t\t\t\t\t<span class=\"e-n-tab-title-text\">\n\t\t\t\tMercredi 27 mai\t\t\t<\/span>\n\t\t<\/button>\n\t\t\t\t<button id=\"e-n-tab-title-3731152724\" data-tab-title-id=\"e-n-tab-title-3731152724\" class=\"e-n-tab-title\" aria-selected=\"false\" data-tab-index=\"4\" role=\"tab\" tabindex=\"-1\" aria-controls=\"e-n-tab-content-3731152724\" style=\"--n-tabs-title-order: 4;\">\n\t\t\t\t\t\t<span class=\"e-n-tab-title-text\">\n\t\t\t\tJeudi 28 mai\t\t\t<\/span>\n\t\t<\/button>\n\t\t\t\t\t<\/div>\n\t\t\t<div class=\"e-n-tabs-content\">\n\t\t\t\t<div id=\"e-n-tab-content-3731152721\" role=\"tabpanel\" aria-labelledby=\"e-n-tab-title-3731152721\" data-tab-index=\"1\" style=\"--n-tabs-title-order: 1;\" class=\"e-active elementor-element elementor-element-24d0ddc6 e-con-full e-flex e-con e-child\" data-id=\"24d0ddc6\" data-element_type=\"container\" data-e-type=\"container\">\n\t\t\t\t<div class=\"elementor-element elementor-element-ae3bac4 elementor-widget elementor-widget-text-editor\" data-id=\"ae3bac4\" data-element_type=\"widget\" data-e-type=\"widget\" data-widget_type=\"text-editor.default\">\n\t\t\t\t<div class=\"elementor-widget-container\">\n\t\t\t\t\t\t\t\t\t<p>\u00c0 d\u00e9terminer.<\/p>\t\t\t\t\t\t\t\t<\/div>\n\t\t\t\t<\/div>\n\t\t\t\t<\/div>\n\t\t<div id=\"e-n-tab-content-3731152722\" role=\"tabpanel\" aria-labelledby=\"e-n-tab-title-3731152722\" data-tab-index=\"2\" style=\"--n-tabs-title-order: 2;\" class=\" elementor-element elementor-element-5d91a326 e-con-full e-flex e-con e-child\" data-id=\"5d91a326\" data-element_type=\"container\" data-e-type=\"container\">\n\t\t\t\t<div class=\"elementor-element elementor-element-a625ad9 elementor-widget elementor-widget-text-editor\" data-id=\"a625ad9\" data-element_type=\"widget\" data-e-type=\"widget\" data-widget_type=\"text-editor.default\">\n\t\t\t\t<div class=\"elementor-widget-container\">\n\t\t\t\t\t\t\t\t\t<p>\u00c0 d\u00e9terminer.<\/p>\t\t\t\t\t\t\t\t<\/div>\n\t\t\t\t<\/div>\n\t\t\t\t<\/div>\n\t\t<div id=\"e-n-tab-content-3731152723\" role=\"tabpanel\" aria-labelledby=\"e-n-tab-title-3731152723\" data-tab-index=\"3\" style=\"--n-tabs-title-order: 3;\" class=\" elementor-element elementor-element-58618d71 e-con-full e-flex e-con e-child\" data-id=\"58618d71\" data-element_type=\"container\" data-e-type=\"container\">\n\t\t\t\t<div class=\"elementor-element elementor-element-692b4c6 elementor-widget elementor-widget-text-editor\" data-id=\"692b4c6\" data-element_type=\"widget\" data-e-type=\"widget\" data-widget_type=\"text-editor.default\">\n\t\t\t\t<div class=\"elementor-widget-container\">\n\t\t\t\t\t\t\t\t\t<p>\u00c0 d\u00e9terminer.<\/p>\t\t\t\t\t\t\t\t<\/div>\n\t\t\t\t<\/div>\n\t\t\t\t<\/div>\n\t\t<div id=\"e-n-tab-content-3731152724\" role=\"tabpanel\" aria-labelledby=\"e-n-tab-title-3731152724\" data-tab-index=\"4\" style=\"--n-tabs-title-order: 4;\" class=\" elementor-element elementor-element-6b3cbc65 e-flex e-con-boxed e-con e-child\" data-id=\"6b3cbc65\" data-element_type=\"container\" data-e-type=\"container\">\n\t\t\t\t\t<div class=\"e-con-inner\">\n\t\t\t\t<div class=\"elementor-element elementor-element-d22b4e8 elementor-widget elementor-widget-text-editor\" data-id=\"d22b4e8\" data-element_type=\"widget\" data-e-type=\"widget\" data-widget_type=\"text-editor.default\">\n\t\t\t\t<div class=\"elementor-widget-container\">\n\t\t\t\t\t\t\t\t\t<p>\u00c0 d\u00e9terminer.<\/p>\t\t\t\t\t\t\t\t<\/div>\n\t\t\t\t<\/div>\n\t\t\t\t\t<\/div>\n\t\t\t\t<\/div>\n\t\t\t\t\t<\/div>\n\t\t<\/div>\n\t\t\t\t\t\t<\/div>\n\t\t\t\t<\/div>\n\t\t\t\t<div class=\"elementor-element elementor-element-6f4f83d2 elementor-hidden-desktop elementor-hidden-tablet_extra elementor-hidden-tablet elementor-hidden-mobile elementor-widget elementor-widget-button\" data-id=\"6f4f83d2\" data-element_type=\"widget\" data-e-type=\"widget\" data-widget_type=\"button.default\">\n\t\t\t\t<div class=\"elementor-widget-container\">\n\t\t\t\t\t\t\t\t\t<div class=\"elementor-button-wrapper\">\n\t\t\t\t\t<a class=\"elementor-button elementor-size-sm\" role=\"button\">\n\t\t\t\t\t\t<span class=\"elementor-button-content-wrapper\">\n\t\t\t\t\t\t<span class=\"elementor-button-icon\">\n\t\t\t\t<svg aria-hidden=\"true\" class=\"e-font-icon-svg e-fas-file-pdf\" viewBox=\"0 0 384 512\" xmlns=\"http:\/\/www.w3.org\/2000\/svg\"><path d=\"M181.9 256.1c-5-16-4.9-46.9-2-46.9 8.4 0 7.6 36.9 2 46.9zm-1.7 47.2c-7.7 20.2-17.3 43.3-28.4 62.7 18.3-7 39-17.2 62.9-21.9-12.7-9.6-24.9-23.4-34.5-40.8zM86.1 428.1c0 .8 13.2-5.4 34.9-40.2-6.7 6.3-29.1 24.5-34.9 40.2zM248 160h136v328c0 13.3-10.7 24-24 24H24c-13.3 0-24-10.7-24-24V24C0 10.7 10.7 0 24 0h200v136c0 13.2 10.8 24 24 24zm-8 171.8c-20-12.2-33.3-29-42.7-53.8 4.5-18.5 11.6-46.6 6.2-64.2-4.7-29.4-42.4-26.5-47.8-6.8-5 18.3-.4 44.1 8.1 77-11.6 27.6-28.7 64.6-40.8 85.8-.1 0-.1.1-.2.1-27.1 13.9-73.6 44.5-54.5 68 5.6 6.9 16 10 21.5 10 17.9 0 35.7-18 61.1-61.8 25.8-8.5 54.1-19.1 79-23.2 21.7 11.8 47.1 19.5 64 19.5 29.2 0 31.2-32 19.7-43.4-13.9-13.6-54.3-9.7-73.6-7.2zM377 105L279 7c-4.5-4.5-10.6-7-17-7h-6v128h128v-6.1c0-6.3-2.5-12.4-7-16.9zm-74.1 255.3c4.1-2.7-2.5-11.9-42.8-9 37.1 15.8 42.8 9 42.8 9z\"><\/path><\/svg>\t\t\t<\/span>\n\t\t\t\t\t\t\t\t\t<span class=\"elementor-button-text\">2026 Spring Member Meeting Program (PDF)<\/span>\n\t\t\t\t\t<\/span>\n\t\t\t\t\t<\/a>\n\t\t\t\t<\/div>\n\t\t\t\t\t\t\t\t<\/div>\n\t\t\t\t<\/div>\n\t\t\t\t<\/div>\n\t\t<div id=\"e-n-tab-content-19468174933\" role=\"tabpanel\" aria-labelledby=\"e-n-tab-title-19468174933\" data-tab-index=\"3\" style=\"--n-tabs-title-order: 3;\" class=\" elementor-element elementor-element-36081cc8 e-flex e-con-boxed e-con e-child\" data-id=\"36081cc8\" data-element_type=\"container\" data-e-type=\"container\">\n\t\t\t\t\t<div class=\"e-con-inner\">\n\t\t\t\t<div class=\"elementor-element elementor-element-3f56fc3 elementor-widget elementor-widget-text-editor\" data-id=\"3f56fc3\" data-element_type=\"widget\" data-e-type=\"widget\" data-widget_type=\"text-editor.default\">\n\t\t\t\t<div class=\"elementor-widget-container\">\n\t\t\t\t\t\t\t\t\t<p>\u00c0 d\u00e9terminer.<\/p>\t\t\t\t\t\t\t\t<\/div>\n\t\t\t\t<\/div>\n\t\t\t\t\t<\/div>\n\t\t\t\t<\/div>\n\t\t<div id=\"e-n-tab-content-19468174934\" role=\"tabpanel\" aria-labelledby=\"e-n-tab-title-19468174934\" data-tab-index=\"4\" style=\"--n-tabs-title-order: 4;\" class=\" elementor-element elementor-element-71894f4d e-flex e-con-boxed e-con e-child\" data-id=\"71894f4d\" data-element_type=\"container\" data-e-type=\"container\">\n\t\t\t\t\t<div class=\"e-con-inner\">\n\t\t\t\t<div class=\"elementor-element elementor-element-dc02649 elementor-widget elementor-widget-text-editor\" data-id=\"dc02649\" data-element_type=\"widget\" data-e-type=\"widget\" data-widget_type=\"text-editor.default\">\n\t\t\t\t<div class=\"elementor-widget-container\">\n\t\t\t\t\t\t\t\t\t<p>\u00c0 d\u00e9terminer.<\/p>\t\t\t\t\t\t\t\t<\/div>\n\t\t\t\t<\/div>\n\t\t\t\t\t<\/div>\n\t\t\t\t<\/div>\n\t\t<div id=\"e-n-tab-content-19468174935\" role=\"tabpanel\" aria-labelledby=\"e-n-tab-title-19468174935\" data-tab-index=\"5\" style=\"--n-tabs-title-order: 5;\" class=\" elementor-element elementor-element-77a919f1 e-flex e-con-boxed e-con e-child\" data-id=\"77a919f1\" data-element_type=\"container\" data-e-type=\"container\">\n\t\t\t\t\t<div class=\"e-con-inner\">\n\t\t\t\t<div class=\"elementor-element elementor-element-a872e98 elementor-widget elementor-widget-tecs_widget\" data-id=\"a872e98\" data-element_type=\"widget\" data-e-type=\"widget\" data-widget_type=\"tecs_widget.default\">\n\t\t\t\t<div class=\"elementor-widget-container\">\n\t\t\t\t\t<ul class=\"ecs-event-list\"><li class=\"ecs-event reunion-des-membres_ecs_category\"><h4 class=\"entry-title summary\"><a href=\"https:\/\/www.carl-abrc.ca\/fr\/evenement\/2025-reunion-de-lautomne-des-membres\/\" rel=\"bookmark\">2025 R\u00e9union de l&rsquo;automne des membres<\/a><\/h4><span class=\"duration time\"><span class=\"tribe-event-date-start\">17 novembre 2025<\/span> - <span class=\"tribe-event-date-end\">20 novembre 2025<\/span><\/span><span class=\"duration venue\"><em> \u00e0 <\/em>Fairmont Le Ch\u00e2teau Montebello<\/span><\/li><li class=\"ecs-event reunion-des-membres_ecs_category\"><h4 class=\"entry-title summary\"><a href=\"https:\/\/www.carl-abrc.ca\/fr\/evenement\/2025-reunion-de-printemps-des-membres\/\" rel=\"bookmark\">2025 R\u00e9union de printemps des membres<\/a><\/h4><span class=\"duration time\"><span class=\"tribe-event-date-start\">26 mai 2025 \u2013  09:00<\/span> - <span class=\"tribe-event-date-end\">29 mai 2025 \u2013  16:00<\/span> <span class='timezone'> EDT <\/span><\/span><span class=\"duration venue\"><em> \u00e0 <\/em>Inn at the Forks, Winnipeg, Manitoba<\/span><\/li><li class=\"ecs-event reunion-des-membres_ecs_category\"><h4 class=\"entry-title summary\"><a href=\"https:\/\/www.carl-abrc.ca\/fr\/evenement\/2024-reunion-dautomne-des-membres\/\" rel=\"bookmark\">2024 R\u00e9union d&rsquo;automne des membres<\/a><\/h4><span class=\"duration time\"><span class=\"tribe-event-date-start\">18 novembre 2024<\/span> - <span class=\"tribe-event-date-end\">20 novembre 2024<\/span><\/span><span class=\"duration venue\"><em> \u00e0 <\/em>Delta Hotels Ottawa City Centre<\/span><\/li><li class=\"ecs-event reunion-des-membres_ecs_category\"><h4 class=\"entry-title summary\"><a href=\"https:\/\/www.carl-abrc.ca\/fr\/evenement\/2024-reunion-de-printemps-des-membres\/\" rel=\"bookmark\">2024 R\u00e9union de printemps des membres<\/a><\/h4><span class=\"duration time\"><span class=\"tribe-event-date-start\">22 avril 2024<\/span> - <span class=\"tribe-event-date-end\">25 avril 2024<\/span><\/span><span class=\"duration venue\"><em> \u00e0 <\/em>Montreal, Quebec<\/span><\/li><li class=\"ecs-event reunion-des-membres_ecs_category\"><h4 class=\"entry-title summary\"><a href=\"https:\/\/www.carl-abrc.ca\/fr\/evenement\/2023-reunion-de-lautomne-des-membres\/\" rel=\"bookmark\">2023 R\u00e9union de l&rsquo;automne des membres<\/a><\/h4><span class=\"duration time\"><span class=\"tribe-event-date-start\">27 novembre 2023<\/span> - <span class=\"tribe-event-date-end\">30 novembre 2023<\/span><\/span><span class=\"duration venue\"><em> \u00e0 <\/em>Fairmont Le Ch\u00e2teau Montebello<\/span><\/li><\/ul><script type=\"application\/ld+json\">\r\n[{\"@context\":\"http:\/\/schema.org\",\"@type\":\"Event\",\"name\":\"2025 R\\u00e9union de l&rsquo;automne des membres\",\"description\":\"&lt;p&gt;&laquo; All Events 2025 R\\u00e9union de l&#8217;automne des membres November 17, 2025 - November 20, 2025 L\\u2019Association des biblioth\\u00e8ques de recherche du Canada a le plaisir d\\u2019inviter les directeurs membres [&hellip;]&lt;\/p&gt;\\\\n\",\"image\":\"https:\/\/www.carl-abrc.ca\/wp-content\/uploads\/2025\/08\/PXL_20250529_142023656-scaled.jpg\",\"url\":\"https:\/\/www.carl-abrc.ca\/fr\/evenement\/2025-reunion-de-lautomne-des-membres\/\",\"eventAttendanceMode\":\"https:\/\/schema.org\/OfflineEventAttendanceMode\",\"eventStatus\":\"https:\/\/schema.org\/EventScheduled\",\"startDate\":\"2025-11-17T00:00:00-05:00\",\"endDate\":\"2025-11-20T23:59:59-05:00\",\"location\":{\"@type\":\"Place\",\"name\":\"Fairmont Le Ch\\u00e2teau Montebello\",\"description\":\"\",\"url\":\"\",\"address\":{\"@type\":\"PostalAddress\",\"streetAddress\":\"392 Notre-Dame\",\"addressLocality\":\"Montebello\",\"addressRegion\":\"Qu\\u00e9bec\",\"postalCode\":\"J0V 1L0\",\"addressCountry\":\"Canada\"},\"telephone\":\"(819) 423-6341\",\"sameAs\":\"\"},\"organizer\":{\"@type\":\"Person\",\"name\":\"Association des biblioth\\u00e8ques de recherche du Canada\",\"description\":\"\",\"url\":\"\",\"telephone\":\"613.895.0780\",\"email\":\"\",\"sameAs\":\"\"},\"performer\":\"Organization\"},{\"@context\":\"http:\/\/schema.org\",\"@type\":\"Event\",\"name\":\"2025 R\\u00e9union de printemps des membres\",\"description\":\"&lt;p&gt;&laquo; All Events 2025 R\\u00e9union de printemps des membres May 26, 2025 @ 09:00 EDT - May 29, 2025 @ 16:00 EDT L\\u2019Association des biblioth\\u00e8ques de recherche du Canada a [&hellip;]&lt;\/p&gt;\\\\n\",\"image\":\"https:\/\/www.carl-abrc.ca\/wp-content\/uploads\/2024\/09\/NewsFeaturedImage-1.jpg\",\"url\":\"https:\/\/www.carl-abrc.ca\/fr\/evenement\/2025-reunion-de-printemps-des-membres\/\",\"eventAttendanceMode\":\"https:\/\/schema.org\/OfflineEventAttendanceMode\",\"eventStatus\":\"https:\/\/schema.org\/EventScheduled\",\"startDate\":\"2025-05-26T09:00:00-04:00\",\"endDate\":\"2025-05-29T16:00:00-04:00\",\"location\":{\"@type\":\"Place\",\"name\":\"Inn at the Forks, Winnipeg, Manitoba\",\"description\":\"\",\"url\":\"\",\"address\":{\"@type\":\"PostalAddress\",\"streetAddress\":\"75 Forks Market Road\",\"addressLocality\":\"Winnipeg\",\"addressRegion\":\"Manitoba\",\"postalCode\":\"R3C 0A2\",\"addressCountry\":\"Canada\"},\"telephone\":\"\",\"sameAs\":\"https:\/\/www.innforks.com\/?utm_source=google&utm_medium=googlesearch\"},\"organizer\":{\"@type\":\"Person\",\"name\":\"Association des biblioth\\u00e8ques de recherche du Canada\",\"description\":\"\",\"url\":\"\",\"telephone\":\"613.895.0780\",\"email\":\"\",\"sameAs\":\"\"},\"performer\":\"Organization\"},{\"@context\":\"http:\/\/schema.org\",\"@type\":\"Event\",\"name\":\"2024 R\\u00e9union d&rsquo;automne des membres\",\"description\":\"&lt;p&gt;&laquo; All Events 2024 R\\u00e9union d&#8217;automne des membres November 18, 2024 - November 20, 2024 L\\u2019Association des biblioth\\u00e8ques de recherche du Canada a le plaisir d\\u2019inviter les directeurs membres \\u00e0 [&hellip;]&lt;\/p&gt;\\\\n\",\"image\":\"https:\/\/www.carl-abrc.ca\/wp-content\/uploads\/2024\/09\/NewsFeaturedImage-1.jpg\",\"url\":\"https:\/\/www.carl-abrc.ca\/fr\/evenement\/2024-reunion-dautomne-des-membres\/\",\"eventAttendanceMode\":\"https:\/\/schema.org\/OfflineEventAttendanceMode\",\"eventStatus\":\"https:\/\/schema.org\/EventScheduled\",\"startDate\":\"2024-11-18T00:00:00-05:00\",\"endDate\":\"2024-11-20T23:59:59-05:00\",\"location\":{\"@type\":\"Place\",\"name\":\"Delta Hotels Ottawa City Centre\",\"description\":\"\",\"url\":\"\",\"address\":{\"@type\":\"PostalAddress\",\"streetAddress\":\"101 Lyon St. North\",\"addressLocality\":\"Ottawa\",\"addressRegion\":\"Ontario\",\"postalCode\":\"K1R 5T9\",\"addressCountry\":\"Canada\"},\"telephone\":\"\",\"sameAs\":\"\"},\"organizer\":{\"@type\":\"Person\",\"name\":\"Association des biblioth\\u00e8ques de recherche du Canada\",\"description\":\"\",\"url\":\"\",\"telephone\":\"613.895.0780\",\"email\":\"\",\"sameAs\":\"\"},\"performer\":\"Organization\"},{\"@context\":\"http:\/\/schema.org\",\"@type\":\"Event\",\"name\":\"2024 R\\u00e9union de printemps des membres\",\"description\":\"&lt;p&gt;&laquo; All Events 2024 R\\u00e9union de printemps des membres April 22, 2024 - April 25, 2024 L\\u2019Association des biblioth\\u00e8ques de recherche du Canada a le plaisir d\\u2019inviter les directeurs membres [&hellip;]&lt;\/p&gt;\\\\n\",\"image\":\"https:\/\/www.carl-abrc.ca\/wp-content\/uploads\/2024\/09\/NewsFeaturedImage-1.jpg\",\"url\":\"https:\/\/www.carl-abrc.ca\/fr\/evenement\/2024-reunion-de-printemps-des-membres\/\",\"eventAttendanceMode\":\"https:\/\/schema.org\/OfflineEventAttendanceMode\",\"eventStatus\":\"https:\/\/schema.org\/EventScheduled\",\"startDate\":\"2024-04-22T00:00:00-04:00\",\"endDate\":\"2024-04-25T23:59:59-04:00\",\"location\":{\"@type\":\"Place\",\"name\":\"Montreal, Quebec\",\"description\":\"\",\"url\":\"\",\"address\":{\"@type\":\"PostalAddress\",\"addressLocality\":\"Montreal\",\"addressRegion\":\"Quebec\",\"addressCountry\":\"Canada\"},\"telephone\":\"\",\"sameAs\":\"\"},\"organizer\":{\"@type\":\"Person\",\"name\":\"Association des biblioth\\u00e8ques de recherche du Canada\",\"description\":\"\",\"url\":\"\",\"telephone\":\"613.895.0780\",\"email\":\"\",\"sameAs\":\"\"},\"performer\":\"Organization\"},{\"@context\":\"http:\/\/schema.org\",\"@type\":\"Event\",\"name\":\"2023 R\\u00e9union de l&rsquo;automne des membres\",\"description\":\"&lt;p&gt;&laquo; All Events 2023 R\\u00e9union de l&#8217;automne des membres November 27, 2023 - November 30, 2023 L\\u2019Association des biblioth\\u00e8ques de recherche du Canada a le plaisir d\\u2019inviter les directeurs membres [&hellip;]&lt;\/p&gt;\\\\n\",\"image\":\"https:\/\/www.carl-abrc.ca\/wp-content\/uploads\/2024\/09\/NewsFeaturedImage-1.jpg\",\"url\":\"https:\/\/www.carl-abrc.ca\/fr\/evenement\/2023-reunion-de-lautomne-des-membres\/\",\"eventAttendanceMode\":\"https:\/\/schema.org\/OfflineEventAttendanceMode\",\"eventStatus\":\"https:\/\/schema.org\/EventScheduled\",\"startDate\":\"2023-11-27T00:00:00-05:00\",\"endDate\":\"2023-11-30T23:59:59-05:00\",\"location\":{\"@type\":\"Place\",\"name\":\"Fairmont Le Ch\\u00e2teau Montebello\",\"description\":\"\",\"url\":\"\",\"address\":{\"@type\":\"PostalAddress\",\"streetAddress\":\"392 Notre-Dame\",\"addressLocality\":\"Montebello\",\"addressRegion\":\"Qu\\u00e9bec\",\"postalCode\":\"J0V 1L0\",\"addressCountry\":\"Canada\"},\"telephone\":\"(819) 423-6341\",\"sameAs\":\"\"},\"organizer\":{\"@type\":\"Person\",\"name\":\"Association des biblioth\\u00e8ques de recherche du Canada\",\"description\":\"\",\"url\":\"\",\"telephone\":\"613.895.0780\",\"email\":\"\",\"sameAs\":\"\"},\"performer\":\"Organization\"}]\r\n<\/script><!--\n Event listing powered by The Events Calendar Shortcode\n https:\/\/eventcalendarnewsletter.com\/the-events-calendar-shortcode\/ \n-->\t\t\t\t<\/div>\n\t\t\t\t<\/div>\n\t\t\t\t<div class=\"elementor-element elementor-element-3117a045 elementor-align-right elementor-widget elementor-widget-button\" data-id=\"3117a045\" data-element_type=\"widget\" data-e-type=\"widget\" data-widget_type=\"button.default\">\n\t\t\t\t<div class=\"elementor-widget-container\">\n\t\t\t\t\t\t\t\t\t<div class=\"elementor-button-wrapper\">\n\t\t\t\t\t<a class=\"elementor-button elementor-button-link elementor-size-sm\" href=\"https:\/\/www.carl-abrc.ca\/fr\/a-propos-de-labrc\/membres\/reunions-des-membres\/\">\n\t\t\t\t\t\t<span class=\"elementor-button-content-wrapper\">\n\t\t\t\t\t\t\t\t\t<span class=\"elementor-button-text\">Voir tous les r\u00e9unions des membres<\/span>\n\t\t\t\t\t<\/span>\n\t\t\t\t\t<\/a>\n\t\t\t\t<\/div>\n\t\t\t\t\t\t\t\t<\/div>\n\t\t\t\t<\/div>\n\t\t\t\t\t<\/div>\n\t\t\t\t<\/div>\n\t\t\t\t\t<\/div>\n\t\t<\/div>\n\t\t\t\t\t\t<\/div>\n\t\t\t\t<\/div>\n\t\t\t\t\t<\/div>\n\t\t<\/div>\n\t\t\t\t\t<\/div>\n\t\t<\/section>\n\t\t\t\t<\/div>\n\t\t","protected":false},"excerpt":{"rendered":"<p>&laquo; All Events 2026 R\u00e9union de printemps des membres May 25, 2026 &#8211; May 28, 2026 L\u2019Association des biblioth\u00e8ques de recherche du Canada a le plaisir d\u2019inviter les directeurs membres [&hellip;]<\/p>\n","protected":false},"author":131,"featured_media":39012,"template":"elementor_header_footer","meta":{"_acf_changed":false,"_EventAllDay":true,"_EventTimezone":"America\/Toronto","_EventStartDate":"2026-05-25 00:00:00","_EventEndDate":"2026-05-28 23:59:59","_EventStartDateUTC":"2026-05-25 04:00:00","_EventEndDateUTC":"2026-05-29 03:59:59","_EventShowMap":false,"_EventShowMapLink":true,"_EventURL":"","_EventCost":"","_EventCostDescription":"","_EventCurrencySymbol":"$","_EventCurrencyCode":"CAD","_EventCurrencyPosition":"prefix","_EventDateTimeSeparator":"","_EventTimeRangeSeparator":"","_EventOrganizerID":[37086],"_EventVenueID":[39565],"_OrganizerEmail":"","_OrganizerPhone":"","_OrganizerWebsite":"","_VenueAddress":"","_VenueCity":"","_VenueCountry":"","_VenueProvince":"","_VenueState":"","_VenueZip":"","_VenuePhone":"","_VenueURL":"","_VenueStateProvince":"","_VenueLat":"","_VenueLng":"","_VenueShowMap":false,"_VenueShowMapLink":false,"_tribe_events_status":"","_tribe_events_status_reason":"","footnotes":""},"tags":[],"tribe_events_cat":[106],"class_list":["post-39574","tribe_events","type-tribe_events","status-publish","has-post-thumbnail","hentry","tribe_events_cat-reunion-des-membres","cat_reunion-des-membres"],"acf":[],"yoast_head":"<!-- This site is optimized with the Yoast SEO plugin v27.5 - https:\/\/yoast.com\/product\/yoast-seo-wordpress\/ -->\n<title>2026 R\u00e9union de printemps des membres - Association des biblioth\u00e8ques de recherche du Canada<\/title>\n<meta name=\"robots\" content=\"index, follow, max-snippet:-1, max-image-preview:large, max-video-preview:-1\" \/>\n<link rel=\"canonical\" href=\"https:\/\/www.carl-abrc.ca\/fr\/evenement\/2026-reunion-de-printemps-des-membres\/\" \/>\n<meta property=\"og:locale\" content=\"fr_FR\" \/>\n<meta property=\"og:type\" content=\"article\" \/>\n<meta property=\"og:title\" content=\"2026 R\u00e9union de printemps des membres - Association des biblioth\u00e8ques de recherche du Canada\" \/>\n<meta property=\"og:description\" content=\"&laquo; All Events 2026 R\u00e9union de printemps des membres May 25, 2026 &#8211; May 28, 2026 L\u2019Association des biblioth\u00e8ques de recherche du Canada a le plaisir d\u2019inviter les directeurs membres [&hellip;]\" \/>\n<meta property=\"og:url\" content=\"https:\/\/www.carl-abrc.ca\/fr\/evenement\/2026-reunion-de-printemps-des-membres\/\" \/>\n<meta property=\"og:site_name\" content=\"Association des biblioth\u00e8ques de recherche du Canada\" \/>\n<meta property=\"article:modified_time\" content=\"2026-02-06T18:05:02+00:00\" \/>\n<meta property=\"og:image\" content=\"https:\/\/www.carl-abrc.ca\/wp-content\/uploads\/2025\/11\/2025-Fall-Member-Meeting-Group-Shot-scaled.jpg\" \/>\n\t<meta property=\"og:image:width\" content=\"2560\" \/>\n\t<meta property=\"og:image:height\" content=\"1943\" \/>\n\t<meta property=\"og:image:type\" content=\"image\/jpeg\" \/>\n<script type=\"application\/ld+json\" class=\"yoast-schema-graph\">{\"@context\":\"https:\\\/\\\/schema.org\",\"@graph\":[{\"@type\":\"WebPage\",\"@id\":\"https:\\\/\\\/www.carl-abrc.ca\\\/fr\\\/evenement\\\/2026-reunion-de-printemps-des-membres\\\/\",\"url\":\"https:\\\/\\\/www.carl-abrc.ca\\\/fr\\\/evenement\\\/2026-reunion-de-printemps-des-membres\\\/\",\"name\":\"2026 R\u00e9union de printemps des membres - Association des biblioth\u00e8ques de recherche du Canada\",\"isPartOf\":{\"@id\":\"https:\\\/\\\/www.carl-abrc.ca\\\/fr\\\/#website\"},\"primaryImageOfPage\":{\"@id\":\"https:\\\/\\\/www.carl-abrc.ca\\\/fr\\\/evenement\\\/2026-reunion-de-printemps-des-membres\\\/#primaryimage\"},\"image\":{\"@id\":\"https:\\\/\\\/www.carl-abrc.ca\\\/fr\\\/evenement\\\/2026-reunion-de-printemps-des-membres\\\/#primaryimage\"},\"thumbnailUrl\":\"https:\\\/\\\/www.carl-abrc.ca\\\/wp-content\\\/uploads\\\/2025\\\/11\\\/2025-Fall-Member-Meeting-Group-Shot-scaled.jpg\",\"datePublished\":\"2026-01-26T16:33:19+00:00\",\"dateModified\":\"2026-02-06T18:05:02+00:00\",\"breadcrumb\":{\"@id\":\"https:\\\/\\\/www.carl-abrc.ca\\\/fr\\\/evenement\\\/2026-reunion-de-printemps-des-membres\\\/#breadcrumb\"},\"inLanguage\":\"fr-FR\",\"potentialAction\":[{\"@type\":\"ReadAction\",\"target\":[\"https:\\\/\\\/www.carl-abrc.ca\\\/fr\\\/evenement\\\/2026-reunion-de-printemps-des-membres\\\/\"]}]},{\"@type\":\"ImageObject\",\"inLanguage\":\"fr-FR\",\"@id\":\"https:\\\/\\\/www.carl-abrc.ca\\\/fr\\\/evenement\\\/2026-reunion-de-printemps-des-membres\\\/#primaryimage\",\"url\":\"https:\\\/\\\/www.carl-abrc.ca\\\/wp-content\\\/uploads\\\/2025\\\/11\\\/2025-Fall-Member-Meeting-Group-Shot-scaled.jpg\",\"contentUrl\":\"https:\\\/\\\/www.carl-abrc.ca\\\/wp-content\\\/uploads\\\/2025\\\/11\\\/2025-Fall-Member-Meeting-Group-Shot-scaled.jpg\",\"width\":2560,\"height\":1943},{\"@type\":\"BreadcrumbList\",\"@id\":\"https:\\\/\\\/www.carl-abrc.ca\\\/fr\\\/evenement\\\/2026-reunion-de-printemps-des-membres\\\/#breadcrumb\",\"itemListElement\":[{\"@type\":\"ListItem\",\"position\":1,\"name\":\"Accueil\",\"item\":\"https:\\\/\\\/www.carl-abrc.ca\\\/fr\\\/home-3\\\/\"},{\"@type\":\"ListItem\",\"position\":2,\"name\":\"\u00c9v\u00e9nements\",\"item\":\"https:\\\/\\\/www.carl-abrc.ca\\\/fr\\\/evenements\\\/\"},{\"@type\":\"ListItem\",\"position\":3,\"name\":\"2026 R\u00e9union de printemps des membres\"}]},{\"@type\":\"WebSite\",\"@id\":\"https:\\\/\\\/www.carl-abrc.ca\\\/fr\\\/#website\",\"url\":\"https:\\\/\\\/www.carl-abrc.ca\\\/fr\\\/\",\"name\":\"Association des biblioth\u00e8ques de recherche du Canada\",\"description\":\"ABRC\",\"publisher\":{\"@id\":\"https:\\\/\\\/www.carl-abrc.ca\\\/fr\\\/#organization\"},\"potentialAction\":[{\"@type\":\"SearchAction\",\"target\":{\"@type\":\"EntryPoint\",\"urlTemplate\":\"https:\\\/\\\/www.carl-abrc.ca\\\/fr\\\/?s={search_term_string}\"},\"query-input\":{\"@type\":\"PropertyValueSpecification\",\"valueRequired\":true,\"valueName\":\"search_term_string\"}}],\"inLanguage\":\"fr-FR\"},{\"@type\":\"Organization\",\"@id\":\"https:\\\/\\\/www.carl-abrc.ca\\\/fr\\\/#organization\",\"name\":\"Association des biblioth\u00e8ques de recherche du Canada\",\"url\":\"https:\\\/\\\/www.carl-abrc.ca\\\/fr\\\/\",\"logo\":{\"@type\":\"ImageObject\",\"inLanguage\":\"fr-FR\",\"@id\":\"https:\\\/\\\/www.carl-abrc.ca\\\/fr\\\/#\\\/schema\\\/logo\\\/image\\\/\",\"url\":\"https:\\\/\\\/www.carl-abrc.ca\\\/wp-content\\\/uploads\\\/2024\\\/07\\\/cropped-Stacked_Colour_L.png\",\"contentUrl\":\"https:\\\/\\\/www.carl-abrc.ca\\\/wp-content\\\/uploads\\\/2024\\\/07\\\/cropped-Stacked_Colour_L.png\",\"width\":641,\"height\":250,\"caption\":\"Association des biblioth\u00e8ques de recherche du Canada\"},\"image\":{\"@id\":\"https:\\\/\\\/www.carl-abrc.ca\\\/fr\\\/#\\\/schema\\\/logo\\\/image\\\/\"},\"sameAs\":[\"https:\\\/\\\/x.com\\\/carlabrc\"]}]}<\/script>\n<!-- \/ Yoast SEO plugin. -->","yoast_head_json":{"title":"2026 R\u00e9union de printemps des membres - Association des biblioth\u00e8ques de recherche du Canada","robots":{"index":"index","follow":"follow","max-snippet":"max-snippet:-1","max-image-preview":"max-image-preview:large","max-video-preview":"max-video-preview:-1"},"canonical":"https:\/\/www.carl-abrc.ca\/fr\/evenement\/2026-reunion-de-printemps-des-membres\/","og_locale":"fr_FR","og_type":"article","og_title":"2026 R\u00e9union de printemps des membres - Association des biblioth\u00e8ques de recherche du Canada","og_description":"&laquo; All Events 2026 R\u00e9union de printemps des membres May 25, 2026 &#8211; May 28, 2026 L\u2019Association des biblioth\u00e8ques de recherche du Canada a le plaisir d\u2019inviter les directeurs membres [&hellip;]","og_url":"https:\/\/www.carl-abrc.ca\/fr\/evenement\/2026-reunion-de-printemps-des-membres\/","og_site_name":"Association des biblioth\u00e8ques de recherche du Canada","article_modified_time":"2026-02-06T18:05:02+00:00","og_image":[{"width":2560,"height":1943,"url":"https:\/\/www.carl-abrc.ca\/wp-content\/uploads\/2025\/11\/2025-Fall-Member-Meeting-Group-Shot-scaled.jpg","type":"image\/jpeg"}],"schema":{"@context":"https:\/\/schema.org","@graph":[{"@type":"WebPage","@id":"https:\/\/www.carl-abrc.ca\/fr\/evenement\/2026-reunion-de-printemps-des-membres\/","url":"https:\/\/www.carl-abrc.ca\/fr\/evenement\/2026-reunion-de-printemps-des-membres\/","name":"2026 R\u00e9union de printemps des membres - Association des biblioth\u00e8ques de recherche du Canada","isPartOf":{"@id":"https:\/\/www.carl-abrc.ca\/fr\/#website"},"primaryImageOfPage":{"@id":"https:\/\/www.carl-abrc.ca\/fr\/evenement\/2026-reunion-de-printemps-des-membres\/#primaryimage"},"image":{"@id":"https:\/\/www.carl-abrc.ca\/fr\/evenement\/2026-reunion-de-printemps-des-membres\/#primaryimage"},"thumbnailUrl":"https:\/\/www.carl-abrc.ca\/wp-content\/uploads\/2025\/11\/2025-Fall-Member-Meeting-Group-Shot-scaled.jpg","datePublished":"2026-01-26T16:33:19+00:00","dateModified":"2026-02-06T18:05:02+00:00","breadcrumb":{"@id":"https:\/\/www.carl-abrc.ca\/fr\/evenement\/2026-reunion-de-printemps-des-membres\/#breadcrumb"},"inLanguage":"fr-FR","potentialAction":[{"@type":"ReadAction","target":["https:\/\/www.carl-abrc.ca\/fr\/evenement\/2026-reunion-de-printemps-des-membres\/"]}]},{"@type":"ImageObject","inLanguage":"fr-FR","@id":"https:\/\/www.carl-abrc.ca\/fr\/evenement\/2026-reunion-de-printemps-des-membres\/#primaryimage","url":"https:\/\/www.carl-abrc.ca\/wp-content\/uploads\/2025\/11\/2025-Fall-Member-Meeting-Group-Shot-scaled.jpg","contentUrl":"https:\/\/www.carl-abrc.ca\/wp-content\/uploads\/2025\/11\/2025-Fall-Member-Meeting-Group-Shot-scaled.jpg","width":2560,"height":1943},{"@type":"BreadcrumbList","@id":"https:\/\/www.carl-abrc.ca\/fr\/evenement\/2026-reunion-de-printemps-des-membres\/#breadcrumb","itemListElement":[{"@type":"ListItem","position":1,"name":"Accueil","item":"https:\/\/www.carl-abrc.ca\/fr\/home-3\/"},{"@type":"ListItem","position":2,"name":"\u00c9v\u00e9nements","item":"https:\/\/www.carl-abrc.ca\/fr\/evenements\/"},{"@type":"ListItem","position":3,"name":"2026 R\u00e9union de printemps des membres"}]},{"@type":"WebSite","@id":"https:\/\/www.carl-abrc.ca\/fr\/#website","url":"https:\/\/www.carl-abrc.ca\/fr\/","name":"Association des biblioth\u00e8ques de recherche du Canada","description":"ABRC","publisher":{"@id":"https:\/\/www.carl-abrc.ca\/fr\/#organization"},"potentialAction":[{"@type":"SearchAction","target":{"@type":"EntryPoint","urlTemplate":"https:\/\/www.carl-abrc.ca\/fr\/?s={search_term_string}"},"query-input":{"@type":"PropertyValueSpecification","valueRequired":true,"valueName":"search_term_string"}}],"inLanguage":"fr-FR"},{"@type":"Organization","@id":"https:\/\/www.carl-abrc.ca\/fr\/#organization","name":"Association des biblioth\u00e8ques de recherche du Canada","url":"https:\/\/www.carl-abrc.ca\/fr\/","logo":{"@type":"ImageObject","inLanguage":"fr-FR","@id":"https:\/\/www.carl-abrc.ca\/fr\/#\/schema\/logo\/image\/","url":"https:\/\/www.carl-abrc.ca\/wp-content\/uploads\/2024\/07\/cropped-Stacked_Colour_L.png","contentUrl":"https:\/\/www.carl-abrc.ca\/wp-content\/uploads\/2024\/07\/cropped-Stacked_Colour_L.png","width":641,"height":250,"caption":"Association des biblioth\u00e8ques de recherche du Canada"},"image":{"@id":"https:\/\/www.carl-abrc.ca\/fr\/#\/schema\/logo\/image\/"},"sameAs":["https:\/\/x.com\/carlabrc"]}]}},"_links":{"self":[{"href":"https:\/\/www.carl-abrc.ca\/fr\/wp-json\/wp\/v2\/tribe_events\/39574","targetHints":{"allow":["GET"]}}],"collection":[{"href":"https:\/\/www.carl-abrc.ca\/fr\/wp-json\/wp\/v2\/tribe_events"}],"about":[{"href":"https:\/\/www.carl-abrc.ca\/fr\/wp-json\/wp\/v2\/types\/tribe_events"}],"author":[{"embeddable":true,"href":"https:\/\/www.carl-abrc.ca\/fr\/wp-json\/wp\/v2\/users\/131"}],"version-history":[{"count":10,"href":"https:\/\/www.carl-abrc.ca\/fr\/wp-json\/wp\/v2\/tribe_events\/39574\/revisions"}],"predecessor-version":[{"id":39817,"href":"https:\/\/www.carl-abrc.ca\/fr\/wp-json\/wp\/v2\/tribe_events\/39574\/revisions\/39817"}],"wp:featuredmedia":[{"embeddable":true,"href":"https:\/\/www.carl-abrc.ca\/fr\/wp-json\/wp\/v2\/media\/39012"}],"wp:attachment":[{"href":"https:\/\/www.carl-abrc.ca\/fr\/wp-json\/wp\/v2\/media?parent=39574"}],"wp:term":[{"taxonomy":"post_tag","embeddable":true,"href":"https:\/\/www.carl-abrc.ca\/fr\/wp-json\/wp\/v2\/tags?post=39574"},{"taxonomy":"tribe_events_cat","embeddable":true,"href":"https:\/\/www.carl-abrc.ca\/fr\/wp-json\/wp\/v2\/tribe_events_cat?post=39574"}],"curies":[{"name":"wp","href":"https:\/\/api.w.org\/{rel}","templated":true}]}}