{"id":39749,"date":"2026-02-03T10:24:34","date_gmt":"2026-02-03T15:24:34","guid":{"rendered":"https:\/\/www.carl-abrc.ca\/?post_type=tribe_events&#038;p=39749"},"modified":"2026-02-03T10:27:15","modified_gmt":"2026-02-03T15:27:15","slug":"communaute-de-pratique-des-depots-canadiens-les-depots-institutionnels-une-force-humaine-exploration-des-modeles-de-gestion-du-personnel-des-depots-dans-les-etablissements-canadiens","status":"publish","type":"tribe_events","link":"https:\/\/www.carl-abrc.ca\/fr\/evenement\/communaute-de-pratique-des-depots-canadiens-les-depots-institutionnels-une-force-humaine-exploration-des-modeles-de-gestion-du-personnel-des-depots-dans-les-etablissements-canadiens\/","title":{"rendered":"Communaut\u00e9 de pratique des d\u00e9p\u00f4ts canadiens: Les d\u00e9p\u00f4ts institutionnels : une force humaine ! Exploration des mod\u00e8les de gestion du personnel des d\u00e9p\u00f4ts dans les \u00e9tablissements canadiens"},"content":{"rendered":"<p>Date: <strong>24 f\u00e9vrier 2026<\/strong><br \/>\nHeure: <strong>12h00-13h30 HE<\/strong><\/p>\n<p><a href=\"https:\/\/us02web.zoom.us\/meeting\/register\/yLolpjHeRPuf0XnhBtXTtQ\">Inscription<\/a><\/p>\n<p>Les d\u00e9p\u00f4ts institutionnels sont des services g\u00e9r\u00e9s par des personnes qui jouent un r\u00f4le fondamental dans la diffusion de la recherche en libre acc\u00e8s \u00e0 travers le monde. Quel que soit notre mod\u00e8le d&rsquo;h\u00e9bergement ou le logiciel sp\u00e9cifique que nous utilisons, notre personnel est l&rsquo;\u00e9l\u00e9ment le plus essentiel de notre infrastructure. C&rsquo;est pourquoi les institutions doivent prendre des d\u00e9cisions cruciales quant \u00e0 la mani\u00e8re d&rsquo;apporter soutien, gestion et formation \u00e0 leur personnel charg\u00e9 des d\u00e9p\u00f4ts. Parmi les points \u00e0 prendre en consid\u00e9ration, on peut citer les flux de travail, les moyens d&rsquo;assurer un effectif suffisant, le d\u00e9veloppement et la maintenance des services, ainsi que l&rsquo;allocation des ressources.<\/p>\n<p>Cet \u00e9v\u00e9nement permettra aux participants de discuter des mod\u00e8les de gestion du personnel qui soutiennent leurs d\u00e9p\u00f4ts institutionnels et de d\u00e9couvrir comment les services de d\u00e9p\u00f4t sont structur\u00e9s dans les institutions canadiennes. Les participants sont invit\u00e9s \u00e0 <a href=\"https:\/\/docs.google.com\/document\/d\/1nMFa8L5BYCrbi5KtXc7so2Osz-egEk_w6hY7m6_oPIc\/edit?usp=sharing\">s&rsquo;inscrire \u00e0 une pr\u00e9sentation informelle de 3 \u00e0 5 minutes<\/a> qui portera sur les d\u00e9cisions en mati\u00e8re de gestion du personnel pour leur d\u00e9p\u00f4t institutionnel. Des questions guides sont disponibles dans le formulaire d&rsquo;inscription accessible via le lien ci-dessus.<\/p>\n<p>Gr\u00e2ce \u00e0 cet \u00e9v\u00e9nement, nous esp\u00e9rons que les participants comprendront mieux les diff\u00e9rences et les similitudes entre les mod\u00e8les de gestion du personnel et qu&rsquo;ils s&rsquo;en serviront comme point de d\u00e9part pour se sentir plus \u00e0 m\u00eame de participer aux discussions sur la gestion du personnel et les flux de travail dans leur propre \u00e9tablissement.<\/p>\n<p><em>Cette session ne sera pas enregistr\u00e9e. Une transcription automatique en direct en fran\u00e7ais sera disponible. En savoir plus sur la <a href=\"https:\/\/www.carl-abrc.ca\/fr\/faire-avancer-la-recherche\/depots-institutionnels\/communaute-de-pratique-des-depots-canadiens\/\">Communaut\u00e9 de pratique des d\u00e9p\u00f4ts canadiens<\/a>.<\/em><\/p>\n","protected":false},"excerpt":{"rendered":"<p>Date: 24 f\u00e9vrier 2026 Heure: 12h00-13h30 HE Inscription Les d\u00e9p\u00f4ts institutionnels sont des services g\u00e9r\u00e9s par des personnes qui jouent un r\u00f4le fondamental dans la diffusion de la recherche en [&hellip;]<\/p>\n","protected":false},"author":131,"featured_media":39912,"template":"","meta":{"_acf_changed":false,"_EventAllDay":false,"_EventTimezone":"America\/Toronto","_EventStartDate":"2026-02-24 12:00:00","_EventEndDate":"2026-02-24 13:30:00","_EventStartDateUTC":"2026-02-24 17:00:00","_EventEndDateUTC":"2026-02-24 18:30:00","_EventShowMap":false,"_EventShowMapLink":false,"_EventURL":"","_EventCost":"","_EventCostDescription":"","_EventCurrencySymbol":"$","_EventCurrencyCode":"CAD","_EventCurrencyPosition":"prefix","_EventDateTimeSeparator":"","_EventTimeRangeSeparator":"","_EventOrganizerID":[37085],"_EventVenueID":[37071],"_OrganizerEmail":"","_OrganizerPhone":"","_OrganizerWebsite":"","_VenueAddress":"","_VenueCity":"","_VenueCountry":"","_VenueProvince":"","_VenueState":"","_VenueZip":"","_VenuePhone":"","_VenueURL":"","_VenueStateProvince":"","_VenueLat":"","_VenueLng":"","_VenueShowMap":false,"_VenueShowMapLink":false,"_tribe_events_status":"","_tribe_events_status_reason":"","footnotes":""},"tags":[],"tribe_events_cat":[115],"class_list":["post-39749","tribe_events","type-tribe_events","status-publish","has-post-thumbnail","hentry","tribe_events_cat-depots","cat_depots"],"acf":[],"yoast_head":"<!-- This site is optimized with the Yoast SEO plugin v27.4 - https:\/\/yoast.com\/product\/yoast-seo-wordpress\/ -->\n<title>Communaut\u00e9 de pratique des d\u00e9p\u00f4ts canadiens: Les d\u00e9p\u00f4ts institutionnels : une force humaine ! Exploration des mod\u00e8les de gestion du personnel des d\u00e9p\u00f4ts dans les \u00e9tablissements canadiens - Association des biblioth\u00e8ques de recherche du Canada<\/title>\n<meta name=\"robots\" content=\"index, follow, max-snippet:-1, max-image-preview:large, max-video-preview:-1\" \/>\n<link rel=\"canonical\" href=\"https:\/\/www.carl-abrc.ca\/fr\/evenement\/communaute-de-pratique-des-depots-canadiens-les-depots-institutionnels-une-force-humaine-exploration-des-modeles-de-gestion-du-personnel-des-depots-dans-les-etablissements-canadiens\/\" \/>\n<meta property=\"og:locale\" content=\"fr_FR\" \/>\n<meta property=\"og:type\" content=\"article\" \/>\n<meta property=\"og:title\" content=\"Communaut\u00e9 de pratique des d\u00e9p\u00f4ts canadiens: Les d\u00e9p\u00f4ts institutionnels : une force humaine ! Exploration des mod\u00e8les de gestion du personnel des d\u00e9p\u00f4ts dans les \u00e9tablissements canadiens - Association des biblioth\u00e8ques de recherche du Canada\" \/>\n<meta property=\"og:description\" content=\"Date: 24 f\u00e9vrier 2026 Heure: 12h00-13h30 HE Inscription Les d\u00e9p\u00f4ts institutionnels sont des services g\u00e9r\u00e9s par des personnes qui jouent un r\u00f4le fondamental dans la diffusion de la recherche en [&hellip;]\" \/>\n<meta property=\"og:url\" content=\"https:\/\/www.carl-abrc.ca\/fr\/evenement\/communaute-de-pratique-des-depots-canadiens-les-depots-institutionnels-une-force-humaine-exploration-des-modeles-de-gestion-du-personnel-des-depots-dans-les-etablissements-canadiens\/\" \/>\n<meta property=\"og:site_name\" content=\"Association des biblioth\u00e8ques de recherche du Canada\" \/>\n<meta property=\"article:modified_time\" content=\"2026-02-03T15:27:15+00:00\" \/>\n<meta property=\"og:image\" content=\"https:\/\/www.carl-abrc.ca\/wp-content\/uploads\/2025\/04\/CoP-Department-Image.jpg\" \/>\n\t<meta property=\"og:image:width\" content=\"2000\" \/>\n\t<meta property=\"og:image:height\" content=\"1125\" \/>\n\t<meta property=\"og:image:type\" content=\"image\/jpeg\" \/>\n<meta name=\"twitter:label1\" content=\"Dur\u00e9e de lecture estim\u00e9e\" \/>\n\t<meta name=\"twitter:data1\" content=\"2 minutes\" \/>\n<script type=\"application\/ld+json\" class=\"yoast-schema-graph\">{\"@context\":\"https:\\\/\\\/schema.org\",\"@graph\":[{\"@type\":\"WebPage\",\"@id\":\"https:\\\/\\\/www.carl-abrc.ca\\\/fr\\\/evenement\\\/communaute-de-pratique-des-depots-canadiens-les-depots-institutionnels-une-force-humaine-exploration-des-modeles-de-gestion-du-personnel-des-depots-dans-les-etablissements-canadiens\\\/\",\"url\":\"https:\\\/\\\/www.carl-abrc.ca\\\/fr\\\/evenement\\\/communaute-de-pratique-des-depots-canadiens-les-depots-institutionnels-une-force-humaine-exploration-des-modeles-de-gestion-du-personnel-des-depots-dans-les-etablissements-canadiens\\\/\",\"name\":\"Communaut\u00e9 de pratique des d\u00e9p\u00f4ts canadiens: Les d\u00e9p\u00f4ts institutionnels : une force humaine ! Exploration des mod\u00e8les de gestion du personnel des d\u00e9p\u00f4ts dans les \u00e9tablissements canadiens - Association des biblioth\u00e8ques de recherche du Canada\",\"isPartOf\":{\"@id\":\"https:\\\/\\\/www.carl-abrc.ca\\\/fr\\\/#website\"},\"primaryImageOfPage\":{\"@id\":\"https:\\\/\\\/www.carl-abrc.ca\\\/fr\\\/evenement\\\/communaute-de-pratique-des-depots-canadiens-les-depots-institutionnels-une-force-humaine-exploration-des-modeles-de-gestion-du-personnel-des-depots-dans-les-etablissements-canadiens\\\/#primaryimage\"},\"image\":{\"@id\":\"https:\\\/\\\/www.carl-abrc.ca\\\/fr\\\/evenement\\\/communaute-de-pratique-des-depots-canadiens-les-depots-institutionnels-une-force-humaine-exploration-des-modeles-de-gestion-du-personnel-des-depots-dans-les-etablissements-canadiens\\\/#primaryimage\"},\"thumbnailUrl\":\"https:\\\/\\\/www.carl-abrc.ca\\\/wp-content\\\/uploads\\\/2026\\\/02\\\/CARL-Social-Media-Graphics-6.jpg\",\"datePublished\":\"2026-02-03T15:24:34+00:00\",\"dateModified\":\"2026-02-03T15:27:15+00:00\",\"breadcrumb\":{\"@id\":\"https:\\\/\\\/www.carl-abrc.ca\\\/fr\\\/evenement\\\/communaute-de-pratique-des-depots-canadiens-les-depots-institutionnels-une-force-humaine-exploration-des-modeles-de-gestion-du-personnel-des-depots-dans-les-etablissements-canadiens\\\/#breadcrumb\"},\"inLanguage\":\"fr-FR\",\"potentialAction\":[{\"@type\":\"ReadAction\",\"target\":[\"https:\\\/\\\/www.carl-abrc.ca\\\/fr\\\/evenement\\\/communaute-de-pratique-des-depots-canadiens-les-depots-institutionnels-une-force-humaine-exploration-des-modeles-de-gestion-du-personnel-des-depots-dans-les-etablissements-canadiens\\\/\"]}]},{\"@type\":\"ImageObject\",\"inLanguage\":\"fr-FR\",\"@id\":\"https:\\\/\\\/www.carl-abrc.ca\\\/fr\\\/evenement\\\/communaute-de-pratique-des-depots-canadiens-les-depots-institutionnels-une-force-humaine-exploration-des-modeles-de-gestion-du-personnel-des-depots-dans-les-etablissements-canadiens\\\/#primaryimage\",\"url\":\"https:\\\/\\\/www.carl-abrc.ca\\\/wp-content\\\/uploads\\\/2026\\\/02\\\/CARL-Social-Media-Graphics-6.jpg\",\"contentUrl\":\"https:\\\/\\\/www.carl-abrc.ca\\\/wp-content\\\/uploads\\\/2026\\\/02\\\/CARL-Social-Media-Graphics-6.jpg\",\"width\":1600,\"height\":900},{\"@type\":\"BreadcrumbList\",\"@id\":\"https:\\\/\\\/www.carl-abrc.ca\\\/fr\\\/evenement\\\/communaute-de-pratique-des-depots-canadiens-les-depots-institutionnels-une-force-humaine-exploration-des-modeles-de-gestion-du-personnel-des-depots-dans-les-etablissements-canadiens\\\/#breadcrumb\",\"itemListElement\":[{\"@type\":\"ListItem\",\"position\":1,\"name\":\"Accueil\",\"item\":\"https:\\\/\\\/www.carl-abrc.ca\\\/fr\\\/home-3\\\/\"},{\"@type\":\"ListItem\",\"position\":2,\"name\":\"\u00c9v\u00e9nements\",\"item\":\"https:\\\/\\\/www.carl-abrc.ca\\\/fr\\\/evenements\\\/\"},{\"@type\":\"ListItem\",\"position\":3,\"name\":\"Communaut\u00e9 de pratique des d\u00e9p\u00f4ts canadiens: Les d\u00e9p\u00f4ts institutionnels : une force humaine ! Exploration des mod\u00e8les de gestion du personnel des d\u00e9p\u00f4ts dans les \u00e9tablissements canadiens\"}]},{\"@type\":\"WebSite\",\"@id\":\"https:\\\/\\\/www.carl-abrc.ca\\\/fr\\\/#website\",\"url\":\"https:\\\/\\\/www.carl-abrc.ca\\\/fr\\\/\",\"name\":\"Association des biblioth\u00e8ques de recherche du Canada\",\"description\":\"ABRC\",\"publisher\":{\"@id\":\"https:\\\/\\\/www.carl-abrc.ca\\\/fr\\\/#organization\"},\"potentialAction\":[{\"@type\":\"SearchAction\",\"target\":{\"@type\":\"EntryPoint\",\"urlTemplate\":\"https:\\\/\\\/www.carl-abrc.ca\\\/fr\\\/?s={search_term_string}\"},\"query-input\":{\"@type\":\"PropertyValueSpecification\",\"valueRequired\":true,\"valueName\":\"search_term_string\"}}],\"inLanguage\":\"fr-FR\"},{\"@type\":\"Organization\",\"@id\":\"https:\\\/\\\/www.carl-abrc.ca\\\/fr\\\/#organization\",\"name\":\"Association des biblioth\u00e8ques de recherche du Canada\",\"url\":\"https:\\\/\\\/www.carl-abrc.ca\\\/fr\\\/\",\"logo\":{\"@type\":\"ImageObject\",\"inLanguage\":\"fr-FR\",\"@id\":\"https:\\\/\\\/www.carl-abrc.ca\\\/fr\\\/#\\\/schema\\\/logo\\\/image\\\/\",\"url\":\"https:\\\/\\\/www.carl-abrc.ca\\\/wp-content\\\/uploads\\\/2024\\\/07\\\/cropped-Stacked_Colour_L.png\",\"contentUrl\":\"https:\\\/\\\/www.carl-abrc.ca\\\/wp-content\\\/uploads\\\/2024\\\/07\\\/cropped-Stacked_Colour_L.png\",\"width\":641,\"height\":250,\"caption\":\"Association des biblioth\u00e8ques de recherche du Canada\"},\"image\":{\"@id\":\"https:\\\/\\\/www.carl-abrc.ca\\\/fr\\\/#\\\/schema\\\/logo\\\/image\\\/\"},\"sameAs\":[\"https:\\\/\\\/x.com\\\/carlabrc\"]}]}<\/script>\n<!-- \/ Yoast SEO plugin. -->","yoast_head_json":{"title":"Communaut\u00e9 de pratique des d\u00e9p\u00f4ts canadiens: Les d\u00e9p\u00f4ts institutionnels : une force humaine ! Exploration des mod\u00e8les de gestion du personnel des d\u00e9p\u00f4ts dans les \u00e9tablissements canadiens - Association des biblioth\u00e8ques de recherche du Canada","robots":{"index":"index","follow":"follow","max-snippet":"max-snippet:-1","max-image-preview":"max-image-preview:large","max-video-preview":"max-video-preview:-1"},"canonical":"https:\/\/www.carl-abrc.ca\/fr\/evenement\/communaute-de-pratique-des-depots-canadiens-les-depots-institutionnels-une-force-humaine-exploration-des-modeles-de-gestion-du-personnel-des-depots-dans-les-etablissements-canadiens\/","og_locale":"fr_FR","og_type":"article","og_title":"Communaut\u00e9 de pratique des d\u00e9p\u00f4ts canadiens: Les d\u00e9p\u00f4ts institutionnels : une force humaine ! Exploration des mod\u00e8les de gestion du personnel des d\u00e9p\u00f4ts dans les \u00e9tablissements canadiens - Association des biblioth\u00e8ques de recherche du Canada","og_description":"Date: 24 f\u00e9vrier 2026 Heure: 12h00-13h30 HE Inscription Les d\u00e9p\u00f4ts institutionnels sont des services g\u00e9r\u00e9s par des personnes qui jouent un r\u00f4le fondamental dans la diffusion de la recherche en [&hellip;]","og_url":"https:\/\/www.carl-abrc.ca\/fr\/evenement\/communaute-de-pratique-des-depots-canadiens-les-depots-institutionnels-une-force-humaine-exploration-des-modeles-de-gestion-du-personnel-des-depots-dans-les-etablissements-canadiens\/","og_site_name":"Association des biblioth\u00e8ques de recherche du Canada","article_modified_time":"2026-02-03T15:27:15+00:00","og_image":[{"width":2000,"height":1125,"url":"https:\/\/www.carl-abrc.ca\/wp-content\/uploads\/2025\/04\/CoP-Department-Image.jpg","type":"image\/jpeg"}],"twitter_misc":{"Dur\u00e9e de lecture estim\u00e9e":"2 minutes"},"schema":{"@context":"https:\/\/schema.org","@graph":[{"@type":"WebPage","@id":"https:\/\/www.carl-abrc.ca\/fr\/evenement\/communaute-de-pratique-des-depots-canadiens-les-depots-institutionnels-une-force-humaine-exploration-des-modeles-de-gestion-du-personnel-des-depots-dans-les-etablissements-canadiens\/","url":"https:\/\/www.carl-abrc.ca\/fr\/evenement\/communaute-de-pratique-des-depots-canadiens-les-depots-institutionnels-une-force-humaine-exploration-des-modeles-de-gestion-du-personnel-des-depots-dans-les-etablissements-canadiens\/","name":"Communaut\u00e9 de pratique des d\u00e9p\u00f4ts canadiens: Les d\u00e9p\u00f4ts institutionnels : une force humaine ! Exploration des mod\u00e8les de gestion du personnel des d\u00e9p\u00f4ts dans les \u00e9tablissements canadiens - Association des biblioth\u00e8ques de recherche du Canada","isPartOf":{"@id":"https:\/\/www.carl-abrc.ca\/fr\/#website"},"primaryImageOfPage":{"@id":"https:\/\/www.carl-abrc.ca\/fr\/evenement\/communaute-de-pratique-des-depots-canadiens-les-depots-institutionnels-une-force-humaine-exploration-des-modeles-de-gestion-du-personnel-des-depots-dans-les-etablissements-canadiens\/#primaryimage"},"image":{"@id":"https:\/\/www.carl-abrc.ca\/fr\/evenement\/communaute-de-pratique-des-depots-canadiens-les-depots-institutionnels-une-force-humaine-exploration-des-modeles-de-gestion-du-personnel-des-depots-dans-les-etablissements-canadiens\/#primaryimage"},"thumbnailUrl":"https:\/\/www.carl-abrc.ca\/wp-content\/uploads\/2026\/02\/CARL-Social-Media-Graphics-6.jpg","datePublished":"2026-02-03T15:24:34+00:00","dateModified":"2026-02-03T15:27:15+00:00","breadcrumb":{"@id":"https:\/\/www.carl-abrc.ca\/fr\/evenement\/communaute-de-pratique-des-depots-canadiens-les-depots-institutionnels-une-force-humaine-exploration-des-modeles-de-gestion-du-personnel-des-depots-dans-les-etablissements-canadiens\/#breadcrumb"},"inLanguage":"fr-FR","potentialAction":[{"@type":"ReadAction","target":["https:\/\/www.carl-abrc.ca\/fr\/evenement\/communaute-de-pratique-des-depots-canadiens-les-depots-institutionnels-une-force-humaine-exploration-des-modeles-de-gestion-du-personnel-des-depots-dans-les-etablissements-canadiens\/"]}]},{"@type":"ImageObject","inLanguage":"fr-FR","@id":"https:\/\/www.carl-abrc.ca\/fr\/evenement\/communaute-de-pratique-des-depots-canadiens-les-depots-institutionnels-une-force-humaine-exploration-des-modeles-de-gestion-du-personnel-des-depots-dans-les-etablissements-canadiens\/#primaryimage","url":"https:\/\/www.carl-abrc.ca\/wp-content\/uploads\/2026\/02\/CARL-Social-Media-Graphics-6.jpg","contentUrl":"https:\/\/www.carl-abrc.ca\/wp-content\/uploads\/2026\/02\/CARL-Social-Media-Graphics-6.jpg","width":1600,"height":900},{"@type":"BreadcrumbList","@id":"https:\/\/www.carl-abrc.ca\/fr\/evenement\/communaute-de-pratique-des-depots-canadiens-les-depots-institutionnels-une-force-humaine-exploration-des-modeles-de-gestion-du-personnel-des-depots-dans-les-etablissements-canadiens\/#breadcrumb","itemListElement":[{"@type":"ListItem","position":1,"name":"Accueil","item":"https:\/\/www.carl-abrc.ca\/fr\/home-3\/"},{"@type":"ListItem","position":2,"name":"\u00c9v\u00e9nements","item":"https:\/\/www.carl-abrc.ca\/fr\/evenements\/"},{"@type":"ListItem","position":3,"name":"Communaut\u00e9 de pratique des d\u00e9p\u00f4ts canadiens: Les d\u00e9p\u00f4ts institutionnels : une force humaine ! Exploration des mod\u00e8les de gestion du personnel des d\u00e9p\u00f4ts dans les \u00e9tablissements canadiens"}]},{"@type":"WebSite","@id":"https:\/\/www.carl-abrc.ca\/fr\/#website","url":"https:\/\/www.carl-abrc.ca\/fr\/","name":"Association des biblioth\u00e8ques de recherche du Canada","description":"ABRC","publisher":{"@id":"https:\/\/www.carl-abrc.ca\/fr\/#organization"},"potentialAction":[{"@type":"SearchAction","target":{"@type":"EntryPoint","urlTemplate":"https:\/\/www.carl-abrc.ca\/fr\/?s={search_term_string}"},"query-input":{"@type":"PropertyValueSpecification","valueRequired":true,"valueName":"search_term_string"}}],"inLanguage":"fr-FR"},{"@type":"Organization","@id":"https:\/\/www.carl-abrc.ca\/fr\/#organization","name":"Association des biblioth\u00e8ques de recherche du Canada","url":"https:\/\/www.carl-abrc.ca\/fr\/","logo":{"@type":"ImageObject","inLanguage":"fr-FR","@id":"https:\/\/www.carl-abrc.ca\/fr\/#\/schema\/logo\/image\/","url":"https:\/\/www.carl-abrc.ca\/wp-content\/uploads\/2024\/07\/cropped-Stacked_Colour_L.png","contentUrl":"https:\/\/www.carl-abrc.ca\/wp-content\/uploads\/2024\/07\/cropped-Stacked_Colour_L.png","width":641,"height":250,"caption":"Association des biblioth\u00e8ques de recherche du Canada"},"image":{"@id":"https:\/\/www.carl-abrc.ca\/fr\/#\/schema\/logo\/image\/"},"sameAs":["https:\/\/x.com\/carlabrc"]}]}},"_links":{"self":[{"href":"https:\/\/www.carl-abrc.ca\/fr\/wp-json\/wp\/v2\/tribe_events\/39749","targetHints":{"allow":["GET"]}}],"collection":[{"href":"https:\/\/www.carl-abrc.ca\/fr\/wp-json\/wp\/v2\/tribe_events"}],"about":[{"href":"https:\/\/www.carl-abrc.ca\/fr\/wp-json\/wp\/v2\/types\/tribe_events"}],"author":[{"embeddable":true,"href":"https:\/\/www.carl-abrc.ca\/fr\/wp-json\/wp\/v2\/users\/131"}],"version-history":[{"count":3,"href":"https:\/\/www.carl-abrc.ca\/fr\/wp-json\/wp\/v2\/tribe_events\/39749\/revisions"}],"predecessor-version":[{"id":39756,"href":"https:\/\/www.carl-abrc.ca\/fr\/wp-json\/wp\/v2\/tribe_events\/39749\/revisions\/39756"}],"wp:featuredmedia":[{"embeddable":true,"href":"https:\/\/www.carl-abrc.ca\/fr\/wp-json\/wp\/v2\/media\/39912"}],"wp:attachment":[{"href":"https:\/\/www.carl-abrc.ca\/fr\/wp-json\/wp\/v2\/media?parent=39749"}],"wp:term":[{"taxonomy":"post_tag","embeddable":true,"href":"https:\/\/www.carl-abrc.ca\/fr\/wp-json\/wp\/v2\/tags?post=39749"},{"taxonomy":"tribe_events_cat","embeddable":true,"href":"https:\/\/www.carl-abrc.ca\/fr\/wp-json\/wp\/v2\/tribe_events_cat?post=39749"}],"curies":[{"name":"wp","href":"https:\/\/api.w.org\/{rel}","templated":true}]}}