{"id":40763,"date":"2026-03-26T15:35:01","date_gmt":"2026-03-26T19:35:01","guid":{"rendered":"https:\/\/www.carl-abrc.ca\/?post_type=tribe_events&#038;p=40763"},"modified":"2026-03-26T15:37:40","modified_gmt":"2026-03-26T19:37:40","slug":"la-communication-en-periode-de-restrictions-budgetaires-une-table-ronde-communautaire","status":"publish","type":"tribe_events","link":"https:\/\/www.carl-abrc.ca\/fr\/evenement\/la-communication-en-periode-de-restrictions-budgetaires-une-table-ronde-communautaire\/","title":{"rendered":"La communication en p\u00e9riode de restrictions budg\u00e9taires : une table ronde communautaire"},"content":{"rendered":"<p>Date : <strong>23 avril 2026<\/strong><br \/>\nHeure : <strong>13h00 &#8211; 14h00 HE<\/strong><\/p>\n<p><a href=\"https:\/\/us02web.zoom.us\/meeting\/register\/H2AjAVCHRVG1f4n-m9ARDQ\">Inscription<\/a><\/p>\n<p>Les restrictions budg\u00e9taires qui touchent le secteur de l&rsquo;enseignement sup\u00e9rieur au Canada ont une incidence consid\u00e9rable sur le travail des biblioth\u00e8ques universitaires. Cette table ronde \u00ab Communau-th\u00e9 \u00bb de la communaut\u00e9 de pratique des communications offre aux membres l&rsquo;occasion de r\u00e9fl\u00e9chir \u00e0 la mani\u00e8re dont ces pressions affectent les pratiques et la planification en mati\u00e8re de communication.<\/p>\n<p>Au cours de cette session informelle ax\u00e9e sur la discussion, les participant.e.s sont invit\u00e9s \u00e0 se confier et \u00e0 partager leurs exp\u00e9riences au sein de leurs \u00e9tablissements. Comment les coupes budg\u00e9taires affectent-elles votre biblioth\u00e8que et votre travail ? Vos pratiques ou votre planification en mati\u00e8re de communication \u00e9voluent-elles ? \u00c0 quoi pourrait ressembler l\u2019avenir ?<\/p>\n<p>S\u2019appuyant sur les discussions du symposium d\u2019hiver, cette session offrira un espace pour \u00e9changer des id\u00e9es, discuter des d\u00e9fis communs et explorer des strat\u00e9gies pour naviguer ensemble dans l\u2019incertitude.<\/p>\n<p><em>Cette session ne sera pas enregistr\u00e9e. Des sous-titres en temps r\u00e9el seront disponibles.<\/em> En savoir plus sur la <a href=\"https:\/\/www.carl-abrc.ca\/fr\/accroitre-la-capacite\/communaute-de-pratique-communication\/\">Communaut\u00e9 de pratique des communications<\/a>.<\/p>\n<p><a href=\"https:\/\/www.carl-abrc.ca\/wp-content\/uploads\/2026\/03\/Copy-of-Copy-of-COMMunity-540-x-960-px-Presentation-1.jpg\"><img fetchpriority=\"high\" decoding=\"async\" class=\"alignnone  wp-image-40768\" src=\"https:\/\/www.carl-abrc.ca\/wp-content\/uploads\/2026\/03\/Copy-of-Copy-of-COMMunity-540-x-960-px-Presentation-1-300x169.jpg\" alt=\"\" width=\"612\" height=\"345\" srcset=\"https:\/\/www.carl-abrc.ca\/wp-content\/uploads\/2026\/03\/Copy-of-Copy-of-COMMunity-540-x-960-px-Presentation-1-300x169.jpg 300w, https:\/\/www.carl-abrc.ca\/wp-content\/uploads\/2026\/03\/Copy-of-Copy-of-COMMunity-540-x-960-px-Presentation-1-1024x576.jpg 1024w, https:\/\/www.carl-abrc.ca\/wp-content\/uploads\/2026\/03\/Copy-of-Copy-of-COMMunity-540-x-960-px-Presentation-1-768x432.jpg 768w, https:\/\/www.carl-abrc.ca\/wp-content\/uploads\/2026\/03\/Copy-of-Copy-of-COMMunity-540-x-960-px-Presentation-1-1536x864.jpg 1536w, https:\/\/www.carl-abrc.ca\/wp-content\/uploads\/2026\/03\/Copy-of-Copy-of-COMMunity-540-x-960-px-Presentation-1.jpg 1920w\" sizes=\"(max-width: 612px) 100vw, 612px\" \/><\/a><\/p>\n","protected":false},"excerpt":{"rendered":"<p>Date : 23 avril 2026 Heure : 13h00 &#8211; 14h00 HE Inscription Les restrictions budg\u00e9taires qui touchent le secteur de l&rsquo;enseignement sup\u00e9rieur au Canada ont une incidence consid\u00e9rable sur le [&hellip;]<\/p>\n","protected":false},"author":131,"featured_media":40712,"template":"","meta":{"_acf_changed":false,"_EventAllDay":false,"_EventTimezone":"America\/Toronto","_EventStartDate":"2026-04-23 13:00:00","_EventEndDate":"2026-04-23 14:00:00","_EventStartDateUTC":"2026-04-23 17:00:00","_EventEndDateUTC":"2026-04-23 18:00:00","_EventShowMap":false,"_EventShowMapLink":false,"_EventURL":"","_EventCost":"","_EventCostDescription":"","_EventCurrencySymbol":"$","_EventCurrencyCode":"CAD","_EventCurrencyPosition":"prefix","_EventDateTimeSeparator":"","_EventTimeRangeSeparator":"","_EventOrganizerID":[37080],"_EventVenueID":[37071],"_OrganizerEmail":"","_OrganizerPhone":"","_OrganizerWebsite":"","_VenueAddress":"","_VenueCity":"","_VenueCountry":"","_VenueProvince":"","_VenueState":"","_VenueZip":"","_VenuePhone":"","_VenueURL":"","_VenueStateProvince":"","_VenueLat":"","_VenueLng":"","_VenueShowMap":false,"_VenueShowMapLink":false,"_tribe_events_status":"","_tribe_events_status_reason":"","footnotes":""},"tags":[],"tribe_events_cat":[110],"class_list":["post-40763","tribe_events","type-tribe_events","status-publish","has-post-thumbnail","hentry","tribe_events_cat-communications-fr","cat_communications-fr"],"acf":[],"yoast_head":"<!-- This site is optimized with the Yoast SEO plugin v27.5 - https:\/\/yoast.com\/product\/yoast-seo-wordpress\/ -->\n<title>La communication en p\u00e9riode de restrictions budg\u00e9taires : une table ronde communautaire - Association des biblioth\u00e8ques de recherche du Canada<\/title>\n<meta name=\"robots\" content=\"index, follow, max-snippet:-1, max-image-preview:large, max-video-preview:-1\" \/>\n<link rel=\"canonical\" href=\"https:\/\/www.carl-abrc.ca\/fr\/evenement\/la-communication-en-periode-de-restrictions-budgetaires-une-table-ronde-communautaire\/\" \/>\n<meta property=\"og:locale\" content=\"fr_FR\" \/>\n<meta property=\"og:type\" content=\"article\" \/>\n<meta property=\"og:title\" content=\"La communication en p\u00e9riode de restrictions budg\u00e9taires : une table ronde communautaire - Association des biblioth\u00e8ques de recherche du Canada\" \/>\n<meta property=\"og:description\" content=\"Date : 23 avril 2026 Heure : 13h00 &#8211; 14h00 HE Inscription Les restrictions budg\u00e9taires qui touchent le secteur de l&rsquo;enseignement sup\u00e9rieur au Canada ont une incidence consid\u00e9rable sur le [&hellip;]\" \/>\n<meta property=\"og:url\" content=\"https:\/\/www.carl-abrc.ca\/fr\/evenement\/la-communication-en-periode-de-restrictions-budgetaires-une-table-ronde-communautaire\/\" \/>\n<meta property=\"og:site_name\" content=\"Association des biblioth\u00e8ques de recherche du Canada\" \/>\n<meta property=\"article:modified_time\" content=\"2026-03-26T19:37:40+00:00\" \/>\n<meta property=\"og:image\" content=\"https:\/\/www.carl-abrc.ca\/wp-content\/uploads\/2026\/03\/Communi-tea.jpg\" \/>\n\t<meta property=\"og:image:width\" content=\"1600\" \/>\n\t<meta property=\"og:image:height\" content=\"900\" \/>\n\t<meta property=\"og:image:type\" content=\"image\/jpeg\" \/>\n<meta name=\"twitter:label1\" content=\"Dur\u00e9e de lecture estim\u00e9e\" \/>\n\t<meta name=\"twitter:data1\" content=\"2 minutes\" \/>\n<script type=\"application\/ld+json\" class=\"yoast-schema-graph\">{\"@context\":\"https:\\\/\\\/schema.org\",\"@graph\":[{\"@type\":\"WebPage\",\"@id\":\"https:\\\/\\\/www.carl-abrc.ca\\\/fr\\\/evenement\\\/la-communication-en-periode-de-restrictions-budgetaires-une-table-ronde-communautaire\\\/\",\"url\":\"https:\\\/\\\/www.carl-abrc.ca\\\/fr\\\/evenement\\\/la-communication-en-periode-de-restrictions-budgetaires-une-table-ronde-communautaire\\\/\",\"name\":\"La communication en p\u00e9riode de restrictions budg\u00e9taires : une table ronde communautaire - Association des biblioth\u00e8ques de recherche du Canada\",\"isPartOf\":{\"@id\":\"https:\\\/\\\/www.carl-abrc.ca\\\/fr\\\/#website\"},\"primaryImageOfPage\":{\"@id\":\"https:\\\/\\\/www.carl-abrc.ca\\\/fr\\\/evenement\\\/la-communication-en-periode-de-restrictions-budgetaires-une-table-ronde-communautaire\\\/#primaryimage\"},\"image\":{\"@id\":\"https:\\\/\\\/www.carl-abrc.ca\\\/fr\\\/evenement\\\/la-communication-en-periode-de-restrictions-budgetaires-une-table-ronde-communautaire\\\/#primaryimage\"},\"thumbnailUrl\":\"https:\\\/\\\/www.carl-abrc.ca\\\/wp-content\\\/uploads\\\/2026\\\/03\\\/Communi-tea.jpg\",\"datePublished\":\"2026-03-26T19:35:01+00:00\",\"dateModified\":\"2026-03-26T19:37:40+00:00\",\"breadcrumb\":{\"@id\":\"https:\\\/\\\/www.carl-abrc.ca\\\/fr\\\/evenement\\\/la-communication-en-periode-de-restrictions-budgetaires-une-table-ronde-communautaire\\\/#breadcrumb\"},\"inLanguage\":\"fr-FR\",\"potentialAction\":[{\"@type\":\"ReadAction\",\"target\":[\"https:\\\/\\\/www.carl-abrc.ca\\\/fr\\\/evenement\\\/la-communication-en-periode-de-restrictions-budgetaires-une-table-ronde-communautaire\\\/\"]}]},{\"@type\":\"ImageObject\",\"inLanguage\":\"fr-FR\",\"@id\":\"https:\\\/\\\/www.carl-abrc.ca\\\/fr\\\/evenement\\\/la-communication-en-periode-de-restrictions-budgetaires-une-table-ronde-communautaire\\\/#primaryimage\",\"url\":\"https:\\\/\\\/www.carl-abrc.ca\\\/wp-content\\\/uploads\\\/2026\\\/03\\\/Communi-tea.jpg\",\"contentUrl\":\"https:\\\/\\\/www.carl-abrc.ca\\\/wp-content\\\/uploads\\\/2026\\\/03\\\/Communi-tea.jpg\",\"width\":1600,\"height\":900},{\"@type\":\"BreadcrumbList\",\"@id\":\"https:\\\/\\\/www.carl-abrc.ca\\\/fr\\\/evenement\\\/la-communication-en-periode-de-restrictions-budgetaires-une-table-ronde-communautaire\\\/#breadcrumb\",\"itemListElement\":[{\"@type\":\"ListItem\",\"position\":1,\"name\":\"Accueil\",\"item\":\"https:\\\/\\\/www.carl-abrc.ca\\\/fr\\\/home-3\\\/\"},{\"@type\":\"ListItem\",\"position\":2,\"name\":\"\u00c9v\u00e9nements\",\"item\":\"https:\\\/\\\/www.carl-abrc.ca\\\/fr\\\/evenements\\\/\"},{\"@type\":\"ListItem\",\"position\":3,\"name\":\"La communication en p\u00e9riode de restrictions budg\u00e9taires : une table ronde communautaire\"}]},{\"@type\":\"WebSite\",\"@id\":\"https:\\\/\\\/www.carl-abrc.ca\\\/fr\\\/#website\",\"url\":\"https:\\\/\\\/www.carl-abrc.ca\\\/fr\\\/\",\"name\":\"Association des biblioth\u00e8ques de recherche du Canada\",\"description\":\"ABRC\",\"publisher\":{\"@id\":\"https:\\\/\\\/www.carl-abrc.ca\\\/fr\\\/#organization\"},\"potentialAction\":[{\"@type\":\"SearchAction\",\"target\":{\"@type\":\"EntryPoint\",\"urlTemplate\":\"https:\\\/\\\/www.carl-abrc.ca\\\/fr\\\/?s={search_term_string}\"},\"query-input\":{\"@type\":\"PropertyValueSpecification\",\"valueRequired\":true,\"valueName\":\"search_term_string\"}}],\"inLanguage\":\"fr-FR\"},{\"@type\":\"Organization\",\"@id\":\"https:\\\/\\\/www.carl-abrc.ca\\\/fr\\\/#organization\",\"name\":\"Association des biblioth\u00e8ques de recherche du Canada\",\"url\":\"https:\\\/\\\/www.carl-abrc.ca\\\/fr\\\/\",\"logo\":{\"@type\":\"ImageObject\",\"inLanguage\":\"fr-FR\",\"@id\":\"https:\\\/\\\/www.carl-abrc.ca\\\/fr\\\/#\\\/schema\\\/logo\\\/image\\\/\",\"url\":\"https:\\\/\\\/www.carl-abrc.ca\\\/wp-content\\\/uploads\\\/2024\\\/07\\\/cropped-Stacked_Colour_L.png\",\"contentUrl\":\"https:\\\/\\\/www.carl-abrc.ca\\\/wp-content\\\/uploads\\\/2024\\\/07\\\/cropped-Stacked_Colour_L.png\",\"width\":641,\"height\":250,\"caption\":\"Association des biblioth\u00e8ques de recherche du Canada\"},\"image\":{\"@id\":\"https:\\\/\\\/www.carl-abrc.ca\\\/fr\\\/#\\\/schema\\\/logo\\\/image\\\/\"},\"sameAs\":[\"https:\\\/\\\/x.com\\\/carlabrc\"]}]}<\/script>\n<!-- \/ Yoast SEO plugin. -->","yoast_head_json":{"title":"La communication en p\u00e9riode de restrictions budg\u00e9taires : une table ronde communautaire - Association des biblioth\u00e8ques de recherche du Canada","robots":{"index":"index","follow":"follow","max-snippet":"max-snippet:-1","max-image-preview":"max-image-preview:large","max-video-preview":"max-video-preview:-1"},"canonical":"https:\/\/www.carl-abrc.ca\/fr\/evenement\/la-communication-en-periode-de-restrictions-budgetaires-une-table-ronde-communautaire\/","og_locale":"fr_FR","og_type":"article","og_title":"La communication en p\u00e9riode de restrictions budg\u00e9taires : une table ronde communautaire - Association des biblioth\u00e8ques de recherche du Canada","og_description":"Date : 23 avril 2026 Heure : 13h00 &#8211; 14h00 HE Inscription Les restrictions budg\u00e9taires qui touchent le secteur de l&rsquo;enseignement sup\u00e9rieur au Canada ont une incidence consid\u00e9rable sur le [&hellip;]","og_url":"https:\/\/www.carl-abrc.ca\/fr\/evenement\/la-communication-en-periode-de-restrictions-budgetaires-une-table-ronde-communautaire\/","og_site_name":"Association des biblioth\u00e8ques de recherche du Canada","article_modified_time":"2026-03-26T19:37:40+00:00","og_image":[{"width":1600,"height":900,"url":"https:\/\/www.carl-abrc.ca\/wp-content\/uploads\/2026\/03\/Communi-tea.jpg","type":"image\/jpeg"}],"twitter_misc":{"Dur\u00e9e de lecture estim\u00e9e":"2 minutes"},"schema":{"@context":"https:\/\/schema.org","@graph":[{"@type":"WebPage","@id":"https:\/\/www.carl-abrc.ca\/fr\/evenement\/la-communication-en-periode-de-restrictions-budgetaires-une-table-ronde-communautaire\/","url":"https:\/\/www.carl-abrc.ca\/fr\/evenement\/la-communication-en-periode-de-restrictions-budgetaires-une-table-ronde-communautaire\/","name":"La communication en p\u00e9riode de restrictions budg\u00e9taires : une table ronde communautaire - Association des biblioth\u00e8ques de recherche du Canada","isPartOf":{"@id":"https:\/\/www.carl-abrc.ca\/fr\/#website"},"primaryImageOfPage":{"@id":"https:\/\/www.carl-abrc.ca\/fr\/evenement\/la-communication-en-periode-de-restrictions-budgetaires-une-table-ronde-communautaire\/#primaryimage"},"image":{"@id":"https:\/\/www.carl-abrc.ca\/fr\/evenement\/la-communication-en-periode-de-restrictions-budgetaires-une-table-ronde-communautaire\/#primaryimage"},"thumbnailUrl":"https:\/\/www.carl-abrc.ca\/wp-content\/uploads\/2026\/03\/Communi-tea.jpg","datePublished":"2026-03-26T19:35:01+00:00","dateModified":"2026-03-26T19:37:40+00:00","breadcrumb":{"@id":"https:\/\/www.carl-abrc.ca\/fr\/evenement\/la-communication-en-periode-de-restrictions-budgetaires-une-table-ronde-communautaire\/#breadcrumb"},"inLanguage":"fr-FR","potentialAction":[{"@type":"ReadAction","target":["https:\/\/www.carl-abrc.ca\/fr\/evenement\/la-communication-en-periode-de-restrictions-budgetaires-une-table-ronde-communautaire\/"]}]},{"@type":"ImageObject","inLanguage":"fr-FR","@id":"https:\/\/www.carl-abrc.ca\/fr\/evenement\/la-communication-en-periode-de-restrictions-budgetaires-une-table-ronde-communautaire\/#primaryimage","url":"https:\/\/www.carl-abrc.ca\/wp-content\/uploads\/2026\/03\/Communi-tea.jpg","contentUrl":"https:\/\/www.carl-abrc.ca\/wp-content\/uploads\/2026\/03\/Communi-tea.jpg","width":1600,"height":900},{"@type":"BreadcrumbList","@id":"https:\/\/www.carl-abrc.ca\/fr\/evenement\/la-communication-en-periode-de-restrictions-budgetaires-une-table-ronde-communautaire\/#breadcrumb","itemListElement":[{"@type":"ListItem","position":1,"name":"Accueil","item":"https:\/\/www.carl-abrc.ca\/fr\/home-3\/"},{"@type":"ListItem","position":2,"name":"\u00c9v\u00e9nements","item":"https:\/\/www.carl-abrc.ca\/fr\/evenements\/"},{"@type":"ListItem","position":3,"name":"La communication en p\u00e9riode de restrictions budg\u00e9taires : une table ronde communautaire"}]},{"@type":"WebSite","@id":"https:\/\/www.carl-abrc.ca\/fr\/#website","url":"https:\/\/www.carl-abrc.ca\/fr\/","name":"Association des biblioth\u00e8ques de recherche du Canada","description":"ABRC","publisher":{"@id":"https:\/\/www.carl-abrc.ca\/fr\/#organization"},"potentialAction":[{"@type":"SearchAction","target":{"@type":"EntryPoint","urlTemplate":"https:\/\/www.carl-abrc.ca\/fr\/?s={search_term_string}"},"query-input":{"@type":"PropertyValueSpecification","valueRequired":true,"valueName":"search_term_string"}}],"inLanguage":"fr-FR"},{"@type":"Organization","@id":"https:\/\/www.carl-abrc.ca\/fr\/#organization","name":"Association des biblioth\u00e8ques de recherche du Canada","url":"https:\/\/www.carl-abrc.ca\/fr\/","logo":{"@type":"ImageObject","inLanguage":"fr-FR","@id":"https:\/\/www.carl-abrc.ca\/fr\/#\/schema\/logo\/image\/","url":"https:\/\/www.carl-abrc.ca\/wp-content\/uploads\/2024\/07\/cropped-Stacked_Colour_L.png","contentUrl":"https:\/\/www.carl-abrc.ca\/wp-content\/uploads\/2024\/07\/cropped-Stacked_Colour_L.png","width":641,"height":250,"caption":"Association des biblioth\u00e8ques de recherche du Canada"},"image":{"@id":"https:\/\/www.carl-abrc.ca\/fr\/#\/schema\/logo\/image\/"},"sameAs":["https:\/\/x.com\/carlabrc"]}]}},"_links":{"self":[{"href":"https:\/\/www.carl-abrc.ca\/fr\/wp-json\/wp\/v2\/tribe_events\/40763","targetHints":{"allow":["GET"]}}],"collection":[{"href":"https:\/\/www.carl-abrc.ca\/fr\/wp-json\/wp\/v2\/tribe_events"}],"about":[{"href":"https:\/\/www.carl-abrc.ca\/fr\/wp-json\/wp\/v2\/types\/tribe_events"}],"author":[{"embeddable":true,"href":"https:\/\/www.carl-abrc.ca\/fr\/wp-json\/wp\/v2\/users\/131"}],"version-history":[{"count":2,"href":"https:\/\/www.carl-abrc.ca\/fr\/wp-json\/wp\/v2\/tribe_events\/40763\/revisions"}],"predecessor-version":[{"id":40770,"href":"https:\/\/www.carl-abrc.ca\/fr\/wp-json\/wp\/v2\/tribe_events\/40763\/revisions\/40770"}],"wp:featuredmedia":[{"embeddable":true,"href":"https:\/\/www.carl-abrc.ca\/fr\/wp-json\/wp\/v2\/media\/40712"}],"wp:attachment":[{"href":"https:\/\/www.carl-abrc.ca\/fr\/wp-json\/wp\/v2\/media?parent=40763"}],"wp:term":[{"taxonomy":"post_tag","embeddable":true,"href":"https:\/\/www.carl-abrc.ca\/fr\/wp-json\/wp\/v2\/tags?post=40763"},{"taxonomy":"tribe_events_cat","embeddable":true,"href":"https:\/\/www.carl-abrc.ca\/fr\/wp-json\/wp\/v2\/tribe_events_cat?post=40763"}],"curies":[{"name":"wp","href":"https:\/\/api.w.org\/{rel}","templated":true}]}}