{"id":40802,"date":"2026-03-27T16:15:37","date_gmt":"2026-03-27T20:15:37","guid":{"rendered":"https:\/\/www.carl-abrc.ca\/?post_type=tribe_events&#038;p=40802"},"modified":"2026-03-27T16:16:02","modified_gmt":"2026-03-27T20:16:02","slug":"2026-institut-de-recherche-des-bibliothecaires","status":"publish","type":"tribe_events","link":"https:\/\/www.carl-abrc.ca\/fr\/evenement\/2026-institut-de-recherche-des-bibliothecaires\/","title":{"rendered":"2026 Institut de recherche des biblioth\u00e9caires"},"content":{"rendered":"<p>Date : <strong>22-25 juin 2026<\/strong><br \/>\nEmplacement: <strong>Universit\u00e9 du Nouveau-Brunswick<\/strong><\/p>\n<p><a href=\"https:\/\/www.carl-abrc.ca\/fr\/nouvelles\/appel-de-candidatures-pour-participant%c2%b7es-a-linstitut-de-recherche-des-bibliothecaires-2026-de-labrc\/\">Appel \u00e0 candidatures<\/a><\/p>\n<p>L&rsquo;Institut de recherche des biblioth\u00e9caires (IRB) offre aux biblioth\u00e9caires universitaires au Canada la possibilit\u00e9 de s&rsquo;immerger dans des \u00e9changes et des activit\u00e9s approfondis li\u00e9s \u00e0 la recherche scientifique, \u00e0 l&rsquo;\u00e9tude et \u00e0 l&rsquo;\u00e9dition.<\/p>\n<p>Les personnes participantes assisteront \u00e0 un institut de quatre jours.\u00a0L\u2019objectif de l\u2019Institut est de leur permettre de faire \u00e9voluer leurs comp\u00e9tences en mati\u00e8re de recherche \u00e0 partir de leurs int\u00e9r\u00eats actuels dans le domaine et en \u00e9tablissant le contact avec d\u2019autres biblioth\u00e9caires-chercheur\u00b7es \u00e0 travers le Canada.<\/p>\n<p><span lang=\"FR-CA\">L\u2019Institut comprendra des activit\u00e9s telles que les s\u00e9ances pl\u00e9ni\u00e8res ; tables rondes avec des mentors ; groupes de discussions ; r\u00e9flexion et \u00e9valuation individuelles ; consultations avec des mentors, temps de r\u00e9daction individuel ; et ateliers avec des mentors.\u00a0<\/span>\u00c0 la fin de l\u2019atelier, les personnes participantes auront :<\/p>\n<ul type=\"disc\">\n<li><span lang=\"FR-CA\">une meilleure compr\u00e9hension des possibilit\u00e9s de recherche et une connaissance des habitudes d\u2019esprit qui permettent de bonnes pratiques de recherche\u00a0;<\/span><\/li>\n<li><span lang=\"FR-CA\">une compr\u00e9hension plus vaste des processus de recherche par les biblioth\u00e9caires et une sensibilisation \u00e0 la recherche entreprise par leurs coll\u00e8gues au sein des biblioth\u00e8ques canadiennes\u00a0;<\/span><\/li>\n<li><span lang=\"FR-CA\">des liens \u00e9tablis avec d\u2019autres biblioth\u00e9caires universitaires travaillant dans le cadre de projets de recherche savante dans les biblioth\u00e8ques de l\u2019ensemble du Canada.<\/span><\/li>\n<\/ul>\n<p><span lang=\"FR-CA\">L\u2019IRB 2026 sera dirig\u00e9 par l\u2019\u00e9quipe de pair\u00b7es mentor\u00b7es suivante :<\/span><\/p>\n<ul type=\"disc\">\n<li>Patrick Gamsby, pr\u00e9sident (Scholarly Communications Librarian, Memorial University)<\/li>\n<li>Alicia Cappello\u00a0(Engineering &amp; Science Librarian, Queen\u2019s University)<\/li>\n<li>James Doiron\u00a0(Research Data Management Strategies Director, University of Alberta Library)<\/li>\n<li>Katie Lai\u00a0(Associate Librarian | Liaison for Music, McGill University)<\/li>\n<li>Desmond Wong\u00a0(Outreach Librarian, University of Toronto)<\/li>\n<\/ul>\n<p><span lang=\"FR-CA\"><strong>Frais d\u2019inscription \u2013 900 $<\/strong><br \/>\n<\/span><span lang=\"FR-CA\">Tous les mat\u00e9riaux pour l\u2019atelier, petit d\u00e9jeuner, d\u00eener, et pauses pour la dur\u00e9e de l\u2019atelier sont inclus dans ces frais. Les frais de d\u00e9placement, d\u2019h\u00e9bergement et autres sont \u00e0 la charge de la personne participante.<\/span><\/p>\n<p>Si vous souhaitez y participer, veuillez consulter l&rsquo;<a href=\"https:\/\/www.carl-abrc.ca\/fr\/nouvelles\/appel-de-candidatures-pour-participant%c2%b7es-a-linstitut-de-recherche-des-bibliothecaires-2026-de-labrc\/\">appel \u00e0 candidatures<\/a> pour conna\u00eetre la proc\u00e9dure de candidature et d&rsquo;inscription. Pour plus d&rsquo;informations sur ces instituts, y compris les sessions pr\u00e9c\u00e9dentes, consultez la page <a href=\"https:\/\/www.carl-abrc.ca\/fr\/accroitre-la-capacite\/ateliers-et-formation\/institut-de-recherche-des-bibliothecaires\/\">Institut de recherche des biblioth\u00e9caires.<\/a><\/p>\n","protected":false},"excerpt":{"rendered":"<p>Date : 22-25 juin 2026 Emplacement: Universit\u00e9 du Nouveau-Brunswick Appel \u00e0 candidatures L&rsquo;Institut de recherche des biblioth\u00e9caires (IRB) offre aux biblioth\u00e9caires universitaires au Canada la possibilit\u00e9 de s&rsquo;immerger dans des [&hellip;]<\/p>\n","protected":false},"author":131,"featured_media":37107,"template":"","meta":{"_acf_changed":false,"_EventAllDay":true,"_EventTimezone":"America\/Toronto","_EventStartDate":"2026-06-22 00:00:00","_EventEndDate":"2026-06-25 23:59:59","_EventStartDateUTC":"2026-06-22 04:00:00","_EventEndDateUTC":"2026-06-26 03:59:59","_EventShowMap":false,"_EventShowMapLink":true,"_EventURL":"","_EventCost":"","_EventCostDescription":"","_EventCurrencySymbol":"$","_EventCurrencyCode":"CAD","_EventCurrencyPosition":"prefix","_EventDateTimeSeparator":"","_EventTimeRangeSeparator":"","_EventOrganizerID":[37086],"_EventVenueID":[40800],"_OrganizerEmail":"","_OrganizerPhone":"","_OrganizerWebsite":"","_VenueAddress":"","_VenueCity":"","_VenueCountry":"","_VenueProvince":"","_VenueState":"","_VenueZip":"","_VenuePhone":"","_VenueURL":"","_VenueStateProvince":"","_VenueLat":"","_VenueLng":"","_VenueShowMap":false,"_VenueShowMapLink":false,"_tribe_events_status":"","_tribe_events_status_reason":"","footnotes":""},"tags":[],"tribe_events_cat":[122,135],"class_list":["post-40802","tribe_events","type-tribe_events","status-publish","has-post-thumbnail","hentry","tribe_events_cat-ateliers-instituts","tribe_events_cat-irb","cat_ateliers-instituts","cat_irb"],"acf":[],"yoast_head":"<!-- This site is optimized with the Yoast SEO plugin v27.5 - https:\/\/yoast.com\/product\/yoast-seo-wordpress\/ -->\n<title>2026 Institut de recherche des biblioth\u00e9caires - Association des biblioth\u00e8ques de recherche du Canada<\/title>\n<meta name=\"robots\" content=\"index, follow, max-snippet:-1, max-image-preview:large, max-video-preview:-1\" \/>\n<link rel=\"canonical\" href=\"https:\/\/www.carl-abrc.ca\/fr\/evenement\/2026-institut-de-recherche-des-bibliothecaires\/\" \/>\n<meta property=\"og:locale\" content=\"fr_FR\" \/>\n<meta property=\"og:type\" content=\"article\" \/>\n<meta property=\"og:title\" content=\"2026 Institut de recherche des biblioth\u00e9caires - Association des biblioth\u00e8ques de recherche du Canada\" \/>\n<meta property=\"og:description\" content=\"Date : 22-25 juin 2026 Emplacement: Universit\u00e9 du Nouveau-Brunswick Appel \u00e0 candidatures L&rsquo;Institut de recherche des biblioth\u00e9caires (IRB) offre aux biblioth\u00e9caires universitaires au Canada la possibilit\u00e9 de s&rsquo;immerger dans des [&hellip;]\" \/>\n<meta property=\"og:url\" content=\"https:\/\/www.carl-abrc.ca\/fr\/evenement\/2026-institut-de-recherche-des-bibliothecaires\/\" \/>\n<meta property=\"og:site_name\" content=\"Association des biblioth\u00e8ques de recherche du Canada\" \/>\n<meta property=\"article:modified_time\" content=\"2026-03-27T20:16:02+00:00\" \/>\n<meta property=\"og:image\" content=\"https:\/\/www.carl-abrc.ca\/wp-content\/uploads\/2025\/07\/LRI2024-scaled.jpg\" \/>\n\t<meta property=\"og:image:width\" content=\"2560\" \/>\n\t<meta property=\"og:image:height\" content=\"1920\" \/>\n\t<meta property=\"og:image:type\" content=\"image\/jpeg\" \/>\n<meta name=\"twitter:label1\" content=\"Dur\u00e9e de lecture estim\u00e9e\" \/>\n\t<meta name=\"twitter:data1\" content=\"2 minutes\" \/>\n<script type=\"application\/ld+json\" class=\"yoast-schema-graph\">{\"@context\":\"https:\\\/\\\/schema.org\",\"@graph\":[{\"@type\":\"WebPage\",\"@id\":\"https:\\\/\\\/www.carl-abrc.ca\\\/fr\\\/evenement\\\/2026-institut-de-recherche-des-bibliothecaires\\\/\",\"url\":\"https:\\\/\\\/www.carl-abrc.ca\\\/fr\\\/evenement\\\/2026-institut-de-recherche-des-bibliothecaires\\\/\",\"name\":\"2026 Institut de recherche des biblioth\u00e9caires - Association des biblioth\u00e8ques de recherche du Canada\",\"isPartOf\":{\"@id\":\"https:\\\/\\\/www.carl-abrc.ca\\\/fr\\\/#website\"},\"primaryImageOfPage\":{\"@id\":\"https:\\\/\\\/www.carl-abrc.ca\\\/fr\\\/evenement\\\/2026-institut-de-recherche-des-bibliothecaires\\\/#primaryimage\"},\"image\":{\"@id\":\"https:\\\/\\\/www.carl-abrc.ca\\\/fr\\\/evenement\\\/2026-institut-de-recherche-des-bibliothecaires\\\/#primaryimage\"},\"thumbnailUrl\":\"https:\\\/\\\/www.carl-abrc.ca\\\/wp-content\\\/uploads\\\/2025\\\/07\\\/LRI2024-scaled.jpg\",\"datePublished\":\"2026-03-27T20:15:37+00:00\",\"dateModified\":\"2026-03-27T20:16:02+00:00\",\"breadcrumb\":{\"@id\":\"https:\\\/\\\/www.carl-abrc.ca\\\/fr\\\/evenement\\\/2026-institut-de-recherche-des-bibliothecaires\\\/#breadcrumb\"},\"inLanguage\":\"fr-FR\",\"potentialAction\":[{\"@type\":\"ReadAction\",\"target\":[\"https:\\\/\\\/www.carl-abrc.ca\\\/fr\\\/evenement\\\/2026-institut-de-recherche-des-bibliothecaires\\\/\"]}]},{\"@type\":\"ImageObject\",\"inLanguage\":\"fr-FR\",\"@id\":\"https:\\\/\\\/www.carl-abrc.ca\\\/fr\\\/evenement\\\/2026-institut-de-recherche-des-bibliothecaires\\\/#primaryimage\",\"url\":\"https:\\\/\\\/www.carl-abrc.ca\\\/wp-content\\\/uploads\\\/2025\\\/07\\\/LRI2024-scaled.jpg\",\"contentUrl\":\"https:\\\/\\\/www.carl-abrc.ca\\\/wp-content\\\/uploads\\\/2025\\\/07\\\/LRI2024-scaled.jpg\",\"width\":2560,\"height\":1920},{\"@type\":\"BreadcrumbList\",\"@id\":\"https:\\\/\\\/www.carl-abrc.ca\\\/fr\\\/evenement\\\/2026-institut-de-recherche-des-bibliothecaires\\\/#breadcrumb\",\"itemListElement\":[{\"@type\":\"ListItem\",\"position\":1,\"name\":\"Accueil\",\"item\":\"https:\\\/\\\/www.carl-abrc.ca\\\/fr\\\/home-3\\\/\"},{\"@type\":\"ListItem\",\"position\":2,\"name\":\"\u00c9v\u00e9nements\",\"item\":\"https:\\\/\\\/www.carl-abrc.ca\\\/fr\\\/evenements\\\/\"},{\"@type\":\"ListItem\",\"position\":3,\"name\":\"2026 Institut de recherche des biblioth\u00e9caires\"}]},{\"@type\":\"WebSite\",\"@id\":\"https:\\\/\\\/www.carl-abrc.ca\\\/fr\\\/#website\",\"url\":\"https:\\\/\\\/www.carl-abrc.ca\\\/fr\\\/\",\"name\":\"Association des biblioth\u00e8ques de recherche du Canada\",\"description\":\"ABRC\",\"publisher\":{\"@id\":\"https:\\\/\\\/www.carl-abrc.ca\\\/fr\\\/#organization\"},\"potentialAction\":[{\"@type\":\"SearchAction\",\"target\":{\"@type\":\"EntryPoint\",\"urlTemplate\":\"https:\\\/\\\/www.carl-abrc.ca\\\/fr\\\/?s={search_term_string}\"},\"query-input\":{\"@type\":\"PropertyValueSpecification\",\"valueRequired\":true,\"valueName\":\"search_term_string\"}}],\"inLanguage\":\"fr-FR\"},{\"@type\":\"Organization\",\"@id\":\"https:\\\/\\\/www.carl-abrc.ca\\\/fr\\\/#organization\",\"name\":\"Association des biblioth\u00e8ques de recherche du Canada\",\"url\":\"https:\\\/\\\/www.carl-abrc.ca\\\/fr\\\/\",\"logo\":{\"@type\":\"ImageObject\",\"inLanguage\":\"fr-FR\",\"@id\":\"https:\\\/\\\/www.carl-abrc.ca\\\/fr\\\/#\\\/schema\\\/logo\\\/image\\\/\",\"url\":\"https:\\\/\\\/www.carl-abrc.ca\\\/wp-content\\\/uploads\\\/2024\\\/07\\\/cropped-Stacked_Colour_L.png\",\"contentUrl\":\"https:\\\/\\\/www.carl-abrc.ca\\\/wp-content\\\/uploads\\\/2024\\\/07\\\/cropped-Stacked_Colour_L.png\",\"width\":641,\"height\":250,\"caption\":\"Association des biblioth\u00e8ques de recherche du Canada\"},\"image\":{\"@id\":\"https:\\\/\\\/www.carl-abrc.ca\\\/fr\\\/#\\\/schema\\\/logo\\\/image\\\/\"},\"sameAs\":[\"https:\\\/\\\/x.com\\\/carlabrc\"]}]}<\/script>\n<!-- \/ Yoast SEO plugin. -->","yoast_head_json":{"title":"2026 Institut de recherche des biblioth\u00e9caires - Association des biblioth\u00e8ques de recherche du Canada","robots":{"index":"index","follow":"follow","max-snippet":"max-snippet:-1","max-image-preview":"max-image-preview:large","max-video-preview":"max-video-preview:-1"},"canonical":"https:\/\/www.carl-abrc.ca\/fr\/evenement\/2026-institut-de-recherche-des-bibliothecaires\/","og_locale":"fr_FR","og_type":"article","og_title":"2026 Institut de recherche des biblioth\u00e9caires - Association des biblioth\u00e8ques de recherche du Canada","og_description":"Date : 22-25 juin 2026 Emplacement: Universit\u00e9 du Nouveau-Brunswick Appel \u00e0 candidatures L&rsquo;Institut de recherche des biblioth\u00e9caires (IRB) offre aux biblioth\u00e9caires universitaires au Canada la possibilit\u00e9 de s&rsquo;immerger dans des [&hellip;]","og_url":"https:\/\/www.carl-abrc.ca\/fr\/evenement\/2026-institut-de-recherche-des-bibliothecaires\/","og_site_name":"Association des biblioth\u00e8ques de recherche du Canada","article_modified_time":"2026-03-27T20:16:02+00:00","og_image":[{"width":2560,"height":1920,"url":"https:\/\/www.carl-abrc.ca\/wp-content\/uploads\/2025\/07\/LRI2024-scaled.jpg","type":"image\/jpeg"}],"twitter_misc":{"Dur\u00e9e de lecture estim\u00e9e":"2 minutes"},"schema":{"@context":"https:\/\/schema.org","@graph":[{"@type":"WebPage","@id":"https:\/\/www.carl-abrc.ca\/fr\/evenement\/2026-institut-de-recherche-des-bibliothecaires\/","url":"https:\/\/www.carl-abrc.ca\/fr\/evenement\/2026-institut-de-recherche-des-bibliothecaires\/","name":"2026 Institut de recherche des biblioth\u00e9caires - Association des biblioth\u00e8ques de recherche du Canada","isPartOf":{"@id":"https:\/\/www.carl-abrc.ca\/fr\/#website"},"primaryImageOfPage":{"@id":"https:\/\/www.carl-abrc.ca\/fr\/evenement\/2026-institut-de-recherche-des-bibliothecaires\/#primaryimage"},"image":{"@id":"https:\/\/www.carl-abrc.ca\/fr\/evenement\/2026-institut-de-recherche-des-bibliothecaires\/#primaryimage"},"thumbnailUrl":"https:\/\/www.carl-abrc.ca\/wp-content\/uploads\/2025\/07\/LRI2024-scaled.jpg","datePublished":"2026-03-27T20:15:37+00:00","dateModified":"2026-03-27T20:16:02+00:00","breadcrumb":{"@id":"https:\/\/www.carl-abrc.ca\/fr\/evenement\/2026-institut-de-recherche-des-bibliothecaires\/#breadcrumb"},"inLanguage":"fr-FR","potentialAction":[{"@type":"ReadAction","target":["https:\/\/www.carl-abrc.ca\/fr\/evenement\/2026-institut-de-recherche-des-bibliothecaires\/"]}]},{"@type":"ImageObject","inLanguage":"fr-FR","@id":"https:\/\/www.carl-abrc.ca\/fr\/evenement\/2026-institut-de-recherche-des-bibliothecaires\/#primaryimage","url":"https:\/\/www.carl-abrc.ca\/wp-content\/uploads\/2025\/07\/LRI2024-scaled.jpg","contentUrl":"https:\/\/www.carl-abrc.ca\/wp-content\/uploads\/2025\/07\/LRI2024-scaled.jpg","width":2560,"height":1920},{"@type":"BreadcrumbList","@id":"https:\/\/www.carl-abrc.ca\/fr\/evenement\/2026-institut-de-recherche-des-bibliothecaires\/#breadcrumb","itemListElement":[{"@type":"ListItem","position":1,"name":"Accueil","item":"https:\/\/www.carl-abrc.ca\/fr\/home-3\/"},{"@type":"ListItem","position":2,"name":"\u00c9v\u00e9nements","item":"https:\/\/www.carl-abrc.ca\/fr\/evenements\/"},{"@type":"ListItem","position":3,"name":"2026 Institut de recherche des biblioth\u00e9caires"}]},{"@type":"WebSite","@id":"https:\/\/www.carl-abrc.ca\/fr\/#website","url":"https:\/\/www.carl-abrc.ca\/fr\/","name":"Association des biblioth\u00e8ques de recherche du Canada","description":"ABRC","publisher":{"@id":"https:\/\/www.carl-abrc.ca\/fr\/#organization"},"potentialAction":[{"@type":"SearchAction","target":{"@type":"EntryPoint","urlTemplate":"https:\/\/www.carl-abrc.ca\/fr\/?s={search_term_string}"},"query-input":{"@type":"PropertyValueSpecification","valueRequired":true,"valueName":"search_term_string"}}],"inLanguage":"fr-FR"},{"@type":"Organization","@id":"https:\/\/www.carl-abrc.ca\/fr\/#organization","name":"Association des biblioth\u00e8ques de recherche du Canada","url":"https:\/\/www.carl-abrc.ca\/fr\/","logo":{"@type":"ImageObject","inLanguage":"fr-FR","@id":"https:\/\/www.carl-abrc.ca\/fr\/#\/schema\/logo\/image\/","url":"https:\/\/www.carl-abrc.ca\/wp-content\/uploads\/2024\/07\/cropped-Stacked_Colour_L.png","contentUrl":"https:\/\/www.carl-abrc.ca\/wp-content\/uploads\/2024\/07\/cropped-Stacked_Colour_L.png","width":641,"height":250,"caption":"Association des biblioth\u00e8ques de recherche du Canada"},"image":{"@id":"https:\/\/www.carl-abrc.ca\/fr\/#\/schema\/logo\/image\/"},"sameAs":["https:\/\/x.com\/carlabrc"]}]}},"_links":{"self":[{"href":"https:\/\/www.carl-abrc.ca\/fr\/wp-json\/wp\/v2\/tribe_events\/40802","targetHints":{"allow":["GET"]}}],"collection":[{"href":"https:\/\/www.carl-abrc.ca\/fr\/wp-json\/wp\/v2\/tribe_events"}],"about":[{"href":"https:\/\/www.carl-abrc.ca\/fr\/wp-json\/wp\/v2\/types\/tribe_events"}],"author":[{"embeddable":true,"href":"https:\/\/www.carl-abrc.ca\/fr\/wp-json\/wp\/v2\/users\/131"}],"version-history":[{"count":1,"href":"https:\/\/www.carl-abrc.ca\/fr\/wp-json\/wp\/v2\/tribe_events\/40802\/revisions"}],"predecessor-version":[{"id":40804,"href":"https:\/\/www.carl-abrc.ca\/fr\/wp-json\/wp\/v2\/tribe_events\/40802\/revisions\/40804"}],"wp:featuredmedia":[{"embeddable":true,"href":"https:\/\/www.carl-abrc.ca\/fr\/wp-json\/wp\/v2\/media\/37107"}],"wp:attachment":[{"href":"https:\/\/www.carl-abrc.ca\/fr\/wp-json\/wp\/v2\/media?parent=40802"}],"wp:term":[{"taxonomy":"post_tag","embeddable":true,"href":"https:\/\/www.carl-abrc.ca\/fr\/wp-json\/wp\/v2\/tags?post=40802"},{"taxonomy":"tribe_events_cat","embeddable":true,"href":"https:\/\/www.carl-abrc.ca\/fr\/wp-json\/wp\/v2\/tribe_events_cat?post=40802"}],"curies":[{"name":"wp","href":"https:\/\/api.w.org\/{rel}","templated":true}]}}