{"id":41927,"date":"2026-06-12T12:47:46","date_gmt":"2026-06-12T16:47:46","guid":{"rendered":"https:\/\/www.carl-abrc.ca\/?post_type=tribe_events&#038;p=41927"},"modified":"2026-08-26T16:54:46","modified_gmt":"2026-08-26T20:54:46","slug":"2026-reunion-dautomne-des-membres","status":"publish","type":"tribe_events","link":"https:\/\/www.carl-abrc.ca\/fr\/evenement\/2026-reunion-dautomne-des-membres\/","title":{"rendered":"2026 R\u00e9union d&rsquo;automne des membres"},"content":{"rendered":"\t\t<div data-elementor-type=\"tec_event_single_static\" data-elementor-id=\"41927\" class=\"elementor elementor-41927 elementor-41923\">\n\t\t\t\t<div class=\"elementor-element elementor-element-621e857e e-flex e-con-boxed e-con e-parent\" data-id=\"621e857e\" data-element_type=\"container\" data-e-type=\"container\">\n\t\t\t\t\t<div class=\"e-con-inner\">\n\t\t\t\t\t<\/div>\n\t\t\t\t<\/div>\n\t\t\t\t<section class=\"elementor-section elementor-top-section elementor-element elementor-element-66775671 elementor-section-full_width elementor-section-stretched elementor-section-height-default elementor-section-height-default\" data-id=\"66775671\" data-element_type=\"section\" data-e-type=\"section\" data-settings=\"{&quot;background_background&quot;:&quot;classic&quot;,&quot;stretch_section&quot;:&quot;section-stretched&quot;,&quot;animation_mobile&quot;:&quot;none&quot;}\">\n\t\t\t\t\t\t\t<div class=\"elementor-background-overlay\"><\/div>\n\t\t\t\t\t\t\t<div class=\"elementor-container elementor-column-gap-default\">\n\t\t\t\t\t<div class=\"elementor-column elementor-col-100 elementor-top-column elementor-element elementor-element-303d10e1\" data-id=\"303d10e1\" data-element_type=\"column\" data-e-type=\"column\">\n\t\t\t<div class=\"elementor-widget-wrap elementor-element-populated\">\n\t\t\t\t<div class=\"elementor-element elementor-element-1f193c0 e-con-full e-flex e-con e-parent\" data-id=\"1f193c0\" data-element_type=\"container\" data-e-type=\"container\">\n\t\t\t\t<div class=\"elementor-element elementor-element-204754c6 elementor-widget elementor-widget-tec_events_elementor_widget_event_calendar_link\" data-id=\"204754c6\" data-element_type=\"widget\" data-e-type=\"widget\" data-widget_type=\"tec_events_elementor_widget_event_calendar_link.default\">\n\t\t\t\t<div class=\"elementor-widget-container\">\n\t\t\t\t\t<p  class=\"tec-events-back\" >\n\t<a href=\"https:\/\/www.carl-abrc.ca\/fr\/evenements\/\" >&laquo; Tous les \u00c9v\u00e9nements<\/a>\n<\/p>\t\t\t\t<\/div>\n\t\t\t\t<\/div>\n\t\t<div class=\"elementor-element elementor-element-2e59459f e-flex e-con-boxed e-con e-child\" data-id=\"2e59459f\" data-element_type=\"container\" data-e-type=\"container\">\n\t\t\t\t\t<div class=\"e-con-inner\">\n\t\t<div class=\"elementor-element elementor-element-2051bd1f e-con-full e-flex e-con e-child\" data-id=\"2051bd1f\" data-element_type=\"container\" data-e-type=\"container\">\n\t\t\t\t<div class=\"elementor-element elementor-element-8cabb4b elementor-widget elementor-widget-tec_events_elementor_widget_event_title\" data-id=\"8cabb4b\" data-element_type=\"widget\" data-e-type=\"widget\" data-widget_type=\"tec_events_elementor_widget_event_title.default\">\n\t\t\t\t<div class=\"elementor-widget-container\">\n\t\t\t\t\t<h1  class=\"tec-events-elementor-event-widget__title\" >\n\t2026 R\u00e9union d&rsquo;automne des membres<\/h1>\t\t\t\t<\/div>\n\t\t\t\t<\/div>\n\t\t\t\t<div class=\"elementor-element elementor-element-4a47765 elementor-widget elementor-widget-tec_events_elementor_widget_event_datetime\" data-id=\"4a47765\" data-element_type=\"widget\" data-e-type=\"widget\" data-widget_type=\"tec_events_elementor_widget_event_datetime.default\">\n\t\t\t\t<div class=\"elementor-widget-container\">\n\t\t\t\t\t<div  class=\"tec-events-elementor-event-widget__datetime-wrapper\" >\n\t\t<p  class=\"tec-events-elementor-event-widget__datetime\" >\n\t\t\t<span  class=\"tec-events-elementor-event-widget__datetime-date tec-events-elementor-event-widget__datetime-date--start\" >16 novembre 2026<\/span>\n\n\t\t\n\t<span  class=\"tec-events-elementor-event-widget__datetime-separator\" >\n\t  -  <\/span>\n\n\t<span  class=\"tec-events-elementor-event-widget__datetime-date tec-events-elementor-event-widget__datetime-date--end\" >19 novembre 2026<\/span>\n\n\t<\/p><\/div>\n\t\t\t\t<\/div>\n\t\t\t\t<\/div>\n\t\t\t\t<div class=\"elementor-element elementor-element-4eee940b elementor-widget elementor-widget-text-editor\" data-id=\"4eee940b\" data-element_type=\"widget\" data-e-type=\"widget\" data-widget_type=\"text-editor.default\">\n\t\t\t\t<div class=\"elementor-widget-container\">\n\t\t\t\t\t\t\t\t\t<p>L&rsquo;Association des biblioth\u00e8ques de recherche du Canada a le plaisir d&rsquo;inviter les directeurs membres \u00e0 la r\u00e9union d&rsquo;automne des membres de 2026. Ce rassemblement annuel constitue une plateforme essentielle pour l&rsquo;\u00e9change d&rsquo;id\u00e9es, la planification strat\u00e9gique et les discussions collaboratives qui fa\u00e7onnent l&rsquo;avenir des biblioth\u00e8ques de recherche \u00e0 travers le Canada.<\/p>\t\t\t\t\t\t\t\t<\/div>\n\t\t\t\t<\/div>\n\t\t\t\t<div class=\"elementor-element elementor-element-3d9edb79 elementor-hidden-desktop elementor-hidden-tablet_extra elementor-hidden-tablet elementor-hidden-mobile elementor-widget elementor-widget-button\" data-id=\"3d9edb79\" data-element_type=\"widget\" data-e-type=\"widget\" data-widget_type=\"button.default\">\n\t\t\t\t<div class=\"elementor-widget-container\">\n\t\t\t\t\t\t\t\t\t<div class=\"elementor-button-wrapper\">\n\t\t\t\t\t<a class=\"elementor-button elementor-button-link elementor-size-sm\" href=\"https:\/\/www.carl-abrc.ca\/wp-content\/uploads\/2025\/10\/Fall-Meeting-Program-2025_V1.pdf\">\n\t\t\t\t\t\t<span class=\"elementor-button-content-wrapper\">\n\t\t\t\t\t\t<span class=\"elementor-button-icon\">\n\t\t\t\t<svg aria-hidden=\"true\" class=\"e-font-icon-svg e-fas-file-pdf\" viewBox=\"0 0 384 512\" xmlns=\"http:\/\/www.w3.org\/2000\/svg\"><path d=\"M181.9 256.1c-5-16-4.9-46.9-2-46.9 8.4 0 7.6 36.9 2 46.9zm-1.7 47.2c-7.7 20.2-17.3 43.3-28.4 62.7 18.3-7 39-17.2 62.9-21.9-12.7-9.6-24.9-23.4-34.5-40.8zM86.1 428.1c0 .8 13.2-5.4 34.9-40.2-6.7 6.3-29.1 24.5-34.9 40.2zM248 160h136v328c0 13.3-10.7 24-24 24H24c-13.3 0-24-10.7-24-24V24C0 10.7 10.7 0 24 0h200v136c0 13.2 10.8 24 24 24zm-8 171.8c-20-12.2-33.3-29-42.7-53.8 4.5-18.5 11.6-46.6 6.2-64.2-4.7-29.4-42.4-26.5-47.8-6.8-5 18.3-.4 44.1 8.1 77-11.6 27.6-28.7 64.6-40.8 85.8-.1 0-.1.1-.2.1-27.1 13.9-73.6 44.5-54.5 68 5.6 6.9 16 10 21.5 10 17.9 0 35.7-18 61.1-61.8 25.8-8.5 54.1-19.1 79-23.2 21.7 11.8 47.1 19.5 64 19.5 29.2 0 31.2-32 19.7-43.4-13.9-13.6-54.3-9.7-73.6-7.2zM377 105L279 7c-4.5-4.5-10.6-7-17-7h-6v128h128v-6.1c0-6.3-2.5-12.4-7-16.9zm-74.1 255.3c4.1-2.7-2.5-11.9-42.8-9 37.1 15.8 42.8 9 42.8 9z\"><\/path><\/svg>\t\t\t<\/span>\n\t\t\t\t\t\t\t\t\t<span class=\"elementor-button-text\">2025 Fall Member Meeting Program (PDF)<\/span>\n\t\t\t\t\t<\/span>\n\t\t\t\t\t<\/a>\n\t\t\t\t<\/div>\n\t\t\t\t\t\t\t\t<\/div>\n\t\t\t\t<\/div>\n\t\t\t\t<\/div>\n\t\t<div class=\"elementor-element elementor-element-760d285d e-con-full e-flex e-con e-child\" data-id=\"760d285d\" data-element_type=\"container\" data-e-type=\"container\">\n\t\t\t\t<div class=\"elementor-element elementor-element-10635954 elementor-widget elementor-widget-tec_events_elementor_widget_event_venue\" data-id=\"10635954\" data-element_type=\"widget\" data-e-type=\"widget\" data-widget_type=\"tec_events_elementor_widget_event_venue.default\">\n\t\t\t\t<div class=\"elementor-widget-container\">\n\t\t\t\t\t<div  class=\"tec-events-elementor-event-widget__venue\" >\n\t\t\t\t<div  class=\"tec-events-elementor-event-widget__venue-container\" >\n\t\t\t\t<div  class=\"tec-events-elementor-event-widget__venue-details\" >\n\t<h3  class=\"tec-events-elementor-event-widget__venue-name\" >\n\tMontreal, Quebec<\/h3><div  class=\"tec-events-elementor-event-widget__venue-address\"  >\n\t<address  class=\"tec-events-elementor-event-widget__venue-address-address\" >\n\t<span class=\"tribe-address\">\n\n\n\t<span class=\"tribe-locality\">Montreal<\/span><span class=\"tribe-delimiter\">,<\/span>\n\n\t<abbr class=\"tribe-region tribe-events-abbr\" title=\"Quebec\">Quebec<\/abbr>\n\n\n\t<span class=\"tribe-country-name\">Canada<\/span>\n\n<\/span>\n<\/address>\n<p  class=\"tec-events-elementor-event-widget__venue-address-map-link\" >\n\t<a class=\"tribe-events-gmap\" href=\"https:\/\/maps.google.com\/maps?f=q&amp;source=s_q&amp;hl=en&amp;geocode=&amp;q=Montreal+Quebec+Canada\" title=\"Cliquez pour voir une carte Google Map\" target=\"_blank\" rel=\"noreferrer noopener\">+ Google Map<\/a><\/p>\n<\/div>\n<div  class=\"tec-events-elementor-event-widget__venue-phone\"  >\n\t<p  class=\"tec-events-elementor-event-widget__venue-phone-number\"  >\n\t\t\t\t\t<a  class=\"tec-events-elementor-event-widget__venue-phone-link\" \t\t\thref=\"tel:\"\n\t\t>\n\t\t\t\t\t\t<\/a>\n\t<\/p>\n<\/div>\n<div  class=\"tec-events-elementor-event-widget__venue-website\"  >\n\t<p  class=\"tec-events-elementor-event-widget__venue-website-url\" >\n\t<\/p>\n<\/div>\n<\/div>\n<div  class=\"tec-events-elementor-event-widget__venue-map\" >\n\t\n<iframe\n  title=\"L\u2018iframe Google maps affichant l\u2019adresse \u00e0 Montreal, Quebec\"\n  aria-label=\"Plan des lieux\"\n  width=\"100%\"\n  height=\"100%\"\n  frameborder=\"0\" style=\"border:0\"\n  src=\"https:\/\/www.google.com\/maps\/embed\/v1\/place?key=AIzaSyDNsicAsP6-VuGtAb1O9riI3oc_NOb7IOU&#038;q=Montreal+Quebec+Canada+&#038;zoom=10\" allowfullscreen>\n<\/iframe>\n<\/div>\n\t\t<\/div>\n\t<\/div>\n\t\t\t\t<\/div>\n\t\t\t\t<\/div>\n\t\t\t\t<\/div>\n\t\t\t\t\t<\/div>\n\t\t\t\t<\/div>\n\t\t\t\t<\/div>\n\t\t\t\t\t<\/div>\n\t\t<\/div>\n\t\t\t\t\t<\/div>\n\t\t<\/section>\n\t\t\t\t<section class=\"elementor-section elementor-top-section elementor-element elementor-element-48c803ce elementor-section-full_width elementor-section-stretched elementor-section-height-default elementor-section-height-default\" data-id=\"48c803ce\" data-element_type=\"section\" data-e-type=\"section\" data-settings=\"{&quot;background_background&quot;:&quot;classic&quot;,&quot;stretch_section&quot;:&quot;section-stretched&quot;,&quot;animation_mobile&quot;:&quot;none&quot;}\">\n\t\t\t\t\t\t\t<div class=\"elementor-background-overlay\"><\/div>\n\t\t\t\t\t\t\t<div class=\"elementor-container elementor-column-gap-default\">\n\t\t\t\t\t<div class=\"elementor-column elementor-col-100 elementor-top-column elementor-element elementor-element-4ec51d47\" data-id=\"4ec51d47\" data-element_type=\"column\" data-e-type=\"column\">\n\t\t\t<div class=\"elementor-widget-wrap elementor-element-populated\">\n\t\t\t\t\t\t<div class=\"elementor-element elementor-element-1e0acf51 e-n-tabs-mobile elementor-widget elementor-widget-n-tabs\" data-id=\"1e0acf51\" data-element_type=\"widget\" data-e-type=\"widget\" data-settings=\"{&quot;tabs_justify_horizontal&quot;:&quot;center&quot;,&quot;horizontal_scroll&quot;:&quot;disable&quot;}\" data-widget_type=\"nested-tabs.default\">\n\t\t\t\t<div class=\"elementor-widget-container\">\n\t\t\t\t\t\t\t<div class=\"e-n-tabs\" data-widget-number=\"504024913\" aria-label=\"Onglets. Ouvrez des \u00e9l\u00e9ments avec Entrer ou Espace, fermez-les avec Echape et naviguez \u00e0 l&#039;aide des touches fl\u00e9ch\u00e9es.\">\n\t\t\t<div class=\"e-n-tabs-heading\" role=\"tablist\">\n\t\t\t\t\t<button id=\"e-n-tab-title-5040249131\" data-tab-title-id=\"e-n-tab-title-5040249131\" class=\"e-n-tab-title\" aria-selected=\"true\" data-tab-index=\"1\" role=\"tab\" tabindex=\"0\" aria-controls=\"e-n-tab-content-5040249131\" style=\"--n-tabs-title-order: 1;\">\n\t\t\t\t\t\t<span class=\"e-n-tab-title-text\">\n\t\t\t\tComit\u00e9 de planification du programme\t\t\t<\/span>\n\t\t<\/button>\n\t\t\t\t<button id=\"e-n-tab-title-5040249132\" data-tab-title-id=\"e-n-tab-title-5040249132\" class=\"e-n-tab-title\" aria-selected=\"false\" data-tab-index=\"2\" role=\"tab\" tabindex=\"-1\" aria-controls=\"e-n-tab-content-5040249132\" style=\"--n-tabs-title-order: 2;\">\n\t\t\t\t\t\t<span class=\"e-n-tab-title-text\">\n\t\t\t\tH\u00e9bergement\t\t\t<\/span>\n\t\t<\/button>\n\t\t\t\t<button id=\"e-n-tab-title-5040249133\" data-tab-title-id=\"e-n-tab-title-5040249133\" class=\"e-n-tab-title\" aria-selected=\"false\" data-tab-index=\"3\" role=\"tab\" tabindex=\"-1\" aria-controls=\"e-n-tab-content-5040249133\" style=\"--n-tabs-title-order: 3;\">\n\t\t\t\t\t\t<span class=\"e-n-tab-title-text\">\n\t\t\t\tProgramme\t\t\t<\/span>\n\t\t<\/button>\n\t\t\t\t<button id=\"e-n-tab-title-5040249134\" data-tab-title-id=\"e-n-tab-title-5040249134\" class=\"e-n-tab-title\" aria-selected=\"false\" data-tab-index=\"4\" role=\"tab\" tabindex=\"-1\" aria-controls=\"e-n-tab-content-5040249134\" style=\"--n-tabs-title-order: 4;\">\n\t\t\t\t\t\t<span class=\"e-n-tab-title-text\">\n\t\t\t\tSessions\t\t\t<\/span>\n\t\t<\/button>\n\t\t\t\t<button id=\"e-n-tab-title-5040249135\" data-tab-title-id=\"e-n-tab-title-5040249135\" class=\"e-n-tab-title\" aria-selected=\"false\" data-tab-index=\"5\" role=\"tab\" tabindex=\"-1\" aria-controls=\"e-n-tab-content-5040249135\" style=\"--n-tabs-title-order: 5;\">\n\t\t\t\t\t\t<span class=\"e-n-tab-title-text\">\n\t\t\t\tConf\u00e9renciers.\u00e8res\t\t\t<\/span>\n\t\t<\/button>\n\t\t\t\t<button id=\"e-n-tab-title-5040249136\" data-tab-title-id=\"e-n-tab-title-5040249136\" class=\"e-n-tab-title\" aria-selected=\"false\" data-tab-index=\"6\" role=\"tab\" tabindex=\"-1\" aria-controls=\"e-n-tab-content-5040249136\" style=\"--n-tabs-title-order: 6;\">\n\t\t\t\t\t\t<span class=\"e-n-tab-title-text\">\n\t\t\t\tR\u00e9unions r\u00e9centes\t\t\t<\/span>\n\t\t<\/button>\n\t\t\t\t\t<\/div>\n\t\t\t<div class=\"e-n-tabs-content\">\n\t\t\t\t<div id=\"e-n-tab-content-5040249131\" role=\"tabpanel\" aria-labelledby=\"e-n-tab-title-5040249131\" data-tab-index=\"1\" style=\"--n-tabs-title-order: 1;\" class=\"e-active elementor-element elementor-element-4da1454e e-flex e-con-boxed e-con e-child\" data-id=\"4da1454e\" data-element_type=\"container\" data-e-type=\"container\">\n\t\t\t\t\t<div class=\"e-con-inner\">\n\t\t\t\t<div class=\"elementor-element elementor-element-87dc9bc elementor-widget elementor-widget-heading\" data-id=\"87dc9bc\" data-element_type=\"widget\" data-e-type=\"widget\" data-widget_type=\"heading.default\">\n\t\t\t\t<div class=\"elementor-widget-container\">\n\t\t\t\t\t<h2 class=\"elementor-heading-title elementor-size-default\">Comit\u00e9 de planification du programme - automne 2026<\/h2>\t\t\t\t<\/div>\n\t\t\t\t<\/div>\n\t\t\t\t<div class=\"elementor-element elementor-element-c4bb5f5 elementor-widget elementor-widget-text-editor\" data-id=\"c4bb5f5\" data-element_type=\"widget\" data-e-type=\"widget\" data-widget_type=\"text-editor.default\">\n\t\t\t\t<div class=\"elementor-widget-container\">\n\t\t\t\t\t\t\t\t\t<p>Le programme de la <strong data-start=\"19\" data-end=\"57\">R\u00e9union d&rsquo;automne des membres de l\u2019ABRC 2026<\/strong> est \u00e9labor\u00e9 par un comit\u00e9 compos\u00e9 de membres de l\u2019ABRC repr\u00e9sentant une diversit\u00e9 de perspectives et de domaines d\u2019expertise au sein de la communaut\u00e9 canadienne des biblioth\u00e8ques de recherche. Le <strong data-start=\"254\" data-end=\"294\">comit\u00e9 de planification du programme<\/strong> est compos\u00e9 des personnes suivantes :<\/p><p><strong>Talia Chung<\/strong><br \/>Biblioth\u00e9caire en chef et doyenne des biblioth\u00e8ques<br \/>University of Ottawa<\/p><p><strong>Geoffrey Little<\/strong><br \/>Vice-Provost and University Librarian<br \/>Western University<\/p><p><strong>Amy Buckland<\/strong><br \/>University Librarian<br \/>Concordia University<\/p><p><strong>Anne Seymour<\/strong><br \/>Vice Provost (Libraries) &amp; University Librarian<br \/>University of Manitoba<\/p>\t\t\t\t\t\t\t\t<\/div>\n\t\t\t\t<\/div>\n\t\t\t\t\t<\/div>\n\t\t\t\t<\/div>\n\t\t<div id=\"e-n-tab-content-5040249132\" role=\"tabpanel\" aria-labelledby=\"e-n-tab-title-5040249132\" data-tab-index=\"2\" style=\"--n-tabs-title-order: 2;\" class=\" elementor-element elementor-element-6cea50a3 e-con-full e-flex e-con e-child\" data-id=\"6cea50a3\" data-element_type=\"container\" data-e-type=\"container\">\n\t\t\t\t<div class=\"elementor-element elementor-element-26f9773 elementor-widget elementor-widget-text-editor\" data-id=\"26f9773\" data-element_type=\"widget\" data-e-type=\"widget\" data-widget_type=\"text-editor.default\">\n\t\t\t\t<div class=\"elementor-widget-container\">\n\t\t\t\t\t\t\t\t\t<h2>H\u00e9bergement<\/h2><p><strong>Fairmont The Queen Elizabeth<\/strong><br \/>900 Boul. Ren\u00e9-L\u00e9vesque Ouest<br \/>Montr\u00e9al, Qu\u00e9bec, H3B 4A5<br \/>Tel: <span aria-label=\"Call Phone Number (514) 861-3511\">(514) 861-3511<\/span><br \/><a href=\"https:\/\/www.fairmont.com\/en\/hotels\/montreal\/fairmont-the-queen-elizabeth.html\">Site web de l&rsquo;hotel<\/a><\/p>\t\t\t\t\t\t\t\t<\/div>\n\t\t\t\t<\/div>\n\t\t\t\t<div class=\"elementor-element elementor-element-3482b99a elementor-hidden-desktop elementor-hidden-tablet_extra elementor-hidden-tablet elementor-hidden-mobile elementor-widget elementor-widget-button\" data-id=\"3482b99a\" data-element_type=\"widget\" data-e-type=\"widget\" data-widget_type=\"button.default\">\n\t\t\t\t<div class=\"elementor-widget-container\">\n\t\t\t\t\t\t\t\t\t<div class=\"elementor-button-wrapper\">\n\t\t\t\t\t<a class=\"elementor-button elementor-button-link elementor-size-sm\" href=\"https:\/\/book.passkey.com\/event\/50918431\/owner\/56393\/home\" target=\"_blank\">\n\t\t\t\t\t\t<span class=\"elementor-button-content-wrapper\">\n\t\t\t\t\t\t<span class=\"elementor-button-icon\">\n\t\t\t\t<svg aria-hidden=\"true\" class=\"e-font-icon-svg e-fas-external-link-square-alt\" viewBox=\"0 0 448 512\" xmlns=\"http:\/\/www.w3.org\/2000\/svg\"><path d=\"M448 80v352c0 26.51-21.49 48-48 48H48c-26.51 0-48-21.49-48-48V80c0-26.51 21.49-48 48-48h352c26.51 0 48 21.49 48 48zm-88 16H248.029c-21.313 0-32.08 25.861-16.971 40.971l31.984 31.987L67.515 364.485c-4.686 4.686-4.686 12.284 0 16.971l31.029 31.029c4.687 4.686 12.285 4.686 16.971 0l195.526-195.526 31.988 31.991C358.058 263.977 384 253.425 384 231.979V120c0-13.255-10.745-24-24-24z\"><\/path><\/svg>\t\t\t<\/span>\n\t\t\t\t\t\t\t\t\t<span class=\"elementor-button-text\">Booking Link<\/span>\n\t\t\t\t\t<\/span>\n\t\t\t\t\t<\/a>\n\t\t\t\t<\/div>\n\t\t\t\t\t\t\t\t<\/div>\n\t\t\t\t<\/div>\n\t\t\t\t<\/div>\n\t\t<div id=\"e-n-tab-content-5040249133\" role=\"tabpanel\" aria-labelledby=\"e-n-tab-title-5040249133\" data-tab-index=\"3\" style=\"--n-tabs-title-order: 3;\" class=\" elementor-element elementor-element-6b849924 e-con-full e-flex e-con e-child\" data-id=\"6b849924\" data-element_type=\"container\" data-e-type=\"container\">\n\t\t\t\t<div class=\"elementor-element elementor-element-4c4e2c74 elementor-hidden-desktop elementor-hidden-tablet_extra elementor-hidden-tablet elementor-hidden-mobile e-n-tabs-mobile elementor-widget elementor-widget-n-tabs\" data-id=\"4c4e2c74\" data-element_type=\"widget\" data-e-type=\"widget\" data-settings=\"{&quot;horizontal_scroll&quot;:&quot;disable&quot;}\" data-widget_type=\"nested-tabs.default\">\n\t\t\t\t<div class=\"elementor-widget-container\">\n\t\t\t\t\t\t\t<div class=\"e-n-tabs\" data-widget-number=\"1280191604\" aria-label=\"Onglets. Ouvrez des \u00e9l\u00e9ments avec Entrer ou Espace, fermez-les avec Echape et naviguez \u00e0 l&#039;aide des touches fl\u00e9ch\u00e9es.\">\n\t\t\t<div class=\"e-n-tabs-heading\" role=\"tablist\">\n\t\t\t\t\t<button id=\"e-n-tab-title-12801916041\" data-tab-title-id=\"e-n-tab-title-12801916041\" class=\"e-n-tab-title\" aria-selected=\"true\" data-tab-index=\"1\" role=\"tab\" tabindex=\"0\" aria-controls=\"e-n-tab-content-12801916041\" style=\"--n-tabs-title-order: 1;\">\n\t\t\t\t\t\t<span class=\"e-n-tab-title-text\">\n\t\t\t\tMonday November 17\t\t\t<\/span>\n\t\t<\/button>\n\t\t\t\t<button id=\"e-n-tab-title-12801916042\" data-tab-title-id=\"e-n-tab-title-12801916042\" class=\"e-n-tab-title\" aria-selected=\"false\" data-tab-index=\"2\" role=\"tab\" tabindex=\"-1\" aria-controls=\"e-n-tab-content-12801916042\" style=\"--n-tabs-title-order: 2;\">\n\t\t\t\t\t\t<span class=\"e-n-tab-title-text\">\n\t\t\t\tTuesday November 18\t\t\t<\/span>\n\t\t<\/button>\n\t\t\t\t<button id=\"e-n-tab-title-12801916043\" data-tab-title-id=\"e-n-tab-title-12801916043\" class=\"e-n-tab-title\" aria-selected=\"false\" data-tab-index=\"3\" role=\"tab\" tabindex=\"-1\" aria-controls=\"e-n-tab-content-12801916043\" style=\"--n-tabs-title-order: 3;\">\n\t\t\t\t\t\t<span class=\"e-n-tab-title-text\">\n\t\t\t\tWednesday November 19\t\t\t<\/span>\n\t\t<\/button>\n\t\t\t\t<button id=\"e-n-tab-title-12801916044\" data-tab-title-id=\"e-n-tab-title-12801916044\" class=\"e-n-tab-title\" aria-selected=\"false\" data-tab-index=\"4\" role=\"tab\" tabindex=\"-1\" aria-controls=\"e-n-tab-content-12801916044\" style=\"--n-tabs-title-order: 4;\">\n\t\t\t\t\t\t<span class=\"e-n-tab-title-text\">\n\t\t\t\tThursday November 20\t\t\t<\/span>\n\t\t<\/button>\n\t\t\t\t\t<\/div>\n\t\t\t<div class=\"e-n-tabs-content\">\n\t\t\t\t<div id=\"e-n-tab-content-12801916041\" role=\"tabpanel\" aria-labelledby=\"e-n-tab-title-12801916041\" data-tab-index=\"1\" style=\"--n-tabs-title-order: 1;\" class=\"e-active elementor-element elementor-element-629365c1 e-con-full e-flex e-con e-child\" data-id=\"629365c1\" data-element_type=\"container\" data-e-type=\"container\">\n\t\t\t\t<div class=\"elementor-element elementor-element-341dc44d elementor-widget elementor-widget-tablepress-table\" data-id=\"341dc44d\" data-element_type=\"widget\" data-e-type=\"widget\" data-widget_type=\"tablepress-table.default\">\n\t\t\t\t\t\n<table id=\"tablepress-31\" class=\"tablepress tablepress-id-31 tbody-has-connected-cells\">\n<thead>\n<tr class=\"row-1\">\n\t<th class=\"column-1\"><strong>Time<\/strong><\/th><th class=\"column-2\"><strong>Session<\/strong><\/th><th class=\"column-3\"><\/strong>Room<strong><\/th>\n<\/tr>\n<\/thead>\n<tbody class=\"row-striping row-hover\">\n<tr class=\"row-2\">\n\t<td class=\"column-1\">8:30-9:00<\/td><td class=\"column-2\">Board Breakfast<\/td><td class=\"column-3\">Aux Chantignoles<\/td>\n<\/tr>\n<tr class=\"row-3\">\n\t<td class=\"column-1\">9:00-16:30<\/td><td class=\"column-2\">Board Meeting<\/td><td class=\"column-3\">Prince Edward Island<\/td>\n<\/tr>\n<tr class=\"row-4\">\n\t<td class=\"column-1\">16:30<\/td><td colspan=\"2\" class=\"column-2\">Bus Departs to Montebello<\/td>\n<\/tr>\n<tr class=\"row-5\">\n\t<td class=\"column-1\">18:30-20:30<\/td><td class=\"column-2\">President\u2019s Opening Reception<\/td><td class=\"column-3\">Curling house<\/td>\n<\/tr>\n<\/tbody>\n<\/table>\n<!-- #tablepress-31 from cache -->\t\t\t\t<\/div>\n\t\t\t\t<\/div>\n\t\t<div id=\"e-n-tab-content-12801916042\" role=\"tabpanel\" aria-labelledby=\"e-n-tab-title-12801916042\" data-tab-index=\"2\" style=\"--n-tabs-title-order: 2;\" class=\" elementor-element elementor-element-284b8144 e-con-full e-flex e-con e-child\" data-id=\"284b8144\" data-element_type=\"container\" data-e-type=\"container\">\n\t\t\t\t<div class=\"elementor-element elementor-element-6656d8d1 elementor-widget elementor-widget-tablepress-table\" data-id=\"6656d8d1\" data-element_type=\"widget\" data-e-type=\"widget\" data-widget_type=\"tablepress-table.default\">\n\t\t\t\t\t\n<table id=\"tablepress-32\" class=\"tablepress tablepress-id-32 tbody-has-connected-cells\">\n<thead>\n<tr class=\"row-1\">\n\t<th class=\"column-1\"><strong>Time<\/strong><\/th><th class=\"column-2\"><strong>Session<\/strong><\/th><th class=\"column-3\"><strong>Room<\/strong><\/th>\n<\/tr>\n<\/thead>\n<tbody class=\"row-striping row-hover\">\n<tr class=\"row-2\">\n\t<td class=\"column-1\">7:45-8:30<\/td><td class=\"column-2\">Breakfast<\/td><td class=\"column-3\">Aux Chantignoles<\/td>\n<\/tr>\n<tr class=\"row-3\">\n\t<td class=\"column-1\">8:30-9:30<\/td><td class=\"column-2\">Strengthening Capacity Committee<\/td><td class=\"column-3\">Montebello<\/td>\n<\/tr>\n<tr class=\"row-4\">\n\t<td class=\"column-1\">9:30-9:45<\/td><td class=\"column-2\">Break<\/td><td class=\"column-3\">Montebello<\/td>\n<\/tr>\n<tr class=\"row-5\">\n\t<td class=\"column-1\">9:45-11:00<\/td><td class=\"column-2\">Impact Committee<\/td><td class=\"column-3\">Montebello<\/td>\n<\/tr>\n<tr class=\"row-6\">\n\t<td class=\"column-1\">11:00-11:15<\/td><td class=\"column-2\">Break<\/td><td class=\"column-3\">Montebello<\/td>\n<\/tr>\n<tr class=\"row-7\">\n\t<td class=\"column-1\">11:15-12:15<\/td><td class=\"column-2\">Advancing Teaching and Learning Committee<\/td><td class=\"column-3\">Montebello<\/td>\n<\/tr>\n<tr class=\"row-8\">\n\t<td class=\"column-1\">12:15-13:45<\/td><td class=\"column-2\">Lunch<\/td><td class=\"column-3\">Aux Chantignoles<\/td>\n<\/tr>\n<tr class=\"row-9\">\n\t<td class=\"column-1\">13:45-15:00<\/td><td class=\"column-2\">Advancing Research Committee<\/td><td class=\"column-3\">Montebello<\/td>\n<\/tr>\n<tr class=\"row-10\">\n\t<td class=\"column-1\">15:00-15:15<\/td><td class=\"column-2\">Break<\/td><td class=\"column-3\">Gatineau<\/td>\n<\/tr>\n<tr class=\"row-11\">\n\t<td class=\"column-1\">15:15-16:30<\/td><td class=\"column-2\">Policy and Advocacy Committee<\/td><td class=\"column-3\">Montebello<\/td>\n<\/tr>\n<tr class=\"row-12\">\n\t<td class=\"column-1\">18:00<\/td><td colspan=\"2\" class=\"column-2\">Dine around with colleagues<\/td>\n<\/tr>\n<\/tbody>\n<\/table>\n<!-- #tablepress-32 from cache -->\t\t\t\t<\/div>\n\t\t\t\t<\/div>\n\t\t<div id=\"e-n-tab-content-12801916043\" role=\"tabpanel\" aria-labelledby=\"e-n-tab-title-12801916043\" data-tab-index=\"3\" style=\"--n-tabs-title-order: 3;\" class=\" elementor-element elementor-element-6f73cfb1 e-con-full e-flex e-con e-child\" data-id=\"6f73cfb1\" data-element_type=\"container\" data-e-type=\"container\">\n\t\t\t\t<div class=\"elementor-element elementor-element-7e1a7b7b elementor-widget elementor-widget-tablepress-table\" data-id=\"7e1a7b7b\" data-element_type=\"widget\" data-e-type=\"widget\" data-widget_type=\"tablepress-table.default\">\n\t\t\t\t\t\n<table id=\"tablepress-33\" class=\"tablepress tablepress-id-33 tbody-has-connected-cells\">\n<thead>\n<tr class=\"row-1\">\n\t<th class=\"column-1\"><strong>Time<\/strong><\/th><th class=\"column-2\"><strong>Session<\/strong><\/th><th class=\"column-3\"><strong>Speakers<\/strong><\/th><th class=\"column-4\"><strong>Room<\/strong><\/th>\n<\/tr>\n<\/thead>\n<tbody class=\"row-striping row-hover\">\n<tr class=\"row-2\">\n\t<td class=\"column-1\">7:45-8:45<\/td><td colspan=\"2\" class=\"column-2\">Breakfast<\/td><td class=\"column-4\">Aux Chantignoles<\/td>\n<\/tr>\n<tr class=\"row-3\">\n\t<td class=\"column-1\">8:45-9:00<\/td><td class=\"column-2\">Opening Remarks<\/td><td class=\"column-3\">Mary-Jo Romaniuk<\/td><td class=\"column-4\">Canada<\/td>\n<\/tr>\n<tr class=\"row-4\">\n\t<td class=\"column-1\">9:00-9:30<\/td><td class=\"column-2\">Study Tour Report<\/td><td class=\"column-3\">Vivian Lewis<br \/>\nSt\u00e9phanie Gagnon<\/td><td class=\"column-4\">Canada<\/td>\n<\/tr>\n<tr class=\"row-5\">\n\t<td class=\"column-1\">9:30-11:00<\/td><td class=\"column-2\">Panel: Open Science in Canada: Needs and Outlooks<\/td><td class=\"column-3\">Dr. Vincent Larivi\u00e8re<br \/>\nKathleen Shearer<br \/>\nDavid Tweddell<br \/>\nDr. Stefanie Haustein<\/td><td class=\"column-4\">Canada<\/td>\n<\/tr>\n<tr class=\"row-6\">\n\t<td class=\"column-1\">11:00-11:30<\/td><td colspan=\"2\" class=\"column-2\">Break<\/td><td class=\"column-4\">Mezzanine Canada<\/td>\n<\/tr>\n<tr class=\"row-7\">\n\t<td class=\"column-1\">11:30-12:30<\/td><td class=\"column-2\">Plenary Discussion: Open Science Opportunities for CARL Institutions<\/td><td class=\"column-3\">Susan Haigh<br \/>\nMark Swartz<\/td><td class=\"column-4\">Canada<\/td>\n<\/tr>\n<tr class=\"row-8\">\n\t<td class=\"column-1\">12:30-13:30<\/td><td colspan=\"2\" class=\"column-2\">Lunch<\/td><td class=\"column-4\">Aux Chantignoles<\/td>\n<\/tr>\n<tr class=\"row-9\">\n\t<td class=\"column-1\">13:00-14:30<\/td><td class=\"column-2\">Intellectual Freedom Needs Civil Discourse Needs Intellectual Freedom: Making the Case for a Virtuous Cycle<\/td><td class=\"column-3\">Randy Boyagoda<\/td><td class=\"column-4\">Canada<\/td>\n<\/tr>\n<tr class=\"row-10\">\n\t<td class=\"column-1\">14:30-15:00<\/td><td class=\"column-2\">Intellectual Freedom Plenary Discussion<\/td><td class=\"column-3\">Chair: Joseph Hafner<\/td><td class=\"column-4\">Canada<\/td>\n<\/tr>\n<tr class=\"row-11\">\n\t<td class=\"column-1\">15:00-15:30<\/td><td colspan=\"2\" class=\"column-2\">Break<\/td><td class=\"column-4\">Mezzanine Canada<\/td>\n<\/tr>\n<tr class=\"row-12\">\n\t<td class=\"column-1\">15:30-17:00<\/td><td class=\"column-2\">Exploring Three GenAI Questions<\/td><td class=\"column-3\">Su Cleyle<br \/>\nJanice Kung<\/td><td class=\"column-4\">Canada<\/td>\n<\/tr>\n<tr class=\"row-13\">\n\t<td class=\"column-1\">18:30-21:00<\/td><td colspan=\"2\" class=\"column-2\">CARL Dinner and Awards Ceremony<\/td><td class=\"column-4\">The Nymark Restaurant (in Chateau Montebello)<\/td>\n<\/tr>\n<\/tbody>\n<\/table>\n<!-- #tablepress-33 from cache -->\t\t\t\t<\/div>\n\t\t\t\t<\/div>\n\t\t<div id=\"e-n-tab-content-12801916044\" role=\"tabpanel\" aria-labelledby=\"e-n-tab-title-12801916044\" data-tab-index=\"4\" style=\"--n-tabs-title-order: 4;\" class=\" elementor-element elementor-element-2e4677f4 e-flex e-con-boxed e-con e-child\" data-id=\"2e4677f4\" data-element_type=\"container\" data-e-type=\"container\">\n\t\t\t\t\t<div class=\"e-con-inner\">\n\t\t\t\t<div class=\"elementor-element elementor-element-2bd25795 elementor-widget elementor-widget-tablepress-table\" data-id=\"2bd25795\" data-element_type=\"widget\" data-e-type=\"widget\" data-widget_type=\"tablepress-table.default\">\n\t\t\t\t\t\n<table id=\"tablepress-34\" class=\"tablepress tablepress-id-34 tbody-has-connected-cells\">\n<thead>\n<tr class=\"row-1\">\n\t<th class=\"column-1\"><strong>Time<\/strong><\/th><th class=\"column-2\"><strong>Session<\/strong><\/th><th class=\"column-3\"><strong>Speaker<\/strong><\/th><th class=\"column-4\"><strong>Room<\/strong><\/th>\n<\/tr>\n<\/thead>\n<tbody class=\"row-striping row-hover\">\n<tr class=\"row-2\">\n\t<td class=\"column-1\">8:00-9:00<\/td><td colspan=\"2\" class=\"column-2\">Breakfast<\/td><td class=\"column-4\">Aux Chantignoles<\/td>\n<\/tr>\n<tr class=\"row-3\">\n\t<td class=\"column-1\">9:00-10:15<\/td><td class=\"column-2\">Navigating Uncertainty: The View from Harvard<\/td><td class=\"column-3\">Martha Whitehead<\/td><td class=\"column-4\">Canada<\/td>\n<\/tr>\n<tr class=\"row-4\">\n\t<td class=\"column-1\">10:15-10:30<\/td><td colspan=\"2\" class=\"column-2\">Break<\/td><td class=\"column-4\">Mezzanine Canada<\/td>\n<\/tr>\n<tr class=\"row-5\">\n\t<td class=\"column-1\">10:30-12:00<\/td><td class=\"column-2\">Director\u2019s Workshop - Adapting Organizational Structures to Changing Landscapes<\/td><td class=\"column-3\">Su Cleyle<\/td><td class=\"column-4\">Canada<\/td>\n<\/tr>\n<tr class=\"row-6\">\n\t<td class=\"column-1\">12:00-13:15<\/td><td colspan=\"2\" class=\"column-2\">Lunch \/ Board Working Lunch<\/td><td class=\"column-4\">Aux Chantignoles \/ Prince Edward Island<\/td>\n<\/tr>\n<tr class=\"row-7\">\n\t<td class=\"column-1\">13:15-14:30<\/td><td class=\"column-2\">Business Meeting<\/td><td class=\"column-3\">Mary-Jo Romaniuk<\/td><td class=\"column-4\">Canada<\/td>\n<\/tr>\n<tr class=\"row-8\">\n\t<td class=\"column-1\">15:00<\/td><td colspan=\"3\" class=\"column-2\">Bus Departs to Ottawa<\/td>\n<\/tr>\n<\/tbody>\n<\/table>\n<!-- #tablepress-34 from cache -->\t\t\t\t<\/div>\n\t\t\t\t\t<\/div>\n\t\t\t\t<\/div>\n\t\t\t\t\t<\/div>\n\t\t<\/div>\n\t\t\t\t\t\t<\/div>\n\t\t\t\t<\/div>\n\t\t\t\t<div class=\"elementor-element elementor-element-3e81526 elementor-widget elementor-widget-text-editor\" data-id=\"3e81526\" data-element_type=\"widget\" data-e-type=\"widget\" data-widget_type=\"text-editor.default\">\n\t\t\t\t<div class=\"elementor-widget-container\">\n\t\t\t\t\t\t\t\t\t<p>\u00c0 d\u00e9terminer.<\/p>\t\t\t\t\t\t\t\t<\/div>\n\t\t\t\t<\/div>\n\t\t\t\t<div class=\"elementor-element elementor-element-5c5789f6 elementor-hidden-desktop elementor-hidden-tablet_extra elementor-hidden-tablet elementor-hidden-mobile elementor-widget elementor-widget-button\" data-id=\"5c5789f6\" data-element_type=\"widget\" data-e-type=\"widget\" data-widget_type=\"button.default\">\n\t\t\t\t<div class=\"elementor-widget-container\">\n\t\t\t\t\t\t\t\t\t<div class=\"elementor-button-wrapper\">\n\t\t\t\t\t<a class=\"elementor-button elementor-button-link elementor-size-sm\" href=\"https:\/\/www.carl-abrc.ca\/wp-content\/uploads\/2025\/10\/Fall-Meeting-Program-2025_V1.pdf\">\n\t\t\t\t\t\t<span class=\"elementor-button-content-wrapper\">\n\t\t\t\t\t\t<span class=\"elementor-button-icon\">\n\t\t\t\t<svg aria-hidden=\"true\" class=\"e-font-icon-svg e-fas-file-pdf\" viewBox=\"0 0 384 512\" xmlns=\"http:\/\/www.w3.org\/2000\/svg\"><path d=\"M181.9 256.1c-5-16-4.9-46.9-2-46.9 8.4 0 7.6 36.9 2 46.9zm-1.7 47.2c-7.7 20.2-17.3 43.3-28.4 62.7 18.3-7 39-17.2 62.9-21.9-12.7-9.6-24.9-23.4-34.5-40.8zM86.1 428.1c0 .8 13.2-5.4 34.9-40.2-6.7 6.3-29.1 24.5-34.9 40.2zM248 160h136v328c0 13.3-10.7 24-24 24H24c-13.3 0-24-10.7-24-24V24C0 10.7 10.7 0 24 0h200v136c0 13.2 10.8 24 24 24zm-8 171.8c-20-12.2-33.3-29-42.7-53.8 4.5-18.5 11.6-46.6 6.2-64.2-4.7-29.4-42.4-26.5-47.8-6.8-5 18.3-.4 44.1 8.1 77-11.6 27.6-28.7 64.6-40.8 85.8-.1 0-.1.1-.2.1-27.1 13.9-73.6 44.5-54.5 68 5.6 6.9 16 10 21.5 10 17.9 0 35.7-18 61.1-61.8 25.8-8.5 54.1-19.1 79-23.2 21.7 11.8 47.1 19.5 64 19.5 29.2 0 31.2-32 19.7-43.4-13.9-13.6-54.3-9.7-73.6-7.2zM377 105L279 7c-4.5-4.5-10.6-7-17-7h-6v128h128v-6.1c0-6.3-2.5-12.4-7-16.9zm-74.1 255.3c4.1-2.7-2.5-11.9-42.8-9 37.1 15.8 42.8 9 42.8 9z\"><\/path><\/svg>\t\t\t<\/span>\n\t\t\t\t\t\t\t\t\t<span class=\"elementor-button-text\">2025 Fall Member Meeting Program (PDF)<\/span>\n\t\t\t\t\t<\/span>\n\t\t\t\t\t<\/a>\n\t\t\t\t<\/div>\n\t\t\t\t\t\t\t\t<\/div>\n\t\t\t\t<\/div>\n\t\t\t\t<\/div>\n\t\t<div id=\"e-n-tab-content-5040249134\" role=\"tabpanel\" aria-labelledby=\"e-n-tab-title-5040249134\" data-tab-index=\"4\" style=\"--n-tabs-title-order: 4;\" class=\" elementor-element elementor-element-2623a297 e-flex e-con-boxed e-con e-child\" data-id=\"2623a297\" data-element_type=\"container\" data-e-type=\"container\">\n\t\t\t\t\t<div class=\"e-con-inner\">\n\t\t\t\t<div class=\"elementor-element elementor-element-498fd6de elementor-hidden-desktop elementor-hidden-tablet_extra elementor-hidden-tablet elementor-hidden-mobile elementor-widget elementor-widget-n-accordion\" data-id=\"498fd6de\" data-element_type=\"widget\" data-e-type=\"widget\" data-settings=\"{&quot;default_state&quot;:&quot;all_collapsed&quot;,&quot;max_items_expended&quot;:&quot;one&quot;,&quot;n_accordion_animation_duration&quot;:{&quot;unit&quot;:&quot;ms&quot;,&quot;size&quot;:400,&quot;sizes&quot;:[]}}\" data-widget_type=\"nested-accordion.default\">\n\t\t\t\t<div class=\"elementor-widget-container\">\n\t\t\t\t\t\t\t<div class=\"e-n-accordion\" aria-label=\"Accordion. Open links with Enter or Space, close with Escape, and navigate with Arrow Keys\">\n\t\t\t\t\t\t<details id=\"e-n-accordion-item-1230\" class=\"e-n-accordion-item\" >\n\t\t\t\t<summary class=\"e-n-accordion-item-title\" data-accordion-index=\"1\" tabindex=\"0\" aria-expanded=\"false\" aria-controls=\"e-n-accordion-item-1230\" >\n\t\t\t\t\t<span class='e-n-accordion-item-title-header'><div class=\"e-n-accordion-item-title-text\"> Study Tour Report <\/div><\/span>\n\t\t\t\t\t\t\t\t\t<\/summary>\n\t\t\t\t<div role=\"region\" aria-labelledby=\"e-n-accordion-item-1230\" class=\"elementor-element elementor-element-40ff8585 e-con-full e-flex e-con e-child\" data-id=\"40ff8585\" data-element_type=\"container\" data-e-type=\"container\">\n\t\t\t\t<div class=\"elementor-element elementor-element-10bab6 elementor-widget elementor-widget-text-editor\" data-id=\"10bab6\" data-element_type=\"widget\" data-e-type=\"widget\" data-widget_type=\"text-editor.default\">\n\t\t\t\t<div class=\"elementor-widget-container\">\n\t\t\t\t\t\t\t\t\t<p><strong>Wednesday, November 19, 2025,\u00a0 9h00 ET \u2013 9h30 ET<\/strong><\/p><p><strong>Chair:<\/strong> \u00a0Mary-Jo Romaniuk<br \/><strong>Speakers:<\/strong> St\u00e9phanie Gagnon, Universit\u00e9 de Montr\u00e9al and Vivian Lewis, McMaster University\u00a0<\/p><p>CARL organized a study tour of selected libraries, archives and research centres in Belgium, France, and Switzerland between June 22 and July 2, 2026.\u00a0 The delegation included member directors (Deans of Libraries \/ University Librarians) from seventeen research libraries across Canada, plus two members of the CARL staff.\u00a0 12 members of the delegation continued on to Lausanne, Switzerland to attend LIBER, the Ligue des Biblioth\u00e8ques Europ\u00e9ennes de Recherche\u2019s conference.\u00a0\u00a0<\/p><p>The overall objective of the tour was to create dialogue, information exchange and potential partnerships between research libraries in Canada and Europe.<\/p><p>Presenters will share with CARL members key takeaways from those meetings in the areas of open science, the impacts of and responses to changing political and funding environments, the work of European and national academic and research library associations, research assessment reform, and research libraries\u2019 documentary heritage collections, facilities, and service innovations.<\/p>\t\t\t\t\t\t\t\t<\/div>\n\t\t\t\t<\/div>\n\t\t\t\t<\/div>\n\t\t\t\t\t<\/details>\n\t\t\t\t\t\t<details id=\"e-n-accordion-item-1231\" class=\"e-n-accordion-item\" >\n\t\t\t\t<summary class=\"e-n-accordion-item-title\" data-accordion-index=\"2\" tabindex=\"-1\" aria-expanded=\"false\" aria-controls=\"e-n-accordion-item-1231\" >\n\t\t\t\t\t<span class='e-n-accordion-item-title-header'><div class=\"e-n-accordion-item-title-text\"> Panel: Open Science in Canada: Needs and Outlooks <\/div><\/span>\n\t\t\t\t\t\t\t\t\t<\/summary>\n\t\t\t\t<div role=\"region\" aria-labelledby=\"e-n-accordion-item-1231\" class=\"elementor-element elementor-element-642592b9 e-con-full e-flex e-con e-child\" data-id=\"642592b9\" data-element_type=\"container\" data-e-type=\"container\">\n\t\t\t\t<div class=\"elementor-element elementor-element-1883bb78 elementor-widget elementor-widget-text-editor\" data-id=\"1883bb78\" data-element_type=\"widget\" data-e-type=\"widget\" data-widget_type=\"text-editor.default\">\n\t\t\t\t<div class=\"elementor-widget-container\">\n\t\t\t\t\t\t\t\t\t<p><strong>Wednesday, November 19, 2025, 9:30 am ET \u2013 11:00 pm ET<br \/><br \/><\/strong><strong>Chair:<\/strong> Mary Jo Romaniuk<br \/><br \/><strong>Speakers:<\/strong> <br \/>Dr. Vincent Larivi\u00e8re, Professor, Faculty of Library and Information Sciences (EBSI), Universit\u00e9 de Montr\u00e9al<br \/>Kathleen Shearer, Executive Director, Confederation of Open Access Repositories (COAR)<br \/>David Tweddell, Interim Vice President, Strategy and Planning, Digital Research Alliance of Canada<br \/>Dr. Stefanie Haustein, Associate Professor, School of Information Studies, University of Ottawa<\/p><p><strong>Description:<\/strong><br \/>First, each presenter will make short (5-7 minutes) opening remarks, speaking to the area of open science that aligns with their work and expertise (diamond publishing, repositories, RDM &amp; software, and research assessment, respectively), offering insights regarding to where we are currently, what has been most instrumental driving progress, and what is needed now for Canada to move forward. This will be followed by a guided discussion on common themes such as policy, collaboration and common services, open infrastructure, and the role of AI. There will be time for questions from the floor.<\/p>\t\t\t\t\t\t\t\t<\/div>\n\t\t\t\t<\/div>\n\t\t\t\t<\/div>\n\t\t\t\t\t<\/details>\n\t\t\t\t\t\t<details id=\"e-n-accordion-item-1232\" class=\"e-n-accordion-item\" >\n\t\t\t\t<summary class=\"e-n-accordion-item-title\" data-accordion-index=\"3\" tabindex=\"-1\" aria-expanded=\"false\" aria-controls=\"e-n-accordion-item-1232\" >\n\t\t\t\t\t<span class='e-n-accordion-item-title-header'><div class=\"e-n-accordion-item-title-text\"> Plenary Discussion: Open Science Opportunities for CARL Institutions <\/div><\/span>\n\t\t\t\t\t\t\t\t\t<\/summary>\n\t\t\t\t<div role=\"region\" aria-labelledby=\"e-n-accordion-item-1232\" class=\"elementor-element elementor-element-633ed36 e-con-full e-flex e-con e-child\" data-id=\"633ed36\" data-element_type=\"container\" data-e-type=\"container\">\n\t\t\t\t<div class=\"elementor-element elementor-element-1e5ba899 elementor-widget elementor-widget-text-editor\" data-id=\"1e5ba899\" data-element_type=\"widget\" data-e-type=\"widget\" data-widget_type=\"text-editor.default\">\n\t\t\t\t<div class=\"elementor-widget-container\">\n\t\t\t\t\t\t\t\t\t<p><strong>Wednesday, November 19, 2025,\u00a0 11h30 ET \u2013 12h30 ET<\/strong><\/p><p><strong>Presenters:<\/strong> Susan Haigh and Mark Swartz, VPO Open Science\u00a0<\/p><p>Following the morning\u2019s panel on Open Science, CARL directors and guests will reconvene for a status report from CARL to outline, amid current activity in this domain, where the organization sits in relation to progress towards open science. How ready are CARL libraries for the Tri-Agency Open Access Policy? Where are we at when it comes to research data and the impending implementation of the data deposit pillar of the Tri-Agency Research Data Management policy? What progress has been made in terms of PIDs? The presentation will be followed by open discussion.<\/p>\t\t\t\t\t\t\t\t<\/div>\n\t\t\t\t<\/div>\n\t\t\t\t<\/div>\n\t\t\t\t\t<\/details>\n\t\t\t\t\t\t<details id=\"e-n-accordion-item-1233\" class=\"e-n-accordion-item\" >\n\t\t\t\t<summary class=\"e-n-accordion-item-title\" data-accordion-index=\"4\" tabindex=\"-1\" aria-expanded=\"false\" aria-controls=\"e-n-accordion-item-1233\" >\n\t\t\t\t\t<span class='e-n-accordion-item-title-header'><div class=\"e-n-accordion-item-title-text\"> Intellectual Freedom Needs Civil Discourse Needs Intellectual Freedom: Making the Case for a Virtuous Cycle <\/div><\/span>\n\t\t\t\t\t\t\t\t\t<\/summary>\n\t\t\t\t<div role=\"region\" aria-labelledby=\"e-n-accordion-item-1233\" class=\"elementor-element elementor-element-7da625c8 e-flex e-con-boxed e-con e-child\" data-id=\"7da625c8\" data-element_type=\"container\" data-e-type=\"container\">\n\t\t\t\t\t<div class=\"e-con-inner\">\n\t\t\t\t<div class=\"elementor-element elementor-element-1eb15bde elementor-widget elementor-widget-text-editor\" data-id=\"1eb15bde\" data-element_type=\"widget\" data-e-type=\"widget\" data-widget_type=\"text-editor.default\">\n\t\t\t\t<div class=\"elementor-widget-container\">\n\t\t\t\t\t\t\t\t\t<p><strong>Wednesday, November 19, 2025,\u00a0 13h 30 \u2013 14h 30<\/strong><\/p><p><strong>Chair:\u00a0<\/strong>Mary Jo Romaniuk<br \/><strong>Speaker:<\/strong> Randy Boyagoda, Provostial Advisor on Civil Discourse, University of Toronto<\/p><p>In this talk, writer and professor Randy Boyagoda, the University of Toronto\u2019s Advisor on Civil Discourse, reflects on the state and stakes of civil discourse these days, on and off campus, and across personal, professional, and public settings. In particular, he will explore the importance of intellectual freedom in higher education to civil discourse, and likewise the irreducible mission and work of research libraries as both convening spaces and distinct sources for models and resources that ensure robust and vibrant cultures of productive disagreement. These efforts, which we might collectively describe as a commitment to thinking out loud together, support of advancing knowledge, serving the common good and the pursuit of truth.<\/p>\t\t\t\t\t\t\t\t<\/div>\n\t\t\t\t<\/div>\n\t\t\t\t\t<\/div>\n\t\t\t\t<\/div>\n\t\t\t\t\t<\/details>\n\t\t\t\t\t\t<details id=\"e-n-accordion-item-1234\" class=\"e-n-accordion-item\" >\n\t\t\t\t<summary class=\"e-n-accordion-item-title\" data-accordion-index=\"5\" tabindex=\"-1\" aria-expanded=\"false\" aria-controls=\"e-n-accordion-item-1234\" >\n\t\t\t\t\t<span class='e-n-accordion-item-title-header'><div class=\"e-n-accordion-item-title-text\"> Intellectual Freedom Table Discussions <\/div><\/span>\n\t\t\t\t\t\t\t\t\t<\/summary>\n\t\t\t\t<div role=\"region\" aria-labelledby=\"e-n-accordion-item-1234\" class=\"elementor-element elementor-element-93c5cfc e-flex e-con-boxed e-con e-child\" data-id=\"93c5cfc\" data-element_type=\"container\" data-e-type=\"container\">\n\t\t\t\t\t<div class=\"e-con-inner\">\n\t\t\t\t\t<\/div>\n\t\t\t\t<\/div>\n\t\t\t\t\t<\/details>\n\t\t\t\t\t\t<details id=\"e-n-accordion-item-1235\" class=\"e-n-accordion-item\" >\n\t\t\t\t<summary class=\"e-n-accordion-item-title\" data-accordion-index=\"6\" tabindex=\"-1\" aria-expanded=\"false\" aria-controls=\"e-n-accordion-item-1235\" >\n\t\t\t\t\t<span class='e-n-accordion-item-title-header'><div class=\"e-n-accordion-item-title-text\"> Exploring Three GenAI Questions <\/div><\/span>\n\t\t\t\t\t\t\t\t\t<\/summary>\n\t\t\t\t<div role=\"region\" aria-labelledby=\"e-n-accordion-item-1235\" class=\"elementor-element elementor-element-13954961 e-flex e-con-boxed e-con e-child\" data-id=\"13954961\" data-element_type=\"container\" data-e-type=\"container\">\n\t\t\t\t\t<div class=\"e-con-inner\">\n\t\t\t\t<div class=\"elementor-element elementor-element-54b4ce20 elementor-widget elementor-widget-text-editor\" data-id=\"54b4ce20\" data-element_type=\"widget\" data-e-type=\"widget\" data-widget_type=\"text-editor.default\">\n\t\t\t\t<div class=\"elementor-widget-container\">\n\t\t\t\t\t\t\t\t\t<p><strong>Wednesday, November 19,\u00a0 2025, 15:00 pm \u2013 16:30 pm ET<\/strong><\/p><p><strong>Facilitators:<\/strong><\/p><ul><li>Su Cleyle, CARL VPO \u2013 Leadership Development Initiatives<\/li><li>Janice Kung, CARL VPO \u2013 AI and Library Services\u00a0<\/li><\/ul><p>The influence of generative AI is rapidly reshaping higher education and impacting academic libraries. From collections to policy, library administrators are navigating uncharted territory, seizing new opportunities and exerting influence.\u00a0<\/p><p>This workshop offers academic library leaders dedicated space and time to reflect, share, and strategize together three key topics: descriptive practices,\u00a0 institutional policy, and team engagement. In facilitated small group discussions, participants will explore these guiding questions:<\/p><ol><li aria-level=\"1\"><p>How can directors participate and position libraries in the development of institutional policies on generative AI? Do our librarians support the institutional direction as much as we would like?\u00a0<\/p><\/li><li aria-level=\"1\"><p>Can AI transform descriptive practices for unique collections?<\/p><\/li><li aria-level=\"1\"><p>How can library directors actively engage staff in open conversations about their fears of AI, while encouraging meaningful exploration of the technology despite ongoing reluctance?<\/p><\/li><\/ol><p>Through these conversations and a plenary debrief, participants will identify pain points, uncover gaps in current approaches, and consider actionable next steps. The session emphasizes peer-to-peer dialogue, enabling directors to learn from one another\u2019s perspectives and experiences, and to discover areas where collective attention and leadership are most needed.<\/p>\t\t\t\t\t\t\t\t<\/div>\n\t\t\t\t<\/div>\n\t\t\t\t\t<\/div>\n\t\t\t\t<\/div>\n\t\t\t\t\t<\/details>\n\t\t\t\t\t\t<details id=\"e-n-accordion-item-1236\" class=\"e-n-accordion-item\" >\n\t\t\t\t<summary class=\"e-n-accordion-item-title\" data-accordion-index=\"7\" tabindex=\"-1\" aria-expanded=\"false\" aria-controls=\"e-n-accordion-item-1236\" >\n\t\t\t\t\t<span class='e-n-accordion-item-title-header'><div class=\"e-n-accordion-item-title-text\"> Navigating Uncertainty: The View from Harvard <\/div><\/span>\n\t\t\t\t\t\t\t\t\t<\/summary>\n\t\t\t\t<div role=\"region\" aria-labelledby=\"e-n-accordion-item-1236\" class=\"elementor-element elementor-element-288b4e4f e-flex e-con-boxed e-con e-child\" data-id=\"288b4e4f\" data-element_type=\"container\" data-e-type=\"container\">\n\t\t\t\t\t<div class=\"e-con-inner\">\n\t\t\t\t\t<\/div>\n\t\t\t\t<\/div>\n\t\t\t\t\t<\/details>\n\t\t\t\t\t\t<details id=\"e-n-accordion-item-1237\" class=\"e-n-accordion-item\" >\n\t\t\t\t<summary class=\"e-n-accordion-item-title\" data-accordion-index=\"8\" tabindex=\"-1\" aria-expanded=\"false\" aria-controls=\"e-n-accordion-item-1237\" >\n\t\t\t\t\t<span class='e-n-accordion-item-title-header'><div class=\"e-n-accordion-item-title-text\"> Director\u2019s Workshop - Adapting Organizational Structures to Changing Landscapes <\/div><\/span>\n\t\t\t\t\t\t\t\t\t<\/summary>\n\t\t\t\t<div role=\"region\" aria-labelledby=\"e-n-accordion-item-1237\" class=\"elementor-element elementor-element-7a39b49c e-flex e-con-boxed e-con e-child\" data-id=\"7a39b49c\" data-element_type=\"container\" data-e-type=\"container\">\n\t\t\t\t\t<div class=\"e-con-inner\">\n\t\t\t\t<div class=\"elementor-element elementor-element-7ba99001 elementor-widget elementor-widget-text-editor\" data-id=\"7ba99001\" data-element_type=\"widget\" data-e-type=\"widget\" data-widget_type=\"text-editor.default\">\n\t\t\t\t<div class=\"elementor-widget-container\">\n\t\t\t\t\t\t\t\t\t<p><strong>Thursday, November 20, 2025,\u00a0 10h30 ET \u2013 12h00 ET<\/strong><\/p><p><strong>Facilitator:<\/strong> Susan Cleyle, CARL VPO \u2013 Leadership Development Initiatives<\/p><p>The second in a two-part series on adapting organizational structures to changing landscapes.<\/p><p>Keeping in mind the forces reshaping universities and libraries, this session will provide an opportunity to reflect on legacy and emerging roles, to hear how some colleagues have chosen to respond, and to collaboratively identify critical approaches to successfully adjust organizational structures.\u00a0<\/p><p>Building on the discussion at the Directors +1 session held on October 3rd, this directors-only session will focus on how directors can rethink their individual organizational structures within union and budget constraints, explore long-term strategies for structural change, and consider if\/how CARL can support and accelerate these transformations. Leave with a clearer understanding of the shifts underway and a list of emergent key areas requiring organizational shifting.\u00a0<\/p>\t\t\t\t\t\t\t\t<\/div>\n\t\t\t\t<\/div>\n\t\t\t\t\t<\/div>\n\t\t\t\t<\/div>\n\t\t\t\t\t<\/details>\n\t\t\t\t\t<\/div>\n\t\t\t\t\t\t<\/div>\n\t\t\t\t<\/div>\n\t\t\t\t<div class=\"elementor-element elementor-element-cd9396e elementor-widget elementor-widget-text-editor\" data-id=\"cd9396e\" data-element_type=\"widget\" data-e-type=\"widget\" data-widget_type=\"text-editor.default\">\n\t\t\t\t<div class=\"elementor-widget-container\">\n\t\t\t\t\t\t\t\t\t<p>\u00c0 d\u00e9terminer.<\/p>\t\t\t\t\t\t\t\t<\/div>\n\t\t\t\t<\/div>\n\t\t\t\t\t<\/div>\n\t\t\t\t<\/div>\n\t\t<div id=\"e-n-tab-content-5040249135\" role=\"tabpanel\" aria-labelledby=\"e-n-tab-title-5040249135\" data-tab-index=\"5\" style=\"--n-tabs-title-order: 5;\" class=\" elementor-element elementor-element-46909238 e-flex e-con-boxed e-con e-child\" data-id=\"46909238\" data-element_type=\"container\" data-e-type=\"container\">\n\t\t\t\t\t<div class=\"e-con-inner\">\n\t\t\t\t<div class=\"elementor-element elementor-element-5c7d665e elementor-hidden-desktop elementor-hidden-tablet_extra elementor-hidden-tablet elementor-hidden-mobile elementor-widget elementor-widget-n-accordion\" data-id=\"5c7d665e\" data-element_type=\"widget\" data-e-type=\"widget\" data-settings=\"{&quot;default_state&quot;:&quot;all_collapsed&quot;,&quot;max_items_expended&quot;:&quot;one&quot;,&quot;n_accordion_animation_duration&quot;:{&quot;unit&quot;:&quot;ms&quot;,&quot;size&quot;:400,&quot;sizes&quot;:[]}}\" data-widget_type=\"nested-accordion.default\">\n\t\t\t\t<div class=\"elementor-widget-container\">\n\t\t\t\t\t\t\t<div class=\"e-n-accordion\" aria-label=\"Accordion. Open links with Enter or Space, close with Escape, and navigate with Arrow Keys\">\n\t\t\t\t\t\t<details id=\"e-n-accordion-item-1550\" class=\"e-n-accordion-item\" >\n\t\t\t\t<summary class=\"e-n-accordion-item-title\" data-accordion-index=\"1\" tabindex=\"0\" aria-expanded=\"false\" aria-controls=\"e-n-accordion-item-1550\" >\n\t\t\t\t\t<span class='e-n-accordion-item-title-header'><div class=\"e-n-accordion-item-title-text\"> Randy Boyagoda <\/div><\/span>\n\t\t\t\t\t\t\t\t\t<\/summary>\n\t\t\t\t<div role=\"region\" aria-labelledby=\"e-n-accordion-item-1550\" class=\"elementor-element elementor-element-7709e454 e-con-full e-flex e-con e-child\" data-id=\"7709e454\" data-element_type=\"container\" data-e-type=\"container\">\n\t\t\t\t<div class=\"elementor-element elementor-element-fc7d283 elementor-widget elementor-widget-text-editor\" data-id=\"fc7d283\" data-element_type=\"widget\" data-e-type=\"widget\" data-widget_type=\"text-editor.default\">\n\t\t\t\t<div class=\"elementor-widget-container\">\n\t\t\t\t\t\t\t\t\t<p>Randy Boyagoda is a novelist and Professor of English at the University of Toronto, where he also serves as the university&rsquo;s advisor on civil discourse, the first such position in Canada. He was named one of Toronto\u2019s fifty most influential people by Toronto Life magazine because of his work in civil discourse. He is the author of seven books, including four novels that have been nominated for the Giller Prize, the IMPAC Dublin Literary Prize, and named New York Times Book Review Editor&rsquo;s Choice selections and Globe and Mail Best Books of the year. A frequent contributor to CBC Radio, including as a national columnist on civil discourse, and former President of PEN Canada, he writes opinions, essays and reviews for publications including the Atlantic, the New York Times, the Financial Times of London, the Globe and Mail, and The Walrus. He also podcasts for the Toronto Public Library and lives in the east end of Toronto with his wife and their four daughters.<\/p>\t\t\t\t\t\t\t\t<\/div>\n\t\t\t\t<\/div>\n\t\t\t\t<\/div>\n\t\t\t\t\t<\/details>\n\t\t\t\t\t\t<details id=\"e-n-accordion-item-1551\" class=\"e-n-accordion-item\" >\n\t\t\t\t<summary class=\"e-n-accordion-item-title\" data-accordion-index=\"2\" tabindex=\"-1\" aria-expanded=\"false\" aria-controls=\"e-n-accordion-item-1551\" >\n\t\t\t\t\t<span class='e-n-accordion-item-title-header'><div class=\"e-n-accordion-item-title-text\"> Dr. Stefanie Haustein <\/div><\/span>\n\t\t\t\t\t\t\t\t\t<\/summary>\n\t\t\t\t<div role=\"region\" aria-labelledby=\"e-n-accordion-item-1551\" class=\"elementor-element elementor-element-63037bc1 e-con-full e-flex e-con e-child\" data-id=\"63037bc1\" data-element_type=\"container\" data-e-type=\"container\">\n\t\t\t\t<\/div>\n\t\t\t\t\t<\/details>\n\t\t\t\t\t\t<details id=\"e-n-accordion-item-1552\" class=\"e-n-accordion-item\" >\n\t\t\t\t<summary class=\"e-n-accordion-item-title\" data-accordion-index=\"3\" tabindex=\"-1\" aria-expanded=\"false\" aria-controls=\"e-n-accordion-item-1552\" >\n\t\t\t\t\t<span class='e-n-accordion-item-title-header'><div class=\"e-n-accordion-item-title-text\"> Dr. Vincent Larivi\u00e8re <\/div><\/span>\n\t\t\t\t\t\t\t\t\t<\/summary>\n\t\t\t\t<div role=\"region\" aria-labelledby=\"e-n-accordion-item-1552\" class=\"elementor-element elementor-element-14ef08 e-con-full e-flex e-con e-child\" data-id=\"14ef08\" data-element_type=\"container\" data-e-type=\"container\">\n\t\t\t\t<\/div>\n\t\t\t\t\t<\/details>\n\t\t\t\t\t\t<details id=\"e-n-accordion-item-1553\" class=\"e-n-accordion-item\" >\n\t\t\t\t<summary class=\"e-n-accordion-item-title\" data-accordion-index=\"4\" tabindex=\"-1\" aria-expanded=\"false\" aria-controls=\"e-n-accordion-item-1553\" >\n\t\t\t\t\t<span class='e-n-accordion-item-title-header'><div class=\"e-n-accordion-item-title-text\"> Kathleen Shearer <\/div><\/span>\n\t\t\t\t\t\t\t\t\t<\/summary>\n\t\t\t\t<div role=\"region\" aria-labelledby=\"e-n-accordion-item-1553\" class=\"elementor-element elementor-element-66ebddd e-flex e-con-boxed e-con e-child\" data-id=\"66ebddd\" data-element_type=\"container\" data-e-type=\"container\">\n\t\t\t\t\t<div class=\"e-con-inner\">\n\t\t\t\t\t<\/div>\n\t\t\t\t<\/div>\n\t\t\t\t\t<\/details>\n\t\t\t\t\t\t<details id=\"e-n-accordion-item-1554\" class=\"e-n-accordion-item\" >\n\t\t\t\t<summary class=\"e-n-accordion-item-title\" data-accordion-index=\"5\" tabindex=\"-1\" aria-expanded=\"false\" aria-controls=\"e-n-accordion-item-1554\" >\n\t\t\t\t\t<span class='e-n-accordion-item-title-header'><div class=\"e-n-accordion-item-title-text\"> David Tweddell <\/div><\/span>\n\t\t\t\t\t\t\t\t\t<\/summary>\n\t\t\t\t<div role=\"region\" aria-labelledby=\"e-n-accordion-item-1554\" class=\"elementor-element elementor-element-46a2889f e-flex e-con-boxed e-con e-child\" data-id=\"46a2889f\" data-element_type=\"container\" data-e-type=\"container\">\n\t\t\t\t\t<div class=\"e-con-inner\">\n\t\t\t\t\t<\/div>\n\t\t\t\t<\/div>\n\t\t\t\t\t<\/details>\n\t\t\t\t\t\t<details id=\"e-n-accordion-item-1555\" class=\"e-n-accordion-item\" >\n\t\t\t\t<summary class=\"e-n-accordion-item-title\" data-accordion-index=\"6\" tabindex=\"-1\" aria-expanded=\"false\" aria-controls=\"e-n-accordion-item-1555\" >\n\t\t\t\t\t<span class='e-n-accordion-item-title-header'><div class=\"e-n-accordion-item-title-text\"> Martha Whitehead <\/div><\/span>\n\t\t\t\t\t\t\t\t\t<\/summary>\n\t\t\t\t<div role=\"region\" aria-labelledby=\"e-n-accordion-item-1555\" class=\"elementor-element elementor-element-258d74 e-flex e-con-boxed e-con e-child\" data-id=\"258d74\" data-element_type=\"container\" data-e-type=\"container\">\n\t\t\t\t\t<div class=\"e-con-inner\">\n\t\t\t\t\t<\/div>\n\t\t\t\t<\/div>\n\t\t\t\t\t<\/details>\n\t\t\t\t\t<\/div>\n\t\t\t\t\t\t<\/div>\n\t\t\t\t<\/div>\n\t\t\t\t<div class=\"elementor-element elementor-element-c4ab069 elementor-widget elementor-widget-text-editor\" data-id=\"c4ab069\" data-element_type=\"widget\" data-e-type=\"widget\" data-widget_type=\"text-editor.default\">\n\t\t\t\t<div class=\"elementor-widget-container\">\n\t\t\t\t\t\t\t\t\t<p>\u00c0 d\u00e9terminer.<\/p>\t\t\t\t\t\t\t\t<\/div>\n\t\t\t\t<\/div>\n\t\t\t\t\t<\/div>\n\t\t\t\t<\/div>\n\t\t<div id=\"e-n-tab-content-5040249136\" role=\"tabpanel\" aria-labelledby=\"e-n-tab-title-5040249136\" data-tab-index=\"6\" style=\"--n-tabs-title-order: 6;\" class=\" elementor-element elementor-element-1043dd50 e-flex e-con-boxed e-con e-child\" data-id=\"1043dd50\" data-element_type=\"container\" data-e-type=\"container\">\n\t\t\t\t\t<div class=\"e-con-inner\">\n\t\t\t\t<div class=\"elementor-element elementor-element-2b1df0d8 elementor-widget elementor-widget-tecs_widget\" data-id=\"2b1df0d8\" data-element_type=\"widget\" data-e-type=\"widget\" data-widget_type=\"tecs_widget.default\">\n\t\t\t\t<div class=\"elementor-widget-container\">\n\t\t\t\t\t<ul class=\"ecs-event-list\"><li class=\"ecs-event reunion-des-membres_ecs_category\"><h4 class=\"entry-title summary\"><a href=\"https:\/\/www.carl-abrc.ca\/fr\/evenement\/2026-reunion-de-printemps-des-membres\/\" rel=\"bookmark\">2026 R\u00e9union de printemps des membres<\/a><\/h4><span class=\"duration time\"><span class=\"tribe-event-date-start\">25 mai<\/span> - <span class=\"tribe-event-date-end\">28 mai<\/span><\/span><span class=\"duration venue\"><em> \u00e0 <\/em>Alt Hotel St. John&rsquo;s<\/span><\/li><li class=\"ecs-event reunion-des-membres_ecs_category\"><h4 class=\"entry-title summary\"><a href=\"https:\/\/www.carl-abrc.ca\/fr\/evenement\/2025-reunion-de-lautomne-des-membres\/\" rel=\"bookmark\">2025 R\u00e9union de l&rsquo;automne des membres<\/a><\/h4><span class=\"duration time\"><span class=\"tribe-event-date-start\">17 novembre 2025<\/span> - <span class=\"tribe-event-date-end\">20 novembre 2025<\/span><\/span><span class=\"duration venue\"><em> \u00e0 <\/em>Fairmont Le Ch\u00e2teau Montebello<\/span><\/li><li class=\"ecs-event reunion-des-membres_ecs_category\"><h4 class=\"entry-title summary\"><a href=\"https:\/\/www.carl-abrc.ca\/fr\/evenement\/2025-reunion-de-printemps-des-membres\/\" rel=\"bookmark\">2025 R\u00e9union de printemps des membres<\/a><\/h4><span class=\"duration time\"><span class=\"tribe-event-date-start\">26 mai 2025 \u2013  09:00<\/span> - <span class=\"tribe-event-date-end\">29 mai 2025 \u2013  16:00<\/span> <span class='timezone'> EDT <\/span><\/span><span class=\"duration venue\"><em> \u00e0 <\/em>Inn at the Forks, Winnipeg, Manitoba<\/span><\/li><li class=\"ecs-event reunion-des-membres_ecs_category\"><h4 class=\"entry-title summary\"><a href=\"https:\/\/www.carl-abrc.ca\/fr\/evenement\/2024-reunion-dautomne-des-membres\/\" rel=\"bookmark\">2024 R\u00e9union d&rsquo;automne des membres<\/a><\/h4><span class=\"duration time\"><span class=\"tribe-event-date-start\">18 novembre 2024<\/span> - <span class=\"tribe-event-date-end\">20 novembre 2024<\/span><\/span><span class=\"duration venue\"><em> \u00e0 <\/em>Delta Hotels Ottawa City Centre<\/span><\/li><li class=\"ecs-event reunion-des-membres_ecs_category\"><h4 class=\"entry-title summary\"><a href=\"https:\/\/www.carl-abrc.ca\/fr\/evenement\/2024-reunion-de-printemps-des-membres\/\" rel=\"bookmark\">2024 R\u00e9union de printemps des membres<\/a><\/h4><span class=\"duration time\"><span class=\"tribe-event-date-start\">22 avril 2024<\/span> - <span class=\"tribe-event-date-end\">25 avril 2024<\/span><\/span><span class=\"duration venue\"><em> \u00e0 <\/em>Montreal, Quebec<\/span><\/li><\/ul><script type=\"application\/ld+json\">\r\n[{\"@context\":\"http:\/\/schema.org\",\"@type\":\"Event\",\"name\":\"2026 R\\u00e9union de printemps des membres\",\"description\":\"&lt;p&gt;&laquo; All Events 2026 R\\u00e9union de printemps des membres May 25, 2026 - May 28, 2026 L\\u2019Association des biblioth\\u00e8ques de recherche du Canada a le plaisir d\\u2019inviter les directeurs membres [&hellip;]&lt;\/p&gt;\\\\n\",\"image\":\"https:\/\/www.carl-abrc.ca\/wp-content\/uploads\/2025\/11\/2025-Fall-Member-Meeting-Group-Shot-scaled.jpg\",\"url\":\"https:\/\/www.carl-abrc.ca\/fr\/evenement\/2026-reunion-de-printemps-des-membres\/\",\"eventAttendanceMode\":\"https:\/\/schema.org\/OfflineEventAttendanceMode\",\"eventStatus\":\"https:\/\/schema.org\/EventScheduled\",\"startDate\":\"2026-05-25T00:00:00-04:00\",\"endDate\":\"2026-05-28T23:59:59-04:00\",\"location\":{\"@type\":\"Place\",\"name\":\"Alt Hotel St. John&rsquo;s\",\"description\":\"\",\"url\":\"\",\"address\":{\"@type\":\"PostalAddress\",\"streetAddress\":\"125 Water Street\",\"addressLocality\":\"St. John&#039;s\",\"addressRegion\":\"Newfoundland and Labrador\",\"postalCode\":\"A1C 5X4\",\"addressCountry\":\"Canada\"},\"telephone\":\"(709) 383-2125\",\"sameAs\":\"https:\/\/www.germainhotels.com\/en\/alt-hotel\/st-johns\"},\"organizer\":{\"@type\":\"Person\",\"name\":\"Association des biblioth\\u00e8ques de recherche du Canada\",\"description\":\"\",\"url\":\"\",\"telephone\":\"613.895.0780\",\"email\":\"\",\"sameAs\":\"\"},\"performer\":\"Organization\"},{\"@context\":\"http:\/\/schema.org\",\"@type\":\"Event\",\"name\":\"2025 R\\u00e9union de l&rsquo;automne des membres\",\"description\":\"&lt;p&gt;&laquo; All Events 2025 R\\u00e9union de l&#8217;automne des membres November 17, 2025 - November 20, 2025 L\\u2019Association des biblioth\\u00e8ques de recherche du Canada a le plaisir d\\u2019inviter les directeurs membres [&hellip;]&lt;\/p&gt;\\\\n\",\"image\":\"https:\/\/www.carl-abrc.ca\/wp-content\/uploads\/2025\/08\/PXL_20250529_142023656-scaled.jpg\",\"url\":\"https:\/\/www.carl-abrc.ca\/fr\/evenement\/2025-reunion-de-lautomne-des-membres\/\",\"eventAttendanceMode\":\"https:\/\/schema.org\/OfflineEventAttendanceMode\",\"eventStatus\":\"https:\/\/schema.org\/EventScheduled\",\"startDate\":\"2025-11-17T00:00:00-05:00\",\"endDate\":\"2025-11-20T23:59:59-05:00\",\"location\":{\"@type\":\"Place\",\"name\":\"Fairmont Le Ch\\u00e2teau Montebello\",\"description\":\"\",\"url\":\"\",\"address\":{\"@type\":\"PostalAddress\",\"streetAddress\":\"392 Notre-Dame\",\"addressLocality\":\"Montebello\",\"addressRegion\":\"Qu\\u00e9bec\",\"postalCode\":\"J0V 1L0\",\"addressCountry\":\"Canada\"},\"telephone\":\"(819) 423-6341\",\"sameAs\":\"\"},\"organizer\":{\"@type\":\"Person\",\"name\":\"Association des biblioth\\u00e8ques de recherche du Canada\",\"description\":\"\",\"url\":\"\",\"telephone\":\"613.895.0780\",\"email\":\"\",\"sameAs\":\"\"},\"performer\":\"Organization\"},{\"@context\":\"http:\/\/schema.org\",\"@type\":\"Event\",\"name\":\"2025 R\\u00e9union de printemps des membres\",\"description\":\"&lt;p&gt;&laquo; All Events 2025 R\\u00e9union de printemps des membres May 26, 2025 @ 09:00 EDT - May 29, 2025 @ 16:00 EDT L\\u2019Association des biblioth\\u00e8ques de recherche du Canada a [&hellip;]&lt;\/p&gt;\\\\n\",\"image\":\"https:\/\/www.carl-abrc.ca\/wp-content\/uploads\/2024\/09\/NewsFeaturedImage-1.jpg\",\"url\":\"https:\/\/www.carl-abrc.ca\/fr\/evenement\/2025-reunion-de-printemps-des-membres\/\",\"eventAttendanceMode\":\"https:\/\/schema.org\/OfflineEventAttendanceMode\",\"eventStatus\":\"https:\/\/schema.org\/EventScheduled\",\"startDate\":\"2025-05-26T09:00:00-04:00\",\"endDate\":\"2025-05-29T16:00:00-04:00\",\"location\":{\"@type\":\"Place\",\"name\":\"Inn at the Forks, Winnipeg, Manitoba\",\"description\":\"\",\"url\":\"\",\"address\":{\"@type\":\"PostalAddress\",\"streetAddress\":\"75 Forks Market Road\",\"addressLocality\":\"Winnipeg\",\"addressRegion\":\"Manitoba\",\"postalCode\":\"R3C 0A2\",\"addressCountry\":\"Canada\"},\"telephone\":\"\",\"sameAs\":\"https:\/\/www.innforks.com\/?utm_source=google&utm_medium=googlesearch\"},\"organizer\":{\"@type\":\"Person\",\"name\":\"Association des biblioth\\u00e8ques de recherche du Canada\",\"description\":\"\",\"url\":\"\",\"telephone\":\"613.895.0780\",\"email\":\"\",\"sameAs\":\"\"},\"performer\":\"Organization\"},{\"@context\":\"http:\/\/schema.org\",\"@type\":\"Event\",\"name\":\"2024 R\\u00e9union d&rsquo;automne des membres\",\"description\":\"&lt;p&gt;&laquo; All Events 2024 R\\u00e9union d&#8217;automne des membres November 18, 2024 - November 20, 2024 L\\u2019Association des biblioth\\u00e8ques de recherche du Canada a le plaisir d\\u2019inviter les directeurs membres \\u00e0 [&hellip;]&lt;\/p&gt;\\\\n\",\"image\":\"https:\/\/www.carl-abrc.ca\/wp-content\/uploads\/2024\/09\/NewsFeaturedImage-1.jpg\",\"url\":\"https:\/\/www.carl-abrc.ca\/fr\/evenement\/2024-reunion-dautomne-des-membres\/\",\"eventAttendanceMode\":\"https:\/\/schema.org\/OfflineEventAttendanceMode\",\"eventStatus\":\"https:\/\/schema.org\/EventScheduled\",\"startDate\":\"2024-11-18T00:00:00-05:00\",\"endDate\":\"2024-11-20T23:59:59-05:00\",\"location\":{\"@type\":\"Place\",\"name\":\"Delta Hotels Ottawa City Centre\",\"description\":\"\",\"url\":\"\",\"address\":{\"@type\":\"PostalAddress\",\"streetAddress\":\"101 Lyon St. North\",\"addressLocality\":\"Ottawa\",\"addressRegion\":\"Ontario\",\"postalCode\":\"K1R 5T9\",\"addressCountry\":\"Canada\"},\"telephone\":\"\",\"sameAs\":\"\"},\"organizer\":{\"@type\":\"Person\",\"name\":\"Association des biblioth\\u00e8ques de recherche du Canada\",\"description\":\"\",\"url\":\"\",\"telephone\":\"613.895.0780\",\"email\":\"\",\"sameAs\":\"\"},\"performer\":\"Organization\"},{\"@context\":\"http:\/\/schema.org\",\"@type\":\"Event\",\"name\":\"2024 R\\u00e9union de printemps des membres\",\"description\":\"&lt;p&gt;&laquo; All Events 2024 R\\u00e9union de printemps des membres April 22, 2024 - April 25, 2024 L\\u2019Association des biblioth\\u00e8ques de recherche du Canada a le plaisir d\\u2019inviter les directeurs membres [&hellip;]&lt;\/p&gt;\\\\n\",\"image\":\"https:\/\/www.carl-abrc.ca\/wp-content\/uploads\/2024\/09\/NewsFeaturedImage-1.jpg\",\"url\":\"https:\/\/www.carl-abrc.ca\/fr\/evenement\/2024-reunion-de-printemps-des-membres\/\",\"eventAttendanceMode\":\"https:\/\/schema.org\/OfflineEventAttendanceMode\",\"eventStatus\":\"https:\/\/schema.org\/EventScheduled\",\"startDate\":\"2024-04-22T00:00:00-04:00\",\"endDate\":\"2024-04-25T23:59:59-04:00\",\"location\":{\"@type\":\"Place\",\"name\":\"Montreal, Quebec\",\"description\":\"\",\"url\":\"\",\"address\":{\"@type\":\"PostalAddress\",\"addressLocality\":\"Montreal\",\"addressRegion\":\"Quebec\",\"addressCountry\":\"Canada\"},\"telephone\":\"\",\"sameAs\":\"\"},\"organizer\":{\"@type\":\"Person\",\"name\":\"Association des biblioth\\u00e8ques de recherche du Canada\",\"description\":\"\",\"url\":\"\",\"telephone\":\"613.895.0780\",\"email\":\"\",\"sameAs\":\"\"},\"performer\":\"Organization\"}]\r\n<\/script><!--\n Event listing powered by The Events Calendar Shortcode\n https:\/\/eventcalendarnewsletter.com\/the-events-calendar-shortcode\/ \n-->\t\t\t\t<\/div>\n\t\t\t\t<\/div>\n\t\t\t\t<div class=\"elementor-element elementor-element-40aeda7b elementor-align-right elementor-widget elementor-widget-button\" data-id=\"40aeda7b\" data-element_type=\"widget\" data-e-type=\"widget\" data-widget_type=\"button.default\">\n\t\t\t\t<div class=\"elementor-widget-container\">\n\t\t\t\t\t\t\t\t\t<div class=\"elementor-button-wrapper\">\n\t\t\t\t\t<a class=\"elementor-button elementor-button-link elementor-size-sm\" href=\"https:\/\/www.carl-abrc.ca\/fr\/a-propos-de-labrc\/membres\/reunions-des-membres\/\">\n\t\t\t\t\t\t<span class=\"elementor-button-content-wrapper\">\n\t\t\t\t\t\t\t\t\t<span class=\"elementor-button-text\">Voir tous les r\u00e9unions des membres<\/span>\n\t\t\t\t\t<\/span>\n\t\t\t\t\t<\/a>\n\t\t\t\t<\/div>\n\t\t\t\t\t\t\t\t<\/div>\n\t\t\t\t<\/div>\n\t\t\t\t\t<\/div>\n\t\t\t\t<\/div>\n\t\t\t\t\t<\/div>\n\t\t<\/div>\n\t\t\t\t\t\t<\/div>\n\t\t\t\t<\/div>\n\t\t\t\t\t<\/div>\n\t\t<\/div>\n\t\t\t\t\t<\/div>\n\t\t<\/section>\n\t\t\t\t<\/div>\n\t\t","protected":false},"excerpt":{"rendered":"<p>&laquo; Tous les \u00c9v\u00e9nements 2026 R\u00e9union d&#8217;automne des membres novembre 16, 2026 &#8211; novembre 19, 2026 L&rsquo;Association des biblioth\u00e8ques de recherche du Canada a le plaisir d&rsquo;inviter les directeurs membres [&hellip;]<\/p>\n","protected":false},"author":131,"featured_media":41925,"template":"","meta":{"_acf_changed":false,"_EventAllDay":true,"_EventTimezone":"America\/Toronto","_EventStartDate":"2026-11-16 00:00:00","_EventEndDate":"2026-11-19 23:59:59","_EventStartDateUTC":"2026-11-16 05:00:00","_EventEndDateUTC":"2026-11-20 04:59:59","_EventShowMap":false,"_EventShowMapLink":true,"_EventURL":"","_EventCost":"","_EventCostDescription":"","_EventCurrencySymbol":"$","_EventCurrencyCode":"CAD","_EventCurrencyPosition":"prefix","_EventDateTimeSeparator":"","_EventTimeRangeSeparator":"","_EventOrganizerID":[37086],"_EventVenueID":[36848],"_OrganizerEmail":"","_OrganizerPhone":"","_OrganizerWebsite":"","_VenueAddress":"","_VenueCity":"","_VenueCountry":"","_VenueProvince":"","_VenueState":"","_VenueZip":"","_VenuePhone":"","_VenueURL":"","_VenueStateProvince":"","_VenueLat":"","_VenueLng":"","_VenueShowMap":false,"_VenueShowMapLink":false,"_tribe_events_status":"","_tribe_events_status_reason":"","footnotes":""},"tags":[],"tribe_events_cat":[106],"class_list":["post-41927","tribe_events","type-tribe_events","status-publish","has-post-thumbnail","hentry","tribe_events_cat-reunion-des-membres","cat_reunion-des-membres"],"acf":[],"yoast_head":"<!-- This site is optimized with the Yoast SEO plugin v28.4 - https:\/\/yoast.com\/product\/yoast-seo-wordpress\/ -->\n<title>2026 R\u00e9union d&#039;automne des membres - Association des biblioth\u00e8ques de recherche du Canada<\/title>\n<meta name=\"robots\" content=\"index, follow, max-snippet:-1, max-image-preview:large, max-video-preview:-1\" \/>\n<link rel=\"canonical\" href=\"https:\/\/www.carl-abrc.ca\/fr\/evenement\/2026-reunion-dautomne-des-membres\/\" \/>\n<meta property=\"og:locale\" content=\"fr_FR\" \/>\n<meta property=\"og:type\" content=\"article\" \/>\n<meta property=\"og:title\" content=\"2026 R\u00e9union d&#039;automne des membres - Association des biblioth\u00e8ques de recherche du Canada\" \/>\n<meta property=\"og:description\" content=\"&laquo; Tous les \u00c9v\u00e9nements 2026 R\u00e9union d&#8217;automne des membres novembre 16, 2026 &#8211; novembre 19, 2026 L&rsquo;Association des biblioth\u00e8ques de recherche du Canada a le plaisir d&rsquo;inviter les directeurs membres [&hellip;]\" \/>\n<meta property=\"og:url\" content=\"https:\/\/www.carl-abrc.ca\/fr\/evenement\/2026-reunion-dautomne-des-membres\/\" \/>\n<meta property=\"og:site_name\" content=\"Association des biblioth\u00e8ques de recherche du Canada\" \/>\n<meta property=\"article:modified_time\" content=\"2026-08-26T20:54:46+00:00\" \/>\n<meta property=\"og:image\" content=\"https:\/\/www.carl-abrc.ca\/wp-content\/uploads\/2026\/06\/PXL_20260528_1311448122-scaled.jpg\" \/>\n\t<meta property=\"og:image:width\" content=\"2560\" \/>\n\t<meta property=\"og:image:height\" content=\"1279\" \/>\n\t<meta property=\"og:image:type\" content=\"image\/jpeg\" \/>\n<script type=\"application\/ld+json\" class=\"yoast-schema-graph\">{\"@context\":\"https:\\\/\\\/schema.org\",\"@graph\":[{\"@type\":\"WebPage\",\"@id\":\"https:\\\/\\\/www.carl-abrc.ca\\\/fr\\\/evenement\\\/2026-reunion-dautomne-des-membres\\\/\",\"url\":\"https:\\\/\\\/www.carl-abrc.ca\\\/fr\\\/evenement\\\/2026-reunion-dautomne-des-membres\\\/\",\"name\":\"2026 R\u00e9union d'automne des membres - Association des biblioth\u00e8ques de recherche du Canada\",\"isPartOf\":{\"@id\":\"https:\\\/\\\/www.carl-abrc.ca\\\/fr\\\/#website\"},\"primaryImageOfPage\":{\"@id\":\"https:\\\/\\\/www.carl-abrc.ca\\\/fr\\\/evenement\\\/2026-reunion-dautomne-des-membres\\\/#primaryimage\"},\"image\":{\"@id\":\"https:\\\/\\\/www.carl-abrc.ca\\\/fr\\\/evenement\\\/2026-reunion-dautomne-des-membres\\\/#primaryimage\"},\"thumbnailUrl\":\"https:\\\/\\\/www.carl-abrc.ca\\\/wp-content\\\/uploads\\\/2026\\\/06\\\/PXL_20260528_1311448122-scaled.jpg\",\"datePublished\":\"2026-06-12T16:47:46+00:00\",\"dateModified\":\"2026-08-26T20:54:46+00:00\",\"breadcrumb\":{\"@id\":\"https:\\\/\\\/www.carl-abrc.ca\\\/fr\\\/evenement\\\/2026-reunion-dautomne-des-membres\\\/#breadcrumb\"},\"inLanguage\":\"fr-FR\",\"potentialAction\":[{\"@type\":\"ReadAction\",\"target\":[\"https:\\\/\\\/www.carl-abrc.ca\\\/fr\\\/evenement\\\/2026-reunion-dautomne-des-membres\\\/\"]}]},{\"@type\":\"ImageObject\",\"inLanguage\":\"fr-FR\",\"@id\":\"https:\\\/\\\/www.carl-abrc.ca\\\/fr\\\/evenement\\\/2026-reunion-dautomne-des-membres\\\/#primaryimage\",\"url\":\"https:\\\/\\\/www.carl-abrc.ca\\\/wp-content\\\/uploads\\\/2026\\\/06\\\/PXL_20260528_1311448122-scaled.jpg\",\"contentUrl\":\"https:\\\/\\\/www.carl-abrc.ca\\\/wp-content\\\/uploads\\\/2026\\\/06\\\/PXL_20260528_1311448122-scaled.jpg\",\"width\":2560,\"height\":1279},{\"@type\":\"BreadcrumbList\",\"@id\":\"https:\\\/\\\/www.carl-abrc.ca\\\/fr\\\/evenement\\\/2026-reunion-dautomne-des-membres\\\/#breadcrumb\",\"itemListElement\":[{\"@type\":\"ListItem\",\"position\":1,\"name\":\"Accueil\",\"item\":\"https:\\\/\\\/www.carl-abrc.ca\\\/fr\\\/home-3\\\/\"},{\"@type\":\"ListItem\",\"position\":2,\"name\":\"\u00c9v\u00e9nements\",\"item\":\"https:\\\/\\\/www.carl-abrc.ca\\\/fr\\\/evenements\\\/\"},{\"@type\":\"ListItem\",\"position\":3,\"name\":\"2026 R\u00e9union d&#8217;automne des membres\"}]},{\"@type\":\"WebSite\",\"@id\":\"https:\\\/\\\/www.carl-abrc.ca\\\/fr\\\/#website\",\"url\":\"https:\\\/\\\/www.carl-abrc.ca\\\/fr\\\/\",\"name\":\"Association des biblioth\u00e8ques de recherche du Canada\",\"description\":\"ABRC\",\"publisher\":{\"@id\":\"https:\\\/\\\/www.carl-abrc.ca\\\/fr\\\/#organization\"},\"potentialAction\":[{\"@type\":\"SearchAction\",\"target\":{\"@type\":\"EntryPoint\",\"urlTemplate\":\"https:\\\/\\\/www.carl-abrc.ca\\\/fr\\\/?s={search_term_string}\"},\"query-input\":{\"@type\":\"PropertyValueSpecification\",\"valueRequired\":true,\"valueName\":\"search_term_string\"}}],\"inLanguage\":\"fr-FR\"},{\"@type\":\"Organization\",\"@id\":\"https:\\\/\\\/www.carl-abrc.ca\\\/fr\\\/#organization\",\"name\":\"Association des biblioth\u00e8ques de recherche du Canada\",\"url\":\"https:\\\/\\\/www.carl-abrc.ca\\\/fr\\\/\",\"logo\":{\"@type\":\"ImageObject\",\"inLanguage\":\"fr-FR\",\"@id\":\"https:\\\/\\\/www.carl-abrc.ca\\\/fr\\\/#\\\/schema\\\/logo\\\/image\\\/\",\"url\":\"https:\\\/\\\/www.carl-abrc.ca\\\/wp-content\\\/uploads\\\/2024\\\/07\\\/cropped-Stacked_Colour_L.png\",\"contentUrl\":\"https:\\\/\\\/www.carl-abrc.ca\\\/wp-content\\\/uploads\\\/2024\\\/07\\\/cropped-Stacked_Colour_L.png\",\"width\":641,\"height\":250,\"caption\":\"Association des biblioth\u00e8ques de recherche du Canada\"},\"image\":{\"@id\":\"https:\\\/\\\/www.carl-abrc.ca\\\/fr\\\/#\\\/schema\\\/logo\\\/image\\\/\"},\"sameAs\":[\"https:\\\/\\\/x.com\\\/carlabrc\"]}]}<\/script>\n<!-- \/ Yoast SEO plugin. -->","yoast_head_json":{"title":"2026 R\u00e9union d'automne des membres - Association des biblioth\u00e8ques de recherche du Canada","robots":{"index":"index","follow":"follow","max-snippet":"max-snippet:-1","max-image-preview":"max-image-preview:large","max-video-preview":"max-video-preview:-1"},"canonical":"https:\/\/www.carl-abrc.ca\/fr\/evenement\/2026-reunion-dautomne-des-membres\/","og_locale":"fr_FR","og_type":"article","og_title":"2026 R\u00e9union d'automne des membres - Association des biblioth\u00e8ques de recherche du Canada","og_description":"&laquo; Tous les \u00c9v\u00e9nements 2026 R\u00e9union d&#8217;automne des membres novembre 16, 2026 &#8211; novembre 19, 2026 L&rsquo;Association des biblioth\u00e8ques de recherche du Canada a le plaisir d&rsquo;inviter les directeurs membres [&hellip;]","og_url":"https:\/\/www.carl-abrc.ca\/fr\/evenement\/2026-reunion-dautomne-des-membres\/","og_site_name":"Association des biblioth\u00e8ques de recherche du Canada","article_modified_time":"2026-08-26T20:54:46+00:00","og_image":[{"width":2560,"height":1279,"url":"https:\/\/www.carl-abrc.ca\/wp-content\/uploads\/2026\/06\/PXL_20260528_1311448122-scaled.jpg","type":"image\/jpeg"}],"schema":{"@context":"https:\/\/schema.org","@graph":[{"@type":"WebPage","@id":"https:\/\/www.carl-abrc.ca\/fr\/evenement\/2026-reunion-dautomne-des-membres\/","url":"https:\/\/www.carl-abrc.ca\/fr\/evenement\/2026-reunion-dautomne-des-membres\/","name":"2026 R\u00e9union d'automne des membres - Association des biblioth\u00e8ques de recherche du Canada","isPartOf":{"@id":"https:\/\/www.carl-abrc.ca\/fr\/#website"},"primaryImageOfPage":{"@id":"https:\/\/www.carl-abrc.ca\/fr\/evenement\/2026-reunion-dautomne-des-membres\/#primaryimage"},"image":{"@id":"https:\/\/www.carl-abrc.ca\/fr\/evenement\/2026-reunion-dautomne-des-membres\/#primaryimage"},"thumbnailUrl":"https:\/\/www.carl-abrc.ca\/wp-content\/uploads\/2026\/06\/PXL_20260528_1311448122-scaled.jpg","datePublished":"2026-06-12T16:47:46+00:00","dateModified":"2026-08-26T20:54:46+00:00","breadcrumb":{"@id":"https:\/\/www.carl-abrc.ca\/fr\/evenement\/2026-reunion-dautomne-des-membres\/#breadcrumb"},"inLanguage":"fr-FR","potentialAction":[{"@type":"ReadAction","target":["https:\/\/www.carl-abrc.ca\/fr\/evenement\/2026-reunion-dautomne-des-membres\/"]}]},{"@type":"ImageObject","inLanguage":"fr-FR","@id":"https:\/\/www.carl-abrc.ca\/fr\/evenement\/2026-reunion-dautomne-des-membres\/#primaryimage","url":"https:\/\/www.carl-abrc.ca\/wp-content\/uploads\/2026\/06\/PXL_20260528_1311448122-scaled.jpg","contentUrl":"https:\/\/www.carl-abrc.ca\/wp-content\/uploads\/2026\/06\/PXL_20260528_1311448122-scaled.jpg","width":2560,"height":1279},{"@type":"BreadcrumbList","@id":"https:\/\/www.carl-abrc.ca\/fr\/evenement\/2026-reunion-dautomne-des-membres\/#breadcrumb","itemListElement":[{"@type":"ListItem","position":1,"name":"Accueil","item":"https:\/\/www.carl-abrc.ca\/fr\/home-3\/"},{"@type":"ListItem","position":2,"name":"\u00c9v\u00e9nements","item":"https:\/\/www.carl-abrc.ca\/fr\/evenements\/"},{"@type":"ListItem","position":3,"name":"2026 R\u00e9union d&#8217;automne des membres"}]},{"@type":"WebSite","@id":"https:\/\/www.carl-abrc.ca\/fr\/#website","url":"https:\/\/www.carl-abrc.ca\/fr\/","name":"Association des biblioth\u00e8ques de recherche du Canada","description":"ABRC","publisher":{"@id":"https:\/\/www.carl-abrc.ca\/fr\/#organization"},"potentialAction":[{"@type":"SearchAction","target":{"@type":"EntryPoint","urlTemplate":"https:\/\/www.carl-abrc.ca\/fr\/?s={search_term_string}"},"query-input":{"@type":"PropertyValueSpecification","valueRequired":true,"valueName":"search_term_string"}}],"inLanguage":"fr-FR"},{"@type":"Organization","@id":"https:\/\/www.carl-abrc.ca\/fr\/#organization","name":"Association des biblioth\u00e8ques de recherche du Canada","url":"https:\/\/www.carl-abrc.ca\/fr\/","logo":{"@type":"ImageObject","inLanguage":"fr-FR","@id":"https:\/\/www.carl-abrc.ca\/fr\/#\/schema\/logo\/image\/","url":"https:\/\/www.carl-abrc.ca\/wp-content\/uploads\/2024\/07\/cropped-Stacked_Colour_L.png","contentUrl":"https:\/\/www.carl-abrc.ca\/wp-content\/uploads\/2024\/07\/cropped-Stacked_Colour_L.png","width":641,"height":250,"caption":"Association des biblioth\u00e8ques de recherche du Canada"},"image":{"@id":"https:\/\/www.carl-abrc.ca\/fr\/#\/schema\/logo\/image\/"},"sameAs":["https:\/\/x.com\/carlabrc"]}]}},"_links":{"self":[{"href":"https:\/\/www.carl-abrc.ca\/fr\/wp-json\/wp\/v2\/tribe_events\/41927","targetHints":{"allow":["GET"]}}],"collection":[{"href":"https:\/\/www.carl-abrc.ca\/fr\/wp-json\/wp\/v2\/tribe_events"}],"about":[{"href":"https:\/\/www.carl-abrc.ca\/fr\/wp-json\/wp\/v2\/types\/tribe_events"}],"author":[{"embeddable":true,"href":"https:\/\/www.carl-abrc.ca\/fr\/wp-json\/wp\/v2\/users\/131"}],"version-history":[{"count":10,"href":"https:\/\/www.carl-abrc.ca\/fr\/wp-json\/wp\/v2\/tribe_events\/41927\/revisions"}],"predecessor-version":[{"id":43043,"href":"https:\/\/www.carl-abrc.ca\/fr\/wp-json\/wp\/v2\/tribe_events\/41927\/revisions\/43043"}],"wp:featuredmedia":[{"embeddable":true,"href":"https:\/\/www.carl-abrc.ca\/fr\/wp-json\/wp\/v2\/media\/41925"}],"wp:attachment":[{"href":"https:\/\/www.carl-abrc.ca\/fr\/wp-json\/wp\/v2\/media?parent=41927"}],"wp:term":[{"taxonomy":"post_tag","embeddable":true,"href":"https:\/\/www.carl-abrc.ca\/fr\/wp-json\/wp\/v2\/tags?post=41927"},{"taxonomy":"tribe_events_cat","embeddable":true,"href":"https:\/\/www.carl-abrc.ca\/fr\/wp-json\/wp\/v2\/tribe_events_cat?post=41927"}],"curies":[{"name":"wp","href":"https:\/\/api.w.org\/{rel}","templated":true}]}}